{"id":289778,"date":"2025-02-01T13:00:49","date_gmt":"2025-02-01T12:00:49","guid":{"rendered":"https:\/\/www.noleggiare.it\/pkw-flotte\/"},"modified":"2025-02-07T14:25:12","modified_gmt":"2025-02-07T13:25:12","slug":"pkw-flotte","status":"publish","type":"page","link":"https:\/\/www.noleggiare.it\/de\/pkw-flotte\/","title":{"rendered":"<span style=\"color: transparent;text-shadow: none;\">Pkw-Flotte<\/span>"},"content":{"rendered":"\t\t<div data-elementor-type=\"wp-page\" data-elementor-id=\"289778\" data-post-id=\"289778\" data-obj-id=\"289778\" class=\"elementor elementor-289778 dce-elementor-post-289778 elementor-48445\" data-elementor-settings=\"[]\">\n\t\t\t\t\t\t<div class=\"elementor-inner\">\n\t\t\t\t\t\t\t<div class=\"elementor-section-wrap\">\n\t\t\t\t\t\t\t<section class=\"elementor-section elementor-top-section elementor-element elementor-element-60cda9c elementor-section-stretched elementor-section-full_width elementor-section-height-default elementor-section-height-default\" data-id=\"60cda9c\" data-element_type=\"section\" data-settings=\"{&quot;stretch_section&quot;:&quot;section-stretched&quot;,&quot;background_background&quot;:&quot;classic&quot;}\">\n\t\t\t\t\t\t<div class=\"elementor-container elementor-column-gap-default\">\n\t\t\t\t\t\t\t<div class=\"elementor-row\">\n\t\t\t\t\t<div class=\"elementor-column elementor-col-100 elementor-top-column elementor-element elementor-element-37b7644\" data-id=\"37b7644\" data-element_type=\"column\">\n\t\t\t<div class=\"elementor-column-wrap elementor-element-populated\">\n\t\t\t\t\t\t\t<div class=\"elementor-widget-wrap\">\n\t\t\t\t\t\t<div class=\"elementor-element elementor-element-a0fc549 elementor-widget elementor-widget-heading\" data-id=\"a0fc549\" data-element_type=\"widget\" data-widget_type=\"heading.default\">\n\t\t\t\t<div class=\"elementor-widget-container\">\n\t\t\t<h1 class=\"elementor-heading-title elementor-size-default\"><b>Schnelle und sichere Kurzzeitmiete<\/b><\/h1>\t\t<\/div>\n\t\t\t\t<\/div>\n\t\t\t\t<div class=\"elementor-element elementor-element-21087c3 elementor-widget elementor-widget-text-editor\" data-id=\"21087c3\" data-element_type=\"widget\" data-widget_type=\"text-editor.default\">\n\t\t\t\t<div class=\"elementor-widget-container\">\n\t\t\t\t\t\t\t\t<div class=\"elementor-text-editor elementor-clearfix\">\n\t\t\t\t\t<h3 style=\"text-align: center;\">Die Flotte von Noleggiare umfasst PKWs verschiedener Gruppen, die unterschiedliche pers\u00f6nliche und &nbsp;berufliche Anforderungen erf\u00fcllen. Das breite Angebot von <strong>\u00fcber 10.000<\/strong> Autos ist <strong>in ganz Italien<\/strong> <strong>in \u00fcber 60 Gesch\u00e4ftsstellen erh\u00e4ltlich.&nbsp;<\/strong><\/h3>\n\t\t\t\t\t<\/div>\n\t\t\t\t\t\t<\/div>\n\t\t\t\t<\/div>\n\t\t\t\t<div class=\"elementor-element elementor-element-79d8012 elementor-widget elementor-widget-spacer\" data-id=\"79d8012\" data-element_type=\"widget\" data-widget_type=\"spacer.default\">\n\t\t\t\t<div class=\"elementor-widget-container\">\n\t\t\t\t\t<div class=\"elementor-spacer\">\n\t\t\t<div class=\"elementor-spacer-inner\"><\/div>\n\t\t<\/div>\n\t\t\t\t<\/div>\n\t\t\t\t<\/div>\n\t\t\t\t<div class=\"elementor-element elementor-element-643f762 elementor-widget elementor-widget-text-editor\" data-id=\"643f762\" data-element_type=\"widget\" data-widget_type=\"text-editor.default\">\n\t\t\t\t<div class=\"elementor-widget-container\">\n\t\t\t\t\t\t\t\t<div class=\"elementor-text-editor elementor-clearfix\">\n\t\t\t\t\t<h3 style=\"text-align: center;\">Buchen Sie im Voraus, um den besten Preis zu garantieren.<\/h3>\n\t\t\t\t\t<\/div>\n\t\t\t\t\t\t<\/div>\n\t\t\t\t<\/div>\n\t\t\t\t<div class=\"elementor-element elementor-element-ff0d90b elementor-widget elementor-widget-spacer\" data-id=\"ff0d90b\" data-element_type=\"widget\" data-widget_type=\"spacer.default\">\n\t\t\t\t<div class=\"elementor-widget-container\">\n\t\t\t\t\t<div class=\"elementor-spacer\">\n\t\t\t<div class=\"elementor-spacer-inner\"><\/div>\n\t\t<\/div>\n\t\t\t\t<\/div>\n\t\t\t\t<\/div>\n\t\t\t\t<div class=\"elementor-element elementor-element-1490220 btn-espandi-promo elementor-align-center animated-fast elementor-invisible elementor-widget elementor-widget-button\" data-id=\"1490220\" data-element_type=\"widget\" data-settings=\"{&quot;_animation&quot;:&quot;slideInRight&quot;}\" data-widget_type=\"button.default\">\n\t\t\t\t<div class=\"elementor-widget-container\">\n\t\t\t\t\t<div class=\"elementor-button-wrapper\">\n\t\t\t<a href=\"#\" class=\"elementor-button-link elementor-button elementor-size-md\" role=\"button\">\n\t\t\t\t\t\t<span class=\"elementor-button-content-wrapper\">\n\t\t\t\t\t\t<span class=\"elementor-button-icon elementor-align-icon-left\">\n\t\t\t\t<i aria-hidden=\"true\" class=\"fas fa-arrow-circle-up\"><\/i>\t\t\t<\/span>\n\t\t\t\t\t\t<span class=\"elementor-button-text\">Jetzt buchen<\/span>\n\t\t<\/span>\n\t\t\t\t\t<\/a>\n\t\t<\/div>\n\t\t\t\t<\/div>\n\t\t\t\t<\/div>\n\t\t\t\t\t\t<\/div>\n\t\t\t\t\t<\/div>\n\t\t<\/div>\n\t\t\t\t\t\t\t\t<\/div>\n\t\t\t\t\t<\/div>\n\t\t<\/section>\n\t\t\t\t<section class=\"elementor-section elementor-top-section elementor-element elementor-element-0f2a5ba elementor-section-full_width elementor-section-stretched elementor-section-height-default elementor-section-height-default\" data-id=\"0f2a5ba\" data-element_type=\"section\" data-settings=\"{&quot;background_background&quot;:&quot;classic&quot;,&quot;stretch_section&quot;:&quot;section-stretched&quot;}\">\n\t\t\t\t\t\t\t<div class=\"elementor-background-overlay\"><\/div>\n\t\t\t\t\t\t\t<div class=\"elementor-container elementor-column-gap-default\">\n\t\t\t\t\t\t\t<div class=\"elementor-row\">\n\t\t\t\t\t<div class=\"elementor-column elementor-col-100 elementor-top-column elementor-element elementor-element-8d9df24\" data-id=\"8d9df24\" data-element_type=\"column\">\n\t\t\t<div class=\"elementor-column-wrap elementor-element-populated\">\n\t\t\t\t\t\t\t<div class=\"elementor-widget-wrap\">\n\t\t\t\t\t\t<div class=\"elementor-element elementor-element-4d0c847 elementor-widget elementor-widget-text-editor\" data-id=\"4d0c847\" data-element_type=\"widget\" data-widget_type=\"text-editor.default\">\n\t\t\t\t<div class=\"elementor-widget-container\">\n\t\t\t\t\t\t\t\t<div class=\"elementor-text-editor elementor-clearfix\">\n\t\t\t\t\t<h2 style=\"text-align: center;\"><strong>Entdecken Sie unsere Flotte<\/strong><\/h2>\n\t\t\t\t\t<\/div>\n\t\t\t\t\t\t<\/div>\n\t\t\t\t<\/div>\n\t\t\t\t<div class=\"elementor-element elementor-element-60162d5 elementor-widget elementor-widget-shortcode\" data-id=\"60162d5\" data-element_type=\"widget\" data-widget_type=\"shortcode.default\">\n\t\t\t\t<div class=\"elementor-widget-container\">\n\t\t\t\t\t<div class=\"elementor-shortcode\"><div class=\"flotta container-fluid\" ng-cloak>\n    <div class=\"row\">\n\n\t\t\n\t\t\t<!-- elenco auto -->\n\t\t\t<div class=\"col-12 mb-4 col-lg-6 col-xl-4 col-xxl-3\">\n\t\t\t\t<div\n\t\t\t\t\tclass=\"veicolo \"\n\t\t\t\t\tdata-ng-controller=\"VeicoloController as veicolo\"\n\t\t\t\t\tdata-ng-mouseenter=\"!veicolo.hasStato('scelta-listino') && veicolo.addStato('hover')\"\n\t\t\t\t\tdata-ng-class=\"[veicolo.getStato()]\"\n\t\t\t\t>\n\n\t\t\t\t\t<div class=\"h-100\">\n\n\t\t\t\t\t\t<!-- nome modello -->\n\t\t\t\t\t\t<div class=\"tipo\" style=\"line-height: 1\">\n\t\t\t\t\t\t\t<h5 class=\"font-weight-bold mb-0\">Renault Twingo <small>(Gruppe <strong>A<\/strong>)<\/small><\/h5>\n\t\t\t\t\t\t\t<small>oder \u00e4hnlich*<\/small>\n\t\t\t\t\t\t<\/div>\n\n\t\t\t\t\t\t\n\t\t\t\t\t\t<!-- immagine -->\n\t\t\t\t\t\t<img class=\"img\" src=\"https:\/\/bo.noleggiare.it\/immagini\/auto\/6895e5b32b640_Renault-Twingo-Gruppo-A.png\" \/>\n\n\t\t\t\t\t\t<!-- elettrico -->\n\t\t\t\t\t\t<img class=\"img-elettrico\" ng-if=\"veicolo.isElettrico('Benzin')\" ng-src=\"https:\/\/www.noleggiare.it\/wp-content\/themes\/noleggiare\/img\/ico-elettric.svg\" \/>\n\n\t\t\t\t\t\t<!-- pulsantiera -->\n\t\t\t\t\t\t<div class=\"pulsantiera\" data-ng-click=\"$event.stopPropagation()\">\n\t\t\t\t\t\t\t\t\t\t\t\t\t\t<div\n\t\t\t\t\t\t\t\tclass=\"nascondi pulsante\"\n\t\t\t\t\t\t\t\tdata-ng-show=\"veicolo.hasStato('mostra-info-listino') || veicolo.hasStato('mostra-info-misure')\"\n\t\t\t\t\t\t\t\tdata-ng-click=\"veicolo.removeStato('mostra-info-listino'); veicolo.removeStato('mostra-info-misure');\"\n\t\t\t\t\t\t\t\ttabindex=\"0\"\n\t\t\t\t\t\t\t>\n\t\t\t\t\t\t\t\tClose\t\t\t\t\t\t\t<\/div>\n\t\t\t\t\t\t<\/div>\n\n\t\t\t\t\t\t<!-- misure van -->\n\t\t\t\t\t\t\n\t\t\t\t\t\t<!-- misure van (mobile) -->\n\t\t\t\t\t\t<div class=\"cnt-misure\">\n\t\t\t\t\t\t\t<table>\n\t\t\t\t\t\t\t\t<tr>\n\t\t\t\t\t\t\t\t\t<td colspan=\"3\">\n\t\t\t\t\t\t\t\t\t\t<h5>Innenma\u00dfe<\/h5>\n\t\t\t\t\t\t\t\t\t<\/td>\n\t\t\t\t\t\t\t\t<\/tr>\n\t\t\t\t\t\t\t\t\t\t\t\t\t\t\t\t\t\t\t\t\t\t\t\t\t\t\t\t\t\t\t\t\t\t\t\t\t\t\t\t\t\t\t\t\t\t\t\t\t\t\t\t\t\t\t\t\t\t\t\t\t\t\t\t\t\t\t\t\t\t\t\t\t\t\t\t\t\t\t\t\t\t\t\t\t\t\t\t\t\t\t\t\t\t\t\t<tr>\n\t\t\t\t\t\t\t\t\t<td colspan=\"3\">\n\t\t\t\t\t\t\t\t\t\t<small>\n\t\t\t\t\t\t\t\t\t\t\t<br>\n\t\t\t\t\t\t\t\t\t\t\tDie Ma\u00dfe werden vom Hersteller angegeben und stellen Maximalwerte dar. <\/br><\/br>F\u00fcr genaue Abmessungen<\/br> und verf\u00fcgbare Modelle<\/br> kontaktieren Sie uns bitte direkt.\t\t\t\t\t\t\t\t\t\t<\/small>\n\t\t\t\t\t\t\t\t\t<\/td>\n\t\t\t\t\t\t\t\t<\/tr>\n\t\t\t\t\t\t\t<\/table>\n\t\t\t\t\t\t<\/div>\n\n\t\t\t\t\t\t<div class=\"prezzo text-center\">\n\t\t\t\t\t\t\t<a class=\"btn-espandi-promo btn btn-secondary mt-5\" href=\"#prenota\">\n\t\t\t\t\t\t\t\t<i aria-hidden=\"true\" class=\"fas fa-arrow-circle-up\"><\/i>\n\t\t\t\t\t\t\t\tGo to booking\t\t\t\t\t\t\t<\/a>\n\t\t\t\t\t\t<\/div>\n\n\t\t\t\t\t\t<!-- informazioni veicolo (auto e van) -->\n\t\t\t\t\t\t\t\t\t\t\t\t<div class=\"optional\">\n\t\t\t\t\t\t\t<ul>\n\t\t\t\t\t\t\t\t\t\t\t\t\t\t\t\t\t<li ng-class=\"veicolo.isElettrico('Benzin') ? 'ico-alimentazione-e' : 'ico-alimentazione'\">Benzin<\/li>\n\t\t\t\t\t\t\t\t\t\t\t\t\t\t\t\t\t\t\t\t\t\t\t\t\t<li class=\"ico-porte\">3<\/li>\n\t\t\t\t\t\t\t\t\t\t\t\t\t\t\t\t\t\t\t\t\t\t\t\t\t\t\t\t\t\t\t\t\t<li class=\"ico-trasmissione\">Schaltgetriebe<\/li>\n\t\t\t\t\t\t\t\t\t\t\t\t\t\t\t\t\t\t\t\t\t\t\t\t\t<li class=\"ico-posti\">4<\/li>\n\t\t\t\t\t\t\t\t\t\t\t\t\t\t\t<\/ul>\n\t\t\t\t\t\t<\/div>\n\t\t\t\t\t\t\n\t\t\t\t\t<\/div><!-- \/.veicolo -->\n\n\t\t\t\t<\/div>\n\n\t\t\t<\/div><!-- \/.lista-auto -->\n\n\t\t\n\t\t\t<!-- elenco auto -->\n\t\t\t<div class=\"col-12 mb-4 col-lg-6 col-xl-4 col-xxl-3\">\n\t\t\t\t<div\n\t\t\t\t\tclass=\"veicolo \"\n\t\t\t\t\tdata-ng-controller=\"VeicoloController as veicolo\"\n\t\t\t\t\tdata-ng-mouseenter=\"!veicolo.hasStato('scelta-listino') && veicolo.addStato('hover')\"\n\t\t\t\t\tdata-ng-class=\"[veicolo.getStato()]\"\n\t\t\t\t>\n\n\t\t\t\t\t<div class=\"h-100\">\n\n\t\t\t\t\t\t<!-- nome modello -->\n\t\t\t\t\t\t<div class=\"tipo\" style=\"line-height: 1\">\n\t\t\t\t\t\t\t<h5 class=\"font-weight-bold mb-0\">Hyundai i10 <small>(Gruppe <strong>A1<\/strong>)<\/small><\/h5>\n\t\t\t\t\t\t\t<small>oder \u00e4hnlich*<\/small>\n\t\t\t\t\t\t<\/div>\n\n\t\t\t\t\t\t\n\t\t\t\t\t\t<!-- immagine -->\n\t\t\t\t\t\t<img class=\"img\" src=\"https:\/\/bo.noleggiare.it\/immagini\/auto\/6895d2fc3c431_Hyundai-i10.png\" \/>\n\n\t\t\t\t\t\t<!-- elettrico -->\n\t\t\t\t\t\t<img class=\"img-elettrico\" ng-if=\"veicolo.isElettrico('Benzin')\" ng-src=\"https:\/\/www.noleggiare.it\/wp-content\/themes\/noleggiare\/img\/ico-elettric.svg\" \/>\n\n\t\t\t\t\t\t<!-- pulsantiera -->\n\t\t\t\t\t\t<div class=\"pulsantiera\" data-ng-click=\"$event.stopPropagation()\">\n\t\t\t\t\t\t\t\t\t\t\t\t\t\t<div\n\t\t\t\t\t\t\t\tclass=\"nascondi pulsante\"\n\t\t\t\t\t\t\t\tdata-ng-show=\"veicolo.hasStato('mostra-info-listino') || veicolo.hasStato('mostra-info-misure')\"\n\t\t\t\t\t\t\t\tdata-ng-click=\"veicolo.removeStato('mostra-info-listino'); veicolo.removeStato('mostra-info-misure');\"\n\t\t\t\t\t\t\t\ttabindex=\"0\"\n\t\t\t\t\t\t\t>\n\t\t\t\t\t\t\t\tClose\t\t\t\t\t\t\t<\/div>\n\t\t\t\t\t\t<\/div>\n\n\t\t\t\t\t\t<!-- misure van -->\n\t\t\t\t\t\t\n\t\t\t\t\t\t<!-- misure van (mobile) -->\n\t\t\t\t\t\t<div class=\"cnt-misure\">\n\t\t\t\t\t\t\t<table>\n\t\t\t\t\t\t\t\t<tr>\n\t\t\t\t\t\t\t\t\t<td colspan=\"3\">\n\t\t\t\t\t\t\t\t\t\t<h5>Innenma\u00dfe<\/h5>\n\t\t\t\t\t\t\t\t\t<\/td>\n\t\t\t\t\t\t\t\t<\/tr>\n\t\t\t\t\t\t\t\t\t\t\t\t\t\t\t\t\t\t\t\t\t\t\t\t\t\t\t\t\t\t\t\t\t\t\t\t\t\t\t\t\t\t\t\t\t\t\t\t\t\t\t\t\t\t\t\t\t\t\t\t\t\t\t\t\t\t\t\t\t\t\t\t\t\t\t\t\t\t\t\t\t\t\t\t\t\t\t\t\t\t\t\t\t\t\t\t<tr>\n\t\t\t\t\t\t\t\t\t<td colspan=\"3\">\n\t\t\t\t\t\t\t\t\t\t<small>\n\t\t\t\t\t\t\t\t\t\t\t<br>\n\t\t\t\t\t\t\t\t\t\t\tDie Ma\u00dfe werden vom Hersteller angegeben und stellen Maximalwerte dar. <\/br><\/br>F\u00fcr genaue Abmessungen<\/br> und verf\u00fcgbare Modelle<\/br> kontaktieren Sie uns bitte direkt.\t\t\t\t\t\t\t\t\t\t<\/small>\n\t\t\t\t\t\t\t\t\t<\/td>\n\t\t\t\t\t\t\t\t<\/tr>\n\t\t\t\t\t\t\t<\/table>\n\t\t\t\t\t\t<\/div>\n\n\t\t\t\t\t\t<div class=\"prezzo text-center\">\n\t\t\t\t\t\t\t<a class=\"btn-espandi-promo btn btn-secondary mt-5\" href=\"#prenota\">\n\t\t\t\t\t\t\t\t<i aria-hidden=\"true\" class=\"fas fa-arrow-circle-up\"><\/i>\n\t\t\t\t\t\t\t\tGo to booking\t\t\t\t\t\t\t<\/a>\n\t\t\t\t\t\t<\/div>\n\n\t\t\t\t\t\t<!-- informazioni veicolo (auto e van) -->\n\t\t\t\t\t\t\t\t\t\t\t\t<div class=\"optional\">\n\t\t\t\t\t\t\t<ul>\n\t\t\t\t\t\t\t\t\t\t\t\t\t\t\t\t\t<li ng-class=\"veicolo.isElettrico('Benzin') ? 'ico-alimentazione-e' : 'ico-alimentazione'\">Benzin<\/li>\n\t\t\t\t\t\t\t\t\t\t\t\t\t\t\t\t\t\t\t\t\t\t\t\t\t<li class=\"ico-porte\">5<\/li>\n\t\t\t\t\t\t\t\t\t\t\t\t\t\t\t\t\t\t\t\t\t\t\t\t\t<li class=\"ico-valigie\">2 small<\/li>\n\t\t\t\t\t\t\t\t\t\t\t\t\t\t\t\t\t\t\t\t\t\t\t\t\t<li class=\"ico-trasmissione\">Schaltgetriebe<\/li>\n\t\t\t\t\t\t\t\t\t\t\t\t\t\t\t\t\t\t\t\t\t\t\t\t\t<li class=\"ico-posti\">4<\/li>\n\t\t\t\t\t\t\t\t\t\t\t\t\t\t\t<\/ul>\n\t\t\t\t\t\t<\/div>\n\t\t\t\t\t\t\n\t\t\t\t\t<\/div><!-- \/.veicolo -->\n\n\t\t\t\t<\/div>\n\n\t\t\t<\/div><!-- \/.lista-auto -->\n\n\t\t\n\t\t\t<!-- elenco auto -->\n\t\t\t<div class=\"col-12 mb-4 col-lg-6 col-xl-4 col-xxl-3\">\n\t\t\t\t<div\n\t\t\t\t\tclass=\"veicolo \"\n\t\t\t\t\tdata-ng-controller=\"VeicoloController as veicolo\"\n\t\t\t\t\tdata-ng-mouseenter=\"!veicolo.hasStato('scelta-listino') && veicolo.addStato('hover')\"\n\t\t\t\t\tdata-ng-class=\"[veicolo.getStato()]\"\n\t\t\t\t>\n\n\t\t\t\t\t<div class=\"h-100\">\n\n\t\t\t\t\t\t<!-- nome modello -->\n\t\t\t\t\t\t<div class=\"tipo\" style=\"line-height: 1\">\n\t\t\t\t\t\t\t<h5 class=\"font-weight-bold mb-0\">Fiat 500 <small>(Gruppe <strong>A2<\/strong>)<\/small><\/h5>\n\t\t\t\t\t\t\t<small>oder \u00e4hnlich*<\/small>\n\t\t\t\t\t\t<\/div>\n\n\t\t\t\t\t\t\n\t\t\t\t\t\t<!-- immagine -->\n\t\t\t\t\t\t<img class=\"img\" src=\"https:\/\/bo.noleggiare.it\/immagini\/auto\/6895b90c192b9_500 FIAT.png\" \/>\n\n\t\t\t\t\t\t<!-- elettrico -->\n\t\t\t\t\t\t<img class=\"img-elettrico\" ng-if=\"veicolo.isElettrico('Benzin\/Diesel')\" ng-src=\"https:\/\/www.noleggiare.it\/wp-content\/themes\/noleggiare\/img\/ico-elettric.svg\" \/>\n\n\t\t\t\t\t\t<!-- pulsantiera -->\n\t\t\t\t\t\t<div class=\"pulsantiera\" data-ng-click=\"$event.stopPropagation()\">\n\t\t\t\t\t\t\t\t\t\t\t\t\t\t<div\n\t\t\t\t\t\t\t\tclass=\"nascondi pulsante\"\n\t\t\t\t\t\t\t\tdata-ng-show=\"veicolo.hasStato('mostra-info-listino') || veicolo.hasStato('mostra-info-misure')\"\n\t\t\t\t\t\t\t\tdata-ng-click=\"veicolo.removeStato('mostra-info-listino'); veicolo.removeStato('mostra-info-misure');\"\n\t\t\t\t\t\t\t\ttabindex=\"0\"\n\t\t\t\t\t\t\t>\n\t\t\t\t\t\t\t\tClose\t\t\t\t\t\t\t<\/div>\n\t\t\t\t\t\t<\/div>\n\n\t\t\t\t\t\t<!-- misure van -->\n\t\t\t\t\t\t\n\t\t\t\t\t\t<!-- misure van (mobile) -->\n\t\t\t\t\t\t<div class=\"cnt-misure\">\n\t\t\t\t\t\t\t<table>\n\t\t\t\t\t\t\t\t<tr>\n\t\t\t\t\t\t\t\t\t<td colspan=\"3\">\n\t\t\t\t\t\t\t\t\t\t<h5>Innenma\u00dfe<\/h5>\n\t\t\t\t\t\t\t\t\t<\/td>\n\t\t\t\t\t\t\t\t<\/tr>\n\t\t\t\t\t\t\t\t\t\t\t\t\t\t\t\t\t\t\t\t\t\t\t\t\t\t\t\t\t\t\t\t\t\t\t\t\t\t\t\t\t\t\t\t\t\t\t\t\t\t\t\t\t\t\t\t\t\t\t\t\t\t\t\t\t\t\t\t\t\t\t\t\t\t\t\t\t\t\t\t\t\t\t\t\t\t\t\t\t\t\t\t\t\t\t\t<tr>\n\t\t\t\t\t\t\t\t\t<td colspan=\"3\">\n\t\t\t\t\t\t\t\t\t\t<small>\n\t\t\t\t\t\t\t\t\t\t\t<br>\n\t\t\t\t\t\t\t\t\t\t\tDie Ma\u00dfe werden vom Hersteller angegeben und stellen Maximalwerte dar. <\/br><\/br>F\u00fcr genaue Abmessungen<\/br> und verf\u00fcgbare Modelle<\/br> kontaktieren Sie uns bitte direkt.\t\t\t\t\t\t\t\t\t\t<\/small>\n\t\t\t\t\t\t\t\t\t<\/td>\n\t\t\t\t\t\t\t\t<\/tr>\n\t\t\t\t\t\t\t<\/table>\n\t\t\t\t\t\t<\/div>\n\n\t\t\t\t\t\t<div class=\"prezzo text-center\">\n\t\t\t\t\t\t\t<a class=\"btn-espandi-promo btn btn-secondary mt-5\" href=\"#prenota\">\n\t\t\t\t\t\t\t\t<i aria-hidden=\"true\" class=\"fas fa-arrow-circle-up\"><\/i>\n\t\t\t\t\t\t\t\tGo to booking\t\t\t\t\t\t\t<\/a>\n\t\t\t\t\t\t<\/div>\n\n\t\t\t\t\t\t<!-- informazioni veicolo (auto e van) -->\n\t\t\t\t\t\t\t\t\t\t\t\t<div class=\"optional\">\n\t\t\t\t\t\t\t<ul>\n\t\t\t\t\t\t\t\t\t\t\t\t\t\t\t\t\t<li ng-class=\"veicolo.isElettrico('Benzin\/Diesel') ? 'ico-alimentazione-e' : 'ico-alimentazione'\">Benzin\/Diesel<\/li>\n\t\t\t\t\t\t\t\t\t\t\t\t\t\t\t\t\t\t\t\t\t\t\t\t\t<li class=\"ico-porte\">3<\/li>\n\t\t\t\t\t\t\t\t\t\t\t\t\t\t\t\t\t\t\t\t\t\t\t\t\t\t\t\t\t\t\t\t\t<li class=\"ico-trasmissione\">Schaltgetriebe<\/li>\n\t\t\t\t\t\t\t\t\t\t\t\t\t\t\t\t\t\t\t\t\t\t\t\t\t<li class=\"ico-posti\">4<\/li>\n\t\t\t\t\t\t\t\t\t\t\t\t\t\t\t<\/ul>\n\t\t\t\t\t\t<\/div>\n\t\t\t\t\t\t\n\t\t\t\t\t<\/div><!-- \/.veicolo -->\n\n\t\t\t\t<\/div>\n\n\t\t\t<\/div><!-- \/.lista-auto -->\n\n\t\t\n\t\t\t<!-- elenco auto -->\n\t\t\t<div class=\"col-12 mb-4 col-lg-6 col-xl-4 col-xxl-3\">\n\t\t\t\t<div\n\t\t\t\t\tclass=\"veicolo \"\n\t\t\t\t\tdata-ng-controller=\"VeicoloController as veicolo\"\n\t\t\t\t\tdata-ng-mouseenter=\"!veicolo.hasStato('scelta-listino') && veicolo.addStato('hover')\"\n\t\t\t\t\tdata-ng-class=\"[veicolo.getStato()]\"\n\t\t\t\t>\n\n\t\t\t\t\t<div class=\"h-100\">\n\n\t\t\t\t\t\t<!-- nome modello -->\n\t\t\t\t\t\t<div class=\"tipo\" style=\"line-height: 1\">\n\t\t\t\t\t\t\t<h5 class=\"font-weight-bold mb-0\">Kia Picanto <small>(Gruppe <strong>A3<\/strong>)<\/small><\/h5>\n\t\t\t\t\t\t\t<small>oder \u00e4hnlich*<\/small>\n\t\t\t\t\t\t<\/div>\n\n\t\t\t\t\t\t\n\t\t\t\t\t\t<!-- immagine -->\n\t\t\t\t\t\t<img class=\"img\" src=\"https:\/\/bo.noleggiare.it\/immagini\/auto\/6895e5a0210e1_Kia-Picanto-Gruppo-A3.png\" \/>\n\n\t\t\t\t\t\t<!-- elettrico -->\n\t\t\t\t\t\t<img class=\"img-elettrico\" ng-if=\"veicolo.isElettrico('Benzin')\" ng-src=\"https:\/\/www.noleggiare.it\/wp-content\/themes\/noleggiare\/img\/ico-elettric.svg\" \/>\n\n\t\t\t\t\t\t<!-- pulsantiera -->\n\t\t\t\t\t\t<div class=\"pulsantiera\" data-ng-click=\"$event.stopPropagation()\">\n\t\t\t\t\t\t\t\t\t\t\t\t\t\t<div\n\t\t\t\t\t\t\t\tclass=\"nascondi pulsante\"\n\t\t\t\t\t\t\t\tdata-ng-show=\"veicolo.hasStato('mostra-info-listino') || veicolo.hasStato('mostra-info-misure')\"\n\t\t\t\t\t\t\t\tdata-ng-click=\"veicolo.removeStato('mostra-info-listino'); veicolo.removeStato('mostra-info-misure');\"\n\t\t\t\t\t\t\t\ttabindex=\"0\"\n\t\t\t\t\t\t\t>\n\t\t\t\t\t\t\t\tClose\t\t\t\t\t\t\t<\/div>\n\t\t\t\t\t\t<\/div>\n\n\t\t\t\t\t\t<!-- misure van -->\n\t\t\t\t\t\t\n\t\t\t\t\t\t<!-- misure van (mobile) -->\n\t\t\t\t\t\t<div class=\"cnt-misure\">\n\t\t\t\t\t\t\t<table>\n\t\t\t\t\t\t\t\t<tr>\n\t\t\t\t\t\t\t\t\t<td colspan=\"3\">\n\t\t\t\t\t\t\t\t\t\t<h5>Innenma\u00dfe<\/h5>\n\t\t\t\t\t\t\t\t\t<\/td>\n\t\t\t\t\t\t\t\t<\/tr>\n\t\t\t\t\t\t\t\t\t\t\t\t\t\t\t\t\t\t\t\t\t\t\t\t\t\t\t\t\t\t\t\t\t\t\t\t\t\t\t\t\t\t\t\t\t\t\t\t\t\t\t\t\t\t\t\t\t\t\t\t\t\t\t\t\t\t\t\t\t\t\t\t\t\t\t\t\t\t\t\t\t\t\t\t\t\t\t\t\t\t\t\t\t\t\t\t<tr>\n\t\t\t\t\t\t\t\t\t<td colspan=\"3\">\n\t\t\t\t\t\t\t\t\t\t<small>\n\t\t\t\t\t\t\t\t\t\t\t<br>\n\t\t\t\t\t\t\t\t\t\t\tDie Ma\u00dfe werden vom Hersteller angegeben und stellen Maximalwerte dar. <\/br><\/br>F\u00fcr genaue Abmessungen<\/br> und verf\u00fcgbare Modelle<\/br> kontaktieren Sie uns bitte direkt.\t\t\t\t\t\t\t\t\t\t<\/small>\n\t\t\t\t\t\t\t\t\t<\/td>\n\t\t\t\t\t\t\t\t<\/tr>\n\t\t\t\t\t\t\t<\/table>\n\t\t\t\t\t\t<\/div>\n\n\t\t\t\t\t\t<div class=\"prezzo text-center\">\n\t\t\t\t\t\t\t<a class=\"btn-espandi-promo btn btn-secondary mt-5\" href=\"#prenota\">\n\t\t\t\t\t\t\t\t<i aria-hidden=\"true\" class=\"fas fa-arrow-circle-up\"><\/i>\n\t\t\t\t\t\t\t\tGo to booking\t\t\t\t\t\t\t<\/a>\n\t\t\t\t\t\t<\/div>\n\n\t\t\t\t\t\t<!-- informazioni veicolo (auto e van) -->\n\t\t\t\t\t\t\t\t\t\t\t\t<div class=\"optional\">\n\t\t\t\t\t\t\t<ul>\n\t\t\t\t\t\t\t\t\t\t\t\t\t\t\t\t\t<li ng-class=\"veicolo.isElettrico('Benzin') ? 'ico-alimentazione-e' : 'ico-alimentazione'\">Benzin<\/li>\n\t\t\t\t\t\t\t\t\t\t\t\t\t\t\t\t\t\t\t\t\t\t\t\t\t<li class=\"ico-porte\">5<\/li>\n\t\t\t\t\t\t\t\t\t\t\t\t\t\t\t\t\t\t\t\t\t\t\t\t\t\t\t\t\t\t\t\t\t<li class=\"ico-trasmissione\">Automatikgetriebe<\/li>\n\t\t\t\t\t\t\t\t\t\t\t\t\t\t\t\t\t\t\t\t\t\t\t\t\t<li class=\"ico-posti\">4<\/li>\n\t\t\t\t\t\t\t\t\t\t\t\t\t\t\t<\/ul>\n\t\t\t\t\t\t<\/div>\n\t\t\t\t\t\t\n\t\t\t\t\t<\/div><!-- \/.veicolo -->\n\n\t\t\t\t<\/div>\n\n\t\t\t<\/div><!-- \/.lista-auto -->\n\n\t\t\n\t\t\t<!-- elenco auto -->\n\t\t\t<div class=\"col-12 mb-4 col-lg-6 col-xl-4 col-xxl-3\">\n\t\t\t\t<div\n\t\t\t\t\tclass=\"veicolo \"\n\t\t\t\t\tdata-ng-controller=\"VeicoloController as veicolo\"\n\t\t\t\t\tdata-ng-mouseenter=\"!veicolo.hasStato('scelta-listino') && veicolo.addStato('hover')\"\n\t\t\t\t\tdata-ng-class=\"[veicolo.getStato()]\"\n\t\t\t\t>\n\n\t\t\t\t\t<div class=\"h-100\">\n\n\t\t\t\t\t\t<!-- nome modello -->\n\t\t\t\t\t\t<div class=\"tipo\" style=\"line-height: 1\">\n\t\t\t\t\t\t\t<h5 class=\"font-weight-bold mb-0\">Fiat 500 Cabrio | Cambio MANUALE <small>(Gruppe <strong>E<\/strong>)<\/small><\/h5>\n\t\t\t\t\t\t\t<small>oder \u00e4hnlich*<\/small>\n\t\t\t\t\t\t<\/div>\n\n\t\t\t\t\t\t\n\t\t\t\t\t\t<!-- immagine -->\n\t\t\t\t\t\t<img class=\"img\" src=\"https:\/\/bo.noleggiare.it\/immagini\/auto\/6895bcc08fa93_500 CABRIO Fiat.png\" \/>\n\n\t\t\t\t\t\t<!-- elettrico -->\n\t\t\t\t\t\t<img class=\"img-elettrico\" ng-if=\"veicolo.isElettrico('Benzin')\" ng-src=\"https:\/\/www.noleggiare.it\/wp-content\/themes\/noleggiare\/img\/ico-elettric.svg\" \/>\n\n\t\t\t\t\t\t<!-- pulsantiera -->\n\t\t\t\t\t\t<div class=\"pulsantiera\" data-ng-click=\"$event.stopPropagation()\">\n\t\t\t\t\t\t\t\t\t\t\t\t\t\t<div\n\t\t\t\t\t\t\t\tclass=\"nascondi pulsante\"\n\t\t\t\t\t\t\t\tdata-ng-show=\"veicolo.hasStato('mostra-info-listino') || veicolo.hasStato('mostra-info-misure')\"\n\t\t\t\t\t\t\t\tdata-ng-click=\"veicolo.removeStato('mostra-info-listino'); veicolo.removeStato('mostra-info-misure');\"\n\t\t\t\t\t\t\t\ttabindex=\"0\"\n\t\t\t\t\t\t\t>\n\t\t\t\t\t\t\t\tClose\t\t\t\t\t\t\t<\/div>\n\t\t\t\t\t\t<\/div>\n\n\t\t\t\t\t\t<!-- misure van -->\n\t\t\t\t\t\t\n\t\t\t\t\t\t<!-- misure van (mobile) -->\n\t\t\t\t\t\t<div class=\"cnt-misure\">\n\t\t\t\t\t\t\t<table>\n\t\t\t\t\t\t\t\t<tr>\n\t\t\t\t\t\t\t\t\t<td colspan=\"3\">\n\t\t\t\t\t\t\t\t\t\t<h5>Innenma\u00dfe<\/h5>\n\t\t\t\t\t\t\t\t\t<\/td>\n\t\t\t\t\t\t\t\t<\/tr>\n\t\t\t\t\t\t\t\t\t\t\t\t\t\t\t\t\t\t\t\t\t\t\t\t\t\t\t\t\t\t\t\t\t\t\t\t\t\t\t\t\t\t\t\t\t\t\t\t\t\t\t\t\t\t\t\t\t\t\t\t\t\t\t\t\t\t\t\t\t\t\t\t\t\t\t\t\t\t\t\t\t\t\t\t\t\t\t\t\t\t\t\t\t\t\t\t<tr>\n\t\t\t\t\t\t\t\t\t<td colspan=\"3\">\n\t\t\t\t\t\t\t\t\t\t<small>\n\t\t\t\t\t\t\t\t\t\t\t<br>\n\t\t\t\t\t\t\t\t\t\t\tDie Ma\u00dfe werden vom Hersteller angegeben und stellen Maximalwerte dar. <\/br><\/br>F\u00fcr genaue Abmessungen<\/br> und verf\u00fcgbare Modelle<\/br> kontaktieren Sie uns bitte direkt.\t\t\t\t\t\t\t\t\t\t<\/small>\n\t\t\t\t\t\t\t\t\t<\/td>\n\t\t\t\t\t\t\t\t<\/tr>\n\t\t\t\t\t\t\t<\/table>\n\t\t\t\t\t\t<\/div>\n\n\t\t\t\t\t\t<div class=\"prezzo text-center\">\n\t\t\t\t\t\t\t<a class=\"btn-espandi-promo btn btn-secondary mt-5\" href=\"#prenota\">\n\t\t\t\t\t\t\t\t<i aria-hidden=\"true\" class=\"fas fa-arrow-circle-up\"><\/i>\n\t\t\t\t\t\t\t\tGo to booking\t\t\t\t\t\t\t<\/a>\n\t\t\t\t\t\t<\/div>\n\n\t\t\t\t\t\t<!-- informazioni veicolo (auto e van) -->\n\t\t\t\t\t\t\t\t\t\t\t\t<div class=\"optional\">\n\t\t\t\t\t\t\t<ul>\n\t\t\t\t\t\t\t\t\t\t\t\t\t\t\t\t\t<li ng-class=\"veicolo.isElettrico('Benzin') ? 'ico-alimentazione-e' : 'ico-alimentazione'\">Benzin<\/li>\n\t\t\t\t\t\t\t\t\t\t\t\t\t\t\t\t\t\t\t\t\t\t\t\t\t<li class=\"ico-porte\">3<\/li>\n\t\t\t\t\t\t\t\t\t\t\t\t\t\t\t\t\t\t\t\t\t\t\t\t\t\t\t\t\t\t\t\t\t<li class=\"ico-trasmissione\">Schaltgetriebe<\/li>\n\t\t\t\t\t\t\t\t\t\t\t\t\t\t\t\t\t\t\t\t\t\t\t\t\t<li class=\"ico-posti\">4<\/li>\n\t\t\t\t\t\t\t\t\t\t\t\t\t\t\t<\/ul>\n\t\t\t\t\t\t<\/div>\n\t\t\t\t\t\t\n\t\t\t\t\t<\/div><!-- \/.veicolo -->\n\n\t\t\t\t<\/div>\n\n\t\t\t<\/div><!-- \/.lista-auto -->\n\n\t\t\n\t\t\t<!-- elenco auto -->\n\t\t\t<div class=\"col-12 mb-4 col-lg-6 col-xl-4 col-xxl-3\">\n\t\t\t\t<div\n\t\t\t\t\tclass=\"veicolo \"\n\t\t\t\t\tdata-ng-controller=\"VeicoloController as veicolo\"\n\t\t\t\t\tdata-ng-mouseenter=\"!veicolo.hasStato('scelta-listino') && veicolo.addStato('hover')\"\n\t\t\t\t\tdata-ng-class=\"[veicolo.getStato()]\"\n\t\t\t\t>\n\n\t\t\t\t\t<div class=\"h-100\">\n\n\t\t\t\t\t\t<!-- nome modello -->\n\t\t\t\t\t\t<div class=\"tipo\" style=\"line-height: 1\">\n\t\t\t\t\t\t\t<h5 class=\"font-weight-bold mb-0\">Fiat Panda <small>(Gruppe <strong>B<\/strong>)<\/small><\/h5>\n\t\t\t\t\t\t\t<small>oder \u00e4hnlich*<\/small>\n\t\t\t\t\t\t<\/div>\n\n\t\t\t\t\t\t\n\t\t\t\t\t\t<!-- immagine -->\n\t\t\t\t\t\t<img class=\"img\" src=\"https:\/\/bo.noleggiare.it\/immagini\/auto\/6895bb9e765e8_Panda Fiat.png\" \/>\n\n\t\t\t\t\t\t<!-- elettrico -->\n\t\t\t\t\t\t<img class=\"img-elettrico\" ng-if=\"veicolo.isElettrico('Benzin')\" ng-src=\"https:\/\/www.noleggiare.it\/wp-content\/themes\/noleggiare\/img\/ico-elettric.svg\" \/>\n\n\t\t\t\t\t\t<!-- pulsantiera -->\n\t\t\t\t\t\t<div class=\"pulsantiera\" data-ng-click=\"$event.stopPropagation()\">\n\t\t\t\t\t\t\t\t\t\t\t\t\t\t<div\n\t\t\t\t\t\t\t\tclass=\"nascondi pulsante\"\n\t\t\t\t\t\t\t\tdata-ng-show=\"veicolo.hasStato('mostra-info-listino') || veicolo.hasStato('mostra-info-misure')\"\n\t\t\t\t\t\t\t\tdata-ng-click=\"veicolo.removeStato('mostra-info-listino'); veicolo.removeStato('mostra-info-misure');\"\n\t\t\t\t\t\t\t\ttabindex=\"0\"\n\t\t\t\t\t\t\t>\n\t\t\t\t\t\t\t\tClose\t\t\t\t\t\t\t<\/div>\n\t\t\t\t\t\t<\/div>\n\n\t\t\t\t\t\t<!-- misure van -->\n\t\t\t\t\t\t\n\t\t\t\t\t\t<!-- misure van (mobile) -->\n\t\t\t\t\t\t<div class=\"cnt-misure\">\n\t\t\t\t\t\t\t<table>\n\t\t\t\t\t\t\t\t<tr>\n\t\t\t\t\t\t\t\t\t<td colspan=\"3\">\n\t\t\t\t\t\t\t\t\t\t<h5>Innenma\u00dfe<\/h5>\n\t\t\t\t\t\t\t\t\t<\/td>\n\t\t\t\t\t\t\t\t<\/tr>\n\t\t\t\t\t\t\t\t\t\t\t\t\t\t\t\t\t\t\t\t\t\t\t\t\t\t\t\t\t\t\t\t\t\t\t\t\t\t\t\t\t\t\t\t\t\t\t\t\t\t\t\t\t\t\t\t\t\t\t\t\t\t\t\t\t\t\t\t\t\t\t\t\t\t\t\t\t\t\t\t\t\t\t\t\t\t\t\t\t\t\t\t\t\t\t\t<tr>\n\t\t\t\t\t\t\t\t\t<td colspan=\"3\">\n\t\t\t\t\t\t\t\t\t\t<small>\n\t\t\t\t\t\t\t\t\t\t\t<br>\n\t\t\t\t\t\t\t\t\t\t\tDie Ma\u00dfe werden vom Hersteller angegeben und stellen Maximalwerte dar. <\/br><\/br>F\u00fcr genaue Abmessungen<\/br> und verf\u00fcgbare Modelle<\/br> kontaktieren Sie uns bitte direkt.\t\t\t\t\t\t\t\t\t\t<\/small>\n\t\t\t\t\t\t\t\t\t<\/td>\n\t\t\t\t\t\t\t\t<\/tr>\n\t\t\t\t\t\t\t<\/table>\n\t\t\t\t\t\t<\/div>\n\n\t\t\t\t\t\t<div class=\"prezzo text-center\">\n\t\t\t\t\t\t\t<a class=\"btn-espandi-promo btn btn-secondary mt-5\" href=\"#prenota\">\n\t\t\t\t\t\t\t\t<i aria-hidden=\"true\" class=\"fas fa-arrow-circle-up\"><\/i>\n\t\t\t\t\t\t\t\tGo to booking\t\t\t\t\t\t\t<\/a>\n\t\t\t\t\t\t<\/div>\n\n\t\t\t\t\t\t<!-- informazioni veicolo (auto e van) -->\n\t\t\t\t\t\t\t\t\t\t\t\t<div class=\"optional\">\n\t\t\t\t\t\t\t<ul>\n\t\t\t\t\t\t\t\t\t\t\t\t\t\t\t\t\t<li ng-class=\"veicolo.isElettrico('Benzin') ? 'ico-alimentazione-e' : 'ico-alimentazione'\">Benzin<\/li>\n\t\t\t\t\t\t\t\t\t\t\t\t\t\t\t\t\t\t\t\t\t\t\t\t\t<li class=\"ico-porte\">5<\/li>\n\t\t\t\t\t\t\t\t\t\t\t\t\t\t\t\t\t\t\t\t\t\t\t\t\t\t\t\t\t\t\t\t\t<li class=\"ico-trasmissione\">Schaltgetriebe<\/li>\n\t\t\t\t\t\t\t\t\t\t\t\t\t\t\t\t\t\t\t\t\t\t\t\t\t<li class=\"ico-posti\">4<\/li>\n\t\t\t\t\t\t\t\t\t\t\t\t\t\t\t<\/ul>\n\t\t\t\t\t\t<\/div>\n\t\t\t\t\t\t\n\t\t\t\t\t<\/div><!-- \/.veicolo -->\n\n\t\t\t\t<\/div>\n\n\t\t\t<\/div><!-- \/.lista-auto -->\n\n\t\t\n\t\t\t<!-- elenco auto -->\n\t\t\t<div class=\"col-12 mb-4 col-lg-6 col-xl-4 col-xxl-3\">\n\t\t\t\t<div\n\t\t\t\t\tclass=\"veicolo \"\n\t\t\t\t\tdata-ng-controller=\"VeicoloController as veicolo\"\n\t\t\t\t\tdata-ng-mouseenter=\"!veicolo.hasStato('scelta-listino') && veicolo.addStato('hover')\"\n\t\t\t\t\tdata-ng-class=\"[veicolo.getStato()]\"\n\t\t\t\t>\n\n\t\t\t\t\t<div class=\"h-100\">\n\n\t\t\t\t\t\t<!-- nome modello -->\n\t\t\t\t\t\t<div class=\"tipo\" style=\"line-height: 1\">\n\t\t\t\t\t\t\t<h5 class=\"font-weight-bold mb-0\">Toyota Aygo X <small>(Gruppe <strong>B1<\/strong>)<\/small><\/h5>\n\t\t\t\t\t\t\t<small>oder \u00e4hnlich*<\/small>\n\t\t\t\t\t\t<\/div>\n\n\t\t\t\t\t\t\n\t\t\t\t\t\t<!-- immagine -->\n\t\t\t\t\t\t<img class=\"img\" src=\"https:\/\/bo.noleggiare.it\/immagini\/auto\/6895ba18dc4d6_Aygo X Toyota.png\" \/>\n\n\t\t\t\t\t\t<!-- elettrico -->\n\t\t\t\t\t\t<img class=\"img-elettrico\" ng-if=\"veicolo.isElettrico('Benzin')\" ng-src=\"https:\/\/www.noleggiare.it\/wp-content\/themes\/noleggiare\/img\/ico-elettric.svg\" \/>\n\n\t\t\t\t\t\t<!-- pulsantiera -->\n\t\t\t\t\t\t<div class=\"pulsantiera\" data-ng-click=\"$event.stopPropagation()\">\n\t\t\t\t\t\t\t\t\t\t\t\t\t\t<div\n\t\t\t\t\t\t\t\tclass=\"nascondi pulsante\"\n\t\t\t\t\t\t\t\tdata-ng-show=\"veicolo.hasStato('mostra-info-listino') || veicolo.hasStato('mostra-info-misure')\"\n\t\t\t\t\t\t\t\tdata-ng-click=\"veicolo.removeStato('mostra-info-listino'); veicolo.removeStato('mostra-info-misure');\"\n\t\t\t\t\t\t\t\ttabindex=\"0\"\n\t\t\t\t\t\t\t>\n\t\t\t\t\t\t\t\tClose\t\t\t\t\t\t\t<\/div>\n\t\t\t\t\t\t<\/div>\n\n\t\t\t\t\t\t<!-- misure van -->\n\t\t\t\t\t\t\n\t\t\t\t\t\t<!-- misure van (mobile) -->\n\t\t\t\t\t\t<div class=\"cnt-misure\">\n\t\t\t\t\t\t\t<table>\n\t\t\t\t\t\t\t\t<tr>\n\t\t\t\t\t\t\t\t\t<td colspan=\"3\">\n\t\t\t\t\t\t\t\t\t\t<h5>Innenma\u00dfe<\/h5>\n\t\t\t\t\t\t\t\t\t<\/td>\n\t\t\t\t\t\t\t\t<\/tr>\n\t\t\t\t\t\t\t\t\t\t\t\t\t\t\t\t\t\t\t\t\t\t\t\t\t\t\t\t\t\t\t\t\t\t\t\t\t\t\t\t\t\t\t\t\t\t\t\t\t\t\t\t\t\t\t\t\t\t\t\t\t\t\t\t\t\t\t\t\t\t\t\t\t\t\t\t\t\t\t\t\t\t\t\t\t\t\t\t\t\t\t\t\t\t\t\t<tr>\n\t\t\t\t\t\t\t\t\t<td colspan=\"3\">\n\t\t\t\t\t\t\t\t\t\t<small>\n\t\t\t\t\t\t\t\t\t\t\t<br>\n\t\t\t\t\t\t\t\t\t\t\tDie Ma\u00dfe werden vom Hersteller angegeben und stellen Maximalwerte dar. <\/br><\/br>F\u00fcr genaue Abmessungen<\/br> und verf\u00fcgbare Modelle<\/br> kontaktieren Sie uns bitte direkt.\t\t\t\t\t\t\t\t\t\t<\/small>\n\t\t\t\t\t\t\t\t\t<\/td>\n\t\t\t\t\t\t\t\t<\/tr>\n\t\t\t\t\t\t\t<\/table>\n\t\t\t\t\t\t<\/div>\n\n\t\t\t\t\t\t<div class=\"prezzo text-center\">\n\t\t\t\t\t\t\t<a class=\"btn-espandi-promo btn btn-secondary mt-5\" href=\"#prenota\">\n\t\t\t\t\t\t\t\t<i aria-hidden=\"true\" class=\"fas fa-arrow-circle-up\"><\/i>\n\t\t\t\t\t\t\t\tGo to booking\t\t\t\t\t\t\t<\/a>\n\t\t\t\t\t\t<\/div>\n\n\t\t\t\t\t\t<!-- informazioni veicolo (auto e van) -->\n\t\t\t\t\t\t\t\t\t\t\t\t<div class=\"optional\">\n\t\t\t\t\t\t\t<ul>\n\t\t\t\t\t\t\t\t\t\t\t\t\t\t\t\t\t<li ng-class=\"veicolo.isElettrico('Benzin') ? 'ico-alimentazione-e' : 'ico-alimentazione'\">Benzin<\/li>\n\t\t\t\t\t\t\t\t\t\t\t\t\t\t\t\t\t\t\t\t\t\t\t\t\t<li class=\"ico-porte\">5<\/li>\n\t\t\t\t\t\t\t\t\t\t\t\t\t\t\t\t\t\t\t\t\t\t\t\t\t\t\t\t\t\t\t\t\t<li class=\"ico-trasmissione\">Schaltgetriebe<\/li>\n\t\t\t\t\t\t\t\t\t\t\t\t\t\t\t\t\t\t\t\t\t\t\t\t\t<li class=\"ico-posti\">4<\/li>\n\t\t\t\t\t\t\t\t\t\t\t\t\t\t\t<\/ul>\n\t\t\t\t\t\t<\/div>\n\t\t\t\t\t\t\n\t\t\t\t\t<\/div><!-- \/.veicolo -->\n\n\t\t\t\t<\/div>\n\n\t\t\t<\/div><!-- \/.lista-auto -->\n\n\t\t\n\t\t\t<!-- elenco auto -->\n\t\t\t<div class=\"col-12 mb-4 col-lg-6 col-xl-4 col-xxl-3\">\n\t\t\t\t<div\n\t\t\t\t\tclass=\"veicolo \"\n\t\t\t\t\tdata-ng-controller=\"VeicoloController as veicolo\"\n\t\t\t\t\tdata-ng-mouseenter=\"!veicolo.hasStato('scelta-listino') && veicolo.addStato('hover')\"\n\t\t\t\t\tdata-ng-class=\"[veicolo.getStato()]\"\n\t\t\t\t>\n\n\t\t\t\t\t<div class=\"h-100\">\n\n\t\t\t\t\t\t<!-- nome modello -->\n\t\t\t\t\t\t<div class=\"tipo\" style=\"line-height: 1\">\n\t\t\t\t\t\t\t<h5 class=\"font-weight-bold mb-0\">MG3 <small>(Gruppe <strong>C<\/strong>)<\/small><\/h5>\n\t\t\t\t\t\t\t<small>oder \u00e4hnlich*<\/small>\n\t\t\t\t\t\t<\/div>\n\n\t\t\t\t\t\t\n\t\t\t\t\t\t<!-- immagine -->\n\t\t\t\t\t\t<img class=\"img\" src=\"https:\/\/bo.noleggiare.it\/immagini\/auto\/6895da4da978d_MG3-Gruppo-C.png\" \/>\n\n\t\t\t\t\t\t<!-- elettrico -->\n\t\t\t\t\t\t<img class=\"img-elettrico\" ng-if=\"veicolo.isElettrico('Benzin')\" ng-src=\"https:\/\/www.noleggiare.it\/wp-content\/themes\/noleggiare\/img\/ico-elettric.svg\" \/>\n\n\t\t\t\t\t\t<!-- pulsantiera -->\n\t\t\t\t\t\t<div class=\"pulsantiera\" data-ng-click=\"$event.stopPropagation()\">\n\t\t\t\t\t\t\t\t\t\t\t\t\t\t<div\n\t\t\t\t\t\t\t\tclass=\"nascondi pulsante\"\n\t\t\t\t\t\t\t\tdata-ng-show=\"veicolo.hasStato('mostra-info-listino') || veicolo.hasStato('mostra-info-misure')\"\n\t\t\t\t\t\t\t\tdata-ng-click=\"veicolo.removeStato('mostra-info-listino'); veicolo.removeStato('mostra-info-misure');\"\n\t\t\t\t\t\t\t\ttabindex=\"0\"\n\t\t\t\t\t\t\t>\n\t\t\t\t\t\t\t\tClose\t\t\t\t\t\t\t<\/div>\n\t\t\t\t\t\t<\/div>\n\n\t\t\t\t\t\t<!-- misure van -->\n\t\t\t\t\t\t\n\t\t\t\t\t\t<!-- misure van (mobile) -->\n\t\t\t\t\t\t<div class=\"cnt-misure\">\n\t\t\t\t\t\t\t<table>\n\t\t\t\t\t\t\t\t<tr>\n\t\t\t\t\t\t\t\t\t<td colspan=\"3\">\n\t\t\t\t\t\t\t\t\t\t<h5>Innenma\u00dfe<\/h5>\n\t\t\t\t\t\t\t\t\t<\/td>\n\t\t\t\t\t\t\t\t<\/tr>\n\t\t\t\t\t\t\t\t\t\t\t\t\t\t\t\t\t\t\t\t\t\t\t\t\t\t\t\t\t\t\t\t\t\t\t\t\t\t\t\t\t\t\t\t\t\t\t\t\t\t\t\t\t\t\t\t\t\t\t\t\t\t\t\t\t\t\t\t\t\t\t\t\t\t\t\t\t\t\t\t\t\t\t\t\t\t\t\t\t\t\t\t\t\t\t\t<tr>\n\t\t\t\t\t\t\t\t\t<td colspan=\"3\">\n\t\t\t\t\t\t\t\t\t\t<small>\n\t\t\t\t\t\t\t\t\t\t\t<br>\n\t\t\t\t\t\t\t\t\t\t\tDie Ma\u00dfe werden vom Hersteller angegeben und stellen Maximalwerte dar. <\/br><\/br>F\u00fcr genaue Abmessungen<\/br> und verf\u00fcgbare Modelle<\/br> kontaktieren Sie uns bitte direkt.\t\t\t\t\t\t\t\t\t\t<\/small>\n\t\t\t\t\t\t\t\t\t<\/td>\n\t\t\t\t\t\t\t\t<\/tr>\n\t\t\t\t\t\t\t<\/table>\n\t\t\t\t\t\t<\/div>\n\n\t\t\t\t\t\t<div class=\"prezzo text-center\">\n\t\t\t\t\t\t\t<a class=\"btn-espandi-promo btn btn-secondary mt-5\" href=\"#prenota\">\n\t\t\t\t\t\t\t\t<i aria-hidden=\"true\" class=\"fas fa-arrow-circle-up\"><\/i>\n\t\t\t\t\t\t\t\tGo to booking\t\t\t\t\t\t\t<\/a>\n\t\t\t\t\t\t<\/div>\n\n\t\t\t\t\t\t<!-- informazioni veicolo (auto e van) -->\n\t\t\t\t\t\t\t\t\t\t\t\t<div class=\"optional\">\n\t\t\t\t\t\t\t<ul>\n\t\t\t\t\t\t\t\t\t\t\t\t\t\t\t\t\t<li ng-class=\"veicolo.isElettrico('Benzin') ? 'ico-alimentazione-e' : 'ico-alimentazione'\">Benzin<\/li>\n\t\t\t\t\t\t\t\t\t\t\t\t\t\t\t\t\t\t\t\t\t\t\t\t\t<li class=\"ico-porte\">5<\/li>\n\t\t\t\t\t\t\t\t\t\t\t\t\t\t\t\t\t\t\t\t\t\t\t\t\t\t\t\t\t\t\t\t\t<li class=\"ico-trasmissione\">Schaltgetriebe<\/li>\n\t\t\t\t\t\t\t\t\t\t\t\t\t\t\t\t\t\t\t\t\t\t\t\t\t<li class=\"ico-posti\">5<\/li>\n\t\t\t\t\t\t\t\t\t\t\t\t\t\t\t<\/ul>\n\t\t\t\t\t\t<\/div>\n\t\t\t\t\t\t\n\t\t\t\t\t<\/div><!-- \/.veicolo -->\n\n\t\t\t\t<\/div>\n\n\t\t\t<\/div><!-- \/.lista-auto -->\n\n\t\t\n\t\t\t<!-- elenco auto -->\n\t\t\t<div class=\"col-12 mb-4 col-lg-6 col-xl-4 col-xxl-3\">\n\t\t\t\t<div\n\t\t\t\t\tclass=\"veicolo \"\n\t\t\t\t\tdata-ng-controller=\"VeicoloController as veicolo\"\n\t\t\t\t\tdata-ng-mouseenter=\"!veicolo.hasStato('scelta-listino') && veicolo.addStato('hover')\"\n\t\t\t\t\tdata-ng-class=\"[veicolo.getStato()]\"\n\t\t\t\t>\n\n\t\t\t\t\t<div class=\"h-100\">\n\n\t\t\t\t\t\t<!-- nome modello -->\n\t\t\t\t\t\t<div class=\"tipo\" style=\"line-height: 1\">\n\t\t\t\t\t\t\t<h5 class=\"font-weight-bold mb-0\">Citroen e-C3 <small>(Gruppe <strong>C+<\/strong>)<\/small><\/h5>\n\t\t\t\t\t\t\t<small>oder \u00e4hnlich*<\/small>\n\t\t\t\t\t\t<\/div>\n\n\t\t\t\t\t\t\n\t\t\t\t\t\t<!-- immagine -->\n\t\t\t\t\t\t<img class=\"img\" src=\"https:\/\/bo.noleggiare.it\/immagini\/auto\/6895ece6cca2a_Citroen-e-C3-Gruppo-C+.png\" \/>\n\n\t\t\t\t\t\t<!-- elettrico -->\n\t\t\t\t\t\t<img class=\"img-elettrico\" ng-if=\"veicolo.isElettrico('Elektroauto')\" ng-src=\"https:\/\/www.noleggiare.it\/wp-content\/themes\/noleggiare\/img\/ico-elettric.svg\" \/>\n\n\t\t\t\t\t\t<!-- pulsantiera -->\n\t\t\t\t\t\t<div class=\"pulsantiera\" data-ng-click=\"$event.stopPropagation()\">\n\t\t\t\t\t\t\t\t\t\t\t\t\t\t<div\n\t\t\t\t\t\t\t\tclass=\"nascondi pulsante\"\n\t\t\t\t\t\t\t\tdata-ng-show=\"veicolo.hasStato('mostra-info-listino') || veicolo.hasStato('mostra-info-misure')\"\n\t\t\t\t\t\t\t\tdata-ng-click=\"veicolo.removeStato('mostra-info-listino'); veicolo.removeStato('mostra-info-misure');\"\n\t\t\t\t\t\t\t\ttabindex=\"0\"\n\t\t\t\t\t\t\t>\n\t\t\t\t\t\t\t\tClose\t\t\t\t\t\t\t<\/div>\n\t\t\t\t\t\t<\/div>\n\n\t\t\t\t\t\t<!-- misure van -->\n\t\t\t\t\t\t\n\t\t\t\t\t\t<!-- misure van (mobile) -->\n\t\t\t\t\t\t<div class=\"cnt-misure\">\n\t\t\t\t\t\t\t<table>\n\t\t\t\t\t\t\t\t<tr>\n\t\t\t\t\t\t\t\t\t<td colspan=\"3\">\n\t\t\t\t\t\t\t\t\t\t<h5>Innenma\u00dfe<\/h5>\n\t\t\t\t\t\t\t\t\t<\/td>\n\t\t\t\t\t\t\t\t<\/tr>\n\t\t\t\t\t\t\t\t\t\t\t\t\t\t\t\t\t\t\t\t\t\t\t\t\t\t\t\t\t\t\t\t\t\t\t\t\t\t\t\t\t\t\t\t\t\t\t\t\t\t\t\t\t\t\t\t\t\t\t\t\t\t\t\t\t\t\t\t\t\t\t\t\t\t\t\t\t\t\t\t\t\t\t\t\t\t\t\t\t\t\t\t\t\t\t\t<tr>\n\t\t\t\t\t\t\t\t\t<td colspan=\"3\">\n\t\t\t\t\t\t\t\t\t\t<small>\n\t\t\t\t\t\t\t\t\t\t\t<br>\n\t\t\t\t\t\t\t\t\t\t\tDie Ma\u00dfe werden vom Hersteller angegeben und stellen Maximalwerte dar. <\/br><\/br>F\u00fcr genaue Abmessungen<\/br> und verf\u00fcgbare Modelle<\/br> kontaktieren Sie uns bitte direkt.\t\t\t\t\t\t\t\t\t\t<\/small>\n\t\t\t\t\t\t\t\t\t<\/td>\n\t\t\t\t\t\t\t\t<\/tr>\n\t\t\t\t\t\t\t<\/table>\n\t\t\t\t\t\t<\/div>\n\n\t\t\t\t\t\t<div class=\"prezzo text-center\">\n\t\t\t\t\t\t\t<a class=\"btn-espandi-promo btn btn-secondary mt-5\" href=\"#prenota\">\n\t\t\t\t\t\t\t\t<i aria-hidden=\"true\" class=\"fas fa-arrow-circle-up\"><\/i>\n\t\t\t\t\t\t\t\tGo to booking\t\t\t\t\t\t\t<\/a>\n\t\t\t\t\t\t<\/div>\n\n\t\t\t\t\t\t<!-- informazioni veicolo (auto e van) -->\n\t\t\t\t\t\t\t\t\t\t\t\t<div class=\"optional\">\n\t\t\t\t\t\t\t<ul>\n\t\t\t\t\t\t\t\t\t\t\t\t\t\t\t\t\t<li ng-class=\"veicolo.isElettrico('Elektroauto') ? 'ico-alimentazione-e' : 'ico-alimentazione'\">Elektroauto<\/li>\n\t\t\t\t\t\t\t\t\t\t\t\t\t\t\t\t\t\t\t\t\t\t\t\t\t<li class=\"ico-porte\">5<\/li>\n\t\t\t\t\t\t\t\t\t\t\t\t\t\t\t\t\t\t\t\t\t\t\t\t\t\t\t\t\t\t\t\t\t<li class=\"ico-trasmissione\">Automatikgetriebe<\/li>\n\t\t\t\t\t\t\t\t\t\t\t\t\t\t\t\t\t\t\t\t\t\t\t\t\t<li class=\"ico-posti\">5<\/li>\n\t\t\t\t\t\t\t\t\t\t\t\t\t\t\t<\/ul>\n\t\t\t\t\t\t<\/div>\n\t\t\t\t\t\t\n\t\t\t\t\t<\/div><!-- \/.veicolo -->\n\n\t\t\t\t<\/div>\n\n\t\t\t<\/div><!-- \/.lista-auto -->\n\n\t\t\n\t\t\t<!-- elenco auto -->\n\t\t\t<div class=\"col-12 mb-4 col-lg-6 col-xl-4 col-xxl-3\">\n\t\t\t\t<div\n\t\t\t\t\tclass=\"veicolo \"\n\t\t\t\t\tdata-ng-controller=\"VeicoloController as veicolo\"\n\t\t\t\t\tdata-ng-mouseenter=\"!veicolo.hasStato('scelta-listino') && veicolo.addStato('hover')\"\n\t\t\t\t\tdata-ng-class=\"[veicolo.getStato()]\"\n\t\t\t\t>\n\n\t\t\t\t\t<div class=\"h-100\">\n\n\t\t\t\t\t\t<!-- nome modello -->\n\t\t\t\t\t\t<div class=\"tipo\" style=\"line-height: 1\">\n\t\t\t\t\t\t\t<h5 class=\"font-weight-bold mb-0\">Citroen C3 <small>(Gruppe <strong>C1<\/strong>)<\/small><\/h5>\n\t\t\t\t\t\t\t<small>oder \u00e4hnlich*<\/small>\n\t\t\t\t\t\t<\/div>\n\n\t\t\t\t\t\t\n\t\t\t\t\t\t<!-- immagine -->\n\t\t\t\t\t\t<img class=\"img\" src=\"https:\/\/bo.noleggiare.it\/immagini\/auto\/6895c0d142dcc_C3 Citroen.png\" \/>\n\n\t\t\t\t\t\t<!-- elettrico -->\n\t\t\t\t\t\t<img class=\"img-elettrico\" ng-if=\"veicolo.isElettrico('Benzin')\" ng-src=\"https:\/\/www.noleggiare.it\/wp-content\/themes\/noleggiare\/img\/ico-elettric.svg\" \/>\n\n\t\t\t\t\t\t<!-- pulsantiera -->\n\t\t\t\t\t\t<div class=\"pulsantiera\" data-ng-click=\"$event.stopPropagation()\">\n\t\t\t\t\t\t\t\t\t\t\t\t\t\t<div\n\t\t\t\t\t\t\t\tclass=\"nascondi pulsante\"\n\t\t\t\t\t\t\t\tdata-ng-show=\"veicolo.hasStato('mostra-info-listino') || veicolo.hasStato('mostra-info-misure')\"\n\t\t\t\t\t\t\t\tdata-ng-click=\"veicolo.removeStato('mostra-info-listino'); veicolo.removeStato('mostra-info-misure');\"\n\t\t\t\t\t\t\t\ttabindex=\"0\"\n\t\t\t\t\t\t\t>\n\t\t\t\t\t\t\t\tClose\t\t\t\t\t\t\t<\/div>\n\t\t\t\t\t\t<\/div>\n\n\t\t\t\t\t\t<!-- misure van -->\n\t\t\t\t\t\t\n\t\t\t\t\t\t<!-- misure van (mobile) -->\n\t\t\t\t\t\t<div class=\"cnt-misure\">\n\t\t\t\t\t\t\t<table>\n\t\t\t\t\t\t\t\t<tr>\n\t\t\t\t\t\t\t\t\t<td colspan=\"3\">\n\t\t\t\t\t\t\t\t\t\t<h5>Innenma\u00dfe<\/h5>\n\t\t\t\t\t\t\t\t\t<\/td>\n\t\t\t\t\t\t\t\t<\/tr>\n\t\t\t\t\t\t\t\t\t\t\t\t\t\t\t\t\t\t\t\t\t\t\t\t\t\t\t\t\t\t\t\t\t\t\t\t\t\t\t\t\t\t\t\t\t\t\t\t\t\t\t\t\t\t\t\t\t\t\t\t\t\t\t\t\t\t\t\t\t\t\t\t\t\t\t\t\t\t\t\t\t\t\t\t\t\t\t\t\t\t\t\t\t\t\t\t<tr>\n\t\t\t\t\t\t\t\t\t<td colspan=\"3\">\n\t\t\t\t\t\t\t\t\t\t<small>\n\t\t\t\t\t\t\t\t\t\t\t<br>\n\t\t\t\t\t\t\t\t\t\t\tDie Ma\u00dfe werden vom Hersteller angegeben und stellen Maximalwerte dar. <\/br><\/br>F\u00fcr genaue Abmessungen<\/br> und verf\u00fcgbare Modelle<\/br> kontaktieren Sie uns bitte direkt.\t\t\t\t\t\t\t\t\t\t<\/small>\n\t\t\t\t\t\t\t\t\t<\/td>\n\t\t\t\t\t\t\t\t<\/tr>\n\t\t\t\t\t\t\t<\/table>\n\t\t\t\t\t\t<\/div>\n\n\t\t\t\t\t\t<div class=\"prezzo text-center\">\n\t\t\t\t\t\t\t<a class=\"btn-espandi-promo btn btn-secondary mt-5\" href=\"#prenota\">\n\t\t\t\t\t\t\t\t<i aria-hidden=\"true\" class=\"fas fa-arrow-circle-up\"><\/i>\n\t\t\t\t\t\t\t\tGo to booking\t\t\t\t\t\t\t<\/a>\n\t\t\t\t\t\t<\/div>\n\n\t\t\t\t\t\t<!-- informazioni veicolo (auto e van) -->\n\t\t\t\t\t\t\t\t\t\t\t\t<div class=\"optional\">\n\t\t\t\t\t\t\t<ul>\n\t\t\t\t\t\t\t\t\t\t\t\t\t\t\t\t\t<li ng-class=\"veicolo.isElettrico('Benzin') ? 'ico-alimentazione-e' : 'ico-alimentazione'\">Benzin<\/li>\n\t\t\t\t\t\t\t\t\t\t\t\t\t\t\t\t\t\t\t\t\t\t\t\t\t<li class=\"ico-porte\">5<\/li>\n\t\t\t\t\t\t\t\t\t\t\t\t\t\t\t\t\t\t\t\t\t\t\t\t\t\t\t\t\t\t\t\t\t<li class=\"ico-trasmissione\">Automatikgetriebe<\/li>\n\t\t\t\t\t\t\t\t\t\t\t\t\t\t\t\t\t\t\t\t\t\t\t\t\t<li class=\"ico-posti\">5<\/li>\n\t\t\t\t\t\t\t\t\t\t\t\t\t\t\t<\/ul>\n\t\t\t\t\t\t<\/div>\n\t\t\t\t\t\t\n\t\t\t\t\t<\/div><!-- \/.veicolo -->\n\n\t\t\t\t<\/div>\n\n\t\t\t<\/div><!-- \/.lista-auto -->\n\n\t\t\n\t\t\t<!-- elenco auto -->\n\t\t\t<div class=\"col-12 mb-4 col-lg-6 col-xl-4 col-xxl-3\">\n\t\t\t\t<div\n\t\t\t\t\tclass=\"veicolo \"\n\t\t\t\t\tdata-ng-controller=\"VeicoloController as veicolo\"\n\t\t\t\t\tdata-ng-mouseenter=\"!veicolo.hasStato('scelta-listino') && veicolo.addStato('hover')\"\n\t\t\t\t\tdata-ng-class=\"[veicolo.getStato()]\"\n\t\t\t\t>\n\n\t\t\t\t\t<div class=\"h-100\">\n\n\t\t\t\t\t\t<!-- nome modello -->\n\t\t\t\t\t\t<div class=\"tipo\" style=\"line-height: 1\">\n\t\t\t\t\t\t\t<h5 class=\"font-weight-bold mb-0\">Opel Corsa <small>(Gruppe <strong>C3<\/strong>)<\/small><\/h5>\n\t\t\t\t\t\t\t<small>oder \u00e4hnlich*<\/small>\n\t\t\t\t\t\t<\/div>\n\n\t\t\t\t\t\t\n\t\t\t\t\t\t<!-- immagine -->\n\t\t\t\t\t\t<img class=\"img\" src=\"https:\/\/bo.noleggiare.it\/immagini\/auto\/6895c0f709a23_Corsa Opel.png\" \/>\n\n\t\t\t\t\t\t<!-- elettrico -->\n\t\t\t\t\t\t<img class=\"img-elettrico\" ng-if=\"veicolo.isElettrico('Diesel')\" ng-src=\"https:\/\/www.noleggiare.it\/wp-content\/themes\/noleggiare\/img\/ico-elettric.svg\" \/>\n\n\t\t\t\t\t\t<!-- pulsantiera -->\n\t\t\t\t\t\t<div class=\"pulsantiera\" data-ng-click=\"$event.stopPropagation()\">\n\t\t\t\t\t\t\t\t\t\t\t\t\t\t<div\n\t\t\t\t\t\t\t\tclass=\"nascondi pulsante\"\n\t\t\t\t\t\t\t\tdata-ng-show=\"veicolo.hasStato('mostra-info-listino') || veicolo.hasStato('mostra-info-misure')\"\n\t\t\t\t\t\t\t\tdata-ng-click=\"veicolo.removeStato('mostra-info-listino'); veicolo.removeStato('mostra-info-misure');\"\n\t\t\t\t\t\t\t\ttabindex=\"0\"\n\t\t\t\t\t\t\t>\n\t\t\t\t\t\t\t\tClose\t\t\t\t\t\t\t<\/div>\n\t\t\t\t\t\t<\/div>\n\n\t\t\t\t\t\t<!-- misure van -->\n\t\t\t\t\t\t\n\t\t\t\t\t\t<!-- misure van (mobile) -->\n\t\t\t\t\t\t<div class=\"cnt-misure\">\n\t\t\t\t\t\t\t<table>\n\t\t\t\t\t\t\t\t<tr>\n\t\t\t\t\t\t\t\t\t<td colspan=\"3\">\n\t\t\t\t\t\t\t\t\t\t<h5>Innenma\u00dfe<\/h5>\n\t\t\t\t\t\t\t\t\t<\/td>\n\t\t\t\t\t\t\t\t<\/tr>\n\t\t\t\t\t\t\t\t\t\t\t\t\t\t\t\t\t\t\t\t\t\t\t\t\t\t\t\t\t\t\t\t\t\t\t\t\t\t\t\t\t\t\t\t\t\t\t\t\t\t\t\t\t\t\t\t\t\t\t\t\t\t\t\t\t\t\t\t\t\t\t\t\t\t\t\t\t\t\t\t\t\t\t\t\t\t\t\t\t\t\t\t\t\t\t\t<tr>\n\t\t\t\t\t\t\t\t\t<td colspan=\"3\">\n\t\t\t\t\t\t\t\t\t\t<small>\n\t\t\t\t\t\t\t\t\t\t\t<br>\n\t\t\t\t\t\t\t\t\t\t\tDie Ma\u00dfe werden vom Hersteller angegeben und stellen Maximalwerte dar. <\/br><\/br>F\u00fcr genaue Abmessungen<\/br> und verf\u00fcgbare Modelle<\/br> kontaktieren Sie uns bitte direkt.\t\t\t\t\t\t\t\t\t\t<\/small>\n\t\t\t\t\t\t\t\t\t<\/td>\n\t\t\t\t\t\t\t\t<\/tr>\n\t\t\t\t\t\t\t<\/table>\n\t\t\t\t\t\t<\/div>\n\n\t\t\t\t\t\t<div class=\"prezzo text-center\">\n\t\t\t\t\t\t\t<a class=\"btn-espandi-promo btn btn-secondary mt-5\" href=\"#prenota\">\n\t\t\t\t\t\t\t\t<i aria-hidden=\"true\" class=\"fas fa-arrow-circle-up\"><\/i>\n\t\t\t\t\t\t\t\tGo to booking\t\t\t\t\t\t\t<\/a>\n\t\t\t\t\t\t<\/div>\n\n\t\t\t\t\t\t<!-- informazioni veicolo (auto e van) -->\n\t\t\t\t\t\t\t\t\t\t\t\t<div class=\"optional\">\n\t\t\t\t\t\t\t<ul>\n\t\t\t\t\t\t\t\t\t\t\t\t\t\t\t\t\t<li ng-class=\"veicolo.isElettrico('Diesel') ? 'ico-alimentazione-e' : 'ico-alimentazione'\">Diesel<\/li>\n\t\t\t\t\t\t\t\t\t\t\t\t\t\t\t\t\t\t\t\t\t\t\t\t\t<li class=\"ico-porte\">5<\/li>\n\t\t\t\t\t\t\t\t\t\t\t\t\t\t\t\t\t\t\t\t\t\t\t\t\t\t\t\t\t\t\t\t\t<li class=\"ico-trasmissione\">Schaltgetriebe<\/li>\n\t\t\t\t\t\t\t\t\t\t\t\t\t\t\t\t\t\t\t\t\t\t\t\t\t<li class=\"ico-posti\">5<\/li>\n\t\t\t\t\t\t\t\t\t\t\t\t\t\t\t<\/ul>\n\t\t\t\t\t\t<\/div>\n\t\t\t\t\t\t\n\t\t\t\t\t<\/div><!-- \/.veicolo -->\n\n\t\t\t\t<\/div>\n\n\t\t\t<\/div><!-- \/.lista-auto -->\n\n\t\t\n\t\t\t<!-- elenco auto -->\n\t\t\t<div class=\"col-12 mb-4 col-lg-6 col-xl-4 col-xxl-3\">\n\t\t\t\t<div\n\t\t\t\t\tclass=\"veicolo \"\n\t\t\t\t\tdata-ng-controller=\"VeicoloController as veicolo\"\n\t\t\t\t\tdata-ng-mouseenter=\"!veicolo.hasStato('scelta-listino') && veicolo.addStato('hover')\"\n\t\t\t\t\tdata-ng-class=\"[veicolo.getStato()]\"\n\t\t\t\t>\n\n\t\t\t\t\t<div class=\"h-100\">\n\n\t\t\t\t\t\t<!-- nome modello -->\n\t\t\t\t\t\t<div class=\"tipo\" style=\"line-height: 1\">\n\t\t\t\t\t\t\t<h5 class=\"font-weight-bold mb-0\">Toyota Yaris <small>(Gruppe <strong>C4<\/strong>)<\/small><\/h5>\n\t\t\t\t\t\t\t<small>oder \u00e4hnlich*<\/small>\n\t\t\t\t\t\t<\/div>\n\n\t\t\t\t\t\t\n\t\t\t\t\t\t<!-- immagine -->\n\t\t\t\t\t\t<img class=\"img\" src=\"https:\/\/bo.noleggiare.it\/immagini\/auto\/6895c69172e88_Yaris Toyota.png\" \/>\n\n\t\t\t\t\t\t<!-- elettrico -->\n\t\t\t\t\t\t<img class=\"img-elettrico\" ng-if=\"veicolo.isElettrico('Hybrid-Auto')\" ng-src=\"https:\/\/www.noleggiare.it\/wp-content\/themes\/noleggiare\/img\/ico-elettric.svg\" \/>\n\n\t\t\t\t\t\t<!-- pulsantiera -->\n\t\t\t\t\t\t<div class=\"pulsantiera\" data-ng-click=\"$event.stopPropagation()\">\n\t\t\t\t\t\t\t\t\t\t\t\t\t\t<div\n\t\t\t\t\t\t\t\tclass=\"nascondi pulsante\"\n\t\t\t\t\t\t\t\tdata-ng-show=\"veicolo.hasStato('mostra-info-listino') || veicolo.hasStato('mostra-info-misure')\"\n\t\t\t\t\t\t\t\tdata-ng-click=\"veicolo.removeStato('mostra-info-listino'); veicolo.removeStato('mostra-info-misure');\"\n\t\t\t\t\t\t\t\ttabindex=\"0\"\n\t\t\t\t\t\t\t>\n\t\t\t\t\t\t\t\tClose\t\t\t\t\t\t\t<\/div>\n\t\t\t\t\t\t<\/div>\n\n\t\t\t\t\t\t<!-- misure van -->\n\t\t\t\t\t\t\n\t\t\t\t\t\t<!-- misure van (mobile) -->\n\t\t\t\t\t\t<div class=\"cnt-misure\">\n\t\t\t\t\t\t\t<table>\n\t\t\t\t\t\t\t\t<tr>\n\t\t\t\t\t\t\t\t\t<td colspan=\"3\">\n\t\t\t\t\t\t\t\t\t\t<h5>Innenma\u00dfe<\/h5>\n\t\t\t\t\t\t\t\t\t<\/td>\n\t\t\t\t\t\t\t\t<\/tr>\n\t\t\t\t\t\t\t\t\t\t\t\t\t\t\t\t\t\t\t\t\t\t\t\t\t\t\t\t\t\t\t\t\t\t\t\t\t\t\t\t\t\t\t\t\t\t\t\t\t\t\t\t\t\t\t\t\t\t\t\t\t\t\t\t\t\t\t\t\t\t\t\t\t\t\t\t\t\t\t\t\t\t\t\t\t\t\t\t\t\t\t\t\t\t\t\t<tr>\n\t\t\t\t\t\t\t\t\t<td colspan=\"3\">\n\t\t\t\t\t\t\t\t\t\t<small>\n\t\t\t\t\t\t\t\t\t\t\t<br>\n\t\t\t\t\t\t\t\t\t\t\tDie Ma\u00dfe werden vom Hersteller angegeben und stellen Maximalwerte dar. <\/br><\/br>F\u00fcr genaue Abmessungen<\/br> und verf\u00fcgbare Modelle<\/br> kontaktieren Sie uns bitte direkt.\t\t\t\t\t\t\t\t\t\t<\/small>\n\t\t\t\t\t\t\t\t\t<\/td>\n\t\t\t\t\t\t\t\t<\/tr>\n\t\t\t\t\t\t\t<\/table>\n\t\t\t\t\t\t<\/div>\n\n\t\t\t\t\t\t<div class=\"prezzo text-center\">\n\t\t\t\t\t\t\t<a class=\"btn-espandi-promo btn btn-secondary mt-5\" href=\"#prenota\">\n\t\t\t\t\t\t\t\t<i aria-hidden=\"true\" class=\"fas fa-arrow-circle-up\"><\/i>\n\t\t\t\t\t\t\t\tGo to booking\t\t\t\t\t\t\t<\/a>\n\t\t\t\t\t\t<\/div>\n\n\t\t\t\t\t\t<!-- informazioni veicolo (auto e van) -->\n\t\t\t\t\t\t\t\t\t\t\t\t<div class=\"optional\">\n\t\t\t\t\t\t\t<ul>\n\t\t\t\t\t\t\t\t\t\t\t\t\t\t\t\t\t<li ng-class=\"veicolo.isElettrico('Hybrid-Auto') ? 'ico-alimentazione-e' : 'ico-alimentazione'\">Hybrid-Auto<\/li>\n\t\t\t\t\t\t\t\t\t\t\t\t\t\t\t\t\t\t\t\t\t\t\t\t\t<li class=\"ico-porte\">5<\/li>\n\t\t\t\t\t\t\t\t\t\t\t\t\t\t\t\t\t\t\t\t\t\t\t\t\t\t\t\t\t\t\t\t\t<li class=\"ico-trasmissione\">Automatikgetriebe<\/li>\n\t\t\t\t\t\t\t\t\t\t\t\t\t\t\t\t\t\t\t\t\t\t\t\t\t<li class=\"ico-posti\">5<\/li>\n\t\t\t\t\t\t\t\t\t\t\t\t\t\t\t<\/ul>\n\t\t\t\t\t\t<\/div>\n\t\t\t\t\t\t\n\t\t\t\t\t<\/div><!-- \/.veicolo -->\n\n\t\t\t\t<\/div>\n\n\t\t\t<\/div><!-- \/.lista-auto -->\n\n\t\t\n\t\t\t<!-- elenco auto -->\n\t\t\t<div class=\"col-12 mb-4 col-lg-6 col-xl-4 col-xxl-3\">\n\t\t\t\t<div\n\t\t\t\t\tclass=\"veicolo \"\n\t\t\t\t\tdata-ng-controller=\"VeicoloController as veicolo\"\n\t\t\t\t\tdata-ng-mouseenter=\"!veicolo.hasStato('scelta-listino') && veicolo.addStato('hover')\"\n\t\t\t\t\tdata-ng-class=\"[veicolo.getStato()]\"\n\t\t\t\t>\n\n\t\t\t\t\t<div class=\"h-100\">\n\n\t\t\t\t\t\t<!-- nome modello -->\n\t\t\t\t\t\t<div class=\"tipo\" style=\"line-height: 1\">\n\t\t\t\t\t\t\t<h5 class=\"font-weight-bold mb-0\">Renault Captur <small>(Gruppe <strong>D<\/strong>)<\/small><\/h5>\n\t\t\t\t\t\t\t<small>oder \u00e4hnlich*<\/small>\n\t\t\t\t\t\t<\/div>\n\n\t\t\t\t\t\t\n\t\t\t\t\t\t<!-- immagine -->\n\t\t\t\t\t\t<img class=\"img\" src=\"https:\/\/bo.noleggiare.it\/immagini\/auto\/6895cc6020e9c_Renault Captur TCe 12V 100 CV GPL FAP Intens.png\" \/>\n\n\t\t\t\t\t\t<!-- elettrico -->\n\t\t\t\t\t\t<img class=\"img-elettrico\" ng-if=\"veicolo.isElettrico('Benzin\/Diesel')\" ng-src=\"https:\/\/www.noleggiare.it\/wp-content\/themes\/noleggiare\/img\/ico-elettric.svg\" \/>\n\n\t\t\t\t\t\t<!-- pulsantiera -->\n\t\t\t\t\t\t<div class=\"pulsantiera\" data-ng-click=\"$event.stopPropagation()\">\n\t\t\t\t\t\t\t\t\t\t\t\t\t\t<div\n\t\t\t\t\t\t\t\tclass=\"nascondi pulsante\"\n\t\t\t\t\t\t\t\tdata-ng-show=\"veicolo.hasStato('mostra-info-listino') || veicolo.hasStato('mostra-info-misure')\"\n\t\t\t\t\t\t\t\tdata-ng-click=\"veicolo.removeStato('mostra-info-listino'); veicolo.removeStato('mostra-info-misure');\"\n\t\t\t\t\t\t\t\ttabindex=\"0\"\n\t\t\t\t\t\t\t>\n\t\t\t\t\t\t\t\tClose\t\t\t\t\t\t\t<\/div>\n\t\t\t\t\t\t<\/div>\n\n\t\t\t\t\t\t<!-- misure van -->\n\t\t\t\t\t\t\n\t\t\t\t\t\t<!-- misure van (mobile) -->\n\t\t\t\t\t\t<div class=\"cnt-misure\">\n\t\t\t\t\t\t\t<table>\n\t\t\t\t\t\t\t\t<tr>\n\t\t\t\t\t\t\t\t\t<td colspan=\"3\">\n\t\t\t\t\t\t\t\t\t\t<h5>Innenma\u00dfe<\/h5>\n\t\t\t\t\t\t\t\t\t<\/td>\n\t\t\t\t\t\t\t\t<\/tr>\n\t\t\t\t\t\t\t\t\t\t\t\t\t\t\t\t\t\t\t\t\t\t\t\t\t\t\t\t\t\t\t\t\t\t\t\t\t\t\t\t\t\t\t\t\t\t\t\t\t\t\t\t\t\t\t\t\t\t\t\t\t\t\t\t\t\t\t\t\t\t\t\t\t\t\t\t\t\t\t\t\t\t\t\t\t\t\t\t\t\t\t\t\t\t\t\t<tr>\n\t\t\t\t\t\t\t\t\t<td colspan=\"3\">\n\t\t\t\t\t\t\t\t\t\t<small>\n\t\t\t\t\t\t\t\t\t\t\t<br>\n\t\t\t\t\t\t\t\t\t\t\tDie Ma\u00dfe werden vom Hersteller angegeben und stellen Maximalwerte dar. <\/br><\/br>F\u00fcr genaue Abmessungen<\/br> und verf\u00fcgbare Modelle<\/br> kontaktieren Sie uns bitte direkt.\t\t\t\t\t\t\t\t\t\t<\/small>\n\t\t\t\t\t\t\t\t\t<\/td>\n\t\t\t\t\t\t\t\t<\/tr>\n\t\t\t\t\t\t\t<\/table>\n\t\t\t\t\t\t<\/div>\n\n\t\t\t\t\t\t<div class=\"prezzo text-center\">\n\t\t\t\t\t\t\t<a class=\"btn-espandi-promo btn btn-secondary mt-5\" href=\"#prenota\">\n\t\t\t\t\t\t\t\t<i aria-hidden=\"true\" class=\"fas fa-arrow-circle-up\"><\/i>\n\t\t\t\t\t\t\t\tGo to booking\t\t\t\t\t\t\t<\/a>\n\t\t\t\t\t\t<\/div>\n\n\t\t\t\t\t\t<!-- informazioni veicolo (auto e van) -->\n\t\t\t\t\t\t\t\t\t\t\t\t<div class=\"optional\">\n\t\t\t\t\t\t\t<ul>\n\t\t\t\t\t\t\t\t\t\t\t\t\t\t\t\t\t<li ng-class=\"veicolo.isElettrico('Benzin\/Diesel') ? 'ico-alimentazione-e' : 'ico-alimentazione'\">Benzin\/Diesel<\/li>\n\t\t\t\t\t\t\t\t\t\t\t\t\t\t\t\t\t\t\t\t\t\t\t\t\t<li class=\"ico-porte\">5<\/li>\n\t\t\t\t\t\t\t\t\t\t\t\t\t\t\t\t\t\t\t\t\t\t\t\t\t\t\t\t\t\t\t\t\t<li class=\"ico-trasmissione\">Schaltgetriebe<\/li>\n\t\t\t\t\t\t\t\t\t\t\t\t\t\t\t\t\t\t\t\t\t\t\t\t\t<li class=\"ico-posti\">5<\/li>\n\t\t\t\t\t\t\t\t\t\t\t\t\t\t\t<\/ul>\n\t\t\t\t\t\t<\/div>\n\t\t\t\t\t\t\n\t\t\t\t\t<\/div><!-- \/.veicolo -->\n\n\t\t\t\t<\/div>\n\n\t\t\t<\/div><!-- \/.lista-auto -->\n\n\t\t\n\t\t\t<!-- elenco auto -->\n\t\t\t<div class=\"col-12 mb-4 col-lg-6 col-xl-4 col-xxl-3\">\n\t\t\t\t<div\n\t\t\t\t\tclass=\"veicolo \"\n\t\t\t\t\tdata-ng-controller=\"VeicoloController as veicolo\"\n\t\t\t\t\tdata-ng-mouseenter=\"!veicolo.hasStato('scelta-listino') && veicolo.addStato('hover')\"\n\t\t\t\t\tdata-ng-class=\"[veicolo.getStato()]\"\n\t\t\t\t>\n\n\t\t\t\t\t<div class=\"h-100\">\n\n\t\t\t\t\t\t<!-- nome modello -->\n\t\t\t\t\t\t<div class=\"tipo\" style=\"line-height: 1\">\n\t\t\t\t\t\t\t<h5 class=\"font-weight-bold mb-0\">Ford Focus <small>(Gruppe <strong>D1<\/strong>)<\/small><\/h5>\n\t\t\t\t\t\t\t<small>oder \u00e4hnlich*<\/small>\n\t\t\t\t\t\t<\/div>\n\n\t\t\t\t\t\t\n\t\t\t\t\t\t<!-- immagine -->\n\t\t\t\t\t\t<img class=\"img\" src=\"https:\/\/bo.noleggiare.it\/immagini\/auto\/68a47a7a55c4c_Ford-Focus.png\" \/>\n\n\t\t\t\t\t\t<!-- elettrico -->\n\t\t\t\t\t\t<img class=\"img-elettrico\" ng-if=\"veicolo.isElettrico('Benzin\/Diesel')\" ng-src=\"https:\/\/www.noleggiare.it\/wp-content\/themes\/noleggiare\/img\/ico-elettric.svg\" \/>\n\n\t\t\t\t\t\t<!-- pulsantiera -->\n\t\t\t\t\t\t<div class=\"pulsantiera\" data-ng-click=\"$event.stopPropagation()\">\n\t\t\t\t\t\t\t\t\t\t\t\t\t\t<div\n\t\t\t\t\t\t\t\tclass=\"nascondi pulsante\"\n\t\t\t\t\t\t\t\tdata-ng-show=\"veicolo.hasStato('mostra-info-listino') || veicolo.hasStato('mostra-info-misure')\"\n\t\t\t\t\t\t\t\tdata-ng-click=\"veicolo.removeStato('mostra-info-listino'); veicolo.removeStato('mostra-info-misure');\"\n\t\t\t\t\t\t\t\ttabindex=\"0\"\n\t\t\t\t\t\t\t>\n\t\t\t\t\t\t\t\tClose\t\t\t\t\t\t\t<\/div>\n\t\t\t\t\t\t<\/div>\n\n\t\t\t\t\t\t<!-- misure van -->\n\t\t\t\t\t\t\n\t\t\t\t\t\t<!-- misure van (mobile) -->\n\t\t\t\t\t\t<div class=\"cnt-misure\">\n\t\t\t\t\t\t\t<table>\n\t\t\t\t\t\t\t\t<tr>\n\t\t\t\t\t\t\t\t\t<td colspan=\"3\">\n\t\t\t\t\t\t\t\t\t\t<h5>Innenma\u00dfe<\/h5>\n\t\t\t\t\t\t\t\t\t<\/td>\n\t\t\t\t\t\t\t\t<\/tr>\n\t\t\t\t\t\t\t\t\t\t\t\t\t\t\t\t\t\t\t\t\t\t\t\t\t\t\t\t\t\t\t\t\t\t\t\t\t\t\t\t\t\t\t\t\t\t\t\t\t\t\t\t\t\t\t\t\t\t\t\t\t\t\t\t\t\t\t\t\t\t\t\t\t\t\t\t\t\t\t\t\t\t\t\t\t\t\t\t\t\t\t\t\t\t\t\t<tr>\n\t\t\t\t\t\t\t\t\t<td colspan=\"3\">\n\t\t\t\t\t\t\t\t\t\t<small>\n\t\t\t\t\t\t\t\t\t\t\t<br>\n\t\t\t\t\t\t\t\t\t\t\tDie Ma\u00dfe werden vom Hersteller angegeben und stellen Maximalwerte dar. <\/br><\/br>F\u00fcr genaue Abmessungen<\/br> und verf\u00fcgbare Modelle<\/br> kontaktieren Sie uns bitte direkt.\t\t\t\t\t\t\t\t\t\t<\/small>\n\t\t\t\t\t\t\t\t\t<\/td>\n\t\t\t\t\t\t\t\t<\/tr>\n\t\t\t\t\t\t\t<\/table>\n\t\t\t\t\t\t<\/div>\n\n\t\t\t\t\t\t<div class=\"prezzo text-center\">\n\t\t\t\t\t\t\t<a class=\"btn-espandi-promo btn btn-secondary mt-5\" href=\"#prenota\">\n\t\t\t\t\t\t\t\t<i aria-hidden=\"true\" class=\"fas fa-arrow-circle-up\"><\/i>\n\t\t\t\t\t\t\t\tGo to booking\t\t\t\t\t\t\t<\/a>\n\t\t\t\t\t\t<\/div>\n\n\t\t\t\t\t\t<!-- informazioni veicolo (auto e van) -->\n\t\t\t\t\t\t\t\t\t\t\t\t<div class=\"optional\">\n\t\t\t\t\t\t\t<ul>\n\t\t\t\t\t\t\t\t\t\t\t\t\t\t\t\t\t<li ng-class=\"veicolo.isElettrico('Benzin\/Diesel') ? 'ico-alimentazione-e' : 'ico-alimentazione'\">Benzin\/Diesel<\/li>\n\t\t\t\t\t\t\t\t\t\t\t\t\t\t\t\t\t\t\t\t\t\t\t\t\t<li class=\"ico-porte\">5<\/li>\n\t\t\t\t\t\t\t\t\t\t\t\t\t\t\t\t\t\t\t\t\t\t\t\t\t\t\t\t\t\t\t\t\t<li class=\"ico-trasmissione\">Automatikgetriebe<\/li>\n\t\t\t\t\t\t\t\t\t\t\t\t\t\t\t\t\t\t\t\t\t\t\t\t\t<li class=\"ico-posti\">5<\/li>\n\t\t\t\t\t\t\t\t\t\t\t\t\t\t\t<\/ul>\n\t\t\t\t\t\t<\/div>\n\t\t\t\t\t\t\n\t\t\t\t\t<\/div><!-- \/.veicolo -->\n\n\t\t\t\t<\/div>\n\n\t\t\t<\/div><!-- \/.lista-auto -->\n\n\t\t\n\t\t\t<!-- elenco auto -->\n\t\t\t<div class=\"col-12 mb-4 col-lg-6 col-xl-4 col-xxl-3\">\n\t\t\t\t<div\n\t\t\t\t\tclass=\"veicolo \"\n\t\t\t\t\tdata-ng-controller=\"VeicoloController as veicolo\"\n\t\t\t\t\tdata-ng-mouseenter=\"!veicolo.hasStato('scelta-listino') && veicolo.addStato('hover')\"\n\t\t\t\t\tdata-ng-class=\"[veicolo.getStato()]\"\n\t\t\t\t>\n\n\t\t\t\t\t<div class=\"h-100\">\n\n\t\t\t\t\t\t<!-- nome modello -->\n\t\t\t\t\t\t<div class=\"tipo\" style=\"line-height: 1\">\n\t\t\t\t\t\t\t<h5 class=\"font-weight-bold mb-0\">Ford Tourneo Courier <small>(Gruppe <strong>D2<\/strong>)<\/small><\/h5>\n\t\t\t\t\t\t\t<small>oder \u00e4hnlich*<\/small>\n\t\t\t\t\t\t<\/div>\n\n\t\t\t\t\t\t\n\t\t\t\t\t\t<!-- immagine -->\n\t\t\t\t\t\t<img class=\"img\" src=\"https:\/\/bo.noleggiare.it\/immagini\/auto\/6895d7024f089_Ford-Tourneo-Courier-Gruppo-D2.png\" \/>\n\n\t\t\t\t\t\t<!-- elettrico -->\n\t\t\t\t\t\t<img class=\"img-elettrico\" ng-if=\"veicolo.isElettrico('Benzin\/Diesel')\" ng-src=\"https:\/\/www.noleggiare.it\/wp-content\/themes\/noleggiare\/img\/ico-elettric.svg\" \/>\n\n\t\t\t\t\t\t<!-- pulsantiera -->\n\t\t\t\t\t\t<div class=\"pulsantiera\" data-ng-click=\"$event.stopPropagation()\">\n\t\t\t\t\t\t\t\t\t\t\t\t\t\t<div\n\t\t\t\t\t\t\t\tclass=\"nascondi pulsante\"\n\t\t\t\t\t\t\t\tdata-ng-show=\"veicolo.hasStato('mostra-info-listino') || veicolo.hasStato('mostra-info-misure')\"\n\t\t\t\t\t\t\t\tdata-ng-click=\"veicolo.removeStato('mostra-info-listino'); veicolo.removeStato('mostra-info-misure');\"\n\t\t\t\t\t\t\t\ttabindex=\"0\"\n\t\t\t\t\t\t\t>\n\t\t\t\t\t\t\t\tClose\t\t\t\t\t\t\t<\/div>\n\t\t\t\t\t\t<\/div>\n\n\t\t\t\t\t\t<!-- misure van -->\n\t\t\t\t\t\t\n\t\t\t\t\t\t<!-- misure van (mobile) -->\n\t\t\t\t\t\t<div class=\"cnt-misure\">\n\t\t\t\t\t\t\t<table>\n\t\t\t\t\t\t\t\t<tr>\n\t\t\t\t\t\t\t\t\t<td colspan=\"3\">\n\t\t\t\t\t\t\t\t\t\t<h5>Innenma\u00dfe<\/h5>\n\t\t\t\t\t\t\t\t\t<\/td>\n\t\t\t\t\t\t\t\t<\/tr>\n\t\t\t\t\t\t\t\t\t\t\t\t\t\t\t\t\t\t\t\t\t\t\t\t\t\t\t\t\t\t\t\t\t\t\t\t\t\t\t\t\t\t\t\t\t\t\t\t\t\t\t\t\t\t\t\t\t\t\t\t\t\t\t\t\t\t\t\t\t\t\t\t\t\t\t\t\t\t\t\t\t\t\t\t\t\t\t\t\t\t\t\t\t\t\t\t<tr>\n\t\t\t\t\t\t\t\t\t<td colspan=\"3\">\n\t\t\t\t\t\t\t\t\t\t<small>\n\t\t\t\t\t\t\t\t\t\t\t<br>\n\t\t\t\t\t\t\t\t\t\t\tDie Ma\u00dfe werden vom Hersteller angegeben und stellen Maximalwerte dar. <\/br><\/br>F\u00fcr genaue Abmessungen<\/br> und verf\u00fcgbare Modelle<\/br> kontaktieren Sie uns bitte direkt.\t\t\t\t\t\t\t\t\t\t<\/small>\n\t\t\t\t\t\t\t\t\t<\/td>\n\t\t\t\t\t\t\t\t<\/tr>\n\t\t\t\t\t\t\t<\/table>\n\t\t\t\t\t\t<\/div>\n\n\t\t\t\t\t\t<div class=\"prezzo text-center\">\n\t\t\t\t\t\t\t<a class=\"btn-espandi-promo btn btn-secondary mt-5\" href=\"#prenota\">\n\t\t\t\t\t\t\t\t<i aria-hidden=\"true\" class=\"fas fa-arrow-circle-up\"><\/i>\n\t\t\t\t\t\t\t\tGo to booking\t\t\t\t\t\t\t<\/a>\n\t\t\t\t\t\t<\/div>\n\n\t\t\t\t\t\t<!-- informazioni veicolo (auto e van) -->\n\t\t\t\t\t\t\t\t\t\t\t\t<div class=\"optional\">\n\t\t\t\t\t\t\t<ul>\n\t\t\t\t\t\t\t\t\t\t\t\t\t\t\t\t\t<li ng-class=\"veicolo.isElettrico('Benzin\/Diesel') ? 'ico-alimentazione-e' : 'ico-alimentazione'\">Benzin\/Diesel<\/li>\n\t\t\t\t\t\t\t\t\t\t\t\t\t\t\t\t\t\t\t\t\t\t\t\t\t<li class=\"ico-porte\">5<\/li>\n\t\t\t\t\t\t\t\t\t\t\t\t\t\t\t\t\t\t\t\t\t\t\t\t\t\t\t\t\t\t\t\t\t<li class=\"ico-trasmissione\">Schaltgetriebe<\/li>\n\t\t\t\t\t\t\t\t\t\t\t\t\t\t\t\t\t\t\t\t\t\t\t\t\t<li class=\"ico-posti\">5<\/li>\n\t\t\t\t\t\t\t\t\t\t\t\t\t\t\t<\/ul>\n\t\t\t\t\t\t<\/div>\n\t\t\t\t\t\t\n\t\t\t\t\t<\/div><!-- \/.veicolo -->\n\n\t\t\t\t<\/div>\n\n\t\t\t<\/div><!-- \/.lista-auto -->\n\n\t\t\n\t\t\t<!-- elenco auto -->\n\t\t\t<div class=\"col-12 mb-4 col-lg-6 col-xl-4 col-xxl-3\">\n\t\t\t\t<div\n\t\t\t\t\tclass=\"veicolo \"\n\t\t\t\t\tdata-ng-controller=\"VeicoloController as veicolo\"\n\t\t\t\t\tdata-ng-mouseenter=\"!veicolo.hasStato('scelta-listino') && veicolo.addStato('hover')\"\n\t\t\t\t\tdata-ng-class=\"[veicolo.getStato()]\"\n\t\t\t\t>\n\n\t\t\t\t\t<div class=\"h-100\">\n\n\t\t\t\t\t\t<!-- nome modello -->\n\t\t\t\t\t\t<div class=\"tipo\" style=\"line-height: 1\">\n\t\t\t\t\t\t\t<h5 class=\"font-weight-bold mb-0\">Volkswagen Golf <small>(Gruppe <strong>D3<\/strong>)<\/small><\/h5>\n\t\t\t\t\t\t\t<small>oder \u00e4hnlich*<\/small>\n\t\t\t\t\t\t<\/div>\n\n\t\t\t\t\t\t\n\t\t\t\t\t\t<!-- immagine -->\n\t\t\t\t\t\t<img class=\"img\" src=\"https:\/\/bo.noleggiare.it\/immagini\/auto\/6895ccb59dd1d_Volkswagen Golf 1.0 TSI EVO Life.png\" \/>\n\n\t\t\t\t\t\t<!-- elettrico -->\n\t\t\t\t\t\t<img class=\"img-elettrico\" ng-if=\"veicolo.isElettrico('Diesel')\" ng-src=\"https:\/\/www.noleggiare.it\/wp-content\/themes\/noleggiare\/img\/ico-elettric.svg\" \/>\n\n\t\t\t\t\t\t<!-- pulsantiera -->\n\t\t\t\t\t\t<div class=\"pulsantiera\" data-ng-click=\"$event.stopPropagation()\">\n\t\t\t\t\t\t\t\t\t\t\t\t\t\t<div\n\t\t\t\t\t\t\t\tclass=\"nascondi pulsante\"\n\t\t\t\t\t\t\t\tdata-ng-show=\"veicolo.hasStato('mostra-info-listino') || veicolo.hasStato('mostra-info-misure')\"\n\t\t\t\t\t\t\t\tdata-ng-click=\"veicolo.removeStato('mostra-info-listino'); veicolo.removeStato('mostra-info-misure');\"\n\t\t\t\t\t\t\t\ttabindex=\"0\"\n\t\t\t\t\t\t\t>\n\t\t\t\t\t\t\t\tClose\t\t\t\t\t\t\t<\/div>\n\t\t\t\t\t\t<\/div>\n\n\t\t\t\t\t\t<!-- misure van -->\n\t\t\t\t\t\t\n\t\t\t\t\t\t<!-- misure van (mobile) -->\n\t\t\t\t\t\t<div class=\"cnt-misure\">\n\t\t\t\t\t\t\t<table>\n\t\t\t\t\t\t\t\t<tr>\n\t\t\t\t\t\t\t\t\t<td colspan=\"3\">\n\t\t\t\t\t\t\t\t\t\t<h5>Innenma\u00dfe<\/h5>\n\t\t\t\t\t\t\t\t\t<\/td>\n\t\t\t\t\t\t\t\t<\/tr>\n\t\t\t\t\t\t\t\t\t\t\t\t\t\t\t\t\t\t\t\t\t\t\t\t\t\t\t\t\t\t\t\t\t\t\t\t\t\t\t\t\t\t\t\t\t\t\t\t\t\t\t\t\t\t\t\t\t\t\t\t\t\t\t\t\t\t\t\t\t\t\t\t\t\t\t\t\t\t\t\t\t\t\t\t\t\t\t\t\t\t\t\t\t\t\t\t<tr>\n\t\t\t\t\t\t\t\t\t<td colspan=\"3\">\n\t\t\t\t\t\t\t\t\t\t<small>\n\t\t\t\t\t\t\t\t\t\t\t<br>\n\t\t\t\t\t\t\t\t\t\t\tDie Ma\u00dfe werden vom Hersteller angegeben und stellen Maximalwerte dar. <\/br><\/br>F\u00fcr genaue Abmessungen<\/br> und verf\u00fcgbare Modelle<\/br> kontaktieren Sie uns bitte direkt.\t\t\t\t\t\t\t\t\t\t<\/small>\n\t\t\t\t\t\t\t\t\t<\/td>\n\t\t\t\t\t\t\t\t<\/tr>\n\t\t\t\t\t\t\t<\/table>\n\t\t\t\t\t\t<\/div>\n\n\t\t\t\t\t\t<div class=\"prezzo text-center\">\n\t\t\t\t\t\t\t<a class=\"btn-espandi-promo btn btn-secondary mt-5\" href=\"#prenota\">\n\t\t\t\t\t\t\t\t<i aria-hidden=\"true\" class=\"fas fa-arrow-circle-up\"><\/i>\n\t\t\t\t\t\t\t\tGo to booking\t\t\t\t\t\t\t<\/a>\n\t\t\t\t\t\t<\/div>\n\n\t\t\t\t\t\t<!-- informazioni veicolo (auto e van) -->\n\t\t\t\t\t\t\t\t\t\t\t\t<div class=\"optional\">\n\t\t\t\t\t\t\t<ul>\n\t\t\t\t\t\t\t\t\t\t\t\t\t\t\t\t\t<li ng-class=\"veicolo.isElettrico('Diesel') ? 'ico-alimentazione-e' : 'ico-alimentazione'\">Diesel<\/li>\n\t\t\t\t\t\t\t\t\t\t\t\t\t\t\t\t\t\t\t\t\t\t\t\t\t<li class=\"ico-porte\">5<\/li>\n\t\t\t\t\t\t\t\t\t\t\t\t\t\t\t\t\t\t\t\t\t\t\t\t\t\t\t\t\t\t\t\t\t<li class=\"ico-trasmissione\">Schaltgetriebe<\/li>\n\t\t\t\t\t\t\t\t\t\t\t\t\t\t\t\t\t\t\t\t\t\t\t\t\t<li class=\"ico-posti\">5<\/li>\n\t\t\t\t\t\t\t\t\t\t\t\t\t\t\t<\/ul>\n\t\t\t\t\t\t<\/div>\n\t\t\t\t\t\t\n\t\t\t\t\t<\/div><!-- \/.veicolo -->\n\n\t\t\t\t<\/div>\n\n\t\t\t<\/div><!-- \/.lista-auto -->\n\n\t\t\n\t\t\t<!-- elenco auto -->\n\t\t\t<div class=\"col-12 mb-4 col-lg-6 col-xl-4 col-xxl-3\">\n\t\t\t\t<div\n\t\t\t\t\tclass=\"veicolo \"\n\t\t\t\t\tdata-ng-controller=\"VeicoloController as veicolo\"\n\t\t\t\t\tdata-ng-mouseenter=\"!veicolo.hasStato('scelta-listino') && veicolo.addStato('hover')\"\n\t\t\t\t\tdata-ng-class=\"[veicolo.getStato()]\"\n\t\t\t\t>\n\n\t\t\t\t\t<div class=\"h-100\">\n\n\t\t\t\t\t\t<!-- nome modello -->\n\t\t\t\t\t\t<div class=\"tipo\" style=\"line-height: 1\">\n\t\t\t\t\t\t\t<h5 class=\"font-weight-bold mb-0\">Ford Tourneo Connect <small>(Gruppe <strong>D4<\/strong>)<\/small><\/h5>\n\t\t\t\t\t\t\t<small>oder \u00e4hnlich*<\/small>\n\t\t\t\t\t\t<\/div>\n\n\t\t\t\t\t\t\n\t\t\t\t\t\t<!-- immagine -->\n\t\t\t\t\t\t<img class=\"img\" src=\"https:\/\/bo.noleggiare.it\/immagini\/auto\/6895c2a2839e4_Ford-Tourneo.png\" \/>\n\n\t\t\t\t\t\t<!-- elettrico -->\n\t\t\t\t\t\t<img class=\"img-elettrico\" ng-if=\"veicolo.isElettrico('Benzin')\" ng-src=\"https:\/\/www.noleggiare.it\/wp-content\/themes\/noleggiare\/img\/ico-elettric.svg\" \/>\n\n\t\t\t\t\t\t<!-- pulsantiera -->\n\t\t\t\t\t\t<div class=\"pulsantiera\" data-ng-click=\"$event.stopPropagation()\">\n\t\t\t\t\t\t\t\t\t\t\t\t\t\t<div\n\t\t\t\t\t\t\t\tclass=\"nascondi pulsante\"\n\t\t\t\t\t\t\t\tdata-ng-show=\"veicolo.hasStato('mostra-info-listino') || veicolo.hasStato('mostra-info-misure')\"\n\t\t\t\t\t\t\t\tdata-ng-click=\"veicolo.removeStato('mostra-info-listino'); veicolo.removeStato('mostra-info-misure');\"\n\t\t\t\t\t\t\t\ttabindex=\"0\"\n\t\t\t\t\t\t\t>\n\t\t\t\t\t\t\t\tClose\t\t\t\t\t\t\t<\/div>\n\t\t\t\t\t\t<\/div>\n\n\t\t\t\t\t\t<!-- misure van -->\n\t\t\t\t\t\t\n\t\t\t\t\t\t<!-- misure van (mobile) -->\n\t\t\t\t\t\t<div class=\"cnt-misure\">\n\t\t\t\t\t\t\t<table>\n\t\t\t\t\t\t\t\t<tr>\n\t\t\t\t\t\t\t\t\t<td colspan=\"3\">\n\t\t\t\t\t\t\t\t\t\t<h5>Innenma\u00dfe<\/h5>\n\t\t\t\t\t\t\t\t\t<\/td>\n\t\t\t\t\t\t\t\t<\/tr>\n\t\t\t\t\t\t\t\t\t\t\t\t\t\t\t\t\t\t\t\t\t\t\t\t\t\t\t\t\t\t\t\t\t\t\t\t\t\t\t\t\t\t\t\t\t\t\t\t\t\t\t\t\t\t\t\t\t\t\t\t\t\t\t\t\t\t\t\t\t\t\t\t\t\t\t\t\t\t\t\t\t\t\t\t\t\t\t\t\t\t\t\t\t\t\t\t<tr>\n\t\t\t\t\t\t\t\t\t<td colspan=\"3\">\n\t\t\t\t\t\t\t\t\t\t<small>\n\t\t\t\t\t\t\t\t\t\t\t<br>\n\t\t\t\t\t\t\t\t\t\t\tDie Ma\u00dfe werden vom Hersteller angegeben und stellen Maximalwerte dar. <\/br><\/br>F\u00fcr genaue Abmessungen<\/br> und verf\u00fcgbare Modelle<\/br> kontaktieren Sie uns bitte direkt.\t\t\t\t\t\t\t\t\t\t<\/small>\n\t\t\t\t\t\t\t\t\t<\/td>\n\t\t\t\t\t\t\t\t<\/tr>\n\t\t\t\t\t\t\t<\/table>\n\t\t\t\t\t\t<\/div>\n\n\t\t\t\t\t\t<div class=\"prezzo text-center\">\n\t\t\t\t\t\t\t<a class=\"btn-espandi-promo btn btn-secondary mt-5\" href=\"#prenota\">\n\t\t\t\t\t\t\t\t<i aria-hidden=\"true\" class=\"fas fa-arrow-circle-up\"><\/i>\n\t\t\t\t\t\t\t\tGo to booking\t\t\t\t\t\t\t<\/a>\n\t\t\t\t\t\t<\/div>\n\n\t\t\t\t\t\t<!-- informazioni veicolo (auto e van) -->\n\t\t\t\t\t\t\t\t\t\t\t\t<div class=\"optional\">\n\t\t\t\t\t\t\t<ul>\n\t\t\t\t\t\t\t\t\t\t\t\t\t\t\t\t\t<li ng-class=\"veicolo.isElettrico('Benzin') ? 'ico-alimentazione-e' : 'ico-alimentazione'\">Benzin<\/li>\n\t\t\t\t\t\t\t\t\t\t\t\t\t\t\t\t\t\t\t\t\t\t\t\t\t<li class=\"ico-porte\">5<\/li>\n\t\t\t\t\t\t\t\t\t\t\t\t\t\t\t\t\t\t\t\t\t\t\t\t\t\t\t\t\t\t\t\t\t<li class=\"ico-trasmissione\">Automatikgetriebe<\/li>\n\t\t\t\t\t\t\t\t\t\t\t\t\t\t\t\t\t\t\t\t\t\t\t\t\t<li class=\"ico-posti\">5<\/li>\n\t\t\t\t\t\t\t\t\t\t\t\t\t\t\t<\/ul>\n\t\t\t\t\t\t<\/div>\n\t\t\t\t\t\t\n\t\t\t\t\t<\/div><!-- \/.veicolo -->\n\n\t\t\t\t<\/div>\n\n\t\t\t<\/div><!-- \/.lista-auto -->\n\n\t\t\n\t\t\t<!-- elenco auto -->\n\t\t\t<div class=\"col-12 mb-4 col-lg-6 col-xl-4 col-xxl-3\">\n\t\t\t\t<div\n\t\t\t\t\tclass=\"veicolo \"\n\t\t\t\t\tdata-ng-controller=\"VeicoloController as veicolo\"\n\t\t\t\t\tdata-ng-mouseenter=\"!veicolo.hasStato('scelta-listino') && veicolo.addStato('hover')\"\n\t\t\t\t\tdata-ng-class=\"[veicolo.getStato()]\"\n\t\t\t\t>\n\n\t\t\t\t\t<div class=\"h-100\">\n\n\t\t\t\t\t\t<!-- nome modello -->\n\t\t\t\t\t\t<div class=\"tipo\" style=\"line-height: 1\">\n\t\t\t\t\t\t\t<h5 class=\"font-weight-bold mb-0\">Peugeot 308 <small>(Gruppe <strong>D5<\/strong>)<\/small><\/h5>\n\t\t\t\t\t\t\t<small>oder \u00e4hnlich*<\/small>\n\t\t\t\t\t\t<\/div>\n\n\t\t\t\t\t\t\n\t\t\t\t\t\t<!-- immagine -->\n\t\t\t\t\t\t<img class=\"img\" src=\"https:\/\/bo.noleggiare.it\/immagini\/auto\/68a47a6c77817_Pegeut-308.png\" \/>\n\n\t\t\t\t\t\t<!-- elettrico -->\n\t\t\t\t\t\t<img class=\"img-elettrico\" ng-if=\"veicolo.isElettrico('Benzin\/Diesel')\" ng-src=\"https:\/\/www.noleggiare.it\/wp-content\/themes\/noleggiare\/img\/ico-elettric.svg\" \/>\n\n\t\t\t\t\t\t<!-- pulsantiera -->\n\t\t\t\t\t\t<div class=\"pulsantiera\" data-ng-click=\"$event.stopPropagation()\">\n\t\t\t\t\t\t\t\t\t\t\t\t\t\t<div\n\t\t\t\t\t\t\t\tclass=\"nascondi pulsante\"\n\t\t\t\t\t\t\t\tdata-ng-show=\"veicolo.hasStato('mostra-info-listino') || veicolo.hasStato('mostra-info-misure')\"\n\t\t\t\t\t\t\t\tdata-ng-click=\"veicolo.removeStato('mostra-info-listino'); veicolo.removeStato('mostra-info-misure');\"\n\t\t\t\t\t\t\t\ttabindex=\"0\"\n\t\t\t\t\t\t\t>\n\t\t\t\t\t\t\t\tClose\t\t\t\t\t\t\t<\/div>\n\t\t\t\t\t\t<\/div>\n\n\t\t\t\t\t\t<!-- misure van -->\n\t\t\t\t\t\t\n\t\t\t\t\t\t<!-- misure van (mobile) -->\n\t\t\t\t\t\t<div class=\"cnt-misure\">\n\t\t\t\t\t\t\t<table>\n\t\t\t\t\t\t\t\t<tr>\n\t\t\t\t\t\t\t\t\t<td colspan=\"3\">\n\t\t\t\t\t\t\t\t\t\t<h5>Innenma\u00dfe<\/h5>\n\t\t\t\t\t\t\t\t\t<\/td>\n\t\t\t\t\t\t\t\t<\/tr>\n\t\t\t\t\t\t\t\t\t\t\t\t\t\t\t\t\t\t\t\t\t\t\t\t\t\t\t\t\t\t\t\t\t\t\t\t\t\t\t\t\t\t\t\t\t\t\t\t\t\t\t\t\t\t\t\t\t\t\t\t\t\t\t\t\t\t\t\t\t\t\t\t\t\t\t\t\t\t\t\t\t\t\t\t\t\t\t\t\t\t\t\t\t\t\t\t<tr>\n\t\t\t\t\t\t\t\t\t<td colspan=\"3\">\n\t\t\t\t\t\t\t\t\t\t<small>\n\t\t\t\t\t\t\t\t\t\t\t<br>\n\t\t\t\t\t\t\t\t\t\t\tDie Ma\u00dfe werden vom Hersteller angegeben und stellen Maximalwerte dar. <\/br><\/br>F\u00fcr genaue Abmessungen<\/br> und verf\u00fcgbare Modelle<\/br> kontaktieren Sie uns bitte direkt.\t\t\t\t\t\t\t\t\t\t<\/small>\n\t\t\t\t\t\t\t\t\t<\/td>\n\t\t\t\t\t\t\t\t<\/tr>\n\t\t\t\t\t\t\t<\/table>\n\t\t\t\t\t\t<\/div>\n\n\t\t\t\t\t\t<div class=\"prezzo text-center\">\n\t\t\t\t\t\t\t<a class=\"btn-espandi-promo btn btn-secondary mt-5\" href=\"#prenota\">\n\t\t\t\t\t\t\t\t<i aria-hidden=\"true\" class=\"fas fa-arrow-circle-up\"><\/i>\n\t\t\t\t\t\t\t\tGo to booking\t\t\t\t\t\t\t<\/a>\n\t\t\t\t\t\t<\/div>\n\n\t\t\t\t\t\t<!-- informazioni veicolo (auto e van) -->\n\t\t\t\t\t\t\t\t\t\t\t\t<div class=\"optional\">\n\t\t\t\t\t\t\t<ul>\n\t\t\t\t\t\t\t\t\t\t\t\t\t\t\t\t\t<li ng-class=\"veicolo.isElettrico('Benzin\/Diesel') ? 'ico-alimentazione-e' : 'ico-alimentazione'\">Benzin\/Diesel<\/li>\n\t\t\t\t\t\t\t\t\t\t\t\t\t\t\t\t\t\t\t\t\t\t\t\t\t<li class=\"ico-porte\">5<\/li>\n\t\t\t\t\t\t\t\t\t\t\t\t\t\t\t\t\t\t\t\t\t\t\t\t\t\t\t\t\t\t\t\t\t<li class=\"ico-trasmissione\">Schaltgetriebe<\/li>\n\t\t\t\t\t\t\t\t\t\t\t\t\t\t\t\t\t\t\t\t\t\t\t\t\t<li class=\"ico-posti\">5<\/li>\n\t\t\t\t\t\t\t\t\t\t\t\t\t\t\t<\/ul>\n\t\t\t\t\t\t<\/div>\n\t\t\t\t\t\t\n\t\t\t\t\t<\/div><!-- \/.veicolo -->\n\n\t\t\t\t<\/div>\n\n\t\t\t<\/div><!-- \/.lista-auto -->\n\n\t\t\n\t\t\t<!-- elenco auto -->\n\t\t\t<div class=\"col-12 mb-4 col-lg-6 col-xl-4 col-xxl-3\">\n\t\t\t\t<div\n\t\t\t\t\tclass=\"veicolo \"\n\t\t\t\t\tdata-ng-controller=\"VeicoloController as veicolo\"\n\t\t\t\t\tdata-ng-mouseenter=\"!veicolo.hasStato('scelta-listino') && veicolo.addStato('hover')\"\n\t\t\t\t\tdata-ng-class=\"[veicolo.getStato()]\"\n\t\t\t\t>\n\n\t\t\t\t\t<div class=\"h-100\">\n\n\t\t\t\t\t\t<!-- nome modello -->\n\t\t\t\t\t\t<div class=\"tipo\" style=\"line-height: 1\">\n\t\t\t\t\t\t\t<h5 class=\"font-weight-bold mb-0\">Mitsubishi ASX <small>(Gruppe <strong>D6<\/strong>)<\/small><\/h5>\n\t\t\t\t\t\t\t<small>oder \u00e4hnlich*<\/small>\n\t\t\t\t\t\t<\/div>\n\n\t\t\t\t\t\t\n\t\t\t\t\t\t<!-- immagine -->\n\t\t\t\t\t\t<img class=\"img\" src=\"https:\/\/bo.noleggiare.it\/immagini\/auto\/6895c323b520a_Mitsubisci-ASX.png\" \/>\n\n\t\t\t\t\t\t<!-- elettrico -->\n\t\t\t\t\t\t<img class=\"img-elettrico\" ng-if=\"veicolo.isElettrico('Hybrid-Auto')\" ng-src=\"https:\/\/www.noleggiare.it\/wp-content\/themes\/noleggiare\/img\/ico-elettric.svg\" \/>\n\n\t\t\t\t\t\t<!-- pulsantiera -->\n\t\t\t\t\t\t<div class=\"pulsantiera\" data-ng-click=\"$event.stopPropagation()\">\n\t\t\t\t\t\t\t\t\t\t\t\t\t\t<div\n\t\t\t\t\t\t\t\tclass=\"nascondi pulsante\"\n\t\t\t\t\t\t\t\tdata-ng-show=\"veicolo.hasStato('mostra-info-listino') || veicolo.hasStato('mostra-info-misure')\"\n\t\t\t\t\t\t\t\tdata-ng-click=\"veicolo.removeStato('mostra-info-listino'); veicolo.removeStato('mostra-info-misure');\"\n\t\t\t\t\t\t\t\ttabindex=\"0\"\n\t\t\t\t\t\t\t>\n\t\t\t\t\t\t\t\tClose\t\t\t\t\t\t\t<\/div>\n\t\t\t\t\t\t<\/div>\n\n\t\t\t\t\t\t<!-- misure van -->\n\t\t\t\t\t\t\n\t\t\t\t\t\t<!-- misure van (mobile) -->\n\t\t\t\t\t\t<div class=\"cnt-misure\">\n\t\t\t\t\t\t\t<table>\n\t\t\t\t\t\t\t\t<tr>\n\t\t\t\t\t\t\t\t\t<td colspan=\"3\">\n\t\t\t\t\t\t\t\t\t\t<h5>Innenma\u00dfe<\/h5>\n\t\t\t\t\t\t\t\t\t<\/td>\n\t\t\t\t\t\t\t\t<\/tr>\n\t\t\t\t\t\t\t\t\t\t\t\t\t\t\t\t\t\t\t\t\t\t\t\t\t\t\t\t\t\t\t\t\t\t\t\t\t\t\t\t\t\t\t\t\t\t\t\t\t\t\t\t\t\t\t\t\t\t\t\t\t\t\t\t\t\t\t\t\t\t\t\t\t\t\t\t\t\t\t\t\t\t\t\t\t\t\t\t\t\t\t\t\t\t\t\t<tr>\n\t\t\t\t\t\t\t\t\t<td colspan=\"3\">\n\t\t\t\t\t\t\t\t\t\t<small>\n\t\t\t\t\t\t\t\t\t\t\t<br>\n\t\t\t\t\t\t\t\t\t\t\tDie Ma\u00dfe werden vom Hersteller angegeben und stellen Maximalwerte dar. <\/br><\/br>F\u00fcr genaue Abmessungen<\/br> und verf\u00fcgbare Modelle<\/br> kontaktieren Sie uns bitte direkt.\t\t\t\t\t\t\t\t\t\t<\/small>\n\t\t\t\t\t\t\t\t\t<\/td>\n\t\t\t\t\t\t\t\t<\/tr>\n\t\t\t\t\t\t\t<\/table>\n\t\t\t\t\t\t<\/div>\n\n\t\t\t\t\t\t<div class=\"prezzo text-center\">\n\t\t\t\t\t\t\t<a class=\"btn-espandi-promo btn btn-secondary mt-5\" href=\"#prenota\">\n\t\t\t\t\t\t\t\t<i aria-hidden=\"true\" class=\"fas fa-arrow-circle-up\"><\/i>\n\t\t\t\t\t\t\t\tGo to booking\t\t\t\t\t\t\t<\/a>\n\t\t\t\t\t\t<\/div>\n\n\t\t\t\t\t\t<!-- informazioni veicolo (auto e van) -->\n\t\t\t\t\t\t\t\t\t\t\t\t<div class=\"optional\">\n\t\t\t\t\t\t\t<ul>\n\t\t\t\t\t\t\t\t\t\t\t\t\t\t\t\t\t<li ng-class=\"veicolo.isElettrico('Hybrid-Auto') ? 'ico-alimentazione-e' : 'ico-alimentazione'\">Hybrid-Auto<\/li>\n\t\t\t\t\t\t\t\t\t\t\t\t\t\t\t\t\t\t\t\t\t\t\t\t\t<li class=\"ico-porte\">5<\/li>\n\t\t\t\t\t\t\t\t\t\t\t\t\t\t\t\t\t\t\t\t\t\t\t\t\t\t\t\t\t\t\t\t\t<li class=\"ico-trasmissione\">Automatikgetriebe<\/li>\n\t\t\t\t\t\t\t\t\t\t\t\t\t\t\t\t\t\t\t\t\t\t\t\t\t<li class=\"ico-posti\">5<\/li>\n\t\t\t\t\t\t\t\t\t\t\t\t\t\t\t<\/ul>\n\t\t\t\t\t\t<\/div>\n\t\t\t\t\t\t\n\t\t\t\t\t<\/div><!-- \/.veicolo -->\n\n\t\t\t\t<\/div>\n\n\t\t\t<\/div><!-- \/.lista-auto -->\n\n\t\t\n\t\t\t<!-- elenco auto -->\n\t\t\t<div class=\"col-12 mb-4 col-lg-6 col-xl-4 col-xxl-3\">\n\t\t\t\t<div\n\t\t\t\t\tclass=\"veicolo \"\n\t\t\t\t\tdata-ng-controller=\"VeicoloController as veicolo\"\n\t\t\t\t\tdata-ng-mouseenter=\"!veicolo.hasStato('scelta-listino') && veicolo.addStato('hover')\"\n\t\t\t\t\tdata-ng-class=\"[veicolo.getStato()]\"\n\t\t\t\t>\n\n\t\t\t\t\t<div class=\"h-100\">\n\n\t\t\t\t\t\t<!-- nome modello -->\n\t\t\t\t\t\t<div class=\"tipo\" style=\"line-height: 1\">\n\t\t\t\t\t\t\t<h5 class=\"font-weight-bold mb-0\">Cupra Formentor <small>(Gruppe <strong>I<\/strong>)<\/small><\/h5>\n\t\t\t\t\t\t\t<small>oder \u00e4hnlich*<\/small>\n\t\t\t\t\t\t<\/div>\n\n\t\t\t\t\t\t\n\t\t\t\t\t\t<!-- immagine -->\n\t\t\t\t\t\t<img class=\"img\" src=\"https:\/\/bo.noleggiare.it\/immagini\/auto\/6895c11da1c40_Cupra-formentor.png\" \/>\n\n\t\t\t\t\t\t<!-- elettrico -->\n\t\t\t\t\t\t<img class=\"img-elettrico\" ng-if=\"veicolo.isElettrico('Benzin\/Diesel')\" ng-src=\"https:\/\/www.noleggiare.it\/wp-content\/themes\/noleggiare\/img\/ico-elettric.svg\" \/>\n\n\t\t\t\t\t\t<!-- pulsantiera -->\n\t\t\t\t\t\t<div class=\"pulsantiera\" data-ng-click=\"$event.stopPropagation()\">\n\t\t\t\t\t\t\t\t\t\t\t\t\t\t<div\n\t\t\t\t\t\t\t\tclass=\"nascondi pulsante\"\n\t\t\t\t\t\t\t\tdata-ng-show=\"veicolo.hasStato('mostra-info-listino') || veicolo.hasStato('mostra-info-misure')\"\n\t\t\t\t\t\t\t\tdata-ng-click=\"veicolo.removeStato('mostra-info-listino'); veicolo.removeStato('mostra-info-misure');\"\n\t\t\t\t\t\t\t\ttabindex=\"0\"\n\t\t\t\t\t\t\t>\n\t\t\t\t\t\t\t\tClose\t\t\t\t\t\t\t<\/div>\n\t\t\t\t\t\t<\/div>\n\n\t\t\t\t\t\t<!-- misure van -->\n\t\t\t\t\t\t\n\t\t\t\t\t\t<!-- misure van (mobile) -->\n\t\t\t\t\t\t<div class=\"cnt-misure\">\n\t\t\t\t\t\t\t<table>\n\t\t\t\t\t\t\t\t<tr>\n\t\t\t\t\t\t\t\t\t<td colspan=\"3\">\n\t\t\t\t\t\t\t\t\t\t<h5>Innenma\u00dfe<\/h5>\n\t\t\t\t\t\t\t\t\t<\/td>\n\t\t\t\t\t\t\t\t<\/tr>\n\t\t\t\t\t\t\t\t\t\t\t\t\t\t\t\t\t\t\t\t\t\t\t\t\t\t\t\t\t\t\t\t\t\t\t\t\t\t\t\t\t\t\t\t\t\t\t\t\t\t\t\t\t\t\t\t\t\t\t\t\t\t\t\t\t\t\t\t\t\t\t\t\t\t\t\t\t\t\t\t\t\t\t\t\t\t\t\t\t\t\t\t\t\t\t\t<tr>\n\t\t\t\t\t\t\t\t\t<td colspan=\"3\">\n\t\t\t\t\t\t\t\t\t\t<small>\n\t\t\t\t\t\t\t\t\t\t\t<br>\n\t\t\t\t\t\t\t\t\t\t\tDie Ma\u00dfe werden vom Hersteller angegeben und stellen Maximalwerte dar. <\/br><\/br>F\u00fcr genaue Abmessungen<\/br> und verf\u00fcgbare Modelle<\/br> kontaktieren Sie uns bitte direkt.\t\t\t\t\t\t\t\t\t\t<\/small>\n\t\t\t\t\t\t\t\t\t<\/td>\n\t\t\t\t\t\t\t\t<\/tr>\n\t\t\t\t\t\t\t<\/table>\n\t\t\t\t\t\t<\/div>\n\n\t\t\t\t\t\t<div class=\"prezzo text-center\">\n\t\t\t\t\t\t\t<a class=\"btn-espandi-promo btn btn-secondary mt-5\" href=\"#prenota\">\n\t\t\t\t\t\t\t\t<i aria-hidden=\"true\" class=\"fas fa-arrow-circle-up\"><\/i>\n\t\t\t\t\t\t\t\tGo to booking\t\t\t\t\t\t\t<\/a>\n\t\t\t\t\t\t<\/div>\n\n\t\t\t\t\t\t<!-- informazioni veicolo (auto e van) -->\n\t\t\t\t\t\t\t\t\t\t\t\t<div class=\"optional\">\n\t\t\t\t\t\t\t<ul>\n\t\t\t\t\t\t\t\t\t\t\t\t\t\t\t\t\t<li ng-class=\"veicolo.isElettrico('Benzin\/Diesel') ? 'ico-alimentazione-e' : 'ico-alimentazione'\">Benzin\/Diesel<\/li>\n\t\t\t\t\t\t\t\t\t\t\t\t\t\t\t\t\t\t\t\t\t\t\t\t\t<li class=\"ico-porte\">5<\/li>\n\t\t\t\t\t\t\t\t\t\t\t\t\t\t\t\t\t\t\t\t\t\t\t\t\t\t\t\t\t\t\t\t\t<li class=\"ico-trasmissione\">Schaltgetriebe<\/li>\n\t\t\t\t\t\t\t\t\t\t\t\t\t\t\t\t\t\t\t\t\t\t\t\t\t<li class=\"ico-posti\">5<\/li>\n\t\t\t\t\t\t\t\t\t\t\t\t\t\t\t<\/ul>\n\t\t\t\t\t\t<\/div>\n\t\t\t\t\t\t\n\t\t\t\t\t<\/div><!-- \/.veicolo -->\n\n\t\t\t\t<\/div>\n\n\t\t\t<\/div><!-- \/.lista-auto -->\n\n\t\t\n\t\t\t<!-- elenco auto -->\n\t\t\t<div class=\"col-12 mb-4 col-lg-6 col-xl-4 col-xxl-3\">\n\t\t\t\t<div\n\t\t\t\t\tclass=\"veicolo \"\n\t\t\t\t\tdata-ng-controller=\"VeicoloController as veicolo\"\n\t\t\t\t\tdata-ng-mouseenter=\"!veicolo.hasStato('scelta-listino') && veicolo.addStato('hover')\"\n\t\t\t\t\tdata-ng-class=\"[veicolo.getStato()]\"\n\t\t\t\t>\n\n\t\t\t\t\t<div class=\"h-100\">\n\n\t\t\t\t\t\t<!-- nome modello -->\n\t\t\t\t\t\t<div class=\"tipo\" style=\"line-height: 1\">\n\t\t\t\t\t\t\t<h5 class=\"font-weight-bold mb-0\">Mercedes Classe A <small>(Gruppe <strong>I1<\/strong>)<\/small><\/h5>\n\t\t\t\t\t\t\t<small>oder \u00e4hnlich*<\/small>\n\t\t\t\t\t\t<\/div>\n\n\t\t\t\t\t\t\n\t\t\t\t\t\t<!-- immagine -->\n\t\t\t\t\t\t<img class=\"img\" src=\"https:\/\/bo.noleggiare.it\/immagini\/auto\/6895c2548707f_Mercedes-A.png\" \/>\n\n\t\t\t\t\t\t<!-- elettrico -->\n\t\t\t\t\t\t<img class=\"img-elettrico\" ng-if=\"veicolo.isElettrico('Benzin\/Diesel')\" ng-src=\"https:\/\/www.noleggiare.it\/wp-content\/themes\/noleggiare\/img\/ico-elettric.svg\" \/>\n\n\t\t\t\t\t\t<!-- pulsantiera -->\n\t\t\t\t\t\t<div class=\"pulsantiera\" data-ng-click=\"$event.stopPropagation()\">\n\t\t\t\t\t\t\t\t\t\t\t\t\t\t<div\n\t\t\t\t\t\t\t\tclass=\"nascondi pulsante\"\n\t\t\t\t\t\t\t\tdata-ng-show=\"veicolo.hasStato('mostra-info-listino') || veicolo.hasStato('mostra-info-misure')\"\n\t\t\t\t\t\t\t\tdata-ng-click=\"veicolo.removeStato('mostra-info-listino'); veicolo.removeStato('mostra-info-misure');\"\n\t\t\t\t\t\t\t\ttabindex=\"0\"\n\t\t\t\t\t\t\t>\n\t\t\t\t\t\t\t\tClose\t\t\t\t\t\t\t<\/div>\n\t\t\t\t\t\t<\/div>\n\n\t\t\t\t\t\t<!-- misure van -->\n\t\t\t\t\t\t\n\t\t\t\t\t\t<!-- misure van (mobile) -->\n\t\t\t\t\t\t<div class=\"cnt-misure\">\n\t\t\t\t\t\t\t<table>\n\t\t\t\t\t\t\t\t<tr>\n\t\t\t\t\t\t\t\t\t<td colspan=\"3\">\n\t\t\t\t\t\t\t\t\t\t<h5>Innenma\u00dfe<\/h5>\n\t\t\t\t\t\t\t\t\t<\/td>\n\t\t\t\t\t\t\t\t<\/tr>\n\t\t\t\t\t\t\t\t\t\t\t\t\t\t\t\t\t\t\t\t\t\t\t\t\t\t\t\t\t\t\t\t\t\t\t\t\t\t\t\t\t\t\t\t\t\t\t\t\t\t\t\t\t\t\t\t\t\t\t\t\t\t\t\t\t\t\t\t\t\t\t\t\t\t\t\t\t\t\t\t\t\t\t\t\t\t\t\t\t\t\t\t\t\t\t\t<tr>\n\t\t\t\t\t\t\t\t\t<td colspan=\"3\">\n\t\t\t\t\t\t\t\t\t\t<small>\n\t\t\t\t\t\t\t\t\t\t\t<br>\n\t\t\t\t\t\t\t\t\t\t\tDie Ma\u00dfe werden vom Hersteller angegeben und stellen Maximalwerte dar. <\/br><\/br>F\u00fcr genaue Abmessungen<\/br> und verf\u00fcgbare Modelle<\/br> kontaktieren Sie uns bitte direkt.\t\t\t\t\t\t\t\t\t\t<\/small>\n\t\t\t\t\t\t\t\t\t<\/td>\n\t\t\t\t\t\t\t\t<\/tr>\n\t\t\t\t\t\t\t<\/table>\n\t\t\t\t\t\t<\/div>\n\n\t\t\t\t\t\t<div class=\"prezzo text-center\">\n\t\t\t\t\t\t\t<a class=\"btn-espandi-promo btn btn-secondary mt-5\" href=\"#prenota\">\n\t\t\t\t\t\t\t\t<i aria-hidden=\"true\" class=\"fas fa-arrow-circle-up\"><\/i>\n\t\t\t\t\t\t\t\tGo to booking\t\t\t\t\t\t\t<\/a>\n\t\t\t\t\t\t<\/div>\n\n\t\t\t\t\t\t<!-- informazioni veicolo (auto e van) -->\n\t\t\t\t\t\t\t\t\t\t\t\t<div class=\"optional\">\n\t\t\t\t\t\t\t<ul>\n\t\t\t\t\t\t\t\t\t\t\t\t\t\t\t\t\t<li ng-class=\"veicolo.isElettrico('Benzin\/Diesel') ? 'ico-alimentazione-e' : 'ico-alimentazione'\">Benzin\/Diesel<\/li>\n\t\t\t\t\t\t\t\t\t\t\t\t\t\t\t\t\t\t\t\t\t\t\t\t\t<li class=\"ico-porte\">5<\/li>\n\t\t\t\t\t\t\t\t\t\t\t\t\t\t\t\t\t\t\t\t\t\t\t\t\t\t\t\t\t\t\t\t\t<li class=\"ico-trasmissione\">Automatikgetriebe<\/li>\n\t\t\t\t\t\t\t\t\t\t\t\t\t\t\t\t\t\t\t\t\t\t\t\t\t<li class=\"ico-posti\">5<\/li>\n\t\t\t\t\t\t\t\t\t\t\t\t\t\t\t<\/ul>\n\t\t\t\t\t\t<\/div>\n\t\t\t\t\t\t\n\t\t\t\t\t<\/div><!-- \/.veicolo -->\n\n\t\t\t\t<\/div>\n\n\t\t\t<\/div><!-- \/.lista-auto -->\n\n\t\t\n\t\t\t<!-- elenco auto -->\n\t\t\t<div class=\"col-12 mb-4 col-lg-6 col-xl-4 col-xxl-3\">\n\t\t\t\t<div\n\t\t\t\t\tclass=\"veicolo \"\n\t\t\t\t\tdata-ng-controller=\"VeicoloController as veicolo\"\n\t\t\t\t\tdata-ng-mouseenter=\"!veicolo.hasStato('scelta-listino') && veicolo.addStato('hover')\"\n\t\t\t\t\tdata-ng-class=\"[veicolo.getStato()]\"\n\t\t\t\t>\n\n\t\t\t\t\t<div class=\"h-100\">\n\n\t\t\t\t\t\t<!-- nome modello -->\n\t\t\t\t\t\t<div class=\"tipo\" style=\"line-height: 1\">\n\t\t\t\t\t\t\t<h5 class=\"font-weight-bold mb-0\">Mercedes Classe B <small>(Gruppe <strong>I2<\/strong>)<\/small><\/h5>\n\t\t\t\t\t\t\t<small>oder \u00e4hnlich*<\/small>\n\t\t\t\t\t\t<\/div>\n\n\t\t\t\t\t\t\n\t\t\t\t\t\t<!-- immagine -->\n\t\t\t\t\t\t<img class=\"img\" src=\"https:\/\/bo.noleggiare.it\/immagini\/auto\/6895c2cd8ffd6_Mercedes-B.png\" \/>\n\n\t\t\t\t\t\t<!-- elettrico -->\n\t\t\t\t\t\t<img class=\"img-elettrico\" ng-if=\"veicolo.isElettrico('Benzin\/Diesel')\" ng-src=\"https:\/\/www.noleggiare.it\/wp-content\/themes\/noleggiare\/img\/ico-elettric.svg\" \/>\n\n\t\t\t\t\t\t<!-- pulsantiera -->\n\t\t\t\t\t\t<div class=\"pulsantiera\" data-ng-click=\"$event.stopPropagation()\">\n\t\t\t\t\t\t\t\t\t\t\t\t\t\t<div\n\t\t\t\t\t\t\t\tclass=\"nascondi pulsante\"\n\t\t\t\t\t\t\t\tdata-ng-show=\"veicolo.hasStato('mostra-info-listino') || veicolo.hasStato('mostra-info-misure')\"\n\t\t\t\t\t\t\t\tdata-ng-click=\"veicolo.removeStato('mostra-info-listino'); veicolo.removeStato('mostra-info-misure');\"\n\t\t\t\t\t\t\t\ttabindex=\"0\"\n\t\t\t\t\t\t\t>\n\t\t\t\t\t\t\t\tClose\t\t\t\t\t\t\t<\/div>\n\t\t\t\t\t\t<\/div>\n\n\t\t\t\t\t\t<!-- misure van -->\n\t\t\t\t\t\t\n\t\t\t\t\t\t<!-- misure van (mobile) -->\n\t\t\t\t\t\t<div class=\"cnt-misure\">\n\t\t\t\t\t\t\t<table>\n\t\t\t\t\t\t\t\t<tr>\n\t\t\t\t\t\t\t\t\t<td colspan=\"3\">\n\t\t\t\t\t\t\t\t\t\t<h5>Innenma\u00dfe<\/h5>\n\t\t\t\t\t\t\t\t\t<\/td>\n\t\t\t\t\t\t\t\t<\/tr>\n\t\t\t\t\t\t\t\t\t\t\t\t\t\t\t\t\t\t\t\t\t\t\t\t\t\t\t\t\t\t\t\t\t\t\t\t\t\t\t\t\t\t\t\t\t\t\t\t\t\t\t\t\t\t\t\t\t\t\t\t\t\t\t\t\t\t\t\t\t\t\t\t\t\t\t\t\t\t\t\t\t\t\t\t\t\t\t\t\t\t\t\t\t\t\t\t<tr>\n\t\t\t\t\t\t\t\t\t<td colspan=\"3\">\n\t\t\t\t\t\t\t\t\t\t<small>\n\t\t\t\t\t\t\t\t\t\t\t<br>\n\t\t\t\t\t\t\t\t\t\t\tDie Ma\u00dfe werden vom Hersteller angegeben und stellen Maximalwerte dar. <\/br><\/br>F\u00fcr genaue Abmessungen<\/br> und verf\u00fcgbare Modelle<\/br> kontaktieren Sie uns bitte direkt.\t\t\t\t\t\t\t\t\t\t<\/small>\n\t\t\t\t\t\t\t\t\t<\/td>\n\t\t\t\t\t\t\t\t<\/tr>\n\t\t\t\t\t\t\t<\/table>\n\t\t\t\t\t\t<\/div>\n\n\t\t\t\t\t\t<div class=\"prezzo text-center\">\n\t\t\t\t\t\t\t<a class=\"btn-espandi-promo btn btn-secondary mt-5\" href=\"#prenota\">\n\t\t\t\t\t\t\t\t<i aria-hidden=\"true\" class=\"fas fa-arrow-circle-up\"><\/i>\n\t\t\t\t\t\t\t\tGo to booking\t\t\t\t\t\t\t<\/a>\n\t\t\t\t\t\t<\/div>\n\n\t\t\t\t\t\t<!-- informazioni veicolo (auto e van) -->\n\t\t\t\t\t\t\t\t\t\t\t\t<div class=\"optional\">\n\t\t\t\t\t\t\t<ul>\n\t\t\t\t\t\t\t\t\t\t\t\t\t\t\t\t\t<li ng-class=\"veicolo.isElettrico('Benzin\/Diesel') ? 'ico-alimentazione-e' : 'ico-alimentazione'\">Benzin\/Diesel<\/li>\n\t\t\t\t\t\t\t\t\t\t\t\t\t\t\t\t\t\t\t\t\t\t\t\t\t<li class=\"ico-porte\">5<\/li>\n\t\t\t\t\t\t\t\t\t\t\t\t\t\t\t\t\t\t\t\t\t\t\t\t\t\t\t\t\t\t\t\t\t<li class=\"ico-trasmissione\">Schaltgetriebe<\/li>\n\t\t\t\t\t\t\t\t\t\t\t\t\t\t\t\t\t\t\t\t\t\t\t\t\t<li class=\"ico-posti\">5<\/li>\n\t\t\t\t\t\t\t\t\t\t\t\t\t\t\t<\/ul>\n\t\t\t\t\t\t<\/div>\n\t\t\t\t\t\t\n\t\t\t\t\t<\/div><!-- \/.veicolo -->\n\n\t\t\t\t<\/div>\n\n\t\t\t<\/div><!-- \/.lista-auto -->\n\n\t\t\n\t\t\t<!-- elenco auto -->\n\t\t\t<div class=\"col-12 mb-4 col-lg-6 col-xl-4 col-xxl-3\">\n\t\t\t\t<div\n\t\t\t\t\tclass=\"veicolo \"\n\t\t\t\t\tdata-ng-controller=\"VeicoloController as veicolo\"\n\t\t\t\t\tdata-ng-mouseenter=\"!veicolo.hasStato('scelta-listino') && veicolo.addStato('hover')\"\n\t\t\t\t\tdata-ng-class=\"[veicolo.getStato()]\"\n\t\t\t\t>\n\n\t\t\t\t\t<div class=\"h-100\">\n\n\t\t\t\t\t\t<!-- nome modello -->\n\t\t\t\t\t\t<div class=\"tipo\" style=\"line-height: 1\">\n\t\t\t\t\t\t\t<h5 class=\"font-weight-bold mb-0\">Bmw Serie 2 <small>(Gruppe <strong>I3<\/strong>)<\/small><\/h5>\n\t\t\t\t\t\t\t<small>oder \u00e4hnlich*<\/small>\n\t\t\t\t\t\t<\/div>\n\n\t\t\t\t\t\t\n\t\t\t\t\t\t<!-- immagine -->\n\t\t\t\t\t\t<img class=\"img\" src=\"https:\/\/bo.noleggiare.it\/immagini\/auto\/6895c0aaa4aaa_BMW-serie2.png\" \/>\n\n\t\t\t\t\t\t<!-- elettrico -->\n\t\t\t\t\t\t<img class=\"img-elettrico\" ng-if=\"veicolo.isElettrico('Benzin\/Diesel')\" ng-src=\"https:\/\/www.noleggiare.it\/wp-content\/themes\/noleggiare\/img\/ico-elettric.svg\" \/>\n\n\t\t\t\t\t\t<!-- pulsantiera -->\n\t\t\t\t\t\t<div class=\"pulsantiera\" data-ng-click=\"$event.stopPropagation()\">\n\t\t\t\t\t\t\t\t\t\t\t\t\t\t<div\n\t\t\t\t\t\t\t\tclass=\"nascondi pulsante\"\n\t\t\t\t\t\t\t\tdata-ng-show=\"veicolo.hasStato('mostra-info-listino') || veicolo.hasStato('mostra-info-misure')\"\n\t\t\t\t\t\t\t\tdata-ng-click=\"veicolo.removeStato('mostra-info-listino'); veicolo.removeStato('mostra-info-misure');\"\n\t\t\t\t\t\t\t\ttabindex=\"0\"\n\t\t\t\t\t\t\t>\n\t\t\t\t\t\t\t\tClose\t\t\t\t\t\t\t<\/div>\n\t\t\t\t\t\t<\/div>\n\n\t\t\t\t\t\t<!-- misure van -->\n\t\t\t\t\t\t\n\t\t\t\t\t\t<!-- misure van (mobile) -->\n\t\t\t\t\t\t<div class=\"cnt-misure\">\n\t\t\t\t\t\t\t<table>\n\t\t\t\t\t\t\t\t<tr>\n\t\t\t\t\t\t\t\t\t<td colspan=\"3\">\n\t\t\t\t\t\t\t\t\t\t<h5>Innenma\u00dfe<\/h5>\n\t\t\t\t\t\t\t\t\t<\/td>\n\t\t\t\t\t\t\t\t<\/tr>\n\t\t\t\t\t\t\t\t\t\t\t\t\t\t\t\t\t\t\t\t\t\t\t\t\t\t\t\t\t\t\t\t\t\t\t\t\t\t\t\t\t\t\t\t\t\t\t\t\t\t\t\t\t\t\t\t\t\t\t\t\t\t\t\t\t\t\t\t\t\t\t\t\t\t\t\t\t\t\t\t\t\t\t\t\t\t\t\t\t\t\t\t\t\t\t\t<tr>\n\t\t\t\t\t\t\t\t\t<td colspan=\"3\">\n\t\t\t\t\t\t\t\t\t\t<small>\n\t\t\t\t\t\t\t\t\t\t\t<br>\n\t\t\t\t\t\t\t\t\t\t\tDie Ma\u00dfe werden vom Hersteller angegeben und stellen Maximalwerte dar. <\/br><\/br>F\u00fcr genaue Abmessungen<\/br> und verf\u00fcgbare Modelle<\/br> kontaktieren Sie uns bitte direkt.\t\t\t\t\t\t\t\t\t\t<\/small>\n\t\t\t\t\t\t\t\t\t<\/td>\n\t\t\t\t\t\t\t\t<\/tr>\n\t\t\t\t\t\t\t<\/table>\n\t\t\t\t\t\t<\/div>\n\n\t\t\t\t\t\t<div class=\"prezzo text-center\">\n\t\t\t\t\t\t\t<a class=\"btn-espandi-promo btn btn-secondary mt-5\" href=\"#prenota\">\n\t\t\t\t\t\t\t\t<i aria-hidden=\"true\" class=\"fas fa-arrow-circle-up\"><\/i>\n\t\t\t\t\t\t\t\tGo to booking\t\t\t\t\t\t\t<\/a>\n\t\t\t\t\t\t<\/div>\n\n\t\t\t\t\t\t<!-- informazioni veicolo (auto e van) -->\n\t\t\t\t\t\t\t\t\t\t\t\t<div class=\"optional\">\n\t\t\t\t\t\t\t<ul>\n\t\t\t\t\t\t\t\t\t\t\t\t\t\t\t\t\t<li ng-class=\"veicolo.isElettrico('Benzin\/Diesel') ? 'ico-alimentazione-e' : 'ico-alimentazione'\">Benzin\/Diesel<\/li>\n\t\t\t\t\t\t\t\t\t\t\t\t\t\t\t\t\t\t\t\t\t\t\t\t\t<li class=\"ico-porte\">5<\/li>\n\t\t\t\t\t\t\t\t\t\t\t\t\t\t\t\t\t\t\t\t\t\t\t\t\t\t\t\t\t\t\t\t\t<li class=\"ico-trasmissione\">Automatikgetriebe<\/li>\n\t\t\t\t\t\t\t\t\t\t\t\t\t\t\t\t\t\t\t\t\t\t\t\t\t<li class=\"ico-posti\">5<\/li>\n\t\t\t\t\t\t\t\t\t\t\t\t\t\t\t<\/ul>\n\t\t\t\t\t\t<\/div>\n\t\t\t\t\t\t\n\t\t\t\t\t<\/div><!-- \/.veicolo -->\n\n\t\t\t\t<\/div>\n\n\t\t\t<\/div><!-- \/.lista-auto -->\n\n\t\t\n\t\t\t<!-- elenco auto -->\n\t\t\t<div class=\"col-12 mb-4 col-lg-6 col-xl-4 col-xxl-3\">\n\t\t\t\t<div\n\t\t\t\t\tclass=\"veicolo \"\n\t\t\t\t\tdata-ng-controller=\"VeicoloController as veicolo\"\n\t\t\t\t\tdata-ng-mouseenter=\"!veicolo.hasStato('scelta-listino') && veicolo.addStato('hover')\"\n\t\t\t\t\tdata-ng-class=\"[veicolo.getStato()]\"\n\t\t\t\t>\n\n\t\t\t\t\t<div class=\"h-100\">\n\n\t\t\t\t\t\t<!-- nome modello -->\n\t\t\t\t\t\t<div class=\"tipo\" style=\"line-height: 1\">\n\t\t\t\t\t\t\t<h5 class=\"font-weight-bold mb-0\">Ford Focus SW <small>(Gruppe <strong>S<\/strong>)<\/small><\/h5>\n\t\t\t\t\t\t\t<small>oder \u00e4hnlich*<\/small>\n\t\t\t\t\t\t<\/div>\n\n\t\t\t\t\t\t\n\t\t\t\t\t\t<!-- immagine -->\n\t\t\t\t\t\t<img class=\"img\" src=\"https:\/\/bo.noleggiare.it\/immagini\/auto\/6895c7456424e_Ford-FocusSW (1).png\" \/>\n\n\t\t\t\t\t\t<!-- elettrico -->\n\t\t\t\t\t\t<img class=\"img-elettrico\" ng-if=\"veicolo.isElettrico('Benzin\/Diesel')\" ng-src=\"https:\/\/www.noleggiare.it\/wp-content\/themes\/noleggiare\/img\/ico-elettric.svg\" \/>\n\n\t\t\t\t\t\t<!-- pulsantiera -->\n\t\t\t\t\t\t<div class=\"pulsantiera\" data-ng-click=\"$event.stopPropagation()\">\n\t\t\t\t\t\t\t\t\t\t\t\t\t\t<div\n\t\t\t\t\t\t\t\tclass=\"nascondi pulsante\"\n\t\t\t\t\t\t\t\tdata-ng-show=\"veicolo.hasStato('mostra-info-listino') || veicolo.hasStato('mostra-info-misure')\"\n\t\t\t\t\t\t\t\tdata-ng-click=\"veicolo.removeStato('mostra-info-listino'); veicolo.removeStato('mostra-info-misure');\"\n\t\t\t\t\t\t\t\ttabindex=\"0\"\n\t\t\t\t\t\t\t>\n\t\t\t\t\t\t\t\tClose\t\t\t\t\t\t\t<\/div>\n\t\t\t\t\t\t<\/div>\n\n\t\t\t\t\t\t<!-- misure van -->\n\t\t\t\t\t\t\n\t\t\t\t\t\t<!-- misure van (mobile) -->\n\t\t\t\t\t\t<div class=\"cnt-misure\">\n\t\t\t\t\t\t\t<table>\n\t\t\t\t\t\t\t\t<tr>\n\t\t\t\t\t\t\t\t\t<td colspan=\"3\">\n\t\t\t\t\t\t\t\t\t\t<h5>Innenma\u00dfe<\/h5>\n\t\t\t\t\t\t\t\t\t<\/td>\n\t\t\t\t\t\t\t\t<\/tr>\n\t\t\t\t\t\t\t\t\t\t\t\t\t\t\t\t\t\t\t\t\t\t\t\t\t\t\t\t\t\t\t\t\t\t\t\t\t\t\t\t\t\t\t\t\t\t\t\t\t\t\t\t\t\t\t\t\t\t\t\t\t\t\t\t\t\t\t\t\t\t\t\t\t\t\t\t\t\t\t\t\t\t\t\t\t\t\t\t\t\t\t\t\t\t\t\t<tr>\n\t\t\t\t\t\t\t\t\t<td colspan=\"3\">\n\t\t\t\t\t\t\t\t\t\t<small>\n\t\t\t\t\t\t\t\t\t\t\t<br>\n\t\t\t\t\t\t\t\t\t\t\tDie Ma\u00dfe werden vom Hersteller angegeben und stellen Maximalwerte dar. <\/br><\/br>F\u00fcr genaue Abmessungen<\/br> und verf\u00fcgbare Modelle<\/br> kontaktieren Sie uns bitte direkt.\t\t\t\t\t\t\t\t\t\t<\/small>\n\t\t\t\t\t\t\t\t\t<\/td>\n\t\t\t\t\t\t\t\t<\/tr>\n\t\t\t\t\t\t\t<\/table>\n\t\t\t\t\t\t<\/div>\n\n\t\t\t\t\t\t<div class=\"prezzo text-center\">\n\t\t\t\t\t\t\t<a class=\"btn-espandi-promo btn btn-secondary mt-5\" href=\"#prenota\">\n\t\t\t\t\t\t\t\t<i aria-hidden=\"true\" class=\"fas fa-arrow-circle-up\"><\/i>\n\t\t\t\t\t\t\t\tGo to booking\t\t\t\t\t\t\t<\/a>\n\t\t\t\t\t\t<\/div>\n\n\t\t\t\t\t\t<!-- informazioni veicolo (auto e van) -->\n\t\t\t\t\t\t\t\t\t\t\t\t<div class=\"optional\">\n\t\t\t\t\t\t\t<ul>\n\t\t\t\t\t\t\t\t\t\t\t\t\t\t\t\t\t<li ng-class=\"veicolo.isElettrico('Benzin\/Diesel') ? 'ico-alimentazione-e' : 'ico-alimentazione'\">Benzin\/Diesel<\/li>\n\t\t\t\t\t\t\t\t\t\t\t\t\t\t\t\t\t\t\t\t\t\t\t\t\t<li class=\"ico-porte\">5<\/li>\n\t\t\t\t\t\t\t\t\t\t\t\t\t\t\t\t\t\t\t\t\t\t\t\t\t\t\t\t\t\t\t\t\t<li class=\"ico-trasmissione\">Schaltgetriebe<\/li>\n\t\t\t\t\t\t\t\t\t\t\t\t\t\t\t\t\t\t\t\t\t\t\t\t\t<li class=\"ico-posti\">5<\/li>\n\t\t\t\t\t\t\t\t\t\t\t\t\t\t\t<\/ul>\n\t\t\t\t\t\t<\/div>\n\t\t\t\t\t\t\n\t\t\t\t\t<\/div><!-- \/.veicolo -->\n\n\t\t\t\t<\/div>\n\n\t\t\t<\/div><!-- \/.lista-auto -->\n\n\t\t\n\t\t\t<!-- elenco auto -->\n\t\t\t<div class=\"col-12 mb-4 col-lg-6 col-xl-4 col-xxl-3\">\n\t\t\t\t<div\n\t\t\t\t\tclass=\"veicolo \"\n\t\t\t\t\tdata-ng-controller=\"VeicoloController as veicolo\"\n\t\t\t\t\tdata-ng-mouseenter=\"!veicolo.hasStato('scelta-listino') && veicolo.addStato('hover')\"\n\t\t\t\t\tdata-ng-class=\"[veicolo.getStato()]\"\n\t\t\t\t>\n\n\t\t\t\t\t<div class=\"h-100\">\n\n\t\t\t\t\t\t<!-- nome modello -->\n\t\t\t\t\t\t<div class=\"tipo\" style=\"line-height: 1\">\n\t\t\t\t\t\t\t<h5 class=\"font-weight-bold mb-0\">Polestar 2 <small>(Gruppe <strong>I+<\/strong>)<\/small><\/h5>\n\t\t\t\t\t\t\t<small>oder \u00e4hnlich*<\/small>\n\t\t\t\t\t\t<\/div>\n\n\t\t\t\t\t\t\n\t\t\t\t\t\t<!-- immagine -->\n\t\t\t\t\t\t<img class=\"img\" src=\"https:\/\/bo.noleggiare.it\/immagini\/auto\/6895ed02a381a_Polestar-2-Gruppo-I+.png\" \/>\n\n\t\t\t\t\t\t<!-- elettrico -->\n\t\t\t\t\t\t<img class=\"img-elettrico\" ng-if=\"veicolo.isElettrico('Elektroauto')\" ng-src=\"https:\/\/www.noleggiare.it\/wp-content\/themes\/noleggiare\/img\/ico-elettric.svg\" \/>\n\n\t\t\t\t\t\t<!-- pulsantiera -->\n\t\t\t\t\t\t<div class=\"pulsantiera\" data-ng-click=\"$event.stopPropagation()\">\n\t\t\t\t\t\t\t\t\t\t\t\t\t\t<div\n\t\t\t\t\t\t\t\tclass=\"nascondi pulsante\"\n\t\t\t\t\t\t\t\tdata-ng-show=\"veicolo.hasStato('mostra-info-listino') || veicolo.hasStato('mostra-info-misure')\"\n\t\t\t\t\t\t\t\tdata-ng-click=\"veicolo.removeStato('mostra-info-listino'); veicolo.removeStato('mostra-info-misure');\"\n\t\t\t\t\t\t\t\ttabindex=\"0\"\n\t\t\t\t\t\t\t>\n\t\t\t\t\t\t\t\tClose\t\t\t\t\t\t\t<\/div>\n\t\t\t\t\t\t<\/div>\n\n\t\t\t\t\t\t<!-- misure van -->\n\t\t\t\t\t\t\n\t\t\t\t\t\t<!-- misure van (mobile) -->\n\t\t\t\t\t\t<div class=\"cnt-misure\">\n\t\t\t\t\t\t\t<table>\n\t\t\t\t\t\t\t\t<tr>\n\t\t\t\t\t\t\t\t\t<td colspan=\"3\">\n\t\t\t\t\t\t\t\t\t\t<h5>Innenma\u00dfe<\/h5>\n\t\t\t\t\t\t\t\t\t<\/td>\n\t\t\t\t\t\t\t\t<\/tr>\n\t\t\t\t\t\t\t\t\t\t\t\t\t\t\t\t<tr>\n\t\t\t\t\t\t\t\t\t<td>\n\t\t\t\t\t\t\t\t\t\tH\u00f6he:\n\t\t\t\t\t\t\t\t\t<\/td>\n\t\t\t\t\t\t\t\t\t<td>\n\t\t\t\t\t\t\t\t\t\t1 cm\n\t\t\t\t\t\t\t\t\t<\/td>\n\t\t\t\t\t\t\t\t\t<td rowspan=\"4\">\n\t\t\t\t\t\t\t\t\t\t<img class=\"mt-1\" src=\"https:\/\/www.noleggiare.it\/wp-content\/themes\/noleggiare\/img\/van-dimensioni-interne.svg\" \/>\n\t\t\t\t\t\t\t\t\t<\/td>\n\t\t\t\t\t\t\t\t<\/tr>\n\t\t\t\t\t\t\t\t\t\t\t\t\t\t\t\t\t\t\t\t\t\t\t\t<tr>\n\t\t\t\t\t\t\t\t\t<td>\n\t\t\t\t\t\t\t\t\t\tBreite:\n\t\t\t\t\t\t\t\t\t<\/td>\n\t\t\t\t\t\t\t\t\t<td>\n\t\t\t\t\t\t\t\t\t\t1 cm\n\t\t\t\t\t\t\t\t\t<\/td>\n\t\t\t\t\t\t\t\t<\/tr>\n\t\t\t\t\t\t\t\t\t\t\t\t\t\t\t\t\t\t\t\t\t\t\t\t<tr>\n\t\t\t\t\t\t\t\t\t<td>\n\t\t\t\t\t\t\t\t\t\tL\u00e4nge:\n\t\t\t\t\t\t\t\t\t<\/td>\n\t\t\t\t\t\t\t\t\t<td>\n\t\t\t\t\t\t\t\t\t\t1 cm\n\t\t\t\t\t\t\t\t\t<\/td>\n\t\t\t\t\t\t\t\t<\/tr>\n\t\t\t\t\t\t\t\t\t\t\t\t\t\t\t\t\t\t\t\t\t\t\t\t<tr>\n\t\t\t\t\t\t\t\t\t<td>\n\t\t\t\t\t\t\t\t\t\tBreite den Radk\u00e4sten:\n\t\t\t\t\t\t\t\t\t<\/td>\n\t\t\t\t\t\t\t\t\t<td>\n\t\t\t\t\t\t\t\t\t\t1 cm\n\t\t\t\t\t\t\t\t\t<\/td>\n\t\t\t\t\t\t\t\t<\/tr>\n\t\t\t\t\t\t\t\t<tr>\n\t\t\t\t\t\t\t\t\t<td colspan=\"3\">\n\t\t\t\t\t\t\t\t\t\t<h5>Au\u00dfenabmessungen<\/h5>\n\t\t\t\t\t\t\t\t\t<\/td>\n\t\t\t\t\t\t\t\t<\/tr>\n\t\t\t\t\t\t\t\t\t\t\t\t\t\t\t\t\t\t\t\t\t\t\t\t<tr>\n\t\t\t\t\t\t\t\t\t<td>\n\t\t\t\t\t\t\t\t\t\tH\u00f6he:\n\t\t\t\t\t\t\t\t\t<\/td>\n\t\t\t\t\t\t\t\t\t<td>\n\t\t\t\t\t\t\t\t\t\t1 cm\n\t\t\t\t\t\t\t\t\t<\/td>\n\t\t\t\t\t\t\t\t\t<td rowspan=\"3\">\n\t\t\t\t\t\t\t\t\t\t<img class=\"mt-1\" src=\"https:\/\/www.noleggiare.it\/wp-content\/themes\/noleggiare\/img\/van-dimensioni-esterne.svg\" \/>\n\t\t\t\t\t\t\t\t\t<\/td>\n\t\t\t\t\t\t\t\t<\/tr>\n\t\t\t\t\t\t\t\t\t\t\t\t\t\t\t\t\t\t\t\t\t\t\t\t<tr>\n\t\t\t\t\t\t\t\t\t<td>\n\t\t\t\t\t\t\t\t\t\tBreite:\n\t\t\t\t\t\t\t\t\t<\/td>\n\t\t\t\t\t\t\t\t\t<td>\n\t\t\t\t\t\t\t\t\t\t1 cm\n\t\t\t\t\t\t\t\t\t<\/td>\n\t\t\t\t\t\t\t\t<\/tr>\n\t\t\t\t\t\t\t\t\t\t\t\t\t\t\t\t\t\t\t\t\t\t\t\t<tr>\n\t\t\t\t\t\t\t\t\t<td>\n\t\t\t\t\t\t\t\t\t\tL\u00e4nge:\n\t\t\t\t\t\t\t\t\t<\/td>\n\t\t\t\t\t\t\t\t\t<td>\n\t\t\t\t\t\t\t\t\t\t1 cm\n\t\t\t\t\t\t\t\t\t<\/td>\n\t\t\t\t\t\t\t\t<\/tr>\n\t\t\t\t\t\t\t\t<tr>\n\t\t\t\t\t\t\t\t\t<td colspan=\"3\">\n\t\t\t\t\t\t\t\t\t\t<h5>Weitere Informationen<\/h5>\n\t\t\t\t\t\t\t\t\t<\/td>\n\t\t\t\t\t\t\t\t<\/tr>\n\t\t\t\t\t\t\t\t\t\t\t\t\t\t\t\t\t\t\t\t\t\t\t\t<tr>\n\t\t\t\t\t\t\t\t\t<td>\n\t\t\t\t\t\t\t\t\t\tTragf\u00e4higkeit:\n\t\t\t\t\t\t\t\t\t<\/td>\n\t\t\t\t\t\t\t\t\t<td>\n\t\t\t\t\t\t\t\t\t\t1 kg\n\t\t\t\t\t\t\t\t\t<\/td>\n\t\t\t\t\t\t\t\t\t<td rowspan=\"4\">\n\t\t\t\t\t\t\t\t\t\t<img class=\"mt-1\" src=\"https:\/\/www.noleggiare.it\/wp-content\/themes\/noleggiare\/img\/van-altre-info.svg\" \/>\n\t\t\t\t\t\t\t\t\t<\/td>\n\t\t\t\t\t\t\t\t<\/tr>\n\t\t\t\t\t\t\t\t\t\t\t\t\t\t\t\t\t\t\t\t\t\t\t\t<tr>\n\t\t\t\t\t\t\t\t\t<td>\n\t\t\t\t\t\t\t\t\t\tRadstand:\n\t\t\t\t\t\t\t\t\t<\/td>\n\t\t\t\t\t\t\t\t\t<td>\n\t\t\t\t\t\t\t\t\t\t1 cm\n\t\t\t\t\t\t\t\t\t<\/td>\n\t\t\t\t\t\t\t\t<\/tr>\n\t\t\t\t\t\t\t\t\t\t\t\t\t\t\t\t\t\t\t\t\t\t\t\t<tr>\n\t\t\t\t\t\t\t\t\t<td>\n\t\t\t\t\t\t\t\t\t\tAusma\u00df:\n\t\t\t\t\t\t\t\t\t<\/td>\n\t\t\t\t\t\t\t\t\t<td>\n\t\t\t\t\t\t\t\t\t\t1.0 m<sup>3<\/sup>\n\t\t\t\t\t\t\t\t\t<\/td>\n\t\t\t\t\t\t\t\t<\/tr>\n\t\t\t\t\t\t\t\t\t\t\t\t\t\t\t\t\t\t\t\t\t\t\t\t<tr>\n\t\t\t\t\t\t\t\t\t<td>\n\t\t\t\t\t\t\t\t\t\tTankinhalt:\n\t\t\t\t\t\t\t\t\t<\/td>\n\t\t\t\t\t\t\t\t\t<td>\n\t\t\t\t\t\t\t\t\t\t1 l\n\t\t\t\t\t\t\t\t\t<\/td>\n\t\t\t\t\t\t\t\t<\/tr>\n\t\t\t\t\t\t\t\t\t\t\t\t\t\t\t\t<tr>\n\t\t\t\t\t\t\t\t\t<td colspan=\"3\">\n\t\t\t\t\t\t\t\t\t\t<small>\n\t\t\t\t\t\t\t\t\t\t\t<br>\n\t\t\t\t\t\t\t\t\t\t\tDie Ma\u00dfe werden vom Hersteller angegeben und stellen Maximalwerte dar. <\/br><\/br>F\u00fcr genaue Abmessungen<\/br> und verf\u00fcgbare Modelle<\/br> kontaktieren Sie uns bitte direkt.\t\t\t\t\t\t\t\t\t\t<\/small>\n\t\t\t\t\t\t\t\t\t<\/td>\n\t\t\t\t\t\t\t\t<\/tr>\n\t\t\t\t\t\t\t<\/table>\n\t\t\t\t\t\t<\/div>\n\n\t\t\t\t\t\t<div class=\"prezzo text-center\">\n\t\t\t\t\t\t\t<a class=\"btn-espandi-promo btn btn-secondary mt-5\" href=\"#prenota\">\n\t\t\t\t\t\t\t\t<i aria-hidden=\"true\" class=\"fas fa-arrow-circle-up\"><\/i>\n\t\t\t\t\t\t\t\tGo to booking\t\t\t\t\t\t\t<\/a>\n\t\t\t\t\t\t<\/div>\n\n\t\t\t\t\t\t<!-- informazioni veicolo (auto e van) -->\n\t\t\t\t\t\t\t\t\t\t\t\t<div class=\"optional\">\n\t\t\t\t\t\t\t<ul>\n\t\t\t\t\t\t\t\t\t\t\t\t\t\t\t\t\t<li ng-class=\"veicolo.isElettrico('Elektroauto') ? 'ico-alimentazione-e' : 'ico-alimentazione'\">Elektroauto<\/li>\n\t\t\t\t\t\t\t\t\t\t\t\t\t\t\t\t\t\t\t\t\t\t\t\t\t<li class=\"ico-porte\">5<\/li>\n\t\t\t\t\t\t\t\t\t\t\t\t\t\t\t\t\t\t\t\t\t\t\t\t\t\t\t\t\t\t\t\t\t<li class=\"ico-trasmissione\">Automatikgetriebe<\/li>\n\t\t\t\t\t\t\t\t\t\t\t\t\t\t\t\t\t\t\t\t\t\t\t\t\t<li class=\"ico-posti\">5<\/li>\n\t\t\t\t\t\t\t\t\t\t\t\t\t\t\t<\/ul>\n\t\t\t\t\t\t<\/div>\n\t\t\t\t\t\t\n\t\t\t\t\t<\/div><!-- \/.veicolo -->\n\n\t\t\t\t<\/div>\n\n\t\t\t<\/div><!-- \/.lista-auto -->\n\n\t\t\n\t\t\t<!-- elenco auto -->\n\t\t\t<div class=\"col-12 mb-4 col-lg-6 col-xl-4 col-xxl-3\">\n\t\t\t\t<div\n\t\t\t\t\tclass=\"veicolo \"\n\t\t\t\t\tdata-ng-controller=\"VeicoloController as veicolo\"\n\t\t\t\t\tdata-ng-mouseenter=\"!veicolo.hasStato('scelta-listino') && veicolo.addStato('hover')\"\n\t\t\t\t\tdata-ng-class=\"[veicolo.getStato()]\"\n\t\t\t\t>\n\n\t\t\t\t\t<div class=\"h-100\">\n\n\t\t\t\t\t\t<!-- nome modello -->\n\t\t\t\t\t\t<div class=\"tipo\" style=\"line-height: 1\">\n\t\t\t\t\t\t\t<h5 class=\"font-weight-bold mb-0\">MG4 <small>(Gruppe <strong>J+<\/strong>)<\/small><\/h5>\n\t\t\t\t\t\t\t<small>oder \u00e4hnlich*<\/small>\n\t\t\t\t\t\t<\/div>\n\n\t\t\t\t\t\t\n\t\t\t\t\t\t<!-- immagine -->\n\t\t\t\t\t\t<img class=\"img\" src=\"https:\/\/bo.noleggiare.it\/immagini\/auto\/6895eed900e90_MG4-Gruppo-J+.png\" \/>\n\n\t\t\t\t\t\t<!-- elettrico -->\n\t\t\t\t\t\t<img class=\"img-elettrico\" ng-if=\"veicolo.isElettrico('Elektroauto')\" ng-src=\"https:\/\/www.noleggiare.it\/wp-content\/themes\/noleggiare\/img\/ico-elettric.svg\" \/>\n\n\t\t\t\t\t\t<!-- pulsantiera -->\n\t\t\t\t\t\t<div class=\"pulsantiera\" data-ng-click=\"$event.stopPropagation()\">\n\t\t\t\t\t\t\t\t\t\t\t\t\t\t<div\n\t\t\t\t\t\t\t\tclass=\"nascondi pulsante\"\n\t\t\t\t\t\t\t\tdata-ng-show=\"veicolo.hasStato('mostra-info-listino') || veicolo.hasStato('mostra-info-misure')\"\n\t\t\t\t\t\t\t\tdata-ng-click=\"veicolo.removeStato('mostra-info-listino'); veicolo.removeStato('mostra-info-misure');\"\n\t\t\t\t\t\t\t\ttabindex=\"0\"\n\t\t\t\t\t\t\t>\n\t\t\t\t\t\t\t\tClose\t\t\t\t\t\t\t<\/div>\n\t\t\t\t\t\t<\/div>\n\n\t\t\t\t\t\t<!-- misure van -->\n\t\t\t\t\t\t\n\t\t\t\t\t\t<!-- misure van (mobile) -->\n\t\t\t\t\t\t<div class=\"cnt-misure\">\n\t\t\t\t\t\t\t<table>\n\t\t\t\t\t\t\t\t<tr>\n\t\t\t\t\t\t\t\t\t<td colspan=\"3\">\n\t\t\t\t\t\t\t\t\t\t<h5>Innenma\u00dfe<\/h5>\n\t\t\t\t\t\t\t\t\t<\/td>\n\t\t\t\t\t\t\t\t<\/tr>\n\t\t\t\t\t\t\t\t\t\t\t\t\t\t\t\t\t\t\t\t\t\t\t\t\t\t\t\t\t\t\t\t\t\t\t\t\t\t\t\t\t\t\t\t\t\t\t\t\t\t\t\t\t\t\t\t\t\t\t\t\t\t\t\t\t\t\t\t\t\t\t\t\t\t\t\t\t\t\t\t\t\t\t\t\t\t\t\t\t\t\t\t\t\t\t\t<tr>\n\t\t\t\t\t\t\t\t\t<td colspan=\"3\">\n\t\t\t\t\t\t\t\t\t\t<small>\n\t\t\t\t\t\t\t\t\t\t\t<br>\n\t\t\t\t\t\t\t\t\t\t\tDie Ma\u00dfe werden vom Hersteller angegeben und stellen Maximalwerte dar. <\/br><\/br>F\u00fcr genaue Abmessungen<\/br> und verf\u00fcgbare Modelle<\/br> kontaktieren Sie uns bitte direkt.\t\t\t\t\t\t\t\t\t\t<\/small>\n\t\t\t\t\t\t\t\t\t<\/td>\n\t\t\t\t\t\t\t\t<\/tr>\n\t\t\t\t\t\t\t<\/table>\n\t\t\t\t\t\t<\/div>\n\n\t\t\t\t\t\t<div class=\"prezzo text-center\">\n\t\t\t\t\t\t\t<a class=\"btn-espandi-promo btn btn-secondary mt-5\" href=\"#prenota\">\n\t\t\t\t\t\t\t\t<i aria-hidden=\"true\" class=\"fas fa-arrow-circle-up\"><\/i>\n\t\t\t\t\t\t\t\tGo to booking\t\t\t\t\t\t\t<\/a>\n\t\t\t\t\t\t<\/div>\n\n\t\t\t\t\t\t<!-- informazioni veicolo (auto e van) -->\n\t\t\t\t\t\t\t\t\t\t\t\t<div class=\"optional\">\n\t\t\t\t\t\t\t<ul>\n\t\t\t\t\t\t\t\t\t\t\t\t\t\t\t\t\t<li ng-class=\"veicolo.isElettrico('Elektroauto') ? 'ico-alimentazione-e' : 'ico-alimentazione'\">Elektroauto<\/li>\n\t\t\t\t\t\t\t\t\t\t\t\t\t\t\t\t\t\t\t\t\t\t\t\t\t<li class=\"ico-porte\">5<\/li>\n\t\t\t\t\t\t\t\t\t\t\t\t\t\t\t\t\t\t\t\t\t\t\t\t\t\t\t\t\t\t\t\t\t<li class=\"ico-trasmissione\">Automatikgetriebe<\/li>\n\t\t\t\t\t\t\t\t\t\t\t\t\t\t\t\t\t\t\t\t\t\t\t\t\t<li class=\"ico-posti\">5<\/li>\n\t\t\t\t\t\t\t\t\t\t\t\t\t\t\t<\/ul>\n\t\t\t\t\t\t<\/div>\n\t\t\t\t\t\t\n\t\t\t\t\t<\/div><!-- \/.veicolo -->\n\n\t\t\t\t<\/div>\n\n\t\t\t<\/div><!-- \/.lista-auto -->\n\n\t\t\n\t\t\t<!-- elenco auto -->\n\t\t\t<div class=\"col-12 mb-4 col-lg-6 col-xl-4 col-xxl-3\">\n\t\t\t\t<div\n\t\t\t\t\tclass=\"veicolo \"\n\t\t\t\t\tdata-ng-controller=\"VeicoloController as veicolo\"\n\t\t\t\t\tdata-ng-mouseenter=\"!veicolo.hasStato('scelta-listino') && veicolo.addStato('hover')\"\n\t\t\t\t\tdata-ng-class=\"[veicolo.getStato()]\"\n\t\t\t\t>\n\n\t\t\t\t\t<div class=\"h-100\">\n\n\t\t\t\t\t\t<!-- nome modello -->\n\t\t\t\t\t\t<div class=\"tipo\" style=\"line-height: 1\">\n\t\t\t\t\t\t\t<h5 class=\"font-weight-bold mb-0\">Hyundai Tucson <small>(Gruppe <strong>S1<\/strong>)<\/small><\/h5>\n\t\t\t\t\t\t\t<small>oder \u00e4hnlich*<\/small>\n\t\t\t\t\t\t<\/div>\n\n\t\t\t\t\t\t\n\t\t\t\t\t\t<!-- immagine -->\n\t\t\t\t\t\t<img class=\"img\" src=\"https:\/\/bo.noleggiare.it\/immagini\/auto\/6895c7ee23955_Hyunday-Tucson.png\" \/>\n\n\t\t\t\t\t\t<!-- elettrico -->\n\t\t\t\t\t\t<img class=\"img-elettrico\" ng-if=\"veicolo.isElettrico('Benzin\/Diesel')\" ng-src=\"https:\/\/www.noleggiare.it\/wp-content\/themes\/noleggiare\/img\/ico-elettric.svg\" \/>\n\n\t\t\t\t\t\t<!-- pulsantiera -->\n\t\t\t\t\t\t<div class=\"pulsantiera\" data-ng-click=\"$event.stopPropagation()\">\n\t\t\t\t\t\t\t\t\t\t\t\t\t\t<div\n\t\t\t\t\t\t\t\tclass=\"nascondi pulsante\"\n\t\t\t\t\t\t\t\tdata-ng-show=\"veicolo.hasStato('mostra-info-listino') || veicolo.hasStato('mostra-info-misure')\"\n\t\t\t\t\t\t\t\tdata-ng-click=\"veicolo.removeStato('mostra-info-listino'); veicolo.removeStato('mostra-info-misure');\"\n\t\t\t\t\t\t\t\ttabindex=\"0\"\n\t\t\t\t\t\t\t>\n\t\t\t\t\t\t\t\tClose\t\t\t\t\t\t\t<\/div>\n\t\t\t\t\t\t<\/div>\n\n\t\t\t\t\t\t<!-- misure van -->\n\t\t\t\t\t\t\n\t\t\t\t\t\t<!-- misure van (mobile) -->\n\t\t\t\t\t\t<div class=\"cnt-misure\">\n\t\t\t\t\t\t\t<table>\n\t\t\t\t\t\t\t\t<tr>\n\t\t\t\t\t\t\t\t\t<td colspan=\"3\">\n\t\t\t\t\t\t\t\t\t\t<h5>Innenma\u00dfe<\/h5>\n\t\t\t\t\t\t\t\t\t<\/td>\n\t\t\t\t\t\t\t\t<\/tr>\n\t\t\t\t\t\t\t\t\t\t\t\t\t\t\t\t\t\t\t\t\t\t\t\t\t\t\t\t\t\t\t\t\t\t\t\t\t\t\t\t\t\t\t\t\t\t\t\t\t\t\t\t\t\t\t\t\t\t\t\t\t\t\t\t\t\t\t\t\t\t\t\t\t\t\t\t\t\t\t\t\t\t\t\t\t\t\t\t\t\t\t\t\t\t\t\t<tr>\n\t\t\t\t\t\t\t\t\t<td colspan=\"3\">\n\t\t\t\t\t\t\t\t\t\t<small>\n\t\t\t\t\t\t\t\t\t\t\t<br>\n\t\t\t\t\t\t\t\t\t\t\tDie Ma\u00dfe werden vom Hersteller angegeben und stellen Maximalwerte dar. <\/br><\/br>F\u00fcr genaue Abmessungen<\/br> und verf\u00fcgbare Modelle<\/br> kontaktieren Sie uns bitte direkt.\t\t\t\t\t\t\t\t\t\t<\/small>\n\t\t\t\t\t\t\t\t\t<\/td>\n\t\t\t\t\t\t\t\t<\/tr>\n\t\t\t\t\t\t\t<\/table>\n\t\t\t\t\t\t<\/div>\n\n\t\t\t\t\t\t<div class=\"prezzo text-center\">\n\t\t\t\t\t\t\t<a class=\"btn-espandi-promo btn btn-secondary mt-5\" href=\"#prenota\">\n\t\t\t\t\t\t\t\t<i aria-hidden=\"true\" class=\"fas fa-arrow-circle-up\"><\/i>\n\t\t\t\t\t\t\t\tGo to booking\t\t\t\t\t\t\t<\/a>\n\t\t\t\t\t\t<\/div>\n\n\t\t\t\t\t\t<!-- informazioni veicolo (auto e van) -->\n\t\t\t\t\t\t\t\t\t\t\t\t<div class=\"optional\">\n\t\t\t\t\t\t\t<ul>\n\t\t\t\t\t\t\t\t\t\t\t\t\t\t\t\t\t<li ng-class=\"veicolo.isElettrico('Benzin\/Diesel') ? 'ico-alimentazione-e' : 'ico-alimentazione'\">Benzin\/Diesel<\/li>\n\t\t\t\t\t\t\t\t\t\t\t\t\t\t\t\t\t\t\t\t\t\t\t\t\t<li class=\"ico-porte\">5<\/li>\n\t\t\t\t\t\t\t\t\t\t\t\t\t\t\t\t\t\t\t\t\t\t\t\t\t\t\t\t\t\t\t\t\t<li class=\"ico-trasmissione\">Schaltgetriebe<\/li>\n\t\t\t\t\t\t\t\t\t\t\t\t\t\t\t\t\t\t\t\t\t\t\t\t\t<li class=\"ico-posti\">5<\/li>\n\t\t\t\t\t\t\t\t\t\t\t\t\t\t\t<\/ul>\n\t\t\t\t\t\t<\/div>\n\t\t\t\t\t\t\n\t\t\t\t\t<\/div><!-- \/.veicolo -->\n\n\t\t\t\t<\/div>\n\n\t\t\t<\/div><!-- \/.lista-auto -->\n\n\t\t\n\t\t\t<!-- elenco auto -->\n\t\t\t<div class=\"col-12 mb-4 col-lg-6 col-xl-4 col-xxl-3\">\n\t\t\t\t<div\n\t\t\t\t\tclass=\"veicolo \"\n\t\t\t\t\tdata-ng-controller=\"VeicoloController as veicolo\"\n\t\t\t\t\tdata-ng-mouseenter=\"!veicolo.hasStato('scelta-listino') && veicolo.addStato('hover')\"\n\t\t\t\t\tdata-ng-class=\"[veicolo.getStato()]\"\n\t\t\t\t>\n\n\t\t\t\t\t<div class=\"h-100\">\n\n\t\t\t\t\t\t<!-- nome modello -->\n\t\t\t\t\t\t<div class=\"tipo\" style=\"line-height: 1\">\n\t\t\t\t\t\t\t<h5 class=\"font-weight-bold mb-0\">Peugeot 308 SW <small>(Gruppe <strong>S2<\/strong>)<\/small><\/h5>\n\t\t\t\t\t\t\t<small>oder \u00e4hnlich*<\/small>\n\t\t\t\t\t\t<\/div>\n\n\t\t\t\t\t\t\n\t\t\t\t\t\t<!-- immagine -->\n\t\t\t\t\t\t<img class=\"img\" src=\"https:\/\/bo.noleggiare.it\/immagini\/auto\/6895c5522156d_Pugeot-308-SW.png\" \/>\n\n\t\t\t\t\t\t<!-- elettrico -->\n\t\t\t\t\t\t<img class=\"img-elettrico\" ng-if=\"veicolo.isElettrico('Benzin\/Diesel')\" ng-src=\"https:\/\/www.noleggiare.it\/wp-content\/themes\/noleggiare\/img\/ico-elettric.svg\" \/>\n\n\t\t\t\t\t\t<!-- pulsantiera -->\n\t\t\t\t\t\t<div class=\"pulsantiera\" data-ng-click=\"$event.stopPropagation()\">\n\t\t\t\t\t\t\t\t\t\t\t\t\t\t<div\n\t\t\t\t\t\t\t\tclass=\"nascondi pulsante\"\n\t\t\t\t\t\t\t\tdata-ng-show=\"veicolo.hasStato('mostra-info-listino') || veicolo.hasStato('mostra-info-misure')\"\n\t\t\t\t\t\t\t\tdata-ng-click=\"veicolo.removeStato('mostra-info-listino'); veicolo.removeStato('mostra-info-misure');\"\n\t\t\t\t\t\t\t\ttabindex=\"0\"\n\t\t\t\t\t\t\t>\n\t\t\t\t\t\t\t\tClose\t\t\t\t\t\t\t<\/div>\n\t\t\t\t\t\t<\/div>\n\n\t\t\t\t\t\t<!-- misure van -->\n\t\t\t\t\t\t\n\t\t\t\t\t\t<!-- misure van (mobile) -->\n\t\t\t\t\t\t<div class=\"cnt-misure\">\n\t\t\t\t\t\t\t<table>\n\t\t\t\t\t\t\t\t<tr>\n\t\t\t\t\t\t\t\t\t<td colspan=\"3\">\n\t\t\t\t\t\t\t\t\t\t<h5>Innenma\u00dfe<\/h5>\n\t\t\t\t\t\t\t\t\t<\/td>\n\t\t\t\t\t\t\t\t<\/tr>\n\t\t\t\t\t\t\t\t\t\t\t\t\t\t\t\t\t\t\t\t\t\t\t\t\t\t\t\t\t\t\t\t\t\t\t\t\t\t\t\t\t\t\t\t\t\t\t\t\t\t\t\t\t\t\t\t\t\t\t\t\t\t\t\t\t\t\t\t\t\t\t\t\t\t\t\t\t\t\t\t\t\t\t\t\t\t\t\t\t\t\t\t\t\t\t\t<tr>\n\t\t\t\t\t\t\t\t\t<td colspan=\"3\">\n\t\t\t\t\t\t\t\t\t\t<small>\n\t\t\t\t\t\t\t\t\t\t\t<br>\n\t\t\t\t\t\t\t\t\t\t\tDie Ma\u00dfe werden vom Hersteller angegeben und stellen Maximalwerte dar. <\/br><\/br>F\u00fcr genaue Abmessungen<\/br> und verf\u00fcgbare Modelle<\/br> kontaktieren Sie uns bitte direkt.\t\t\t\t\t\t\t\t\t\t<\/small>\n\t\t\t\t\t\t\t\t\t<\/td>\n\t\t\t\t\t\t\t\t<\/tr>\n\t\t\t\t\t\t\t<\/table>\n\t\t\t\t\t\t<\/div>\n\n\t\t\t\t\t\t<div class=\"prezzo text-center\">\n\t\t\t\t\t\t\t<a class=\"btn-espandi-promo btn btn-secondary mt-5\" href=\"#prenota\">\n\t\t\t\t\t\t\t\t<i aria-hidden=\"true\" class=\"fas fa-arrow-circle-up\"><\/i>\n\t\t\t\t\t\t\t\tGo to booking\t\t\t\t\t\t\t<\/a>\n\t\t\t\t\t\t<\/div>\n\n\t\t\t\t\t\t<!-- informazioni veicolo (auto e van) -->\n\t\t\t\t\t\t\t\t\t\t\t\t<div class=\"optional\">\n\t\t\t\t\t\t\t<ul>\n\t\t\t\t\t\t\t\t\t\t\t\t\t\t\t\t\t<li ng-class=\"veicolo.isElettrico('Benzin\/Diesel') ? 'ico-alimentazione-e' : 'ico-alimentazione'\">Benzin\/Diesel<\/li>\n\t\t\t\t\t\t\t\t\t\t\t\t\t\t\t\t\t\t\t\t\t\t\t\t\t<li class=\"ico-porte\">5<\/li>\n\t\t\t\t\t\t\t\t\t\t\t\t\t\t\t\t\t\t\t\t\t\t\t\t\t\t\t\t\t\t\t\t\t<li class=\"ico-trasmissione\">Automatikgetriebe<\/li>\n\t\t\t\t\t\t\t\t\t\t\t\t\t\t\t\t\t\t\t\t\t\t\t\t\t<li class=\"ico-posti\">5<\/li>\n\t\t\t\t\t\t\t\t\t\t\t\t\t\t\t<\/ul>\n\t\t\t\t\t\t<\/div>\n\t\t\t\t\t\t\n\t\t\t\t\t<\/div><!-- \/.veicolo -->\n\n\t\t\t\t<\/div>\n\n\t\t\t<\/div><!-- \/.lista-auto -->\n\n\t\t\n\t\t\t<!-- elenco auto -->\n\t\t\t<div class=\"col-12 mb-4 col-lg-6 col-xl-4 col-xxl-3\">\n\t\t\t\t<div\n\t\t\t\t\tclass=\"veicolo \"\n\t\t\t\t\tdata-ng-controller=\"VeicoloController as veicolo\"\n\t\t\t\t\tdata-ng-mouseenter=\"!veicolo.hasStato('scelta-listino') && veicolo.addStato('hover')\"\n\t\t\t\t\tdata-ng-class=\"[veicolo.getStato()]\"\n\t\t\t\t>\n\n\t\t\t\t\t<div class=\"h-100\">\n\n\t\t\t\t\t\t<!-- nome modello -->\n\t\t\t\t\t\t<div class=\"tipo\" style=\"line-height: 1\">\n\t\t\t\t\t\t\t<h5 class=\"font-weight-bold mb-0\">Toyota corolla SW <small>(Gruppe <strong>S3<\/strong>)<\/small><\/h5>\n\t\t\t\t\t\t\t<small>oder \u00e4hnlich*<\/small>\n\t\t\t\t\t\t<\/div>\n\n\t\t\t\t\t\t\n\t\t\t\t\t\t<!-- immagine -->\n\t\t\t\t\t\t<img class=\"img\" src=\"https:\/\/bo.noleggiare.it\/immagini\/auto\/6895c4258a17c_Toyota-corolla-SW.png\" \/>\n\n\t\t\t\t\t\t<!-- elettrico -->\n\t\t\t\t\t\t<img class=\"img-elettrico\" ng-if=\"veicolo.isElettrico('Hybrid-Auto')\" ng-src=\"https:\/\/www.noleggiare.it\/wp-content\/themes\/noleggiare\/img\/ico-elettric.svg\" \/>\n\n\t\t\t\t\t\t<!-- pulsantiera -->\n\t\t\t\t\t\t<div class=\"pulsantiera\" data-ng-click=\"$event.stopPropagation()\">\n\t\t\t\t\t\t\t\t\t\t\t\t\t\t<div\n\t\t\t\t\t\t\t\tclass=\"nascondi pulsante\"\n\t\t\t\t\t\t\t\tdata-ng-show=\"veicolo.hasStato('mostra-info-listino') || veicolo.hasStato('mostra-info-misure')\"\n\t\t\t\t\t\t\t\tdata-ng-click=\"veicolo.removeStato('mostra-info-listino'); veicolo.removeStato('mostra-info-misure');\"\n\t\t\t\t\t\t\t\ttabindex=\"0\"\n\t\t\t\t\t\t\t>\n\t\t\t\t\t\t\t\tClose\t\t\t\t\t\t\t<\/div>\n\t\t\t\t\t\t<\/div>\n\n\t\t\t\t\t\t<!-- misure van -->\n\t\t\t\t\t\t\n\t\t\t\t\t\t<!-- misure van (mobile) -->\n\t\t\t\t\t\t<div class=\"cnt-misure\">\n\t\t\t\t\t\t\t<table>\n\t\t\t\t\t\t\t\t<tr>\n\t\t\t\t\t\t\t\t\t<td colspan=\"3\">\n\t\t\t\t\t\t\t\t\t\t<h5>Innenma\u00dfe<\/h5>\n\t\t\t\t\t\t\t\t\t<\/td>\n\t\t\t\t\t\t\t\t<\/tr>\n\t\t\t\t\t\t\t\t\t\t\t\t\t\t\t\t\t\t\t\t\t\t\t\t\t\t\t\t\t\t\t\t\t\t\t\t\t\t\t\t\t\t\t\t\t\t\t\t\t\t\t\t\t\t\t\t\t\t\t\t\t\t\t\t\t\t\t\t\t\t\t\t\t\t\t\t\t\t\t\t\t\t\t\t\t\t\t\t\t\t\t\t\t\t\t\t<tr>\n\t\t\t\t\t\t\t\t\t<td colspan=\"3\">\n\t\t\t\t\t\t\t\t\t\t<small>\n\t\t\t\t\t\t\t\t\t\t\t<br>\n\t\t\t\t\t\t\t\t\t\t\tDie Ma\u00dfe werden vom Hersteller angegeben und stellen Maximalwerte dar. <\/br><\/br>F\u00fcr genaue Abmessungen<\/br> und verf\u00fcgbare Modelle<\/br> kontaktieren Sie uns bitte direkt.\t\t\t\t\t\t\t\t\t\t<\/small>\n\t\t\t\t\t\t\t\t\t<\/td>\n\t\t\t\t\t\t\t\t<\/tr>\n\t\t\t\t\t\t\t<\/table>\n\t\t\t\t\t\t<\/div>\n\n\t\t\t\t\t\t<div class=\"prezzo text-center\">\n\t\t\t\t\t\t\t<a class=\"btn-espandi-promo btn btn-secondary mt-5\" href=\"#prenota\">\n\t\t\t\t\t\t\t\t<i aria-hidden=\"true\" class=\"fas fa-arrow-circle-up\"><\/i>\n\t\t\t\t\t\t\t\tGo to booking\t\t\t\t\t\t\t<\/a>\n\t\t\t\t\t\t<\/div>\n\n\t\t\t\t\t\t<!-- informazioni veicolo (auto e van) -->\n\t\t\t\t\t\t\t\t\t\t\t\t<div class=\"optional\">\n\t\t\t\t\t\t\t<ul>\n\t\t\t\t\t\t\t\t\t\t\t\t\t\t\t\t\t<li ng-class=\"veicolo.isElettrico('Hybrid-Auto') ? 'ico-alimentazione-e' : 'ico-alimentazione'\">Hybrid-Auto<\/li>\n\t\t\t\t\t\t\t\t\t\t\t\t\t\t\t\t\t\t\t\t\t\t\t\t\t<li class=\"ico-porte\">5<\/li>\n\t\t\t\t\t\t\t\t\t\t\t\t\t\t\t\t\t\t\t\t\t\t\t\t\t\t\t\t\t\t\t\t\t<li class=\"ico-trasmissione\">Automatikgetriebe<\/li>\n\t\t\t\t\t\t\t\t\t\t\t\t\t\t\t\t\t\t\t\t\t\t\t\t\t<li class=\"ico-posti\">5<\/li>\n\t\t\t\t\t\t\t\t\t\t\t\t\t\t\t<\/ul>\n\t\t\t\t\t\t<\/div>\n\t\t\t\t\t\t\n\t\t\t\t\t<\/div><!-- \/.veicolo -->\n\n\t\t\t\t<\/div>\n\n\t\t\t<\/div><!-- \/.lista-auto -->\n\n\t\t\n\t\t\t<!-- elenco auto -->\n\t\t\t<div class=\"col-12 mb-4 col-lg-6 col-xl-4 col-xxl-3\">\n\t\t\t\t<div\n\t\t\t\t\tclass=\"veicolo \"\n\t\t\t\t\tdata-ng-controller=\"VeicoloController as veicolo\"\n\t\t\t\t\tdata-ng-mouseenter=\"!veicolo.hasStato('scelta-listino') && veicolo.addStato('hover')\"\n\t\t\t\t\tdata-ng-class=\"[veicolo.getStato()]\"\n\t\t\t\t>\n\n\t\t\t\t\t<div class=\"h-100\">\n\n\t\t\t\t\t\t<!-- nome modello -->\n\t\t\t\t\t\t<div class=\"tipo\" style=\"line-height: 1\">\n\t\t\t\t\t\t\t<h5 class=\"font-weight-bold mb-0\">MG ZS <small>(Gruppe <strong>J<\/strong>)<\/small><\/h5>\n\t\t\t\t\t\t\t<small>oder \u00e4hnlich*<\/small>\n\t\t\t\t\t\t<\/div>\n\n\t\t\t\t\t\t\n\t\t\t\t\t\t<!-- immagine -->\n\t\t\t\t\t\t<img class=\"img\" src=\"https:\/\/bo.noleggiare.it\/immagini\/auto\/6895c4efeb267_MG-ZS.png\" \/>\n\n\t\t\t\t\t\t<!-- elettrico -->\n\t\t\t\t\t\t<img class=\"img-elettrico\" ng-if=\"veicolo.isElettrico('Benzin\/Diesel')\" ng-src=\"https:\/\/www.noleggiare.it\/wp-content\/themes\/noleggiare\/img\/ico-elettric.svg\" \/>\n\n\t\t\t\t\t\t<!-- pulsantiera -->\n\t\t\t\t\t\t<div class=\"pulsantiera\" data-ng-click=\"$event.stopPropagation()\">\n\t\t\t\t\t\t\t\t\t\t\t\t\t\t<div\n\t\t\t\t\t\t\t\tclass=\"nascondi pulsante\"\n\t\t\t\t\t\t\t\tdata-ng-show=\"veicolo.hasStato('mostra-info-listino') || veicolo.hasStato('mostra-info-misure')\"\n\t\t\t\t\t\t\t\tdata-ng-click=\"veicolo.removeStato('mostra-info-listino'); veicolo.removeStato('mostra-info-misure');\"\n\t\t\t\t\t\t\t\ttabindex=\"0\"\n\t\t\t\t\t\t\t>\n\t\t\t\t\t\t\t\tClose\t\t\t\t\t\t\t<\/div>\n\t\t\t\t\t\t<\/div>\n\n\t\t\t\t\t\t<!-- misure van -->\n\t\t\t\t\t\t\n\t\t\t\t\t\t<!-- misure van (mobile) -->\n\t\t\t\t\t\t<div class=\"cnt-misure\">\n\t\t\t\t\t\t\t<table>\n\t\t\t\t\t\t\t\t<tr>\n\t\t\t\t\t\t\t\t\t<td colspan=\"3\">\n\t\t\t\t\t\t\t\t\t\t<h5>Innenma\u00dfe<\/h5>\n\t\t\t\t\t\t\t\t\t<\/td>\n\t\t\t\t\t\t\t\t<\/tr>\n\t\t\t\t\t\t\t\t\t\t\t\t\t\t\t\t\t\t\t\t\t\t\t\t\t\t\t\t\t\t\t\t\t\t\t\t\t\t\t\t\t\t\t\t\t\t\t\t\t\t\t\t\t\t\t\t\t\t\t\t\t\t\t\t\t\t\t\t\t\t\t\t\t\t\t\t\t\t\t\t\t\t\t\t\t\t\t\t\t\t\t\t\t\t\t\t<tr>\n\t\t\t\t\t\t\t\t\t<td colspan=\"3\">\n\t\t\t\t\t\t\t\t\t\t<small>\n\t\t\t\t\t\t\t\t\t\t\t<br>\n\t\t\t\t\t\t\t\t\t\t\tDie Ma\u00dfe werden vom Hersteller angegeben und stellen Maximalwerte dar. <\/br><\/br>F\u00fcr genaue Abmessungen<\/br> und verf\u00fcgbare Modelle<\/br> kontaktieren Sie uns bitte direkt.\t\t\t\t\t\t\t\t\t\t<\/small>\n\t\t\t\t\t\t\t\t\t<\/td>\n\t\t\t\t\t\t\t\t<\/tr>\n\t\t\t\t\t\t\t<\/table>\n\t\t\t\t\t\t<\/div>\n\n\t\t\t\t\t\t<div class=\"prezzo text-center\">\n\t\t\t\t\t\t\t<a class=\"btn-espandi-promo btn btn-secondary mt-5\" href=\"#prenota\">\n\t\t\t\t\t\t\t\t<i aria-hidden=\"true\" class=\"fas fa-arrow-circle-up\"><\/i>\n\t\t\t\t\t\t\t\tGo to booking\t\t\t\t\t\t\t<\/a>\n\t\t\t\t\t\t<\/div>\n\n\t\t\t\t\t\t<!-- informazioni veicolo (auto e van) -->\n\t\t\t\t\t\t\t\t\t\t\t\t<div class=\"optional\">\n\t\t\t\t\t\t\t<ul>\n\t\t\t\t\t\t\t\t\t\t\t\t\t\t\t\t\t<li ng-class=\"veicolo.isElettrico('Benzin\/Diesel') ? 'ico-alimentazione-e' : 'ico-alimentazione'\">Benzin\/Diesel<\/li>\n\t\t\t\t\t\t\t\t\t\t\t\t\t\t\t\t\t\t\t\t\t\t\t\t\t<li class=\"ico-porte\">5<\/li>\n\t\t\t\t\t\t\t\t\t\t\t\t\t\t\t\t\t\t\t\t\t\t\t\t\t\t\t\t\t\t\t\t\t<li class=\"ico-trasmissione\">Schaltgetriebe<\/li>\n\t\t\t\t\t\t\t\t\t\t\t\t\t\t\t\t\t\t\t\t\t\t\t\t\t<li class=\"ico-posti\">5<\/li>\n\t\t\t\t\t\t\t\t\t\t\t\t\t\t\t<\/ul>\n\t\t\t\t\t\t<\/div>\n\t\t\t\t\t\t\n\t\t\t\t\t<\/div><!-- \/.veicolo -->\n\n\t\t\t\t<\/div>\n\n\t\t\t<\/div><!-- \/.lista-auto -->\n\n\t\t\n\t\t\t<!-- elenco auto -->\n\t\t\t<div class=\"col-12 mb-4 col-lg-6 col-xl-4 col-xxl-3\">\n\t\t\t\t<div\n\t\t\t\t\tclass=\"veicolo \"\n\t\t\t\t\tdata-ng-controller=\"VeicoloController as veicolo\"\n\t\t\t\t\tdata-ng-mouseenter=\"!veicolo.hasStato('scelta-listino') && veicolo.addStato('hover')\"\n\t\t\t\t\tdata-ng-class=\"[veicolo.getStato()]\"\n\t\t\t\t>\n\n\t\t\t\t\t<div class=\"h-100\">\n\n\t\t\t\t\t\t<!-- nome modello -->\n\t\t\t\t\t\t<div class=\"tipo\" style=\"line-height: 1\">\n\t\t\t\t\t\t\t<h5 class=\"font-weight-bold mb-0\">Ford Puma <small>(Gruppe <strong>J1<\/strong>)<\/small><\/h5>\n\t\t\t\t\t\t\t<small>oder \u00e4hnlich*<\/small>\n\t\t\t\t\t\t<\/div>\n\n\t\t\t\t\t\t\n\t\t\t\t\t\t<!-- immagine -->\n\t\t\t\t\t\t<img class=\"img\" src=\"https:\/\/bo.noleggiare.it\/immagini\/auto\/6895c78b92356_Ford-Puma.png\" \/>\n\n\t\t\t\t\t\t<!-- elettrico -->\n\t\t\t\t\t\t<img class=\"img-elettrico\" ng-if=\"veicolo.isElettrico('Benzin\/Diesel')\" ng-src=\"https:\/\/www.noleggiare.it\/wp-content\/themes\/noleggiare\/img\/ico-elettric.svg\" \/>\n\n\t\t\t\t\t\t<!-- pulsantiera -->\n\t\t\t\t\t\t<div class=\"pulsantiera\" data-ng-click=\"$event.stopPropagation()\">\n\t\t\t\t\t\t\t\t\t\t\t\t\t\t<div\n\t\t\t\t\t\t\t\tclass=\"nascondi pulsante\"\n\t\t\t\t\t\t\t\tdata-ng-show=\"veicolo.hasStato('mostra-info-listino') || veicolo.hasStato('mostra-info-misure')\"\n\t\t\t\t\t\t\t\tdata-ng-click=\"veicolo.removeStato('mostra-info-listino'); veicolo.removeStato('mostra-info-misure');\"\n\t\t\t\t\t\t\t\ttabindex=\"0\"\n\t\t\t\t\t\t\t>\n\t\t\t\t\t\t\t\tClose\t\t\t\t\t\t\t<\/div>\n\t\t\t\t\t\t<\/div>\n\n\t\t\t\t\t\t<!-- misure van -->\n\t\t\t\t\t\t\n\t\t\t\t\t\t<!-- misure van (mobile) -->\n\t\t\t\t\t\t<div class=\"cnt-misure\">\n\t\t\t\t\t\t\t<table>\n\t\t\t\t\t\t\t\t<tr>\n\t\t\t\t\t\t\t\t\t<td colspan=\"3\">\n\t\t\t\t\t\t\t\t\t\t<h5>Innenma\u00dfe<\/h5>\n\t\t\t\t\t\t\t\t\t<\/td>\n\t\t\t\t\t\t\t\t<\/tr>\n\t\t\t\t\t\t\t\t\t\t\t\t\t\t\t\t\t\t\t\t\t\t\t\t\t\t\t\t\t\t\t\t\t\t\t\t\t\t\t\t\t\t\t\t\t\t\t\t\t\t\t\t\t\t\t\t\t\t\t\t\t\t\t\t\t\t\t\t\t\t\t\t\t\t\t\t\t\t\t\t\t\t\t\t\t\t\t\t\t\t\t\t\t\t\t\t<tr>\n\t\t\t\t\t\t\t\t\t<td colspan=\"3\">\n\t\t\t\t\t\t\t\t\t\t<small>\n\t\t\t\t\t\t\t\t\t\t\t<br>\n\t\t\t\t\t\t\t\t\t\t\tDie Ma\u00dfe werden vom Hersteller angegeben und stellen Maximalwerte dar. <\/br><\/br>F\u00fcr genaue Abmessungen<\/br> und verf\u00fcgbare Modelle<\/br> kontaktieren Sie uns bitte direkt.\t\t\t\t\t\t\t\t\t\t<\/small>\n\t\t\t\t\t\t\t\t\t<\/td>\n\t\t\t\t\t\t\t\t<\/tr>\n\t\t\t\t\t\t\t<\/table>\n\t\t\t\t\t\t<\/div>\n\n\t\t\t\t\t\t<div class=\"prezzo text-center\">\n\t\t\t\t\t\t\t<a class=\"btn-espandi-promo btn btn-secondary mt-5\" href=\"#prenota\">\n\t\t\t\t\t\t\t\t<i aria-hidden=\"true\" class=\"fas fa-arrow-circle-up\"><\/i>\n\t\t\t\t\t\t\t\tGo to booking\t\t\t\t\t\t\t<\/a>\n\t\t\t\t\t\t<\/div>\n\n\t\t\t\t\t\t<!-- informazioni veicolo (auto e van) -->\n\t\t\t\t\t\t\t\t\t\t\t\t<div class=\"optional\">\n\t\t\t\t\t\t\t<ul>\n\t\t\t\t\t\t\t\t\t\t\t\t\t\t\t\t\t<li ng-class=\"veicolo.isElettrico('Benzin\/Diesel') ? 'ico-alimentazione-e' : 'ico-alimentazione'\">Benzin\/Diesel<\/li>\n\t\t\t\t\t\t\t\t\t\t\t\t\t\t\t\t\t\t\t\t\t\t\t\t\t<li class=\"ico-porte\">5<\/li>\n\t\t\t\t\t\t\t\t\t\t\t\t\t\t\t\t\t\t\t\t\t\t\t\t\t\t\t\t\t\t\t\t\t<li class=\"ico-trasmissione\">Automatikgetriebe<\/li>\n\t\t\t\t\t\t\t\t\t\t\t\t\t\t\t\t\t\t\t\t\t\t\t\t\t<li class=\"ico-posti\">5<\/li>\n\t\t\t\t\t\t\t\t\t\t\t\t\t\t\t<\/ul>\n\t\t\t\t\t\t<\/div>\n\t\t\t\t\t\t\n\t\t\t\t\t<\/div><!-- \/.veicolo -->\n\n\t\t\t\t<\/div>\n\n\t\t\t<\/div><!-- \/.lista-auto -->\n\n\t\t\n\t\t\t<!-- elenco auto -->\n\t\t\t<div class=\"col-12 mb-4 col-lg-6 col-xl-4 col-xxl-3\">\n\t\t\t\t<div\n\t\t\t\t\tclass=\"veicolo \"\n\t\t\t\t\tdata-ng-controller=\"VeicoloController as veicolo\"\n\t\t\t\t\tdata-ng-mouseenter=\"!veicolo.hasStato('scelta-listino') && veicolo.addStato('hover')\"\n\t\t\t\t\tdata-ng-class=\"[veicolo.getStato()]\"\n\t\t\t\t>\n\n\t\t\t\t\t<div class=\"h-100\">\n\n\t\t\t\t\t\t<!-- nome modello -->\n\t\t\t\t\t\t<div class=\"tipo\" style=\"line-height: 1\">\n\t\t\t\t\t\t\t<h5 class=\"font-weight-bold mb-0\">Skoda Karoq <small>(Gruppe <strong>J2<\/strong>)<\/small><\/h5>\n\t\t\t\t\t\t\t<small>oder \u00e4hnlich*<\/small>\n\t\t\t\t\t\t<\/div>\n\n\t\t\t\t\t\t\n\t\t\t\t\t\t<!-- immagine -->\n\t\t\t\t\t\t<img class=\"img\" src=\"https:\/\/bo.noleggiare.it\/immagini\/auto\/69e648930d9c8_Skoda Karoq.png\" \/>\n\n\t\t\t\t\t\t<!-- elettrico -->\n\t\t\t\t\t\t<img class=\"img-elettrico\" ng-if=\"veicolo.isElettrico('Benzin\/Diesel')\" ng-src=\"https:\/\/www.noleggiare.it\/wp-content\/themes\/noleggiare\/img\/ico-elettric.svg\" \/>\n\n\t\t\t\t\t\t<!-- pulsantiera -->\n\t\t\t\t\t\t<div class=\"pulsantiera\" data-ng-click=\"$event.stopPropagation()\">\n\t\t\t\t\t\t\t\t\t\t\t\t\t\t<div\n\t\t\t\t\t\t\t\tclass=\"nascondi pulsante\"\n\t\t\t\t\t\t\t\tdata-ng-show=\"veicolo.hasStato('mostra-info-listino') || veicolo.hasStato('mostra-info-misure')\"\n\t\t\t\t\t\t\t\tdata-ng-click=\"veicolo.removeStato('mostra-info-listino'); veicolo.removeStato('mostra-info-misure');\"\n\t\t\t\t\t\t\t\ttabindex=\"0\"\n\t\t\t\t\t\t\t>\n\t\t\t\t\t\t\t\tClose\t\t\t\t\t\t\t<\/div>\n\t\t\t\t\t\t<\/div>\n\n\t\t\t\t\t\t<!-- misure van -->\n\t\t\t\t\t\t\n\t\t\t\t\t\t<!-- misure van (mobile) -->\n\t\t\t\t\t\t<div class=\"cnt-misure\">\n\t\t\t\t\t\t\t<table>\n\t\t\t\t\t\t\t\t<tr>\n\t\t\t\t\t\t\t\t\t<td colspan=\"3\">\n\t\t\t\t\t\t\t\t\t\t<h5>Innenma\u00dfe<\/h5>\n\t\t\t\t\t\t\t\t\t<\/td>\n\t\t\t\t\t\t\t\t<\/tr>\n\t\t\t\t\t\t\t\t\t\t\t\t\t\t\t\t\t\t\t\t\t\t\t\t\t\t\t\t\t\t\t\t\t\t\t\t\t\t\t\t\t\t\t\t\t\t\t\t\t\t\t\t\t\t\t\t\t\t\t\t\t\t\t\t\t\t\t\t\t\t\t\t\t\t\t\t\t\t\t\t\t\t\t\t\t\t\t\t\t\t\t\t\t\t\t\t<tr>\n\t\t\t\t\t\t\t\t\t<td colspan=\"3\">\n\t\t\t\t\t\t\t\t\t\t<small>\n\t\t\t\t\t\t\t\t\t\t\t<br>\n\t\t\t\t\t\t\t\t\t\t\tDie Ma\u00dfe werden vom Hersteller angegeben und stellen Maximalwerte dar. <\/br><\/br>F\u00fcr genaue Abmessungen<\/br> und verf\u00fcgbare Modelle<\/br> kontaktieren Sie uns bitte direkt.\t\t\t\t\t\t\t\t\t\t<\/small>\n\t\t\t\t\t\t\t\t\t<\/td>\n\t\t\t\t\t\t\t\t<\/tr>\n\t\t\t\t\t\t\t<\/table>\n\t\t\t\t\t\t<\/div>\n\n\t\t\t\t\t\t<div class=\"prezzo text-center\">\n\t\t\t\t\t\t\t<a class=\"btn-espandi-promo btn btn-secondary mt-5\" href=\"#prenota\">\n\t\t\t\t\t\t\t\t<i aria-hidden=\"true\" class=\"fas fa-arrow-circle-up\"><\/i>\n\t\t\t\t\t\t\t\tGo to booking\t\t\t\t\t\t\t<\/a>\n\t\t\t\t\t\t<\/div>\n\n\t\t\t\t\t\t<!-- informazioni veicolo (auto e van) -->\n\t\t\t\t\t\t\t\t\t\t\t\t<div class=\"optional\">\n\t\t\t\t\t\t\t<ul>\n\t\t\t\t\t\t\t\t\t\t\t\t\t\t\t\t\t<li ng-class=\"veicolo.isElettrico('Benzin\/Diesel') ? 'ico-alimentazione-e' : 'ico-alimentazione'\">Benzin\/Diesel<\/li>\n\t\t\t\t\t\t\t\t\t\t\t\t\t\t\t\t\t\t\t\t\t\t\t\t\t<li class=\"ico-porte\">5<\/li>\n\t\t\t\t\t\t\t\t\t\t\t\t\t\t\t\t\t\t\t\t\t\t\t\t\t\t\t\t\t\t\t\t\t<li class=\"ico-trasmissione\">Automatikgetriebe<\/li>\n\t\t\t\t\t\t\t\t\t\t\t\t\t\t\t\t\t\t\t\t\t\t\t\t\t<li class=\"ico-posti\">5<\/li>\n\t\t\t\t\t\t\t\t\t\t\t\t\t\t\t<\/ul>\n\t\t\t\t\t\t<\/div>\n\t\t\t\t\t\t\n\t\t\t\t\t<\/div><!-- \/.veicolo -->\n\n\t\t\t\t<\/div>\n\n\t\t\t<\/div><!-- \/.lista-auto -->\n\n\t\t\n\t\t\t<!-- elenco auto -->\n\t\t\t<div class=\"col-12 mb-4 col-lg-6 col-xl-4 col-xxl-3\">\n\t\t\t\t<div\n\t\t\t\t\tclass=\"veicolo \"\n\t\t\t\t\tdata-ng-controller=\"VeicoloController as veicolo\"\n\t\t\t\t\tdata-ng-mouseenter=\"!veicolo.hasStato('scelta-listino') && veicolo.addStato('hover')\"\n\t\t\t\t\tdata-ng-class=\"[veicolo.getStato()]\"\n\t\t\t\t>\n\n\t\t\t\t\t<div class=\"h-100\">\n\n\t\t\t\t\t\t<!-- nome modello -->\n\t\t\t\t\t\t<div class=\"tipo\" style=\"line-height: 1\">\n\t\t\t\t\t\t\t<h5 class=\"font-weight-bold mb-0\">Toyota C-HR <small>(Gruppe <strong>J3<\/strong>)<\/small><\/h5>\n\t\t\t\t\t\t\t<small>oder \u00e4hnlich*<\/small>\n\t\t\t\t\t\t<\/div>\n\n\t\t\t\t\t\t\n\t\t\t\t\t\t<!-- immagine -->\n\t\t\t\t\t\t<img class=\"img\" src=\"https:\/\/bo.noleggiare.it\/immagini\/auto\/6895c5747203d_Toyota-Ch-r.png\" \/>\n\n\t\t\t\t\t\t<!-- elettrico -->\n\t\t\t\t\t\t<img class=\"img-elettrico\" ng-if=\"veicolo.isElettrico('Hybrid-Auto')\" ng-src=\"https:\/\/www.noleggiare.it\/wp-content\/themes\/noleggiare\/img\/ico-elettric.svg\" \/>\n\n\t\t\t\t\t\t<!-- pulsantiera -->\n\t\t\t\t\t\t<div class=\"pulsantiera\" data-ng-click=\"$event.stopPropagation()\">\n\t\t\t\t\t\t\t\t\t\t\t\t\t\t<div\n\t\t\t\t\t\t\t\tclass=\"nascondi pulsante\"\n\t\t\t\t\t\t\t\tdata-ng-show=\"veicolo.hasStato('mostra-info-listino') || veicolo.hasStato('mostra-info-misure')\"\n\t\t\t\t\t\t\t\tdata-ng-click=\"veicolo.removeStato('mostra-info-listino'); veicolo.removeStato('mostra-info-misure');\"\n\t\t\t\t\t\t\t\ttabindex=\"0\"\n\t\t\t\t\t\t\t>\n\t\t\t\t\t\t\t\tClose\t\t\t\t\t\t\t<\/div>\n\t\t\t\t\t\t<\/div>\n\n\t\t\t\t\t\t<!-- misure van -->\n\t\t\t\t\t\t\n\t\t\t\t\t\t<!-- misure van (mobile) -->\n\t\t\t\t\t\t<div class=\"cnt-misure\">\n\t\t\t\t\t\t\t<table>\n\t\t\t\t\t\t\t\t<tr>\n\t\t\t\t\t\t\t\t\t<td colspan=\"3\">\n\t\t\t\t\t\t\t\t\t\t<h5>Innenma\u00dfe<\/h5>\n\t\t\t\t\t\t\t\t\t<\/td>\n\t\t\t\t\t\t\t\t<\/tr>\n\t\t\t\t\t\t\t\t\t\t\t\t\t\t\t\t\t\t\t\t\t\t\t\t\t\t\t\t\t\t\t\t\t\t\t\t\t\t\t\t\t\t\t\t\t\t\t\t\t\t\t\t\t\t\t\t\t\t\t\t\t\t\t\t\t\t\t\t\t\t\t\t\t\t\t\t\t\t\t\t\t\t\t\t\t\t\t\t\t\t\t\t\t\t\t\t<tr>\n\t\t\t\t\t\t\t\t\t<td colspan=\"3\">\n\t\t\t\t\t\t\t\t\t\t<small>\n\t\t\t\t\t\t\t\t\t\t\t<br>\n\t\t\t\t\t\t\t\t\t\t\tDie Ma\u00dfe werden vom Hersteller angegeben und stellen Maximalwerte dar. <\/br><\/br>F\u00fcr genaue Abmessungen<\/br> und verf\u00fcgbare Modelle<\/br> kontaktieren Sie uns bitte direkt.\t\t\t\t\t\t\t\t\t\t<\/small>\n\t\t\t\t\t\t\t\t\t<\/td>\n\t\t\t\t\t\t\t\t<\/tr>\n\t\t\t\t\t\t\t<\/table>\n\t\t\t\t\t\t<\/div>\n\n\t\t\t\t\t\t<div class=\"prezzo text-center\">\n\t\t\t\t\t\t\t<a class=\"btn-espandi-promo btn btn-secondary mt-5\" href=\"#prenota\">\n\t\t\t\t\t\t\t\t<i aria-hidden=\"true\" class=\"fas fa-arrow-circle-up\"><\/i>\n\t\t\t\t\t\t\t\tGo to booking\t\t\t\t\t\t\t<\/a>\n\t\t\t\t\t\t<\/div>\n\n\t\t\t\t\t\t<!-- informazioni veicolo (auto e van) -->\n\t\t\t\t\t\t\t\t\t\t\t\t<div class=\"optional\">\n\t\t\t\t\t\t\t<ul>\n\t\t\t\t\t\t\t\t\t\t\t\t\t\t\t\t\t<li ng-class=\"veicolo.isElettrico('Hybrid-Auto') ? 'ico-alimentazione-e' : 'ico-alimentazione'\">Hybrid-Auto<\/li>\n\t\t\t\t\t\t\t\t\t\t\t\t\t\t\t\t\t\t\t\t\t\t\t\t\t<li class=\"ico-porte\">5<\/li>\n\t\t\t\t\t\t\t\t\t\t\t\t\t\t\t\t\t\t\t\t\t\t\t\t\t\t\t\t\t\t\t\t\t<li class=\"ico-trasmissione\">Automatikgetriebe<\/li>\n\t\t\t\t\t\t\t\t\t\t\t\t\t\t\t\t\t\t\t\t\t\t\t\t\t<li class=\"ico-posti\">5<\/li>\n\t\t\t\t\t\t\t\t\t\t\t\t\t\t\t<\/ul>\n\t\t\t\t\t\t<\/div>\n\t\t\t\t\t\t\n\t\t\t\t\t<\/div><!-- \/.veicolo -->\n\n\t\t\t\t<\/div>\n\n\t\t\t<\/div><!-- \/.lista-auto -->\n\n\t\t\n\t\t\t<!-- elenco auto -->\n\t\t\t<div class=\"col-12 mb-4 col-lg-6 col-xl-4 col-xxl-3\">\n\t\t\t\t<div\n\t\t\t\t\tclass=\"veicolo \"\n\t\t\t\t\tdata-ng-controller=\"VeicoloController as veicolo\"\n\t\t\t\t\tdata-ng-mouseenter=\"!veicolo.hasStato('scelta-listino') && veicolo.addStato('hover')\"\n\t\t\t\t\tdata-ng-class=\"[veicolo.getStato()]\"\n\t\t\t\t>\n\n\t\t\t\t\t<div class=\"h-100\">\n\n\t\t\t\t\t\t<!-- nome modello -->\n\t\t\t\t\t\t<div class=\"tipo\" style=\"line-height: 1\">\n\t\t\t\t\t\t\t<h5 class=\"font-weight-bold mb-0\">Toyota Corolla Cross <small>(Gruppe <strong>J4<\/strong>)<\/small><\/h5>\n\t\t\t\t\t\t\t<small>oder \u00e4hnlich*<\/small>\n\t\t\t\t\t\t<\/div>\n\n\t\t\t\t\t\t\n\t\t\t\t\t\t<!-- immagine -->\n\t\t\t\t\t\t<img class=\"img\" src=\"https:\/\/bo.noleggiare.it\/immagini\/auto\/6895c5a6db43a_Toyota-corolla-cross.png\" \/>\n\n\t\t\t\t\t\t<!-- elettrico -->\n\t\t\t\t\t\t<img class=\"img-elettrico\" ng-if=\"veicolo.isElettrico('Hybrid-Auto')\" ng-src=\"https:\/\/www.noleggiare.it\/wp-content\/themes\/noleggiare\/img\/ico-elettric.svg\" \/>\n\n\t\t\t\t\t\t<!-- pulsantiera -->\n\t\t\t\t\t\t<div class=\"pulsantiera\" data-ng-click=\"$event.stopPropagation()\">\n\t\t\t\t\t\t\t\t\t\t\t\t\t\t<div\n\t\t\t\t\t\t\t\tclass=\"nascondi pulsante\"\n\t\t\t\t\t\t\t\tdata-ng-show=\"veicolo.hasStato('mostra-info-listino') || veicolo.hasStato('mostra-info-misure')\"\n\t\t\t\t\t\t\t\tdata-ng-click=\"veicolo.removeStato('mostra-info-listino'); veicolo.removeStato('mostra-info-misure');\"\n\t\t\t\t\t\t\t\ttabindex=\"0\"\n\t\t\t\t\t\t\t>\n\t\t\t\t\t\t\t\tClose\t\t\t\t\t\t\t<\/div>\n\t\t\t\t\t\t<\/div>\n\n\t\t\t\t\t\t<!-- misure van -->\n\t\t\t\t\t\t\n\t\t\t\t\t\t<!-- misure van (mobile) -->\n\t\t\t\t\t\t<div class=\"cnt-misure\">\n\t\t\t\t\t\t\t<table>\n\t\t\t\t\t\t\t\t<tr>\n\t\t\t\t\t\t\t\t\t<td colspan=\"3\">\n\t\t\t\t\t\t\t\t\t\t<h5>Innenma\u00dfe<\/h5>\n\t\t\t\t\t\t\t\t\t<\/td>\n\t\t\t\t\t\t\t\t<\/tr>\n\t\t\t\t\t\t\t\t\t\t\t\t\t\t\t\t\t\t\t\t\t\t\t\t\t\t\t\t\t\t\t\t\t\t\t\t\t\t\t\t\t\t\t\t\t\t\t\t\t\t\t\t\t\t\t\t\t\t\t\t\t\t\t\t\t\t\t\t\t\t\t\t\t\t\t\t\t\t\t\t\t\t\t\t\t\t\t\t\t\t\t\t\t\t\t\t<tr>\n\t\t\t\t\t\t\t\t\t<td colspan=\"3\">\n\t\t\t\t\t\t\t\t\t\t<small>\n\t\t\t\t\t\t\t\t\t\t\t<br>\n\t\t\t\t\t\t\t\t\t\t\tDie Ma\u00dfe werden vom Hersteller angegeben und stellen Maximalwerte dar. <\/br><\/br>F\u00fcr genaue Abmessungen<\/br> und verf\u00fcgbare Modelle<\/br> kontaktieren Sie uns bitte direkt.\t\t\t\t\t\t\t\t\t\t<\/small>\n\t\t\t\t\t\t\t\t\t<\/td>\n\t\t\t\t\t\t\t\t<\/tr>\n\t\t\t\t\t\t\t<\/table>\n\t\t\t\t\t\t<\/div>\n\n\t\t\t\t\t\t<div class=\"prezzo text-center\">\n\t\t\t\t\t\t\t<a class=\"btn-espandi-promo btn btn-secondary mt-5\" href=\"#prenota\">\n\t\t\t\t\t\t\t\t<i aria-hidden=\"true\" class=\"fas fa-arrow-circle-up\"><\/i>\n\t\t\t\t\t\t\t\tGo to booking\t\t\t\t\t\t\t<\/a>\n\t\t\t\t\t\t<\/div>\n\n\t\t\t\t\t\t<!-- informazioni veicolo (auto e van) -->\n\t\t\t\t\t\t\t\t\t\t\t\t<div class=\"optional\">\n\t\t\t\t\t\t\t<ul>\n\t\t\t\t\t\t\t\t\t\t\t\t\t\t\t\t\t<li ng-class=\"veicolo.isElettrico('Hybrid-Auto') ? 'ico-alimentazione-e' : 'ico-alimentazione'\">Hybrid-Auto<\/li>\n\t\t\t\t\t\t\t\t\t\t\t\t\t\t\t\t\t\t\t\t\t\t\t\t\t<li class=\"ico-porte\">5<\/li>\n\t\t\t\t\t\t\t\t\t\t\t\t\t\t\t\t\t\t\t\t\t\t\t\t\t\t\t\t\t\t\t\t\t<li class=\"ico-trasmissione\">Automatikgetriebe<\/li>\n\t\t\t\t\t\t\t\t\t\t\t\t\t\t\t\t\t\t\t\t\t\t\t\t\t<li class=\"ico-posti\">5<\/li>\n\t\t\t\t\t\t\t\t\t\t\t\t\t\t\t<\/ul>\n\t\t\t\t\t\t<\/div>\n\t\t\t\t\t\t\n\t\t\t\t\t<\/div><!-- \/.veicolo -->\n\n\t\t\t\t<\/div>\n\n\t\t\t<\/div><!-- \/.lista-auto -->\n\n\t\t\n\t\t\t<!-- elenco auto -->\n\t\t\t<div class=\"col-12 mb-4 col-lg-6 col-xl-4 col-xxl-3\">\n\t\t\t\t<div\n\t\t\t\t\tclass=\"veicolo \"\n\t\t\t\t\tdata-ng-controller=\"VeicoloController as veicolo\"\n\t\t\t\t\tdata-ng-mouseenter=\"!veicolo.hasStato('scelta-listino') && veicolo.addStato('hover')\"\n\t\t\t\t\tdata-ng-class=\"[veicolo.getStato()]\"\n\t\t\t\t>\n\n\t\t\t\t\t<div class=\"h-100\">\n\n\t\t\t\t\t\t<!-- nome modello -->\n\t\t\t\t\t\t<div class=\"tipo\" style=\"line-height: 1\">\n\t\t\t\t\t\t\t<h5 class=\"font-weight-bold mb-0\">Peugeot 508 SW <small>(Gruppe <strong>L<\/strong>)<\/small><\/h5>\n\t\t\t\t\t\t\t<small>oder \u00e4hnlich*<\/small>\n\t\t\t\t\t\t<\/div>\n\n\t\t\t\t\t\t\n\t\t\t\t\t\t<!-- immagine -->\n\t\t\t\t\t\t<img class=\"img\" src=\"https:\/\/bo.noleggiare.it\/immagini\/auto\/6895f406b41f4_Peugeot-508-SW-Gruppo-L.png\" \/>\n\n\t\t\t\t\t\t<!-- elettrico -->\n\t\t\t\t\t\t<img class=\"img-elettrico\" ng-if=\"veicolo.isElettrico('Benzin\/Diesel')\" ng-src=\"https:\/\/www.noleggiare.it\/wp-content\/themes\/noleggiare\/img\/ico-elettric.svg\" \/>\n\n\t\t\t\t\t\t<!-- pulsantiera -->\n\t\t\t\t\t\t<div class=\"pulsantiera\" data-ng-click=\"$event.stopPropagation()\">\n\t\t\t\t\t\t\t\t\t\t\t\t\t\t<div\n\t\t\t\t\t\t\t\tclass=\"nascondi pulsante\"\n\t\t\t\t\t\t\t\tdata-ng-show=\"veicolo.hasStato('mostra-info-listino') || veicolo.hasStato('mostra-info-misure')\"\n\t\t\t\t\t\t\t\tdata-ng-click=\"veicolo.removeStato('mostra-info-listino'); veicolo.removeStato('mostra-info-misure');\"\n\t\t\t\t\t\t\t\ttabindex=\"0\"\n\t\t\t\t\t\t\t>\n\t\t\t\t\t\t\t\tClose\t\t\t\t\t\t\t<\/div>\n\t\t\t\t\t\t<\/div>\n\n\t\t\t\t\t\t<!-- misure van -->\n\t\t\t\t\t\t\n\t\t\t\t\t\t<!-- misure van (mobile) -->\n\t\t\t\t\t\t<div class=\"cnt-misure\">\n\t\t\t\t\t\t\t<table>\n\t\t\t\t\t\t\t\t<tr>\n\t\t\t\t\t\t\t\t\t<td colspan=\"3\">\n\t\t\t\t\t\t\t\t\t\t<h5>Innenma\u00dfe<\/h5>\n\t\t\t\t\t\t\t\t\t<\/td>\n\t\t\t\t\t\t\t\t<\/tr>\n\t\t\t\t\t\t\t\t\t\t\t\t\t\t\t\t\t\t\t\t\t\t\t\t\t\t\t\t\t\t\t\t\t\t\t\t\t\t\t\t\t\t\t\t\t\t\t\t\t\t\t\t\t\t\t\t\t\t\t\t\t\t\t\t\t\t\t\t\t\t\t\t\t\t\t\t\t\t\t\t\t\t\t\t\t\t\t\t\t\t\t\t\t\t\t\t<tr>\n\t\t\t\t\t\t\t\t\t<td colspan=\"3\">\n\t\t\t\t\t\t\t\t\t\t<small>\n\t\t\t\t\t\t\t\t\t\t\t<br>\n\t\t\t\t\t\t\t\t\t\t\tDie Ma\u00dfe werden vom Hersteller angegeben und stellen Maximalwerte dar. <\/br><\/br>F\u00fcr genaue Abmessungen<\/br> und verf\u00fcgbare Modelle<\/br> kontaktieren Sie uns bitte direkt.\t\t\t\t\t\t\t\t\t\t<\/small>\n\t\t\t\t\t\t\t\t\t<\/td>\n\t\t\t\t\t\t\t\t<\/tr>\n\t\t\t\t\t\t\t<\/table>\n\t\t\t\t\t\t<\/div>\n\n\t\t\t\t\t\t<div class=\"prezzo text-center\">\n\t\t\t\t\t\t\t<a class=\"btn-espandi-promo btn btn-secondary mt-5\" href=\"#prenota\">\n\t\t\t\t\t\t\t\t<i aria-hidden=\"true\" class=\"fas fa-arrow-circle-up\"><\/i>\n\t\t\t\t\t\t\t\tGo to booking\t\t\t\t\t\t\t<\/a>\n\t\t\t\t\t\t<\/div>\n\n\t\t\t\t\t\t<!-- informazioni veicolo (auto e van) -->\n\t\t\t\t\t\t\t\t\t\t\t\t<div class=\"optional\">\n\t\t\t\t\t\t\t<ul>\n\t\t\t\t\t\t\t\t\t\t\t\t\t\t\t\t\t<li ng-class=\"veicolo.isElettrico('Benzin\/Diesel') ? 'ico-alimentazione-e' : 'ico-alimentazione'\">Benzin\/Diesel<\/li>\n\t\t\t\t\t\t\t\t\t\t\t\t\t\t\t\t\t\t\t\t\t\t\t\t\t<li class=\"ico-porte\">5<\/li>\n\t\t\t\t\t\t\t\t\t\t\t\t\t\t\t\t\t\t\t\t\t\t\t\t\t\t\t\t\t\t\t\t\t<li class=\"ico-trasmissione\">Schaltgetriebe<\/li>\n\t\t\t\t\t\t\t\t\t\t\t\t\t\t\t\t\t\t\t\t\t\t\t\t\t<li class=\"ico-posti\">5<\/li>\n\t\t\t\t\t\t\t\t\t\t\t\t\t\t\t<\/ul>\n\t\t\t\t\t\t<\/div>\n\t\t\t\t\t\t\n\t\t\t\t\t<\/div><!-- \/.veicolo -->\n\n\t\t\t\t<\/div>\n\n\t\t\t<\/div><!-- \/.lista-auto -->\n\n\t\t\n\t\t\t<!-- elenco auto -->\n\t\t\t<div class=\"col-12 mb-4 col-lg-6 col-xl-4 col-xxl-3\">\n\t\t\t\t<div\n\t\t\t\t\tclass=\"veicolo \"\n\t\t\t\t\tdata-ng-controller=\"VeicoloController as veicolo\"\n\t\t\t\t\tdata-ng-mouseenter=\"!veicolo.hasStato('scelta-listino') && veicolo.addStato('hover')\"\n\t\t\t\t\tdata-ng-class=\"[veicolo.getStato()]\"\n\t\t\t\t>\n\n\t\t\t\t\t<div class=\"h-100\">\n\n\t\t\t\t\t\t<!-- nome modello -->\n\t\t\t\t\t\t<div class=\"tipo\" style=\"line-height: 1\">\n\t\t\t\t\t\t\t<h5 class=\"font-weight-bold mb-0\">Mercedes CLA Shooting Brake <small>(Gruppe <strong>L1<\/strong>)<\/small><\/h5>\n\t\t\t\t\t\t\t<small>oder \u00e4hnlich*<\/small>\n\t\t\t\t\t\t<\/div>\n\n\t\t\t\t\t\t\n\t\t\t\t\t\t<!-- immagine -->\n\t\t\t\t\t\t<img class=\"img\" src=\"https:\/\/bo.noleggiare.it\/immagini\/auto\/6895c84dbc1f4_Mercedes-CLA-Shooting-Brake.png\" \/>\n\n\t\t\t\t\t\t<!-- elettrico -->\n\t\t\t\t\t\t<img class=\"img-elettrico\" ng-if=\"veicolo.isElettrico('Benzin\/Diesel')\" ng-src=\"https:\/\/www.noleggiare.it\/wp-content\/themes\/noleggiare\/img\/ico-elettric.svg\" \/>\n\n\t\t\t\t\t\t<!-- pulsantiera -->\n\t\t\t\t\t\t<div class=\"pulsantiera\" data-ng-click=\"$event.stopPropagation()\">\n\t\t\t\t\t\t\t\t\t\t\t\t\t\t<div\n\t\t\t\t\t\t\t\tclass=\"nascondi pulsante\"\n\t\t\t\t\t\t\t\tdata-ng-show=\"veicolo.hasStato('mostra-info-listino') || veicolo.hasStato('mostra-info-misure')\"\n\t\t\t\t\t\t\t\tdata-ng-click=\"veicolo.removeStato('mostra-info-listino'); veicolo.removeStato('mostra-info-misure');\"\n\t\t\t\t\t\t\t\ttabindex=\"0\"\n\t\t\t\t\t\t\t>\n\t\t\t\t\t\t\t\tClose\t\t\t\t\t\t\t<\/div>\n\t\t\t\t\t\t<\/div>\n\n\t\t\t\t\t\t<!-- misure van -->\n\t\t\t\t\t\t\n\t\t\t\t\t\t<!-- misure van (mobile) -->\n\t\t\t\t\t\t<div class=\"cnt-misure\">\n\t\t\t\t\t\t\t<table>\n\t\t\t\t\t\t\t\t<tr>\n\t\t\t\t\t\t\t\t\t<td colspan=\"3\">\n\t\t\t\t\t\t\t\t\t\t<h5>Innenma\u00dfe<\/h5>\n\t\t\t\t\t\t\t\t\t<\/td>\n\t\t\t\t\t\t\t\t<\/tr>\n\t\t\t\t\t\t\t\t\t\t\t\t\t\t\t\t\t\t\t\t\t\t\t\t\t\t\t\t\t\t\t\t\t\t\t\t\t\t\t\t\t\t\t\t\t\t\t\t\t\t\t\t\t\t\t\t\t\t\t\t\t\t\t\t\t\t\t\t\t\t\t\t\t\t\t\t\t\t\t\t\t\t\t\t\t\t\t\t\t\t\t\t\t\t\t\t<tr>\n\t\t\t\t\t\t\t\t\t<td colspan=\"3\">\n\t\t\t\t\t\t\t\t\t\t<small>\n\t\t\t\t\t\t\t\t\t\t\t<br>\n\t\t\t\t\t\t\t\t\t\t\tDie Ma\u00dfe werden vom Hersteller angegeben und stellen Maximalwerte dar. <\/br><\/br>F\u00fcr genaue Abmessungen<\/br> und verf\u00fcgbare Modelle<\/br> kontaktieren Sie uns bitte direkt.\t\t\t\t\t\t\t\t\t\t<\/small>\n\t\t\t\t\t\t\t\t\t<\/td>\n\t\t\t\t\t\t\t\t<\/tr>\n\t\t\t\t\t\t\t<\/table>\n\t\t\t\t\t\t<\/div>\n\n\t\t\t\t\t\t<div class=\"prezzo text-center\">\n\t\t\t\t\t\t\t<a class=\"btn-espandi-promo btn btn-secondary mt-5\" href=\"#prenota\">\n\t\t\t\t\t\t\t\t<i aria-hidden=\"true\" class=\"fas fa-arrow-circle-up\"><\/i>\n\t\t\t\t\t\t\t\tGo to booking\t\t\t\t\t\t\t<\/a>\n\t\t\t\t\t\t<\/div>\n\n\t\t\t\t\t\t<!-- informazioni veicolo (auto e van) -->\n\t\t\t\t\t\t\t\t\t\t\t\t<div class=\"optional\">\n\t\t\t\t\t\t\t<ul>\n\t\t\t\t\t\t\t\t\t\t\t\t\t\t\t\t\t<li ng-class=\"veicolo.isElettrico('Benzin\/Diesel') ? 'ico-alimentazione-e' : 'ico-alimentazione'\">Benzin\/Diesel<\/li>\n\t\t\t\t\t\t\t\t\t\t\t\t\t\t\t\t\t\t\t\t\t\t\t\t\t<li class=\"ico-porte\">5<\/li>\n\t\t\t\t\t\t\t\t\t\t\t\t\t\t\t\t\t\t\t\t\t\t\t\t\t\t\t\t\t\t\t\t\t<li class=\"ico-trasmissione\">Automatikgetriebe<\/li>\n\t\t\t\t\t\t\t\t\t\t\t\t\t\t\t\t\t\t\t\t\t\t\t\t\t<li class=\"ico-posti\">5<\/li>\n\t\t\t\t\t\t\t\t\t\t\t\t\t\t\t<\/ul>\n\t\t\t\t\t\t<\/div>\n\t\t\t\t\t\t\n\t\t\t\t\t<\/div><!-- \/.veicolo -->\n\n\t\t\t\t<\/div>\n\n\t\t\t<\/div><!-- \/.lista-auto -->\n\n\t\t\n\t\t\t<!-- elenco auto -->\n\t\t\t<div class=\"col-12 mb-4 col-lg-6 col-xl-4 col-xxl-3\">\n\t\t\t\t<div\n\t\t\t\t\tclass=\"veicolo \"\n\t\t\t\t\tdata-ng-controller=\"VeicoloController as veicolo\"\n\t\t\t\t\tdata-ng-mouseenter=\"!veicolo.hasStato('scelta-listino') && veicolo.addStato('hover')\"\n\t\t\t\t\tdata-ng-class=\"[veicolo.getStato()]\"\n\t\t\t\t>\n\n\t\t\t\t\t<div class=\"h-100\">\n\n\t\t\t\t\t\t<!-- nome modello -->\n\t\t\t\t\t\t<div class=\"tipo\" style=\"line-height: 1\">\n\t\t\t\t\t\t\t<h5 class=\"font-weight-bold mb-0\">Audi A6 Avant <small>(Gruppe <strong>L2<\/strong>)<\/small><\/h5>\n\t\t\t\t\t\t\t<small>oder \u00e4hnlich*<\/small>\n\t\t\t\t\t\t<\/div>\n\n\t\t\t\t\t\t\n\t\t\t\t\t\t<!-- immagine -->\n\t\t\t\t\t\t<img class=\"img\" src=\"https:\/\/bo.noleggiare.it\/immagini\/auto\/6895b8eabe0f6_vetrina-NBT-audi-a6-avant.png\" \/>\n\n\t\t\t\t\t\t<!-- elettrico -->\n\t\t\t\t\t\t<img class=\"img-elettrico\" ng-if=\"veicolo.isElettrico('Benzin\/Diesel')\" ng-src=\"https:\/\/www.noleggiare.it\/wp-content\/themes\/noleggiare\/img\/ico-elettric.svg\" \/>\n\n\t\t\t\t\t\t<!-- pulsantiera -->\n\t\t\t\t\t\t<div class=\"pulsantiera\" data-ng-click=\"$event.stopPropagation()\">\n\t\t\t\t\t\t\t\t\t\t\t\t\t\t<div\n\t\t\t\t\t\t\t\tclass=\"nascondi pulsante\"\n\t\t\t\t\t\t\t\tdata-ng-show=\"veicolo.hasStato('mostra-info-listino') || veicolo.hasStato('mostra-info-misure')\"\n\t\t\t\t\t\t\t\tdata-ng-click=\"veicolo.removeStato('mostra-info-listino'); veicolo.removeStato('mostra-info-misure');\"\n\t\t\t\t\t\t\t\ttabindex=\"0\"\n\t\t\t\t\t\t\t>\n\t\t\t\t\t\t\t\tClose\t\t\t\t\t\t\t<\/div>\n\t\t\t\t\t\t<\/div>\n\n\t\t\t\t\t\t<!-- misure van -->\n\t\t\t\t\t\t\n\t\t\t\t\t\t<!-- misure van (mobile) -->\n\t\t\t\t\t\t<div class=\"cnt-misure\">\n\t\t\t\t\t\t\t<table>\n\t\t\t\t\t\t\t\t<tr>\n\t\t\t\t\t\t\t\t\t<td colspan=\"3\">\n\t\t\t\t\t\t\t\t\t\t<h5>Innenma\u00dfe<\/h5>\n\t\t\t\t\t\t\t\t\t<\/td>\n\t\t\t\t\t\t\t\t<\/tr>\n\t\t\t\t\t\t\t\t\t\t\t\t\t\t\t\t\t\t\t\t\t\t\t\t\t\t\t\t\t\t\t\t\t\t\t\t\t\t\t\t\t\t\t\t\t\t\t\t\t\t\t\t\t\t\t\t\t\t\t\t\t\t\t\t\t\t\t\t\t\t\t\t\t\t\t\t\t\t\t\t\t\t\t\t\t\t\t\t\t\t\t\t\t\t\t\t<tr>\n\t\t\t\t\t\t\t\t\t<td colspan=\"3\">\n\t\t\t\t\t\t\t\t\t\t<small>\n\t\t\t\t\t\t\t\t\t\t\t<br>\n\t\t\t\t\t\t\t\t\t\t\tDie Ma\u00dfe werden vom Hersteller angegeben und stellen Maximalwerte dar. <\/br><\/br>F\u00fcr genaue Abmessungen<\/br> und verf\u00fcgbare Modelle<\/br> kontaktieren Sie uns bitte direkt.\t\t\t\t\t\t\t\t\t\t<\/small>\n\t\t\t\t\t\t\t\t\t<\/td>\n\t\t\t\t\t\t\t\t<\/tr>\n\t\t\t\t\t\t\t<\/table>\n\t\t\t\t\t\t<\/div>\n\n\t\t\t\t\t\t<div class=\"prezzo text-center\">\n\t\t\t\t\t\t\t<a class=\"btn-espandi-promo btn btn-secondary mt-5\" href=\"#prenota\">\n\t\t\t\t\t\t\t\t<i aria-hidden=\"true\" class=\"fas fa-arrow-circle-up\"><\/i>\n\t\t\t\t\t\t\t\tGo to booking\t\t\t\t\t\t\t<\/a>\n\t\t\t\t\t\t<\/div>\n\n\t\t\t\t\t\t<!-- informazioni veicolo (auto e van) -->\n\t\t\t\t\t\t\t\t\t\t\t\t<div class=\"optional\">\n\t\t\t\t\t\t\t<ul>\n\t\t\t\t\t\t\t\t\t\t\t\t\t\t\t\t\t<li ng-class=\"veicolo.isElettrico('Benzin\/Diesel') ? 'ico-alimentazione-e' : 'ico-alimentazione'\">Benzin\/Diesel<\/li>\n\t\t\t\t\t\t\t\t\t\t\t\t\t\t\t\t\t\t\t\t\t\t\t\t\t<li class=\"ico-porte\">5<\/li>\n\t\t\t\t\t\t\t\t\t\t\t\t\t\t\t\t\t\t\t\t\t\t\t\t\t\t\t\t\t\t\t\t\t<li class=\"ico-trasmissione\">Automatikgetriebe<\/li>\n\t\t\t\t\t\t\t\t\t\t\t\t\t\t\t\t\t\t\t\t\t\t\t\t\t<li class=\"ico-posti\">5<\/li>\n\t\t\t\t\t\t\t\t\t\t\t\t\t\t\t<\/ul>\n\t\t\t\t\t\t<\/div>\n\t\t\t\t\t\t\n\t\t\t\t\t<\/div><!-- \/.veicolo -->\n\n\t\t\t\t<\/div>\n\n\t\t\t<\/div><!-- \/.lista-auto -->\n\n\t\t\n\t\t\t<!-- elenco auto -->\n\t\t\t<div class=\"col-12 mb-4 col-lg-6 col-xl-4 col-xxl-3\">\n\t\t\t\t<div\n\t\t\t\t\tclass=\"veicolo \"\n\t\t\t\t\tdata-ng-controller=\"VeicoloController as veicolo\"\n\t\t\t\t\tdata-ng-mouseenter=\"!veicolo.hasStato('scelta-listino') && veicolo.addStato('hover')\"\n\t\t\t\t\tdata-ng-class=\"[veicolo.getStato()]\"\n\t\t\t\t>\n\n\t\t\t\t\t<div class=\"h-100\">\n\n\t\t\t\t\t\t<!-- nome modello -->\n\t\t\t\t\t\t<div class=\"tipo\" style=\"line-height: 1\">\n\t\t\t\t\t\t\t<h5 class=\"font-weight-bold mb-0\">Mercedes CLA Coup\u00e9 <small>(Gruppe <strong>N<\/strong>)<\/small><\/h5>\n\t\t\t\t\t\t\t<small>oder \u00e4hnlich*<\/small>\n\t\t\t\t\t\t<\/div>\n\n\t\t\t\t\t\t\n\t\t\t\t\t\t<!-- immagine -->\n\t\t\t\t\t\t<img class=\"img\" src=\"https:\/\/bo.noleggiare.it\/immagini\/auto\/6895b89c541ef_vetrina-NBT-mercedes-cla-coupe.png\" \/>\n\n\t\t\t\t\t\t<!-- elettrico -->\n\t\t\t\t\t\t<img class=\"img-elettrico\" ng-if=\"veicolo.isElettrico('Benzin\/Diesel')\" ng-src=\"https:\/\/www.noleggiare.it\/wp-content\/themes\/noleggiare\/img\/ico-elettric.svg\" \/>\n\n\t\t\t\t\t\t<!-- pulsantiera -->\n\t\t\t\t\t\t<div class=\"pulsantiera\" data-ng-click=\"$event.stopPropagation()\">\n\t\t\t\t\t\t\t\t\t\t\t\t\t\t<div\n\t\t\t\t\t\t\t\tclass=\"nascondi pulsante\"\n\t\t\t\t\t\t\t\tdata-ng-show=\"veicolo.hasStato('mostra-info-listino') || veicolo.hasStato('mostra-info-misure')\"\n\t\t\t\t\t\t\t\tdata-ng-click=\"veicolo.removeStato('mostra-info-listino'); veicolo.removeStato('mostra-info-misure');\"\n\t\t\t\t\t\t\t\ttabindex=\"0\"\n\t\t\t\t\t\t\t>\n\t\t\t\t\t\t\t\tClose\t\t\t\t\t\t\t<\/div>\n\t\t\t\t\t\t<\/div>\n\n\t\t\t\t\t\t<!-- misure van -->\n\t\t\t\t\t\t\n\t\t\t\t\t\t<!-- misure van (mobile) -->\n\t\t\t\t\t\t<div class=\"cnt-misure\">\n\t\t\t\t\t\t\t<table>\n\t\t\t\t\t\t\t\t<tr>\n\t\t\t\t\t\t\t\t\t<td colspan=\"3\">\n\t\t\t\t\t\t\t\t\t\t<h5>Innenma\u00dfe<\/h5>\n\t\t\t\t\t\t\t\t\t<\/td>\n\t\t\t\t\t\t\t\t<\/tr>\n\t\t\t\t\t\t\t\t\t\t\t\t\t\t\t\t\t\t\t\t\t\t\t\t\t\t\t\t\t\t\t\t\t\t\t\t\t\t\t\t\t\t\t\t\t\t\t\t\t\t\t\t\t\t\t\t\t\t\t\t\t\t\t\t\t\t\t\t\t\t\t\t\t\t\t\t\t\t\t\t\t\t\t\t\t\t\t\t\t\t\t\t\t\t\t\t<tr>\n\t\t\t\t\t\t\t\t\t<td colspan=\"3\">\n\t\t\t\t\t\t\t\t\t\t<small>\n\t\t\t\t\t\t\t\t\t\t\t<br>\n\t\t\t\t\t\t\t\t\t\t\tDie Ma\u00dfe werden vom Hersteller angegeben und stellen Maximalwerte dar. <\/br><\/br>F\u00fcr genaue Abmessungen<\/br> und verf\u00fcgbare Modelle<\/br> kontaktieren Sie uns bitte direkt.\t\t\t\t\t\t\t\t\t\t<\/small>\n\t\t\t\t\t\t\t\t\t<\/td>\n\t\t\t\t\t\t\t\t<\/tr>\n\t\t\t\t\t\t\t<\/table>\n\t\t\t\t\t\t<\/div>\n\n\t\t\t\t\t\t<div class=\"prezzo text-center\">\n\t\t\t\t\t\t\t<a class=\"btn-espandi-promo btn btn-secondary mt-5\" href=\"#prenota\">\n\t\t\t\t\t\t\t\t<i aria-hidden=\"true\" class=\"fas fa-arrow-circle-up\"><\/i>\n\t\t\t\t\t\t\t\tGo to booking\t\t\t\t\t\t\t<\/a>\n\t\t\t\t\t\t<\/div>\n\n\t\t\t\t\t\t<!-- informazioni veicolo (auto e van) -->\n\t\t\t\t\t\t\t\t\t\t\t\t<div class=\"optional\">\n\t\t\t\t\t\t\t<ul>\n\t\t\t\t\t\t\t\t\t\t\t\t\t\t\t\t\t<li ng-class=\"veicolo.isElettrico('Benzin\/Diesel') ? 'ico-alimentazione-e' : 'ico-alimentazione'\">Benzin\/Diesel<\/li>\n\t\t\t\t\t\t\t\t\t\t\t\t\t\t\t\t\t\t\t\t\t\t\t\t\t<li class=\"ico-porte\">5<\/li>\n\t\t\t\t\t\t\t\t\t\t\t\t\t\t\t\t\t\t\t\t\t\t\t\t\t\t\t\t\t\t\t\t\t<li class=\"ico-trasmissione\">Automatikgetriebe<\/li>\n\t\t\t\t\t\t\t\t\t\t\t\t\t\t\t\t\t\t\t\t\t\t\t\t\t<li class=\"ico-posti\">5<\/li>\n\t\t\t\t\t\t\t\t\t\t\t\t\t\t\t<\/ul>\n\t\t\t\t\t\t<\/div>\n\t\t\t\t\t\t\n\t\t\t\t\t<\/div><!-- \/.veicolo -->\n\n\t\t\t\t<\/div>\n\n\t\t\t<\/div><!-- \/.lista-auto -->\n\n\t\t\n\t\t\t<!-- elenco auto -->\n\t\t\t<div class=\"col-12 mb-4 col-lg-6 col-xl-4 col-xxl-3\">\n\t\t\t\t<div\n\t\t\t\t\tclass=\"veicolo \"\n\t\t\t\t\tdata-ng-controller=\"VeicoloController as veicolo\"\n\t\t\t\t\tdata-ng-mouseenter=\"!veicolo.hasStato('scelta-listino') && veicolo.addStato('hover')\"\n\t\t\t\t\tdata-ng-class=\"[veicolo.getStato()]\"\n\t\t\t\t>\n\n\t\t\t\t\t<div class=\"h-100\">\n\n\t\t\t\t\t\t<!-- nome modello -->\n\t\t\t\t\t\t<div class=\"tipo\" style=\"line-height: 1\">\n\t\t\t\t\t\t\t<h5 class=\"font-weight-bold mb-0\">Lexus ES Hybrid <small>(Gruppe <strong>N1<\/strong>)<\/small><\/h5>\n\t\t\t\t\t\t\t<small>oder \u00e4hnlich*<\/small>\n\t\t\t\t\t\t<\/div>\n\n\t\t\t\t\t\t\n\t\t\t\t\t\t<!-- immagine -->\n\t\t\t\t\t\t<img class=\"img\" src=\"https:\/\/bo.noleggiare.it\/immagini\/auto\/6895b8ce5bfc0_vetrina-NBT-lexus-es.png\" \/>\n\n\t\t\t\t\t\t<!-- elettrico -->\n\t\t\t\t\t\t<img class=\"img-elettrico\" ng-if=\"veicolo.isElettrico('Hybrid-Auto')\" ng-src=\"https:\/\/www.noleggiare.it\/wp-content\/themes\/noleggiare\/img\/ico-elettric.svg\" \/>\n\n\t\t\t\t\t\t<!-- pulsantiera -->\n\t\t\t\t\t\t<div class=\"pulsantiera\" data-ng-click=\"$event.stopPropagation()\">\n\t\t\t\t\t\t\t\t\t\t\t\t\t\t<div\n\t\t\t\t\t\t\t\tclass=\"nascondi pulsante\"\n\t\t\t\t\t\t\t\tdata-ng-show=\"veicolo.hasStato('mostra-info-listino') || veicolo.hasStato('mostra-info-misure')\"\n\t\t\t\t\t\t\t\tdata-ng-click=\"veicolo.removeStato('mostra-info-listino'); veicolo.removeStato('mostra-info-misure');\"\n\t\t\t\t\t\t\t\ttabindex=\"0\"\n\t\t\t\t\t\t\t>\n\t\t\t\t\t\t\t\tClose\t\t\t\t\t\t\t<\/div>\n\t\t\t\t\t\t<\/div>\n\n\t\t\t\t\t\t<!-- misure van -->\n\t\t\t\t\t\t\n\t\t\t\t\t\t<!-- misure van (mobile) -->\n\t\t\t\t\t\t<div class=\"cnt-misure\">\n\t\t\t\t\t\t\t<table>\n\t\t\t\t\t\t\t\t<tr>\n\t\t\t\t\t\t\t\t\t<td colspan=\"3\">\n\t\t\t\t\t\t\t\t\t\t<h5>Innenma\u00dfe<\/h5>\n\t\t\t\t\t\t\t\t\t<\/td>\n\t\t\t\t\t\t\t\t<\/tr>\n\t\t\t\t\t\t\t\t\t\t\t\t\t\t\t\t\t\t\t\t\t\t\t\t\t\t\t\t\t\t\t\t\t\t\t\t\t\t\t\t\t\t\t\t\t\t\t\t\t\t\t\t\t\t\t\t\t\t\t\t\t\t\t\t\t\t\t\t\t\t\t\t\t\t\t\t\t\t\t\t\t\t\t\t\t\t\t\t\t\t\t\t\t\t\t\t<tr>\n\t\t\t\t\t\t\t\t\t<td colspan=\"3\">\n\t\t\t\t\t\t\t\t\t\t<small>\n\t\t\t\t\t\t\t\t\t\t\t<br>\n\t\t\t\t\t\t\t\t\t\t\tDie Ma\u00dfe werden vom Hersteller angegeben und stellen Maximalwerte dar. <\/br><\/br>F\u00fcr genaue Abmessungen<\/br> und verf\u00fcgbare Modelle<\/br> kontaktieren Sie uns bitte direkt.\t\t\t\t\t\t\t\t\t\t<\/small>\n\t\t\t\t\t\t\t\t\t<\/td>\n\t\t\t\t\t\t\t\t<\/tr>\n\t\t\t\t\t\t\t<\/table>\n\t\t\t\t\t\t<\/div>\n\n\t\t\t\t\t\t<div class=\"prezzo text-center\">\n\t\t\t\t\t\t\t<a class=\"btn-espandi-promo btn btn-secondary mt-5\" href=\"#prenota\">\n\t\t\t\t\t\t\t\t<i aria-hidden=\"true\" class=\"fas fa-arrow-circle-up\"><\/i>\n\t\t\t\t\t\t\t\tGo to booking\t\t\t\t\t\t\t<\/a>\n\t\t\t\t\t\t<\/div>\n\n\t\t\t\t\t\t<!-- informazioni veicolo (auto e van) -->\n\t\t\t\t\t\t\t\t\t\t\t\t<div class=\"optional\">\n\t\t\t\t\t\t\t<ul>\n\t\t\t\t\t\t\t\t\t\t\t\t\t\t\t\t\t<li ng-class=\"veicolo.isElettrico('Hybrid-Auto') ? 'ico-alimentazione-e' : 'ico-alimentazione'\">Hybrid-Auto<\/li>\n\t\t\t\t\t\t\t\t\t\t\t\t\t\t\t\t\t\t\t\t\t\t\t\t\t<li class=\"ico-porte\">5<\/li>\n\t\t\t\t\t\t\t\t\t\t\t\t\t\t\t\t\t\t\t\t\t\t\t\t\t\t\t\t\t\t\t\t\t<li class=\"ico-trasmissione\">Automatikgetriebe<\/li>\n\t\t\t\t\t\t\t\t\t\t\t\t\t\t\t\t\t\t\t\t\t\t\t\t\t<li class=\"ico-posti\">5<\/li>\n\t\t\t\t\t\t\t\t\t\t\t\t\t\t\t<\/ul>\n\t\t\t\t\t\t<\/div>\n\t\t\t\t\t\t\n\t\t\t\t\t<\/div><!-- \/.veicolo -->\n\n\t\t\t\t<\/div>\n\n\t\t\t<\/div><!-- \/.lista-auto -->\n\n\t\t\n\t\t\t<!-- elenco auto -->\n\t\t\t<div class=\"col-12 mb-4 col-lg-6 col-xl-4 col-xxl-3\">\n\t\t\t\t<div\n\t\t\t\t\tclass=\"veicolo \"\n\t\t\t\t\tdata-ng-controller=\"VeicoloController as veicolo\"\n\t\t\t\t\tdata-ng-mouseenter=\"!veicolo.hasStato('scelta-listino') && veicolo.addStato('hover')\"\n\t\t\t\t\tdata-ng-class=\"[veicolo.getStato()]\"\n\t\t\t\t>\n\n\t\t\t\t\t<div class=\"h-100\">\n\n\t\t\t\t\t\t<!-- nome modello -->\n\t\t\t\t\t\t<div class=\"tipo\" style=\"line-height: 1\">\n\t\t\t\t\t\t\t<h5 class=\"font-weight-bold mb-0\">Toyota Mirai <small>(Gruppe <strong>N2<\/strong>)<\/small><\/h5>\n\t\t\t\t\t\t\t<small>oder \u00e4hnlich*<\/small>\n\t\t\t\t\t\t<\/div>\n\n\t\t\t\t\t\t\n\t\t\t\t\t\t<!-- immagine -->\n\t\t\t\t\t\t<img class=\"img\" src=\"https:\/\/bo.noleggiare.it\/immagini\/auto\/6895b87b1a34f_vetrina-NBT-toyota-mirai.png\" \/>\n\n\t\t\t\t\t\t<!-- elettrico -->\n\t\t\t\t\t\t<img class=\"img-elettrico\" ng-if=\"veicolo.isElettrico('Wasserstoff')\" ng-src=\"https:\/\/www.noleggiare.it\/wp-content\/themes\/noleggiare\/img\/ico-elettric.svg\" \/>\n\n\t\t\t\t\t\t<!-- pulsantiera -->\n\t\t\t\t\t\t<div class=\"pulsantiera\" data-ng-click=\"$event.stopPropagation()\">\n\t\t\t\t\t\t\t\t\t\t\t\t\t\t<div\n\t\t\t\t\t\t\t\tclass=\"nascondi pulsante\"\n\t\t\t\t\t\t\t\tdata-ng-show=\"veicolo.hasStato('mostra-info-listino') || veicolo.hasStato('mostra-info-misure')\"\n\t\t\t\t\t\t\t\tdata-ng-click=\"veicolo.removeStato('mostra-info-listino'); veicolo.removeStato('mostra-info-misure');\"\n\t\t\t\t\t\t\t\ttabindex=\"0\"\n\t\t\t\t\t\t\t>\n\t\t\t\t\t\t\t\tClose\t\t\t\t\t\t\t<\/div>\n\t\t\t\t\t\t<\/div>\n\n\t\t\t\t\t\t<!-- misure van -->\n\t\t\t\t\t\t\n\t\t\t\t\t\t<!-- misure van (mobile) -->\n\t\t\t\t\t\t<div class=\"cnt-misure\">\n\t\t\t\t\t\t\t<table>\n\t\t\t\t\t\t\t\t<tr>\n\t\t\t\t\t\t\t\t\t<td colspan=\"3\">\n\t\t\t\t\t\t\t\t\t\t<h5>Innenma\u00dfe<\/h5>\n\t\t\t\t\t\t\t\t\t<\/td>\n\t\t\t\t\t\t\t\t<\/tr>\n\t\t\t\t\t\t\t\t\t\t\t\t\t\t\t\t\t\t\t\t\t\t\t\t\t\t\t\t\t\t\t\t\t\t\t\t\t\t\t\t\t\t\t\t\t\t\t\t\t\t\t\t\t\t\t\t\t\t\t\t\t\t\t\t\t\t\t\t\t\t\t\t\t\t\t\t\t\t\t\t\t\t\t\t\t\t\t\t\t\t\t\t\t\t\t\t<tr>\n\t\t\t\t\t\t\t\t\t<td colspan=\"3\">\n\t\t\t\t\t\t\t\t\t\t<small>\n\t\t\t\t\t\t\t\t\t\t\t<br>\n\t\t\t\t\t\t\t\t\t\t\tDie Ma\u00dfe werden vom Hersteller angegeben und stellen Maximalwerte dar. <\/br><\/br>F\u00fcr genaue Abmessungen<\/br> und verf\u00fcgbare Modelle<\/br> kontaktieren Sie uns bitte direkt.\t\t\t\t\t\t\t\t\t\t<\/small>\n\t\t\t\t\t\t\t\t\t<\/td>\n\t\t\t\t\t\t\t\t<\/tr>\n\t\t\t\t\t\t\t<\/table>\n\t\t\t\t\t\t<\/div>\n\n\t\t\t\t\t\t<div class=\"prezzo text-center\">\n\t\t\t\t\t\t\t<a class=\"btn-espandi-promo btn btn-secondary mt-5\" href=\"#prenota\">\n\t\t\t\t\t\t\t\t<i aria-hidden=\"true\" class=\"fas fa-arrow-circle-up\"><\/i>\n\t\t\t\t\t\t\t\tGo to booking\t\t\t\t\t\t\t<\/a>\n\t\t\t\t\t\t<\/div>\n\n\t\t\t\t\t\t<!-- informazioni veicolo (auto e van) -->\n\t\t\t\t\t\t\t\t\t\t\t\t<div class=\"optional\">\n\t\t\t\t\t\t\t<ul>\n\t\t\t\t\t\t\t\t\t\t\t\t\t\t\t\t\t<li ng-class=\"veicolo.isElettrico('Wasserstoff') ? 'ico-alimentazione-e' : 'ico-alimentazione'\">Wasserstoff<\/li>\n\t\t\t\t\t\t\t\t\t\t\t\t\t\t\t\t\t\t\t\t\t\t\t\t\t<li class=\"ico-porte\">5<\/li>\n\t\t\t\t\t\t\t\t\t\t\t\t\t\t\t\t\t\t\t\t\t\t\t\t\t\t\t\t\t\t\t\t\t<li class=\"ico-trasmissione\">Automatikgetriebe<\/li>\n\t\t\t\t\t\t\t\t\t\t\t\t\t\t\t\t\t\t\t\t\t\t\t\t\t<li class=\"ico-posti\">4<\/li>\n\t\t\t\t\t\t\t\t\t\t\t\t\t\t\t<\/ul>\n\t\t\t\t\t\t<\/div>\n\t\t\t\t\t\t\n\t\t\t\t\t<\/div><!-- \/.veicolo -->\n\n\t\t\t\t<\/div>\n\n\t\t\t<\/div><!-- \/.lista-auto -->\n\n\t\t\n\t\t\t<!-- elenco auto -->\n\t\t\t<div class=\"col-12 mb-4 col-lg-6 col-xl-4 col-xxl-3\">\n\t\t\t\t<div\n\t\t\t\t\tclass=\"veicolo \"\n\t\t\t\t\tdata-ng-controller=\"VeicoloController as veicolo\"\n\t\t\t\t\tdata-ng-mouseenter=\"!veicolo.hasStato('scelta-listino') && veicolo.addStato('hover')\"\n\t\t\t\t\tdata-ng-class=\"[veicolo.getStato()]\"\n\t\t\t\t>\n\n\t\t\t\t\t<div class=\"h-100\">\n\n\t\t\t\t\t\t<!-- nome modello -->\n\t\t\t\t\t\t<div class=\"tipo\" style=\"line-height: 1\">\n\t\t\t\t\t\t\t<h5 class=\"font-weight-bold mb-0\">Mercedes GLA <small>(Gruppe <strong>O<\/strong>)<\/small><\/h5>\n\t\t\t\t\t\t\t<small>oder \u00e4hnlich*<\/small>\n\t\t\t\t\t\t<\/div>\n\n\t\t\t\t\t\t\n\t\t\t\t\t\t<!-- immagine -->\n\t\t\t\t\t\t<img class=\"img\" src=\"https:\/\/bo.noleggiare.it\/immagini\/auto\/6895b82fa29c8_vetrina-NBT-mercedes-gla.png\" \/>\n\n\t\t\t\t\t\t<!-- elettrico -->\n\t\t\t\t\t\t<img class=\"img-elettrico\" ng-if=\"veicolo.isElettrico('Benzin\/Diesel')\" ng-src=\"https:\/\/www.noleggiare.it\/wp-content\/themes\/noleggiare\/img\/ico-elettric.svg\" \/>\n\n\t\t\t\t\t\t<!-- pulsantiera -->\n\t\t\t\t\t\t<div class=\"pulsantiera\" data-ng-click=\"$event.stopPropagation()\">\n\t\t\t\t\t\t\t\t\t\t\t\t\t\t<div\n\t\t\t\t\t\t\t\tclass=\"nascondi pulsante\"\n\t\t\t\t\t\t\t\tdata-ng-show=\"veicolo.hasStato('mostra-info-listino') || veicolo.hasStato('mostra-info-misure')\"\n\t\t\t\t\t\t\t\tdata-ng-click=\"veicolo.removeStato('mostra-info-listino'); veicolo.removeStato('mostra-info-misure');\"\n\t\t\t\t\t\t\t\ttabindex=\"0\"\n\t\t\t\t\t\t\t>\n\t\t\t\t\t\t\t\tClose\t\t\t\t\t\t\t<\/div>\n\t\t\t\t\t\t<\/div>\n\n\t\t\t\t\t\t<!-- misure van -->\n\t\t\t\t\t\t\n\t\t\t\t\t\t<!-- misure van (mobile) -->\n\t\t\t\t\t\t<div class=\"cnt-misure\">\n\t\t\t\t\t\t\t<table>\n\t\t\t\t\t\t\t\t<tr>\n\t\t\t\t\t\t\t\t\t<td colspan=\"3\">\n\t\t\t\t\t\t\t\t\t\t<h5>Innenma\u00dfe<\/h5>\n\t\t\t\t\t\t\t\t\t<\/td>\n\t\t\t\t\t\t\t\t<\/tr>\n\t\t\t\t\t\t\t\t\t\t\t\t\t\t\t\t\t\t\t\t\t\t\t\t\t\t\t\t\t\t\t\t\t\t\t\t\t\t\t\t\t\t\t\t\t\t\t\t\t\t\t\t\t\t\t\t\t\t\t\t\t\t\t\t\t\t\t\t\t\t\t\t\t\t\t\t\t\t\t\t\t\t\t\t\t\t\t\t\t\t\t\t\t\t\t\t<tr>\n\t\t\t\t\t\t\t\t\t<td colspan=\"3\">\n\t\t\t\t\t\t\t\t\t\t<small>\n\t\t\t\t\t\t\t\t\t\t\t<br>\n\t\t\t\t\t\t\t\t\t\t\tDie Ma\u00dfe werden vom Hersteller angegeben und stellen Maximalwerte dar. <\/br><\/br>F\u00fcr genaue Abmessungen<\/br> und verf\u00fcgbare Modelle<\/br> kontaktieren Sie uns bitte direkt.\t\t\t\t\t\t\t\t\t\t<\/small>\n\t\t\t\t\t\t\t\t\t<\/td>\n\t\t\t\t\t\t\t\t<\/tr>\n\t\t\t\t\t\t\t<\/table>\n\t\t\t\t\t\t<\/div>\n\n\t\t\t\t\t\t<div class=\"prezzo text-center\">\n\t\t\t\t\t\t\t<a class=\"btn-espandi-promo btn btn-secondary mt-5\" href=\"#prenota\">\n\t\t\t\t\t\t\t\t<i aria-hidden=\"true\" class=\"fas fa-arrow-circle-up\"><\/i>\n\t\t\t\t\t\t\t\tGo to booking\t\t\t\t\t\t\t<\/a>\n\t\t\t\t\t\t<\/div>\n\n\t\t\t\t\t\t<!-- informazioni veicolo (auto e van) -->\n\t\t\t\t\t\t\t\t\t\t\t\t<div class=\"optional\">\n\t\t\t\t\t\t\t<ul>\n\t\t\t\t\t\t\t\t\t\t\t\t\t\t\t\t\t<li ng-class=\"veicolo.isElettrico('Benzin\/Diesel') ? 'ico-alimentazione-e' : 'ico-alimentazione'\">Benzin\/Diesel<\/li>\n\t\t\t\t\t\t\t\t\t\t\t\t\t\t\t\t\t\t\t\t\t\t\t\t\t<li class=\"ico-porte\">5<\/li>\n\t\t\t\t\t\t\t\t\t\t\t\t\t\t\t\t\t\t\t\t\t\t\t\t\t\t\t\t\t\t\t\t\t<li class=\"ico-trasmissione\">Automatikgetriebe<\/li>\n\t\t\t\t\t\t\t\t\t\t\t\t\t\t\t\t\t\t\t\t\t\t\t\t\t<li class=\"ico-posti\">5<\/li>\n\t\t\t\t\t\t\t\t\t\t\t\t\t\t\t<\/ul>\n\t\t\t\t\t\t<\/div>\n\t\t\t\t\t\t\n\t\t\t\t\t<\/div><!-- \/.veicolo -->\n\n\t\t\t\t<\/div>\n\n\t\t\t<\/div><!-- \/.lista-auto -->\n\n\t\t\n\t\t\t<!-- elenco auto -->\n\t\t\t<div class=\"col-12 mb-4 col-lg-6 col-xl-4 col-xxl-3\">\n\t\t\t\t<div\n\t\t\t\t\tclass=\"veicolo \"\n\t\t\t\t\tdata-ng-controller=\"VeicoloController as veicolo\"\n\t\t\t\t\tdata-ng-mouseenter=\"!veicolo.hasStato('scelta-listino') && veicolo.addStato('hover')\"\n\t\t\t\t\tdata-ng-class=\"[veicolo.getStato()]\"\n\t\t\t\t>\n\n\t\t\t\t\t<div class=\"h-100\">\n\n\t\t\t\t\t\t<!-- nome modello -->\n\t\t\t\t\t\t<div class=\"tipo\" style=\"line-height: 1\">\n\t\t\t\t\t\t\t<h5 class=\"font-weight-bold mb-0\">Jaguar E-pace <small>(Gruppe <strong>O2<\/strong>)<\/small><\/h5>\n\t\t\t\t\t\t\t<small>oder \u00e4hnlich*<\/small>\n\t\t\t\t\t\t<\/div>\n\n\t\t\t\t\t\t\n\t\t\t\t\t\t<!-- immagine -->\n\t\t\t\t\t\t<img class=\"img\" src=\"https:\/\/bo.noleggiare.it\/immagini\/auto\/6895f43faaae0_Jaguar-E-pace-Gruppo-O2.png\" \/>\n\n\t\t\t\t\t\t<!-- elettrico -->\n\t\t\t\t\t\t<img class=\"img-elettrico\" ng-if=\"veicolo.isElettrico('Benzin\/Diesel')\" ng-src=\"https:\/\/www.noleggiare.it\/wp-content\/themes\/noleggiare\/img\/ico-elettric.svg\" \/>\n\n\t\t\t\t\t\t<!-- pulsantiera -->\n\t\t\t\t\t\t<div class=\"pulsantiera\" data-ng-click=\"$event.stopPropagation()\">\n\t\t\t\t\t\t\t\t\t\t\t\t\t\t<div\n\t\t\t\t\t\t\t\tclass=\"nascondi pulsante\"\n\t\t\t\t\t\t\t\tdata-ng-show=\"veicolo.hasStato('mostra-info-listino') || veicolo.hasStato('mostra-info-misure')\"\n\t\t\t\t\t\t\t\tdata-ng-click=\"veicolo.removeStato('mostra-info-listino'); veicolo.removeStato('mostra-info-misure');\"\n\t\t\t\t\t\t\t\ttabindex=\"0\"\n\t\t\t\t\t\t\t>\n\t\t\t\t\t\t\t\tClose\t\t\t\t\t\t\t<\/div>\n\t\t\t\t\t\t<\/div>\n\n\t\t\t\t\t\t<!-- misure van -->\n\t\t\t\t\t\t\n\t\t\t\t\t\t<!-- misure van (mobile) -->\n\t\t\t\t\t\t<div class=\"cnt-misure\">\n\t\t\t\t\t\t\t<table>\n\t\t\t\t\t\t\t\t<tr>\n\t\t\t\t\t\t\t\t\t<td colspan=\"3\">\n\t\t\t\t\t\t\t\t\t\t<h5>Innenma\u00dfe<\/h5>\n\t\t\t\t\t\t\t\t\t<\/td>\n\t\t\t\t\t\t\t\t<\/tr>\n\t\t\t\t\t\t\t\t\t\t\t\t\t\t\t\t\t\t\t\t\t\t\t\t\t\t\t\t\t\t\t\t\t\t\t\t\t\t\t\t\t\t\t\t\t\t\t\t\t\t\t\t\t\t\t\t\t\t\t\t\t\t\t\t\t\t\t\t\t\t\t\t\t\t\t\t\t\t\t\t\t\t\t\t\t\t\t\t\t\t\t\t\t\t\t\t<tr>\n\t\t\t\t\t\t\t\t\t<td colspan=\"3\">\n\t\t\t\t\t\t\t\t\t\t<small>\n\t\t\t\t\t\t\t\t\t\t\t<br>\n\t\t\t\t\t\t\t\t\t\t\tDie Ma\u00dfe werden vom Hersteller angegeben und stellen Maximalwerte dar. <\/br><\/br>F\u00fcr genaue Abmessungen<\/br> und verf\u00fcgbare Modelle<\/br> kontaktieren Sie uns bitte direkt.\t\t\t\t\t\t\t\t\t\t<\/small>\n\t\t\t\t\t\t\t\t\t<\/td>\n\t\t\t\t\t\t\t\t<\/tr>\n\t\t\t\t\t\t\t<\/table>\n\t\t\t\t\t\t<\/div>\n\n\t\t\t\t\t\t<div class=\"prezzo text-center\">\n\t\t\t\t\t\t\t<a class=\"btn-espandi-promo btn btn-secondary mt-5\" href=\"#prenota\">\n\t\t\t\t\t\t\t\t<i aria-hidden=\"true\" class=\"fas fa-arrow-circle-up\"><\/i>\n\t\t\t\t\t\t\t\tGo to booking\t\t\t\t\t\t\t<\/a>\n\t\t\t\t\t\t<\/div>\n\n\t\t\t\t\t\t<!-- informazioni veicolo (auto e van) -->\n\t\t\t\t\t\t\t\t\t\t\t\t<div class=\"optional\">\n\t\t\t\t\t\t\t<ul>\n\t\t\t\t\t\t\t\t\t\t\t\t\t\t\t\t\t<li ng-class=\"veicolo.isElettrico('Benzin\/Diesel') ? 'ico-alimentazione-e' : 'ico-alimentazione'\">Benzin\/Diesel<\/li>\n\t\t\t\t\t\t\t\t\t\t\t\t\t\t\t\t\t\t\t\t\t\t\t\t\t<li class=\"ico-porte\">5<\/li>\n\t\t\t\t\t\t\t\t\t\t\t\t\t\t\t\t\t\t\t\t\t\t\t\t\t\t\t\t\t\t\t\t\t<li class=\"ico-trasmissione\">Automatikgetriebe<\/li>\n\t\t\t\t\t\t\t\t\t\t\t\t\t\t\t\t\t\t\t\t\t\t\t\t\t<li class=\"ico-posti\">5<\/li>\n\t\t\t\t\t\t\t\t\t\t\t\t\t\t\t<\/ul>\n\t\t\t\t\t\t<\/div>\n\t\t\t\t\t\t\n\t\t\t\t\t<\/div><!-- \/.veicolo -->\n\n\t\t\t\t<\/div>\n\n\t\t\t<\/div><!-- \/.lista-auto -->\n\n\t\t\n\t\t\t<!-- elenco auto -->\n\t\t\t<div class=\"col-12 mb-4 col-lg-6 col-xl-4 col-xxl-3\">\n\t\t\t\t<div\n\t\t\t\t\tclass=\"veicolo \"\n\t\t\t\t\tdata-ng-controller=\"VeicoloController as veicolo\"\n\t\t\t\t\tdata-ng-mouseenter=\"!veicolo.hasStato('scelta-listino') && veicolo.addStato('hover')\"\n\t\t\t\t\tdata-ng-class=\"[veicolo.getStato()]\"\n\t\t\t\t>\n\n\t\t\t\t\t<div class=\"h-100\">\n\n\t\t\t\t\t\t<!-- nome modello -->\n\t\t\t\t\t\t<div class=\"tipo\" style=\"line-height: 1\">\n\t\t\t\t\t\t\t<h5 class=\"font-weight-bold mb-0\">MG HS <small>(Gruppe <strong>S4<\/strong>)<\/small><\/h5>\n\t\t\t\t\t\t\t<small>oder \u00e4hnlich*<\/small>\n\t\t\t\t\t\t<\/div>\n\n\t\t\t\t\t\t\n\t\t\t\t\t\t<!-- immagine -->\n\t\t\t\t\t\t<img class=\"img\" src=\"https:\/\/bo.noleggiare.it\/immagini\/auto\/6895b94935e31_vetrina-NBT-mg-hs.png\" \/>\n\n\t\t\t\t\t\t<!-- elettrico -->\n\t\t\t\t\t\t<img class=\"img-elettrico\" ng-if=\"veicolo.isElettrico('Benzin\/Diesel')\" ng-src=\"https:\/\/www.noleggiare.it\/wp-content\/themes\/noleggiare\/img\/ico-elettric.svg\" \/>\n\n\t\t\t\t\t\t<!-- pulsantiera -->\n\t\t\t\t\t\t<div class=\"pulsantiera\" data-ng-click=\"$event.stopPropagation()\">\n\t\t\t\t\t\t\t\t\t\t\t\t\t\t<div\n\t\t\t\t\t\t\t\tclass=\"nascondi pulsante\"\n\t\t\t\t\t\t\t\tdata-ng-show=\"veicolo.hasStato('mostra-info-listino') || veicolo.hasStato('mostra-info-misure')\"\n\t\t\t\t\t\t\t\tdata-ng-click=\"veicolo.removeStato('mostra-info-listino'); veicolo.removeStato('mostra-info-misure');\"\n\t\t\t\t\t\t\t\ttabindex=\"0\"\n\t\t\t\t\t\t\t>\n\t\t\t\t\t\t\t\tClose\t\t\t\t\t\t\t<\/div>\n\t\t\t\t\t\t<\/div>\n\n\t\t\t\t\t\t<!-- misure van -->\n\t\t\t\t\t\t\n\t\t\t\t\t\t<!-- misure van (mobile) -->\n\t\t\t\t\t\t<div class=\"cnt-misure\">\n\t\t\t\t\t\t\t<table>\n\t\t\t\t\t\t\t\t<tr>\n\t\t\t\t\t\t\t\t\t<td colspan=\"3\">\n\t\t\t\t\t\t\t\t\t\t<h5>Innenma\u00dfe<\/h5>\n\t\t\t\t\t\t\t\t\t<\/td>\n\t\t\t\t\t\t\t\t<\/tr>\n\t\t\t\t\t\t\t\t\t\t\t\t\t\t\t\t\t\t\t\t\t\t\t\t\t\t\t\t\t\t\t\t\t\t\t\t\t\t\t\t\t\t\t\t\t\t\t\t\t\t\t\t\t\t\t\t\t\t\t\t\t\t\t\t\t\t\t\t\t\t\t\t\t\t\t\t\t\t\t\t\t\t\t\t\t\t\t\t\t\t\t\t\t\t\t\t<tr>\n\t\t\t\t\t\t\t\t\t<td colspan=\"3\">\n\t\t\t\t\t\t\t\t\t\t<small>\n\t\t\t\t\t\t\t\t\t\t\t<br>\n\t\t\t\t\t\t\t\t\t\t\tDie Ma\u00dfe werden vom Hersteller angegeben und stellen Maximalwerte dar. <\/br><\/br>F\u00fcr genaue Abmessungen<\/br> und verf\u00fcgbare Modelle<\/br> kontaktieren Sie uns bitte direkt.\t\t\t\t\t\t\t\t\t\t<\/small>\n\t\t\t\t\t\t\t\t\t<\/td>\n\t\t\t\t\t\t\t\t<\/tr>\n\t\t\t\t\t\t\t<\/table>\n\t\t\t\t\t\t<\/div>\n\n\t\t\t\t\t\t<div class=\"prezzo text-center\">\n\t\t\t\t\t\t\t<a class=\"btn-espandi-promo btn btn-secondary mt-5\" href=\"#prenota\">\n\t\t\t\t\t\t\t\t<i aria-hidden=\"true\" class=\"fas fa-arrow-circle-up\"><\/i>\n\t\t\t\t\t\t\t\tGo to booking\t\t\t\t\t\t\t<\/a>\n\t\t\t\t\t\t<\/div>\n\n\t\t\t\t\t\t<!-- informazioni veicolo (auto e van) -->\n\t\t\t\t\t\t\t\t\t\t\t\t<div class=\"optional\">\n\t\t\t\t\t\t\t<ul>\n\t\t\t\t\t\t\t\t\t\t\t\t\t\t\t\t\t<li ng-class=\"veicolo.isElettrico('Benzin\/Diesel') ? 'ico-alimentazione-e' : 'ico-alimentazione'\">Benzin\/Diesel<\/li>\n\t\t\t\t\t\t\t\t\t\t\t\t\t\t\t\t\t\t\t\t\t\t\t\t\t<li class=\"ico-porte\">5<\/li>\n\t\t\t\t\t\t\t\t\t\t\t\t\t\t\t\t\t\t\t\t\t\t\t\t\t\t\t\t\t\t\t\t\t<li class=\"ico-trasmissione\">Automatikgetriebe<\/li>\n\t\t\t\t\t\t\t\t\t\t\t\t\t\t\t\t\t\t\t\t\t\t\t\t\t<li class=\"ico-posti\">5<\/li>\n\t\t\t\t\t\t\t\t\t\t\t\t\t\t\t<\/ul>\n\t\t\t\t\t\t<\/div>\n\t\t\t\t\t\t\n\t\t\t\t\t<\/div><!-- \/.veicolo -->\n\n\t\t\t\t<\/div>\n\n\t\t\t<\/div><!-- \/.lista-auto -->\n\n\t\t\n\t\t\t<!-- elenco auto -->\n\t\t\t<div class=\"col-12 mb-4 col-lg-6 col-xl-4 col-xxl-3\">\n\t\t\t\t<div\n\t\t\t\t\tclass=\"veicolo \"\n\t\t\t\t\tdata-ng-controller=\"VeicoloController as veicolo\"\n\t\t\t\t\tdata-ng-mouseenter=\"!veicolo.hasStato('scelta-listino') && veicolo.addStato('hover')\"\n\t\t\t\t\tdata-ng-class=\"[veicolo.getStato()]\"\n\t\t\t\t>\n\n\t\t\t\t\t<div class=\"h-100\">\n\n\t\t\t\t\t\t<!-- nome modello -->\n\t\t\t\t\t\t<div class=\"tipo\" style=\"line-height: 1\">\n\t\t\t\t\t\t\t<h5 class=\"font-weight-bold mb-0\">Ford Mustang Mach-E <small>(Gruppe <strong>O+<\/strong>)<\/small><\/h5>\n\t\t\t\t\t\t\t<small>oder \u00e4hnlich*<\/small>\n\t\t\t\t\t\t<\/div>\n\n\t\t\t\t\t\t\n\t\t\t\t\t\t<!-- immagine -->\n\t\t\t\t\t\t<img class=\"img\" src=\"https:\/\/bo.noleggiare.it\/immagini\/auto\/6895d2e5c5e58_Ford-Mustang-Mach-E.png\" \/>\n\n\t\t\t\t\t\t<!-- elettrico -->\n\t\t\t\t\t\t<img class=\"img-elettrico\" ng-if=\"veicolo.isElettrico('Elektroauto')\" ng-src=\"https:\/\/www.noleggiare.it\/wp-content\/themes\/noleggiare\/img\/ico-elettric.svg\" \/>\n\n\t\t\t\t\t\t<!-- pulsantiera -->\n\t\t\t\t\t\t<div class=\"pulsantiera\" data-ng-click=\"$event.stopPropagation()\">\n\t\t\t\t\t\t\t\t\t\t\t\t\t\t<div\n\t\t\t\t\t\t\t\tclass=\"nascondi pulsante\"\n\t\t\t\t\t\t\t\tdata-ng-show=\"veicolo.hasStato('mostra-info-listino') || veicolo.hasStato('mostra-info-misure')\"\n\t\t\t\t\t\t\t\tdata-ng-click=\"veicolo.removeStato('mostra-info-listino'); veicolo.removeStato('mostra-info-misure');\"\n\t\t\t\t\t\t\t\ttabindex=\"0\"\n\t\t\t\t\t\t\t>\n\t\t\t\t\t\t\t\tClose\t\t\t\t\t\t\t<\/div>\n\t\t\t\t\t\t<\/div>\n\n\t\t\t\t\t\t<!-- misure van -->\n\t\t\t\t\t\t\n\t\t\t\t\t\t<!-- misure van (mobile) -->\n\t\t\t\t\t\t<div class=\"cnt-misure\">\n\t\t\t\t\t\t\t<table>\n\t\t\t\t\t\t\t\t<tr>\n\t\t\t\t\t\t\t\t\t<td colspan=\"3\">\n\t\t\t\t\t\t\t\t\t\t<h5>Innenma\u00dfe<\/h5>\n\t\t\t\t\t\t\t\t\t<\/td>\n\t\t\t\t\t\t\t\t<\/tr>\n\t\t\t\t\t\t\t\t\t\t\t\t\t\t\t\t\t\t\t\t\t\t\t\t\t\t\t\t\t\t\t\t\t\t\t\t\t\t\t\t\t\t\t\t\t\t\t\t\t\t\t\t\t\t\t\t\t\t\t\t\t\t\t\t\t\t\t\t\t\t\t\t\t\t\t\t\t\t\t\t\t\t\t\t\t\t\t\t\t\t\t\t\t\t\t\t<tr>\n\t\t\t\t\t\t\t\t\t<td colspan=\"3\">\n\t\t\t\t\t\t\t\t\t\t<small>\n\t\t\t\t\t\t\t\t\t\t\t<br>\n\t\t\t\t\t\t\t\t\t\t\tDie Ma\u00dfe werden vom Hersteller angegeben und stellen Maximalwerte dar. <\/br><\/br>F\u00fcr genaue Abmessungen<\/br> und verf\u00fcgbare Modelle<\/br> kontaktieren Sie uns bitte direkt.\t\t\t\t\t\t\t\t\t\t<\/small>\n\t\t\t\t\t\t\t\t\t<\/td>\n\t\t\t\t\t\t\t\t<\/tr>\n\t\t\t\t\t\t\t<\/table>\n\t\t\t\t\t\t<\/div>\n\n\t\t\t\t\t\t<div class=\"prezzo text-center\">\n\t\t\t\t\t\t\t<a class=\"btn-espandi-promo btn btn-secondary mt-5\" href=\"#prenota\">\n\t\t\t\t\t\t\t\t<i aria-hidden=\"true\" class=\"fas fa-arrow-circle-up\"><\/i>\n\t\t\t\t\t\t\t\tGo to booking\t\t\t\t\t\t\t<\/a>\n\t\t\t\t\t\t<\/div>\n\n\t\t\t\t\t\t<!-- informazioni veicolo (auto e van) -->\n\t\t\t\t\t\t\t\t\t\t\t\t<div class=\"optional\">\n\t\t\t\t\t\t\t<ul>\n\t\t\t\t\t\t\t\t\t\t\t\t\t\t\t\t\t<li ng-class=\"veicolo.isElettrico('Elektroauto') ? 'ico-alimentazione-e' : 'ico-alimentazione'\">Elektroauto<\/li>\n\t\t\t\t\t\t\t\t\t\t\t\t\t\t\t\t\t\t\t\t\t\t\t\t\t<li class=\"ico-porte\">5<\/li>\n\t\t\t\t\t\t\t\t\t\t\t\t\t\t\t\t\t\t\t\t\t\t\t\t\t<li class=\"ico-valigie\">2 large<\/li>\n\t\t\t\t\t\t\t\t\t\t\t\t\t\t\t\t\t\t\t\t\t\t\t\t\t<li class=\"ico-trasmissione\">Automatikgetriebe<\/li>\n\t\t\t\t\t\t\t\t\t\t\t\t\t\t\t\t\t\t\t\t\t\t\t\t\t<li class=\"ico-posti\">5<\/li>\n\t\t\t\t\t\t\t\t\t\t\t\t\t\t\t<\/ul>\n\t\t\t\t\t\t<\/div>\n\t\t\t\t\t\t\n\t\t\t\t\t<\/div><!-- \/.veicolo -->\n\n\t\t\t\t<\/div>\n\n\t\t\t<\/div><!-- \/.lista-auto -->\n\n\t\t\n\t\t\t<!-- elenco auto -->\n\t\t\t<div class=\"col-12 mb-4 col-lg-6 col-xl-4 col-xxl-3\">\n\t\t\t\t<div\n\t\t\t\t\tclass=\"veicolo \"\n\t\t\t\t\tdata-ng-controller=\"VeicoloController as veicolo\"\n\t\t\t\t\tdata-ng-mouseenter=\"!veicolo.hasStato('scelta-listino') && veicolo.addStato('hover')\"\n\t\t\t\t\tdata-ng-class=\"[veicolo.getStato()]\"\n\t\t\t\t>\n\n\t\t\t\t\t<div class=\"h-100\">\n\n\t\t\t\t\t\t<!-- nome modello -->\n\t\t\t\t\t\t<div class=\"tipo\" style=\"line-height: 1\">\n\t\t\t\t\t\t\t<h5 class=\"font-weight-bold mb-0\">Lexus NX <small>(Gruppe <strong>O1<\/strong>)<\/small><\/h5>\n\t\t\t\t\t\t\t<small>oder \u00e4hnlich*<\/small>\n\t\t\t\t\t\t<\/div>\n\n\t\t\t\t\t\t\n\t\t\t\t\t\t<!-- immagine -->\n\t\t\t\t\t\t<img class=\"img\" src=\"https:\/\/bo.noleggiare.it\/immagini\/auto\/6895d550a2521_lexus-nx.png\" \/>\n\n\t\t\t\t\t\t<!-- elettrico -->\n\t\t\t\t\t\t<img class=\"img-elettrico\" ng-if=\"veicolo.isElettrico('Hybrid-Auto')\" ng-src=\"https:\/\/www.noleggiare.it\/wp-content\/themes\/noleggiare\/img\/ico-elettric.svg\" \/>\n\n\t\t\t\t\t\t<!-- pulsantiera -->\n\t\t\t\t\t\t<div class=\"pulsantiera\" data-ng-click=\"$event.stopPropagation()\">\n\t\t\t\t\t\t\t\t\t\t\t\t\t\t<div\n\t\t\t\t\t\t\t\tclass=\"nascondi pulsante\"\n\t\t\t\t\t\t\t\tdata-ng-show=\"veicolo.hasStato('mostra-info-listino') || veicolo.hasStato('mostra-info-misure')\"\n\t\t\t\t\t\t\t\tdata-ng-click=\"veicolo.removeStato('mostra-info-listino'); veicolo.removeStato('mostra-info-misure');\"\n\t\t\t\t\t\t\t\ttabindex=\"0\"\n\t\t\t\t\t\t\t>\n\t\t\t\t\t\t\t\tClose\t\t\t\t\t\t\t<\/div>\n\t\t\t\t\t\t<\/div>\n\n\t\t\t\t\t\t<!-- misure van -->\n\t\t\t\t\t\t\n\t\t\t\t\t\t<!-- misure van (mobile) -->\n\t\t\t\t\t\t<div class=\"cnt-misure\">\n\t\t\t\t\t\t\t<table>\n\t\t\t\t\t\t\t\t<tr>\n\t\t\t\t\t\t\t\t\t<td colspan=\"3\">\n\t\t\t\t\t\t\t\t\t\t<h5>Innenma\u00dfe<\/h5>\n\t\t\t\t\t\t\t\t\t<\/td>\n\t\t\t\t\t\t\t\t<\/tr>\n\t\t\t\t\t\t\t\t\t\t\t\t\t\t\t\t\t\t\t\t\t\t\t\t\t\t\t\t\t\t\t\t\t\t\t\t\t\t\t\t\t\t\t\t\t\t\t\t\t\t\t\t\t\t\t\t\t\t\t\t\t\t\t\t\t\t\t\t\t\t\t\t\t\t\t\t\t\t\t\t\t\t\t\t\t\t\t\t\t\t\t\t\t\t\t\t<tr>\n\t\t\t\t\t\t\t\t\t<td colspan=\"3\">\n\t\t\t\t\t\t\t\t\t\t<small>\n\t\t\t\t\t\t\t\t\t\t\t<br>\n\t\t\t\t\t\t\t\t\t\t\tDie Ma\u00dfe werden vom Hersteller angegeben und stellen Maximalwerte dar. <\/br><\/br>F\u00fcr genaue Abmessungen<\/br> und verf\u00fcgbare Modelle<\/br> kontaktieren Sie uns bitte direkt.\t\t\t\t\t\t\t\t\t\t<\/small>\n\t\t\t\t\t\t\t\t\t<\/td>\n\t\t\t\t\t\t\t\t<\/tr>\n\t\t\t\t\t\t\t<\/table>\n\t\t\t\t\t\t<\/div>\n\n\t\t\t\t\t\t<div class=\"prezzo text-center\">\n\t\t\t\t\t\t\t<a class=\"btn-espandi-promo btn btn-secondary mt-5\" href=\"#prenota\">\n\t\t\t\t\t\t\t\t<i aria-hidden=\"true\" class=\"fas fa-arrow-circle-up\"><\/i>\n\t\t\t\t\t\t\t\tGo to booking\t\t\t\t\t\t\t<\/a>\n\t\t\t\t\t\t<\/div>\n\n\t\t\t\t\t\t<!-- informazioni veicolo (auto e van) -->\n\t\t\t\t\t\t\t\t\t\t\t\t<div class=\"optional\">\n\t\t\t\t\t\t\t<ul>\n\t\t\t\t\t\t\t\t\t\t\t\t\t\t\t\t\t<li ng-class=\"veicolo.isElettrico('Hybrid-Auto') ? 'ico-alimentazione-e' : 'ico-alimentazione'\">Hybrid-Auto<\/li>\n\t\t\t\t\t\t\t\t\t\t\t\t\t\t\t\t\t\t\t\t\t\t\t\t\t<li class=\"ico-porte\">5<\/li>\n\t\t\t\t\t\t\t\t\t\t\t\t\t\t\t\t\t\t\t\t\t\t\t\t\t\t\t\t\t\t\t\t\t<li class=\"ico-trasmissione\">Automatikgetriebe<\/li>\n\t\t\t\t\t\t\t\t\t\t\t\t\t\t\t\t\t\t\t\t\t\t\t\t\t<li class=\"ico-posti\">5<\/li>\n\t\t\t\t\t\t\t\t\t\t\t\t\t\t\t<\/ul>\n\t\t\t\t\t\t<\/div>\n\t\t\t\t\t\t\n\t\t\t\t\t<\/div><!-- \/.veicolo -->\n\n\t\t\t\t<\/div>\n\n\t\t\t<\/div><!-- \/.lista-auto -->\n\n\t\t\n\t\t\t<!-- elenco auto -->\n\t\t\t<div class=\"col-12 mb-4 col-lg-6 col-xl-4 col-xxl-3\">\n\t\t\t\t<div\n\t\t\t\t\tclass=\"veicolo \"\n\t\t\t\t\tdata-ng-controller=\"VeicoloController as veicolo\"\n\t\t\t\t\tdata-ng-mouseenter=\"!veicolo.hasStato('scelta-listino') && veicolo.addStato('hover')\"\n\t\t\t\t\tdata-ng-class=\"[veicolo.getStato()]\"\n\t\t\t\t>\n\n\t\t\t\t\t<div class=\"h-100\">\n\n\t\t\t\t\t\t<!-- nome modello -->\n\t\t\t\t\t\t<div class=\"tipo\" style=\"line-height: 1\">\n\t\t\t\t\t\t\t<h5 class=\"font-weight-bold mb-0\">Mercedes GLE <small>(Gruppe <strong>P<\/strong>)<\/small><\/h5>\n\t\t\t\t\t\t\t<small>oder \u00e4hnlich*<\/small>\n\t\t\t\t\t\t<\/div>\n\n\t\t\t\t\t\t\n\t\t\t\t\t\t<!-- immagine -->\n\t\t\t\t\t\t<img class=\"img\" src=\"https:\/\/bo.noleggiare.it\/immagini\/auto\/6895bd74a58e9_vetrina-NBT-mercedes-gle.png\" \/>\n\n\t\t\t\t\t\t<!-- elettrico -->\n\t\t\t\t\t\t<img class=\"img-elettrico\" ng-if=\"veicolo.isElettrico('Benzin')\" ng-src=\"https:\/\/www.noleggiare.it\/wp-content\/themes\/noleggiare\/img\/ico-elettric.svg\" \/>\n\n\t\t\t\t\t\t<!-- pulsantiera -->\n\t\t\t\t\t\t<div class=\"pulsantiera\" data-ng-click=\"$event.stopPropagation()\">\n\t\t\t\t\t\t\t\t\t\t\t\t\t\t<div\n\t\t\t\t\t\t\t\tclass=\"nascondi pulsante\"\n\t\t\t\t\t\t\t\tdata-ng-show=\"veicolo.hasStato('mostra-info-listino') || veicolo.hasStato('mostra-info-misure')\"\n\t\t\t\t\t\t\t\tdata-ng-click=\"veicolo.removeStato('mostra-info-listino'); veicolo.removeStato('mostra-info-misure');\"\n\t\t\t\t\t\t\t\ttabindex=\"0\"\n\t\t\t\t\t\t\t>\n\t\t\t\t\t\t\t\tClose\t\t\t\t\t\t\t<\/div>\n\t\t\t\t\t\t<\/div>\n\n\t\t\t\t\t\t<!-- misure van -->\n\t\t\t\t\t\t\n\t\t\t\t\t\t<!-- misure van (mobile) -->\n\t\t\t\t\t\t<div class=\"cnt-misure\">\n\t\t\t\t\t\t\t<table>\n\t\t\t\t\t\t\t\t<tr>\n\t\t\t\t\t\t\t\t\t<td colspan=\"3\">\n\t\t\t\t\t\t\t\t\t\t<h5>Innenma\u00dfe<\/h5>\n\t\t\t\t\t\t\t\t\t<\/td>\n\t\t\t\t\t\t\t\t<\/tr>\n\t\t\t\t\t\t\t\t\t\t\t\t\t\t\t\t\t\t\t\t\t\t\t\t\t\t\t\t\t\t\t\t\t\t\t\t\t\t\t\t\t\t\t\t\t\t\t\t\t\t\t\t\t\t\t\t\t\t\t\t\t\t\t\t\t\t\t\t\t\t\t\t\t\t\t\t\t\t\t\t\t\t\t\t\t\t\t\t\t\t\t\t\t\t\t\t<tr>\n\t\t\t\t\t\t\t\t\t<td colspan=\"3\">\n\t\t\t\t\t\t\t\t\t\t<small>\n\t\t\t\t\t\t\t\t\t\t\t<br>\n\t\t\t\t\t\t\t\t\t\t\tDie Ma\u00dfe werden vom Hersteller angegeben und stellen Maximalwerte dar. <\/br><\/br>F\u00fcr genaue Abmessungen<\/br> und verf\u00fcgbare Modelle<\/br> kontaktieren Sie uns bitte direkt.\t\t\t\t\t\t\t\t\t\t<\/small>\n\t\t\t\t\t\t\t\t\t<\/td>\n\t\t\t\t\t\t\t\t<\/tr>\n\t\t\t\t\t\t\t<\/table>\n\t\t\t\t\t\t<\/div>\n\n\t\t\t\t\t\t<div class=\"prezzo text-center\">\n\t\t\t\t\t\t\t<a class=\"btn-espandi-promo btn btn-secondary mt-5\" href=\"#prenota\">\n\t\t\t\t\t\t\t\t<i aria-hidden=\"true\" class=\"fas fa-arrow-circle-up\"><\/i>\n\t\t\t\t\t\t\t\tGo to booking\t\t\t\t\t\t\t<\/a>\n\t\t\t\t\t\t<\/div>\n\n\t\t\t\t\t\t<!-- informazioni veicolo (auto e van) -->\n\t\t\t\t\t\t\t\t\t\t\t\t<div class=\"optional\">\n\t\t\t\t\t\t\t<ul>\n\t\t\t\t\t\t\t\t\t\t\t\t\t\t\t\t\t<li ng-class=\"veicolo.isElettrico('Benzin') ? 'ico-alimentazione-e' : 'ico-alimentazione'\">Benzin<\/li>\n\t\t\t\t\t\t\t\t\t\t\t\t\t\t\t\t\t\t\t\t\t\t\t\t\t<li class=\"ico-porte\">5<\/li>\n\t\t\t\t\t\t\t\t\t\t\t\t\t\t\t\t\t\t\t\t\t\t\t\t\t\t\t\t\t\t\t\t\t<li class=\"ico-trasmissione\">Automatikgetriebe<\/li>\n\t\t\t\t\t\t\t\t\t\t\t\t\t\t\t\t\t\t\t\t\t\t\t\t\t<li class=\"ico-posti\">5<\/li>\n\t\t\t\t\t\t\t\t\t\t\t\t\t\t\t<\/ul>\n\t\t\t\t\t\t<\/div>\n\t\t\t\t\t\t\n\t\t\t\t\t<\/div><!-- \/.veicolo -->\n\n\t\t\t\t<\/div>\n\n\t\t\t<\/div><!-- \/.lista-auto -->\n\n\t\t\n\t\t\t<!-- elenco auto -->\n\t\t\t<div class=\"col-12 mb-4 col-lg-6 col-xl-4 col-xxl-3\">\n\t\t\t\t<div\n\t\t\t\t\tclass=\"veicolo \"\n\t\t\t\t\tdata-ng-controller=\"VeicoloController as veicolo\"\n\t\t\t\t\tdata-ng-mouseenter=\"!veicolo.hasStato('scelta-listino') && veicolo.addStato('hover')\"\n\t\t\t\t\tdata-ng-class=\"[veicolo.getStato()]\"\n\t\t\t\t>\n\n\t\t\t\t\t<div class=\"h-100\">\n\n\t\t\t\t\t\t<!-- nome modello -->\n\t\t\t\t\t\t<div class=\"tipo\" style=\"line-height: 1\">\n\t\t\t\t\t\t\t<h5 class=\"font-weight-bold mb-0\">Range Rover Sport <small>(Gruppe <strong>P1<\/strong>)<\/small><\/h5>\n\t\t\t\t\t\t\t<small>oder \u00e4hnlich*<\/small>\n\t\t\t\t\t\t<\/div>\n\n\t\t\t\t\t\t\n\t\t\t\t\t\t<!-- immagine -->\n\t\t\t\t\t\t<img class=\"img\" src=\"https:\/\/bo.noleggiare.it\/immagini\/auto\/6895cd70e3933_Range-Rover-Sport.png\" \/>\n\n\t\t\t\t\t\t<!-- elettrico -->\n\t\t\t\t\t\t<img class=\"img-elettrico\" ng-if=\"veicolo.isElettrico('Benzin')\" ng-src=\"https:\/\/www.noleggiare.it\/wp-content\/themes\/noleggiare\/img\/ico-elettric.svg\" \/>\n\n\t\t\t\t\t\t<!-- pulsantiera -->\n\t\t\t\t\t\t<div class=\"pulsantiera\" data-ng-click=\"$event.stopPropagation()\">\n\t\t\t\t\t\t\t\t\t\t\t\t\t\t<div\n\t\t\t\t\t\t\t\tclass=\"nascondi pulsante\"\n\t\t\t\t\t\t\t\tdata-ng-show=\"veicolo.hasStato('mostra-info-listino') || veicolo.hasStato('mostra-info-misure')\"\n\t\t\t\t\t\t\t\tdata-ng-click=\"veicolo.removeStato('mostra-info-listino'); veicolo.removeStato('mostra-info-misure');\"\n\t\t\t\t\t\t\t\ttabindex=\"0\"\n\t\t\t\t\t\t\t>\n\t\t\t\t\t\t\t\tClose\t\t\t\t\t\t\t<\/div>\n\t\t\t\t\t\t<\/div>\n\n\t\t\t\t\t\t<!-- misure van -->\n\t\t\t\t\t\t\n\t\t\t\t\t\t<!-- misure van (mobile) -->\n\t\t\t\t\t\t<div class=\"cnt-misure\">\n\t\t\t\t\t\t\t<table>\n\t\t\t\t\t\t\t\t<tr>\n\t\t\t\t\t\t\t\t\t<td colspan=\"3\">\n\t\t\t\t\t\t\t\t\t\t<h5>Innenma\u00dfe<\/h5>\n\t\t\t\t\t\t\t\t\t<\/td>\n\t\t\t\t\t\t\t\t<\/tr>\n\t\t\t\t\t\t\t\t\t\t\t\t\t\t\t\t\t\t\t\t\t\t\t\t\t\t\t\t\t\t\t\t\t\t\t\t\t\t\t\t\t\t\t\t\t\t\t\t\t\t\t\t\t\t\t\t\t\t\t\t\t\t\t\t\t\t\t\t\t\t\t\t\t\t\t\t\t\t\t\t\t\t\t\t\t\t\t\t\t\t\t\t\t\t\t\t<tr>\n\t\t\t\t\t\t\t\t\t<td colspan=\"3\">\n\t\t\t\t\t\t\t\t\t\t<small>\n\t\t\t\t\t\t\t\t\t\t\t<br>\n\t\t\t\t\t\t\t\t\t\t\tDie Ma\u00dfe werden vom Hersteller angegeben und stellen Maximalwerte dar. <\/br><\/br>F\u00fcr genaue Abmessungen<\/br> und verf\u00fcgbare Modelle<\/br> kontaktieren Sie uns bitte direkt.\t\t\t\t\t\t\t\t\t\t<\/small>\n\t\t\t\t\t\t\t\t\t<\/td>\n\t\t\t\t\t\t\t\t<\/tr>\n\t\t\t\t\t\t\t<\/table>\n\t\t\t\t\t\t<\/div>\n\n\t\t\t\t\t\t<div class=\"prezzo text-center\">\n\t\t\t\t\t\t\t<a class=\"btn-espandi-promo btn btn-secondary mt-5\" href=\"#prenota\">\n\t\t\t\t\t\t\t\t<i aria-hidden=\"true\" class=\"fas fa-arrow-circle-up\"><\/i>\n\t\t\t\t\t\t\t\tGo to booking\t\t\t\t\t\t\t<\/a>\n\t\t\t\t\t\t<\/div>\n\n\t\t\t\t\t\t<!-- informazioni veicolo (auto e van) -->\n\t\t\t\t\t\t\t\t\t\t\t\t<div class=\"optional\">\n\t\t\t\t\t\t\t<ul>\n\t\t\t\t\t\t\t\t\t\t\t\t\t\t\t\t\t<li ng-class=\"veicolo.isElettrico('Benzin') ? 'ico-alimentazione-e' : 'ico-alimentazione'\">Benzin<\/li>\n\t\t\t\t\t\t\t\t\t\t\t\t\t\t\t\t\t\t\t\t\t\t\t\t\t<li class=\"ico-porte\">5<\/li>\n\t\t\t\t\t\t\t\t\t\t\t\t\t\t\t\t\t\t\t\t\t\t\t\t\t\t\t\t\t\t\t\t\t<li class=\"ico-trasmissione\">Automatikgetriebe<\/li>\n\t\t\t\t\t\t\t\t\t\t\t\t\t\t\t\t\t\t\t\t\t\t\t\t\t<li class=\"ico-posti\">5<\/li>\n\t\t\t\t\t\t\t\t\t\t\t\t\t\t\t<\/ul>\n\t\t\t\t\t\t<\/div>\n\t\t\t\t\t\t\n\t\t\t\t\t<\/div><!-- \/.veicolo -->\n\n\t\t\t\t<\/div>\n\n\t\t\t<\/div><!-- \/.lista-auto -->\n\n\t\t\n\t\t\t<!-- elenco auto -->\n\t\t\t<div class=\"col-12 mb-4 col-lg-6 col-xl-4 col-xxl-3\">\n\t\t\t\t<div\n\t\t\t\t\tclass=\"veicolo \"\n\t\t\t\t\tdata-ng-controller=\"VeicoloController as veicolo\"\n\t\t\t\t\tdata-ng-mouseenter=\"!veicolo.hasStato('scelta-listino') && veicolo.addStato('hover')\"\n\t\t\t\t\tdata-ng-class=\"[veicolo.getStato()]\"\n\t\t\t\t>\n\n\t\t\t\t\t<div class=\"h-100\">\n\n\t\t\t\t\t\t<!-- nome modello -->\n\t\t\t\t\t\t<div class=\"tipo\" style=\"line-height: 1\">\n\t\t\t\t\t\t\t<h5 class=\"font-weight-bold mb-0\">Ford Grand Tourneo <small>(Gruppe <strong>F<\/strong>)<\/small><\/h5>\n\t\t\t\t\t\t\t<small>oder \u00e4hnlich*<\/small>\n\t\t\t\t\t\t<\/div>\n\n\t\t\t\t\t\t\n\t\t\t\t\t\t<!-- immagine -->\n\t\t\t\t\t\t<img class=\"img\" src=\"https:\/\/bo.noleggiare.it\/immagini\/auto\/6895c17a8858a_ford-grand-tourneo.png\" \/>\n\n\t\t\t\t\t\t<!-- elettrico -->\n\t\t\t\t\t\t<img class=\"img-elettrico\" ng-if=\"veicolo.isElettrico('Benzin\/Diesel')\" ng-src=\"https:\/\/www.noleggiare.it\/wp-content\/themes\/noleggiare\/img\/ico-elettric.svg\" \/>\n\n\t\t\t\t\t\t<!-- pulsantiera -->\n\t\t\t\t\t\t<div class=\"pulsantiera\" data-ng-click=\"$event.stopPropagation()\">\n\t\t\t\t\t\t\t\t\t\t\t\t\t\t<div\n\t\t\t\t\t\t\t\tclass=\"nascondi pulsante\"\n\t\t\t\t\t\t\t\tdata-ng-show=\"veicolo.hasStato('mostra-info-listino') || veicolo.hasStato('mostra-info-misure')\"\n\t\t\t\t\t\t\t\tdata-ng-click=\"veicolo.removeStato('mostra-info-listino'); veicolo.removeStato('mostra-info-misure');\"\n\t\t\t\t\t\t\t\ttabindex=\"0\"\n\t\t\t\t\t\t\t>\n\t\t\t\t\t\t\t\tClose\t\t\t\t\t\t\t<\/div>\n\t\t\t\t\t\t<\/div>\n\n\t\t\t\t\t\t<!-- misure van -->\n\t\t\t\t\t\t\n\t\t\t\t\t\t<!-- misure van (mobile) -->\n\t\t\t\t\t\t<div class=\"cnt-misure\">\n\t\t\t\t\t\t\t<table>\n\t\t\t\t\t\t\t\t<tr>\n\t\t\t\t\t\t\t\t\t<td colspan=\"3\">\n\t\t\t\t\t\t\t\t\t\t<h5>Innenma\u00dfe<\/h5>\n\t\t\t\t\t\t\t\t\t<\/td>\n\t\t\t\t\t\t\t\t<\/tr>\n\t\t\t\t\t\t\t\t\t\t\t\t\t\t\t\t\t\t\t\t\t\t\t\t\t\t\t\t\t\t\t\t\t\t\t\t\t\t\t\t\t\t\t\t\t\t\t\t\t\t\t\t\t\t\t\t\t\t\t\t\t\t\t\t\t\t\t\t\t\t\t\t\t\t\t\t\t\t\t\t\t\t\t\t\t\t\t\t\t\t\t\t\t\t\t\t<tr>\n\t\t\t\t\t\t\t\t\t<td colspan=\"3\">\n\t\t\t\t\t\t\t\t\t\t<small>\n\t\t\t\t\t\t\t\t\t\t\t<br>\n\t\t\t\t\t\t\t\t\t\t\tDie Ma\u00dfe werden vom Hersteller angegeben und stellen Maximalwerte dar. <\/br><\/br>F\u00fcr genaue Abmessungen<\/br> und verf\u00fcgbare Modelle<\/br> kontaktieren Sie uns bitte direkt.\t\t\t\t\t\t\t\t\t\t<\/small>\n\t\t\t\t\t\t\t\t\t<\/td>\n\t\t\t\t\t\t\t\t<\/tr>\n\t\t\t\t\t\t\t<\/table>\n\t\t\t\t\t\t<\/div>\n\n\t\t\t\t\t\t<div class=\"prezzo text-center\">\n\t\t\t\t\t\t\t<a class=\"btn-espandi-promo btn btn-secondary mt-5\" href=\"#prenota\">\n\t\t\t\t\t\t\t\t<i aria-hidden=\"true\" class=\"fas fa-arrow-circle-up\"><\/i>\n\t\t\t\t\t\t\t\tGo to booking\t\t\t\t\t\t\t<\/a>\n\t\t\t\t\t\t<\/div>\n\n\t\t\t\t\t\t<!-- informazioni veicolo (auto e van) -->\n\t\t\t\t\t\t\t\t\t\t\t\t<div class=\"optional\">\n\t\t\t\t\t\t\t<ul>\n\t\t\t\t\t\t\t\t\t\t\t\t\t\t\t\t\t<li ng-class=\"veicolo.isElettrico('Benzin\/Diesel') ? 'ico-alimentazione-e' : 'ico-alimentazione'\">Benzin\/Diesel<\/li>\n\t\t\t\t\t\t\t\t\t\t\t\t\t\t\t\t\t\t\t\t\t\t\t\t\t<li class=\"ico-porte\">5<\/li>\n\t\t\t\t\t\t\t\t\t\t\t\t\t\t\t\t\t\t\t\t\t\t\t\t\t\t\t\t\t\t\t\t\t<li class=\"ico-trasmissione\">Schaltgetriebe<\/li>\n\t\t\t\t\t\t\t\t\t\t\t\t\t\t\t\t\t\t\t\t\t\t\t\t\t<li class=\"ico-posti\">5<\/li>\n\t\t\t\t\t\t\t\t\t\t\t\t\t\t\t<\/ul>\n\t\t\t\t\t\t<\/div>\n\t\t\t\t\t\t\n\t\t\t\t\t<\/div><!-- \/.veicolo -->\n\n\t\t\t\t<\/div>\n\n\t\t\t<\/div><!-- \/.lista-auto -->\n\n\t\t\n\t\t\t<!-- elenco auto -->\n\t\t\t<div class=\"col-12 mb-4 col-lg-6 col-xl-4 col-xxl-3\">\n\t\t\t\t<div\n\t\t\t\t\tclass=\"veicolo \"\n\t\t\t\t\tdata-ng-controller=\"VeicoloController as veicolo\"\n\t\t\t\t\tdata-ng-mouseenter=\"!veicolo.hasStato('scelta-listino') && veicolo.addStato('hover')\"\n\t\t\t\t\tdata-ng-class=\"[veicolo.getStato()]\"\n\t\t\t\t>\n\n\t\t\t\t\t<div class=\"h-100\">\n\n\t\t\t\t\t\t<!-- nome modello -->\n\t\t\t\t\t\t<div class=\"tipo\" style=\"line-height: 1\">\n\t\t\t\t\t\t\t<h5 class=\"font-weight-bold mb-0\">VW Touran <small>(Gruppe <strong>X<\/strong>)<\/small><\/h5>\n\t\t\t\t\t\t\t<small>oder \u00e4hnlich*<\/small>\n\t\t\t\t\t\t<\/div>\n\n\t\t\t\t\t\t\n\t\t\t\t\t\t<!-- immagine -->\n\t\t\t\t\t\t<img class=\"img\" src=\"https:\/\/bo.noleggiare.it\/immagini\/auto\/6895da5f669c2_VW-Touran-Gruppo-X.png\" \/>\n\n\t\t\t\t\t\t<!-- elettrico -->\n\t\t\t\t\t\t<img class=\"img-elettrico\" ng-if=\"veicolo.isElettrico('Benzin\/Diesel')\" ng-src=\"https:\/\/www.noleggiare.it\/wp-content\/themes\/noleggiare\/img\/ico-elettric.svg\" \/>\n\n\t\t\t\t\t\t<!-- pulsantiera -->\n\t\t\t\t\t\t<div class=\"pulsantiera\" data-ng-click=\"$event.stopPropagation()\">\n\t\t\t\t\t\t\t\t\t\t\t\t\t\t<div\n\t\t\t\t\t\t\t\tclass=\"nascondi pulsante\"\n\t\t\t\t\t\t\t\tdata-ng-show=\"veicolo.hasStato('mostra-info-listino') || veicolo.hasStato('mostra-info-misure')\"\n\t\t\t\t\t\t\t\tdata-ng-click=\"veicolo.removeStato('mostra-info-listino'); veicolo.removeStato('mostra-info-misure');\"\n\t\t\t\t\t\t\t\ttabindex=\"0\"\n\t\t\t\t\t\t\t>\n\t\t\t\t\t\t\t\tClose\t\t\t\t\t\t\t<\/div>\n\t\t\t\t\t\t<\/div>\n\n\t\t\t\t\t\t<!-- misure van -->\n\t\t\t\t\t\t\n\t\t\t\t\t\t<!-- misure van (mobile) -->\n\t\t\t\t\t\t<div class=\"cnt-misure\">\n\t\t\t\t\t\t\t<table>\n\t\t\t\t\t\t\t\t<tr>\n\t\t\t\t\t\t\t\t\t<td colspan=\"3\">\n\t\t\t\t\t\t\t\t\t\t<h5>Innenma\u00dfe<\/h5>\n\t\t\t\t\t\t\t\t\t<\/td>\n\t\t\t\t\t\t\t\t<\/tr>\n\t\t\t\t\t\t\t\t\t\t\t\t\t\t\t\t\t\t\t\t\t\t\t\t\t\t\t\t\t\t\t\t\t\t\t\t\t\t\t\t\t\t\t\t\t\t\t\t\t\t\t\t\t\t\t\t\t\t\t\t\t\t\t\t\t\t\t\t\t\t\t\t\t\t\t\t\t\t\t\t\t\t\t\t\t\t\t\t\t\t\t\t\t\t\t\t<tr>\n\t\t\t\t\t\t\t\t\t<td colspan=\"3\">\n\t\t\t\t\t\t\t\t\t\t<small>\n\t\t\t\t\t\t\t\t\t\t\t<br>\n\t\t\t\t\t\t\t\t\t\t\tDie Ma\u00dfe werden vom Hersteller angegeben und stellen Maximalwerte dar. <\/br><\/br>F\u00fcr genaue Abmessungen<\/br> und verf\u00fcgbare Modelle<\/br> kontaktieren Sie uns bitte direkt.\t\t\t\t\t\t\t\t\t\t<\/small>\n\t\t\t\t\t\t\t\t\t<\/td>\n\t\t\t\t\t\t\t\t<\/tr>\n\t\t\t\t\t\t\t<\/table>\n\t\t\t\t\t\t<\/div>\n\n\t\t\t\t\t\t<div class=\"prezzo text-center\">\n\t\t\t\t\t\t\t<a class=\"btn-espandi-promo btn btn-secondary mt-5\" href=\"#prenota\">\n\t\t\t\t\t\t\t\t<i aria-hidden=\"true\" class=\"fas fa-arrow-circle-up\"><\/i>\n\t\t\t\t\t\t\t\tGo to booking\t\t\t\t\t\t\t<\/a>\n\t\t\t\t\t\t<\/div>\n\n\t\t\t\t\t\t<!-- informazioni veicolo (auto e van) -->\n\t\t\t\t\t\t\t\t\t\t\t\t<div class=\"optional\">\n\t\t\t\t\t\t\t<ul>\n\t\t\t\t\t\t\t\t\t\t\t\t\t\t\t\t\t<li ng-class=\"veicolo.isElettrico('Benzin\/Diesel') ? 'ico-alimentazione-e' : 'ico-alimentazione'\">Benzin\/Diesel<\/li>\n\t\t\t\t\t\t\t\t\t\t\t\t\t\t\t\t\t\t\t\t\t\t\t\t\t<li class=\"ico-porte\">5<\/li>\n\t\t\t\t\t\t\t\t\t\t\t\t\t\t\t\t\t\t\t\t\t\t\t\t\t\t\t\t\t\t\t\t\t<li class=\"ico-trasmissione\">Schaltgetriebe<\/li>\n\t\t\t\t\t\t\t\t\t\t\t\t\t\t\t\t\t\t\t\t\t\t\t\t\t<li class=\"ico-posti\">7<\/li>\n\t\t\t\t\t\t\t\t\t\t\t\t\t\t\t<\/ul>\n\t\t\t\t\t\t<\/div>\n\t\t\t\t\t\t\n\t\t\t\t\t<\/div><!-- \/.veicolo -->\n\n\t\t\t\t<\/div>\n\n\t\t\t<\/div><!-- \/.lista-auto -->\n\n\t\t\n\t\t\t<!-- elenco auto -->\n\t\t\t<div class=\"col-12 mb-4 col-lg-6 col-xl-4 col-xxl-3\">\n\t\t\t\t<div\n\t\t\t\t\tclass=\"veicolo \"\n\t\t\t\t\tdata-ng-controller=\"VeicoloController as veicolo\"\n\t\t\t\t\tdata-ng-mouseenter=\"!veicolo.hasStato('scelta-listino') && veicolo.addStato('hover')\"\n\t\t\t\t\tdata-ng-class=\"[veicolo.getStato()]\"\n\t\t\t\t>\n\n\t\t\t\t\t<div class=\"h-100\">\n\n\t\t\t\t\t\t<!-- nome modello -->\n\t\t\t\t\t\t<div class=\"tipo\" style=\"line-height: 1\">\n\t\t\t\t\t\t\t<h5 class=\"font-weight-bold mb-0\">Peugeot 5008 <small>(Gruppe <strong>X1<\/strong>)<\/small><\/h5>\n\t\t\t\t\t\t\t<small>oder \u00e4hnlich*<\/small>\n\t\t\t\t\t\t<\/div>\n\n\t\t\t\t\t\t\n\t\t\t\t\t\t<!-- immagine -->\n\t\t\t\t\t\t<img class=\"img\" src=\"https:\/\/bo.noleggiare.it\/immagini\/auto\/6895c390254d5_Peugeot-5008---7-posti.png\" \/>\n\n\t\t\t\t\t\t<!-- elettrico -->\n\t\t\t\t\t\t<img class=\"img-elettrico\" ng-if=\"veicolo.isElettrico('Benzin\/Diesel')\" ng-src=\"https:\/\/www.noleggiare.it\/wp-content\/themes\/noleggiare\/img\/ico-elettric.svg\" \/>\n\n\t\t\t\t\t\t<!-- pulsantiera -->\n\t\t\t\t\t\t<div class=\"pulsantiera\" data-ng-click=\"$event.stopPropagation()\">\n\t\t\t\t\t\t\t\t\t\t\t\t\t\t<div\n\t\t\t\t\t\t\t\tclass=\"nascondi pulsante\"\n\t\t\t\t\t\t\t\tdata-ng-show=\"veicolo.hasStato('mostra-info-listino') || veicolo.hasStato('mostra-info-misure')\"\n\t\t\t\t\t\t\t\tdata-ng-click=\"veicolo.removeStato('mostra-info-listino'); veicolo.removeStato('mostra-info-misure');\"\n\t\t\t\t\t\t\t\ttabindex=\"0\"\n\t\t\t\t\t\t\t>\n\t\t\t\t\t\t\t\tClose\t\t\t\t\t\t\t<\/div>\n\t\t\t\t\t\t<\/div>\n\n\t\t\t\t\t\t<!-- misure van -->\n\t\t\t\t\t\t\n\t\t\t\t\t\t<!-- misure van (mobile) -->\n\t\t\t\t\t\t<div class=\"cnt-misure\">\n\t\t\t\t\t\t\t<table>\n\t\t\t\t\t\t\t\t<tr>\n\t\t\t\t\t\t\t\t\t<td colspan=\"3\">\n\t\t\t\t\t\t\t\t\t\t<h5>Innenma\u00dfe<\/h5>\n\t\t\t\t\t\t\t\t\t<\/td>\n\t\t\t\t\t\t\t\t<\/tr>\n\t\t\t\t\t\t\t\t\t\t\t\t\t\t\t\t\t\t\t\t\t\t\t\t\t\t\t\t\t\t\t\t\t\t\t\t\t\t\t\t\t\t\t\t\t\t\t\t\t\t\t\t\t\t\t\t\t\t\t\t\t\t\t\t\t\t\t\t\t\t\t\t\t\t\t\t\t\t\t\t\t\t\t\t\t\t\t\t\t\t\t\t\t\t\t\t<tr>\n\t\t\t\t\t\t\t\t\t<td colspan=\"3\">\n\t\t\t\t\t\t\t\t\t\t<small>\n\t\t\t\t\t\t\t\t\t\t\t<br>\n\t\t\t\t\t\t\t\t\t\t\tDie Ma\u00dfe werden vom Hersteller angegeben und stellen Maximalwerte dar. <\/br><\/br>F\u00fcr genaue Abmessungen<\/br> und verf\u00fcgbare Modelle<\/br> kontaktieren Sie uns bitte direkt.\t\t\t\t\t\t\t\t\t\t<\/small>\n\t\t\t\t\t\t\t\t\t<\/td>\n\t\t\t\t\t\t\t\t<\/tr>\n\t\t\t\t\t\t\t<\/table>\n\t\t\t\t\t\t<\/div>\n\n\t\t\t\t\t\t<div class=\"prezzo text-center\">\n\t\t\t\t\t\t\t<a class=\"btn-espandi-promo btn btn-secondary mt-5\" href=\"#prenota\">\n\t\t\t\t\t\t\t\t<i aria-hidden=\"true\" class=\"fas fa-arrow-circle-up\"><\/i>\n\t\t\t\t\t\t\t\tGo to booking\t\t\t\t\t\t\t<\/a>\n\t\t\t\t\t\t<\/div>\n\n\t\t\t\t\t\t<!-- informazioni veicolo (auto e van) -->\n\t\t\t\t\t\t\t\t\t\t\t\t<div class=\"optional\">\n\t\t\t\t\t\t\t<ul>\n\t\t\t\t\t\t\t\t\t\t\t\t\t\t\t\t\t<li ng-class=\"veicolo.isElettrico('Benzin\/Diesel') ? 'ico-alimentazione-e' : 'ico-alimentazione'\">Benzin\/Diesel<\/li>\n\t\t\t\t\t\t\t\t\t\t\t\t\t\t\t\t\t\t\t\t\t\t\t\t\t<li class=\"ico-porte\">5<\/li>\n\t\t\t\t\t\t\t\t\t\t\t\t\t\t\t\t\t\t\t\t\t\t\t\t\t\t\t\t\t\t\t\t\t<li class=\"ico-trasmissione\">Automatikgetriebe<\/li>\n\t\t\t\t\t\t\t\t\t\t\t\t\t\t\t\t\t\t\t\t\t\t\t\t\t<li class=\"ico-posti\">7<\/li>\n\t\t\t\t\t\t\t\t\t\t\t\t\t\t\t<\/ul>\n\t\t\t\t\t\t<\/div>\n\t\t\t\t\t\t\n\t\t\t\t\t<\/div><!-- \/.veicolo -->\n\n\t\t\t\t<\/div>\n\n\t\t\t<\/div><!-- \/.lista-auto -->\n\n\t\t\n\t\t\t<!-- elenco auto -->\n\t\t\t<div class=\"col-12 mb-4 col-lg-6 col-xl-4 col-xxl-3\">\n\t\t\t\t<div\n\t\t\t\t\tclass=\"veicolo \"\n\t\t\t\t\tdata-ng-controller=\"VeicoloController as veicolo\"\n\t\t\t\t\tdata-ng-mouseenter=\"!veicolo.hasStato('scelta-listino') && veicolo.addStato('hover')\"\n\t\t\t\t\tdata-ng-class=\"[veicolo.getStato()]\"\n\t\t\t\t>\n\n\t\t\t\t\t<div class=\"h-100\">\n\n\t\t\t\t\t\t<!-- nome modello -->\n\t\t\t\t\t\t<div class=\"tipo\" style=\"line-height: 1\">\n\t\t\t\t\t\t\t<h5 class=\"font-weight-bold mb-0\">Ford Tourneo Custom <small>(Gruppe <strong>M<\/strong>)<\/small><\/h5>\n\t\t\t\t\t\t\t<small>oder \u00e4hnlich*<\/small>\n\t\t\t\t\t\t<\/div>\n\n\t\t\t\t\t\t\n\t\t\t\t\t\t<!-- immagine -->\n\t\t\t\t\t\t<img class=\"img\" src=\"https:\/\/bo.noleggiare.it\/immagini\/auto\/6895d38a8101f_Ford-Tourneo-Custom-Gruppo-M.png\" \/>\n\n\t\t\t\t\t\t<!-- elettrico -->\n\t\t\t\t\t\t<img class=\"img-elettrico\" ng-if=\"veicolo.isElettrico('Diesel')\" ng-src=\"https:\/\/www.noleggiare.it\/wp-content\/themes\/noleggiare\/img\/ico-elettric.svg\" \/>\n\n\t\t\t\t\t\t<!-- pulsantiera -->\n\t\t\t\t\t\t<div class=\"pulsantiera\" data-ng-click=\"$event.stopPropagation()\">\n\t\t\t\t\t\t\t\t\t\t\t\t\t\t<div\n\t\t\t\t\t\t\t\tclass=\"nascondi pulsante\"\n\t\t\t\t\t\t\t\tdata-ng-show=\"veicolo.hasStato('mostra-info-listino') || veicolo.hasStato('mostra-info-misure')\"\n\t\t\t\t\t\t\t\tdata-ng-click=\"veicolo.removeStato('mostra-info-listino'); veicolo.removeStato('mostra-info-misure');\"\n\t\t\t\t\t\t\t\ttabindex=\"0\"\n\t\t\t\t\t\t\t>\n\t\t\t\t\t\t\t\tClose\t\t\t\t\t\t\t<\/div>\n\t\t\t\t\t\t<\/div>\n\n\t\t\t\t\t\t<!-- misure van -->\n\t\t\t\t\t\t\n\t\t\t\t\t\t<!-- misure van (mobile) -->\n\t\t\t\t\t\t<div class=\"cnt-misure\">\n\t\t\t\t\t\t\t<table>\n\t\t\t\t\t\t\t\t<tr>\n\t\t\t\t\t\t\t\t\t<td colspan=\"3\">\n\t\t\t\t\t\t\t\t\t\t<h5>Innenma\u00dfe<\/h5>\n\t\t\t\t\t\t\t\t\t<\/td>\n\t\t\t\t\t\t\t\t<\/tr>\n\t\t\t\t\t\t\t\t\t\t\t\t\t\t\t\t\t\t\t\t\t\t\t\t\t\t\t\t\t\t\t\t\t\t\t\t\t\t\t\t\t\t\t\t\t\t\t\t\t\t\t\t\t\t\t\t\t\t\t\t\t\t\t\t\t\t\t\t\t\t\t\t\t\t\t\t\t\t\t\t\t\t\t\t\t\t\t\t\t\t\t\t\t\t\t\t<tr>\n\t\t\t\t\t\t\t\t\t<td colspan=\"3\">\n\t\t\t\t\t\t\t\t\t\t<small>\n\t\t\t\t\t\t\t\t\t\t\t<br>\n\t\t\t\t\t\t\t\t\t\t\tDie Ma\u00dfe werden vom Hersteller angegeben und stellen Maximalwerte dar. <\/br><\/br>F\u00fcr genaue Abmessungen<\/br> und verf\u00fcgbare Modelle<\/br> kontaktieren Sie uns bitte direkt.\t\t\t\t\t\t\t\t\t\t<\/small>\n\t\t\t\t\t\t\t\t\t<\/td>\n\t\t\t\t\t\t\t\t<\/tr>\n\t\t\t\t\t\t\t<\/table>\n\t\t\t\t\t\t<\/div>\n\n\t\t\t\t\t\t<div class=\"prezzo text-center\">\n\t\t\t\t\t\t\t<a class=\"btn-espandi-promo btn btn-secondary mt-5\" href=\"#prenota\">\n\t\t\t\t\t\t\t\t<i aria-hidden=\"true\" class=\"fas fa-arrow-circle-up\"><\/i>\n\t\t\t\t\t\t\t\tGo to booking\t\t\t\t\t\t\t<\/a>\n\t\t\t\t\t\t<\/div>\n\n\t\t\t\t\t\t<!-- informazioni veicolo (auto e van) -->\n\t\t\t\t\t\t\t\t\t\t\t\t<div class=\"optional\">\n\t\t\t\t\t\t\t<ul>\n\t\t\t\t\t\t\t\t\t\t\t\t\t\t\t\t\t<li ng-class=\"veicolo.isElettrico('Diesel') ? 'ico-alimentazione-e' : 'ico-alimentazione'\">Diesel<\/li>\n\t\t\t\t\t\t\t\t\t\t\t\t\t\t\t\t\t\t\t\t\t\t\t\t\t<li class=\"ico-porte\">4<\/li>\n\t\t\t\t\t\t\t\t\t\t\t\t\t\t\t\t\t\t\t\t\t\t\t\t\t\t\t\t\t\t\t\t\t<li class=\"ico-trasmissione\">Schaltgetriebe<\/li>\n\t\t\t\t\t\t\t\t\t\t\t\t\t\t\t\t\t\t\t\t\t\t\t\t\t<li class=\"ico-posti\">9<\/li>\n\t\t\t\t\t\t\t\t\t\t\t\t\t\t\t<\/ul>\n\t\t\t\t\t\t<\/div>\n\t\t\t\t\t\t\n\t\t\t\t\t<\/div><!-- \/.veicolo -->\n\n\t\t\t\t<\/div>\n\n\t\t\t<\/div><!-- \/.lista-auto -->\n\n\t\t\n\t\t\t<!-- elenco auto -->\n\t\t\t<div class=\"col-12 mb-4 col-lg-6 col-xl-4 col-xxl-3\">\n\t\t\t\t<div\n\t\t\t\t\tclass=\"veicolo \"\n\t\t\t\t\tdata-ng-controller=\"VeicoloController as veicolo\"\n\t\t\t\t\tdata-ng-mouseenter=\"!veicolo.hasStato('scelta-listino') && veicolo.addStato('hover')\"\n\t\t\t\t\tdata-ng-class=\"[veicolo.getStato()]\"\n\t\t\t\t>\n\n\t\t\t\t\t<div class=\"h-100\">\n\n\t\t\t\t\t\t<!-- nome modello -->\n\t\t\t\t\t\t<div class=\"tipo\" style=\"line-height: 1\">\n\t\t\t\t\t\t\t<h5 class=\"font-weight-bold mb-0\">Hyundai Staria <small>(Gruppe <strong>M1<\/strong>)<\/small><\/h5>\n\t\t\t\t\t\t\t<small>oder \u00e4hnlich*<\/small>\n\t\t\t\t\t\t<\/div>\n\n\t\t\t\t\t\t\n\t\t\t\t\t\t<!-- immagine -->\n\t\t\t\t\t\t<img class=\"img\" src=\"https:\/\/bo.noleggiare.it\/immagini\/auto\/6895c819f3f37_Hyundai-Staria.png\" \/>\n\n\t\t\t\t\t\t<!-- elettrico -->\n\t\t\t\t\t\t<img class=\"img-elettrico\" ng-if=\"veicolo.isElettrico('Diesel')\" ng-src=\"https:\/\/www.noleggiare.it\/wp-content\/themes\/noleggiare\/img\/ico-elettric.svg\" \/>\n\n\t\t\t\t\t\t<!-- pulsantiera -->\n\t\t\t\t\t\t<div class=\"pulsantiera\" data-ng-click=\"$event.stopPropagation()\">\n\t\t\t\t\t\t\t\t\t\t\t\t\t\t<div\n\t\t\t\t\t\t\t\tclass=\"nascondi pulsante\"\n\t\t\t\t\t\t\t\tdata-ng-show=\"veicolo.hasStato('mostra-info-listino') || veicolo.hasStato('mostra-info-misure')\"\n\t\t\t\t\t\t\t\tdata-ng-click=\"veicolo.removeStato('mostra-info-listino'); veicolo.removeStato('mostra-info-misure');\"\n\t\t\t\t\t\t\t\ttabindex=\"0\"\n\t\t\t\t\t\t\t>\n\t\t\t\t\t\t\t\tClose\t\t\t\t\t\t\t<\/div>\n\t\t\t\t\t\t<\/div>\n\n\t\t\t\t\t\t<!-- misure van -->\n\t\t\t\t\t\t\n\t\t\t\t\t\t<!-- misure van (mobile) -->\n\t\t\t\t\t\t<div class=\"cnt-misure\">\n\t\t\t\t\t\t\t<table>\n\t\t\t\t\t\t\t\t<tr>\n\t\t\t\t\t\t\t\t\t<td colspan=\"3\">\n\t\t\t\t\t\t\t\t\t\t<h5>Innenma\u00dfe<\/h5>\n\t\t\t\t\t\t\t\t\t<\/td>\n\t\t\t\t\t\t\t\t<\/tr>\n\t\t\t\t\t\t\t\t\t\t\t\t\t\t\t\t\t\t\t\t\t\t\t\t\t\t\t\t\t\t\t\t\t\t\t\t\t\t\t\t\t\t\t\t\t\t\t\t\t\t\t\t\t\t\t\t\t\t\t\t\t\t\t\t\t\t\t\t\t\t\t\t\t\t\t\t\t\t\t\t\t\t\t\t\t\t\t\t\t\t\t\t\t\t\t\t<tr>\n\t\t\t\t\t\t\t\t\t<td colspan=\"3\">\n\t\t\t\t\t\t\t\t\t\t<small>\n\t\t\t\t\t\t\t\t\t\t\t<br>\n\t\t\t\t\t\t\t\t\t\t\tDie Ma\u00dfe werden vom Hersteller angegeben und stellen Maximalwerte dar. <\/br><\/br>F\u00fcr genaue Abmessungen<\/br> und verf\u00fcgbare Modelle<\/br> kontaktieren Sie uns bitte direkt.\t\t\t\t\t\t\t\t\t\t<\/small>\n\t\t\t\t\t\t\t\t\t<\/td>\n\t\t\t\t\t\t\t\t<\/tr>\n\t\t\t\t\t\t\t<\/table>\n\t\t\t\t\t\t<\/div>\n\n\t\t\t\t\t\t<div class=\"prezzo text-center\">\n\t\t\t\t\t\t\t<a class=\"btn-espandi-promo btn btn-secondary mt-5\" href=\"#prenota\">\n\t\t\t\t\t\t\t\t<i aria-hidden=\"true\" class=\"fas fa-arrow-circle-up\"><\/i>\n\t\t\t\t\t\t\t\tGo to booking\t\t\t\t\t\t\t<\/a>\n\t\t\t\t\t\t<\/div>\n\n\t\t\t\t\t\t<!-- informazioni veicolo (auto e van) -->\n\t\t\t\t\t\t\t\t\t\t\t\t<div class=\"optional\">\n\t\t\t\t\t\t\t<ul>\n\t\t\t\t\t\t\t\t\t\t\t\t\t\t\t\t\t<li ng-class=\"veicolo.isElettrico('Diesel') ? 'ico-alimentazione-e' : 'ico-alimentazione'\">Diesel<\/li>\n\t\t\t\t\t\t\t\t\t\t\t\t\t\t\t\t\t\t\t\t\t\t\t\t\t<li class=\"ico-porte\">4<\/li>\n\t\t\t\t\t\t\t\t\t\t\t\t\t\t\t\t\t\t\t\t\t\t\t\t\t\t\t\t\t\t\t\t\t<li class=\"ico-trasmissione\">Automatikgetriebe<\/li>\n\t\t\t\t\t\t\t\t\t\t\t\t\t\t\t\t\t\t\t\t\t\t\t\t\t<li class=\"ico-posti\">9<\/li>\n\t\t\t\t\t\t\t\t\t\t\t\t\t\t\t<\/ul>\n\t\t\t\t\t\t<\/div>\n\t\t\t\t\t\t\n\t\t\t\t\t<\/div><!-- \/.veicolo -->\n\n\t\t\t\t<\/div>\n\n\t\t\t<\/div><!-- \/.lista-auto -->\n\n\t\t\n\t\t\t<!-- elenco auto -->\n\t\t\t<div class=\"col-12 mb-4 col-lg-6 col-xl-4 col-xxl-3\">\n\t\t\t\t<div\n\t\t\t\t\tclass=\"veicolo \"\n\t\t\t\t\tdata-ng-controller=\"VeicoloController as veicolo\"\n\t\t\t\t\tdata-ng-mouseenter=\"!veicolo.hasStato('scelta-listino') && veicolo.addStato('hover')\"\n\t\t\t\t\tdata-ng-class=\"[veicolo.getStato()]\"\n\t\t\t\t>\n\n\t\t\t\t\t<div class=\"h-100\">\n\n\t\t\t\t\t\t<!-- nome modello -->\n\t\t\t\t\t\t<div class=\"tipo\" style=\"line-height: 1\">\n\t\t\t\t\t\t\t<h5 class=\"font-weight-bold mb-0\">Ford Transit Custom Combi <small>(Gruppe <strong>M2<\/strong>)<\/small><\/h5>\n\t\t\t\t\t\t\t<small>oder \u00e4hnlich*<\/small>\n\t\t\t\t\t\t<\/div>\n\n\t\t\t\t\t\t\n\t\t\t\t\t\t<!-- immagine -->\n\t\t\t\t\t\t<img class=\"img\" src=\"https:\/\/bo.noleggiare.it\/immagini\/auto\/6895f6f66031e_Ford-Transit-Custom-Combi.png\" \/>\n\n\t\t\t\t\t\t<!-- elettrico -->\n\t\t\t\t\t\t<img class=\"img-elettrico\" ng-if=\"veicolo.isElettrico('Diesel')\" ng-src=\"https:\/\/www.noleggiare.it\/wp-content\/themes\/noleggiare\/img\/ico-elettric.svg\" \/>\n\n\t\t\t\t\t\t<!-- pulsantiera -->\n\t\t\t\t\t\t<div class=\"pulsantiera\" data-ng-click=\"$event.stopPropagation()\">\n\t\t\t\t\t\t\t\t\t\t\t\t\t\t<div\n\t\t\t\t\t\t\t\tclass=\"nascondi pulsante\"\n\t\t\t\t\t\t\t\tdata-ng-show=\"veicolo.hasStato('mostra-info-listino') || veicolo.hasStato('mostra-info-misure')\"\n\t\t\t\t\t\t\t\tdata-ng-click=\"veicolo.removeStato('mostra-info-listino'); veicolo.removeStato('mostra-info-misure');\"\n\t\t\t\t\t\t\t\ttabindex=\"0\"\n\t\t\t\t\t\t\t>\n\t\t\t\t\t\t\t\tClose\t\t\t\t\t\t\t<\/div>\n\t\t\t\t\t\t<\/div>\n\n\t\t\t\t\t\t<!-- misure van -->\n\t\t\t\t\t\t\n\t\t\t\t\t\t<!-- misure van (mobile) -->\n\t\t\t\t\t\t<div class=\"cnt-misure\">\n\t\t\t\t\t\t\t<table>\n\t\t\t\t\t\t\t\t<tr>\n\t\t\t\t\t\t\t\t\t<td colspan=\"3\">\n\t\t\t\t\t\t\t\t\t\t<h5>Innenma\u00dfe<\/h5>\n\t\t\t\t\t\t\t\t\t<\/td>\n\t\t\t\t\t\t\t\t<\/tr>\n\t\t\t\t\t\t\t\t\t\t\t\t\t\t\t\t\t\t\t\t\t\t\t\t\t\t\t\t\t\t\t\t\t\t\t\t\t\t\t\t\t\t\t\t\t\t\t\t\t\t\t\t\t\t\t\t\t\t\t\t\t\t\t\t\t\t\t\t\t\t\t\t\t\t\t\t\t\t\t\t\t\t\t\t\t\t\t\t\t\t\t\t\t\t\t\t<tr>\n\t\t\t\t\t\t\t\t\t<td colspan=\"3\">\n\t\t\t\t\t\t\t\t\t\t<small>\n\t\t\t\t\t\t\t\t\t\t\t<br>\n\t\t\t\t\t\t\t\t\t\t\tDie Ma\u00dfe werden vom Hersteller angegeben und stellen Maximalwerte dar. <\/br><\/br>F\u00fcr genaue Abmessungen<\/br> und verf\u00fcgbare Modelle<\/br> kontaktieren Sie uns bitte direkt.\t\t\t\t\t\t\t\t\t\t<\/small>\n\t\t\t\t\t\t\t\t\t<\/td>\n\t\t\t\t\t\t\t\t<\/tr>\n\t\t\t\t\t\t\t<\/table>\n\t\t\t\t\t\t<\/div>\n\n\t\t\t\t\t\t<div class=\"prezzo text-center\">\n\t\t\t\t\t\t\t<a class=\"btn-espandi-promo btn btn-secondary mt-5\" href=\"#prenota\">\n\t\t\t\t\t\t\t\t<i aria-hidden=\"true\" class=\"fas fa-arrow-circle-up\"><\/i>\n\t\t\t\t\t\t\t\tGo to booking\t\t\t\t\t\t\t<\/a>\n\t\t\t\t\t\t<\/div>\n\n\t\t\t\t\t\t<!-- informazioni veicolo (auto e van) -->\n\t\t\t\t\t\t\t\t\t\t\t\t<div class=\"optional\">\n\t\t\t\t\t\t\t<ul>\n\t\t\t\t\t\t\t\t\t\t\t\t\t\t\t\t\t<li ng-class=\"veicolo.isElettrico('Diesel') ? 'ico-alimentazione-e' : 'ico-alimentazione'\">Diesel<\/li>\n\t\t\t\t\t\t\t\t\t\t\t\t\t\t\t\t\t\t\t\t\t\t\t\t\t<li class=\"ico-porte\">4<\/li>\n\t\t\t\t\t\t\t\t\t\t\t\t\t\t\t\t\t\t\t\t\t\t\t\t\t\t\t\t\t\t\t\t\t<li class=\"ico-trasmissione\">Schaltgetriebe<\/li>\n\t\t\t\t\t\t\t\t\t\t\t\t\t\t\t\t\t\t\t\t\t\t\t\t\t<li class=\"ico-posti\">9<\/li>\n\t\t\t\t\t\t\t\t\t\t\t\t\t\t\t<\/ul>\n\t\t\t\t\t\t<\/div>\n\t\t\t\t\t\t\n\t\t\t\t\t<\/div><!-- \/.veicolo -->\n\n\t\t\t\t<\/div>\n\n\t\t\t<\/div><!-- \/.lista-auto -->\n\n\t\t\n\t\t\t<!-- elenco auto -->\n\t\t\t<div class=\"col-12 mb-4 col-lg-6 col-xl-4 col-xxl-3\">\n\t\t\t\t<div\n\t\t\t\t\tclass=\"veicolo \"\n\t\t\t\t\tdata-ng-controller=\"VeicoloController as veicolo\"\n\t\t\t\t\tdata-ng-mouseenter=\"!veicolo.hasStato('scelta-listino') && veicolo.addStato('hover')\"\n\t\t\t\t\tdata-ng-class=\"[veicolo.getStato()]\"\n\t\t\t\t>\n\n\t\t\t\t\t<div class=\"h-100\">\n\n\t\t\t\t\t\t<!-- nome modello -->\n\t\t\t\t\t\t<div class=\"tipo\" style=\"line-height: 1\">\n\t\t\t\t\t\t\t<h5 class=\"font-weight-bold mb-0\">Toyota Proace Electric Aut. 9 Posti <small>(Gruppe <strong>M+<\/strong>)<\/small><\/h5>\n\t\t\t\t\t\t\t<small>oder \u00e4hnlich*<\/small>\n\t\t\t\t\t\t<\/div>\n\n\t\t\t\t\t\t\n\t\t\t\t\t\t<!-- immagine -->\n\t\t\t\t\t\t<img class=\"img\" src=\"https:\/\/bo.noleggiare.it\/immagini\/auto\/6895c633d3a92_Toyota-Proace-Verso-Electric-75-kWh-L2-Long-D-Lounge.png\" \/>\n\n\t\t\t\t\t\t<!-- elettrico -->\n\t\t\t\t\t\t<img class=\"img-elettrico\" ng-if=\"veicolo.isElettrico('Elektroauto')\" ng-src=\"https:\/\/www.noleggiare.it\/wp-content\/themes\/noleggiare\/img\/ico-elettric.svg\" \/>\n\n\t\t\t\t\t\t<!-- pulsantiera -->\n\t\t\t\t\t\t<div class=\"pulsantiera\" data-ng-click=\"$event.stopPropagation()\">\n\t\t\t\t\t\t\t\t\t\t\t\t\t\t<div\n\t\t\t\t\t\t\t\tclass=\"nascondi pulsante\"\n\t\t\t\t\t\t\t\tdata-ng-show=\"veicolo.hasStato('mostra-info-listino') || veicolo.hasStato('mostra-info-misure')\"\n\t\t\t\t\t\t\t\tdata-ng-click=\"veicolo.removeStato('mostra-info-listino'); veicolo.removeStato('mostra-info-misure');\"\n\t\t\t\t\t\t\t\ttabindex=\"0\"\n\t\t\t\t\t\t\t>\n\t\t\t\t\t\t\t\tClose\t\t\t\t\t\t\t<\/div>\n\t\t\t\t\t\t<\/div>\n\n\t\t\t\t\t\t<!-- misure van -->\n\t\t\t\t\t\t\n\t\t\t\t\t\t<!-- misure van (mobile) -->\n\t\t\t\t\t\t<div class=\"cnt-misure\">\n\t\t\t\t\t\t\t<table>\n\t\t\t\t\t\t\t\t<tr>\n\t\t\t\t\t\t\t\t\t<td colspan=\"3\">\n\t\t\t\t\t\t\t\t\t\t<h5>Innenma\u00dfe<\/h5>\n\t\t\t\t\t\t\t\t\t<\/td>\n\t\t\t\t\t\t\t\t<\/tr>\n\t\t\t\t\t\t\t\t\t\t\t\t\t\t\t\t\t\t\t\t\t\t\t\t\t\t\t\t\t\t\t\t\t\t\t\t\t\t\t\t\t\t\t\t\t\t\t\t\t\t\t\t\t\t\t\t\t\t\t\t\t\t\t\t\t\t\t\t\t\t\t\t\t\t\t\t\t\t\t\t\t\t\t\t\t\t\t\t\t\t\t\t\t\t\t\t<tr>\n\t\t\t\t\t\t\t\t\t<td colspan=\"3\">\n\t\t\t\t\t\t\t\t\t\t<small>\n\t\t\t\t\t\t\t\t\t\t\t<br>\n\t\t\t\t\t\t\t\t\t\t\tDie Ma\u00dfe werden vom Hersteller angegeben und stellen Maximalwerte dar. <\/br><\/br>F\u00fcr genaue Abmessungen<\/br> und verf\u00fcgbare Modelle<\/br> kontaktieren Sie uns bitte direkt.\t\t\t\t\t\t\t\t\t\t<\/small>\n\t\t\t\t\t\t\t\t\t<\/td>\n\t\t\t\t\t\t\t\t<\/tr>\n\t\t\t\t\t\t\t<\/table>\n\t\t\t\t\t\t<\/div>\n\n\t\t\t\t\t\t<div class=\"prezzo text-center\">\n\t\t\t\t\t\t\t<a class=\"btn-espandi-promo btn btn-secondary mt-5\" href=\"#prenota\">\n\t\t\t\t\t\t\t\t<i aria-hidden=\"true\" class=\"fas fa-arrow-circle-up\"><\/i>\n\t\t\t\t\t\t\t\tGo to booking\t\t\t\t\t\t\t<\/a>\n\t\t\t\t\t\t<\/div>\n\n\t\t\t\t\t\t<!-- informazioni veicolo (auto e van) -->\n\t\t\t\t\t\t\t\t\t\t\t\t<div class=\"optional\">\n\t\t\t\t\t\t\t<ul>\n\t\t\t\t\t\t\t\t\t\t\t\t\t\t\t\t\t<li ng-class=\"veicolo.isElettrico('Elektroauto') ? 'ico-alimentazione-e' : 'ico-alimentazione'\">Elektroauto<\/li>\n\t\t\t\t\t\t\t\t\t\t\t\t\t\t\t\t\t\t\t\t\t\t\t\t\t<li class=\"ico-porte\">4<\/li>\n\t\t\t\t\t\t\t\t\t\t\t\t\t\t\t\t\t\t\t\t\t\t\t\t\t\t\t\t\t\t\t\t\t<li class=\"ico-trasmissione\">Automatikgetriebe<\/li>\n\t\t\t\t\t\t\t\t\t\t\t\t\t\t\t\t\t\t\t\t\t\t\t\t\t<li class=\"ico-posti\">9<\/li>\n\t\t\t\t\t\t\t\t\t\t\t\t\t\t\t<\/ul>\n\t\t\t\t\t\t<\/div>\n\t\t\t\t\t\t\n\t\t\t\t\t<\/div><!-- \/.veicolo -->\n\n\t\t\t\t<\/div>\n\n\t\t\t<\/div><!-- \/.lista-auto -->\n\n\t\t\n    <\/div>\n<\/div>\n<\/div>\n\t\t\t\t<\/div>\n\t\t\t\t<\/div>\n\t\t\t\t\t\t<\/div>\n\t\t\t\t\t<\/div>\n\t\t<\/div>\n\t\t\t\t\t\t\t\t<\/div>\n\t\t\t\t\t<\/div>\n\t\t<\/section>\n\t\t\t\t\t\t<\/div>\n\t\t\t\t\t\t<\/div>\n\t\t\t\t\t<\/div>\n\t\t","protected":false},"excerpt":{"rendered":"<p>Schnelle und sichere Kurzzeitmiete Die Flotte von Noleggiare umfasst PKWs verschiedener Gruppen, die unterschiedliche pers\u00f6nliche und &nbsp;berufliche Anforderungen erf\u00fcllen. Das breite Angebot von \u00fcber 10.000 Autos ist in ganz Italien in \u00fcber 60 Gesch\u00e4ftsstellen erh\u00e4ltlich.&nbsp; Buchen Sie im Voraus, um den besten Preis zu garantieren. Jetzt buchen Entdecken Sie unsere Flotte [&#8230;]<\/p>\n<p><a class=\"btn btn-secondary understrap-read-more-link\" href=\"https:\/\/www.noleggiare.it\/de\/pkw-flotte\/\">Weiterlesen\u00a0\u2026<\/a><\/p>\n","protected":false},"author":1,"featured_media":290987,"parent":0,"menu_order":0,"comment_status":"closed","ping_status":"closed","template":"","meta":[],"acf":[],"yoast_head":"<!-- This site is optimized with the Yoast SEO plugin v17.1 - https:\/\/yoast.com\/wordpress\/plugins\/seo\/ -->\n<title>Pkw-Flotte - Noleggiare.it<\/title>\n<meta name=\"description\" content=\"Brauchen Sie einen Mietwagen? W\u00e4hlen Sie Noleggiare f\u00fcr Ihren Urlaub oder berufliche Zwecke. Buchen Sie online und sparen Sie. Wir freuen uns auf Sie in ganz Italien.\" \/>\n<meta name=\"robots\" content=\"index, follow, max-snippet:-1, max-image-preview:large, max-video-preview:-1\" \/>\n<link rel=\"canonical\" href=\"https:\/\/www.noleggiare.it\/de\/pkw-flotte\/\" \/>\n<meta property=\"og:locale\" content=\"de_DE\" \/>\n<meta property=\"og:type\" content=\"article\" \/>\n<meta property=\"og:title\" content=\"Pkw-Flotte - Noleggiare.it\" \/>\n<meta property=\"og:description\" content=\"Brauchen Sie einen Mietwagen? W\u00e4hlen Sie Noleggiare f\u00fcr Ihren Urlaub oder berufliche Zwecke. Buchen Sie online und sparen Sie. Wir freuen uns auf Sie in ganz Italien.\" \/>\n<meta property=\"og:url\" content=\"https:\/\/www.noleggiare.it\/de\/pkw-flotte\/\" \/>\n<meta property=\"og:site_name\" content=\"Noleggiare.it\" \/>\n<meta property=\"article:modified_time\" content=\"2025-02-07T13:25:12+00:00\" \/>\n<meta property=\"og:image\" content=\"https:\/\/www.noleggiare.it\/wp-content\/uploads\/2025\/02\/auto-desktop_de.jpg\" \/>\n\t<meta property=\"og:image:width\" content=\"1166\" \/>\n\t<meta property=\"og:image:height\" content=\"843\" \/>\n<meta name=\"twitter:card\" content=\"summary_large_image\" \/>\n<meta name=\"twitter:label1\" content=\"Gesch\u00e4tzte Lesezeit\" \/>\n\t<meta name=\"twitter:data1\" content=\"1\u00a0Minute\" \/>\n<script type=\"application\/ld+json\" class=\"yoast-schema-graph\">{\"@context\":\"https:\/\/schema.org\",\"@graph\":[{\"@type\":\"WebSite\",\"@id\":\"https:\/\/www.noleggiare.it\/it\/#website\",\"url\":\"https:\/\/www.noleggiare.it\/it\/\",\"name\":\"Noleggiare.it\",\"description\":\"Happy rent!\",\"potentialAction\":[{\"@type\":\"SearchAction\",\"target\":{\"@type\":\"EntryPoint\",\"urlTemplate\":\"https:\/\/www.noleggiare.it\/it\/?s={search_term_string}\"},\"query-input\":\"required name=search_term_string\"}],\"inLanguage\":\"de\"},{\"@type\":\"ImageObject\",\"@id\":\"https:\/\/www.noleggiare.it\/de\/pkw-flotte\/#primaryimage\",\"inLanguage\":\"de\",\"url\":\"https:\/\/www.noleggiare.it\/wp-content\/uploads\/2025\/02\/auto-desktop_de.jpg\",\"contentUrl\":\"https:\/\/www.noleggiare.it\/wp-content\/uploads\/2025\/02\/auto-desktop_de.jpg\",\"width\":1166,\"height\":843},{\"@type\":\"WebPage\",\"@id\":\"https:\/\/www.noleggiare.it\/de\/pkw-flotte\/#webpage\",\"url\":\"https:\/\/www.noleggiare.it\/de\/pkw-flotte\/\",\"name\":\"Pkw-Flotte - Noleggiare.it\",\"isPartOf\":{\"@id\":\"https:\/\/www.noleggiare.it\/it\/#website\"},\"primaryImageOfPage\":{\"@id\":\"https:\/\/www.noleggiare.it\/de\/pkw-flotte\/#primaryimage\"},\"datePublished\":\"2025-02-01T12:00:49+00:00\",\"dateModified\":\"2025-02-07T13:25:12+00:00\",\"description\":\"Brauchen Sie einen Mietwagen? W\\u00e4hlen Sie Noleggiare f\\u00fcr Ihren Urlaub oder berufliche Zwecke. Buchen Sie online und sparen Sie. Wir freuen uns auf Sie in ganz Italien.\",\"breadcrumb\":{\"@id\":\"https:\/\/www.noleggiare.it\/de\/pkw-flotte\/#breadcrumb\"},\"inLanguage\":\"de\",\"potentialAction\":[{\"@type\":\"ReadAction\",\"target\":[\"https:\/\/www.noleggiare.it\/de\/pkw-flotte\/\"]}]},{\"@type\":\"BreadcrumbList\",\"@id\":\"https:\/\/www.noleggiare.it\/de\/pkw-flotte\/#breadcrumb\",\"itemListElement\":[{\"@type\":\"ListItem\",\"position\":1,\"name\":\"Pkw-Flotte\"}]}]}<\/script>\n<!-- \/ Yoast SEO plugin. -->","yoast_head_json":{"title":"Pkw-Flotte - Noleggiare.it","description":"Brauchen Sie einen Mietwagen? W\u00e4hlen Sie Noleggiare f\u00fcr Ihren Urlaub oder berufliche Zwecke. Buchen Sie online und sparen Sie. Wir freuen uns auf Sie in ganz Italien.","robots":{"index":"index","follow":"follow","max-snippet":"max-snippet:-1","max-image-preview":"max-image-preview:large","max-video-preview":"max-video-preview:-1"},"canonical":"https:\/\/www.noleggiare.it\/de\/pkw-flotte\/","og_locale":"de_DE","og_type":"article","og_title":"Pkw-Flotte - Noleggiare.it","og_description":"Brauchen Sie einen Mietwagen? W\u00e4hlen Sie Noleggiare f\u00fcr Ihren Urlaub oder berufliche Zwecke. Buchen Sie online und sparen Sie. Wir freuen uns auf Sie in ganz Italien.","og_url":"https:\/\/www.noleggiare.it\/de\/pkw-flotte\/","og_site_name":"Noleggiare.it","article_modified_time":"2025-02-07T13:25:12+00:00","og_image":[{"width":1166,"height":843,"url":"https:\/\/www.noleggiare.it\/wp-content\/uploads\/2025\/02\/auto-desktop_de.jpg","path":"\/var\/www\/noleggiare.it\/wp-content\/uploads\/2025\/02\/auto-desktop_de.jpg","size":"full","id":290987,"alt":"","pixels":982938,"type":"image\/jpeg"}],"twitter_card":"summary_large_image","twitter_misc":{"Gesch\u00e4tzte Lesezeit":"1\u00a0Minute"},"schema":{"@context":"https:\/\/schema.org","@graph":[{"@type":"WebSite","@id":"https:\/\/www.noleggiare.it\/it\/#website","url":"https:\/\/www.noleggiare.it\/it\/","name":"Noleggiare.it","description":"Happy rent!","potentialAction":[{"@type":"SearchAction","target":{"@type":"EntryPoint","urlTemplate":"https:\/\/www.noleggiare.it\/it\/?s={search_term_string}"},"query-input":"required name=search_term_string"}],"inLanguage":"de"},{"@type":"ImageObject","@id":"https:\/\/www.noleggiare.it\/de\/pkw-flotte\/#primaryimage","inLanguage":"de","url":"https:\/\/www.noleggiare.it\/wp-content\/uploads\/2025\/02\/auto-desktop_de.jpg","contentUrl":"https:\/\/www.noleggiare.it\/wp-content\/uploads\/2025\/02\/auto-desktop_de.jpg","width":1166,"height":843},{"@type":"WebPage","@id":"https:\/\/www.noleggiare.it\/de\/pkw-flotte\/#webpage","url":"https:\/\/www.noleggiare.it\/de\/pkw-flotte\/","name":"Pkw-Flotte - Noleggiare.it","isPartOf":{"@id":"https:\/\/www.noleggiare.it\/it\/#website"},"primaryImageOfPage":{"@id":"https:\/\/www.noleggiare.it\/de\/pkw-flotte\/#primaryimage"},"datePublished":"2025-02-01T12:00:49+00:00","dateModified":"2025-02-07T13:25:12+00:00","description":"Brauchen Sie einen Mietwagen? W\u00e4hlen Sie Noleggiare f\u00fcr Ihren Urlaub oder berufliche Zwecke. Buchen Sie online und sparen Sie. Wir freuen uns auf Sie in ganz Italien.","breadcrumb":{"@id":"https:\/\/www.noleggiare.it\/de\/pkw-flotte\/#breadcrumb"},"inLanguage":"de","potentialAction":[{"@type":"ReadAction","target":["https:\/\/www.noleggiare.it\/de\/pkw-flotte\/"]}]},{"@type":"BreadcrumbList","@id":"https:\/\/www.noleggiare.it\/de\/pkw-flotte\/#breadcrumb","itemListElement":[{"@type":"ListItem","position":1,"name":"Pkw-Flotte"}]}]}},"wps_subtitle":"","_links":{"self":[{"href":"https:\/\/www.noleggiare.it\/de\/wp-json\/wp\/v2\/pages\/289778"}],"collection":[{"href":"https:\/\/www.noleggiare.it\/de\/wp-json\/wp\/v2\/pages"}],"about":[{"href":"https:\/\/www.noleggiare.it\/de\/wp-json\/wp\/v2\/types\/page"}],"author":[{"embeddable":true,"href":"https:\/\/www.noleggiare.it\/de\/wp-json\/wp\/v2\/users\/1"}],"replies":[{"embeddable":true,"href":"https:\/\/www.noleggiare.it\/de\/wp-json\/wp\/v2\/comments?post=289778"}],"version-history":[{"count":2,"href":"https:\/\/www.noleggiare.it\/de\/wp-json\/wp\/v2\/pages\/289778\/revisions"}],"predecessor-version":[{"id":289861,"href":"https:\/\/www.noleggiare.it\/de\/wp-json\/wp\/v2\/pages\/289778\/revisions\/289861"}],"wp:featuredmedia":[{"embeddable":true,"href":"https:\/\/www.noleggiare.it\/de\/wp-json\/wp\/v2\/media\/290987"}],"wp:attachment":[{"href":"https:\/\/www.noleggiare.it\/de\/wp-json\/wp\/v2\/media?parent=289778"}],"curies":[{"name":"wp","href":"https:\/\/api.w.org\/{rel}","templated":true}]}}