{"id":119805,"date":"2022-07-23T13:16:42","date_gmt":"2022-07-23T11:16:42","guid":{"rendered":"https:\/\/www.noleggiare.it\/?page_id=119805"},"modified":"2024-10-25T12:14:27","modified_gmt":"2024-10-25T10:14:27","slug":"alquiler-de-coches-en-el-aeropuerto-de-lamezia-terme","status":"publish","type":"page","link":"https:\/\/www.noleggiare.it\/es\/noleggio-auto\/sedi\/alquiler-de-coches-en-el-aeropuerto-de-lamezia-terme\/","title":{"rendered":"Alquiler de coches en el aeropuerto de Lamezia Terme"},"content":{"rendered":"\t\t<div data-elementor-type=\"wp-post\" data-elementor-id=\"119805\" data-post-id=\"119805\" data-obj-id=\"119805\" class=\"elementor elementor-119805 dce-elementor-post-119805 elementor-119802\" data-elementor-settings=\"[]\">\n\t\t\t\t\t\t<div class=\"elementor-inner\">\n\t\t\t\t\t\t\t<div class=\"elementor-section-wrap\">\n\t\t\t\t\t\t\t<section class=\"elementor-section elementor-top-section elementor-element elementor-element-514404b elementor-section-boxed elementor-section-height-default elementor-section-height-default\" data-id=\"514404b\" data-element_type=\"section\">\n\t\t\t\t\t\t<div class=\"elementor-container elementor-column-gap-no\">\n\t\t\t\t\t\t\t<div class=\"elementor-row\">\n\t\t\t\t\t<div class=\"elementor-column elementor-col-25 elementor-top-column elementor-element elementor-element-6a5e8e6\" data-id=\"6a5e8e6\" data-element_type=\"column\">\n\t\t\t<div class=\"elementor-column-wrap elementor-element-populated\">\n\t\t\t\t\t\t\t<div class=\"elementor-widget-wrap\">\n\t\t\t\t\t\t<div class=\"elementor-element elementor-element-90a682c elementor-view-default elementor-position-top elementor-vertical-align-top elementor-widget elementor-widget-icon-box\" data-id=\"90a682c\" data-element_type=\"widget\" data-widget_type=\"icon-box.default\">\n\t\t\t\t<div class=\"elementor-widget-container\">\n\t\t\t\t\t<div class=\"elementor-icon-box-wrapper\">\n\t\t\t\t\t\t<div class=\"elementor-icon-box-icon\">\n\t\t\t\t<a class=\"elementor-icon elementor-animation-\" href=\"tel:%2000393456945097\">\n\t\t\t\t<i class=\"fa fa-phone\" aria-hidden=\"true\"><\/i>\t\t\t\t<\/a>\n\t\t\t<\/div>\n\t\t\t\t\t\t<div class=\"elementor-icon-box-content\">\n\t\t\t\t<h3 class=\"elementor-icon-box-title\">\n\t\t\t\t\t<a href=\"tel:%2000393456945097\">tel\u00e9fono<\/a>\n\t\t\t\t<\/h3>\n\t\t\t\t\t\t\t<\/div>\n\t\t<\/div>\n\t\t\t\t<\/div>\n\t\t\t\t<\/div>\n\t\t\t\t<div class=\"elementor-element elementor-element-96457cc elementor-widget elementor-widget-text-editor\" data-id=\"96457cc\" data-element_type=\"widget\" data-widget_type=\"text-editor.default\">\n\t\t\t\t<div class=\"elementor-widget-container\">\n\t\t\t\t\t\t\t\t<div class=\"elementor-text-editor elementor-clearfix\">\n\t\t\t\t\t<a href=\"tel:00393456945097\">+39 345 694 5 097<\/a><\/br>\n<a href=\"tel:00393488608971\">+39 348 860 8 971<\/a>\t\t\t\t\t<\/div>\n\t\t\t\t\t\t<\/div>\n\t\t\t\t<\/div>\n\t\t\t\t\t\t<\/div>\n\t\t\t\t\t<\/div>\n\t\t<\/div>\n\t\t\t\t<div class=\"elementor-column elementor-col-25 elementor-top-column elementor-element elementor-element-7cde049\" data-id=\"7cde049\" data-element_type=\"column\">\n\t\t\t<div class=\"elementor-column-wrap elementor-element-populated\">\n\t\t\t\t\t\t\t<div class=\"elementor-widget-wrap\">\n\t\t\t\t\t\t<div class=\"elementor-element elementor-element-260afb6 elementor-view-default elementor-position-top elementor-vertical-align-top elementor-widget elementor-widget-icon-box\" data-id=\"260afb6\" data-element_type=\"widget\" data-widget_type=\"icon-box.default\">\n\t\t\t\t<div class=\"elementor-widget-container\">\n\t\t\t\t\t<div class=\"elementor-icon-box-wrapper\">\n\t\t\t\t\t\t<div class=\"elementor-icon-box-icon\">\n\t\t\t\t<a class=\"elementor-icon elementor-animation-\" href=\"mailto:lamezia@noleggiare.it\">\n\t\t\t\t<i class=\"fa fa-envelope\" aria-hidden=\"true\"><\/i>\t\t\t\t<\/a>\n\t\t\t<\/div>\n\t\t\t\t\t\t<div class=\"elementor-icon-box-content\">\n\t\t\t\t<h3 class=\"elementor-icon-box-title\">\n\t\t\t\t\t<a href=\"mailto:lamezia@noleggiare.it\">email<\/a>\n\t\t\t\t<\/h3>\n\t\t\t\t\t\t\t<\/div>\n\t\t<\/div>\n\t\t\t\t<\/div>\n\t\t\t\t<\/div>\n\t\t\t\t<div class=\"elementor-element elementor-element-5ef6f71 elementor-widget elementor-widget-text-editor\" data-id=\"5ef6f71\" data-element_type=\"widget\" data-widget_type=\"text-editor.default\">\n\t\t\t\t<div class=\"elementor-widget-container\">\n\t\t\t\t\t\t\t\t<div class=\"elementor-text-editor elementor-clearfix\">\n\t\t\t\t\t<p><a href=\"mailto:lamezia.apt@noleggiare.it\">lamezia.apt@noleggiare.it<\/a><\/p>\n\t\t\t\t\t<\/div>\n\t\t\t\t\t\t<\/div>\n\t\t\t\t<\/div>\n\t\t\t\t\t\t<\/div>\n\t\t\t\t\t<\/div>\n\t\t<\/div>\n\t\t\t\t<div class=\"elementor-column elementor-col-25 elementor-top-column elementor-element elementor-element-c177ee4\" data-id=\"c177ee4\" data-element_type=\"column\">\n\t\t\t<div class=\"elementor-column-wrap elementor-element-populated\">\n\t\t\t\t\t\t\t<div class=\"elementor-widget-wrap\">\n\t\t\t\t\t\t<div class=\"elementor-element elementor-element-9347160 elementor-view-default elementor-position-top elementor-vertical-align-top elementor-widget elementor-widget-icon-box\" data-id=\"9347160\" data-element_type=\"widget\" data-widget_type=\"icon-box.default\">\n\t\t\t\t<div class=\"elementor-widget-container\">\n\t\t\t\t\t<div class=\"elementor-icon-box-wrapper\">\n\t\t\t\t\t\t<div class=\"elementor-icon-box-icon\">\n\t\t\t\t<a class=\"elementor-icon elementor-animation-\" href=\"https:\/\/www.google.it\/maps\/place\/Noleggiare\/@38.9163475,16.2518766,17z\/data=!3m1!4b1!4m5!3m4!1s0x133fe5d7278a93cd:0x572b311572b454d1!8m2!3d38.9163433!4d16.2540653\" target=\"_blank\">\n\t\t\t\t<i aria-hidden=\"true\" class=\"fas fa-globe\"><\/i>\t\t\t\t<\/a>\n\t\t\t<\/div>\n\t\t\t\t\t\t<div class=\"elementor-icon-box-content\">\n\t\t\t\t<h3 class=\"elementor-icon-box-title\">\n\t\t\t\t\t<a href=\"https:\/\/www.google.it\/maps\/place\/Noleggiare\/@38.9163475,16.2518766,17z\/data=!3m1!4b1!4m5!3m4!1s0x133fe5d7278a93cd:0x572b311572b454d1!8m2!3d38.9163433!4d16.2540653\" target=\"_blank\">direcci\u00f3n<\/a>\n\t\t\t\t<\/h3>\n\t\t\t\t\t\t\t<\/div>\n\t\t<\/div>\n\t\t\t\t<\/div>\n\t\t\t\t<\/div>\n\t\t\t\t<div class=\"elementor-element elementor-element-d108960 elementor-widget elementor-widget-text-editor\" data-id=\"d108960\" data-element_type=\"widget\" data-widget_type=\"text-editor.default\">\n\t\t\t\t<div class=\"elementor-widget-container\">\n\t\t\t\t\t\t\t\t<div class=\"elementor-text-editor elementor-clearfix\">\n\t\t\t\t\t<p><a href=\"https:\/\/goo.gl\/maps\/RTSEqNo4W6PW1Vo17\">Aeroporto Internazionale di Lamezia Terme &#8211; Via Aeroporto s.n.c. &#8211; 88046 Lamezia Terme (CZ)<\/a><\/p>\n\t\t\t\t\t<\/div>\n\t\t\t\t\t\t<\/div>\n\t\t\t\t<\/div>\n\t\t\t\t\t\t<\/div>\n\t\t\t\t\t<\/div>\n\t\t<\/div>\n\t\t\t\t<div class=\"elementor-column elementor-col-25 elementor-top-column elementor-element elementor-element-d1f8ee9\" data-id=\"d1f8ee9\" data-element_type=\"column\">\n\t\t\t<div class=\"elementor-column-wrap elementor-element-populated\">\n\t\t\t\t\t\t\t<div class=\"elementor-widget-wrap\">\n\t\t\t\t\t\t<div class=\"elementor-element elementor-element-6f9f10a elementor-view-default elementor-position-top elementor-vertical-align-top elementor-widget elementor-widget-icon-box\" data-id=\"6f9f10a\" data-element_type=\"widget\" data-widget_type=\"icon-box.default\">\n\t\t\t\t<div class=\"elementor-widget-container\">\n\t\t\t\t\t<div class=\"elementor-icon-box-wrapper\">\n\t\t\t\t\t\t<div class=\"elementor-icon-box-icon\">\n\t\t\t\t<span class=\"elementor-icon elementor-animation-\" >\n\t\t\t\t<i class=\"fa fa-clock-o\" aria-hidden=\"true\"><\/i>\t\t\t\t<\/span>\n\t\t\t<\/div>\n\t\t\t\t\t\t<div class=\"elementor-icon-box-content\">\n\t\t\t\t<h3 class=\"elementor-icon-box-title\">\n\t\t\t\t\t<span >horarios<\/span>\n\t\t\t\t<\/h3>\n\t\t\t\t\t\t\t<\/div>\n\t\t<\/div>\n\t\t\t\t<\/div>\n\t\t\t\t<\/div>\n\t\t\t\t<div class=\"elementor-element elementor-element-1d3b12c elementor-widget elementor-widget-text-editor\" data-id=\"1d3b12c\" data-element_type=\"widget\" data-widget_type=\"text-editor.default\">\n\t\t\t\t<div class=\"elementor-widget-container\">\n\t\t\t\t\t\t\t\t<div class=\"elementor-text-editor elementor-clearfix\">\n\t\t\t\t\t<p>Lunes &#8211; Domingo <br>8:00 \/ 23:00<\/p>\n<p>Mi\u00e9rcoles, 24 de diciembre, 8:00 \/ 20:00<br>Mi\u00e9rcoles, 31 de diciembre, 8:00 \/ 20:00<\/p>\t\t\t\t\t<\/div>\n\t\t\t\t\t\t<\/div>\n\t\t\t\t<\/div>\n\t\t\t\t\t\t<\/div>\n\t\t\t\t\t<\/div>\n\t\t<\/div>\n\t\t\t\t\t\t\t\t<\/div>\n\t\t\t\t\t<\/div>\n\t\t<\/section>\n\t\t\t\t<section class=\"elementor-section elementor-top-section elementor-element elementor-element-e7777be elementor-section-boxed elementor-section-height-default elementor-section-height-default\" data-id=\"e7777be\" data-element_type=\"section\">\n\t\t\t\t\t\t<div class=\"elementor-container elementor-column-gap-no\">\n\t\t\t\t\t\t\t<div class=\"elementor-row\">\n\t\t\t\t\t<div class=\"elementor-column elementor-col-100 elementor-top-column elementor-element elementor-element-b3d9f0b\" data-id=\"b3d9f0b\" data-element_type=\"column\">\n\t\t\t<div class=\"elementor-column-wrap elementor-element-populated\">\n\t\t\t\t\t\t\t<div class=\"elementor-widget-wrap\">\n\t\t\t\t\t\t<div class=\"elementor-element elementor-element-f5a3654 elementor-widget elementor-widget-text-editor\" data-id=\"f5a3654\" data-element_type=\"widget\" data-widget_type=\"text-editor.default\">\n\t\t\t\t<div class=\"elementor-widget-container\">\n\t\t\t\t\t\t\t\t<div class=\"elementor-text-editor elementor-clearfix\">\n\t\t\t\t\t<h1>Alquiler de coches en el aeropuerto de Lamezia Terme<\/h1>\n\t\t\t\t\t<\/div>\n\t\t\t\t\t\t<\/div>\n\t\t\t\t<\/div>\n\t\t\t\t\t\t<\/div>\n\t\t\t\t\t<\/div>\n\t\t<\/div>\n\t\t\t\t\t\t\t\t<\/div>\n\t\t\t\t\t<\/div>\n\t\t<\/section>\n\t\t\t\t<section class=\"elementor-section elementor-top-section elementor-element elementor-element-2be721a elementor-section-boxed elementor-section-height-default elementor-section-height-default\" data-id=\"2be721a\" data-element_type=\"section\">\n\t\t\t\t\t\t<div class=\"elementor-container elementor-column-gap-no\">\n\t\t\t\t\t\t\t<div class=\"elementor-row\">\n\t\t\t\t\t<div class=\"elementor-column elementor-col-100 elementor-top-column elementor-element elementor-element-039d1e4\" data-id=\"039d1e4\" data-element_type=\"column\">\n\t\t\t<div class=\"elementor-column-wrap elementor-element-populated\">\n\t\t\t\t\t\t\t<div class=\"elementor-widget-wrap\">\n\t\t\t\t\t\t<div class=\"elementor-element elementor-element-00b2a85 elementor-widget elementor-widget-text-editor\" data-id=\"00b2a85\" data-element_type=\"widget\" data-widget_type=\"text-editor.default\">\n\t\t\t\t<div class=\"elementor-widget-container\">\n\t\t\t\t\t\t\t\t<div class=\"elementor-text-editor elementor-clearfix\">\n\t\t\t\t\t<h2>\u00a1Descubre Calabria y disfruta de tus vacaciones en coche con nosotros!<\/h2>\n\t\t\t\t\t<\/div>\n\t\t\t\t\t\t<\/div>\n\t\t\t\t<\/div>\n\t\t\t\t<div class=\"elementor-element elementor-element-13c2602 elementor-widget elementor-widget-text-editor\" data-id=\"13c2602\" data-element_type=\"widget\" data-widget_type=\"text-editor.default\">\n\t\t\t\t<div class=\"elementor-widget-container\">\n\t\t\t\t\t\t\t\t<div class=\"elementor-text-editor elementor-clearfix\">\n\t\t\t\t\t<p>Noleggiare es la mejor opci\u00f3n para alquilar un coche en el aeropuerto de Lamezia Terme.<span style=\"color: #54595f;\">&nbsp;Puedes recoger tu coche<\/span><span style=\"color: #54595f;\"> dentro del aeropuerto.<\/span>&nbsp;Coches nuevos perfectos para las vacaciones o el trabajo con tarifas asequibles y una amplia gama de veh\u00edculos para elegir. Contratos claros, soluciones y servicios flexibles, atenci\u00f3n al cliente 7 d\u00edas a la semana: el alquiler a corto plazo a medida te espera en nuestras sedes, presentes en aeropuertos y ciudades de toda Italia, incluidas las islas.<\/p>\n\t\t\t\t\t<\/div>\n\t\t\t\t\t\t<\/div>\n\t\t\t\t<\/div>\n\t\t\t\t\t\t<\/div>\n\t\t\t\t\t<\/div>\n\t\t<\/div>\n\t\t\t\t\t\t\t\t<\/div>\n\t\t\t\t\t<\/div>\n\t\t<\/section>\n\t\t\t\t<section class=\"elementor-section elementor-top-section elementor-element elementor-element-d97b2a7 elementor-section-boxed elementor-section-height-default elementor-section-height-default\" data-id=\"d97b2a7\" data-element_type=\"section\">\n\t\t\t\t\t\t<div class=\"elementor-container elementor-column-gap-default\">\n\t\t\t\t\t\t\t<div class=\"elementor-row\">\n\t\t\t\t\t<div class=\"elementor-column elementor-col-33 elementor-top-column elementor-element elementor-element-58e5849\" data-id=\"58e5849\" data-element_type=\"column\">\n\t\t\t<div class=\"elementor-column-wrap elementor-element-populated\">\n\t\t\t\t\t\t\t<div class=\"elementor-widget-wrap\">\n\t\t\t\t\t\t<div class=\"elementor-element elementor-element-e505e4c elementor-view-default elementor-position-top elementor-vertical-align-top elementor-widget elementor-widget-icon-box\" data-id=\"e505e4c\" data-element_type=\"widget\" data-widget_type=\"icon-box.default\">\n\t\t\t\t<div class=\"elementor-widget-container\">\n\t\t\t\t\t<div class=\"elementor-icon-box-wrapper\">\n\t\t\t\t\t\t<div class=\"elementor-icon-box-icon\">\n\t\t\t\t<span class=\"elementor-icon elementor-animation-\" >\n\t\t\t\t<i aria-hidden=\"true\" class=\"fas fa-city\"><\/i>\t\t\t\t<\/span>\n\t\t\t<\/div>\n\t\t\t\t\t\t<div class=\"elementor-icon-box-content\">\n\t\t\t\t<h3 class=\"elementor-icon-box-title\">\n\t\t\t\t\t<span >Ubicaci\u00f3n central de la sede<\/span>\n\t\t\t\t<\/h3>\n\t\t\t\t\t\t\t\t<p class=\"elementor-icon-box-description\">Nuestra sede est\u00e1 situada en una zona estrat\u00e9gica, dentro del aeropuerto de Lamezia Terme.<\/p>\n\t\t\t\t\t\t\t<\/div>\n\t\t<\/div>\n\t\t\t\t<\/div>\n\t\t\t\t<\/div>\n\t\t\t\t\t\t<\/div>\n\t\t\t\t\t<\/div>\n\t\t<\/div>\n\t\t\t\t<div class=\"elementor-column elementor-col-33 elementor-top-column elementor-element elementor-element-208c673\" data-id=\"208c673\" data-element_type=\"column\">\n\t\t\t<div class=\"elementor-column-wrap elementor-element-populated\">\n\t\t\t\t\t\t\t<div class=\"elementor-widget-wrap\">\n\t\t\t\t\t\t<div class=\"elementor-element elementor-element-6448714 elementor-view-default elementor-position-top elementor-vertical-align-top elementor-widget elementor-widget-icon-box\" data-id=\"6448714\" data-element_type=\"widget\" data-widget_type=\"icon-box.default\">\n\t\t\t\t<div class=\"elementor-widget-container\">\n\t\t\t\t\t<div class=\"elementor-icon-box-wrapper\">\n\t\t\t\t\t\t<div class=\"elementor-icon-box-icon\">\n\t\t\t\t<span class=\"elementor-icon elementor-animation-\" >\n\t\t\t\t<i aria-hidden=\"true\" class=\"fas fa-headphones-alt\"><\/i>\t\t\t\t<\/span>\n\t\t\t<\/div>\n\t\t\t\t\t\t<div class=\"elementor-icon-box-content\">\n\t\t\t\t<h3 class=\"elementor-icon-box-title\">\n\t\t\t\t\t<span >Asistencia<\/span>\n\t\t\t\t<\/h3>\n\t\t\t\t\t\t\t\t<p class=\"elementor-icon-box-description\">\u00bfNecesitas asistencia antes, despu\u00e9s o durante el alquiler del coche? No te preocupes, \u00a1estamos a tu disposici\u00f3n!<\/p>\n\t\t\t\t\t\t\t<\/div>\n\t\t<\/div>\n\t\t\t\t<\/div>\n\t\t\t\t<\/div>\n\t\t\t\t\t\t<\/div>\n\t\t\t\t\t<\/div>\n\t\t<\/div>\n\t\t\t\t<div class=\"elementor-column elementor-col-33 elementor-top-column elementor-element elementor-element-f4fb336\" data-id=\"f4fb336\" data-element_type=\"column\">\n\t\t\t<div class=\"elementor-column-wrap elementor-element-populated\">\n\t\t\t\t\t\t\t<div class=\"elementor-widget-wrap\">\n\t\t\t\t\t\t<div class=\"elementor-element elementor-element-3080c29 elementor-view-default elementor-position-top elementor-vertical-align-top elementor-widget elementor-widget-icon-box\" data-id=\"3080c29\" data-element_type=\"widget\" data-widget_type=\"icon-box.default\">\n\t\t\t\t<div class=\"elementor-widget-container\">\n\t\t\t\t\t<div class=\"elementor-icon-box-wrapper\">\n\t\t\t\t\t\t<div class=\"elementor-icon-box-icon\">\n\t\t\t\t<span class=\"elementor-icon elementor-animation-\" >\n\t\t\t\t<i aria-hidden=\"true\" class=\"fas fa-key\"><\/i>\t\t\t\t<\/span>\n\t\t\t<\/div>\n\t\t\t\t\t\t<div class=\"elementor-icon-box-content\">\n\t\t\t\t<h3 class=\"elementor-icon-box-title\">\n\t\t\t\t\t<span >Key-box<\/span>\n\t\t\t\t<\/h3>\n\t\t\t\t\t\t\t\t<p class=\"elementor-icon-box-description\">\u00bfNecesitas devolver el coche fuera del horario de oficina? Ning\u00fan problema, \ncon nuestro servicio de key box puedes dejar las llaves en un buz\u00f3n destinado a ello directamente en el mostrador en el interior\ndel edificio reservado al alquiler de coches.<\/p>\n\t\t\t\t\t\t\t<\/div>\n\t\t<\/div>\n\t\t\t\t<\/div>\n\t\t\t\t<\/div>\n\t\t\t\t\t\t<\/div>\n\t\t\t\t\t<\/div>\n\t\t<\/div>\n\t\t\t\t\t\t\t\t<\/div>\n\t\t\t\t\t<\/div>\n\t\t<\/section>\n\t\t\t\t<section class=\"elementor-section elementor-top-section elementor-element elementor-element-37206ad elementor-section-boxed elementor-section-height-default elementor-section-height-default\" data-id=\"37206ad\" data-element_type=\"section\">\n\t\t\t\t\t\t<div class=\"elementor-container elementor-column-gap-default\">\n\t\t\t\t\t\t\t<div class=\"elementor-row\">\n\t\t\t\t\t<div class=\"elementor-column elementor-col-100 elementor-top-column elementor-element elementor-element-1c69134\" data-id=\"1c69134\" data-element_type=\"column\">\n\t\t\t<div class=\"elementor-column-wrap elementor-element-populated\">\n\t\t\t\t\t\t\t<div class=\"elementor-widget-wrap\">\n\t\t\t\t\t\t<div class=\"elementor-element elementor-element-e856138 elementor-widget elementor-widget-text-editor\" data-id=\"e856138\" data-element_type=\"widget\" data-widget_type=\"text-editor.default\">\n\t\t\t\t<div class=\"elementor-widget-container\">\n\t\t\t\t\t\t\t\t<div class=\"elementor-text-editor elementor-clearfix\">\n\t\t\t\t\t<h3>Conveniencia del uso del <strong>coche<\/strong><\/h3>\n\t\t\t\t\t<\/div>\n\t\t\t\t\t\t<\/div>\n\t\t\t\t<\/div>\n\t\t\t\t<div class=\"elementor-element elementor-element-f49ef40 elementor-widget elementor-widget-text-editor\" data-id=\"f49ef40\" data-element_type=\"widget\" data-widget_type=\"text-editor.default\">\n\t\t\t\t<div class=\"elementor-widget-container\">\n\t\t\t\t\t\t\t\t<div class=\"elementor-text-editor elementor-clearfix\">\n\t\t\t\t\t<p>Conducir tu coche en Lamezia Terme es la mejor opci\u00f3n si quieres visitar la ciudad con total autonom\u00eda y comodidad. El centro hist\u00f3rico dispone de muchas plazas de aparcamiento, tanto gratuitas como de pago, y as\u00ed podr\u00e1s pasear por las calles m\u00e1s famosas de la ciudad sin preocuparte de nada.<\/p>\n\t\t\t\t\t<\/div>\n\t\t\t\t\t\t<\/div>\n\t\t\t\t<\/div>\n\t\t\t\t\t\t<\/div>\n\t\t\t\t\t<\/div>\n\t\t<\/div>\n\t\t\t\t\t\t\t\t<\/div>\n\t\t\t\t\t<\/div>\n\t\t<\/section>\n\t\t\t\t<section class=\"elementor-section elementor-top-section elementor-element elementor-element-1c616c6 elementor-section-boxed elementor-section-height-default elementor-section-height-default\" data-id=\"1c616c6\" data-element_type=\"section\">\n\t\t\t\t\t\t<div class=\"elementor-container elementor-column-gap-default\">\n\t\t\t\t\t\t\t<div class=\"elementor-row\">\n\t\t\t\t\t<div class=\"elementor-column elementor-col-50 elementor-top-column elementor-element elementor-element-4354710\" data-id=\"4354710\" data-element_type=\"column\">\n\t\t\t<div class=\"elementor-column-wrap elementor-element-populated\">\n\t\t\t\t\t\t\t<div class=\"elementor-widget-wrap\">\n\t\t\t\t\t\t<div class=\"elementor-element elementor-element-277634f elementor-widget elementor-widget-text-editor\" data-id=\"277634f\" data-element_type=\"widget\" data-widget_type=\"text-editor.default\">\n\t\t\t\t<div class=\"elementor-widget-container\">\n\t\t\t\t\t\t\t\t<div class=\"elementor-text-editor elementor-clearfix\">\n\t\t\t\t\t<h3>Qu\u00e9 ver en &nbsp;<strong>Lamezia Terme<\/strong><\/h3>\n\t\t\t\t\t<\/div>\n\t\t\t\t\t\t<\/div>\n\t\t\t\t<\/div>\n\t\t\t\t<div class=\"elementor-element elementor-element-7b1c803 elementor-widget elementor-widget-text-editor\" data-id=\"7b1c803\" data-element_type=\"widget\" data-widget_type=\"text-editor.default\">\n\t\t\t\t<div class=\"elementor-widget-container\">\n\t\t\t\t\t\t\t\t<div class=\"elementor-text-editor elementor-clearfix\">\n\t\t\t\t\t<p>Tu recorrido por Calabria puede comenzar precisamente aqu\u00ed, en Lamezia Terme, un lugar lleno de historia y arte.<\/p>\n<p>Como la <strong>Catedral de los Santos Pedro y Pablo<\/strong>, construida a partir de 1640 y ampliada durante el siglo XIX, y puedes continuar con las <strong>Termas de Caronte<\/strong>, manantiales de agua mineral sulfurosa y fango.<\/p>\n<p>No te pierdas tampoco el <strong>museo arqueol\u00f3gico<\/strong>, que expone objetos desde el Paleol\u00edtico hasta el periodo normando, la estatua de Federico II, que se\u00f1ala las ruinas del castillo normando suabo y el barrio de San Teodoro.<\/p>\n\t\t\t\t\t<\/div>\n\t\t\t\t\t\t<\/div>\n\t\t\t\t<\/div>\n\t\t\t\t<div class=\"elementor-element elementor-element-640cc27 dce_masking-none elementor-widget elementor-widget-image\" data-id=\"640cc27\" data-element_type=\"widget\" data-widget_type=\"image.default\">\n\t\t\t\t<div class=\"elementor-widget-container\">\n\t\t\t\t\t\t\t\t<div class=\"elementor-image\">\n\t\t\t\t\t\t\t\t\t\t\t\t<img width=\"640\" height=\"424\" src=\"https:\/\/www.noleggiare.it\/wp-content\/uploads\/2020\/02\/noleggiare-lamezia-terme-1024x678.jpg\" class=\"attachment-large size-large\" alt=\"\" loading=\"lazy\" srcset=\"https:\/\/www.noleggiare.it\/wp-content\/uploads\/2020\/02\/noleggiare-lamezia-terme-1024x678.jpg 1024w, https:\/\/www.noleggiare.it\/wp-content\/uploads\/2020\/02\/noleggiare-lamezia-terme-300x199.jpg 300w, https:\/\/www.noleggiare.it\/wp-content\/uploads\/2020\/02\/noleggiare-lamezia-terme-768x509.jpg 768w, https:\/\/www.noleggiare.it\/wp-content\/uploads\/2020\/02\/noleggiare-lamezia-terme-1536x1017.jpg 1536w, https:\/\/www.noleggiare.it\/wp-content\/uploads\/2020\/02\/noleggiare-lamezia-terme.jpg 2047w\" sizes=\"(max-width: 640px) 100vw, 640px\" \/>\t\t\t\t\t\t\t\t\t\t\t\t\t\t<\/div>\n\t\t\t\t\t\t<\/div>\n\t\t\t\t<\/div>\n\t\t\t\t\t\t<\/div>\n\t\t\t\t\t<\/div>\n\t\t<\/div>\n\t\t\t\t<div class=\"elementor-column elementor-col-50 elementor-top-column elementor-element elementor-element-8238cd3\" data-id=\"8238cd3\" data-element_type=\"column\">\n\t\t\t<div class=\"elementor-column-wrap elementor-element-populated\">\n\t\t\t\t\t\t\t<div class=\"elementor-widget-wrap\">\n\t\t\t\t\t\t<div class=\"elementor-element elementor-element-300ca1a elementor-widget elementor-widget-text-editor\" data-id=\"300ca1a\" data-element_type=\"widget\" data-widget_type=\"text-editor.default\">\n\t\t\t\t<div class=\"elementor-widget-container\">\n\t\t\t\t\t\t\t\t<div class=\"elementor-text-editor elementor-clearfix\">\n\t\t\t\t\t\t\t\t\t\t<\/div>\n\t\t\t\t\t\t<\/div>\n\t\t\t\t<\/div>\n\t\t\t\t<div class=\"elementor-element elementor-element-f3091c8 elementor-hidden-tablet elementor-hidden-phone dce_masking-none elementor-widget elementor-widget-image\" data-id=\"f3091c8\" data-element_type=\"widget\" data-widget_type=\"image.default\">\n\t\t\t\t<div class=\"elementor-widget-container\">\n\t\t\t\t\t\t\t\t<div class=\"elementor-image\">\n\t\t\t\t\t\t\t\t\t\t\t\t<img width=\"640\" height=\"331\" src=\"https:\/\/www.noleggiare.it\/wp-content\/uploads\/2020\/02\/noleggio-auto-lamezia-terme.jpg\" class=\"attachment-large size-large\" alt=\"\" loading=\"lazy\" srcset=\"https:\/\/www.noleggiare.it\/wp-content\/uploads\/2020\/02\/noleggio-auto-lamezia-terme.jpg 800w, https:\/\/www.noleggiare.it\/wp-content\/uploads\/2020\/02\/noleggio-auto-lamezia-terme-300x155.jpg 300w, https:\/\/www.noleggiare.it\/wp-content\/uploads\/2020\/02\/noleggio-auto-lamezia-terme-768x397.jpg 768w\" sizes=\"(max-width: 640px) 100vw, 640px\" \/>\t\t\t\t\t\t\t\t\t\t\t\t\t\t<\/div>\n\t\t\t\t\t\t<\/div>\n\t\t\t\t<\/div>\n\t\t\t\t<div class=\"elementor-element elementor-element-28c2efd elementor-widget elementor-widget-text-editor\" data-id=\"28c2efd\" data-element_type=\"widget\" data-widget_type=\"text-editor.default\">\n\t\t\t\t<div class=\"elementor-widget-container\">\n\t\t\t\t\t\t\t\t<div class=\"elementor-text-editor elementor-clearfix\">\n\t\t\t\t\t\t\t\t\t\t<\/div>\n\t\t\t\t\t\t<\/div>\n\t\t\t\t<\/div>\n\t\t\t\t<div class=\"elementor-element elementor-element-1839b78 elementor-widget elementor-widget-text-editor\" data-id=\"1839b78\" data-element_type=\"widget\" data-widget_type=\"text-editor.default\">\n\t\t\t\t<div class=\"elementor-widget-container\">\n\t\t\t\t\t\t\t\t<div class=\"elementor-text-editor elementor-clearfix\">\n\t\t\t\t\t<h3>Destinos recomendados<\/h3>\n\t\t\t\t\t<\/div>\n\t\t\t\t\t\t<\/div>\n\t\t\t\t<\/div>\n\t\t\t\t<div class=\"elementor-element elementor-element-18cda65 elementor-widget elementor-widget-text-editor\" data-id=\"18cda65\" data-element_type=\"widget\" data-widget_type=\"text-editor.default\">\n\t\t\t\t<div class=\"elementor-widget-container\">\n\t\t\t\t\t\t\t\t<div class=\"elementor-text-editor elementor-clearfix\">\n\t\t\t\t\t<p>A pocos kil\u00f3metros de Lamezia Terme, te esperan muchas otras maravillas que solo esta regi\u00f3n sabe ofrecer:<\/p>\n<ul>\n<li>La <strong>costa de los Faeci<\/strong>, que se extiende a lo largo de 40 km frente a las Islas Eolias, es el lugar ideal para disfrutar de unas vacaciones relajadas gracias a sus playas blancas y sus aguas cristalinas y poco profundas.<\/li>\n<li>Si eres un amante del senderismo y de la bicicleta de monta\u00f1a puedes disfrutar de desafiantes senderos en el <strong>monte Mancuso<\/strong>, a unos 20 km de la costa, y maravillarte con incre\u00edbles vistas que te dejar\u00e1n boquiabierto.<\/li>\n<\/ul>\n\t\t\t\t\t<\/div>\n\t\t\t\t\t\t<\/div>\n\t\t\t\t<\/div>\n\t\t\t\t<div class=\"elementor-element elementor-element-568b0ce elementor-hidden-desktop dce_masking-none elementor-widget elementor-widget-image\" data-id=\"568b0ce\" data-element_type=\"widget\" data-widget_type=\"image.default\">\n\t\t\t\t<div class=\"elementor-widget-container\">\n\t\t\t\t\t\t\t\t<div class=\"elementor-image\">\n\t\t\t\t\t\t\t\t\t\t\t\t<img width=\"640\" height=\"331\" src=\"https:\/\/www.noleggiare.it\/wp-content\/uploads\/2020\/02\/noleggio-auto-lamezia-terme.jpg\" class=\"attachment-large size-large\" alt=\"\" loading=\"lazy\" srcset=\"https:\/\/www.noleggiare.it\/wp-content\/uploads\/2020\/02\/noleggio-auto-lamezia-terme.jpg 800w, https:\/\/www.noleggiare.it\/wp-content\/uploads\/2020\/02\/noleggio-auto-lamezia-terme-300x155.jpg 300w, https:\/\/www.noleggiare.it\/wp-content\/uploads\/2020\/02\/noleggio-auto-lamezia-terme-768x397.jpg 768w\" sizes=\"(max-width: 640px) 100vw, 640px\" \/>\t\t\t\t\t\t\t\t\t\t\t\t\t\t<\/div>\n\t\t\t\t\t\t<\/div>\n\t\t\t\t<\/div>\n\t\t\t\t<div class=\"elementor-element elementor-element-654c80c elementor-widget elementor-widget-text-editor\" data-id=\"654c80c\" data-element_type=\"widget\" data-widget_type=\"text-editor.default\">\n\t\t\t\t<div class=\"elementor-widget-container\">\n\t\t\t\t\t\t\t\t<div class=\"elementor-text-editor elementor-clearfix\">\n\t\t\t\t\t\t\t\t\t\t<\/div>\n\t\t\t\t\t\t<\/div>\n\t\t\t\t<\/div>\n\t\t\t\t\t\t<\/div>\n\t\t\t\t\t<\/div>\n\t\t<\/div>\n\t\t\t\t\t\t\t\t<\/div>\n\t\t\t\t\t<\/div>\n\t\t<\/section>\n\t\t\t\t<section class=\"elementor-section elementor-top-section elementor-element elementor-element-695f389 elementor-section-boxed elementor-section-height-default elementor-section-height-default\" data-id=\"695f389\" data-element_type=\"section\">\n\t\t\t\t\t\t<div class=\"elementor-container elementor-column-gap-default\">\n\t\t\t\t\t\t\t<div class=\"elementor-row\">\n\t\t\t\t\t<div class=\"elementor-column elementor-col-100 elementor-top-column elementor-element elementor-element-a47984b\" data-id=\"a47984b\" data-element_type=\"column\">\n\t\t\t<div class=\"elementor-column-wrap elementor-element-populated\">\n\t\t\t\t\t\t\t<div class=\"elementor-widget-wrap\">\n\t\t\t\t\t\t<div class=\"elementor-element elementor-element-d783223 elementor-widget elementor-widget-text-editor\" data-id=\"d783223\" data-element_type=\"widget\" data-widget_type=\"text-editor.default\">\n\t\t\t\t<div class=\"elementor-widget-container\">\n\t\t\t\t\t\t\t\t<div class=\"elementor-text-editor elementor-clearfix\">\n\t\t\t\t\t<p>Haz las maletas y reserva tu coche de alquiler: \u00a1Lamezia Terme y Calabria te esperan con Noleggiare!<\/p>\n\t\t\t\t\t<\/div>\n\t\t\t\t\t\t<\/div>\n\t\t\t\t<\/div>\n\t\t\t\t\t\t<\/div>\n\t\t\t\t\t<\/div>\n\t\t<\/div>\n\t\t\t\t\t\t\t\t<\/div>\n\t\t\t\t\t<\/div>\n\t\t<\/section>\n\t\t\t\t<section class=\"elementor-section elementor-top-section elementor-element elementor-element-ae8d1c5 elementor-section-full_width elementor-section-height-default elementor-section-height-default\" data-id=\"ae8d1c5\" data-element_type=\"section\">\n\t\t\t\t\t\t<div class=\"elementor-container elementor-column-gap-no\">\n\t\t\t\t\t\t\t<div class=\"elementor-row\">\n\t\t\t\t\t<div class=\"elementor-column elementor-col-100 elementor-top-column elementor-element elementor-element-d9ff7a4\" data-id=\"d9ff7a4\" data-element_type=\"column\">\n\t\t\t<div class=\"elementor-column-wrap\">\n\t\t\t\t\t\t\t<div class=\"elementor-widget-wrap\">\n\t\t\t\t\t\t\t\t<\/div>\n\t\t\t\t\t<\/div>\n\t\t<\/div>\n\t\t\t\t\t\t\t\t<\/div>\n\t\t\t\t\t<\/div>\n\t\t<\/section>\n\t\t\t\t<section class=\"elementor-section elementor-top-section elementor-element elementor-element-22fb1be elementor-section-boxed elementor-section-height-default elementor-section-height-default\" data-id=\"22fb1be\" data-element_type=\"section\">\n\t\t\t\t\t\t<div class=\"elementor-container elementor-column-gap-default\">\n\t\t\t\t\t\t\t<div class=\"elementor-row\">\n\t\t\t\t\t<div class=\"elementor-column elementor-col-100 elementor-top-column elementor-element elementor-element-1eca846\" data-id=\"1eca846\" data-element_type=\"column\">\n\t\t\t<div class=\"elementor-column-wrap elementor-element-populated\">\n\t\t\t\t\t\t\t<div class=\"elementor-widget-wrap\">\n\t\t\t\t\t\t<div class=\"elementor-element elementor-element-40f8f6f btn-espandi-promo elementor-align-center animated-fast elementor-invisible elementor-widget elementor-widget-button\" data-id=\"40f8f6f\" data-element_type=\"widget\" data-settings=\"{&quot;_animation&quot;:&quot;slideInRight&quot;}\" data-widget_type=\"button.default\">\n\t\t\t\t<div class=\"elementor-widget-container\">\n\t\t\t\t\t<div class=\"elementor-button-wrapper\">\n\t\t\t<a href=\"#\" class=\"elementor-button-link elementor-button elementor-size-md\" role=\"button\">\n\t\t\t\t\t\t<span class=\"elementor-button-content-wrapper\">\n\t\t\t\t\t\t<span class=\"elementor-button-icon elementor-align-icon-left\">\n\t\t\t\t<i aria-hidden=\"true\" class=\"fas fa-arrow-circle-up\"><\/i>\t\t\t<\/span>\n\t\t\t\t\t\t<span class=\"elementor-button-text\">\u00a1Reserva ahora!<\/span>\n\t\t<\/span>\n\t\t\t\t\t<\/a>\n\t\t<\/div>\n\t\t\t\t<\/div>\n\t\t\t\t<\/div>\n\t\t\t\t\t\t<\/div>\n\t\t\t\t\t<\/div>\n\t\t<\/div>\n\t\t\t\t\t\t\t\t<\/div>\n\t\t\t\t\t<\/div>\n\t\t<\/section>\n\t\t\t\t\t\t<\/div>\n\t\t\t\t\t\t<\/div>\n\t\t\t\t\t<\/div>\n\t\t","protected":false},"excerpt":{"rendered":"<p>tel\u00e9fono +39 345 694 5 097 +39 348 860 8 971 email lamezia.apt@noleggiare.it direcci\u00f3n Aeroporto Internazionale di Lamezia Terme &#8211; Via Aeroporto s.n.c. &#8211; 88046 Lamezia Terme (CZ) horarios Lunes &#8211; Domingo 8:00 \/ 23:00 Mi\u00e9rcoles, 24 de diciembre, 8:00 \/ 20:00Mi\u00e9rcoles, 31 de diciembre, 8:00 \/ 20:00 Alquiler de coches en el aeropuerto de [&#8230;]<\/p>\n<p><a class=\"btn btn-secondary understrap-read-more-link\" href=\"https:\/\/www.noleggiare.it\/es\/noleggio-auto\/sedi\/alquiler-de-coches-en-el-aeropuerto-de-lamezia-terme\/\">Leer m\u00e1s&#8230;<\/a><\/p>\n","protected":false},"author":2511,"featured_media":119937,"parent":35,"menu_order":0,"comment_status":"closed","ping_status":"closed","template":"","meta":[],"acf":[],"yoast_head":"<!-- This site is optimized with the Yoast SEO plugin v17.1 - https:\/\/yoast.com\/wordpress\/plugins\/seo\/ -->\n<title>Alquiler de coches en el aeropuerto de Lamezia Terme - Noleggiare.it<\/title>\n<meta name=\"description\" content=\"Descubre nuestro alquiler de coches en Lamezia Terme. Reserva un coche con nosotros y llega a los innumerables destinos tur\u00edsticos de las espl\u00e9ndidas costas j\u00f3nica y tirrena.\" \/>\n<meta name=\"robots\" content=\"index, follow, max-snippet:-1, max-image-preview:large, max-video-preview:-1\" \/>\n<link rel=\"canonical\" href=\"https:\/\/www.noleggiare.it\/es\/noleggio-auto\/sedi\/alquiler-de-coches-en-el-aeropuerto-de-lamezia-terme\/\" \/>\n<meta property=\"og:locale\" content=\"es_ES\" \/>\n<meta property=\"og:type\" content=\"article\" \/>\n<meta property=\"og:title\" content=\"Alquiler de coches en el aeropuerto de Lamezia Terme - Noleggiare.it\" \/>\n<meta property=\"og:description\" content=\"Descubre nuestro alquiler de coches en Lamezia Terme. Reserva un coche con nosotros y llega a los innumerables destinos tur\u00edsticos de las espl\u00e9ndidas costas j\u00f3nica y tirrena.\" \/>\n<meta property=\"og:url\" content=\"https:\/\/www.noleggiare.it\/es\/noleggio-auto\/sedi\/alquiler-de-coches-en-el-aeropuerto-de-lamezia-terme\/\" \/>\n<meta property=\"og:site_name\" content=\"Noleggiare.it\" \/>\n<meta property=\"article:modified_time\" content=\"2024-10-25T10:14:27+00:00\" \/>\n<meta property=\"og:image\" content=\"https:\/\/www.noleggiare.it\/wp-content\/uploads\/2022\/07\/lamezia-apt-pagina-sedi.jpg\" \/>\n\t<meta property=\"og:image:width\" content=\"1200\" \/>\n\t<meta property=\"og:image:height\" content=\"857\" \/>\n<meta name=\"twitter:card\" content=\"summary_large_image\" \/>\n<meta name=\"twitter:label1\" content=\"Tiempo de lectura\" \/>\n\t<meta name=\"twitter:data1\" content=\"3 minutos\" \/>\n<script type=\"application\/ld+json\" class=\"yoast-schema-graph\">{\"@context\":\"https:\/\/schema.org\",\"@graph\":[{\"@type\":\"WebSite\",\"@id\":\"https:\/\/www.noleggiare.it\/it\/#website\",\"url\":\"https:\/\/www.noleggiare.it\/it\/\",\"name\":\"Noleggiare.it\",\"description\":\"Happy rent!\",\"potentialAction\":[{\"@type\":\"SearchAction\",\"target\":{\"@type\":\"EntryPoint\",\"urlTemplate\":\"https:\/\/www.noleggiare.it\/it\/?s={search_term_string}\"},\"query-input\":\"required name=search_term_string\"}],\"inLanguage\":\"es\"},{\"@type\":\"ImageObject\",\"@id\":\"https:\/\/www.noleggiare.it\/es\/noleggio-auto\/sedi\/alquiler-de-coches-en-el-aeropuerto-de-lamezia-terme\/#primaryimage\",\"inLanguage\":\"es\",\"url\":\"https:\/\/www.noleggiare.it\/wp-content\/uploads\/2022\/07\/lamezia-apt-pagina-sedi.jpg\",\"contentUrl\":\"https:\/\/www.noleggiare.it\/wp-content\/uploads\/2022\/07\/lamezia-apt-pagina-sedi.jpg\",\"width\":1200,\"height\":857},{\"@type\":\"WebPage\",\"@id\":\"https:\/\/www.noleggiare.it\/es\/noleggio-auto\/sedi\/alquiler-de-coches-en-el-aeropuerto-de-lamezia-terme\/#webpage\",\"url\":\"https:\/\/www.noleggiare.it\/es\/noleggio-auto\/sedi\/alquiler-de-coches-en-el-aeropuerto-de-lamezia-terme\/\",\"name\":\"Alquiler de coches en el aeropuerto de Lamezia Terme - Noleggiare.it\",\"isPartOf\":{\"@id\":\"https:\/\/www.noleggiare.it\/it\/#website\"},\"primaryImageOfPage\":{\"@id\":\"https:\/\/www.noleggiare.it\/es\/noleggio-auto\/sedi\/alquiler-de-coches-en-el-aeropuerto-de-lamezia-terme\/#primaryimage\"},\"datePublished\":\"2022-07-23T11:16:42+00:00\",\"dateModified\":\"2024-10-25T10:14:27+00:00\",\"description\":\"Descubre nuestro alquiler de coches en Lamezia Terme. Reserva un coche con nosotros y llega a los innumerables destinos tur\\u00edsticos de las espl\\u00e9ndidas costas j\\u00f3nica y tirrena.\",\"breadcrumb\":{\"@id\":\"https:\/\/www.noleggiare.it\/es\/noleggio-auto\/sedi\/alquiler-de-coches-en-el-aeropuerto-de-lamezia-terme\/#breadcrumb\"},\"inLanguage\":\"es\",\"potentialAction\":[{\"@type\":\"ReadAction\",\"target\":[\"https:\/\/www.noleggiare.it\/es\/noleggio-auto\/sedi\/alquiler-de-coches-en-el-aeropuerto-de-lamezia-terme\/\"]}]},{\"@type\":\"BreadcrumbList\",\"@id\":\"https:\/\/www.noleggiare.it\/es\/noleggio-auto\/sedi\/alquiler-de-coches-en-el-aeropuerto-de-lamezia-terme\/#breadcrumb\",\"itemListElement\":[{\"@type\":\"ListItem\",\"position\":1,\"name\":\"Noleggio auto\",\"item\":\"https:\/\/www.noleggiare.it\/it\/noleggio-auto\/\"},{\"@type\":\"ListItem\",\"position\":2,\"name\":\"Sedi\",\"item\":\"https:\/\/www.noleggiare.it\/it\/noleggio-auto\/sedi\/\"},{\"@type\":\"ListItem\",\"position\":3,\"name\":\"Alquiler de coches en el aeropuerto de Lamezia Terme\"}]}]}<\/script>\n<!-- \/ Yoast SEO plugin. -->","yoast_head_json":{"title":"Alquiler de coches en el aeropuerto de Lamezia Terme - Noleggiare.it","description":"Descubre nuestro alquiler de coches en Lamezia Terme. Reserva un coche con nosotros y llega a los innumerables destinos tur\u00edsticos de las espl\u00e9ndidas costas j\u00f3nica y tirrena.","robots":{"index":"index","follow":"follow","max-snippet":"max-snippet:-1","max-image-preview":"max-image-preview:large","max-video-preview":"max-video-preview:-1"},"canonical":"https:\/\/www.noleggiare.it\/es\/noleggio-auto\/sedi\/alquiler-de-coches-en-el-aeropuerto-de-lamezia-terme\/","og_locale":"es_ES","og_type":"article","og_title":"Alquiler de coches en el aeropuerto de Lamezia Terme - Noleggiare.it","og_description":"Descubre nuestro alquiler de coches en Lamezia Terme. Reserva un coche con nosotros y llega a los innumerables destinos tur\u00edsticos de las espl\u00e9ndidas costas j\u00f3nica y tirrena.","og_url":"https:\/\/www.noleggiare.it\/es\/noleggio-auto\/sedi\/alquiler-de-coches-en-el-aeropuerto-de-lamezia-terme\/","og_site_name":"Noleggiare.it","article_modified_time":"2024-10-25T10:14:27+00:00","og_image":[{"width":1200,"height":857,"url":"https:\/\/www.noleggiare.it\/wp-content\/uploads\/2022\/07\/lamezia-apt-pagina-sedi.jpg","path":"\/var\/www\/noleggiare.it\/wp-content\/uploads\/2022\/07\/lamezia-apt-pagina-sedi.jpg","size":"full","id":119937,"alt":"","pixels":1028400,"type":"image\/jpeg"}],"twitter_card":"summary_large_image","twitter_misc":{"Tiempo de lectura":"3 minutos"},"schema":{"@context":"https:\/\/schema.org","@graph":[{"@type":"WebSite","@id":"https:\/\/www.noleggiare.it\/it\/#website","url":"https:\/\/www.noleggiare.it\/it\/","name":"Noleggiare.it","description":"Happy rent!","potentialAction":[{"@type":"SearchAction","target":{"@type":"EntryPoint","urlTemplate":"https:\/\/www.noleggiare.it\/it\/?s={search_term_string}"},"query-input":"required name=search_term_string"}],"inLanguage":"es"},{"@type":"ImageObject","@id":"https:\/\/www.noleggiare.it\/es\/noleggio-auto\/sedi\/alquiler-de-coches-en-el-aeropuerto-de-lamezia-terme\/#primaryimage","inLanguage":"es","url":"https:\/\/www.noleggiare.it\/wp-content\/uploads\/2022\/07\/lamezia-apt-pagina-sedi.jpg","contentUrl":"https:\/\/www.noleggiare.it\/wp-content\/uploads\/2022\/07\/lamezia-apt-pagina-sedi.jpg","width":1200,"height":857},{"@type":"WebPage","@id":"https:\/\/www.noleggiare.it\/es\/noleggio-auto\/sedi\/alquiler-de-coches-en-el-aeropuerto-de-lamezia-terme\/#webpage","url":"https:\/\/www.noleggiare.it\/es\/noleggio-auto\/sedi\/alquiler-de-coches-en-el-aeropuerto-de-lamezia-terme\/","name":"Alquiler de coches en el aeropuerto de Lamezia Terme - Noleggiare.it","isPartOf":{"@id":"https:\/\/www.noleggiare.it\/it\/#website"},"primaryImageOfPage":{"@id":"https:\/\/www.noleggiare.it\/es\/noleggio-auto\/sedi\/alquiler-de-coches-en-el-aeropuerto-de-lamezia-terme\/#primaryimage"},"datePublished":"2022-07-23T11:16:42+00:00","dateModified":"2024-10-25T10:14:27+00:00","description":"Descubre nuestro alquiler de coches en Lamezia Terme. Reserva un coche con nosotros y llega a los innumerables destinos tur\u00edsticos de las espl\u00e9ndidas costas j\u00f3nica y tirrena.","breadcrumb":{"@id":"https:\/\/www.noleggiare.it\/es\/noleggio-auto\/sedi\/alquiler-de-coches-en-el-aeropuerto-de-lamezia-terme\/#breadcrumb"},"inLanguage":"es","potentialAction":[{"@type":"ReadAction","target":["https:\/\/www.noleggiare.it\/es\/noleggio-auto\/sedi\/alquiler-de-coches-en-el-aeropuerto-de-lamezia-terme\/"]}]},{"@type":"BreadcrumbList","@id":"https:\/\/www.noleggiare.it\/es\/noleggio-auto\/sedi\/alquiler-de-coches-en-el-aeropuerto-de-lamezia-terme\/#breadcrumb","itemListElement":[{"@type":"ListItem","position":1,"name":"Noleggio auto","item":"https:\/\/www.noleggiare.it\/it\/noleggio-auto\/"},{"@type":"ListItem","position":2,"name":"Sedi","item":"https:\/\/www.noleggiare.it\/it\/noleggio-auto\/sedi\/"},{"@type":"ListItem","position":3,"name":"Alquiler de coches en el aeropuerto de Lamezia Terme"}]}]}},"wps_subtitle":"","_links":{"self":[{"href":"https:\/\/www.noleggiare.it\/es\/wp-json\/wp\/v2\/pages\/119805"}],"collection":[{"href":"https:\/\/www.noleggiare.it\/es\/wp-json\/wp\/v2\/pages"}],"about":[{"href":"https:\/\/www.noleggiare.it\/es\/wp-json\/wp\/v2\/types\/page"}],"author":[{"embeddable":true,"href":"https:\/\/www.noleggiare.it\/es\/wp-json\/wp\/v2\/users\/2511"}],"replies":[{"embeddable":true,"href":"https:\/\/www.noleggiare.it\/es\/wp-json\/wp\/v2\/comments?post=119805"}],"version-history":[{"count":10,"href":"https:\/\/www.noleggiare.it\/es\/wp-json\/wp\/v2\/pages\/119805\/revisions"}],"predecessor-version":[{"id":275789,"href":"https:\/\/www.noleggiare.it\/es\/wp-json\/wp\/v2\/pages\/119805\/revisions\/275789"}],"up":[{"embeddable":true,"href":"https:\/\/www.noleggiare.it\/es\/wp-json\/wp\/v2\/pages\/35"}],"wp:featuredmedia":[{"embeddable":true,"href":"https:\/\/www.noleggiare.it\/es\/wp-json\/wp\/v2\/media\/119937"}],"wp:attachment":[{"href":"https:\/\/www.noleggiare.it\/es\/wp-json\/wp\/v2\/media?parent=119805"}],"curies":[{"name":"wp","href":"https:\/\/api.w.org\/{rel}","templated":true}]}}