{"id":36019,"date":"2020-04-06T15:02:09","date_gmt":"2020-04-06T13:02:09","guid":{"rendered":"https:\/\/www.noleggiare.it\/?page_id=36019"},"modified":"2020-04-06T15:05:48","modified_gmt":"2020-04-06T13:05:48","slug":"alquiler-de-autos-en-peschiera","status":"publish","type":"page","link":"https:\/\/www.noleggiare.it\/es\/noleggio-auto\/sedi\/alquiler-de-autos-en-peschiera\/","title":{"rendered":"Alquiler de autos en Peschiera"},"content":{"rendered":"\t\t<div data-elementor-type=\"wp-post\" data-elementor-id=\"36019\" data-post-id=\"36019\" data-obj-id=\"36019\" class=\"elementor elementor-36019 dce-elementor-post-36019 elementor-19102\" data-elementor-settings=\"[]\">\n\t\t\t\t\t\t<div class=\"elementor-inner\">\n\t\t\t\t\t\t\t<div class=\"elementor-section-wrap\">\n\t\t\t\t\t\t\t<section class=\"elementor-section elementor-top-section elementor-element elementor-element-9ee7f27 elementor-section-boxed elementor-section-height-default elementor-section-height-default\" data-id=\"9ee7f27\" data-element_type=\"section\">\n\t\t\t\t\t\t<div class=\"elementor-container elementor-column-gap-no\">\n\t\t\t\t\t\t\t<div class=\"elementor-row\">\n\t\t\t\t\t<div class=\"elementor-column elementor-col-100 elementor-top-column elementor-element elementor-element-deb5354\" data-id=\"deb5354\" data-element_type=\"column\">\n\t\t\t<div class=\"elementor-column-wrap elementor-element-populated\">\n\t\t\t\t\t\t\t<div class=\"elementor-widget-wrap\">\n\t\t\t\t\t\t<div class=\"elementor-element elementor-element-155a00a elementor-widget elementor-widget-text-editor\" data-id=\"155a00a\" data-element_type=\"widget\" data-widget_type=\"text-editor.default\">\n\t\t\t\t<div class=\"elementor-widget-container\">\n\t\t\t\t\t\t\t\t<div class=\"elementor-text-editor elementor-clearfix\">\n\t\t\t\t\t<h1>Alquiler de autos en Peschiera<\/h1>\t\t\t\t\t<\/div>\n\t\t\t\t\t\t<\/div>\n\t\t\t\t<\/div>\n\t\t\t\t\t\t<\/div>\n\t\t\t\t\t<\/div>\n\t\t<\/div>\n\t\t\t\t\t\t\t\t<\/div>\n\t\t\t\t\t<\/div>\n\t\t<\/section>\n\t\t\t\t<section class=\"elementor-section elementor-top-section elementor-element elementor-element-ee74f99 elementor-section-boxed elementor-section-height-default elementor-section-height-default\" data-id=\"ee74f99\" data-element_type=\"section\">\n\t\t\t\t\t\t<div class=\"elementor-container elementor-column-gap-no\">\n\t\t\t\t\t\t\t<div class=\"elementor-row\">\n\t\t\t\t\t<div class=\"elementor-column elementor-col-100 elementor-top-column elementor-element elementor-element-0ea71fa\" data-id=\"0ea71fa\" data-element_type=\"column\">\n\t\t\t<div class=\"elementor-column-wrap elementor-element-populated\">\n\t\t\t\t\t\t\t<div class=\"elementor-widget-wrap\">\n\t\t\t\t\t\t<div class=\"elementor-element elementor-element-d4d7c06 elementor-widget elementor-widget-text-editor\" data-id=\"d4d7c06\" data-element_type=\"widget\" data-widget_type=\"text-editor.default\">\n\t\t\t\t<div class=\"elementor-widget-container\">\n\t\t\t\t\t\t\t\t<div class=\"elementor-text-editor elementor-clearfix\">\n\t\t\t\t\t<h2>\u00a1Descubre el Lago de Garda y vive tus vacaciones en auto con nosotros!<\/h2>\t\t\t\t\t<\/div>\n\t\t\t\t\t\t<\/div>\n\t\t\t\t<\/div>\n\t\t\t\t<div class=\"elementor-element elementor-element-5cc59d0 elementor-widget elementor-widget-text-editor\" data-id=\"5cc59d0\" data-element_type=\"widget\" data-widget_type=\"text-editor.default\">\n\t\t\t\t<div class=\"elementor-widget-container\">\n\t\t\t\t\t\t\t\t<div class=\"elementor-text-editor elementor-clearfix\">\n\t\t\t\t\t<p>Noleggiare es la mejor elecci\u00f3n para el alquiler de autos en Peschiera del Garda. Autos nuevos, ideales para las vacaciones o para el trabajo, con tarifas convenientes y una amplia gama de veh\u00edculos a elecci\u00f3n. Contratos claros, soluciones y servicios flexibles, asistencia al cliente los siete d\u00edas de la semana: el alquiler a corto plazo y seg\u00fan tus necesidades, te espera en nuestras sedes, presentes en aeropuertos, ciudades de toda Italia, islas incluidas.<\/p>\t\t\t\t\t<\/div>\n\t\t\t\t\t\t<\/div>\n\t\t\t\t<\/div>\n\t\t\t\t\t\t<\/div>\n\t\t\t\t\t<\/div>\n\t\t<\/div>\n\t\t\t\t\t\t\t\t<\/div>\n\t\t\t\t\t<\/div>\n\t\t<\/section>\n\t\t\t\t<section class=\"elementor-section elementor-top-section elementor-element elementor-element-514404b elementor-section-boxed elementor-section-height-default elementor-section-height-default\" data-id=\"514404b\" data-element_type=\"section\">\n\t\t\t\t\t\t<div class=\"elementor-container elementor-column-gap-no\">\n\t\t\t\t\t\t\t<div class=\"elementor-row\">\n\t\t\t\t\t<div class=\"elementor-column elementor-col-25 elementor-top-column elementor-element elementor-element-6a5e8e6\" data-id=\"6a5e8e6\" data-element_type=\"column\">\n\t\t\t<div class=\"elementor-column-wrap elementor-element-populated\">\n\t\t\t\t\t\t\t<div class=\"elementor-widget-wrap\">\n\t\t\t\t\t\t<div class=\"elementor-element elementor-element-90a682c elementor-view-default elementor-position-top elementor-vertical-align-top elementor-widget elementor-widget-icon-box\" data-id=\"90a682c\" data-element_type=\"widget\" data-widget_type=\"icon-box.default\">\n\t\t\t\t<div class=\"elementor-widget-container\">\n\t\t\t\t\t<div class=\"elementor-icon-box-wrapper\">\n\t\t\t\t\t\t<div class=\"elementor-icon-box-icon\">\n\t\t\t\t<a class=\"elementor-icon elementor-animation-\" href=\"tel:00390456401164\">\n\t\t\t\t<i aria-hidden=\"true\" class=\"fas fa-phone\"><\/i>\t\t\t\t<\/a>\n\t\t\t<\/div>\n\t\t\t\t\t\t<div class=\"elementor-icon-box-content\">\n\t\t\t\t<h3 class=\"elementor-icon-box-title\">\n\t\t\t\t\t<a href=\"tel:00390456401164\">tel\u00e9fono<\/a>\n\t\t\t\t<\/h3>\n\t\t\t\t\t\t\t<\/div>\n\t\t<\/div>\n\t\t\t\t<\/div>\n\t\t\t\t<\/div>\n\t\t\t\t<div class=\"elementor-element elementor-element-aad4a85 elementor-widget elementor-widget-text-editor\" data-id=\"aad4a85\" data-element_type=\"widget\" data-widget_type=\"text-editor.default\">\n\t\t\t\t<div class=\"elementor-widget-container\">\n\t\t\t\t\t\t\t\t<div class=\"elementor-text-editor elementor-clearfix\">\n\t\t\t\t\t<p><a href=\"tel:00390456401164\">+39 045 64 01 164<\/a><br \/><a href=\"tel:00393311582047\">+39 331 15 82 047<\/a><\/p>\t\t\t\t\t<\/div>\n\t\t\t\t\t\t<\/div>\n\t\t\t\t<\/div>\n\t\t\t\t\t\t<\/div>\n\t\t\t\t\t<\/div>\n\t\t<\/div>\n\t\t\t\t<div class=\"elementor-column elementor-col-25 elementor-top-column elementor-element elementor-element-7cde049\" data-id=\"7cde049\" data-element_type=\"column\">\n\t\t\t<div class=\"elementor-column-wrap elementor-element-populated\">\n\t\t\t\t\t\t\t<div class=\"elementor-widget-wrap\">\n\t\t\t\t\t\t<div class=\"elementor-element elementor-element-260afb6 elementor-view-default elementor-position-top elementor-vertical-align-top elementor-widget elementor-widget-icon-box\" data-id=\"260afb6\" data-element_type=\"widget\" data-widget_type=\"icon-box.default\">\n\t\t\t\t<div class=\"elementor-widget-container\">\n\t\t\t\t\t<div class=\"elementor-icon-box-wrapper\">\n\t\t\t\t\t\t<div class=\"elementor-icon-box-icon\">\n\t\t\t\t<a class=\"elementor-icon elementor-animation-\" href=\"mailto:peschiera@noleggiare.it\">\n\t\t\t\t<i class=\"fa fa-envelope\" aria-hidden=\"true\"><\/i>\t\t\t\t<\/a>\n\t\t\t<\/div>\n\t\t\t\t\t\t<div class=\"elementor-icon-box-content\">\n\t\t\t\t<h3 class=\"elementor-icon-box-title\">\n\t\t\t\t\t<a href=\"mailto:peschiera@noleggiare.it\">email<\/a>\n\t\t\t\t<\/h3>\n\t\t\t\t\t\t\t<\/div>\n\t\t<\/div>\n\t\t\t\t<\/div>\n\t\t\t\t<\/div>\n\t\t\t\t<div class=\"elementor-element elementor-element-d5687e2 elementor-widget elementor-widget-text-editor\" data-id=\"d5687e2\" data-element_type=\"widget\" data-widget_type=\"text-editor.default\">\n\t\t\t\t<div class=\"elementor-widget-container\">\n\t\t\t\t\t\t\t\t<div class=\"elementor-text-editor elementor-clearfix\">\n\t\t\t\t\t<p><a href=\"mailto:peschiera@noleggiare.it\">peschiera@noleggiare.it<\/a><\/p>\t\t\t\t\t<\/div>\n\t\t\t\t\t\t<\/div>\n\t\t\t\t<\/div>\n\t\t\t\t\t\t<\/div>\n\t\t\t\t\t<\/div>\n\t\t<\/div>\n\t\t\t\t<div class=\"elementor-column elementor-col-25 elementor-top-column elementor-element elementor-element-c177ee4\" data-id=\"c177ee4\" data-element_type=\"column\">\n\t\t\t<div class=\"elementor-column-wrap elementor-element-populated\">\n\t\t\t\t\t\t\t<div class=\"elementor-widget-wrap\">\n\t\t\t\t\t\t<div class=\"elementor-element elementor-element-9347160 elementor-view-default elementor-position-top elementor-vertical-align-top elementor-widget elementor-widget-icon-box\" data-id=\"9347160\" data-element_type=\"widget\" data-widget_type=\"icon-box.default\">\n\t\t\t\t<div class=\"elementor-widget-container\">\n\t\t\t\t\t<div class=\"elementor-icon-box-wrapper\">\n\t\t\t\t\t\t<div class=\"elementor-icon-box-icon\">\n\t\t\t\t<a class=\"elementor-icon elementor-animation-\" href=\"https:\/\/www.google.it\/maps\/place\/Noleggiare\/@45.4415928,10.697944,17z\/data=!3m1!4b1!4m5!3m4!1s0x4781e9783aa3707f:0xed39f23a5584ac1a!8m2!3d45.4415891!4d10.7001327\" target=\"_blank\">\n\t\t\t\t<i aria-hidden=\"true\" class=\"fas fa-globe\"><\/i>\t\t\t\t<\/a>\n\t\t\t<\/div>\n\t\t\t\t\t\t<div class=\"elementor-icon-box-content\">\n\t\t\t\t<h3 class=\"elementor-icon-box-title\">\n\t\t\t\t\t<a href=\"https:\/\/www.google.it\/maps\/place\/Noleggiare\/@45.4415928,10.697944,17z\/data=!3m1!4b1!4m5!3m4!1s0x4781e9783aa3707f:0xed39f23a5584ac1a!8m2!3d45.4415891!4d10.7001327\" target=\"_blank\">direcci\u00f3n<\/a>\n\t\t\t\t<\/h3>\n\t\t\t\t\t\t\t<\/div>\n\t\t<\/div>\n\t\t\t\t<\/div>\n\t\t\t\t<\/div>\n\t\t\t\t<div class=\"elementor-element elementor-element-59779af elementor-widget elementor-widget-text-editor\" data-id=\"59779af\" data-element_type=\"widget\" data-widget_type=\"text-editor.default\">\n\t\t\t\t<div class=\"elementor-widget-container\">\n\t\t\t\t\t\t\t\t<div class=\"elementor-text-editor elementor-clearfix\">\n\t\t\t\t\t<p><a target=\"_blank\" href=\"https:\/\/www.google.it\/maps\/place\/Noleggiare\/@45.4415928,10.697944,17z\/data=!3m1!4b1!4m5!3m4!1s0x4781e9783aa3707f:0xed39f23a5584ac1a!8m2!3d45.4415891!4d10.7001327\" rel=\"noopener\">Viale Marzan 4, <br \/>37019 Peschiera del Garda (VR)<\/a><\/p>\t\t\t\t\t<\/div>\n\t\t\t\t\t\t<\/div>\n\t\t\t\t<\/div>\n\t\t\t\t\t\t<\/div>\n\t\t\t\t\t<\/div>\n\t\t<\/div>\n\t\t\t\t<div class=\"elementor-column elementor-col-25 elementor-top-column elementor-element elementor-element-d1f8ee9\" data-id=\"d1f8ee9\" data-element_type=\"column\">\n\t\t\t<div class=\"elementor-column-wrap elementor-element-populated\">\n\t\t\t\t\t\t\t<div class=\"elementor-widget-wrap\">\n\t\t\t\t\t\t<div class=\"elementor-element elementor-element-6f9f10a elementor-view-default elementor-position-top elementor-vertical-align-top elementor-widget elementor-widget-icon-box\" data-id=\"6f9f10a\" data-element_type=\"widget\" data-widget_type=\"icon-box.default\">\n\t\t\t\t<div class=\"elementor-widget-container\">\n\t\t\t\t\t<div class=\"elementor-icon-box-wrapper\">\n\t\t\t\t\t\t<div class=\"elementor-icon-box-icon\">\n\t\t\t\t<span class=\"elementor-icon elementor-animation-\" >\n\t\t\t\t<i aria-hidden=\"true\" class=\"far fa-clock\"><\/i>\t\t\t\t<\/span>\n\t\t\t<\/div>\n\t\t\t\t\t\t<div class=\"elementor-icon-box-content\">\n\t\t\t\t<h3 class=\"elementor-icon-box-title\">\n\t\t\t\t\t<span >horarios<\/span>\n\t\t\t\t<\/h3>\n\t\t\t\t\t\t\t<\/div>\n\t\t<\/div>\n\t\t\t\t<\/div>\n\t\t\t\t<\/div>\n\t\t\t\t<div class=\"elementor-element elementor-element-dc79126 elementor-widget elementor-widget-text-editor\" data-id=\"dc79126\" data-element_type=\"widget\" data-widget_type=\"text-editor.default\">\n\t\t\t\t<div class=\"elementor-widget-container\">\n\t\t\t\t\t\t\t\t<div class=\"elementor-text-editor elementor-clearfix\">\n\t\t\t\t\t<p>lunes \u2013 s\u00e1bado<br \/>9:00 \/ 19:00<\/p>\t\t\t\t\t<\/div>\n\t\t\t\t\t\t<\/div>\n\t\t\t\t<\/div>\n\t\t\t\t\t\t<\/div>\n\t\t\t\t\t<\/div>\n\t\t<\/div>\n\t\t\t\t\t\t\t\t<\/div>\n\t\t\t\t\t<\/div>\n\t\t<\/section>\n\t\t\t\t<section class=\"elementor-section elementor-top-section elementor-element elementor-element-27943c4 elementor-section-boxed elementor-section-height-default elementor-section-height-default\" data-id=\"27943c4\" data-element_type=\"section\">\n\t\t\t\t\t\t<div class=\"elementor-container elementor-column-gap-default\">\n\t\t\t\t\t\t\t<div class=\"elementor-row\">\n\t\t\t\t\t<div class=\"elementor-column elementor-col-100 elementor-top-column elementor-element elementor-element-8a6cc73\" data-id=\"8a6cc73\" data-element_type=\"column\">\n\t\t\t<div class=\"elementor-column-wrap elementor-element-populated\">\n\t\t\t\t\t\t\t<div class=\"elementor-widget-wrap\">\n\t\t\t\t\t\t<div class=\"elementor-element elementor-element-97a2627 elementor-widget elementor-widget-google_maps\" data-id=\"97a2627\" data-element_type=\"widget\" data-widget_type=\"google_maps.default\">\n\t\t\t\t<div class=\"elementor-widget-container\">\n\t\t\t<div class=\"elementor-custom-embed\"><iframe frameborder=\"0\" scrolling=\"no\" marginheight=\"0\" marginwidth=\"0\" src=\"https:\/\/maps.google.com\/maps?q=noleggiare%20peschiera&amp;t=m&amp;z=10&amp;output=embed&amp;iwloc=near\" title=\"noleggiare peschiera\" aria-label=\"noleggiare peschiera\"><\/iframe><\/div>\t\t<\/div>\n\t\t\t\t<\/div>\n\t\t\t\t\t\t<\/div>\n\t\t\t\t\t<\/div>\n\t\t<\/div>\n\t\t\t\t\t\t\t\t<\/div>\n\t\t\t\t\t<\/div>\n\t\t<\/section>\n\t\t\t\t<section class=\"elementor-section elementor-top-section elementor-element elementor-element-f20b701 elementor-section-boxed elementor-section-height-default elementor-section-height-default\" data-id=\"f20b701\" data-element_type=\"section\">\n\t\t\t\t\t\t<div class=\"elementor-container elementor-column-gap-default\">\n\t\t\t\t\t\t\t<div class=\"elementor-row\">\n\t\t\t\t\t<div class=\"elementor-column elementor-col-50 elementor-top-column elementor-element elementor-element-e9f7599\" data-id=\"e9f7599\" data-element_type=\"column\">\n\t\t\t<div class=\"elementor-column-wrap elementor-element-populated\">\n\t\t\t\t\t\t\t<div class=\"elementor-widget-wrap\">\n\t\t\t\t\t\t<div class=\"elementor-element elementor-element-2e1f906 elementor-view-default elementor-position-top elementor-vertical-align-top elementor-widget elementor-widget-icon-box\" data-id=\"2e1f906\" data-element_type=\"widget\" data-widget_type=\"icon-box.default\">\n\t\t\t\t<div class=\"elementor-widget-container\">\n\t\t\t\t\t<div class=\"elementor-icon-box-wrapper\">\n\t\t\t\t\t\t<div class=\"elementor-icon-box-icon\">\n\t\t\t\t<span class=\"elementor-icon elementor-animation-\" >\n\t\t\t\t<i aria-hidden=\"true\" class=\"fas fa-city\"><\/i>\t\t\t\t<\/span>\n\t\t\t<\/div>\n\t\t\t\t\t\t<div class=\"elementor-icon-box-content\">\n\t\t\t\t<h3 class=\"elementor-icon-box-title\">\n\t\t\t\t\t<span >Sede Centralizada<\/span>\n\t\t\t\t<\/h3>\n\t\t\t\t\t\t\t\t<p class=\"elementor-icon-box-description\">Nuestra sede est\u00e1 situada en una zona estrat\u00e9gica, en el centro de Peschiera del Garda<\/p>\n\t\t\t\t\t\t\t<\/div>\n\t\t<\/div>\n\t\t\t\t<\/div>\n\t\t\t\t<\/div>\n\t\t\t\t\t\t<\/div>\n\t\t\t\t\t<\/div>\n\t\t<\/div>\n\t\t\t\t<div class=\"elementor-column elementor-col-50 elementor-top-column elementor-element elementor-element-9b8834b\" data-id=\"9b8834b\" data-element_type=\"column\">\n\t\t\t<div class=\"elementor-column-wrap elementor-element-populated\">\n\t\t\t\t\t\t\t<div class=\"elementor-widget-wrap\">\n\t\t\t\t\t\t<div class=\"elementor-element elementor-element-6c6a1db elementor-view-default elementor-position-top elementor-vertical-align-top elementor-widget elementor-widget-icon-box\" data-id=\"6c6a1db\" data-element_type=\"widget\" data-widget_type=\"icon-box.default\">\n\t\t\t\t<div class=\"elementor-widget-container\">\n\t\t\t\t\t<div class=\"elementor-icon-box-wrapper\">\n\t\t\t\t\t\t<div class=\"elementor-icon-box-icon\">\n\t\t\t\t<span class=\"elementor-icon elementor-animation-\" >\n\t\t\t\t<i aria-hidden=\"true\" class=\"fas fa-headphones-alt\"><\/i>\t\t\t\t<\/span>\n\t\t\t<\/div>\n\t\t\t\t\t\t<div class=\"elementor-icon-box-content\">\n\t\t\t\t<h3 class=\"elementor-icon-box-title\">\n\t\t\t\t\t<span >Asistencia<\/span>\n\t\t\t\t<\/h3>\n\t\t\t\t\t\t\t\t<p class=\"elementor-icon-box-description\">\u00bfNecesitas asistencia antes, despu\u00e9s o durante el alquiler de tu auto? \u00a1No te preocupes, estamos a tu disposici\u00f3n!<\/p>\n\t\t\t\t\t\t\t<\/div>\n\t\t<\/div>\n\t\t\t\t<\/div>\n\t\t\t\t<\/div>\n\t\t\t\t\t\t<\/div>\n\t\t\t\t\t<\/div>\n\t\t<\/div>\n\t\t\t\t\t\t\t\t<\/div>\n\t\t\t\t\t<\/div>\n\t\t<\/section>\n\t\t\t\t<section class=\"elementor-section elementor-top-section elementor-element elementor-element-e3adad4 elementor-section-boxed elementor-section-height-default elementor-section-height-default\" data-id=\"e3adad4\" data-element_type=\"section\">\n\t\t\t\t\t\t<div class=\"elementor-container elementor-column-gap-default\">\n\t\t\t\t\t\t\t<div class=\"elementor-row\">\n\t\t\t\t\t<div class=\"elementor-column elementor-col-100 elementor-top-column elementor-element elementor-element-dbfdd71\" data-id=\"dbfdd71\" data-element_type=\"column\">\n\t\t\t<div class=\"elementor-column-wrap elementor-element-populated\">\n\t\t\t\t\t\t\t<div class=\"elementor-widget-wrap\">\n\t\t\t\t\t\t<div class=\"elementor-element elementor-element-bbc23af elementor-widget elementor-widget-text-editor\" data-id=\"bbc23af\" data-element_type=\"widget\" data-widget_type=\"text-editor.default\">\n\t\t\t\t<div class=\"elementor-widget-container\">\n\t\t\t\t\t\t\t\t<div class=\"elementor-text-editor elementor-clearfix\">\n\t\t\t\t\t<h3>Beneficios de alquilar un <strong>auto<\/strong><\/h3>\t\t\t\t\t<\/div>\n\t\t\t\t\t\t<\/div>\n\t\t\t\t<\/div>\n\t\t\t\t<div class=\"elementor-element elementor-element-9c9b936 elementor-widget elementor-widget-text-editor\" data-id=\"9c9b936\" data-element_type=\"widget\" data-widget_type=\"text-editor.default\">\n\t\t\t\t<div class=\"elementor-widget-container\">\n\t\t\t\t\t\t\t\t<div class=\"elementor-text-editor elementor-clearfix\">\n\t\t\t\t\t<p>Conducir tu auto en Peschiera es la mejor elecci\u00f3n si necesitas visitar la ciudad con total autonom\u00eda y comodidad. El centro hist\u00f3rico dispone de una gran cantidad de lugares para estacionar, algunos gratuitos y otros arancelados, as\u00ed podr\u00e1s caminar por las calles m\u00e1s famosas de la ciudad sin preocupaciones.<\/p>\t\t\t\t\t<\/div>\n\t\t\t\t\t\t<\/div>\n\t\t\t\t<\/div>\n\t\t\t\t\t\t<\/div>\n\t\t\t\t\t<\/div>\n\t\t<\/div>\n\t\t\t\t\t\t\t\t<\/div>\n\t\t\t\t\t<\/div>\n\t\t<\/section>\n\t\t\t\t<section class=\"elementor-section elementor-top-section elementor-element elementor-element-26eff63 elementor-section-boxed elementor-section-height-default elementor-section-height-default\" data-id=\"26eff63\" data-element_type=\"section\">\n\t\t\t\t\t\t<div class=\"elementor-container elementor-column-gap-default\">\n\t\t\t\t\t\t\t<div class=\"elementor-row\">\n\t\t\t\t\t<div class=\"elementor-column elementor-col-50 elementor-top-column elementor-element elementor-element-9397562\" data-id=\"9397562\" data-element_type=\"column\">\n\t\t\t<div class=\"elementor-column-wrap elementor-element-populated\">\n\t\t\t\t\t\t\t<div class=\"elementor-widget-wrap\">\n\t\t\t\t\t\t<div class=\"elementor-element elementor-element-6ba0e9b elementor-widget elementor-widget-text-editor\" data-id=\"6ba0e9b\" data-element_type=\"widget\" data-widget_type=\"text-editor.default\">\n\t\t\t\t<div class=\"elementor-widget-container\">\n\t\t\t\t\t\t\t\t<div class=\"elementor-text-editor elementor-clearfix\">\n\t\t\t\t\t<h3>Qu\u00e9 visitar en <strong>Peschiera del Garda<\/strong><\/h3>\t\t\t\t\t<\/div>\n\t\t\t\t\t\t<\/div>\n\t\t\t\t<\/div>\n\t\t\t\t<div class=\"elementor-element elementor-element-cb37846 elementor-widget elementor-widget-text-editor\" data-id=\"cb37846\" data-element_type=\"widget\" data-widget_type=\"text-editor.default\">\n\t\t\t\t<div class=\"elementor-widget-container\">\n\t\t\t\t\t\t\t\t<div class=\"elementor-text-editor elementor-clearfix\">\n\t\t\t\t\t<p>Nuestra sede se encuentra en Peschiera del Garda, sitio patrimonio de la UNESCO desde el 2011. La comuna de Verona se encuentra entre las m\u00e1s caracter\u00edsticas de todo el lago, hall\u00e1ndose en el punto en el cual las aguas del emisario Mincio del Garda confluyen en el lago de Garda.<\/p><p>Indiscutiblemente es digna de ser admirada la Fortezza de Peschiera del Garda del siglo XV, llamada Rocca, con sus bastiones y majestuosas puertas de acceso; la Palazzina di Comando della Piazzaforte, conocida como Palazzina Storica, en cuyo interior fue organizada la resistencia sobre el Piave luego de la derrota de Caporetto, y el Ponte dei Voltoni despu\u00e9s del cual las aguas del lago y del r\u00edo se encuentran.<\/p>\t\t\t\t\t<\/div>\n\t\t\t\t\t\t<\/div>\n\t\t\t\t<\/div>\n\t\t\t\t<div class=\"elementor-element elementor-element-1bbdf75 elementor-widget elementor-widget-text-editor\" data-id=\"1bbdf75\" data-element_type=\"widget\" data-widget_type=\"text-editor.default\">\n\t\t\t\t<div class=\"elementor-widget-container\">\n\t\t\t\t\t\t\t\t<div class=\"elementor-text-editor elementor-clearfix\">\n\t\t\t\t\t\t\t\t\t\t<\/div>\n\t\t\t\t\t\t<\/div>\n\t\t\t\t<\/div>\n\t\t\t\t<div class=\"elementor-element elementor-element-0e5d315 dce_masking-none elementor-widget elementor-widget-image\" data-id=\"0e5d315\" data-element_type=\"widget\" data-widget_type=\"image.default\">\n\t\t\t\t<div class=\"elementor-widget-container\">\n\t\t\t\t\t\t\t\t<div class=\"elementor-image\">\n\t\t\t\t\t\t\t\t\t\t\t\t<img width=\"640\" height=\"480\" src=\"https:\/\/www.noleggiare.it\/wp-content\/uploads\/2020\/02\/peschiera-del-garda-noleggio-auto-1024x768.jpg\" class=\"attachment-large size-large\" alt=\"\" loading=\"lazy\" srcset=\"https:\/\/www.noleggiare.it\/wp-content\/uploads\/2020\/02\/peschiera-del-garda-noleggio-auto-1024x768.jpg 1024w, https:\/\/www.noleggiare.it\/wp-content\/uploads\/2020\/02\/peschiera-del-garda-noleggio-auto-300x225.jpg 300w, https:\/\/www.noleggiare.it\/wp-content\/uploads\/2020\/02\/peschiera-del-garda-noleggio-auto-768x576.jpg 768w, https:\/\/www.noleggiare.it\/wp-content\/uploads\/2020\/02\/peschiera-del-garda-noleggio-auto.jpg 1280w\" sizes=\"(max-width: 640px) 100vw, 640px\" \/>\t\t\t\t\t\t\t\t\t\t\t\t\t\t<\/div>\n\t\t\t\t\t\t<\/div>\n\t\t\t\t<\/div>\n\t\t\t\t\t\t<\/div>\n\t\t\t\t\t<\/div>\n\t\t<\/div>\n\t\t\t\t<div class=\"elementor-column elementor-col-50 elementor-top-column elementor-element elementor-element-3c8fd9f\" data-id=\"3c8fd9f\" data-element_type=\"column\">\n\t\t\t<div class=\"elementor-column-wrap elementor-element-populated\">\n\t\t\t\t\t\t\t<div class=\"elementor-widget-wrap\">\n\t\t\t\t\t\t<div class=\"elementor-element elementor-element-09a4fa7 elementor-widget elementor-widget-text-editor\" data-id=\"09a4fa7\" data-element_type=\"widget\" data-widget_type=\"text-editor.default\">\n\t\t\t\t<div class=\"elementor-widget-container\">\n\t\t\t\t\t\t\t\t<div class=\"elementor-text-editor elementor-clearfix\">\n\t\t\t\t\t\t\t\t\t\t<\/div>\n\t\t\t\t\t\t<\/div>\n\t\t\t\t<\/div>\n\t\t\t\t<div class=\"elementor-element elementor-element-fe131ea elementor-widget elementor-widget-text-editor\" data-id=\"fe131ea\" data-element_type=\"widget\" data-widget_type=\"text-editor.default\">\n\t\t\t\t<div class=\"elementor-widget-container\">\n\t\t\t\t\t\t\t\t<div class=\"elementor-text-editor elementor-clearfix\">\n\t\t\t\t\t\t\t\t\t\t<\/div>\n\t\t\t\t\t\t<\/div>\n\t\t\t\t<\/div>\n\t\t\t\t<div class=\"elementor-element elementor-element-a17e272 dce_masking-none elementor-widget elementor-widget-image\" data-id=\"a17e272\" data-element_type=\"widget\" data-widget_type=\"image.default\">\n\t\t\t\t<div class=\"elementor-widget-container\">\n\t\t\t\t\t\t\t\t<div class=\"elementor-image\">\n\t\t\t\t\t\t\t\t\t\t\t\t<img width=\"640\" height=\"360\" src=\"https:\/\/www.noleggiare.it\/wp-content\/uploads\/2020\/02\/peschiera-del-garda-noleggiare-1024x576.jpg\" class=\"attachment-large size-large\" alt=\"\" loading=\"lazy\" srcset=\"https:\/\/www.noleggiare.it\/wp-content\/uploads\/2020\/02\/peschiera-del-garda-noleggiare-1024x576.jpg 1024w, https:\/\/www.noleggiare.it\/wp-content\/uploads\/2020\/02\/peschiera-del-garda-noleggiare-300x169.jpg 300w, https:\/\/www.noleggiare.it\/wp-content\/uploads\/2020\/02\/peschiera-del-garda-noleggiare-768x432.jpg 768w, https:\/\/www.noleggiare.it\/wp-content\/uploads\/2020\/02\/peschiera-del-garda-noleggiare.jpg 1280w\" sizes=\"(max-width: 640px) 100vw, 640px\" \/>\t\t\t\t\t\t\t\t\t\t\t\t\t\t<\/div>\n\t\t\t\t\t\t<\/div>\n\t\t\t\t<\/div>\n\t\t\t\t<div class=\"elementor-element elementor-element-f32eff5 elementor-widget elementor-widget-text-editor\" data-id=\"f32eff5\" data-element_type=\"widget\" data-widget_type=\"text-editor.default\">\n\t\t\t\t<div class=\"elementor-widget-container\">\n\t\t\t\t\t\t\t\t<div class=\"elementor-text-editor elementor-clearfix\">\n\t\t\t\t\t<p>Destinos recomendados<\/p>\t\t\t\t\t<\/div>\n\t\t\t\t\t\t<\/div>\n\t\t\t\t<\/div>\n\t\t\t\t<div class=\"elementor-element elementor-element-c781539 elementor-widget elementor-widget-text-editor\" data-id=\"c781539\" data-element_type=\"widget\" data-widget_type=\"text-editor.default\">\n\t\t\t\t<div class=\"elementor-widget-container\">\n\t\t\t\t\t\t\t\t<div class=\"elementor-text-editor elementor-clearfix\">\n\t\t\t\t\t<p>A pocos quil\u00f3metros y a pocos metros en autom\u00f3vil desde Peschiera, te esperan muchas otras maravillas:<\/p><ul><li>Verona, la ciudad de Romeo y Julieta, una ciudad en la que se concentran testimonios art\u00edsticos, hist\u00f3ricos y culturales que se sumergen en la sugestiva atm\u00f3sfera de las callejas y de las plazas enriquecida por los sabores de la cocina tradicional y territorial;<\/li><li>Mantua, peque\u00f1a y bien dise\u00f1ada, se impone al visitante sobre todo como cofre de tesoros de arte que, nombres famosos del mundo supieron llenar de obras precios\u00edsimas: Mantegna, Pisanello, Giulio Romano, Leon Battista Alberti, y muchos otros;<\/li><li>Brescia, ciudad \u00fanica en su g\u00e9nero y llena de historia.<\/li><\/ul>\t\t\t\t\t<\/div>\n\t\t\t\t\t\t<\/div>\n\t\t\t\t<\/div>\n\t\t\t\t<div class=\"elementor-element elementor-element-ebdfebb elementor-widget elementor-widget-text-editor\" data-id=\"ebdfebb\" data-element_type=\"widget\" data-widget_type=\"text-editor.default\">\n\t\t\t\t<div class=\"elementor-widget-container\">\n\t\t\t\t\t\t\t\t<div class=\"elementor-text-editor elementor-clearfix\">\n\t\t\t\t\t\t\t\t\t\t<\/div>\n\t\t\t\t\t\t<\/div>\n\t\t\t\t<\/div>\n\t\t\t\t\t\t<\/div>\n\t\t\t\t\t<\/div>\n\t\t<\/div>\n\t\t\t\t\t\t\t\t<\/div>\n\t\t\t\t\t<\/div>\n\t\t<\/section>\n\t\t\t\t<section class=\"elementor-section elementor-top-section elementor-element elementor-element-f709f2b elementor-section-boxed elementor-section-height-default elementor-section-height-default\" data-id=\"f709f2b\" data-element_type=\"section\">\n\t\t\t\t\t\t<div class=\"elementor-container elementor-column-gap-default\">\n\t\t\t\t\t\t\t<div class=\"elementor-row\">\n\t\t\t\t\t<div class=\"elementor-column elementor-col-100 elementor-top-column elementor-element elementor-element-4f5380f\" data-id=\"4f5380f\" data-element_type=\"column\">\n\t\t\t<div class=\"elementor-column-wrap elementor-element-populated\">\n\t\t\t\t\t\t\t<div class=\"elementor-widget-wrap\">\n\t\t\t\t\t\t<div class=\"elementor-element elementor-element-900b605 elementor-widget elementor-widget-text-editor\" data-id=\"900b605\" data-element_type=\"widget\" data-widget_type=\"text-editor.default\">\n\t\t\t\t<div class=\"elementor-widget-container\">\n\t\t\t\t\t\t\t\t<div class=\"elementor-text-editor elementor-clearfix\">\n\t\t\t\t\t<p>\u00a1Prepara la valija y reserva tu auto de alquiler: Peschiera y el Lago de Garda te esperan con Noleggiare!<\/p>\t\t\t\t\t<\/div>\n\t\t\t\t\t\t<\/div>\n\t\t\t\t<\/div>\n\t\t\t\t\t\t<\/div>\n\t\t\t\t\t<\/div>\n\t\t<\/div>\n\t\t\t\t\t\t\t\t<\/div>\n\t\t\t\t\t<\/div>\n\t\t<\/section>\n\t\t\t\t<section class=\"elementor-section elementor-top-section elementor-element elementor-element-1f8b228 elementor-section-boxed elementor-section-height-default elementor-section-height-default\" data-id=\"1f8b228\" data-element_type=\"section\">\n\t\t\t\t\t\t<div class=\"elementor-container elementor-column-gap-default\">\n\t\t\t\t\t\t\t<div class=\"elementor-row\">\n\t\t\t\t\t<div class=\"elementor-column elementor-col-100 elementor-top-column elementor-element elementor-element-e6537a6\" data-id=\"e6537a6\" data-element_type=\"column\">\n\t\t\t<div class=\"elementor-column-wrap\">\n\t\t\t\t\t\t\t<div class=\"elementor-widget-wrap\">\n\t\t\t\t\t\t\t\t<\/div>\n\t\t\t\t\t<\/div>\n\t\t<\/div>\n\t\t\t\t\t\t\t\t<\/div>\n\t\t\t\t\t<\/div>\n\t\t<\/section>\n\t\t\t\t<section class=\"elementor-section elementor-top-section elementor-element elementor-element-27716c8 elementor-section-boxed elementor-section-height-default elementor-section-height-default\" data-id=\"27716c8\" data-element_type=\"section\">\n\t\t\t\t\t\t<div class=\"elementor-container elementor-column-gap-default\">\n\t\t\t\t\t\t\t<div class=\"elementor-row\">\n\t\t\t\t\t<div class=\"elementor-column elementor-col-100 elementor-top-column elementor-element elementor-element-a65b700\" data-id=\"a65b700\" data-element_type=\"column\">\n\t\t\t<div class=\"elementor-column-wrap elementor-element-populated\">\n\t\t\t\t\t\t\t<div class=\"elementor-widget-wrap\">\n\t\t\t\t\t\t<div class=\"elementor-element elementor-element-601657c btn-espandi-promo elementor-align-center animated-fast elementor-invisible elementor-widget elementor-widget-button\" data-id=\"601657c\" data-element_type=\"widget\" data-settings=\"{&quot;_animation&quot;:&quot;slideInRight&quot;}\" data-widget_type=\"button.default\">\n\t\t\t\t<div class=\"elementor-widget-container\">\n\t\t\t\t\t<div class=\"elementor-button-wrapper\">\n\t\t\t<a href=\"#\" class=\"elementor-button-link elementor-button elementor-size-md\" role=\"button\">\n\t\t\t\t\t\t<span class=\"elementor-button-content-wrapper\">\n\t\t\t\t\t\t<span class=\"elementor-button-icon elementor-align-icon-left\">\n\t\t\t\t<i aria-hidden=\"true\" class=\"fas fa-arrow-circle-up\"><\/i>\t\t\t<\/span>\n\t\t\t\t\t\t<span class=\"elementor-button-text\">\u00a1Reserva ahora!<\/span>\n\t\t<\/span>\n\t\t\t\t\t<\/a>\n\t\t<\/div>\n\t\t\t\t<\/div>\n\t\t\t\t<\/div>\n\t\t\t\t\t\t<\/div>\n\t\t\t\t\t<\/div>\n\t\t<\/div>\n\t\t\t\t\t\t\t\t<\/div>\n\t\t\t\t\t<\/div>\n\t\t<\/section>\n\t\t\t\t\t\t<\/div>\n\t\t\t\t\t\t<\/div>\n\t\t\t\t\t<\/div>\n\t\t","protected":false},"excerpt":{"rendered":"<p>Alquiler de autos en Peschiera \u00a1Descubre el Lago de Garda y vive tus vacaciones en auto con nosotros! Noleggiare es la mejor elecci\u00f3n para el alquiler de autos en Peschiera del Garda. Autos nuevos, ideales para las vacaciones o para el trabajo, con tarifas convenientes y una amplia gama de veh\u00edculos a elecci\u00f3n. Contratos claros, [&#8230;]<\/p>\n<p><a class=\"btn btn-secondary understrap-read-more-link\" href=\"https:\/\/www.noleggiare.it\/es\/noleggio-auto\/sedi\/alquiler-de-autos-en-peschiera\/\">Leer m\u00e1s&#8230;<\/a><\/p>\n","protected":false},"author":2511,"featured_media":19059,"parent":35,"menu_order":0,"comment_status":"closed","ping_status":"closed","template":"","meta":[],"acf":[],"yoast_head":"<!-- This site is optimized with the Yoast SEO plugin v17.1 - https:\/\/yoast.com\/wordpress\/plugins\/seo\/ -->\n<title>Alquiler de autos en Peschiera - Noleggiare.it<\/title>\n<meta name=\"description\" content=\"Scopri il nostro noleggio auto a Peschiera del Garda, sul Lago di Garda. Prenota un&#039;auto con noi e raggiungi moltissim mete turistiche del lago oltre a citt\u00e0 piene di storia come Brescia, Verona e Mantova.\" \/>\n<meta name=\"robots\" content=\"index, follow, max-snippet:-1, max-image-preview:large, max-video-preview:-1\" \/>\n<link rel=\"canonical\" href=\"https:\/\/www.noleggiare.it\/es\/noleggio-auto\/sedi\/alquiler-de-autos-en-peschiera\/\" \/>\n<meta property=\"og:locale\" content=\"es_ES\" \/>\n<meta property=\"og:type\" content=\"article\" \/>\n<meta property=\"og:title\" content=\"Alquiler de autos en Peschiera - Noleggiare.it\" \/>\n<meta property=\"og:description\" content=\"Scopri il nostro noleggio auto a Peschiera del Garda, sul Lago di Garda. Prenota un&#039;auto con noi e raggiungi moltissim mete turistiche del lago oltre a citt\u00e0 piene di storia come Brescia, Verona e Mantova.\" \/>\n<meta property=\"og:url\" content=\"https:\/\/www.noleggiare.it\/es\/noleggio-auto\/sedi\/alquiler-de-autos-en-peschiera\/\" \/>\n<meta property=\"og:site_name\" content=\"Noleggiare.it\" \/>\n<meta property=\"article:modified_time\" content=\"2020-04-06T13:05:48+00:00\" \/>\n<meta property=\"og:image\" content=\"https:\/\/www.noleggiare.it\/wp-content\/uploads\/2019\/04\/peschiera-del-garda.jpg\" \/>\n\t<meta property=\"og:image:width\" content=\"1200\" \/>\n\t<meta property=\"og:image:height\" content=\"750\" \/>\n<meta name=\"twitter:card\" content=\"summary_large_image\" \/>\n<meta name=\"twitter:label1\" content=\"Tiempo de lectura\" \/>\n\t<meta name=\"twitter:data1\" content=\"2 minutos\" \/>\n<script type=\"application\/ld+json\" class=\"yoast-schema-graph\">{\"@context\":\"https:\/\/schema.org\",\"@graph\":[{\"@type\":\"WebSite\",\"@id\":\"https:\/\/www.noleggiare.it\/it\/#website\",\"url\":\"https:\/\/www.noleggiare.it\/it\/\",\"name\":\"Noleggiare.it\",\"description\":\"Happy rent!\",\"potentialAction\":[{\"@type\":\"SearchAction\",\"target\":{\"@type\":\"EntryPoint\",\"urlTemplate\":\"https:\/\/www.noleggiare.it\/it\/?s={search_term_string}\"},\"query-input\":\"required name=search_term_string\"}],\"inLanguage\":\"es\"},{\"@type\":\"ImageObject\",\"@id\":\"https:\/\/www.noleggiare.it\/es\/noleggio-auto\/sedi\/alquiler-de-autos-en-peschiera\/#primaryimage\",\"inLanguage\":\"es\",\"url\":\"https:\/\/www.noleggiare.it\/wp-content\/uploads\/2019\/04\/peschiera-del-garda.jpg\",\"contentUrl\":\"https:\/\/www.noleggiare.it\/wp-content\/uploads\/2019\/04\/peschiera-del-garda.jpg\",\"width\":1200,\"height\":750},{\"@type\":\"WebPage\",\"@id\":\"https:\/\/www.noleggiare.it\/es\/noleggio-auto\/sedi\/alquiler-de-autos-en-peschiera\/#webpage\",\"url\":\"https:\/\/www.noleggiare.it\/es\/noleggio-auto\/sedi\/alquiler-de-autos-en-peschiera\/\",\"name\":\"Alquiler de autos en Peschiera - Noleggiare.it\",\"isPartOf\":{\"@id\":\"https:\/\/www.noleggiare.it\/it\/#website\"},\"primaryImageOfPage\":{\"@id\":\"https:\/\/www.noleggiare.it\/es\/noleggio-auto\/sedi\/alquiler-de-autos-en-peschiera\/#primaryimage\"},\"datePublished\":\"2020-04-06T13:02:09+00:00\",\"dateModified\":\"2020-04-06T13:05:48+00:00\",\"description\":\"Scopri il nostro noleggio auto a Peschiera del Garda, sul Lago di Garda. Prenota un'auto con noi e raggiungi moltissim mete turistiche del lago oltre a citt\\u00e0 piene di storia come Brescia, Verona e Mantova.\",\"breadcrumb\":{\"@id\":\"https:\/\/www.noleggiare.it\/es\/noleggio-auto\/sedi\/alquiler-de-autos-en-peschiera\/#breadcrumb\"},\"inLanguage\":\"es\",\"potentialAction\":[{\"@type\":\"ReadAction\",\"target\":[\"https:\/\/www.noleggiare.it\/es\/noleggio-auto\/sedi\/alquiler-de-autos-en-peschiera\/\"]}]},{\"@type\":\"BreadcrumbList\",\"@id\":\"https:\/\/www.noleggiare.it\/es\/noleggio-auto\/sedi\/alquiler-de-autos-en-peschiera\/#breadcrumb\",\"itemListElement\":[{\"@type\":\"ListItem\",\"position\":1,\"name\":\"Noleggio auto\",\"item\":\"https:\/\/www.noleggiare.it\/it\/noleggio-auto\/\"},{\"@type\":\"ListItem\",\"position\":2,\"name\":\"Sedi\",\"item\":\"https:\/\/www.noleggiare.it\/it\/noleggio-auto\/sedi\/\"},{\"@type\":\"ListItem\",\"position\":3,\"name\":\"Alquiler de autos en Peschiera\"}]}]}<\/script>\n<!-- \/ Yoast SEO plugin. -->","yoast_head_json":{"title":"Alquiler de autos en Peschiera - Noleggiare.it","description":"Scopri il nostro noleggio auto a Peschiera del Garda, sul Lago di Garda. Prenota un'auto con noi e raggiungi moltissim mete turistiche del lago oltre a citt\u00e0 piene di storia come Brescia, Verona e Mantova.","robots":{"index":"index","follow":"follow","max-snippet":"max-snippet:-1","max-image-preview":"max-image-preview:large","max-video-preview":"max-video-preview:-1"},"canonical":"https:\/\/www.noleggiare.it\/es\/noleggio-auto\/sedi\/alquiler-de-autos-en-peschiera\/","og_locale":"es_ES","og_type":"article","og_title":"Alquiler de autos en Peschiera - Noleggiare.it","og_description":"Scopri il nostro noleggio auto a Peschiera del Garda, sul Lago di Garda. Prenota un'auto con noi e raggiungi moltissim mete turistiche del lago oltre a citt\u00e0 piene di storia come Brescia, Verona e Mantova.","og_url":"https:\/\/www.noleggiare.it\/es\/noleggio-auto\/sedi\/alquiler-de-autos-en-peschiera\/","og_site_name":"Noleggiare.it","article_modified_time":"2020-04-06T13:05:48+00:00","og_image":[{"width":1200,"height":750,"url":"https:\/\/www.noleggiare.it\/wp-content\/uploads\/2019\/04\/peschiera-del-garda.jpg","path":"\/var\/www\/noleggiare.it\/wp-content\/uploads\/2019\/04\/peschiera-del-garda.jpg","size":"full","id":"19059","alt":"","pixels":900000,"type":"image\/jpeg"}],"twitter_card":"summary_large_image","twitter_misc":{"Tiempo de lectura":"2 minutos"},"schema":{"@context":"https:\/\/schema.org","@graph":[{"@type":"WebSite","@id":"https:\/\/www.noleggiare.it\/it\/#website","url":"https:\/\/www.noleggiare.it\/it\/","name":"Noleggiare.it","description":"Happy rent!","potentialAction":[{"@type":"SearchAction","target":{"@type":"EntryPoint","urlTemplate":"https:\/\/www.noleggiare.it\/it\/?s={search_term_string}"},"query-input":"required name=search_term_string"}],"inLanguage":"es"},{"@type":"ImageObject","@id":"https:\/\/www.noleggiare.it\/es\/noleggio-auto\/sedi\/alquiler-de-autos-en-peschiera\/#primaryimage","inLanguage":"es","url":"https:\/\/www.noleggiare.it\/wp-content\/uploads\/2019\/04\/peschiera-del-garda.jpg","contentUrl":"https:\/\/www.noleggiare.it\/wp-content\/uploads\/2019\/04\/peschiera-del-garda.jpg","width":1200,"height":750},{"@type":"WebPage","@id":"https:\/\/www.noleggiare.it\/es\/noleggio-auto\/sedi\/alquiler-de-autos-en-peschiera\/#webpage","url":"https:\/\/www.noleggiare.it\/es\/noleggio-auto\/sedi\/alquiler-de-autos-en-peschiera\/","name":"Alquiler de autos en Peschiera - Noleggiare.it","isPartOf":{"@id":"https:\/\/www.noleggiare.it\/it\/#website"},"primaryImageOfPage":{"@id":"https:\/\/www.noleggiare.it\/es\/noleggio-auto\/sedi\/alquiler-de-autos-en-peschiera\/#primaryimage"},"datePublished":"2020-04-06T13:02:09+00:00","dateModified":"2020-04-06T13:05:48+00:00","description":"Scopri il nostro noleggio auto a Peschiera del Garda, sul Lago di Garda. Prenota un'auto con noi e raggiungi moltissim mete turistiche del lago oltre a citt\u00e0 piene di storia come Brescia, Verona e Mantova.","breadcrumb":{"@id":"https:\/\/www.noleggiare.it\/es\/noleggio-auto\/sedi\/alquiler-de-autos-en-peschiera\/#breadcrumb"},"inLanguage":"es","potentialAction":[{"@type":"ReadAction","target":["https:\/\/www.noleggiare.it\/es\/noleggio-auto\/sedi\/alquiler-de-autos-en-peschiera\/"]}]},{"@type":"BreadcrumbList","@id":"https:\/\/www.noleggiare.it\/es\/noleggio-auto\/sedi\/alquiler-de-autos-en-peschiera\/#breadcrumb","itemListElement":[{"@type":"ListItem","position":1,"name":"Noleggio auto","item":"https:\/\/www.noleggiare.it\/it\/noleggio-auto\/"},{"@type":"ListItem","position":2,"name":"Sedi","item":"https:\/\/www.noleggiare.it\/it\/noleggio-auto\/sedi\/"},{"@type":"ListItem","position":3,"name":"Alquiler de autos en Peschiera"}]}]}},"wps_subtitle":"","_links":{"self":[{"href":"https:\/\/www.noleggiare.it\/es\/wp-json\/wp\/v2\/pages\/36019"}],"collection":[{"href":"https:\/\/www.noleggiare.it\/es\/wp-json\/wp\/v2\/pages"}],"about":[{"href":"https:\/\/www.noleggiare.it\/es\/wp-json\/wp\/v2\/types\/page"}],"author":[{"embeddable":true,"href":"https:\/\/www.noleggiare.it\/es\/wp-json\/wp\/v2\/users\/2511"}],"replies":[{"embeddable":true,"href":"https:\/\/www.noleggiare.it\/es\/wp-json\/wp\/v2\/comments?post=36019"}],"version-history":[{"count":3,"href":"https:\/\/www.noleggiare.it\/es\/wp-json\/wp\/v2\/pages\/36019\/revisions"}],"predecessor-version":[{"id":36022,"href":"https:\/\/www.noleggiare.it\/es\/wp-json\/wp\/v2\/pages\/36019\/revisions\/36022"}],"up":[{"embeddable":true,"href":"https:\/\/www.noleggiare.it\/es\/wp-json\/wp\/v2\/pages\/35"}],"wp:featuredmedia":[{"embeddable":true,"href":"https:\/\/www.noleggiare.it\/es\/wp-json\/wp\/v2\/media\/19059"}],"wp:attachment":[{"href":"https:\/\/www.noleggiare.it\/es\/wp-json\/wp\/v2\/media?parent=36019"}],"curies":[{"name":"wp","href":"https:\/\/api.w.org\/{rel}","templated":true}]}}