{"id":374524,"date":"2026-04-30T12:27:13","date_gmt":"2026-04-30T10:27:13","guid":{"rendered":"https:\/\/www.noleggiare.it\/?page_id=374524"},"modified":"2026-04-30T12:27:15","modified_gmt":"2026-04-30T10:27:15","slug":"alquiler-de-coches-en-ancona","status":"publish","type":"page","link":"https:\/\/www.noleggiare.it\/es\/noleggio-auto\/sedi\/alquiler-de-coches-en-ancona\/","title":{"rendered":"Alquiler de coches en Ancona"},"content":{"rendered":"\t\t<div data-elementor-type=\"wp-post\" data-elementor-id=\"374524\" data-post-id=\"374524\" data-obj-id=\"374524\" class=\"elementor elementor-374524 dce-elementor-post-374524 elementor-374521\" data-elementor-settings=\"[]\">\n\t\t\t\t\t\t<div class=\"elementor-inner\">\n\t\t\t\t\t\t\t<div class=\"elementor-section-wrap\">\n\t\t\t\t\t\t\t<section class=\"elementor-section elementor-top-section elementor-element elementor-element-4e8241e elementor-section-boxed elementor-section-height-default elementor-section-height-default\" data-id=\"4e8241e\" data-element_type=\"section\">\n\t\t\t\t\t\t<div class=\"elementor-container elementor-column-gap-default\">\n\t\t\t\t\t\t\t<div class=\"elementor-row\">\n\t\t\t\t\t<div class=\"elementor-column elementor-col-25 elementor-top-column elementor-element elementor-element-cd2214e\" data-id=\"cd2214e\" data-element_type=\"column\">\n\t\t\t<div class=\"elementor-column-wrap elementor-element-populated\">\n\t\t\t\t\t\t\t<div class=\"elementor-widget-wrap\">\n\t\t\t\t\t\t<div class=\"elementor-element elementor-element-f0f5b2d elementor-view-default elementor-position-top elementor-vertical-align-top elementor-widget elementor-widget-icon-box\" data-id=\"f0f5b2d\" data-element_type=\"widget\" data-widget_type=\"icon-box.default\">\n\t\t\t\t<div class=\"elementor-widget-container\">\n\t\t\t\t\t<div class=\"elementor-icon-box-wrapper\">\n\t\t\t\t\t\t<div class=\"elementor-icon-box-icon\">\n\t\t\t\t<a class=\"elementor-icon elementor-animation-\" href=\"tel:00393425721455\">\n\t\t\t\t<i aria-hidden=\"true\" class=\"fas fa-phone\"><\/i>\t\t\t\t<\/a>\n\t\t\t<\/div>\n\t\t\t\t\t\t<div class=\"elementor-icon-box-content\">\n\t\t\t\t<h3 class=\"elementor-icon-box-title\">\n\t\t\t\t\t<a href=\"tel:00393425721455\">tel\u00e9fono<\/a>\n\t\t\t\t<\/h3>\n\t\t\t\t\t\t\t<\/div>\n\t\t<\/div>\n\t\t\t\t<\/div>\n\t\t\t\t<\/div>\n\t\t\t\t<div class=\"elementor-element elementor-element-81287fb elementor-widget elementor-widget-text-editor\" data-id=\"81287fb\" data-element_type=\"widget\" data-widget_type=\"text-editor.default\">\n\t\t\t\t<div class=\"elementor-widget-container\">\n\t\t\t\t\t\t\t\t<div class=\"elementor-text-editor elementor-clearfix\">\n\t\t\t\t\t<p><a href=\"tel:00393425721455\">+39 <span style=\"font-size: large;\">3425721455<\/span><\/a><\/p>\n\t\t\t\t\t<\/div>\n\t\t\t\t\t\t<\/div>\n\t\t\t\t<\/div>\n\t\t\t\t\t\t<\/div>\n\t\t\t\t\t<\/div>\n\t\t<\/div>\n\t\t\t\t<div class=\"elementor-column elementor-col-25 elementor-top-column elementor-element elementor-element-b6966a9\" data-id=\"b6966a9\" data-element_type=\"column\">\n\t\t\t<div class=\"elementor-column-wrap elementor-element-populated\">\n\t\t\t\t\t\t\t<div class=\"elementor-widget-wrap\">\n\t\t\t\t\t\t<div class=\"elementor-element elementor-element-d2f8559 elementor-view-default elementor-position-top elementor-vertical-align-top elementor-widget elementor-widget-icon-box\" data-id=\"d2f8559\" data-element_type=\"widget\" data-widget_type=\"icon-box.default\">\n\t\t\t\t<div class=\"elementor-widget-container\">\n\t\t\t\t\t<div class=\"elementor-icon-box-wrapper\">\n\t\t\t\t\t\t<div class=\"elementor-icon-box-icon\">\n\t\t\t\t<a class=\"elementor-icon elementor-animation-\" href=\"mailto:ancona@noleggiare.it\">\n\t\t\t\t<i aria-hidden=\"true\" class=\"fas fa-envelope\"><\/i>\t\t\t\t<\/a>\n\t\t\t<\/div>\n\t\t\t\t\t\t<div class=\"elementor-icon-box-content\">\n\t\t\t\t<h3 class=\"elementor-icon-box-title\">\n\t\t\t\t\t<a href=\"mailto:ancona@noleggiare.it\">email<\/a>\n\t\t\t\t<\/h3>\n\t\t\t\t\t\t\t<\/div>\n\t\t<\/div>\n\t\t\t\t<\/div>\n\t\t\t\t<\/div>\n\t\t\t\t<div class=\"elementor-element elementor-element-71324ab elementor-widget elementor-widget-text-editor\" data-id=\"71324ab\" data-element_type=\"widget\" data-widget_type=\"text-editor.default\">\n\t\t\t\t<div class=\"elementor-widget-container\">\n\t\t\t\t\t\t\t\t<div class=\"elementor-text-editor elementor-clearfix\">\n\t\t\t\t\t<p><a href=\"mailto:alghero@noleggiare.it\">ancona@noleggiare.it<\/a><\/p>\n\t\t\t\t\t<\/div>\n\t\t\t\t\t\t<\/div>\n\t\t\t\t<\/div>\n\t\t\t\t\t\t<\/div>\n\t\t\t\t\t<\/div>\n\t\t<\/div>\n\t\t\t\t<div class=\"elementor-column elementor-col-25 elementor-top-column elementor-element elementor-element-5bd2c87\" data-id=\"5bd2c87\" data-element_type=\"column\">\n\t\t\t<div class=\"elementor-column-wrap elementor-element-populated\">\n\t\t\t\t\t\t\t<div class=\"elementor-widget-wrap\">\n\t\t\t\t\t\t<div class=\"elementor-element elementor-element-4fe4a37 elementor-view-default elementor-position-top elementor-vertical-align-top elementor-widget elementor-widget-icon-box\" data-id=\"4fe4a37\" data-element_type=\"widget\" data-widget_type=\"icon-box.default\">\n\t\t\t\t<div class=\"elementor-widget-container\">\n\t\t\t\t\t<div class=\"elementor-icon-box-wrapper\">\n\t\t\t\t\t\t<div class=\"elementor-icon-box-icon\">\n\t\t\t\t<a class=\"elementor-icon elementor-animation-\" href=\"https:\/\/maps.app.goo.gl\/eNGuuFJWgVBjb9YX6\" target=\"_blank\">\n\t\t\t\t<i aria-hidden=\"true\" class=\"fas fa-globe\"><\/i>\t\t\t\t<\/a>\n\t\t\t<\/div>\n\t\t\t\t\t\t<div class=\"elementor-icon-box-content\">\n\t\t\t\t<h3 class=\"elementor-icon-box-title\">\n\t\t\t\t\t<a href=\"https:\/\/maps.app.goo.gl\/eNGuuFJWgVBjb9YX6\" target=\"_blank\">direcci\u00f3n<\/a>\n\t\t\t\t<\/h3>\n\t\t\t\t\t\t\t<\/div>\n\t\t<\/div>\n\t\t\t\t<\/div>\n\t\t\t\t<\/div>\n\t\t\t\t<div class=\"elementor-element elementor-element-75ea95f elementor-widget elementor-widget-text-editor\" data-id=\"75ea95f\" data-element_type=\"widget\" data-widget_type=\"text-editor.default\">\n\t\t\t\t<div class=\"elementor-widget-container\">\n\t\t\t\t\t\t\t\t<div class=\"elementor-text-editor elementor-clearfix\">\n\t\t\t\t\t<p><a href=\"https:\/\/maps.app.goo.gl\/eNGuuFJWgVBjb9YX6\" target=\"_blank\" rel=\"noopener\"><span style=\"font-size: large;\">Piazzale Sandro Sordoni, snc, 60015 Falconara Marittima (AN)<\/span><\/a><\/p>\n\t\t\t\t\t<\/div>\n\t\t\t\t\t\t<\/div>\n\t\t\t\t<\/div>\n\t\t\t\t\t\t<\/div>\n\t\t\t\t\t<\/div>\n\t\t<\/div>\n\t\t\t\t<div class=\"elementor-column elementor-col-25 elementor-top-column elementor-element elementor-element-b8d8875\" data-id=\"b8d8875\" data-element_type=\"column\">\n\t\t\t<div class=\"elementor-column-wrap elementor-element-populated\">\n\t\t\t\t\t\t\t<div class=\"elementor-widget-wrap\">\n\t\t\t\t\t\t<div class=\"elementor-element elementor-element-4f0178f elementor-view-default elementor-position-top elementor-vertical-align-top elementor-widget elementor-widget-icon-box\" data-id=\"4f0178f\" data-element_type=\"widget\" data-widget_type=\"icon-box.default\">\n\t\t\t\t<div class=\"elementor-widget-container\">\n\t\t\t\t\t<div class=\"elementor-icon-box-wrapper\">\n\t\t\t\t\t\t<div class=\"elementor-icon-box-icon\">\n\t\t\t\t<span class=\"elementor-icon elementor-animation-\" >\n\t\t\t\t<i aria-hidden=\"true\" class=\"far fa-clock\"><\/i>\t\t\t\t<\/span>\n\t\t\t<\/div>\n\t\t\t\t\t\t<div class=\"elementor-icon-box-content\">\n\t\t\t\t<h3 class=\"elementor-icon-box-title\">\n\t\t\t\t\t<span >horarios<\/span>\n\t\t\t\t<\/h3>\n\t\t\t\t\t\t\t<\/div>\n\t\t<\/div>\n\t\t\t\t<\/div>\n\t\t\t\t<\/div>\n\t\t\t\t<div class=\"elementor-element elementor-element-d535b1e elementor-widget elementor-widget-text-editor\" data-id=\"d535b1e\" data-element_type=\"widget\" data-widget_type=\"text-editor.default\">\n\t\t\t\t<div class=\"elementor-widget-container\">\n\t\t\t\t\t\t\t\t<div class=\"elementor-text-editor elementor-clearfix\">\n\t\t\t\t\t<p data-path-to-node=\"6,1,1,0,0\">Lunes \u2013 S\u00e1bado: 08:30 \u2013 18:00<br \/>\nJueves: 08:30 \u2013 18:00 \/ 20:00 \u2013 22:00<br \/>\nDomingo: 08:30 \u2013 12:30<\/p>\n\t\t\t\t\t<\/div>\n\t\t\t\t\t\t<\/div>\n\t\t\t\t<\/div>\n\t\t\t\t\t\t<\/div>\n\t\t\t\t\t<\/div>\n\t\t<\/div>\n\t\t\t\t\t\t\t\t<\/div>\n\t\t\t\t\t<\/div>\n\t\t<\/section>\n\t\t\t\t<section class=\"elementor-section elementor-top-section elementor-element elementor-element-b65a0fb elementor-section-boxed elementor-section-height-default elementor-section-height-default\" data-id=\"b65a0fb\" data-element_type=\"section\">\n\t\t\t\t\t\t<div class=\"elementor-container elementor-column-gap-default\">\n\t\t\t\t\t\t\t<div class=\"elementor-row\">\n\t\t\t\t\t<div class=\"elementor-column elementor-col-100 elementor-top-column elementor-element elementor-element-93ac53a\" data-id=\"93ac53a\" data-element_type=\"column\">\n\t\t\t<div class=\"elementor-column-wrap elementor-element-populated\">\n\t\t\t\t\t\t\t<div class=\"elementor-widget-wrap\">\n\t\t\t\t\t\t<div class=\"elementor-element elementor-element-0eb99c5 elementor-widget elementor-widget-spacer\" data-id=\"0eb99c5\" data-element_type=\"widget\" data-widget_type=\"spacer.default\">\n\t\t\t\t<div class=\"elementor-widget-container\">\n\t\t\t\t\t<div class=\"elementor-spacer\">\n\t\t\t<div class=\"elementor-spacer-inner\"><\/div>\n\t\t<\/div>\n\t\t\t\t<\/div>\n\t\t\t\t<\/div>\n\t\t\t\t\t\t<\/div>\n\t\t\t\t\t<\/div>\n\t\t<\/div>\n\t\t\t\t\t\t\t\t<\/div>\n\t\t\t\t\t<\/div>\n\t\t<\/section>\n\t\t\t\t<section class=\"elementor-section elementor-top-section elementor-element elementor-element-f7c1ebe elementor-section-boxed elementor-section-height-default elementor-section-height-default\" data-id=\"f7c1ebe\" data-element_type=\"section\">\n\t\t\t\t\t\t<div class=\"elementor-container elementor-column-gap-no\">\n\t\t\t\t\t\t\t<div class=\"elementor-row\">\n\t\t\t\t\t<div class=\"elementor-column elementor-col-100 elementor-top-column elementor-element elementor-element-cbdad49\" data-id=\"cbdad49\" data-element_type=\"column\">\n\t\t\t<div class=\"elementor-column-wrap elementor-element-populated\">\n\t\t\t\t\t\t\t<div class=\"elementor-widget-wrap\">\n\t\t\t\t\t\t<div class=\"elementor-element elementor-element-4cd0e16 elementor-widget elementor-widget-heading\" data-id=\"4cd0e16\" data-element_type=\"widget\" data-widget_type=\"heading.default\">\n\t\t\t\t<div class=\"elementor-widget-container\">\n\t\t\t<h1 class=\"elementor-heading-title elementor-size-default\"><b>Car Rental Ancona: enjoy your car holiday with us!<\/b><\/h1>\t\t<\/div>\n\t\t\t\t<\/div>\n\t\t\t\t<div class=\"elementor-element elementor-element-688838a elementor-widget elementor-widget-text-editor\" data-id=\"688838a\" data-element_type=\"widget\" data-widget_type=\"text-editor.default\">\n\t\t\t\t<div class=\"elementor-widget-container\">\n\t\t\t\t\t\t\t\t<div class=\"elementor-text-editor elementor-clearfix\">\n\t\t\t\t\t<p><i data-path-to-node=\"10,1,0\" data-index-in-node=\"0\">Noleggiare<\/i> is the ideal choice for your car rental at <strong>Ancona Airport (Raffaello Sanzio)<\/strong>. You can collect your vehicle directly at the airport, just 20 minutes from Ancona city center and in a strategic position to reach the beauty of the Conero Riviera and the Marche hinterland. We offer new and reliable cars, perfect for your leisure or business trips, with competitive rates and a diverse fleet. Transparent contracts, flexible services, and dedicated support: tailor-made short-term rental awaits you at our locations throughout Italy.<\/p>\n\t\t\t\t\t<\/div>\n\t\t\t\t\t\t<\/div>\n\t\t\t\t<\/div>\n\t\t\t\t\t\t<\/div>\n\t\t\t\t\t<\/div>\n\t\t<\/div>\n\t\t\t\t\t\t\t\t<\/div>\n\t\t\t\t\t<\/div>\n\t\t<\/section>\n\t\t\t\t<section class=\"elementor-section elementor-top-section elementor-element elementor-element-eb4704d elementor-section-boxed elementor-section-height-default elementor-section-height-default\" data-id=\"eb4704d\" data-element_type=\"section\">\n\t\t\t\t\t\t<div class=\"elementor-container elementor-column-gap-default\">\n\t\t\t\t\t\t\t<div class=\"elementor-row\">\n\t\t\t\t\t<div class=\"elementor-column elementor-col-33 elementor-top-column elementor-element elementor-element-b0cb50e\" data-id=\"b0cb50e\" data-element_type=\"column\">\n\t\t\t<div class=\"elementor-column-wrap elementor-element-populated\">\n\t\t\t\t\t\t\t<div class=\"elementor-widget-wrap\">\n\t\t\t\t\t\t<div class=\"elementor-element elementor-element-886501a elementor-view-default elementor-position-top elementor-vertical-align-top elementor-widget elementor-widget-icon-box\" data-id=\"886501a\" data-element_type=\"widget\" data-widget_type=\"icon-box.default\">\n\t\t\t\t<div class=\"elementor-widget-container\">\n\t\t\t\t\t<div class=\"elementor-icon-box-wrapper\">\n\t\t\t\t\t\t<div class=\"elementor-icon-box-icon\">\n\t\t\t\t<span class=\"elementor-icon elementor-animation-\" >\n\t\t\t\t<i aria-hidden=\"true\" class=\"fas fa-city\"><\/i>\t\t\t\t<\/span>\n\t\t\t<\/div>\n\t\t\t\t\t\t<div class=\"elementor-icon-box-content\">\n\t\t\t\t<h3 class=\"elementor-icon-box-title\">\n\t\t\t\t\t<span >Ubicaci\u00f3n central de la sede<\/span>\n\t\t\t\t<\/h3>\n\t\t\t\t\t\t\t\t<p class=\"elementor-icon-box-description\">Nuestra sede est\u00e1 situadadentro de la Terminal de Llegadas, en el lado izquierdo. Nos encontrar\u00e1 f\u00e1cilmente siguiendo las indicaciones hacia los mostradores de alquiler de coches.<\/p>\n\t\t\t\t\t\t\t<\/div>\n\t\t<\/div>\n\t\t\t\t<\/div>\n\t\t\t\t<\/div>\n\t\t\t\t\t\t<\/div>\n\t\t\t\t\t<\/div>\n\t\t<\/div>\n\t\t\t\t<div class=\"elementor-column elementor-col-33 elementor-top-column elementor-element elementor-element-e2cc6a6\" data-id=\"e2cc6a6\" data-element_type=\"column\">\n\t\t\t<div class=\"elementor-column-wrap elementor-element-populated\">\n\t\t\t\t\t\t\t<div class=\"elementor-widget-wrap\">\n\t\t\t\t\t\t<div class=\"elementor-element elementor-element-e4913f0 elementor-view-default elementor-position-top elementor-vertical-align-top elementor-widget elementor-widget-icon-box\" data-id=\"e4913f0\" data-element_type=\"widget\" data-widget_type=\"icon-box.default\">\n\t\t\t\t<div class=\"elementor-widget-container\">\n\t\t\t\t\t<div class=\"elementor-icon-box-wrapper\">\n\t\t\t\t\t\t<div class=\"elementor-icon-box-icon\">\n\t\t\t\t<span class=\"elementor-icon elementor-animation-\" >\n\t\t\t\t<i aria-hidden=\"true\" class=\"fas fa-key\"><\/i>\t\t\t\t<\/span>\n\t\t\t<\/div>\n\t\t\t\t\t\t<div class=\"elementor-icon-box-content\">\n\t\t\t\t<h3 class=\"elementor-icon-box-title\">\n\t\t\t\t\t<span >Key-box<\/span>\n\t\t\t\t<\/h3>\n\t\t\t\t\t\t\t\t<p class=\"elementor-icon-box-description\">\u00bfNecesitas devolver el coche fuera de horario? \u00a1Ning\u00fan problema! Gracias a nuestro servicio Key-box, situado en el interior de la Terminal de Llegadas en el lado izquierdo del mostrador, podr\u00e1s dejar las llaves con total autonom\u00eda y seguridad.<\/p>\n\t\t\t\t\t\t\t<\/div>\n\t\t<\/div>\n\t\t\t\t<\/div>\n\t\t\t\t<\/div>\n\t\t\t\t\t\t<\/div>\n\t\t\t\t\t<\/div>\n\t\t<\/div>\n\t\t\t\t<div class=\"elementor-column elementor-col-33 elementor-top-column elementor-element elementor-element-542746d\" data-id=\"542746d\" data-element_type=\"column\">\n\t\t\t<div class=\"elementor-column-wrap elementor-element-populated\">\n\t\t\t\t\t\t\t<div class=\"elementor-widget-wrap\">\n\t\t\t\t\t\t<div class=\"elementor-element elementor-element-8427a0b elementor-view-default elementor-position-top elementor-vertical-align-top elementor-widget elementor-widget-icon-box\" data-id=\"8427a0b\" data-element_type=\"widget\" data-widget_type=\"icon-box.default\">\n\t\t\t\t<div class=\"elementor-widget-container\">\n\t\t\t\t\t<div class=\"elementor-icon-box-wrapper\">\n\t\t\t\t\t\t<div class=\"elementor-icon-box-icon\">\n\t\t\t\t<span class=\"elementor-icon elementor-animation-\" >\n\t\t\t\t<i aria-hidden=\"true\" class=\"fas fa-headphones-alt\"><\/i>\t\t\t\t<\/span>\n\t\t\t<\/div>\n\t\t\t\t\t\t<div class=\"elementor-icon-box-content\">\n\t\t\t\t<h3 class=\"elementor-icon-box-title\">\n\t\t\t\t\t<span >Asistencia<\/span>\n\t\t\t\t<\/h3>\n\t\t\t\t\t\t\t\t<p class=\"elementor-icon-box-description\">\u00bfNecesitas asistencia antes, despu\u00e9s o durante el alquiler del coche? No te preocupes, \u00a1estamos a tu disposici\u00f3n! <a href= \"https:\/\/www.noleggiare.it\/it\/contatti\/\" target=\"_blank\">Cont\u00e1ctanos<\/a><\/p>\n\t\t\t\t\t\t\t<\/div>\n\t\t<\/div>\n\t\t\t\t<\/div>\n\t\t\t\t<\/div>\n\t\t\t\t\t\t<\/div>\n\t\t\t\t\t<\/div>\n\t\t<\/div>\n\t\t\t\t\t\t\t\t<\/div>\n\t\t\t\t\t<\/div>\n\t\t<\/section>\n\t\t\t\t<section class=\"elementor-section elementor-top-section elementor-element elementor-element-b25964e elementor-section-boxed elementor-section-height-default elementor-section-height-default\" data-id=\"b25964e\" data-element_type=\"section\">\n\t\t\t\t\t\t<div class=\"elementor-container elementor-column-gap-default\">\n\t\t\t\t\t\t\t<div class=\"elementor-row\">\n\t\t\t\t\t<div class=\"elementor-column elementor-col-100 elementor-top-column elementor-element elementor-element-76a77cc\" data-id=\"76a77cc\" data-element_type=\"column\">\n\t\t\t<div class=\"elementor-column-wrap elementor-element-populated\">\n\t\t\t\t\t\t\t<div class=\"elementor-widget-wrap\">\n\t\t\t\t\t\t<div class=\"elementor-element elementor-element-91fd48a elementor-widget elementor-widget-spacer\" data-id=\"91fd48a\" data-element_type=\"widget\" data-widget_type=\"spacer.default\">\n\t\t\t\t<div class=\"elementor-widget-container\">\n\t\t\t\t\t<div class=\"elementor-spacer\">\n\t\t\t<div class=\"elementor-spacer-inner\"><\/div>\n\t\t<\/div>\n\t\t\t\t<\/div>\n\t\t\t\t<\/div>\n\t\t\t\t\t\t<\/div>\n\t\t\t\t\t<\/div>\n\t\t<\/div>\n\t\t\t\t\t\t\t\t<\/div>\n\t\t\t\t\t<\/div>\n\t\t<\/section>\n\t\t\t\t<section class=\"elementor-section elementor-top-section elementor-element elementor-element-2c3297f elementor-section-boxed elementor-section-height-default elementor-section-height-default\" data-id=\"2c3297f\" data-element_type=\"section\">\n\t\t\t\t\t\t<div class=\"elementor-container elementor-column-gap-default\">\n\t\t\t\t\t\t\t<div class=\"elementor-row\">\n\t\t\t\t\t<div class=\"elementor-column elementor-col-100 elementor-top-column elementor-element elementor-element-1739832\" data-id=\"1739832\" data-element_type=\"column\">\n\t\t\t<div class=\"elementor-column-wrap elementor-element-populated\">\n\t\t\t\t\t\t\t<div class=\"elementor-widget-wrap\">\n\t\t\t\t\t\t<div class=\"elementor-element elementor-element-a0c5e64 elementor-widget elementor-widget-heading\" data-id=\"a0c5e64\" data-element_type=\"widget\" data-widget_type=\"heading.default\">\n\t\t\t\t<div class=\"elementor-widget-container\">\n\t\t\t<h2 class=\"elementor-heading-title elementor-size-default\"><b>Recogida y entrega del veh\u00edculo<\/b><\/h2>\t\t<\/div>\n\t\t\t\t<\/div>\n\t\t\t\t<div class=\"elementor-element elementor-element-a3000d5 elementor-widget elementor-widget-text-editor\" data-id=\"a3000d5\" data-element_type=\"widget\" data-widget_type=\"text-editor.default\">\n\t\t\t\t<div class=\"elementor-widget-container\">\n\t\t\t\t\t\t\t\t<div class=\"elementor-text-editor elementor-clearfix\">\n\t\t\t\t\t<p><span style=\"color: #e10079;\"><strong>RECOGIDA:<\/strong><\/span>\u00a0nuestro mostrador est\u00e1 situado en el interior del Aeropuerto de Ancona-Falconara, en el \u00e1rea de la Terminal de Llegadas (lado izquierdo). Despu\u00e9s de completar los tr\u00e1mites administrativos, nuestro personal te indicar\u00e1 c\u00f3mo llegar al coche.<\/p>\n<p><span style=\"color: #e10079;\"><strong>ENTREGA<\/strong><\/span>: el coche debe devolverse en el \u00abParking Multipiso P2\u00bb, en la planta Reservada Rent a Car. Sigue la se\u00f1alizaci\u00f3n aeroportuaria hacia el parking P2 para una devoluci\u00f3n r\u00e1pida y sencilla.<\/p>\n\t\t\t\t\t<\/div>\n\t\t\t\t\t\t<\/div>\n\t\t\t\t<\/div>\n\t\t\t\t\t\t<\/div>\n\t\t\t\t\t<\/div>\n\t\t<\/div>\n\t\t\t\t\t\t\t\t<\/div>\n\t\t\t\t\t<\/div>\n\t\t<\/section>\n\t\t\t\t<section class=\"elementor-section elementor-top-section elementor-element elementor-element-1eb9286 elementor-section-boxed elementor-section-height-default elementor-section-height-default\" data-id=\"1eb9286\" data-element_type=\"section\">\n\t\t\t\t\t\t<div class=\"elementor-container elementor-column-gap-default\">\n\t\t\t\t\t\t\t<div class=\"elementor-row\">\n\t\t\t\t\t<div class=\"elementor-column elementor-col-100 elementor-top-column elementor-element elementor-element-9f7236f\" data-id=\"9f7236f\" data-element_type=\"column\">\n\t\t\t<div class=\"elementor-column-wrap elementor-element-populated\">\n\t\t\t\t\t\t\t<div class=\"elementor-widget-wrap\">\n\t\t\t\t\t\t<div class=\"elementor-element elementor-element-edc7bad btn-espandi-promo elementor-align-center animated-fast elementor-invisible elementor-widget elementor-widget-button\" data-id=\"edc7bad\" data-element_type=\"widget\" data-settings=\"{&quot;_animation&quot;:&quot;slideInRight&quot;}\" data-widget_type=\"button.default\">\n\t\t\t\t<div class=\"elementor-widget-container\">\n\t\t\t\t\t<div class=\"elementor-button-wrapper\">\n\t\t\t<a href=\"#\" class=\"elementor-button-link elementor-button elementor-size-md\" role=\"button\">\n\t\t\t\t\t\t<span class=\"elementor-button-content-wrapper\">\n\t\t\t\t\t\t<span class=\"elementor-button-icon elementor-align-icon-left\">\n\t\t\t\t<i aria-hidden=\"true\" class=\"fas fa-arrow-circle-up\"><\/i>\t\t\t<\/span>\n\t\t\t\t\t\t<span class=\"elementor-button-text\">Alquila en Ancona<\/span>\n\t\t<\/span>\n\t\t\t\t\t<\/a>\n\t\t<\/div>\n\t\t\t\t<\/div>\n\t\t\t\t<\/div>\n\t\t\t\t\t\t<\/div>\n\t\t\t\t\t<\/div>\n\t\t<\/div>\n\t\t\t\t\t\t\t\t<\/div>\n\t\t\t\t\t<\/div>\n\t\t<\/section>\n\t\t\t\t<section class=\"elementor-section elementor-top-section elementor-element elementor-element-43ff006 elementor-section-boxed elementor-section-height-default elementor-section-height-default\" data-id=\"43ff006\" data-element_type=\"section\">\n\t\t\t\t\t\t<div class=\"elementor-container elementor-column-gap-default\">\n\t\t\t\t\t\t\t<div class=\"elementor-row\">\n\t\t\t\t\t<div class=\"elementor-column elementor-col-100 elementor-top-column elementor-element elementor-element-c9eacdd\" data-id=\"c9eacdd\" data-element_type=\"column\">\n\t\t\t<div class=\"elementor-column-wrap elementor-element-populated\">\n\t\t\t\t\t\t\t<div class=\"elementor-widget-wrap\">\n\t\t\t\t\t\t<div class=\"elementor-element elementor-element-2b63690 elementor-widget elementor-widget-spacer\" data-id=\"2b63690\" data-element_type=\"widget\" data-widget_type=\"spacer.default\">\n\t\t\t\t<div class=\"elementor-widget-container\">\n\t\t\t\t\t<div class=\"elementor-spacer\">\n\t\t\t<div class=\"elementor-spacer-inner\"><\/div>\n\t\t<\/div>\n\t\t\t\t<\/div>\n\t\t\t\t<\/div>\n\t\t\t\t\t\t<\/div>\n\t\t\t\t\t<\/div>\n\t\t<\/div>\n\t\t\t\t\t\t\t\t<\/div>\n\t\t\t\t\t<\/div>\n\t\t<\/section>\n\t\t\t\t<section class=\"elementor-section elementor-top-section elementor-element elementor-element-e8974d4 elementor-section-boxed elementor-section-height-default elementor-section-height-default\" data-id=\"e8974d4\" data-element_type=\"section\">\n\t\t\t\t\t\t<div class=\"elementor-container elementor-column-gap-default\">\n\t\t\t\t\t\t\t<div class=\"elementor-row\">\n\t\t\t\t\t<div class=\"elementor-column elementor-col-100 elementor-top-column elementor-element elementor-element-bf79c8b\" data-id=\"bf79c8b\" data-element_type=\"column\">\n\t\t\t<div class=\"elementor-column-wrap elementor-element-populated\">\n\t\t\t\t\t\t\t<div class=\"elementor-widget-wrap\">\n\t\t\t\t\t\t<div class=\"elementor-element elementor-element-11612e9 elementor-widget elementor-widget-heading\" data-id=\"11612e9\" data-element_type=\"widget\" data-widget_type=\"heading.default\">\n\t\t\t\t<div class=\"elementor-widget-container\">\n\t\t\t<h2 class=\"elementor-heading-title elementor-size-default\"> <b>Conducir en Ancona: aparcamientos, ZTL y carga de coches el\u00e9ctricos<\/b><\/h2>\t\t<\/div>\n\t\t\t\t<\/div>\n\t\t\t\t<div class=\"elementor-element elementor-element-7d262db elementor-widget elementor-widget-text-editor\" data-id=\"7d262db\" data-element_type=\"widget\" data-widget_type=\"text-editor.default\">\n\t\t\t\t<div class=\"elementor-widget-container\">\n\t\t\t\t\t\t\t\t<div class=\"elementor-text-editor elementor-clearfix\">\n\t\t\t\t\t<p data-path-to-node=\"0,17,0\">Alquilar un coche en Ancona es la mejor manera de descubrir las Marcas, desde las playas de Sirolo y Numana hasta las colinas de Recanati.<\/p>\n<ul>\n<li data-path-to-node=\"0,18,0\"><strong>Aparcamientos en Ancona:<\/strong> En el centro de la ciudad hay disponibles numerosos aparcamientos cubiertos y descubiertos, como el Parking Stamira o el Parking degli Archi, ideales para dejar el coche y visitar el Puerto Antiguo o la Catedral de San Ciriaco.<\/li>\n<li data-path-to-node=\"0,18,0\"><strong>ZTL:<\/strong> Presta atenci\u00f3n a las zonas de tr\u00e1fico limitado en el centro hist\u00f3rico de Ancona y en los pueblos de la Riviera del Conero, especialmente durante el periodo estival.<\/li>\n<li data-path-to-node=\"0,18,0\"><strong>Coches El\u00e9ctricos:<\/strong> Si has elegido un coche el\u00e9ctrico de nuestra flota, encontrar\u00e1s varios puntos de carga entre Falconara Marittima y el centro de Ancona, gestionados por los principales operadores (Enel X, Be Charge).<\/li>\n<\/ul>\n\t\t\t\t\t<\/div>\n\t\t\t\t\t\t<\/div>\n\t\t\t\t<\/div>\n\t\t\t\t\t\t<\/div>\n\t\t\t\t\t<\/div>\n\t\t<\/div>\n\t\t\t\t\t\t\t\t<\/div>\n\t\t\t\t\t<\/div>\n\t\t<\/section>\n\t\t\t\t<section class=\"elementor-section elementor-top-section elementor-element elementor-element-30ee2ad elementor-section-boxed elementor-section-height-default elementor-section-height-default\" data-id=\"30ee2ad\" data-element_type=\"section\">\n\t\t\t\t\t\t<div class=\"elementor-container elementor-column-gap-default\">\n\t\t\t\t\t\t\t<div class=\"elementor-row\">\n\t\t\t\t\t<div class=\"elementor-column elementor-col-100 elementor-top-column elementor-element elementor-element-4b6ff85\" data-id=\"4b6ff85\" data-element_type=\"column\">\n\t\t\t<div class=\"elementor-column-wrap elementor-element-populated\">\n\t\t\t\t\t\t\t<div class=\"elementor-widget-wrap\">\n\t\t\t\t\t\t<div class=\"elementor-element elementor-element-63e7543 elementor-widget elementor-widget-spacer\" data-id=\"63e7543\" data-element_type=\"widget\" data-widget_type=\"spacer.default\">\n\t\t\t\t<div class=\"elementor-widget-container\">\n\t\t\t\t\t<div class=\"elementor-spacer\">\n\t\t\t<div class=\"elementor-spacer-inner\"><\/div>\n\t\t<\/div>\n\t\t\t\t<\/div>\n\t\t\t\t<\/div>\n\t\t\t\t\t\t<\/div>\n\t\t\t\t\t<\/div>\n\t\t<\/div>\n\t\t\t\t\t\t\t\t<\/div>\n\t\t\t\t\t<\/div>\n\t\t<\/section>\n\t\t\t\t<section class=\"elementor-section elementor-top-section elementor-element elementor-element-226ddc0 elementor-section-boxed elementor-section-height-default elementor-section-height-default\" data-id=\"226ddc0\" data-element_type=\"section\">\n\t\t\t\t\t\t<div class=\"elementor-container elementor-column-gap-default\">\n\t\t\t\t\t\t\t<div class=\"elementor-row\">\n\t\t\t\t\t<div class=\"elementor-column elementor-col-50 elementor-top-column elementor-element elementor-element-c31bf8e\" data-id=\"c31bf8e\" data-element_type=\"column\">\n\t\t\t<div class=\"elementor-column-wrap elementor-element-populated\">\n\t\t\t\t\t\t\t<div class=\"elementor-widget-wrap\">\n\t\t\t\t\t\t<div class=\"elementor-element elementor-element-a003e28 elementor-widget elementor-widget-heading\" data-id=\"a003e28\" data-element_type=\"widget\" data-widget_type=\"heading.default\">\n\t\t\t\t<div class=\"elementor-widget-container\">\n\t\t\t<h3 class=\"elementor-heading-title elementor-size-default\"><b>Alquiler de furgonetas en Ancona<\/b><\/h3>\t\t<\/div>\n\t\t\t\t<\/div>\n\t\t\t\t<div class=\"elementor-element elementor-element-b1a70ba elementor-hidden-desktop dce_masking-none elementor-widget elementor-widget-image\" data-id=\"b1a70ba\" data-element_type=\"widget\" data-widget_type=\"image.default\">\n\t\t\t\t<div class=\"elementor-widget-container\">\n\t\t\t\t\t\t\t\t<div class=\"elementor-image\">\n\t\t\t\t\t\t\t\t\t\t\t\t<img width=\"640\" height=\"463\" src=\"https:\/\/www.noleggiare.it\/wp-content\/uploads\/2025\/08\/1_FLOTTA-FURGONI.png\" class=\"attachment-large size-large\" alt=\"flotta furgoni noleggiare\" loading=\"lazy\" srcset=\"https:\/\/www.noleggiare.it\/wp-content\/uploads\/2025\/08\/1_FLOTTA-FURGONI.png 768w, https:\/\/www.noleggiare.it\/wp-content\/uploads\/2025\/08\/1_FLOTTA-FURGONI-300x217.png 300w\" sizes=\"(max-width: 640px) 100vw, 640px\" \/>\t\t\t\t\t\t\t\t\t\t\t\t\t\t<\/div>\n\t\t\t\t\t\t<\/div>\n\t\t\t\t<\/div>\n\t\t\t\t<div class=\"elementor-element elementor-element-3613204 elementor-widget elementor-widget-text-editor\" data-id=\"3613204\" data-element_type=\"widget\" data-widget_type=\"text-editor.default\">\n\t\t\t\t<div class=\"elementor-widget-container\">\n\t\t\t\t\t\t\t\t<div class=\"elementor-text-editor elementor-clearfix\">\n\t\t\t\t\t<p>\u00bfTienes un negocio que requiere el transporte de materiales y objetos de mediano o gran tama\u00f1o? \u00bfO te est\u00e1s mudando y necesitas alquilar una furgoneta por unos d\u00edas? \u00a1Tenemos la soluci\u00f3n perfecta para ti! Desde hace 15 a\u00f1os satisfacemos las necesidades de particulares y empresas y nos esforzamos cada d\u00eda para garantizar calidad, profesionalidad y eficiencia. Todos nuestros veh\u00edculos son nuevos, est\u00e1n perfectamente probados y son de alto rendimiento. Nuestra flota de furgonetas est\u00e1 compuesta por una amplia gama de modelos. \u00a1Reserva aqu\u00ed tu furgoneta!<\/p>\n\t\t\t\t\t<\/div>\n\t\t\t\t\t\t<\/div>\n\t\t\t\t<\/div>\n\t\t\t\t\t\t<\/div>\n\t\t\t\t\t<\/div>\n\t\t<\/div>\n\t\t\t\t<div class=\"elementor-column elementor-col-50 elementor-top-column elementor-element elementor-element-d446e2a\" data-id=\"d446e2a\" data-element_type=\"column\">\n\t\t\t<div class=\"elementor-column-wrap elementor-element-populated\">\n\t\t\t\t\t\t\t<div class=\"elementor-widget-wrap\">\n\t\t\t\t\t\t<div class=\"elementor-element elementor-element-5d83d97 elementor-widget elementor-widget-text-editor\" data-id=\"5d83d97\" data-element_type=\"widget\" data-widget_type=\"text-editor.default\">\n\t\t\t\t<div class=\"elementor-widget-container\">\n\t\t\t\t\t\t\t\t<div class=\"elementor-text-editor elementor-clearfix\">\n\t\t\t\t\t\t\t\t\t\t<\/div>\n\t\t\t\t\t\t<\/div>\n\t\t\t\t<\/div>\n\t\t\t\t<div class=\"elementor-element elementor-element-3375ef7 elementor-hidden-tablet elementor-hidden-phone dce_masking-none elementor-widget elementor-widget-image\" data-id=\"3375ef7\" data-element_type=\"widget\" data-widget_type=\"image.default\">\n\t\t\t\t<div class=\"elementor-widget-container\">\n\t\t\t\t\t\t\t\t<div class=\"elementor-image\">\n\t\t\t\t\t\t\t\t\t\t\t\t<img width=\"640\" height=\"463\" src=\"https:\/\/www.noleggiare.it\/wp-content\/uploads\/2025\/08\/1_FLOTTA-FURGONI.png\" class=\"attachment-large size-large\" alt=\"flotta furgoni noleggiare\" loading=\"lazy\" srcset=\"https:\/\/www.noleggiare.it\/wp-content\/uploads\/2025\/08\/1_FLOTTA-FURGONI.png 768w, https:\/\/www.noleggiare.it\/wp-content\/uploads\/2025\/08\/1_FLOTTA-FURGONI-300x217.png 300w\" sizes=\"(max-width: 640px) 100vw, 640px\" \/>\t\t\t\t\t\t\t\t\t\t\t\t\t\t<\/div>\n\t\t\t\t\t\t<\/div>\n\t\t\t\t<\/div>\n\t\t\t\t\t\t<\/div>\n\t\t\t\t\t<\/div>\n\t\t<\/div>\n\t\t\t\t\t\t\t\t<\/div>\n\t\t\t\t\t<\/div>\n\t\t<\/section>\n\t\t\t\t<section class=\"elementor-section elementor-top-section elementor-element elementor-element-a84e369 elementor-section-boxed elementor-section-height-default elementor-section-height-default\" data-id=\"a84e369\" data-element_type=\"section\">\n\t\t\t\t\t\t<div class=\"elementor-container elementor-column-gap-default\">\n\t\t\t\t\t\t\t<div class=\"elementor-row\">\n\t\t\t\t\t<div class=\"elementor-column elementor-col-100 elementor-top-column elementor-element elementor-element-2b3fdb8\" data-id=\"2b3fdb8\" data-element_type=\"column\">\n\t\t\t<div class=\"elementor-column-wrap elementor-element-populated\">\n\t\t\t\t\t\t\t<div class=\"elementor-widget-wrap\">\n\t\t\t\t\t\t<div class=\"elementor-element elementor-element-fd356cf elementor-widget elementor-widget-text-editor\" data-id=\"fd356cf\" data-element_type=\"widget\" data-widget_type=\"text-editor.default\">\n\t\t\t\t<div class=\"elementor-widget-container\">\n\t\t\t\t\t\t\t\t<div class=\"elementor-text-editor elementor-clearfix\">\n\t\t\t\t\t<p>Prepara la maleta y reserva el coche de alquiler: \u00a1Ancona y las Marcas te esperan con Noleggiare!<\/p>\n\t\t\t\t\t<\/div>\n\t\t\t\t\t\t<\/div>\n\t\t\t\t<\/div>\n\t\t\t\t\t\t<\/div>\n\t\t\t\t\t<\/div>\n\t\t<\/div>\n\t\t\t\t\t\t\t\t<\/div>\n\t\t\t\t\t<\/div>\n\t\t<\/section>\n\t\t\t\t<section class=\"elementor-section elementor-top-section elementor-element elementor-element-77b69d43 elementor-section-full_width elementor-section-height-default elementor-section-height-default\" data-id=\"77b69d43\" data-element_type=\"section\">\n\t\t\t\t\t\t<div class=\"elementor-container elementor-column-gap-no\">\n\t\t\t\t\t\t\t<div class=\"elementor-row\">\n\t\t\t\t\t<div class=\"elementor-column elementor-col-100 elementor-top-column elementor-element elementor-element-323c302d\" data-id=\"323c302d\" data-element_type=\"column\">\n\t\t\t<div class=\"elementor-column-wrap\">\n\t\t\t\t\t\t\t<div class=\"elementor-widget-wrap\">\n\t\t\t\t\t\t\t\t<\/div>\n\t\t\t\t\t<\/div>\n\t\t<\/div>\n\t\t\t\t\t\t\t\t<\/div>\n\t\t\t\t\t<\/div>\n\t\t<\/section>\n\t\t\t\t<section class=\"elementor-section elementor-top-section elementor-element elementor-element-90a4748 elementor-section-boxed elementor-section-height-default elementor-section-height-default\" data-id=\"90a4748\" data-element_type=\"section\">\n\t\t\t\t\t\t<div class=\"elementor-container elementor-column-gap-default\">\n\t\t\t\t\t\t\t<div class=\"elementor-row\">\n\t\t\t\t\t<div class=\"elementor-column elementor-col-100 elementor-top-column elementor-element elementor-element-44cf2ff\" data-id=\"44cf2ff\" data-element_type=\"column\">\n\t\t\t<div class=\"elementor-column-wrap elementor-element-populated\">\n\t\t\t\t\t\t\t<div class=\"elementor-widget-wrap\">\n\t\t\t\t\t\t<div class=\"elementor-element elementor-element-9efc749 btn-espandi-promo elementor-align-center animated-fast elementor-invisible elementor-widget elementor-widget-button\" data-id=\"9efc749\" data-element_type=\"widget\" data-settings=\"{&quot;_animation&quot;:&quot;slideInRight&quot;}\" data-widget_type=\"button.default\">\n\t\t\t\t<div class=\"elementor-widget-container\">\n\t\t\t\t\t<div class=\"elementor-button-wrapper\">\n\t\t\t<a href=\"#\" class=\"elementor-button-link elementor-button elementor-size-md\" role=\"button\">\n\t\t\t\t\t\t<span class=\"elementor-button-content-wrapper\">\n\t\t\t\t\t\t<span class=\"elementor-button-icon elementor-align-icon-left\">\n\t\t\t\t<i aria-hidden=\"true\" class=\"fas fa-arrow-circle-up\"><\/i>\t\t\t<\/span>\n\t\t\t\t\t\t<span class=\"elementor-button-text\">\u00a1Reserva ahora!<\/span>\n\t\t<\/span>\n\t\t\t\t\t<\/a>\n\t\t<\/div>\n\t\t\t\t<\/div>\n\t\t\t\t<\/div>\n\t\t\t\t\t\t<\/div>\n\t\t\t\t\t<\/div>\n\t\t<\/div>\n\t\t\t\t\t\t\t\t<\/div>\n\t\t\t\t\t<\/div>\n\t\t<\/section>\n\t\t\t\t<section class=\"elementor-section elementor-top-section elementor-element elementor-element-7b28e8f elementor-section-boxed elementor-section-height-default elementor-section-height-default\" data-id=\"7b28e8f\" data-element_type=\"section\">\n\t\t\t\t\t\t<div class=\"elementor-container elementor-column-gap-default\">\n\t\t\t\t\t\t\t<div class=\"elementor-row\">\n\t\t\t\t\t<div class=\"elementor-column elementor-col-100 elementor-top-column elementor-element elementor-element-057de97\" data-id=\"057de97\" data-element_type=\"column\">\n\t\t\t<div class=\"elementor-column-wrap elementor-element-populated\">\n\t\t\t\t\t\t\t<div class=\"elementor-widget-wrap\">\n\t\t\t\t\t\t<div class=\"elementor-element elementor-element-f7ebff1 elementor-widget elementor-widget-text-editor\" data-id=\"f7ebff1\" data-element_type=\"widget\" data-widget_type=\"text-editor.default\">\n\t\t\t\t<div class=\"elementor-widget-container\">\n\t\t\t\t\t\t\t\t<div class=\"elementor-text-editor elementor-clearfix\">\n\t\t\t\t\t\t\t\t\t\t<\/div>\n\t\t\t\t\t\t<\/div>\n\t\t\t\t<\/div>\n\t\t\t\t\t\t<\/div>\n\t\t\t\t\t<\/div>\n\t\t<\/div>\n\t\t\t\t\t\t\t\t<\/div>\n\t\t\t\t\t<\/div>\n\t\t<\/section>\n\t\t\t\t\t\t<\/div>\n\t\t\t\t\t\t<\/div>\n\t\t\t\t\t<\/div>\n\t\t","protected":false},"excerpt":{"rendered":"<p>tel\u00e9fono +39 3425721455 email ancona@noleggiare.it direcci\u00f3n Piazzale Sandro Sordoni, snc, 60015 Falconara Marittima (AN) horarios Lunes \u2013 S\u00e1bado: 08:30 \u2013 18:00 Jueves: 08:30 \u2013 18:00 \/ 20:00 \u2013 22:00 Domingo: 08:30 \u2013 12:30 Car Rental Ancona: enjoy your car holiday with us! Noleggiare is the ideal choice for your car rental at Ancona Airport (Raffaello [&#8230;]<\/p>\n<p><a class=\"btn btn-secondary understrap-read-more-link\" href=\"https:\/\/www.noleggiare.it\/es\/noleggio-auto\/sedi\/alquiler-de-coches-en-ancona\/\">Leer m\u00e1s&#8230;<\/a><\/p>\n","protected":false},"author":4168,"featured_media":155004,"parent":35,"menu_order":0,"comment_status":"closed","ping_status":"closed","template":"","meta":[],"acf":[],"yoast_head":"<!-- This site is optimized with the Yoast SEO plugin v17.1 - https:\/\/yoast.com\/wordpress\/plugins\/seo\/ -->\n<title>Alquiler de coches en Ancona - Noleggiare.it<\/title>\n<meta name=\"robots\" content=\"index, follow, max-snippet:-1, max-image-preview:large, max-video-preview:-1\" \/>\n<link rel=\"canonical\" href=\"https:\/\/www.noleggiare.it\/es\/noleggio-auto\/sedi\/noleggio-auto-ancona-aeroporto\/\" \/>\n<meta property=\"og:locale\" content=\"es_ES\" \/>\n<meta property=\"og:type\" content=\"article\" \/>\n<meta property=\"og:title\" content=\"Alquiler de coches en Ancona - Noleggiare.it\" \/>\n<meta property=\"og:description\" content=\"tel\u00e9fono +39 3425721455 email ancona@noleggiare.it direcci\u00f3n Piazzale Sandro Sordoni, snc, 60015 Falconara Marittima (AN) horarios Lunes \u2013 S\u00e1bado: 08:30 \u2013 18:00 Jueves: 08:30 \u2013 18:00 \/ 20:00 \u2013 22:00 Domingo: 08:30 \u2013 12:30 Car Rental Ancona: enjoy your car holiday with us! Noleggiare is the ideal choice for your car rental at Ancona Airport (Raffaello [...]Leer m\u00e1s...\" \/>\n<meta property=\"og:url\" content=\"https:\/\/www.noleggiare.it\/it\/noleggio-auto\/sedi\/noleggio-auto-ancona-aeroporto\/\" \/>\n<meta property=\"og:site_name\" content=\"Noleggiare.it\" \/>\n<meta property=\"article:modified_time\" content=\"2026-04-30T10:27:15+00:00\" \/>\n<meta property=\"og:image\" content=\"https:\/\/www.noleggiare.it\/wp-content\/uploads\/2023\/03\/Alghero-1.jpg\" \/>\n\t<meta property=\"og:image:width\" content=\"1280\" \/>\n\t<meta property=\"og:image:height\" content=\"820\" \/>\n<meta name=\"twitter:card\" content=\"summary_large_image\" \/>\n<meta name=\"twitter:label1\" content=\"Tiempo de lectura\" \/>\n\t<meta name=\"twitter:data1\" content=\"3 minutos\" \/>\n<script type=\"application\/ld+json\" class=\"yoast-schema-graph\">{\"@context\":\"https:\/\/schema.org\",\"@graph\":[{\"@type\":\"WebSite\",\"@id\":\"https:\/\/www.noleggiare.it\/it\/#website\",\"url\":\"https:\/\/www.noleggiare.it\/it\/\",\"name\":\"Noleggiare.it\",\"description\":\"Happy rent!\",\"potentialAction\":[{\"@type\":\"SearchAction\",\"target\":{\"@type\":\"EntryPoint\",\"urlTemplate\":\"https:\/\/www.noleggiare.it\/it\/?s={search_term_string}\"},\"query-input\":\"required name=search_term_string\"}],\"inLanguage\":\"es\"},{\"@type\":\"ImageObject\",\"@id\":\"https:\/\/www.noleggiare.it\/it\/noleggio-auto\/sedi\/noleggio-auto-ancona-aeroporto\/#primaryimage\",\"inLanguage\":\"es\",\"url\":\"https:\/\/www.noleggiare.it\/wp-content\/uploads\/2023\/03\/Alghero-1.jpg\",\"contentUrl\":\"https:\/\/www.noleggiare.it\/wp-content\/uploads\/2023\/03\/Alghero-1.jpg\",\"width\":1280,\"height\":820,\"caption\":\"Noleggio auto e furgoni Alghero\"},{\"@type\":\"WebPage\",\"@id\":\"https:\/\/www.noleggiare.it\/it\/noleggio-auto\/sedi\/noleggio-auto-ancona-aeroporto\/#webpage\",\"url\":\"https:\/\/www.noleggiare.it\/it\/noleggio-auto\/sedi\/noleggio-auto-ancona-aeroporto\/\",\"name\":\"Alquiler de coches en Ancona - Noleggiare.it\",\"isPartOf\":{\"@id\":\"https:\/\/www.noleggiare.it\/it\/#website\"},\"primaryImageOfPage\":{\"@id\":\"https:\/\/www.noleggiare.it\/it\/noleggio-auto\/sedi\/noleggio-auto-ancona-aeroporto\/#primaryimage\"},\"datePublished\":\"2026-04-30T10:27:13+00:00\",\"dateModified\":\"2026-04-30T10:27:15+00:00\",\"breadcrumb\":{\"@id\":\"https:\/\/www.noleggiare.it\/it\/noleggio-auto\/sedi\/noleggio-auto-ancona-aeroporto\/#breadcrumb\"},\"inLanguage\":\"es\",\"potentialAction\":[{\"@type\":\"ReadAction\",\"target\":[\"https:\/\/www.noleggiare.it\/it\/noleggio-auto\/sedi\/noleggio-auto-ancona-aeroporto\/\"]}]},{\"@type\":\"BreadcrumbList\",\"@id\":\"https:\/\/www.noleggiare.it\/it\/noleggio-auto\/sedi\/noleggio-auto-ancona-aeroporto\/#breadcrumb\",\"itemListElement\":[{\"@type\":\"ListItem\",\"position\":1,\"name\":\"Noleggio auto\",\"item\":\"https:\/\/www.noleggiare.it\/it\/noleggio-auto\/\"},{\"@type\":\"ListItem\",\"position\":2,\"name\":\"Sedi\",\"item\":\"https:\/\/www.noleggiare.it\/it\/noleggio-auto\/sedi\/\"},{\"@type\":\"ListItem\",\"position\":3,\"name\":\"Alquiler de coches en Ancona\"}]}]}<\/script>\n<!-- \/ Yoast SEO plugin. -->","yoast_head_json":{"title":"Alquiler de coches en Ancona - Noleggiare.it","robots":{"index":"index","follow":"follow","max-snippet":"max-snippet:-1","max-image-preview":"max-image-preview:large","max-video-preview":"max-video-preview:-1"},"canonical":"https:\/\/www.noleggiare.it\/es\/noleggio-auto\/sedi\/noleggio-auto-ancona-aeroporto\/","og_locale":"es_ES","og_type":"article","og_title":"Alquiler de coches en Ancona - Noleggiare.it","og_description":"tel\u00e9fono +39 3425721455 email ancona@noleggiare.it direcci\u00f3n Piazzale Sandro Sordoni, snc, 60015 Falconara Marittima (AN) horarios Lunes \u2013 S\u00e1bado: 08:30 \u2013 18:00 Jueves: 08:30 \u2013 18:00 \/ 20:00 \u2013 22:00 Domingo: 08:30 \u2013 12:30 Car Rental Ancona: enjoy your car holiday with us! Noleggiare is the ideal choice for your car rental at Ancona Airport (Raffaello [...]Leer m\u00e1s...","og_url":"https:\/\/www.noleggiare.it\/it\/noleggio-auto\/sedi\/noleggio-auto-ancona-aeroporto\/","og_site_name":"Noleggiare.it","article_modified_time":"2026-04-30T10:27:15+00:00","og_image":[{"width":1280,"height":820,"url":"https:\/\/www.noleggiare.it\/wp-content\/uploads\/2023\/03\/Alghero-1.jpg","path":"\/var\/www\/noleggiare.it\/wp-content\/uploads\/2023\/03\/Alghero-1.jpg","size":"full","id":155004,"alt":"Noleggio auto e furgoni Alghero","pixels":1049600,"type":"image\/jpeg"}],"twitter_card":"summary_large_image","twitter_misc":{"Tiempo de lectura":"3 minutos"},"schema":{"@context":"https:\/\/schema.org","@graph":[{"@type":"WebSite","@id":"https:\/\/www.noleggiare.it\/it\/#website","url":"https:\/\/www.noleggiare.it\/it\/","name":"Noleggiare.it","description":"Happy rent!","potentialAction":[{"@type":"SearchAction","target":{"@type":"EntryPoint","urlTemplate":"https:\/\/www.noleggiare.it\/it\/?s={search_term_string}"},"query-input":"required name=search_term_string"}],"inLanguage":"es"},{"@type":"ImageObject","@id":"https:\/\/www.noleggiare.it\/it\/noleggio-auto\/sedi\/noleggio-auto-ancona-aeroporto\/#primaryimage","inLanguage":"es","url":"https:\/\/www.noleggiare.it\/wp-content\/uploads\/2023\/03\/Alghero-1.jpg","contentUrl":"https:\/\/www.noleggiare.it\/wp-content\/uploads\/2023\/03\/Alghero-1.jpg","width":1280,"height":820,"caption":"Noleggio auto e furgoni Alghero"},{"@type":"WebPage","@id":"https:\/\/www.noleggiare.it\/it\/noleggio-auto\/sedi\/noleggio-auto-ancona-aeroporto\/#webpage","url":"https:\/\/www.noleggiare.it\/it\/noleggio-auto\/sedi\/noleggio-auto-ancona-aeroporto\/","name":"Alquiler de coches en Ancona - Noleggiare.it","isPartOf":{"@id":"https:\/\/www.noleggiare.it\/it\/#website"},"primaryImageOfPage":{"@id":"https:\/\/www.noleggiare.it\/it\/noleggio-auto\/sedi\/noleggio-auto-ancona-aeroporto\/#primaryimage"},"datePublished":"2026-04-30T10:27:13+00:00","dateModified":"2026-04-30T10:27:15+00:00","breadcrumb":{"@id":"https:\/\/www.noleggiare.it\/it\/noleggio-auto\/sedi\/noleggio-auto-ancona-aeroporto\/#breadcrumb"},"inLanguage":"es","potentialAction":[{"@type":"ReadAction","target":["https:\/\/www.noleggiare.it\/it\/noleggio-auto\/sedi\/noleggio-auto-ancona-aeroporto\/"]}]},{"@type":"BreadcrumbList","@id":"https:\/\/www.noleggiare.it\/it\/noleggio-auto\/sedi\/noleggio-auto-ancona-aeroporto\/#breadcrumb","itemListElement":[{"@type":"ListItem","position":1,"name":"Noleggio auto","item":"https:\/\/www.noleggiare.it\/it\/noleggio-auto\/"},{"@type":"ListItem","position":2,"name":"Sedi","item":"https:\/\/www.noleggiare.it\/it\/noleggio-auto\/sedi\/"},{"@type":"ListItem","position":3,"name":"Alquiler de coches en Ancona"}]}]}},"wps_subtitle":"","_links":{"self":[{"href":"https:\/\/www.noleggiare.it\/es\/wp-json\/wp\/v2\/pages\/374524"}],"collection":[{"href":"https:\/\/www.noleggiare.it\/es\/wp-json\/wp\/v2\/pages"}],"about":[{"href":"https:\/\/www.noleggiare.it\/es\/wp-json\/wp\/v2\/types\/page"}],"author":[{"embeddable":true,"href":"https:\/\/www.noleggiare.it\/es\/wp-json\/wp\/v2\/users\/4168"}],"replies":[{"embeddable":true,"href":"https:\/\/www.noleggiare.it\/es\/wp-json\/wp\/v2\/comments?post=374524"}],"version-history":[{"count":3,"href":"https:\/\/www.noleggiare.it\/es\/wp-json\/wp\/v2\/pages\/374524\/revisions"}],"predecessor-version":[{"id":374595,"href":"https:\/\/www.noleggiare.it\/es\/wp-json\/wp\/v2\/pages\/374524\/revisions\/374595"}],"up":[{"embeddable":true,"href":"https:\/\/www.noleggiare.it\/es\/wp-json\/wp\/v2\/pages\/35"}],"wp:featuredmedia":[{"embeddable":true,"href":"https:\/\/www.noleggiare.it\/es\/wp-json\/wp\/v2\/media\/155004"}],"wp:attachment":[{"href":"https:\/\/www.noleggiare.it\/es\/wp-json\/wp\/v2\/media?parent=374524"}],"curies":[{"name":"wp","href":"https:\/\/api.w.org\/{rel}","templated":true}]}}