{"id":289809,"date":"2025-02-01T14:04:24","date_gmt":"2025-02-01T13:04:24","guid":{"rendered":"https:\/\/www.noleggiare.it\/flotte-vans\/"},"modified":"2025-02-07T14:32:05","modified_gmt":"2025-02-07T13:32:05","slug":"flotte-vans","status":"publish","type":"page","link":"https:\/\/www.noleggiare.it\/fr\/flotte-vans\/","title":{"rendered":"<span style=\"color: transparent;text-shadow: none;\">Flotte vans<\/span>"},"content":{"rendered":"\t\t<div data-elementor-type=\"wp-page\" data-elementor-id=\"289809\" data-post-id=\"289809\" data-obj-id=\"289809\" class=\"elementor elementor-289809 dce-elementor-post-289809 elementor-42682\" data-elementor-settings=\"[]\">\n\t\t\t\t\t\t<div class=\"elementor-inner\">\n\t\t\t\t\t\t\t<div class=\"elementor-section-wrap\">\n\t\t\t\t\t\t\t<section class=\"elementor-section elementor-top-section elementor-element elementor-element-39149c4 elementor-section-stretched elementor-section-full_width elementor-section-height-default elementor-section-height-default\" data-id=\"39149c4\" data-element_type=\"section\" data-settings=\"{&quot;stretch_section&quot;:&quot;section-stretched&quot;,&quot;background_background&quot;:&quot;classic&quot;}\">\n\t\t\t\t\t\t<div class=\"elementor-container elementor-column-gap-default\">\n\t\t\t\t\t\t\t<div class=\"elementor-row\">\n\t\t\t\t\t<div class=\"elementor-column elementor-col-100 elementor-top-column elementor-element elementor-element-a4e7072\" data-id=\"a4e7072\" data-element_type=\"column\">\n\t\t\t<div class=\"elementor-column-wrap elementor-element-populated\">\n\t\t\t\t\t\t\t<div class=\"elementor-widget-wrap\">\n\t\t\t\t\t\t<div class=\"elementor-element elementor-element-ac4e531 elementor-widget elementor-widget-html\" data-id=\"ac4e531\" data-element_type=\"widget\" data-widget_type=\"html.default\">\n\t\t\t\t<div class=\"elementor-widget-container\">\n\t\t\t<a name=\"prenota\"><\/a>\t\t<\/div>\n\t\t\t\t<\/div>\n\t\t\t\t<div class=\"elementor-element elementor-element-a765cb6 elementor-widget elementor-widget-heading\" data-id=\"a765cb6\" data-element_type=\"widget\" data-widget_type=\"heading.default\">\n\t\t\t\t<div class=\"elementor-widget-container\">\n\t\t\t<h1 class=\"elementor-heading-title elementor-size-default\"><b>Vous recherchez un van\u00a0? Choisissez la formule de location.<\/b><\/h1>\t\t<\/div>\n\t\t\t\t<\/div>\n\t\t\t\t<div class=\"elementor-element elementor-element-35e8564 elementor-widget elementor-widget-text-editor\" data-id=\"35e8564\" data-element_type=\"widget\" data-widget_type=\"text-editor.default\">\n\t\t\t\t<div class=\"elementor-widget-container\">\n\t\t\t\t\t\t\t\t<div class=\"elementor-text-editor elementor-clearfix\">\n\t\t\t\t\t<h2 style=\"text-align: center;\">Pour les particuliers et les entreprises, la location d\u2019un van est id\u00e9ale pour les d\u00e9m\u00e9nagements ou le transport de marchandises.<\/h2>\n\t\t\t\t\t<\/div>\n\t\t\t\t\t\t<\/div>\n\t\t\t\t<\/div>\n\t\t\t\t<div class=\"elementor-element elementor-element-4ed55af elementor-widget elementor-widget-text-editor\" data-id=\"4ed55af\" data-element_type=\"widget\" data-widget_type=\"text-editor.default\">\n\t\t\t\t<div class=\"elementor-widget-container\">\n\t\t\t\t\t\t\t\t<div class=\"elementor-text-editor elementor-clearfix\">\n\t\t\t\t\t<h3 style=\"text-align: center;\">Notre flotte offre des <strong>vans <\/strong>de diff\u00e9rentes tailles pour r\u00e9pondre aux besoins les plus divers. Notre vaste gamme, de <strong>plus de 1\u00a0000<\/strong> vans, est disponible <strong>dans toute l\u2019Italie<\/strong>.<\/h3>\n\t\t\t\t\t<\/div>\n\t\t\t\t\t\t<\/div>\n\t\t\t\t<\/div>\n\t\t\t\t<div class=\"elementor-element elementor-element-02a362b elementor-widget elementor-widget-text-editor\" data-id=\"02a362b\" data-element_type=\"widget\" data-widget_type=\"text-editor.default\">\n\t\t\t\t<div class=\"elementor-widget-container\">\n\t\t\t\t\t\t\t\t<div class=\"elementor-text-editor elementor-clearfix\">\n\t\t\t\t\t<h4 style=\"text-align: center;\">Le v\u00e9hicule que vous recherchez est pr\u00e8s de chez vous\u00a0!<\/h4>\n\t\t\t\t\t<\/div>\n\t\t\t\t\t\t<\/div>\n\t\t\t\t<\/div>\n\t\t\t\t<div class=\"elementor-element elementor-element-d342e2f btn-espandi-promo elementor-align-center animated-fast elementor-invisible elementor-widget elementor-widget-button\" data-id=\"d342e2f\" data-element_type=\"widget\" data-settings=\"{&quot;_animation&quot;:&quot;slideInRight&quot;}\" data-widget_type=\"button.default\">\n\t\t\t\t<div class=\"elementor-widget-container\">\n\t\t\t\t\t<div class=\"elementor-button-wrapper\">\n\t\t\t<a href=\"#\" class=\"elementor-button-link elementor-button elementor-size-md\" role=\"button\">\n\t\t\t\t\t\t<span class=\"elementor-button-content-wrapper\">\n\t\t\t\t\t\t<span class=\"elementor-button-icon elementor-align-icon-left\">\n\t\t\t\t<i aria-hidden=\"true\" class=\"fas fa-arrow-circle-up\"><\/i>\t\t\t<\/span>\n\t\t\t\t\t\t<span class=\"elementor-button-text\">R\u00e9servez sans attendre<\/span>\n\t\t<\/span>\n\t\t\t\t\t<\/a>\n\t\t<\/div>\n\t\t\t\t<\/div>\n\t\t\t\t<\/div>\n\t\t\t\t<div class=\"elementor-element elementor-element-4b2d92a elementor-widget-divider--separator-type-pattern elementor-widget-divider--view-line elementor-widget elementor-widget-divider\" data-id=\"4b2d92a\" data-element_type=\"widget\" data-widget_type=\"divider.default\">\n\t\t\t\t<div class=\"elementor-widget-container\">\n\t\t\t\t\t<div class=\"elementor-divider\" style=\"--divider-pattern-url: url(&quot;data:image\/svg+xml,%3Csvg xmlns=&#039;http:\/\/www.w3.org\/2000\/svg&#039; preserveAspectRatio=&#039;none&#039; overflow=&#039;visible&#039; height=&#039;100%&#039; viewBox=&#039;0 0 24 24&#039; fill=&#039;none&#039; stroke=&#039;black&#039; stroke-width=&#039;1&#039; stroke-linecap=&#039;square&#039; stroke-miterlimit=&#039;10&#039;%3E%3Cpath d=&#039;M0,21c3.3,0,8.3-0.9,15.7-7.1c6.6-5.4,4.4-9.3,2.4-10.3c-3.4-1.8-7.7,1.3-7.3,8.8C11.2,20,17.1,21,24,21&#039;\/%3E%3C\/svg%3E&quot;);\">\n\t\t\t<span class=\"elementor-divider-separator\">\n\t\t\t\t\t\t<\/span>\n\t\t<\/div>\n\t\t\t\t<\/div>\n\t\t\t\t<\/div>\n\t\t\t\t<div class=\"elementor-element elementor-element-d6025da elementor-widget elementor-widget-text-editor\" data-id=\"d6025da\" data-element_type=\"widget\" data-widget_type=\"text-editor.default\">\n\t\t\t\t<div class=\"elementor-widget-container\">\n\t\t\t\t\t\t\t\t<div class=\"elementor-text-editor elementor-clearfix\">\n\t\t\t\t\t<h2 style=\"text-align: center;\"><strong>D\u00e9couvrez notre gamme<\/strong><\/h2>\n\t\t\t\t\t<\/div>\n\t\t\t\t\t\t<\/div>\n\t\t\t\t<\/div>\n\t\t\t\t<div class=\"elementor-element elementor-element-0f8f895 elementor-widget elementor-widget-text-editor\" data-id=\"0f8f895\" data-element_type=\"widget\" data-widget_type=\"text-editor.default\">\n\t\t\t\t<div class=\"elementor-widget-container\">\n\t\t\t\t\t\t\t\t<div class=\"elementor-text-editor elementor-clearfix\">\n\t\t\t\t\t<h3 style=\"text-align: center;\">Tous nos vans peuvent \u00eatre lou\u00e9s sur la base de tarifs kilom\u00e9triques \u00e0 la journ\u00e9e (100 ou 200) et aussi en<strong> kilom\u00e9trage illimit\u00e9.<\/strong><\/h3>\n\t\t\t\t\t<\/div>\n\t\t\t\t\t\t<\/div>\n\t\t\t\t<\/div>\n\t\t\t\t<div class=\"elementor-element elementor-element-abf8d01 elementor-widget elementor-widget-shortcode\" data-id=\"abf8d01\" data-element_type=\"widget\" data-widget_type=\"shortcode.default\">\n\t\t\t\t<div class=\"elementor-widget-container\">\n\t\t\t\t\t<div class=\"elementor-shortcode\"><div class=\"flotta container-fluid\" ng-cloak>\n    <div class=\"row\">\n\n\t\t\n\t\t\t<!-- elenco auto -->\n\t\t\t<div class=\"col-12 mb-4 col-xl-6 col-xxl-4\">\n\t\t\t\t<div\n\t\t\t\t\tclass=\"veicolo van\"\n\t\t\t\t\tdata-ng-controller=\"VeicoloController as veicolo\"\n\t\t\t\t\tdata-ng-mouseenter=\"!veicolo.hasStato('scelta-listino') && veicolo.addStato('hover')\"\n\t\t\t\t\tdata-ng-class=\"[veicolo.getStato()]\"\n\t\t\t\t>\n\n\t\t\t\t\t<div class=\"h-100\">\n\n\t\t\t\t\t\t<!-- nome modello -->\n\t\t\t\t\t\t<div class=\"tipo\" style=\"line-height: 1\">\n\t\t\t\t\t\t\t<h5 class=\"font-weight-bold mb-0\">Toyota Proace City 100CV L1H1 <small>(Groupe <strong>Z1<\/strong>)<\/small><\/h5>\n\t\t\t\t\t\t\t<small>ou similaire*<\/small>\n\t\t\t\t\t\t<\/div>\n\n\t\t\t\t\t\t\t\t\t\t\t\t<div class=\"descrizione w-50\">\n\t\t\t\t\t\t\t<span class=\"text-secondary\">Furgone piccolo \/ Small van<\/span>\n\t\t\t\t\t\t<\/div>\n\t\t\t\t\t\t\n\t\t\t\t\t\t<!-- immagine -->\n\t\t\t\t\t\t<img class=\"img\" src=\"https:\/\/bo.noleggiare.it\/immagini\/auto\/689de9d52c9ac_Z1.png\" \/>\n\n\t\t\t\t\t\t<!-- elettrico -->\n\t\t\t\t\t\t<img class=\"img-elettrico\" ng-if=\"veicolo.isElettrico('Diesel')\" ng-src=\"https:\/\/www.noleggiare.it\/wp-content\/themes\/noleggiare\/img\/ico-elettric.svg\" \/>\n\n\t\t\t\t\t\t<!-- pulsantiera -->\n\t\t\t\t\t\t<div class=\"pulsantiera\" data-ng-click=\"$event.stopPropagation()\">\n\t\t\t\t\t\t\t\t\t\t\t\t\t\t\t<div\n\t\t\t\t\t\t\t\t\tclass=\"misure pulsante d-block d-md-none\"\n\t\t\t\t\t\t\t\t\tdata-ng-show=\"!veicolo.hasStato('mostra-info-listino') && !veicolo.hasStato('mostra-info-misure')\"\n\t\t\t\t\t\t\t\t\tdata-ng-click=\"veicolo.addStato('mostra-info-misure', true)\"\n\t\t\t\t\t\t\t\t\ttabindex=\"0\"\n\t\t\t\t\t\t\t\t>\n\t\t\t\t\t\t\t\t\tmisure\t\t\t\t\t\t\t\t<\/div>\n\t\t\t\t\t\t\t\t\t\t\t\t\t\t<div\n\t\t\t\t\t\t\t\tclass=\"nascondi pulsante\"\n\t\t\t\t\t\t\t\tdata-ng-show=\"veicolo.hasStato('mostra-info-listino') || veicolo.hasStato('mostra-info-misure')\"\n\t\t\t\t\t\t\t\tdata-ng-click=\"veicolo.removeStato('mostra-info-listino'); veicolo.removeStato('mostra-info-misure');\"\n\t\t\t\t\t\t\t\ttabindex=\"0\"\n\t\t\t\t\t\t\t>\n\t\t\t\t\t\t\t\tClose\t\t\t\t\t\t\t<\/div>\n\t\t\t\t\t\t<\/div>\n\n\t\t\t\t\t\t<!-- misure van -->\n\t\t\t\t\t\t\t\t\t\t\t\t<div class=\"info-van d-none d-md-block\">\n\t\t\t\t\t\t\t<table>\n\t\t\t\t\t\t\t\t<tr>\n\t\t\t\t\t\t\t\t\t<td colspan=\"3\">\n\t\t\t\t\t\t\t\t\t\t<h5>Dimensions int\u00e9rieures<\/h5>\n\t\t\t\t\t\t\t\t\t<\/td>\n\t\t\t\t\t\t\t\t<\/tr>\n\t\t\t\t\t\t\t\t\t\t\t\t\t\t\t\t\t<tr>\n\t\t\t\t\t\t\t\t\t\t<td>\n\t\t\t\t\t\t\t\t\t\t\tHauteur:\n\t\t\t\t\t\t\t\t\t\t<\/td>\n\t\t\t\t\t\t\t\t\t\t<td>\n\t\t\t\t\t\t\t\t\t\t\t127 cm\n\t\t\t\t\t\t\t\t\t\t<\/td>\n\t\t\t\t\t\t\t\t\t\t<td rowspan=\"4\">\n\t\t\t\t\t\t\t\t\t\t\t<img class=\"mt-1\" src=\"https:\/\/www.noleggiare.it\/wp-content\/themes\/noleggiare\/img\/van-dimensioni-interne.svg\" \/>\n\t\t\t\t\t\t\t\t\t\t<\/td>\n\t\t\t\t\t\t\t\t\t<\/tr>\n\t\t\t\t\t\t\t\t\t\t\t\t\t\t\t\t\t\t\t\t\t\t\t\t\t<tr>\n\t\t\t\t\t\t\t\t\t\t<td>\n\t\t\t\t\t\t\t\t\t\t\tLargeur:\n\t\t\t\t\t\t\t\t\t\t<\/td>\n\t\t\t\t\t\t\t\t\t\t<td>\n\t\t\t\t\t\t\t\t\t\t\t163 cm\n\t\t\t\t\t\t\t\t\t\t<\/td>\n\t\t\t\t\t\t\t\t\t<\/tr>\n\t\t\t\t\t\t\t\t\t\t\t\t\t\t\t\t\t\t\t\t\t\t\t\t\t<tr>\n\t\t\t\t\t\t\t\t\t\t<td>\n\t\t\t\t\t\t\t\t\t\t\tLongueur:\n\t\t\t\t\t\t\t\t\t\t<\/td>\n\t\t\t\t\t\t\t\t\t\t<td>\n\t\t\t\t\t\t\t\t\t\t\t167 cm\n\t\t\t\t\t\t\t\t\t\t<\/td>\n\t\t\t\t\t\t\t\t\t<\/tr>\n\t\t\t\t\t\t\t\t\t\t\t\t\t\t\t\t\t\t\t\t\t\t\t\t\t<tr>\n\t\t\t\t\t\t\t\t\t\t<td>\n\t\t\t\t\t\t\t\t\t\t\tLargeur passage de roues:\n\t\t\t\t\t\t\t\t\t\t<\/td>\n\t\t\t\t\t\t\t\t\t\t<td>\n\t\t\t\t\t\t\t\t\t\t\t123 cm\n\t\t\t\t\t\t\t\t\t\t<\/td>\n\t\t\t\t\t\t\t\t\t<\/tr>\n\t\t\t\t\t\t\t\t\t\t\t\t\t\t\t\t<tr>\n\t\t\t\t\t\t\t\t\t<td colspan=\"3\">\n\t\t\t\t\t\t\t\t\t\t<h5>Dimensions ext\u00e9rieures<\/h5>\n\t\t\t\t\t\t\t\t\t<\/td>\n\t\t\t\t\t\t\t\t<\/tr>\n\t\t\t\t\t\t\t\t\t\t\t\t\t\t\t\t\t<tr>\n\t\t\t\t\t\t\t\t\t\t<td>\n\t\t\t\t\t\t\t\t\t\t\tHauteur:\n\t\t\t\t\t\t\t\t\t\t<\/td>\n\t\t\t\t\t\t\t\t\t\t<td>\n\t\t\t\t\t\t\t\t\t\t\t188 cm\n\t\t\t\t\t\t\t\t\t\t<\/td>\n\t\t\t\t\t\t\t\t\t\t<td rowspan=\"3\">\n\t\t\t\t\t\t\t\t\t\t\t<img class=\"mt-1\" src=\"https:\/\/www.noleggiare.it\/wp-content\/themes\/noleggiare\/img\/van-dimensioni-esterne.svg\" \/>\n\t\t\t\t\t\t\t\t\t\t<\/td>\n\t\t\t\t\t\t\t\t\t<\/tr>\n\t\t\t\t\t\t\t\t\t\t\t\t\t\t\t\t\t\t\t\t\t\t\t\t\t<tr>\n\t\t\t\t\t\t\t\t\t\t<td>\n\t\t\t\t\t\t\t\t\t\t\tLargeur:\n\t\t\t\t\t\t\t\t\t\t<\/td>\n\t\t\t\t\t\t\t\t\t\t<td>\n\t\t\t\t\t\t\t\t\t\t\t185 cm\n\t\t\t\t\t\t\t\t\t\t<\/td>\n\t\t\t\t\t\t\t\t\t<\/tr>\n\t\t\t\t\t\t\t\t\t\t\t\t\t\t\t\t\t\t\t\t\t\t\t\t\t<tr>\n\t\t\t\t\t\t\t\t\t\t<td>\n\t\t\t\t\t\t\t\t\t\t\tLongueur:\n\t\t\t\t\t\t\t\t\t\t<\/td>\n\t\t\t\t\t\t\t\t\t\t<td>\n\t\t\t\t\t\t\t\t\t\t\t440 cm\n\t\t\t\t\t\t\t\t\t\t<\/td>\n\t\t\t\t\t\t\t\t\t<\/tr>\n\t\t\t\t\t\t\t\t\t<tr>\n\t\t\t\t\t\t\t\t\t\t<td colspan=\"3\">\n\t\t\t\t\t\t\t\t\t\t\t<h5>Plus d\u2019infos<\/h5>\n\t\t\t\t\t\t\t\t\t\t<\/td>\n\t\t\t\t\t\t\t\t\t<\/tr>\n\t\t\t\t\t\t\t\t\t\t\t\t\t\t\t\t\t\t\t\t\t\t\t\t\t<tr>\n\t\t\t\t\t\t\t\t\t\t<td>\n\t\t\t\t\t\t\t\t\t\t\tCharge utile:\n\t\t\t\t\t\t\t\t\t\t<\/td>\n\t\t\t\t\t\t\t\t\t\t<td>\n\t\t\t\t\t\t\t\t\t\t\t650 kg\n\t\t\t\t\t\t\t\t\t\t<\/td>\n\t\t\t\t\t\t\t\t\t\t<td rowspan=\"4\">\n\t\t\t\t\t\t\t\t\t\t\t<img class=\"mt-1\" src=\"https:\/\/www.noleggiare.it\/wp-content\/themes\/noleggiare\/img\/van-altre-info.svg\" \/>\n\t\t\t\t\t\t\t\t\t\t<\/td>\n\t\t\t\t\t\t\t\t\t<\/tr>\n\t\t\t\t\t\t\t\t\t\t\t\t\t\t\t\t\t\t\t\t\t\t\t\t\t<tr>\n\t\t\t\t\t\t\t\t\t\t<td>\n\t\t\t\t\t\t\t\t\t\t\tEmpattement:\n\t\t\t\t\t\t\t\t\t\t<\/td>\n\t\t\t\t\t\t\t\t\t\t<td>\n\t\t\t\t\t\t\t\t\t\t\t279 cm\n\t\t\t\t\t\t\t\t\t\t<\/td>\n\t\t\t\t\t\t\t\t\t<\/tr>\n\t\t\t\t\t\t\t\t\t\t\t\t\t\t\t\t\t\t\t\t\t\t\t\t\t<tr>\n\t\t\t\t\t\t\t\t\t\t<td>\n\t\t\t\t\t\t\t\t\t\t\tDimension de chargement:\n\t\t\t\t\t\t\t\t\t\t<\/td>\n\t\t\t\t\t\t\t\t\t\t<td>\n\t\t\t\t\t\t\t\t\t\t\t3.3 m<sup>3<\/sup>\n\t\t\t\t\t\t\t\t\t\t<\/td>\n\t\t\t\t\t\t\t\t\t<\/tr>\n\t\t\t\t\t\t\t\t\t\t\t\t\t\t\t\t\t\t\t\t\t\t\t\t\t<tr>\n\t\t\t\t\t\t\t\t\t\t<td>\n\t\t\t\t\t\t\t\t\t\t\tCapacit\u00e9 du r\u00e9servoir:\n\t\t\t\t\t\t\t\t\t\t<\/td>\n\t\t\t\t\t\t\t\t\t\t<td>\n\t\t\t\t\t\t\t\t\t\t\t53 l\n\t\t\t\t\t\t\t\t\t\t<\/td>\n\t\t\t\t\t\t\t\t\t<\/tr>\n\t\t\t\t\t\t\t\t\t\t\t\t\t\t\t<\/table>\n\t\t\t\t\t\t\t<tr>\n\t\t\t\t\t\t\t\t<td colspan=\"3\">\n\t\t\t\t\t\t\t\t\t<small>\n\t\t\t\t\t\t\t\t\t\t<br>\n\t\t\t\t\t\t\t\t\t\tLes mesures sont fournies par le fabricant et repr\u00e9sentent des valeurs maximales. <\/br><\/br>Pour les dimensions exactes<\/br> et les mod\u00e8les disponibles,<\/br> veuillez nous contacter directement.\t\t\t\t\t\t\t\t\t<\/small>\n\t\t\t\t\t\t\t\t<\/td>\n\t\t\t\t\t\t\t<\/tr>\n\t\t\t\t\t\t<\/div>\n\t\t\t\t\t\t\n\t\t\t\t\t\t<!-- misure van (mobile) -->\n\t\t\t\t\t\t<div class=\"cnt-misure\">\n\t\t\t\t\t\t\t<table>\n\t\t\t\t\t\t\t\t<tr>\n\t\t\t\t\t\t\t\t\t<td colspan=\"3\">\n\t\t\t\t\t\t\t\t\t\t<h5>Dimensions int\u00e9rieures<\/h5>\n\t\t\t\t\t\t\t\t\t<\/td>\n\t\t\t\t\t\t\t\t<\/tr>\n\t\t\t\t\t\t\t\t\t\t\t\t\t\t\t\t<tr>\n\t\t\t\t\t\t\t\t\t<td>\n\t\t\t\t\t\t\t\t\t\tHauteur:\n\t\t\t\t\t\t\t\t\t<\/td>\n\t\t\t\t\t\t\t\t\t<td>\n\t\t\t\t\t\t\t\t\t\t127 cm\n\t\t\t\t\t\t\t\t\t<\/td>\n\t\t\t\t\t\t\t\t\t<td rowspan=\"4\">\n\t\t\t\t\t\t\t\t\t\t<img class=\"mt-1\" src=\"https:\/\/www.noleggiare.it\/wp-content\/themes\/noleggiare\/img\/van-dimensioni-interne.svg\" \/>\n\t\t\t\t\t\t\t\t\t<\/td>\n\t\t\t\t\t\t\t\t<\/tr>\n\t\t\t\t\t\t\t\t\t\t\t\t\t\t\t\t\t\t\t\t\t\t\t\t<tr>\n\t\t\t\t\t\t\t\t\t<td>\n\t\t\t\t\t\t\t\t\t\tLargeur:\n\t\t\t\t\t\t\t\t\t<\/td>\n\t\t\t\t\t\t\t\t\t<td>\n\t\t\t\t\t\t\t\t\t\t163 cm\n\t\t\t\t\t\t\t\t\t<\/td>\n\t\t\t\t\t\t\t\t<\/tr>\n\t\t\t\t\t\t\t\t\t\t\t\t\t\t\t\t\t\t\t\t\t\t\t\t<tr>\n\t\t\t\t\t\t\t\t\t<td>\n\t\t\t\t\t\t\t\t\t\tLongueur:\n\t\t\t\t\t\t\t\t\t<\/td>\n\t\t\t\t\t\t\t\t\t<td>\n\t\t\t\t\t\t\t\t\t\t167 cm\n\t\t\t\t\t\t\t\t\t<\/td>\n\t\t\t\t\t\t\t\t<\/tr>\n\t\t\t\t\t\t\t\t\t\t\t\t\t\t\t\t\t\t\t\t\t\t\t\t<tr>\n\t\t\t\t\t\t\t\t\t<td>\n\t\t\t\t\t\t\t\t\t\tLargeur passage de roues:\n\t\t\t\t\t\t\t\t\t<\/td>\n\t\t\t\t\t\t\t\t\t<td>\n\t\t\t\t\t\t\t\t\t\t123 cm\n\t\t\t\t\t\t\t\t\t<\/td>\n\t\t\t\t\t\t\t\t<\/tr>\n\t\t\t\t\t\t\t\t<tr>\n\t\t\t\t\t\t\t\t\t<td colspan=\"3\">\n\t\t\t\t\t\t\t\t\t\t<h5>Dimensions ext\u00e9rieures<\/h5>\n\t\t\t\t\t\t\t\t\t<\/td>\n\t\t\t\t\t\t\t\t<\/tr>\n\t\t\t\t\t\t\t\t\t\t\t\t\t\t\t\t\t\t\t\t\t\t\t\t<tr>\n\t\t\t\t\t\t\t\t\t<td>\n\t\t\t\t\t\t\t\t\t\tHauteur:\n\t\t\t\t\t\t\t\t\t<\/td>\n\t\t\t\t\t\t\t\t\t<td>\n\t\t\t\t\t\t\t\t\t\t188 cm\n\t\t\t\t\t\t\t\t\t<\/td>\n\t\t\t\t\t\t\t\t\t<td rowspan=\"3\">\n\t\t\t\t\t\t\t\t\t\t<img class=\"mt-1\" src=\"https:\/\/www.noleggiare.it\/wp-content\/themes\/noleggiare\/img\/van-dimensioni-esterne.svg\" \/>\n\t\t\t\t\t\t\t\t\t<\/td>\n\t\t\t\t\t\t\t\t<\/tr>\n\t\t\t\t\t\t\t\t\t\t\t\t\t\t\t\t\t\t\t\t\t\t\t\t<tr>\n\t\t\t\t\t\t\t\t\t<td>\n\t\t\t\t\t\t\t\t\t\tLargeur:\n\t\t\t\t\t\t\t\t\t<\/td>\n\t\t\t\t\t\t\t\t\t<td>\n\t\t\t\t\t\t\t\t\t\t185 cm\n\t\t\t\t\t\t\t\t\t<\/td>\n\t\t\t\t\t\t\t\t<\/tr>\n\t\t\t\t\t\t\t\t\t\t\t\t\t\t\t\t\t\t\t\t\t\t\t\t<tr>\n\t\t\t\t\t\t\t\t\t<td>\n\t\t\t\t\t\t\t\t\t\tLongueur:\n\t\t\t\t\t\t\t\t\t<\/td>\n\t\t\t\t\t\t\t\t\t<td>\n\t\t\t\t\t\t\t\t\t\t440 cm\n\t\t\t\t\t\t\t\t\t<\/td>\n\t\t\t\t\t\t\t\t<\/tr>\n\t\t\t\t\t\t\t\t<tr>\n\t\t\t\t\t\t\t\t\t<td colspan=\"3\">\n\t\t\t\t\t\t\t\t\t\t<h5>Plus d\u2019infos<\/h5>\n\t\t\t\t\t\t\t\t\t<\/td>\n\t\t\t\t\t\t\t\t<\/tr>\n\t\t\t\t\t\t\t\t\t\t\t\t\t\t\t\t\t\t\t\t\t\t\t\t<tr>\n\t\t\t\t\t\t\t\t\t<td>\n\t\t\t\t\t\t\t\t\t\tCharge utile:\n\t\t\t\t\t\t\t\t\t<\/td>\n\t\t\t\t\t\t\t\t\t<td>\n\t\t\t\t\t\t\t\t\t\t650 kg\n\t\t\t\t\t\t\t\t\t<\/td>\n\t\t\t\t\t\t\t\t\t<td rowspan=\"4\">\n\t\t\t\t\t\t\t\t\t\t<img class=\"mt-1\" src=\"https:\/\/www.noleggiare.it\/wp-content\/themes\/noleggiare\/img\/van-altre-info.svg\" \/>\n\t\t\t\t\t\t\t\t\t<\/td>\n\t\t\t\t\t\t\t\t<\/tr>\n\t\t\t\t\t\t\t\t\t\t\t\t\t\t\t\t\t\t\t\t\t\t\t\t<tr>\n\t\t\t\t\t\t\t\t\t<td>\n\t\t\t\t\t\t\t\t\t\tEmpattement:\n\t\t\t\t\t\t\t\t\t<\/td>\n\t\t\t\t\t\t\t\t\t<td>\n\t\t\t\t\t\t\t\t\t\t279 cm\n\t\t\t\t\t\t\t\t\t<\/td>\n\t\t\t\t\t\t\t\t<\/tr>\n\t\t\t\t\t\t\t\t\t\t\t\t\t\t\t\t\t\t\t\t\t\t\t\t<tr>\n\t\t\t\t\t\t\t\t\t<td>\n\t\t\t\t\t\t\t\t\t\tDimension de chargement:\n\t\t\t\t\t\t\t\t\t<\/td>\n\t\t\t\t\t\t\t\t\t<td>\n\t\t\t\t\t\t\t\t\t\t3.3 m<sup>3<\/sup>\n\t\t\t\t\t\t\t\t\t<\/td>\n\t\t\t\t\t\t\t\t<\/tr>\n\t\t\t\t\t\t\t\t\t\t\t\t\t\t\t\t\t\t\t\t\t\t\t\t<tr>\n\t\t\t\t\t\t\t\t\t<td>\n\t\t\t\t\t\t\t\t\t\tCapacit\u00e9 du r\u00e9servoir:\n\t\t\t\t\t\t\t\t\t<\/td>\n\t\t\t\t\t\t\t\t\t<td>\n\t\t\t\t\t\t\t\t\t\t53 l\n\t\t\t\t\t\t\t\t\t<\/td>\n\t\t\t\t\t\t\t\t<\/tr>\n\t\t\t\t\t\t\t\t\t\t\t\t\t\t\t\t<tr>\n\t\t\t\t\t\t\t\t\t<td colspan=\"3\">\n\t\t\t\t\t\t\t\t\t\t<small>\n\t\t\t\t\t\t\t\t\t\t\t<br>\n\t\t\t\t\t\t\t\t\t\t\tLes mesures sont fournies par le fabricant et repr\u00e9sentent des valeurs maximales. <\/br><\/br>Pour les dimensions exactes<\/br> et les mod\u00e8les disponibles,<\/br> veuillez nous contacter directement.\t\t\t\t\t\t\t\t\t\t<\/small>\n\t\t\t\t\t\t\t\t\t<\/td>\n\t\t\t\t\t\t\t\t<\/tr>\n\t\t\t\t\t\t\t<\/table>\n\t\t\t\t\t\t<\/div>\n\n\t\t\t\t\t\t<div class=\"prezzo text-center\">\n\t\t\t\t\t\t\t<a class=\"btn-espandi-promo btn btn-secondary mt-5\" href=\"#prenota\">\n\t\t\t\t\t\t\t\t<i aria-hidden=\"true\" class=\"fas fa-arrow-circle-up\"><\/i>\n\t\t\t\t\t\t\t\tGo to booking\t\t\t\t\t\t\t<\/a>\n\t\t\t\t\t\t<\/div>\n\n\t\t\t\t\t\t<!-- informazioni veicolo (auto e van) -->\n\t\t\t\t\t\t\t\t\t\t\t\t<div class=\"optional\">\n\t\t\t\t\t\t\t<ul>\n\t\t\t\t\t\t\t\t\t\t\t\t\t\t\t\t\t<li ng-class=\"veicolo.isElettrico('Diesel') ? 'ico-alimentazione-e' : 'ico-alimentazione'\">Diesel<\/li>\n\t\t\t\t\t\t\t\t\t\t\t\t\t\t\t\t\t\t\t\t\t\t\t\t\t<li class=\"ico-porte\">4<\/li>\n\t\t\t\t\t\t\t\t\t\t\t\t\t\t\t\t\t\t\t\t\t\t\t\t\t\t\t\t\t\t\t\t\t<li class=\"ico-trasmissione\">Bo\u00eete manuelle<\/li>\n\t\t\t\t\t\t\t\t\t\t\t\t\t\t\t\t\t\t\t\t\t\t\t\t\t<li class=\"ico-posti\">2<\/li>\n\t\t\t\t\t\t\t\t\t\t\t\t\t\t\t<\/ul>\n\t\t\t\t\t\t<\/div>\n\t\t\t\t\t\t\n\t\t\t\t\t<\/div><!-- \/.veicolo -->\n\n\t\t\t\t<\/div>\n\n\t\t\t<\/div><!-- \/.lista-auto -->\n\n\t\t\n\t\t\t<!-- elenco auto -->\n\t\t\t<div class=\"col-12 mb-4 col-xl-6 col-xxl-4\">\n\t\t\t\t<div\n\t\t\t\t\tclass=\"veicolo van\"\n\t\t\t\t\tdata-ng-controller=\"VeicoloController as veicolo\"\n\t\t\t\t\tdata-ng-mouseenter=\"!veicolo.hasStato('scelta-listino') && veicolo.addStato('hover')\"\n\t\t\t\t\tdata-ng-class=\"[veicolo.getStato()]\"\n\t\t\t\t>\n\n\t\t\t\t\t<div class=\"h-100\">\n\n\t\t\t\t\t\t<!-- nome modello -->\n\t\t\t\t\t\t<div class=\"tipo\" style=\"line-height: 1\">\n\t\t\t\t\t\t\t<h5 class=\"font-weight-bold mb-0\">Ford Transit Connect <small>(Groupe <strong>Z1A<\/strong>)<\/small><\/h5>\n\t\t\t\t\t\t\t<small>ou similaire*<\/small>\n\t\t\t\t\t\t<\/div>\n\n\t\t\t\t\t\t\t\t\t\t\t\t<div class=\"descrizione w-50\">\n\t\t\t\t\t\t\t<span class=\"text-secondary\">Furgone piccolo \/ Small van<\/span>\n\t\t\t\t\t\t<\/div>\n\t\t\t\t\t\t\n\t\t\t\t\t\t<!-- immagine -->\n\t\t\t\t\t\t<img class=\"img\" src=\"https:\/\/bo.noleggiare.it\/immagini\/auto\/6895f086c7763_Transit-connect.png\" \/>\n\n\t\t\t\t\t\t<!-- elettrico -->\n\t\t\t\t\t\t<img class=\"img-elettrico\" ng-if=\"veicolo.isElettrico('Diesel')\" ng-src=\"https:\/\/www.noleggiare.it\/wp-content\/themes\/noleggiare\/img\/ico-elettric.svg\" \/>\n\n\t\t\t\t\t\t<!-- pulsantiera -->\n\t\t\t\t\t\t<div class=\"pulsantiera\" data-ng-click=\"$event.stopPropagation()\">\n\t\t\t\t\t\t\t\t\t\t\t\t\t\t\t<div\n\t\t\t\t\t\t\t\t\tclass=\"misure pulsante d-block d-md-none\"\n\t\t\t\t\t\t\t\t\tdata-ng-show=\"!veicolo.hasStato('mostra-info-listino') && !veicolo.hasStato('mostra-info-misure')\"\n\t\t\t\t\t\t\t\t\tdata-ng-click=\"veicolo.addStato('mostra-info-misure', true)\"\n\t\t\t\t\t\t\t\t\ttabindex=\"0\"\n\t\t\t\t\t\t\t\t>\n\t\t\t\t\t\t\t\t\tmisure\t\t\t\t\t\t\t\t<\/div>\n\t\t\t\t\t\t\t\t\t\t\t\t\t\t<div\n\t\t\t\t\t\t\t\tclass=\"nascondi pulsante\"\n\t\t\t\t\t\t\t\tdata-ng-show=\"veicolo.hasStato('mostra-info-listino') || veicolo.hasStato('mostra-info-misure')\"\n\t\t\t\t\t\t\t\tdata-ng-click=\"veicolo.removeStato('mostra-info-listino'); veicolo.removeStato('mostra-info-misure');\"\n\t\t\t\t\t\t\t\ttabindex=\"0\"\n\t\t\t\t\t\t\t>\n\t\t\t\t\t\t\t\tClose\t\t\t\t\t\t\t<\/div>\n\t\t\t\t\t\t<\/div>\n\n\t\t\t\t\t\t<!-- misure van -->\n\t\t\t\t\t\t\t\t\t\t\t\t<div class=\"info-van d-none d-md-block\">\n\t\t\t\t\t\t\t<table>\n\t\t\t\t\t\t\t\t<tr>\n\t\t\t\t\t\t\t\t\t<td colspan=\"3\">\n\t\t\t\t\t\t\t\t\t\t<h5>Dimensions int\u00e9rieures<\/h5>\n\t\t\t\t\t\t\t\t\t<\/td>\n\t\t\t\t\t\t\t\t<\/tr>\n\t\t\t\t\t\t\t\t\t\t\t\t\t\t\t\t\t<tr>\n\t\t\t\t\t\t\t\t\t\t<td>\n\t\t\t\t\t\t\t\t\t\t\tHauteur:\n\t\t\t\t\t\t\t\t\t\t<\/td>\n\t\t\t\t\t\t\t\t\t\t<td>\n\t\t\t\t\t\t\t\t\t\t\t127 cm\n\t\t\t\t\t\t\t\t\t\t<\/td>\n\t\t\t\t\t\t\t\t\t\t<td rowspan=\"4\">\n\t\t\t\t\t\t\t\t\t\t\t<img class=\"mt-1\" src=\"https:\/\/www.noleggiare.it\/wp-content\/themes\/noleggiare\/img\/van-dimensioni-interne.svg\" \/>\n\t\t\t\t\t\t\t\t\t\t<\/td>\n\t\t\t\t\t\t\t\t\t<\/tr>\n\t\t\t\t\t\t\t\t\t\t\t\t\t\t\t\t\t\t\t\t\t\t\t\t\t<tr>\n\t\t\t\t\t\t\t\t\t\t<td>\n\t\t\t\t\t\t\t\t\t\t\tLargeur:\n\t\t\t\t\t\t\t\t\t\t<\/td>\n\t\t\t\t\t\t\t\t\t\t<td>\n\t\t\t\t\t\t\t\t\t\t\t150 cm\n\t\t\t\t\t\t\t\t\t\t<\/td>\n\t\t\t\t\t\t\t\t\t<\/tr>\n\t\t\t\t\t\t\t\t\t\t\t\t\t\t\t\t\t\t\t\t\t\t\t\t\t<tr>\n\t\t\t\t\t\t\t\t\t\t<td>\n\t\t\t\t\t\t\t\t\t\t\tLongueur:\n\t\t\t\t\t\t\t\t\t\t<\/td>\n\t\t\t\t\t\t\t\t\t\t<td>\n\t\t\t\t\t\t\t\t\t\t\t190 cm\n\t\t\t\t\t\t\t\t\t\t<\/td>\n\t\t\t\t\t\t\t\t\t<\/tr>\n\t\t\t\t\t\t\t\t\t\t\t\t\t\t\t\t\t\t\t\t\t\t\t\t\t<tr>\n\t\t\t\t\t\t\t\t\t\t<td>\n\t\t\t\t\t\t\t\t\t\t\tLargeur passage de roues:\n\t\t\t\t\t\t\t\t\t\t<\/td>\n\t\t\t\t\t\t\t\t\t\t<td>\n\t\t\t\t\t\t\t\t\t\t\t125 cm\n\t\t\t\t\t\t\t\t\t\t<\/td>\n\t\t\t\t\t\t\t\t\t<\/tr>\n\t\t\t\t\t\t\t\t\t\t\t\t\t\t\t\t<tr>\n\t\t\t\t\t\t\t\t\t<td colspan=\"3\">\n\t\t\t\t\t\t\t\t\t\t<h5>Dimensions ext\u00e9rieures<\/h5>\n\t\t\t\t\t\t\t\t\t<\/td>\n\t\t\t\t\t\t\t\t<\/tr>\n\t\t\t\t\t\t\t\t\t\t\t\t\t\t\t\t\t<tr>\n\t\t\t\t\t\t\t\t\t\t<td>\n\t\t\t\t\t\t\t\t\t\t\tHauteur:\n\t\t\t\t\t\t\t\t\t\t<\/td>\n\t\t\t\t\t\t\t\t\t\t<td>\n\t\t\t\t\t\t\t\t\t\t\t183 cm\n\t\t\t\t\t\t\t\t\t\t<\/td>\n\t\t\t\t\t\t\t\t\t\t<td rowspan=\"3\">\n\t\t\t\t\t\t\t\t\t\t\t<img class=\"mt-1\" src=\"https:\/\/www.noleggiare.it\/wp-content\/themes\/noleggiare\/img\/van-dimensioni-esterne.svg\" \/>\n\t\t\t\t\t\t\t\t\t\t<\/td>\n\t\t\t\t\t\t\t\t\t<\/tr>\n\t\t\t\t\t\t\t\t\t\t\t\t\t\t\t\t\t\t\t\t\t\t\t\t\t<tr>\n\t\t\t\t\t\t\t\t\t\t<td>\n\t\t\t\t\t\t\t\t\t\t\tLargeur:\n\t\t\t\t\t\t\t\t\t\t<\/td>\n\t\t\t\t\t\t\t\t\t\t<td>\n\t\t\t\t\t\t\t\t\t\t\t214 cm\n\t\t\t\t\t\t\t\t\t\t<\/td>\n\t\t\t\t\t\t\t\t\t<\/tr>\n\t\t\t\t\t\t\t\t\t\t\t\t\t\t\t\t\t\t\t\t\t\t\t\t\t<tr>\n\t\t\t\t\t\t\t\t\t\t<td>\n\t\t\t\t\t\t\t\t\t\t\tLongueur:\n\t\t\t\t\t\t\t\t\t\t<\/td>\n\t\t\t\t\t\t\t\t\t\t<td>\n\t\t\t\t\t\t\t\t\t\t\t483 cm\n\t\t\t\t\t\t\t\t\t\t<\/td>\n\t\t\t\t\t\t\t\t\t<\/tr>\n\t\t\t\t\t\t\t\t\t<tr>\n\t\t\t\t\t\t\t\t\t\t<td colspan=\"3\">\n\t\t\t\t\t\t\t\t\t\t\t<h5>Plus d\u2019infos<\/h5>\n\t\t\t\t\t\t\t\t\t\t<\/td>\n\t\t\t\t\t\t\t\t\t<\/tr>\n\t\t\t\t\t\t\t\t\t\t\t\t\t\t\t\t\t\t\t\t\t\t\t\t\t<tr>\n\t\t\t\t\t\t\t\t\t\t<td>\n\t\t\t\t\t\t\t\t\t\t\tCharge utile:\n\t\t\t\t\t\t\t\t\t\t<\/td>\n\t\t\t\t\t\t\t\t\t\t<td>\n\t\t\t\t\t\t\t\t\t\t\t726 kg\n\t\t\t\t\t\t\t\t\t\t<\/td>\n\t\t\t\t\t\t\t\t\t\t<td rowspan=\"4\">\n\t\t\t\t\t\t\t\t\t\t\t<img class=\"mt-1\" src=\"https:\/\/www.noleggiare.it\/wp-content\/themes\/noleggiare\/img\/van-altre-info.svg\" \/>\n\t\t\t\t\t\t\t\t\t\t<\/td>\n\t\t\t\t\t\t\t\t\t<\/tr>\n\t\t\t\t\t\t\t\t\t\t\t\t\t\t\t\t\t\t\t\t\t\t\t\t\t<tr>\n\t\t\t\t\t\t\t\t\t\t<td>\n\t\t\t\t\t\t\t\t\t\t\tEmpattement:\n\t\t\t\t\t\t\t\t\t\t<\/td>\n\t\t\t\t\t\t\t\t\t\t<td>\n\t\t\t\t\t\t\t\t\t\t\t306 cm\n\t\t\t\t\t\t\t\t\t\t<\/td>\n\t\t\t\t\t\t\t\t\t<\/tr>\n\t\t\t\t\t\t\t\t\t\t\t\t\t\t\t\t\t\t\t\t\t\t\t\t\t<tr>\n\t\t\t\t\t\t\t\t\t\t<td>\n\t\t\t\t\t\t\t\t\t\t\tDimension de chargement:\n\t\t\t\t\t\t\t\t\t\t<\/td>\n\t\t\t\t\t\t\t\t\t\t<td>\n\t\t\t\t\t\t\t\t\t\t\t3.6 m<sup>3<\/sup>\n\t\t\t\t\t\t\t\t\t\t<\/td>\n\t\t\t\t\t\t\t\t\t<\/tr>\n\t\t\t\t\t\t\t\t\t\t\t\t\t\t\t\t\t\t\t\t\t\t\t\t\t<tr>\n\t\t\t\t\t\t\t\t\t\t<td>\n\t\t\t\t\t\t\t\t\t\t\tCapacit\u00e9 du r\u00e9servoir:\n\t\t\t\t\t\t\t\t\t\t<\/td>\n\t\t\t\t\t\t\t\t\t\t<td>\n\t\t\t\t\t\t\t\t\t\t\t60 l\n\t\t\t\t\t\t\t\t\t\t<\/td>\n\t\t\t\t\t\t\t\t\t<\/tr>\n\t\t\t\t\t\t\t\t\t\t\t\t\t\t\t<\/table>\n\t\t\t\t\t\t\t<tr>\n\t\t\t\t\t\t\t\t<td colspan=\"3\">\n\t\t\t\t\t\t\t\t\t<small>\n\t\t\t\t\t\t\t\t\t\t<br>\n\t\t\t\t\t\t\t\t\t\tLes mesures sont fournies par le fabricant et repr\u00e9sentent des valeurs maximales. <\/br><\/br>Pour les dimensions exactes<\/br> et les mod\u00e8les disponibles,<\/br> veuillez nous contacter directement.\t\t\t\t\t\t\t\t\t<\/small>\n\t\t\t\t\t\t\t\t<\/td>\n\t\t\t\t\t\t\t<\/tr>\n\t\t\t\t\t\t<\/div>\n\t\t\t\t\t\t\n\t\t\t\t\t\t<!-- misure van (mobile) -->\n\t\t\t\t\t\t<div class=\"cnt-misure\">\n\t\t\t\t\t\t\t<table>\n\t\t\t\t\t\t\t\t<tr>\n\t\t\t\t\t\t\t\t\t<td colspan=\"3\">\n\t\t\t\t\t\t\t\t\t\t<h5>Dimensions int\u00e9rieures<\/h5>\n\t\t\t\t\t\t\t\t\t<\/td>\n\t\t\t\t\t\t\t\t<\/tr>\n\t\t\t\t\t\t\t\t\t\t\t\t\t\t\t\t<tr>\n\t\t\t\t\t\t\t\t\t<td>\n\t\t\t\t\t\t\t\t\t\tHauteur:\n\t\t\t\t\t\t\t\t\t<\/td>\n\t\t\t\t\t\t\t\t\t<td>\n\t\t\t\t\t\t\t\t\t\t127 cm\n\t\t\t\t\t\t\t\t\t<\/td>\n\t\t\t\t\t\t\t\t\t<td rowspan=\"4\">\n\t\t\t\t\t\t\t\t\t\t<img class=\"mt-1\" src=\"https:\/\/www.noleggiare.it\/wp-content\/themes\/noleggiare\/img\/van-dimensioni-interne.svg\" \/>\n\t\t\t\t\t\t\t\t\t<\/td>\n\t\t\t\t\t\t\t\t<\/tr>\n\t\t\t\t\t\t\t\t\t\t\t\t\t\t\t\t\t\t\t\t\t\t\t\t<tr>\n\t\t\t\t\t\t\t\t\t<td>\n\t\t\t\t\t\t\t\t\t\tLargeur:\n\t\t\t\t\t\t\t\t\t<\/td>\n\t\t\t\t\t\t\t\t\t<td>\n\t\t\t\t\t\t\t\t\t\t150 cm\n\t\t\t\t\t\t\t\t\t<\/td>\n\t\t\t\t\t\t\t\t<\/tr>\n\t\t\t\t\t\t\t\t\t\t\t\t\t\t\t\t\t\t\t\t\t\t\t\t<tr>\n\t\t\t\t\t\t\t\t\t<td>\n\t\t\t\t\t\t\t\t\t\tLongueur:\n\t\t\t\t\t\t\t\t\t<\/td>\n\t\t\t\t\t\t\t\t\t<td>\n\t\t\t\t\t\t\t\t\t\t190 cm\n\t\t\t\t\t\t\t\t\t<\/td>\n\t\t\t\t\t\t\t\t<\/tr>\n\t\t\t\t\t\t\t\t\t\t\t\t\t\t\t\t\t\t\t\t\t\t\t\t<tr>\n\t\t\t\t\t\t\t\t\t<td>\n\t\t\t\t\t\t\t\t\t\tLargeur passage de roues:\n\t\t\t\t\t\t\t\t\t<\/td>\n\t\t\t\t\t\t\t\t\t<td>\n\t\t\t\t\t\t\t\t\t\t125 cm\n\t\t\t\t\t\t\t\t\t<\/td>\n\t\t\t\t\t\t\t\t<\/tr>\n\t\t\t\t\t\t\t\t<tr>\n\t\t\t\t\t\t\t\t\t<td colspan=\"3\">\n\t\t\t\t\t\t\t\t\t\t<h5>Dimensions ext\u00e9rieures<\/h5>\n\t\t\t\t\t\t\t\t\t<\/td>\n\t\t\t\t\t\t\t\t<\/tr>\n\t\t\t\t\t\t\t\t\t\t\t\t\t\t\t\t\t\t\t\t\t\t\t\t<tr>\n\t\t\t\t\t\t\t\t\t<td>\n\t\t\t\t\t\t\t\t\t\tHauteur:\n\t\t\t\t\t\t\t\t\t<\/td>\n\t\t\t\t\t\t\t\t\t<td>\n\t\t\t\t\t\t\t\t\t\t183 cm\n\t\t\t\t\t\t\t\t\t<\/td>\n\t\t\t\t\t\t\t\t\t<td rowspan=\"3\">\n\t\t\t\t\t\t\t\t\t\t<img class=\"mt-1\" src=\"https:\/\/www.noleggiare.it\/wp-content\/themes\/noleggiare\/img\/van-dimensioni-esterne.svg\" \/>\n\t\t\t\t\t\t\t\t\t<\/td>\n\t\t\t\t\t\t\t\t<\/tr>\n\t\t\t\t\t\t\t\t\t\t\t\t\t\t\t\t\t\t\t\t\t\t\t\t<tr>\n\t\t\t\t\t\t\t\t\t<td>\n\t\t\t\t\t\t\t\t\t\tLargeur:\n\t\t\t\t\t\t\t\t\t<\/td>\n\t\t\t\t\t\t\t\t\t<td>\n\t\t\t\t\t\t\t\t\t\t214 cm\n\t\t\t\t\t\t\t\t\t<\/td>\n\t\t\t\t\t\t\t\t<\/tr>\n\t\t\t\t\t\t\t\t\t\t\t\t\t\t\t\t\t\t\t\t\t\t\t\t<tr>\n\t\t\t\t\t\t\t\t\t<td>\n\t\t\t\t\t\t\t\t\t\tLongueur:\n\t\t\t\t\t\t\t\t\t<\/td>\n\t\t\t\t\t\t\t\t\t<td>\n\t\t\t\t\t\t\t\t\t\t483 cm\n\t\t\t\t\t\t\t\t\t<\/td>\n\t\t\t\t\t\t\t\t<\/tr>\n\t\t\t\t\t\t\t\t<tr>\n\t\t\t\t\t\t\t\t\t<td colspan=\"3\">\n\t\t\t\t\t\t\t\t\t\t<h5>Plus d\u2019infos<\/h5>\n\t\t\t\t\t\t\t\t\t<\/td>\n\t\t\t\t\t\t\t\t<\/tr>\n\t\t\t\t\t\t\t\t\t\t\t\t\t\t\t\t\t\t\t\t\t\t\t\t<tr>\n\t\t\t\t\t\t\t\t\t<td>\n\t\t\t\t\t\t\t\t\t\tCharge utile:\n\t\t\t\t\t\t\t\t\t<\/td>\n\t\t\t\t\t\t\t\t\t<td>\n\t\t\t\t\t\t\t\t\t\t726 kg\n\t\t\t\t\t\t\t\t\t<\/td>\n\t\t\t\t\t\t\t\t\t<td rowspan=\"4\">\n\t\t\t\t\t\t\t\t\t\t<img class=\"mt-1\" src=\"https:\/\/www.noleggiare.it\/wp-content\/themes\/noleggiare\/img\/van-altre-info.svg\" \/>\n\t\t\t\t\t\t\t\t\t<\/td>\n\t\t\t\t\t\t\t\t<\/tr>\n\t\t\t\t\t\t\t\t\t\t\t\t\t\t\t\t\t\t\t\t\t\t\t\t<tr>\n\t\t\t\t\t\t\t\t\t<td>\n\t\t\t\t\t\t\t\t\t\tEmpattement:\n\t\t\t\t\t\t\t\t\t<\/td>\n\t\t\t\t\t\t\t\t\t<td>\n\t\t\t\t\t\t\t\t\t\t306 cm\n\t\t\t\t\t\t\t\t\t<\/td>\n\t\t\t\t\t\t\t\t<\/tr>\n\t\t\t\t\t\t\t\t\t\t\t\t\t\t\t\t\t\t\t\t\t\t\t\t<tr>\n\t\t\t\t\t\t\t\t\t<td>\n\t\t\t\t\t\t\t\t\t\tDimension de chargement:\n\t\t\t\t\t\t\t\t\t<\/td>\n\t\t\t\t\t\t\t\t\t<td>\n\t\t\t\t\t\t\t\t\t\t3.6 m<sup>3<\/sup>\n\t\t\t\t\t\t\t\t\t<\/td>\n\t\t\t\t\t\t\t\t<\/tr>\n\t\t\t\t\t\t\t\t\t\t\t\t\t\t\t\t\t\t\t\t\t\t\t\t<tr>\n\t\t\t\t\t\t\t\t\t<td>\n\t\t\t\t\t\t\t\t\t\tCapacit\u00e9 du r\u00e9servoir:\n\t\t\t\t\t\t\t\t\t<\/td>\n\t\t\t\t\t\t\t\t\t<td>\n\t\t\t\t\t\t\t\t\t\t60 l\n\t\t\t\t\t\t\t\t\t<\/td>\n\t\t\t\t\t\t\t\t<\/tr>\n\t\t\t\t\t\t\t\t\t\t\t\t\t\t\t\t<tr>\n\t\t\t\t\t\t\t\t\t<td colspan=\"3\">\n\t\t\t\t\t\t\t\t\t\t<small>\n\t\t\t\t\t\t\t\t\t\t\t<br>\n\t\t\t\t\t\t\t\t\t\t\tLes mesures sont fournies par le fabricant et repr\u00e9sentent des valeurs maximales. <\/br><\/br>Pour les dimensions exactes<\/br> et les mod\u00e8les disponibles,<\/br> veuillez nous contacter directement.\t\t\t\t\t\t\t\t\t\t<\/small>\n\t\t\t\t\t\t\t\t\t<\/td>\n\t\t\t\t\t\t\t\t<\/tr>\n\t\t\t\t\t\t\t<\/table>\n\t\t\t\t\t\t<\/div>\n\n\t\t\t\t\t\t<div class=\"prezzo text-center\">\n\t\t\t\t\t\t\t<a class=\"btn-espandi-promo btn btn-secondary mt-5\" href=\"#prenota\">\n\t\t\t\t\t\t\t\t<i aria-hidden=\"true\" class=\"fas fa-arrow-circle-up\"><\/i>\n\t\t\t\t\t\t\t\tGo to booking\t\t\t\t\t\t\t<\/a>\n\t\t\t\t\t\t<\/div>\n\n\t\t\t\t\t\t<!-- informazioni veicolo (auto e van) -->\n\t\t\t\t\t\t\t\t\t\t\t\t<div class=\"optional\">\n\t\t\t\t\t\t\t<ul>\n\t\t\t\t\t\t\t\t\t\t\t\t\t\t\t\t\t<li ng-class=\"veicolo.isElettrico('Diesel') ? 'ico-alimentazione-e' : 'ico-alimentazione'\">Diesel<\/li>\n\t\t\t\t\t\t\t\t\t\t\t\t\t\t\t\t\t\t\t\t\t\t\t\t\t<li class=\"ico-porte\">4<\/li>\n\t\t\t\t\t\t\t\t\t\t\t\t\t\t\t\t\t\t\t\t\t\t\t\t\t\t\t\t\t\t\t\t\t<li class=\"ico-trasmissione\">Bo\u00eete manuelle<\/li>\n\t\t\t\t\t\t\t\t\t\t\t\t\t\t\t\t\t\t\t\t\t\t\t\t\t<li class=\"ico-posti\">2<\/li>\n\t\t\t\t\t\t\t\t\t\t\t\t\t\t\t<\/ul>\n\t\t\t\t\t\t<\/div>\n\t\t\t\t\t\t\n\t\t\t\t\t<\/div><!-- \/.veicolo -->\n\n\t\t\t\t<\/div>\n\n\t\t\t<\/div><!-- \/.lista-auto -->\n\n\t\t\n\t\t\t<!-- elenco auto -->\n\t\t\t<div class=\"col-12 mb-4 col-xl-6 col-xxl-4\">\n\t\t\t\t<div\n\t\t\t\t\tclass=\"veicolo van\"\n\t\t\t\t\tdata-ng-controller=\"VeicoloController as veicolo\"\n\t\t\t\t\tdata-ng-mouseenter=\"!veicolo.hasStato('scelta-listino') && veicolo.addStato('hover')\"\n\t\t\t\t\tdata-ng-class=\"[veicolo.getStato()]\"\n\t\t\t\t>\n\n\t\t\t\t\t<div class=\"h-100\">\n\n\t\t\t\t\t\t<!-- nome modello -->\n\t\t\t\t\t\t<div class=\"tipo\" style=\"line-height: 1\">\n\t\t\t\t\t\t\t<h5 class=\"font-weight-bold mb-0\">Toyota Proace City L2H1 <small>(Groupe <strong>Z1A<\/strong>)<\/small><\/h5>\n\t\t\t\t\t\t\t<small>ou similaire*<\/small>\n\t\t\t\t\t\t<\/div>\n\n\t\t\t\t\t\t\t\t\t\t\t\t<div class=\"descrizione w-50\">\n\t\t\t\t\t\t\t<span class=\"text-secondary\">Furgone piccolo \/ Small van<\/span>\n\t\t\t\t\t\t<\/div>\n\t\t\t\t\t\t\n\t\t\t\t\t\t<!-- immagine -->\n\t\t\t\t\t\t<img class=\"img\" src=\"https:\/\/bo.noleggiare.it\/immagini\/auto\/689dea6e012bb_Z1A .png\" \/>\n\n\t\t\t\t\t\t<!-- elettrico -->\n\t\t\t\t\t\t<img class=\"img-elettrico\" ng-if=\"veicolo.isElettrico('Diesel')\" ng-src=\"https:\/\/www.noleggiare.it\/wp-content\/themes\/noleggiare\/img\/ico-elettric.svg\" \/>\n\n\t\t\t\t\t\t<!-- pulsantiera -->\n\t\t\t\t\t\t<div class=\"pulsantiera\" data-ng-click=\"$event.stopPropagation()\">\n\t\t\t\t\t\t\t\t\t\t\t\t\t\t\t<div\n\t\t\t\t\t\t\t\t\tclass=\"misure pulsante d-block d-md-none\"\n\t\t\t\t\t\t\t\t\tdata-ng-show=\"!veicolo.hasStato('mostra-info-listino') && !veicolo.hasStato('mostra-info-misure')\"\n\t\t\t\t\t\t\t\t\tdata-ng-click=\"veicolo.addStato('mostra-info-misure', true)\"\n\t\t\t\t\t\t\t\t\ttabindex=\"0\"\n\t\t\t\t\t\t\t\t>\n\t\t\t\t\t\t\t\t\tmisure\t\t\t\t\t\t\t\t<\/div>\n\t\t\t\t\t\t\t\t\t\t\t\t\t\t<div\n\t\t\t\t\t\t\t\tclass=\"nascondi pulsante\"\n\t\t\t\t\t\t\t\tdata-ng-show=\"veicolo.hasStato('mostra-info-listino') || veicolo.hasStato('mostra-info-misure')\"\n\t\t\t\t\t\t\t\tdata-ng-click=\"veicolo.removeStato('mostra-info-listino'); veicolo.removeStato('mostra-info-misure');\"\n\t\t\t\t\t\t\t\ttabindex=\"0\"\n\t\t\t\t\t\t\t>\n\t\t\t\t\t\t\t\tClose\t\t\t\t\t\t\t<\/div>\n\t\t\t\t\t\t<\/div>\n\n\t\t\t\t\t\t<!-- misure van -->\n\t\t\t\t\t\t\t\t\t\t\t\t<div class=\"info-van d-none d-md-block\">\n\t\t\t\t\t\t\t<table>\n\t\t\t\t\t\t\t\t<tr>\n\t\t\t\t\t\t\t\t\t<td colspan=\"3\">\n\t\t\t\t\t\t\t\t\t\t<h5>Dimensions int\u00e9rieures<\/h5>\n\t\t\t\t\t\t\t\t\t<\/td>\n\t\t\t\t\t\t\t\t<\/tr>\n\t\t\t\t\t\t\t\t\t\t\t\t\t\t\t\t\t<tr>\n\t\t\t\t\t\t\t\t\t\t<td>\n\t\t\t\t\t\t\t\t\t\t\tHauteur:\n\t\t\t\t\t\t\t\t\t\t<\/td>\n\t\t\t\t\t\t\t\t\t\t<td>\n\t\t\t\t\t\t\t\t\t\t\t120 cm\n\t\t\t\t\t\t\t\t\t\t<\/td>\n\t\t\t\t\t\t\t\t\t\t<td rowspan=\"4\">\n\t\t\t\t\t\t\t\t\t\t\t<img class=\"mt-1\" src=\"https:\/\/www.noleggiare.it\/wp-content\/themes\/noleggiare\/img\/van-dimensioni-interne.svg\" \/>\n\t\t\t\t\t\t\t\t\t\t<\/td>\n\t\t\t\t\t\t\t\t\t<\/tr>\n\t\t\t\t\t\t\t\t\t\t\t\t\t\t\t\t\t\t\t\t\t\t\t\t\t<tr>\n\t\t\t\t\t\t\t\t\t\t<td>\n\t\t\t\t\t\t\t\t\t\t\tLargeur:\n\t\t\t\t\t\t\t\t\t\t<\/td>\n\t\t\t\t\t\t\t\t\t\t<td>\n\t\t\t\t\t\t\t\t\t\t\t163 cm\n\t\t\t\t\t\t\t\t\t\t<\/td>\n\t\t\t\t\t\t\t\t\t<\/tr>\n\t\t\t\t\t\t\t\t\t\t\t\t\t\t\t\t\t\t\t\t\t\t\t\t\t<tr>\n\t\t\t\t\t\t\t\t\t\t<td>\n\t\t\t\t\t\t\t\t\t\t\tLongueur:\n\t\t\t\t\t\t\t\t\t\t<\/td>\n\t\t\t\t\t\t\t\t\t\t<td>\n\t\t\t\t\t\t\t\t\t\t\t217 cm\n\t\t\t\t\t\t\t\t\t\t<\/td>\n\t\t\t\t\t\t\t\t\t<\/tr>\n\t\t\t\t\t\t\t\t\t\t\t\t\t\t\t\t\t\t\t\t\t\t\t\t\t<tr>\n\t\t\t\t\t\t\t\t\t\t<td>\n\t\t\t\t\t\t\t\t\t\t\tLargeur passage de roues:\n\t\t\t\t\t\t\t\t\t\t<\/td>\n\t\t\t\t\t\t\t\t\t\t<td>\n\t\t\t\t\t\t\t\t\t\t\t123 cm\n\t\t\t\t\t\t\t\t\t\t<\/td>\n\t\t\t\t\t\t\t\t\t<\/tr>\n\t\t\t\t\t\t\t\t\t\t\t\t\t\t\t\t<tr>\n\t\t\t\t\t\t\t\t\t<td colspan=\"3\">\n\t\t\t\t\t\t\t\t\t\t<h5>Dimensions ext\u00e9rieures<\/h5>\n\t\t\t\t\t\t\t\t\t<\/td>\n\t\t\t\t\t\t\t\t<\/tr>\n\t\t\t\t\t\t\t\t\t\t\t\t\t\t\t\t\t<tr>\n\t\t\t\t\t\t\t\t\t\t<td>\n\t\t\t\t\t\t\t\t\t\t\tHauteur:\n\t\t\t\t\t\t\t\t\t\t<\/td>\n\t\t\t\t\t\t\t\t\t\t<td>\n\t\t\t\t\t\t\t\t\t\t\t182 cm\n\t\t\t\t\t\t\t\t\t\t<\/td>\n\t\t\t\t\t\t\t\t\t\t<td rowspan=\"3\">\n\t\t\t\t\t\t\t\t\t\t\t<img class=\"mt-1\" src=\"https:\/\/www.noleggiare.it\/wp-content\/themes\/noleggiare\/img\/van-dimensioni-esterne.svg\" \/>\n\t\t\t\t\t\t\t\t\t\t<\/td>\n\t\t\t\t\t\t\t\t\t<\/tr>\n\t\t\t\t\t\t\t\t\t\t\t\t\t\t\t\t\t\t\t\t\t\t\t\t\t<tr>\n\t\t\t\t\t\t\t\t\t\t<td>\n\t\t\t\t\t\t\t\t\t\t\tLargeur:\n\t\t\t\t\t\t\t\t\t\t<\/td>\n\t\t\t\t\t\t\t\t\t\t<td>\n\t\t\t\t\t\t\t\t\t\t\t201 cm\n\t\t\t\t\t\t\t\t\t\t<\/td>\n\t\t\t\t\t\t\t\t\t<\/tr>\n\t\t\t\t\t\t\t\t\t\t\t\t\t\t\t\t\t\t\t\t\t\t\t\t\t<tr>\n\t\t\t\t\t\t\t\t\t\t<td>\n\t\t\t\t\t\t\t\t\t\t\tLongueur:\n\t\t\t\t\t\t\t\t\t\t<\/td>\n\t\t\t\t\t\t\t\t\t\t<td>\n\t\t\t\t\t\t\t\t\t\t\t475 cm\n\t\t\t\t\t\t\t\t\t\t<\/td>\n\t\t\t\t\t\t\t\t\t<\/tr>\n\t\t\t\t\t\t\t\t\t<tr>\n\t\t\t\t\t\t\t\t\t\t<td colspan=\"3\">\n\t\t\t\t\t\t\t\t\t\t\t<h5>Plus d\u2019infos<\/h5>\n\t\t\t\t\t\t\t\t\t\t<\/td>\n\t\t\t\t\t\t\t\t\t<\/tr>\n\t\t\t\t\t\t\t\t\t\t\t\t\t\t\t\t\t\t\t\t\t\t\t\t\t<tr>\n\t\t\t\t\t\t\t\t\t\t<td>\n\t\t\t\t\t\t\t\t\t\t\tCharge utile:\n\t\t\t\t\t\t\t\t\t\t<\/td>\n\t\t\t\t\t\t\t\t\t\t<td>\n\t\t\t\t\t\t\t\t\t\t\t856 kg\n\t\t\t\t\t\t\t\t\t\t<\/td>\n\t\t\t\t\t\t\t\t\t\t<td rowspan=\"4\">\n\t\t\t\t\t\t\t\t\t\t\t<img class=\"mt-1\" src=\"https:\/\/www.noleggiare.it\/wp-content\/themes\/noleggiare\/img\/van-altre-info.svg\" \/>\n\t\t\t\t\t\t\t\t\t\t<\/td>\n\t\t\t\t\t\t\t\t\t<\/tr>\n\t\t\t\t\t\t\t\t\t\t\t\t\t\t\t\t\t\t\t\t\t\t\t\t\t<tr>\n\t\t\t\t\t\t\t\t\t\t<td>\n\t\t\t\t\t\t\t\t\t\t\tEmpattement:\n\t\t\t\t\t\t\t\t\t\t<\/td>\n\t\t\t\t\t\t\t\t\t\t<td>\n\t\t\t\t\t\t\t\t\t\t\t298 cm\n\t\t\t\t\t\t\t\t\t\t<\/td>\n\t\t\t\t\t\t\t\t\t<\/tr>\n\t\t\t\t\t\t\t\t\t\t\t\t\t\t\t\t\t\t\t\t\t\t\t\t\t<tr>\n\t\t\t\t\t\t\t\t\t\t<td>\n\t\t\t\t\t\t\t\t\t\t\tDimension de chargement:\n\t\t\t\t\t\t\t\t\t\t<\/td>\n\t\t\t\t\t\t\t\t\t\t<td>\n\t\t\t\t\t\t\t\t\t\t\t4.4 m<sup>3<\/sup>\n\t\t\t\t\t\t\t\t\t\t<\/td>\n\t\t\t\t\t\t\t\t\t<\/tr>\n\t\t\t\t\t\t\t\t\t\t\t\t\t\t\t\t\t\t\t\t\t\t\t\t\t<tr>\n\t\t\t\t\t\t\t\t\t\t<td>\n\t\t\t\t\t\t\t\t\t\t\tCapacit\u00e9 du r\u00e9servoir:\n\t\t\t\t\t\t\t\t\t\t<\/td>\n\t\t\t\t\t\t\t\t\t\t<td>\n\t\t\t\t\t\t\t\t\t\t\t53 l\n\t\t\t\t\t\t\t\t\t\t<\/td>\n\t\t\t\t\t\t\t\t\t<\/tr>\n\t\t\t\t\t\t\t\t\t\t\t\t\t\t\t<\/table>\n\t\t\t\t\t\t\t<tr>\n\t\t\t\t\t\t\t\t<td colspan=\"3\">\n\t\t\t\t\t\t\t\t\t<small>\n\t\t\t\t\t\t\t\t\t\t<br>\n\t\t\t\t\t\t\t\t\t\tLes mesures sont fournies par le fabricant et repr\u00e9sentent des valeurs maximales. <\/br><\/br>Pour les dimensions exactes<\/br> et les mod\u00e8les disponibles,<\/br> veuillez nous contacter directement.\t\t\t\t\t\t\t\t\t<\/small>\n\t\t\t\t\t\t\t\t<\/td>\n\t\t\t\t\t\t\t<\/tr>\n\t\t\t\t\t\t<\/div>\n\t\t\t\t\t\t\n\t\t\t\t\t\t<!-- misure van (mobile) -->\n\t\t\t\t\t\t<div class=\"cnt-misure\">\n\t\t\t\t\t\t\t<table>\n\t\t\t\t\t\t\t\t<tr>\n\t\t\t\t\t\t\t\t\t<td colspan=\"3\">\n\t\t\t\t\t\t\t\t\t\t<h5>Dimensions int\u00e9rieures<\/h5>\n\t\t\t\t\t\t\t\t\t<\/td>\n\t\t\t\t\t\t\t\t<\/tr>\n\t\t\t\t\t\t\t\t\t\t\t\t\t\t\t\t<tr>\n\t\t\t\t\t\t\t\t\t<td>\n\t\t\t\t\t\t\t\t\t\tHauteur:\n\t\t\t\t\t\t\t\t\t<\/td>\n\t\t\t\t\t\t\t\t\t<td>\n\t\t\t\t\t\t\t\t\t\t120 cm\n\t\t\t\t\t\t\t\t\t<\/td>\n\t\t\t\t\t\t\t\t\t<td rowspan=\"4\">\n\t\t\t\t\t\t\t\t\t\t<img class=\"mt-1\" src=\"https:\/\/www.noleggiare.it\/wp-content\/themes\/noleggiare\/img\/van-dimensioni-interne.svg\" \/>\n\t\t\t\t\t\t\t\t\t<\/td>\n\t\t\t\t\t\t\t\t<\/tr>\n\t\t\t\t\t\t\t\t\t\t\t\t\t\t\t\t\t\t\t\t\t\t\t\t<tr>\n\t\t\t\t\t\t\t\t\t<td>\n\t\t\t\t\t\t\t\t\t\tLargeur:\n\t\t\t\t\t\t\t\t\t<\/td>\n\t\t\t\t\t\t\t\t\t<td>\n\t\t\t\t\t\t\t\t\t\t163 cm\n\t\t\t\t\t\t\t\t\t<\/td>\n\t\t\t\t\t\t\t\t<\/tr>\n\t\t\t\t\t\t\t\t\t\t\t\t\t\t\t\t\t\t\t\t\t\t\t\t<tr>\n\t\t\t\t\t\t\t\t\t<td>\n\t\t\t\t\t\t\t\t\t\tLongueur:\n\t\t\t\t\t\t\t\t\t<\/td>\n\t\t\t\t\t\t\t\t\t<td>\n\t\t\t\t\t\t\t\t\t\t217 cm\n\t\t\t\t\t\t\t\t\t<\/td>\n\t\t\t\t\t\t\t\t<\/tr>\n\t\t\t\t\t\t\t\t\t\t\t\t\t\t\t\t\t\t\t\t\t\t\t\t<tr>\n\t\t\t\t\t\t\t\t\t<td>\n\t\t\t\t\t\t\t\t\t\tLargeur passage de roues:\n\t\t\t\t\t\t\t\t\t<\/td>\n\t\t\t\t\t\t\t\t\t<td>\n\t\t\t\t\t\t\t\t\t\t123 cm\n\t\t\t\t\t\t\t\t\t<\/td>\n\t\t\t\t\t\t\t\t<\/tr>\n\t\t\t\t\t\t\t\t<tr>\n\t\t\t\t\t\t\t\t\t<td colspan=\"3\">\n\t\t\t\t\t\t\t\t\t\t<h5>Dimensions ext\u00e9rieures<\/h5>\n\t\t\t\t\t\t\t\t\t<\/td>\n\t\t\t\t\t\t\t\t<\/tr>\n\t\t\t\t\t\t\t\t\t\t\t\t\t\t\t\t\t\t\t\t\t\t\t\t<tr>\n\t\t\t\t\t\t\t\t\t<td>\n\t\t\t\t\t\t\t\t\t\tHauteur:\n\t\t\t\t\t\t\t\t\t<\/td>\n\t\t\t\t\t\t\t\t\t<td>\n\t\t\t\t\t\t\t\t\t\t182 cm\n\t\t\t\t\t\t\t\t\t<\/td>\n\t\t\t\t\t\t\t\t\t<td rowspan=\"3\">\n\t\t\t\t\t\t\t\t\t\t<img class=\"mt-1\" src=\"https:\/\/www.noleggiare.it\/wp-content\/themes\/noleggiare\/img\/van-dimensioni-esterne.svg\" \/>\n\t\t\t\t\t\t\t\t\t<\/td>\n\t\t\t\t\t\t\t\t<\/tr>\n\t\t\t\t\t\t\t\t\t\t\t\t\t\t\t\t\t\t\t\t\t\t\t\t<tr>\n\t\t\t\t\t\t\t\t\t<td>\n\t\t\t\t\t\t\t\t\t\tLargeur:\n\t\t\t\t\t\t\t\t\t<\/td>\n\t\t\t\t\t\t\t\t\t<td>\n\t\t\t\t\t\t\t\t\t\t201 cm\n\t\t\t\t\t\t\t\t\t<\/td>\n\t\t\t\t\t\t\t\t<\/tr>\n\t\t\t\t\t\t\t\t\t\t\t\t\t\t\t\t\t\t\t\t\t\t\t\t<tr>\n\t\t\t\t\t\t\t\t\t<td>\n\t\t\t\t\t\t\t\t\t\tLongueur:\n\t\t\t\t\t\t\t\t\t<\/td>\n\t\t\t\t\t\t\t\t\t<td>\n\t\t\t\t\t\t\t\t\t\t475 cm\n\t\t\t\t\t\t\t\t\t<\/td>\n\t\t\t\t\t\t\t\t<\/tr>\n\t\t\t\t\t\t\t\t<tr>\n\t\t\t\t\t\t\t\t\t<td colspan=\"3\">\n\t\t\t\t\t\t\t\t\t\t<h5>Plus d\u2019infos<\/h5>\n\t\t\t\t\t\t\t\t\t<\/td>\n\t\t\t\t\t\t\t\t<\/tr>\n\t\t\t\t\t\t\t\t\t\t\t\t\t\t\t\t\t\t\t\t\t\t\t\t<tr>\n\t\t\t\t\t\t\t\t\t<td>\n\t\t\t\t\t\t\t\t\t\tCharge utile:\n\t\t\t\t\t\t\t\t\t<\/td>\n\t\t\t\t\t\t\t\t\t<td>\n\t\t\t\t\t\t\t\t\t\t856 kg\n\t\t\t\t\t\t\t\t\t<\/td>\n\t\t\t\t\t\t\t\t\t<td rowspan=\"4\">\n\t\t\t\t\t\t\t\t\t\t<img class=\"mt-1\" src=\"https:\/\/www.noleggiare.it\/wp-content\/themes\/noleggiare\/img\/van-altre-info.svg\" \/>\n\t\t\t\t\t\t\t\t\t<\/td>\n\t\t\t\t\t\t\t\t<\/tr>\n\t\t\t\t\t\t\t\t\t\t\t\t\t\t\t\t\t\t\t\t\t\t\t\t<tr>\n\t\t\t\t\t\t\t\t\t<td>\n\t\t\t\t\t\t\t\t\t\tEmpattement:\n\t\t\t\t\t\t\t\t\t<\/td>\n\t\t\t\t\t\t\t\t\t<td>\n\t\t\t\t\t\t\t\t\t\t298 cm\n\t\t\t\t\t\t\t\t\t<\/td>\n\t\t\t\t\t\t\t\t<\/tr>\n\t\t\t\t\t\t\t\t\t\t\t\t\t\t\t\t\t\t\t\t\t\t\t\t<tr>\n\t\t\t\t\t\t\t\t\t<td>\n\t\t\t\t\t\t\t\t\t\tDimension de chargement:\n\t\t\t\t\t\t\t\t\t<\/td>\n\t\t\t\t\t\t\t\t\t<td>\n\t\t\t\t\t\t\t\t\t\t4.4 m<sup>3<\/sup>\n\t\t\t\t\t\t\t\t\t<\/td>\n\t\t\t\t\t\t\t\t<\/tr>\n\t\t\t\t\t\t\t\t\t\t\t\t\t\t\t\t\t\t\t\t\t\t\t\t<tr>\n\t\t\t\t\t\t\t\t\t<td>\n\t\t\t\t\t\t\t\t\t\tCapacit\u00e9 du r\u00e9servoir:\n\t\t\t\t\t\t\t\t\t<\/td>\n\t\t\t\t\t\t\t\t\t<td>\n\t\t\t\t\t\t\t\t\t\t53 l\n\t\t\t\t\t\t\t\t\t<\/td>\n\t\t\t\t\t\t\t\t<\/tr>\n\t\t\t\t\t\t\t\t\t\t\t\t\t\t\t\t<tr>\n\t\t\t\t\t\t\t\t\t<td colspan=\"3\">\n\t\t\t\t\t\t\t\t\t\t<small>\n\t\t\t\t\t\t\t\t\t\t\t<br>\n\t\t\t\t\t\t\t\t\t\t\tLes mesures sont fournies par le fabricant et repr\u00e9sentent des valeurs maximales. <\/br><\/br>Pour les dimensions exactes<\/br> et les mod\u00e8les disponibles,<\/br> veuillez nous contacter directement.\t\t\t\t\t\t\t\t\t\t<\/small>\n\t\t\t\t\t\t\t\t\t<\/td>\n\t\t\t\t\t\t\t\t<\/tr>\n\t\t\t\t\t\t\t<\/table>\n\t\t\t\t\t\t<\/div>\n\n\t\t\t\t\t\t<div class=\"prezzo text-center\">\n\t\t\t\t\t\t\t<a class=\"btn-espandi-promo btn btn-secondary mt-5\" href=\"#prenota\">\n\t\t\t\t\t\t\t\t<i aria-hidden=\"true\" class=\"fas fa-arrow-circle-up\"><\/i>\n\t\t\t\t\t\t\t\tGo to booking\t\t\t\t\t\t\t<\/a>\n\t\t\t\t\t\t<\/div>\n\n\t\t\t\t\t\t<!-- informazioni veicolo (auto e van) -->\n\t\t\t\t\t\t\t\t\t\t\t\t<div class=\"optional\">\n\t\t\t\t\t\t\t<ul>\n\t\t\t\t\t\t\t\t\t\t\t\t\t\t\t\t\t<li ng-class=\"veicolo.isElettrico('Diesel') ? 'ico-alimentazione-e' : 'ico-alimentazione'\">Diesel<\/li>\n\t\t\t\t\t\t\t\t\t\t\t\t\t\t\t\t\t\t\t\t\t\t\t\t\t<li class=\"ico-porte\">4<\/li>\n\t\t\t\t\t\t\t\t\t\t\t\t\t\t\t\t\t\t\t\t\t\t\t\t\t\t\t\t\t\t\t\t\t<li class=\"ico-trasmissione\">Bo\u00eete manuelle<\/li>\n\t\t\t\t\t\t\t\t\t\t\t\t\t\t\t\t\t\t\t\t\t\t\t\t\t<li class=\"ico-posti\">2<\/li>\n\t\t\t\t\t\t\t\t\t\t\t\t\t\t\t<\/ul>\n\t\t\t\t\t\t<\/div>\n\t\t\t\t\t\t\n\t\t\t\t\t<\/div><!-- \/.veicolo -->\n\n\t\t\t\t<\/div>\n\n\t\t\t<\/div><!-- \/.lista-auto -->\n\n\t\t\n\t\t\t<!-- elenco auto -->\n\t\t\t<div class=\"col-12 mb-4 col-xl-6 col-xxl-4\">\n\t\t\t\t<div\n\t\t\t\t\tclass=\"veicolo van\"\n\t\t\t\t\tdata-ng-controller=\"VeicoloController as veicolo\"\n\t\t\t\t\tdata-ng-mouseenter=\"!veicolo.hasStato('scelta-listino') && veicolo.addStato('hover')\"\n\t\t\t\t\tdata-ng-class=\"[veicolo.getStato()]\"\n\t\t\t\t>\n\n\t\t\t\t\t<div class=\"h-100\">\n\n\t\t\t\t\t\t<!-- nome modello -->\n\t\t\t\t\t\t<div class=\"tipo\" style=\"line-height: 1\">\n\t\t\t\t\t\t\t<h5 class=\"font-weight-bold mb-0\">Toyota Proace City <small>(Groupe <strong>Z1+<\/strong>)<\/small><\/h5>\n\t\t\t\t\t\t\t<small>ou similaire*<\/small>\n\t\t\t\t\t\t<\/div>\n\n\t\t\t\t\t\t\t\t\t\t\t\t<div class=\"descrizione w-50\">\n\t\t\t\t\t\t\t<span class=\"text-secondary\">Full electric<\/span>\n\t\t\t\t\t\t<\/div>\n\t\t\t\t\t\t\n\t\t\t\t\t\t<!-- immagine -->\n\t\t\t\t\t\t<img class=\"img\" src=\"https:\/\/bo.noleggiare.it\/immagini\/auto\/69cbd1a7c4155_Z1+.png\" \/>\n\n\t\t\t\t\t\t<!-- elettrico -->\n\t\t\t\t\t\t<img class=\"img-elettrico\" ng-if=\"veicolo.isElettrico('\u00c9lectrique')\" ng-src=\"https:\/\/www.noleggiare.it\/wp-content\/themes\/noleggiare\/img\/ico-elettric.svg\" \/>\n\n\t\t\t\t\t\t<!-- pulsantiera -->\n\t\t\t\t\t\t<div class=\"pulsantiera\" data-ng-click=\"$event.stopPropagation()\">\n\t\t\t\t\t\t\t\t\t\t\t\t\t\t\t<div\n\t\t\t\t\t\t\t\t\tclass=\"misure pulsante d-block d-md-none\"\n\t\t\t\t\t\t\t\t\tdata-ng-show=\"!veicolo.hasStato('mostra-info-listino') && !veicolo.hasStato('mostra-info-misure')\"\n\t\t\t\t\t\t\t\t\tdata-ng-click=\"veicolo.addStato('mostra-info-misure', true)\"\n\t\t\t\t\t\t\t\t\ttabindex=\"0\"\n\t\t\t\t\t\t\t\t>\n\t\t\t\t\t\t\t\t\tmisure\t\t\t\t\t\t\t\t<\/div>\n\t\t\t\t\t\t\t\t\t\t\t\t\t\t<div\n\t\t\t\t\t\t\t\tclass=\"nascondi pulsante\"\n\t\t\t\t\t\t\t\tdata-ng-show=\"veicolo.hasStato('mostra-info-listino') || veicolo.hasStato('mostra-info-misure')\"\n\t\t\t\t\t\t\t\tdata-ng-click=\"veicolo.removeStato('mostra-info-listino'); veicolo.removeStato('mostra-info-misure');\"\n\t\t\t\t\t\t\t\ttabindex=\"0\"\n\t\t\t\t\t\t\t>\n\t\t\t\t\t\t\t\tClose\t\t\t\t\t\t\t<\/div>\n\t\t\t\t\t\t<\/div>\n\n\t\t\t\t\t\t<!-- misure van -->\n\t\t\t\t\t\t\t\t\t\t\t\t<div class=\"info-van d-none d-md-block\">\n\t\t\t\t\t\t\t<table>\n\t\t\t\t\t\t\t\t<tr>\n\t\t\t\t\t\t\t\t\t<td colspan=\"3\">\n\t\t\t\t\t\t\t\t\t\t<h5>Dimensions int\u00e9rieures<\/h5>\n\t\t\t\t\t\t\t\t\t<\/td>\n\t\t\t\t\t\t\t\t<\/tr>\n\t\t\t\t\t\t\t\t\t\t\t\t\t\t\t\t\t<tr>\n\t\t\t\t\t\t\t\t\t\t<td>\n\t\t\t\t\t\t\t\t\t\t\tHauteur:\n\t\t\t\t\t\t\t\t\t\t<\/td>\n\t\t\t\t\t\t\t\t\t\t<td>\n\t\t\t\t\t\t\t\t\t\t\t127 cm\n\t\t\t\t\t\t\t\t\t\t<\/td>\n\t\t\t\t\t\t\t\t\t\t<td rowspan=\"4\">\n\t\t\t\t\t\t\t\t\t\t\t<img class=\"mt-1\" src=\"https:\/\/www.noleggiare.it\/wp-content\/themes\/noleggiare\/img\/van-dimensioni-interne.svg\" \/>\n\t\t\t\t\t\t\t\t\t\t<\/td>\n\t\t\t\t\t\t\t\t\t<\/tr>\n\t\t\t\t\t\t\t\t\t\t\t\t\t\t\t\t\t\t\t\t\t\t\t\t\t<tr>\n\t\t\t\t\t\t\t\t\t\t<td>\n\t\t\t\t\t\t\t\t\t\t\tLargeur:\n\t\t\t\t\t\t\t\t\t\t<\/td>\n\t\t\t\t\t\t\t\t\t\t<td>\n\t\t\t\t\t\t\t\t\t\t\t163 cm\n\t\t\t\t\t\t\t\t\t\t<\/td>\n\t\t\t\t\t\t\t\t\t<\/tr>\n\t\t\t\t\t\t\t\t\t\t\t\t\t\t\t\t\t\t\t\t\t\t\t\t\t<tr>\n\t\t\t\t\t\t\t\t\t\t<td>\n\t\t\t\t\t\t\t\t\t\t\tLongueur:\n\t\t\t\t\t\t\t\t\t\t<\/td>\n\t\t\t\t\t\t\t\t\t\t<td>\n\t\t\t\t\t\t\t\t\t\t\t167 cm\n\t\t\t\t\t\t\t\t\t\t<\/td>\n\t\t\t\t\t\t\t\t\t<\/tr>\n\t\t\t\t\t\t\t\t\t\t\t\t\t\t\t\t\t\t\t\t\t\t\t\t\t<tr>\n\t\t\t\t\t\t\t\t\t\t<td>\n\t\t\t\t\t\t\t\t\t\t\tLargeur passage de roues:\n\t\t\t\t\t\t\t\t\t\t<\/td>\n\t\t\t\t\t\t\t\t\t\t<td>\n\t\t\t\t\t\t\t\t\t\t\t123 cm\n\t\t\t\t\t\t\t\t\t\t<\/td>\n\t\t\t\t\t\t\t\t\t<\/tr>\n\t\t\t\t\t\t\t\t\t\t\t\t\t\t\t\t<tr>\n\t\t\t\t\t\t\t\t\t<td colspan=\"3\">\n\t\t\t\t\t\t\t\t\t\t<h5>Dimensions ext\u00e9rieures<\/h5>\n\t\t\t\t\t\t\t\t\t<\/td>\n\t\t\t\t\t\t\t\t<\/tr>\n\t\t\t\t\t\t\t\t\t\t\t\t\t\t\t\t\t<tr>\n\t\t\t\t\t\t\t\t\t\t<td>\n\t\t\t\t\t\t\t\t\t\t\tHauteur:\n\t\t\t\t\t\t\t\t\t\t<\/td>\n\t\t\t\t\t\t\t\t\t\t<td>\n\t\t\t\t\t\t\t\t\t\t\t188 cm\n\t\t\t\t\t\t\t\t\t\t<\/td>\n\t\t\t\t\t\t\t\t\t\t<td rowspan=\"3\">\n\t\t\t\t\t\t\t\t\t\t\t<img class=\"mt-1\" src=\"https:\/\/www.noleggiare.it\/wp-content\/themes\/noleggiare\/img\/van-dimensioni-esterne.svg\" \/>\n\t\t\t\t\t\t\t\t\t\t<\/td>\n\t\t\t\t\t\t\t\t\t<\/tr>\n\t\t\t\t\t\t\t\t\t\t\t\t\t\t\t\t\t\t\t\t\t\t\t\t\t<tr>\n\t\t\t\t\t\t\t\t\t\t<td>\n\t\t\t\t\t\t\t\t\t\t\tLargeur:\n\t\t\t\t\t\t\t\t\t\t<\/td>\n\t\t\t\t\t\t\t\t\t\t<td>\n\t\t\t\t\t\t\t\t\t\t\t185 cm\n\t\t\t\t\t\t\t\t\t\t<\/td>\n\t\t\t\t\t\t\t\t\t<\/tr>\n\t\t\t\t\t\t\t\t\t\t\t\t\t\t\t\t\t\t\t\t\t\t\t\t\t<tr>\n\t\t\t\t\t\t\t\t\t\t<td>\n\t\t\t\t\t\t\t\t\t\t\tLongueur:\n\t\t\t\t\t\t\t\t\t\t<\/td>\n\t\t\t\t\t\t\t\t\t\t<td>\n\t\t\t\t\t\t\t\t\t\t\t440 cm\n\t\t\t\t\t\t\t\t\t\t<\/td>\n\t\t\t\t\t\t\t\t\t<\/tr>\n\t\t\t\t\t\t\t\t\t<tr>\n\t\t\t\t\t\t\t\t\t\t<td colspan=\"3\">\n\t\t\t\t\t\t\t\t\t\t\t<h5>Plus d\u2019infos<\/h5>\n\t\t\t\t\t\t\t\t\t\t<\/td>\n\t\t\t\t\t\t\t\t\t<\/tr>\n\t\t\t\t\t\t\t\t\t\t\t\t\t\t\t\t\t\t\t\t\t\t\t\t\t<tr>\n\t\t\t\t\t\t\t\t\t\t<td>\n\t\t\t\t\t\t\t\t\t\t\tCharge utile:\n\t\t\t\t\t\t\t\t\t\t<\/td>\n\t\t\t\t\t\t\t\t\t\t<td>\n\t\t\t\t\t\t\t\t\t\t\t650 kg\n\t\t\t\t\t\t\t\t\t\t<\/td>\n\t\t\t\t\t\t\t\t\t\t<td rowspan=\"4\">\n\t\t\t\t\t\t\t\t\t\t\t<img class=\"mt-1\" src=\"https:\/\/www.noleggiare.it\/wp-content\/themes\/noleggiare\/img\/van-altre-info.svg\" \/>\n\t\t\t\t\t\t\t\t\t\t<\/td>\n\t\t\t\t\t\t\t\t\t<\/tr>\n\t\t\t\t\t\t\t\t\t\t\t\t\t\t\t\t\t\t\t\t\t\t\t\t\t<tr>\n\t\t\t\t\t\t\t\t\t\t<td>\n\t\t\t\t\t\t\t\t\t\t\tEmpattement:\n\t\t\t\t\t\t\t\t\t\t<\/td>\n\t\t\t\t\t\t\t\t\t\t<td>\n\t\t\t\t\t\t\t\t\t\t\t279 cm\n\t\t\t\t\t\t\t\t\t\t<\/td>\n\t\t\t\t\t\t\t\t\t<\/tr>\n\t\t\t\t\t\t\t\t\t\t\t\t\t\t\t\t\t\t\t\t\t\t\t\t\t<tr>\n\t\t\t\t\t\t\t\t\t\t<td>\n\t\t\t\t\t\t\t\t\t\t\tDimension de chargement:\n\t\t\t\t\t\t\t\t\t\t<\/td>\n\t\t\t\t\t\t\t\t\t\t<td>\n\t\t\t\t\t\t\t\t\t\t\t3.3 m<sup>3<\/sup>\n\t\t\t\t\t\t\t\t\t\t<\/td>\n\t\t\t\t\t\t\t\t\t<\/tr>\n\t\t\t\t\t\t\t\t\t\t\t\t\t\t\t\t\t\t\t\t\t\t\t\t\t<tr>\n\t\t\t\t\t\t\t\t\t\t<td>\n\t\t\t\t\t\t\t\t\t\t\tCapacit\u00e9 du r\u00e9servoir:\n\t\t\t\t\t\t\t\t\t\t<\/td>\n\t\t\t\t\t\t\t\t\t\t<td>\n\t\t\t\t\t\t\t\t\t\t\t53 l\n\t\t\t\t\t\t\t\t\t\t<\/td>\n\t\t\t\t\t\t\t\t\t<\/tr>\n\t\t\t\t\t\t\t\t\t\t\t\t\t\t\t<\/table>\n\t\t\t\t\t\t\t<tr>\n\t\t\t\t\t\t\t\t<td colspan=\"3\">\n\t\t\t\t\t\t\t\t\t<small>\n\t\t\t\t\t\t\t\t\t\t<br>\n\t\t\t\t\t\t\t\t\t\tLes mesures sont fournies par le fabricant et repr\u00e9sentent des valeurs maximales. <\/br><\/br>Pour les dimensions exactes<\/br> et les mod\u00e8les disponibles,<\/br> veuillez nous contacter directement.\t\t\t\t\t\t\t\t\t<\/small>\n\t\t\t\t\t\t\t\t<\/td>\n\t\t\t\t\t\t\t<\/tr>\n\t\t\t\t\t\t<\/div>\n\t\t\t\t\t\t\n\t\t\t\t\t\t<!-- misure van (mobile) -->\n\t\t\t\t\t\t<div class=\"cnt-misure\">\n\t\t\t\t\t\t\t<table>\n\t\t\t\t\t\t\t\t<tr>\n\t\t\t\t\t\t\t\t\t<td colspan=\"3\">\n\t\t\t\t\t\t\t\t\t\t<h5>Dimensions int\u00e9rieures<\/h5>\n\t\t\t\t\t\t\t\t\t<\/td>\n\t\t\t\t\t\t\t\t<\/tr>\n\t\t\t\t\t\t\t\t\t\t\t\t\t\t\t\t<tr>\n\t\t\t\t\t\t\t\t\t<td>\n\t\t\t\t\t\t\t\t\t\tHauteur:\n\t\t\t\t\t\t\t\t\t<\/td>\n\t\t\t\t\t\t\t\t\t<td>\n\t\t\t\t\t\t\t\t\t\t127 cm\n\t\t\t\t\t\t\t\t\t<\/td>\n\t\t\t\t\t\t\t\t\t<td rowspan=\"4\">\n\t\t\t\t\t\t\t\t\t\t<img class=\"mt-1\" src=\"https:\/\/www.noleggiare.it\/wp-content\/themes\/noleggiare\/img\/van-dimensioni-interne.svg\" \/>\n\t\t\t\t\t\t\t\t\t<\/td>\n\t\t\t\t\t\t\t\t<\/tr>\n\t\t\t\t\t\t\t\t\t\t\t\t\t\t\t\t\t\t\t\t\t\t\t\t<tr>\n\t\t\t\t\t\t\t\t\t<td>\n\t\t\t\t\t\t\t\t\t\tLargeur:\n\t\t\t\t\t\t\t\t\t<\/td>\n\t\t\t\t\t\t\t\t\t<td>\n\t\t\t\t\t\t\t\t\t\t163 cm\n\t\t\t\t\t\t\t\t\t<\/td>\n\t\t\t\t\t\t\t\t<\/tr>\n\t\t\t\t\t\t\t\t\t\t\t\t\t\t\t\t\t\t\t\t\t\t\t\t<tr>\n\t\t\t\t\t\t\t\t\t<td>\n\t\t\t\t\t\t\t\t\t\tLongueur:\n\t\t\t\t\t\t\t\t\t<\/td>\n\t\t\t\t\t\t\t\t\t<td>\n\t\t\t\t\t\t\t\t\t\t167 cm\n\t\t\t\t\t\t\t\t\t<\/td>\n\t\t\t\t\t\t\t\t<\/tr>\n\t\t\t\t\t\t\t\t\t\t\t\t\t\t\t\t\t\t\t\t\t\t\t\t<tr>\n\t\t\t\t\t\t\t\t\t<td>\n\t\t\t\t\t\t\t\t\t\tLargeur passage de roues:\n\t\t\t\t\t\t\t\t\t<\/td>\n\t\t\t\t\t\t\t\t\t<td>\n\t\t\t\t\t\t\t\t\t\t123 cm\n\t\t\t\t\t\t\t\t\t<\/td>\n\t\t\t\t\t\t\t\t<\/tr>\n\t\t\t\t\t\t\t\t<tr>\n\t\t\t\t\t\t\t\t\t<td colspan=\"3\">\n\t\t\t\t\t\t\t\t\t\t<h5>Dimensions ext\u00e9rieures<\/h5>\n\t\t\t\t\t\t\t\t\t<\/td>\n\t\t\t\t\t\t\t\t<\/tr>\n\t\t\t\t\t\t\t\t\t\t\t\t\t\t\t\t\t\t\t\t\t\t\t\t<tr>\n\t\t\t\t\t\t\t\t\t<td>\n\t\t\t\t\t\t\t\t\t\tHauteur:\n\t\t\t\t\t\t\t\t\t<\/td>\n\t\t\t\t\t\t\t\t\t<td>\n\t\t\t\t\t\t\t\t\t\t188 cm\n\t\t\t\t\t\t\t\t\t<\/td>\n\t\t\t\t\t\t\t\t\t<td rowspan=\"3\">\n\t\t\t\t\t\t\t\t\t\t<img class=\"mt-1\" src=\"https:\/\/www.noleggiare.it\/wp-content\/themes\/noleggiare\/img\/van-dimensioni-esterne.svg\" \/>\n\t\t\t\t\t\t\t\t\t<\/td>\n\t\t\t\t\t\t\t\t<\/tr>\n\t\t\t\t\t\t\t\t\t\t\t\t\t\t\t\t\t\t\t\t\t\t\t\t<tr>\n\t\t\t\t\t\t\t\t\t<td>\n\t\t\t\t\t\t\t\t\t\tLargeur:\n\t\t\t\t\t\t\t\t\t<\/td>\n\t\t\t\t\t\t\t\t\t<td>\n\t\t\t\t\t\t\t\t\t\t185 cm\n\t\t\t\t\t\t\t\t\t<\/td>\n\t\t\t\t\t\t\t\t<\/tr>\n\t\t\t\t\t\t\t\t\t\t\t\t\t\t\t\t\t\t\t\t\t\t\t\t<tr>\n\t\t\t\t\t\t\t\t\t<td>\n\t\t\t\t\t\t\t\t\t\tLongueur:\n\t\t\t\t\t\t\t\t\t<\/td>\n\t\t\t\t\t\t\t\t\t<td>\n\t\t\t\t\t\t\t\t\t\t440 cm\n\t\t\t\t\t\t\t\t\t<\/td>\n\t\t\t\t\t\t\t\t<\/tr>\n\t\t\t\t\t\t\t\t<tr>\n\t\t\t\t\t\t\t\t\t<td colspan=\"3\">\n\t\t\t\t\t\t\t\t\t\t<h5>Plus d\u2019infos<\/h5>\n\t\t\t\t\t\t\t\t\t<\/td>\n\t\t\t\t\t\t\t\t<\/tr>\n\t\t\t\t\t\t\t\t\t\t\t\t\t\t\t\t\t\t\t\t\t\t\t\t<tr>\n\t\t\t\t\t\t\t\t\t<td>\n\t\t\t\t\t\t\t\t\t\tCharge utile:\n\t\t\t\t\t\t\t\t\t<\/td>\n\t\t\t\t\t\t\t\t\t<td>\n\t\t\t\t\t\t\t\t\t\t650 kg\n\t\t\t\t\t\t\t\t\t<\/td>\n\t\t\t\t\t\t\t\t\t<td rowspan=\"4\">\n\t\t\t\t\t\t\t\t\t\t<img class=\"mt-1\" src=\"https:\/\/www.noleggiare.it\/wp-content\/themes\/noleggiare\/img\/van-altre-info.svg\" \/>\n\t\t\t\t\t\t\t\t\t<\/td>\n\t\t\t\t\t\t\t\t<\/tr>\n\t\t\t\t\t\t\t\t\t\t\t\t\t\t\t\t\t\t\t\t\t\t\t\t<tr>\n\t\t\t\t\t\t\t\t\t<td>\n\t\t\t\t\t\t\t\t\t\tEmpattement:\n\t\t\t\t\t\t\t\t\t<\/td>\n\t\t\t\t\t\t\t\t\t<td>\n\t\t\t\t\t\t\t\t\t\t279 cm\n\t\t\t\t\t\t\t\t\t<\/td>\n\t\t\t\t\t\t\t\t<\/tr>\n\t\t\t\t\t\t\t\t\t\t\t\t\t\t\t\t\t\t\t\t\t\t\t\t<tr>\n\t\t\t\t\t\t\t\t\t<td>\n\t\t\t\t\t\t\t\t\t\tDimension de chargement:\n\t\t\t\t\t\t\t\t\t<\/td>\n\t\t\t\t\t\t\t\t\t<td>\n\t\t\t\t\t\t\t\t\t\t3.3 m<sup>3<\/sup>\n\t\t\t\t\t\t\t\t\t<\/td>\n\t\t\t\t\t\t\t\t<\/tr>\n\t\t\t\t\t\t\t\t\t\t\t\t\t\t\t\t\t\t\t\t\t\t\t\t<tr>\n\t\t\t\t\t\t\t\t\t<td>\n\t\t\t\t\t\t\t\t\t\tCapacit\u00e9 du r\u00e9servoir:\n\t\t\t\t\t\t\t\t\t<\/td>\n\t\t\t\t\t\t\t\t\t<td>\n\t\t\t\t\t\t\t\t\t\t53 l\n\t\t\t\t\t\t\t\t\t<\/td>\n\t\t\t\t\t\t\t\t<\/tr>\n\t\t\t\t\t\t\t\t\t\t\t\t\t\t\t\t<tr>\n\t\t\t\t\t\t\t\t\t<td colspan=\"3\">\n\t\t\t\t\t\t\t\t\t\t<small>\n\t\t\t\t\t\t\t\t\t\t\t<br>\n\t\t\t\t\t\t\t\t\t\t\tLes mesures sont fournies par le fabricant et repr\u00e9sentent des valeurs maximales. <\/br><\/br>Pour les dimensions exactes<\/br> et les mod\u00e8les disponibles,<\/br> veuillez nous contacter directement.\t\t\t\t\t\t\t\t\t\t<\/small>\n\t\t\t\t\t\t\t\t\t<\/td>\n\t\t\t\t\t\t\t\t<\/tr>\n\t\t\t\t\t\t\t<\/table>\n\t\t\t\t\t\t<\/div>\n\n\t\t\t\t\t\t<div class=\"prezzo text-center\">\n\t\t\t\t\t\t\t<a class=\"btn-espandi-promo btn btn-secondary mt-5\" href=\"#prenota\">\n\t\t\t\t\t\t\t\t<i aria-hidden=\"true\" class=\"fas fa-arrow-circle-up\"><\/i>\n\t\t\t\t\t\t\t\tGo to booking\t\t\t\t\t\t\t<\/a>\n\t\t\t\t\t\t<\/div>\n\n\t\t\t\t\t\t<!-- informazioni veicolo (auto e van) -->\n\t\t\t\t\t\t\t\t\t\t\t\t<div class=\"optional\">\n\t\t\t\t\t\t\t<ul>\n\t\t\t\t\t\t\t\t\t\t\t\t\t\t\t\t\t<li ng-class=\"veicolo.isElettrico('\u00c9lectrique') ? 'ico-alimentazione-e' : 'ico-alimentazione'\">\u00c9lectrique<\/li>\n\t\t\t\t\t\t\t\t\t\t\t\t\t\t\t\t\t\t\t\t\t\t\t\t\t<li class=\"ico-porte\">4<\/li>\n\t\t\t\t\t\t\t\t\t\t\t\t\t\t\t\t\t\t\t\t\t\t\t\t\t\t\t\t\t\t\t\t\t<li class=\"ico-trasmissione\">Bo\u00eete manuelle<\/li>\n\t\t\t\t\t\t\t\t\t\t\t\t\t\t\t\t\t\t\t\t\t\t\t\t\t<li class=\"ico-posti\">2<\/li>\n\t\t\t\t\t\t\t\t\t\t\t\t\t\t\t<\/ul>\n\t\t\t\t\t\t<\/div>\n\t\t\t\t\t\t\n\t\t\t\t\t<\/div><!-- \/.veicolo -->\n\n\t\t\t\t<\/div>\n\n\t\t\t<\/div><!-- \/.lista-auto -->\n\n\t\t\n\t\t\t<!-- elenco auto -->\n\t\t\t<div class=\"col-12 mb-4 col-xl-6 col-xxl-4\">\n\t\t\t\t<div\n\t\t\t\t\tclass=\"veicolo van\"\n\t\t\t\t\tdata-ng-controller=\"VeicoloController as veicolo\"\n\t\t\t\t\tdata-ng-mouseenter=\"!veicolo.hasStato('scelta-listino') && veicolo.addStato('hover')\"\n\t\t\t\t\tdata-ng-class=\"[veicolo.getStato()]\"\n\t\t\t\t>\n\n\t\t\t\t\t<div class=\"h-100\">\n\n\t\t\t\t\t\t<!-- nome modello -->\n\t\t\t\t\t\t<div class=\"tipo\" style=\"line-height: 1\">\n\t\t\t\t\t\t\t<h5 class=\"font-weight-bold mb-0\">Renault Trafic L1H1 <small>(Groupe <strong>Z2<\/strong>)<\/small><\/h5>\n\t\t\t\t\t\t\t<small>ou similaire*<\/small>\n\t\t\t\t\t\t<\/div>\n\n\t\t\t\t\t\t\t\t\t\t\t\t<div class=\"descrizione w-50\">\n\t\t\t\t\t\t\t<span class=\"text-secondary\">Furgone piccolo \/ Small van<\/span>\n\t\t\t\t\t\t<\/div>\n\t\t\t\t\t\t\n\t\t\t\t\t\t<!-- immagine -->\n\t\t\t\t\t\t<img class=\"img\" src=\"https:\/\/bo.noleggiare.it\/immagini\/auto\/689dead5ccce3_Z2 .png\" \/>\n\n\t\t\t\t\t\t<!-- elettrico -->\n\t\t\t\t\t\t<img class=\"img-elettrico\" ng-if=\"veicolo.isElettrico('Diesel')\" ng-src=\"https:\/\/www.noleggiare.it\/wp-content\/themes\/noleggiare\/img\/ico-elettric.svg\" \/>\n\n\t\t\t\t\t\t<!-- pulsantiera -->\n\t\t\t\t\t\t<div class=\"pulsantiera\" data-ng-click=\"$event.stopPropagation()\">\n\t\t\t\t\t\t\t\t\t\t\t\t\t\t\t<div\n\t\t\t\t\t\t\t\t\tclass=\"misure pulsante d-block d-md-none\"\n\t\t\t\t\t\t\t\t\tdata-ng-show=\"!veicolo.hasStato('mostra-info-listino') && !veicolo.hasStato('mostra-info-misure')\"\n\t\t\t\t\t\t\t\t\tdata-ng-click=\"veicolo.addStato('mostra-info-misure', true)\"\n\t\t\t\t\t\t\t\t\ttabindex=\"0\"\n\t\t\t\t\t\t\t\t>\n\t\t\t\t\t\t\t\t\tmisure\t\t\t\t\t\t\t\t<\/div>\n\t\t\t\t\t\t\t\t\t\t\t\t\t\t<div\n\t\t\t\t\t\t\t\tclass=\"nascondi pulsante\"\n\t\t\t\t\t\t\t\tdata-ng-show=\"veicolo.hasStato('mostra-info-listino') || veicolo.hasStato('mostra-info-misure')\"\n\t\t\t\t\t\t\t\tdata-ng-click=\"veicolo.removeStato('mostra-info-listino'); veicolo.removeStato('mostra-info-misure');\"\n\t\t\t\t\t\t\t\ttabindex=\"0\"\n\t\t\t\t\t\t\t>\n\t\t\t\t\t\t\t\tClose\t\t\t\t\t\t\t<\/div>\n\t\t\t\t\t\t<\/div>\n\n\t\t\t\t\t\t<!-- misure van -->\n\t\t\t\t\t\t\t\t\t\t\t\t<div class=\"info-van d-none d-md-block\">\n\t\t\t\t\t\t\t<table>\n\t\t\t\t\t\t\t\t<tr>\n\t\t\t\t\t\t\t\t\t<td colspan=\"3\">\n\t\t\t\t\t\t\t\t\t\t<h5>Dimensions int\u00e9rieures<\/h5>\n\t\t\t\t\t\t\t\t\t<\/td>\n\t\t\t\t\t\t\t\t<\/tr>\n\t\t\t\t\t\t\t\t\t\t\t\t\t\t\t\t\t<tr>\n\t\t\t\t\t\t\t\t\t\t<td>\n\t\t\t\t\t\t\t\t\t\t\tHauteur:\n\t\t\t\t\t\t\t\t\t\t<\/td>\n\t\t\t\t\t\t\t\t\t\t<td>\n\t\t\t\t\t\t\t\t\t\t\t139 cm\n\t\t\t\t\t\t\t\t\t\t<\/td>\n\t\t\t\t\t\t\t\t\t\t<td rowspan=\"4\">\n\t\t\t\t\t\t\t\t\t\t\t<img class=\"mt-1\" src=\"https:\/\/www.noleggiare.it\/wp-content\/themes\/noleggiare\/img\/van-dimensioni-interne.svg\" \/>\n\t\t\t\t\t\t\t\t\t\t<\/td>\n\t\t\t\t\t\t\t\t\t<\/tr>\n\t\t\t\t\t\t\t\t\t\t\t\t\t\t\t\t\t\t\t\t\t\t\t\t\t<tr>\n\t\t\t\t\t\t\t\t\t\t<td>\n\t\t\t\t\t\t\t\t\t\t\tLargeur:\n\t\t\t\t\t\t\t\t\t\t<\/td>\n\t\t\t\t\t\t\t\t\t\t<td>\n\t\t\t\t\t\t\t\t\t\t\t166 cm\n\t\t\t\t\t\t\t\t\t\t<\/td>\n\t\t\t\t\t\t\t\t\t<\/tr>\n\t\t\t\t\t\t\t\t\t\t\t\t\t\t\t\t\t\t\t\t\t\t\t\t\t<tr>\n\t\t\t\t\t\t\t\t\t\t<td>\n\t\t\t\t\t\t\t\t\t\t\tLongueur:\n\t\t\t\t\t\t\t\t\t\t<\/td>\n\t\t\t\t\t\t\t\t\t\t<td>\n\t\t\t\t\t\t\t\t\t\t\t252 cm\n\t\t\t\t\t\t\t\t\t\t<\/td>\n\t\t\t\t\t\t\t\t\t<\/tr>\n\t\t\t\t\t\t\t\t\t\t\t\t\t\t\t\t\t\t\t\t\t\t\t\t\t<tr>\n\t\t\t\t\t\t\t\t\t\t<td>\n\t\t\t\t\t\t\t\t\t\t\tLargeur passage de roues:\n\t\t\t\t\t\t\t\t\t\t<\/td>\n\t\t\t\t\t\t\t\t\t\t<td>\n\t\t\t\t\t\t\t\t\t\t\t127 cm\n\t\t\t\t\t\t\t\t\t\t<\/td>\n\t\t\t\t\t\t\t\t\t<\/tr>\n\t\t\t\t\t\t\t\t\t\t\t\t\t\t\t\t<tr>\n\t\t\t\t\t\t\t\t\t<td colspan=\"3\">\n\t\t\t\t\t\t\t\t\t\t<h5>Dimensions ext\u00e9rieures<\/h5>\n\t\t\t\t\t\t\t\t\t<\/td>\n\t\t\t\t\t\t\t\t<\/tr>\n\t\t\t\t\t\t\t\t\t\t\t\t\t\t\t\t\t<tr>\n\t\t\t\t\t\t\t\t\t\t<td>\n\t\t\t\t\t\t\t\t\t\t\tHauteur:\n\t\t\t\t\t\t\t\t\t\t<\/td>\n\t\t\t\t\t\t\t\t\t\t<td>\n\t\t\t\t\t\t\t\t\t\t\t197 cm\n\t\t\t\t\t\t\t\t\t\t<\/td>\n\t\t\t\t\t\t\t\t\t\t<td rowspan=\"3\">\n\t\t\t\t\t\t\t\t\t\t\t<img class=\"mt-1\" src=\"https:\/\/www.noleggiare.it\/wp-content\/themes\/noleggiare\/img\/van-dimensioni-esterne.svg\" \/>\n\t\t\t\t\t\t\t\t\t\t<\/td>\n\t\t\t\t\t\t\t\t\t<\/tr>\n\t\t\t\t\t\t\t\t\t\t\t\t\t\t\t\t\t\t\t\t\t\t\t\t\t<tr>\n\t\t\t\t\t\t\t\t\t\t<td>\n\t\t\t\t\t\t\t\t\t\t\tLargeur:\n\t\t\t\t\t\t\t\t\t\t<\/td>\n\t\t\t\t\t\t\t\t\t\t<td>\n\t\t\t\t\t\t\t\t\t\t\t228 cm\n\t\t\t\t\t\t\t\t\t\t<\/td>\n\t\t\t\t\t\t\t\t\t<\/tr>\n\t\t\t\t\t\t\t\t\t\t\t\t\t\t\t\t\t\t\t\t\t\t\t\t\t<tr>\n\t\t\t\t\t\t\t\t\t\t<td>\n\t\t\t\t\t\t\t\t\t\t\tLongueur:\n\t\t\t\t\t\t\t\t\t\t<\/td>\n\t\t\t\t\t\t\t\t\t\t<td>\n\t\t\t\t\t\t\t\t\t\t\t500 cm\n\t\t\t\t\t\t\t\t\t\t<\/td>\n\t\t\t\t\t\t\t\t\t<\/tr>\n\t\t\t\t\t\t\t\t\t<tr>\n\t\t\t\t\t\t\t\t\t\t<td colspan=\"3\">\n\t\t\t\t\t\t\t\t\t\t\t<h5>Plus d\u2019infos<\/h5>\n\t\t\t\t\t\t\t\t\t\t<\/td>\n\t\t\t\t\t\t\t\t\t<\/tr>\n\t\t\t\t\t\t\t\t\t\t\t\t\t\t\t\t\t\t\t\t\t\t\t\t\t<tr>\n\t\t\t\t\t\t\t\t\t\t<td>\n\t\t\t\t\t\t\t\t\t\t\tCharge utile:\n\t\t\t\t\t\t\t\t\t\t<\/td>\n\t\t\t\t\t\t\t\t\t\t<td>\n\t\t\t\t\t\t\t\t\t\t\t1000 kg\n\t\t\t\t\t\t\t\t\t\t<\/td>\n\t\t\t\t\t\t\t\t\t\t<td rowspan=\"4\">\n\t\t\t\t\t\t\t\t\t\t\t<img class=\"mt-1\" src=\"https:\/\/www.noleggiare.it\/wp-content\/themes\/noleggiare\/img\/van-altre-info.svg\" \/>\n\t\t\t\t\t\t\t\t\t\t<\/td>\n\t\t\t\t\t\t\t\t\t<\/tr>\n\t\t\t\t\t\t\t\t\t\t\t\t\t\t\t\t\t\t\t\t\t\t\t\t\t<tr>\n\t\t\t\t\t\t\t\t\t\t<td>\n\t\t\t\t\t\t\t\t\t\t\tEmpattement:\n\t\t\t\t\t\t\t\t\t\t<\/td>\n\t\t\t\t\t\t\t\t\t\t<td>\n\t\t\t\t\t\t\t\t\t\t\t310 cm\n\t\t\t\t\t\t\t\t\t\t<\/td>\n\t\t\t\t\t\t\t\t\t<\/tr>\n\t\t\t\t\t\t\t\t\t\t\t\t\t\t\t\t\t\t\t\t\t\t\t\t\t<tr>\n\t\t\t\t\t\t\t\t\t\t<td>\n\t\t\t\t\t\t\t\t\t\t\tDimension de chargement:\n\t\t\t\t\t\t\t\t\t\t<\/td>\n\t\t\t\t\t\t\t\t\t\t<td>\n\t\t\t\t\t\t\t\t\t\t\t5.8 m<sup>3<\/sup>\n\t\t\t\t\t\t\t\t\t\t<\/td>\n\t\t\t\t\t\t\t\t\t<\/tr>\n\t\t\t\t\t\t\t\t\t\t\t\t\t\t\t\t\t\t\t\t\t\t\t\t\t<tr>\n\t\t\t\t\t\t\t\t\t\t<td>\n\t\t\t\t\t\t\t\t\t\t\tCapacit\u00e9 du r\u00e9servoir:\n\t\t\t\t\t\t\t\t\t\t<\/td>\n\t\t\t\t\t\t\t\t\t\t<td>\n\t\t\t\t\t\t\t\t\t\t\t80 l\n\t\t\t\t\t\t\t\t\t\t<\/td>\n\t\t\t\t\t\t\t\t\t<\/tr>\n\t\t\t\t\t\t\t\t\t\t\t\t\t\t\t<\/table>\n\t\t\t\t\t\t\t<tr>\n\t\t\t\t\t\t\t\t<td colspan=\"3\">\n\t\t\t\t\t\t\t\t\t<small>\n\t\t\t\t\t\t\t\t\t\t<br>\n\t\t\t\t\t\t\t\t\t\tLes mesures sont fournies par le fabricant et repr\u00e9sentent des valeurs maximales. <\/br><\/br>Pour les dimensions exactes<\/br> et les mod\u00e8les disponibles,<\/br> veuillez nous contacter directement.\t\t\t\t\t\t\t\t\t<\/small>\n\t\t\t\t\t\t\t\t<\/td>\n\t\t\t\t\t\t\t<\/tr>\n\t\t\t\t\t\t<\/div>\n\t\t\t\t\t\t\n\t\t\t\t\t\t<!-- misure van (mobile) -->\n\t\t\t\t\t\t<div class=\"cnt-misure\">\n\t\t\t\t\t\t\t<table>\n\t\t\t\t\t\t\t\t<tr>\n\t\t\t\t\t\t\t\t\t<td colspan=\"3\">\n\t\t\t\t\t\t\t\t\t\t<h5>Dimensions int\u00e9rieures<\/h5>\n\t\t\t\t\t\t\t\t\t<\/td>\n\t\t\t\t\t\t\t\t<\/tr>\n\t\t\t\t\t\t\t\t\t\t\t\t\t\t\t\t<tr>\n\t\t\t\t\t\t\t\t\t<td>\n\t\t\t\t\t\t\t\t\t\tHauteur:\n\t\t\t\t\t\t\t\t\t<\/td>\n\t\t\t\t\t\t\t\t\t<td>\n\t\t\t\t\t\t\t\t\t\t139 cm\n\t\t\t\t\t\t\t\t\t<\/td>\n\t\t\t\t\t\t\t\t\t<td rowspan=\"4\">\n\t\t\t\t\t\t\t\t\t\t<img class=\"mt-1\" src=\"https:\/\/www.noleggiare.it\/wp-content\/themes\/noleggiare\/img\/van-dimensioni-interne.svg\" \/>\n\t\t\t\t\t\t\t\t\t<\/td>\n\t\t\t\t\t\t\t\t<\/tr>\n\t\t\t\t\t\t\t\t\t\t\t\t\t\t\t\t\t\t\t\t\t\t\t\t<tr>\n\t\t\t\t\t\t\t\t\t<td>\n\t\t\t\t\t\t\t\t\t\tLargeur:\n\t\t\t\t\t\t\t\t\t<\/td>\n\t\t\t\t\t\t\t\t\t<td>\n\t\t\t\t\t\t\t\t\t\t166 cm\n\t\t\t\t\t\t\t\t\t<\/td>\n\t\t\t\t\t\t\t\t<\/tr>\n\t\t\t\t\t\t\t\t\t\t\t\t\t\t\t\t\t\t\t\t\t\t\t\t<tr>\n\t\t\t\t\t\t\t\t\t<td>\n\t\t\t\t\t\t\t\t\t\tLongueur:\n\t\t\t\t\t\t\t\t\t<\/td>\n\t\t\t\t\t\t\t\t\t<td>\n\t\t\t\t\t\t\t\t\t\t252 cm\n\t\t\t\t\t\t\t\t\t<\/td>\n\t\t\t\t\t\t\t\t<\/tr>\n\t\t\t\t\t\t\t\t\t\t\t\t\t\t\t\t\t\t\t\t\t\t\t\t<tr>\n\t\t\t\t\t\t\t\t\t<td>\n\t\t\t\t\t\t\t\t\t\tLargeur passage de roues:\n\t\t\t\t\t\t\t\t\t<\/td>\n\t\t\t\t\t\t\t\t\t<td>\n\t\t\t\t\t\t\t\t\t\t127 cm\n\t\t\t\t\t\t\t\t\t<\/td>\n\t\t\t\t\t\t\t\t<\/tr>\n\t\t\t\t\t\t\t\t<tr>\n\t\t\t\t\t\t\t\t\t<td colspan=\"3\">\n\t\t\t\t\t\t\t\t\t\t<h5>Dimensions ext\u00e9rieures<\/h5>\n\t\t\t\t\t\t\t\t\t<\/td>\n\t\t\t\t\t\t\t\t<\/tr>\n\t\t\t\t\t\t\t\t\t\t\t\t\t\t\t\t\t\t\t\t\t\t\t\t<tr>\n\t\t\t\t\t\t\t\t\t<td>\n\t\t\t\t\t\t\t\t\t\tHauteur:\n\t\t\t\t\t\t\t\t\t<\/td>\n\t\t\t\t\t\t\t\t\t<td>\n\t\t\t\t\t\t\t\t\t\t197 cm\n\t\t\t\t\t\t\t\t\t<\/td>\n\t\t\t\t\t\t\t\t\t<td rowspan=\"3\">\n\t\t\t\t\t\t\t\t\t\t<img class=\"mt-1\" src=\"https:\/\/www.noleggiare.it\/wp-content\/themes\/noleggiare\/img\/van-dimensioni-esterne.svg\" \/>\n\t\t\t\t\t\t\t\t\t<\/td>\n\t\t\t\t\t\t\t\t<\/tr>\n\t\t\t\t\t\t\t\t\t\t\t\t\t\t\t\t\t\t\t\t\t\t\t\t<tr>\n\t\t\t\t\t\t\t\t\t<td>\n\t\t\t\t\t\t\t\t\t\tLargeur:\n\t\t\t\t\t\t\t\t\t<\/td>\n\t\t\t\t\t\t\t\t\t<td>\n\t\t\t\t\t\t\t\t\t\t228 cm\n\t\t\t\t\t\t\t\t\t<\/td>\n\t\t\t\t\t\t\t\t<\/tr>\n\t\t\t\t\t\t\t\t\t\t\t\t\t\t\t\t\t\t\t\t\t\t\t\t<tr>\n\t\t\t\t\t\t\t\t\t<td>\n\t\t\t\t\t\t\t\t\t\tLongueur:\n\t\t\t\t\t\t\t\t\t<\/td>\n\t\t\t\t\t\t\t\t\t<td>\n\t\t\t\t\t\t\t\t\t\t500 cm\n\t\t\t\t\t\t\t\t\t<\/td>\n\t\t\t\t\t\t\t\t<\/tr>\n\t\t\t\t\t\t\t\t<tr>\n\t\t\t\t\t\t\t\t\t<td colspan=\"3\">\n\t\t\t\t\t\t\t\t\t\t<h5>Plus d\u2019infos<\/h5>\n\t\t\t\t\t\t\t\t\t<\/td>\n\t\t\t\t\t\t\t\t<\/tr>\n\t\t\t\t\t\t\t\t\t\t\t\t\t\t\t\t\t\t\t\t\t\t\t\t<tr>\n\t\t\t\t\t\t\t\t\t<td>\n\t\t\t\t\t\t\t\t\t\tCharge utile:\n\t\t\t\t\t\t\t\t\t<\/td>\n\t\t\t\t\t\t\t\t\t<td>\n\t\t\t\t\t\t\t\t\t\t1000 kg\n\t\t\t\t\t\t\t\t\t<\/td>\n\t\t\t\t\t\t\t\t\t<td rowspan=\"4\">\n\t\t\t\t\t\t\t\t\t\t<img class=\"mt-1\" src=\"https:\/\/www.noleggiare.it\/wp-content\/themes\/noleggiare\/img\/van-altre-info.svg\" \/>\n\t\t\t\t\t\t\t\t\t<\/td>\n\t\t\t\t\t\t\t\t<\/tr>\n\t\t\t\t\t\t\t\t\t\t\t\t\t\t\t\t\t\t\t\t\t\t\t\t<tr>\n\t\t\t\t\t\t\t\t\t<td>\n\t\t\t\t\t\t\t\t\t\tEmpattement:\n\t\t\t\t\t\t\t\t\t<\/td>\n\t\t\t\t\t\t\t\t\t<td>\n\t\t\t\t\t\t\t\t\t\t310 cm\n\t\t\t\t\t\t\t\t\t<\/td>\n\t\t\t\t\t\t\t\t<\/tr>\n\t\t\t\t\t\t\t\t\t\t\t\t\t\t\t\t\t\t\t\t\t\t\t\t<tr>\n\t\t\t\t\t\t\t\t\t<td>\n\t\t\t\t\t\t\t\t\t\tDimension de chargement:\n\t\t\t\t\t\t\t\t\t<\/td>\n\t\t\t\t\t\t\t\t\t<td>\n\t\t\t\t\t\t\t\t\t\t5.8 m<sup>3<\/sup>\n\t\t\t\t\t\t\t\t\t<\/td>\n\t\t\t\t\t\t\t\t<\/tr>\n\t\t\t\t\t\t\t\t\t\t\t\t\t\t\t\t\t\t\t\t\t\t\t\t<tr>\n\t\t\t\t\t\t\t\t\t<td>\n\t\t\t\t\t\t\t\t\t\tCapacit\u00e9 du r\u00e9servoir:\n\t\t\t\t\t\t\t\t\t<\/td>\n\t\t\t\t\t\t\t\t\t<td>\n\t\t\t\t\t\t\t\t\t\t80 l\n\t\t\t\t\t\t\t\t\t<\/td>\n\t\t\t\t\t\t\t\t<\/tr>\n\t\t\t\t\t\t\t\t\t\t\t\t\t\t\t\t<tr>\n\t\t\t\t\t\t\t\t\t<td colspan=\"3\">\n\t\t\t\t\t\t\t\t\t\t<small>\n\t\t\t\t\t\t\t\t\t\t\t<br>\n\t\t\t\t\t\t\t\t\t\t\tLes mesures sont fournies par le fabricant et repr\u00e9sentent des valeurs maximales. <\/br><\/br>Pour les dimensions exactes<\/br> et les mod\u00e8les disponibles,<\/br> veuillez nous contacter directement.\t\t\t\t\t\t\t\t\t\t<\/small>\n\t\t\t\t\t\t\t\t\t<\/td>\n\t\t\t\t\t\t\t\t<\/tr>\n\t\t\t\t\t\t\t<\/table>\n\t\t\t\t\t\t<\/div>\n\n\t\t\t\t\t\t<div class=\"prezzo text-center\">\n\t\t\t\t\t\t\t<a class=\"btn-espandi-promo btn btn-secondary mt-5\" href=\"#prenota\">\n\t\t\t\t\t\t\t\t<i aria-hidden=\"true\" class=\"fas fa-arrow-circle-up\"><\/i>\n\t\t\t\t\t\t\t\tGo to booking\t\t\t\t\t\t\t<\/a>\n\t\t\t\t\t\t<\/div>\n\n\t\t\t\t\t\t<!-- informazioni veicolo (auto e van) -->\n\t\t\t\t\t\t\t\t\t\t\t\t<div class=\"optional\">\n\t\t\t\t\t\t\t<ul>\n\t\t\t\t\t\t\t\t\t\t\t\t\t\t\t\t\t<li ng-class=\"veicolo.isElettrico('Diesel') ? 'ico-alimentazione-e' : 'ico-alimentazione'\">Diesel<\/li>\n\t\t\t\t\t\t\t\t\t\t\t\t\t\t\t\t\t\t\t\t\t\t\t\t\t<li class=\"ico-porte\">5<\/li>\n\t\t\t\t\t\t\t\t\t\t\t\t\t\t\t\t\t\t\t\t\t\t\t\t\t\t\t\t\t\t\t\t\t<li class=\"ico-trasmissione\">Bo\u00eete manuelle<\/li>\n\t\t\t\t\t\t\t\t\t\t\t\t\t\t\t\t\t\t\t\t\t\t\t\t\t<li class=\"ico-posti\">3<\/li>\n\t\t\t\t\t\t\t\t\t\t\t\t\t\t\t<\/ul>\n\t\t\t\t\t\t<\/div>\n\t\t\t\t\t\t\n\t\t\t\t\t<\/div><!-- \/.veicolo -->\n\n\t\t\t\t<\/div>\n\n\t\t\t<\/div><!-- \/.lista-auto -->\n\n\t\t\n\t\t\t<!-- elenco auto -->\n\t\t\t<div class=\"col-12 mb-4 col-xl-6 col-xxl-4\">\n\t\t\t\t<div\n\t\t\t\t\tclass=\"veicolo van\"\n\t\t\t\t\tdata-ng-controller=\"VeicoloController as veicolo\"\n\t\t\t\t\tdata-ng-mouseenter=\"!veicolo.hasStato('scelta-listino') && veicolo.addStato('hover')\"\n\t\t\t\t\tdata-ng-class=\"[veicolo.getStato()]\"\n\t\t\t\t>\n\n\t\t\t\t\t<div class=\"h-100\">\n\n\t\t\t\t\t\t<!-- nome modello -->\n\t\t\t\t\t\t<div class=\"tipo\" style=\"line-height: 1\">\n\t\t\t\t\t\t\t<h5 class=\"font-weight-bold mb-0\">Maxus eDELIVER3 <small>(Groupe <strong>Z2+<\/strong>)<\/small><\/h5>\n\t\t\t\t\t\t\t<small>ou similaire*<\/small>\n\t\t\t\t\t\t<\/div>\n\n\t\t\t\t\t\t\t\t\t\t\t\t<div class=\"descrizione w-50\">\n\t\t\t\t\t\t\t<span class=\"text-secondary\">Furgone piccolo \/ Small van<\/span>\n\t\t\t\t\t\t<\/div>\n\t\t\t\t\t\t\n\t\t\t\t\t\t<!-- immagine -->\n\t\t\t\t\t\t<img class=\"img\" src=\"https:\/\/bo.noleggiare.it\/immagini\/auto\/69cbcec59d145_Z2+ elettrico (2).png\" \/>\n\n\t\t\t\t\t\t<!-- elettrico -->\n\t\t\t\t\t\t<img class=\"img-elettrico\" ng-if=\"veicolo.isElettrico('\u00c9lectrique')\" ng-src=\"https:\/\/www.noleggiare.it\/wp-content\/themes\/noleggiare\/img\/ico-elettric.svg\" \/>\n\n\t\t\t\t\t\t<!-- pulsantiera -->\n\t\t\t\t\t\t<div class=\"pulsantiera\" data-ng-click=\"$event.stopPropagation()\">\n\t\t\t\t\t\t\t\t\t\t\t\t\t\t\t<div\n\t\t\t\t\t\t\t\t\tclass=\"misure pulsante d-block d-md-none\"\n\t\t\t\t\t\t\t\t\tdata-ng-show=\"!veicolo.hasStato('mostra-info-listino') && !veicolo.hasStato('mostra-info-misure')\"\n\t\t\t\t\t\t\t\t\tdata-ng-click=\"veicolo.addStato('mostra-info-misure', true)\"\n\t\t\t\t\t\t\t\t\ttabindex=\"0\"\n\t\t\t\t\t\t\t\t>\n\t\t\t\t\t\t\t\t\tmisure\t\t\t\t\t\t\t\t<\/div>\n\t\t\t\t\t\t\t\t\t\t\t\t\t\t<div\n\t\t\t\t\t\t\t\tclass=\"nascondi pulsante\"\n\t\t\t\t\t\t\t\tdata-ng-show=\"veicolo.hasStato('mostra-info-listino') || veicolo.hasStato('mostra-info-misure')\"\n\t\t\t\t\t\t\t\tdata-ng-click=\"veicolo.removeStato('mostra-info-listino'); veicolo.removeStato('mostra-info-misure');\"\n\t\t\t\t\t\t\t\ttabindex=\"0\"\n\t\t\t\t\t\t\t>\n\t\t\t\t\t\t\t\tClose\t\t\t\t\t\t\t<\/div>\n\t\t\t\t\t\t<\/div>\n\n\t\t\t\t\t\t<!-- misure van -->\n\t\t\t\t\t\t\t\t\t\t\t\t<div class=\"info-van d-none d-md-block\">\n\t\t\t\t\t\t\t<table>\n\t\t\t\t\t\t\t\t<tr>\n\t\t\t\t\t\t\t\t\t<td colspan=\"3\">\n\t\t\t\t\t\t\t\t\t\t<h5>Dimensions int\u00e9rieures<\/h5>\n\t\t\t\t\t\t\t\t\t<\/td>\n\t\t\t\t\t\t\t\t<\/tr>\n\t\t\t\t\t\t\t\t\t\t\t\t\t\t\t\t\t<tr>\n\t\t\t\t\t\t\t\t\t\t<td>\n\t\t\t\t\t\t\t\t\t\t\tHauteur:\n\t\t\t\t\t\t\t\t\t\t<\/td>\n\t\t\t\t\t\t\t\t\t\t<td>\n\t\t\t\t\t\t\t\t\t\t\t133 cm\n\t\t\t\t\t\t\t\t\t\t<\/td>\n\t\t\t\t\t\t\t\t\t\t<td rowspan=\"4\">\n\t\t\t\t\t\t\t\t\t\t\t<img class=\"mt-1\" src=\"https:\/\/www.noleggiare.it\/wp-content\/themes\/noleggiare\/img\/van-dimensioni-interne.svg\" \/>\n\t\t\t\t\t\t\t\t\t\t<\/td>\n\t\t\t\t\t\t\t\t\t<\/tr>\n\t\t\t\t\t\t\t\t\t\t\t\t\t\t\t\t\t\t\t\t\t\t\t\t\t<tr>\n\t\t\t\t\t\t\t\t\t\t<td>\n\t\t\t\t\t\t\t\t\t\t\tLargeur:\n\t\t\t\t\t\t\t\t\t\t<\/td>\n\t\t\t\t\t\t\t\t\t\t<td>\n\t\t\t\t\t\t\t\t\t\t\t167 cm\n\t\t\t\t\t\t\t\t\t\t<\/td>\n\t\t\t\t\t\t\t\t\t<\/tr>\n\t\t\t\t\t\t\t\t\t\t\t\t\t\t\t\t\t\t\t\t\t\t\t\t\t<tr>\n\t\t\t\t\t\t\t\t\t\t<td>\n\t\t\t\t\t\t\t\t\t\t\tLongueur:\n\t\t\t\t\t\t\t\t\t\t<\/td>\n\t\t\t\t\t\t\t\t\t\t<td>\n\t\t\t\t\t\t\t\t\t\t\t218 cm\n\t\t\t\t\t\t\t\t\t\t<\/td>\n\t\t\t\t\t\t\t\t\t<\/tr>\n\t\t\t\t\t\t\t\t\t\t\t\t\t\t\t\t\t\t\t\t\t\t\t\t\t<tr>\n\t\t\t\t\t\t\t\t\t\t<td>\n\t\t\t\t\t\t\t\t\t\t\tLargeur passage de roues:\n\t\t\t\t\t\t\t\t\t\t<\/td>\n\t\t\t\t\t\t\t\t\t\t<td>\n\t\t\t\t\t\t\t\t\t\t\t122 cm\n\t\t\t\t\t\t\t\t\t\t<\/td>\n\t\t\t\t\t\t\t\t\t<\/tr>\n\t\t\t\t\t\t\t\t\t\t\t\t\t\t\t\t<tr>\n\t\t\t\t\t\t\t\t\t<td colspan=\"3\">\n\t\t\t\t\t\t\t\t\t\t<h5>Dimensions ext\u00e9rieures<\/h5>\n\t\t\t\t\t\t\t\t\t<\/td>\n\t\t\t\t\t\t\t\t<\/tr>\n\t\t\t\t\t\t\t\t\t\t\t\t\t\t\t\t\t<tr>\n\t\t\t\t\t\t\t\t\t\t<td>\n\t\t\t\t\t\t\t\t\t\t\tHauteur:\n\t\t\t\t\t\t\t\t\t\t<\/td>\n\t\t\t\t\t\t\t\t\t\t<td>\n\t\t\t\t\t\t\t\t\t\t\t189 cm\n\t\t\t\t\t\t\t\t\t\t<\/td>\n\t\t\t\t\t\t\t\t\t\t<td rowspan=\"3\">\n\t\t\t\t\t\t\t\t\t\t\t<img class=\"mt-1\" src=\"https:\/\/www.noleggiare.it\/wp-content\/themes\/noleggiare\/img\/van-dimensioni-esterne.svg\" \/>\n\t\t\t\t\t\t\t\t\t\t<\/td>\n\t\t\t\t\t\t\t\t\t<\/tr>\n\t\t\t\t\t\t\t\t\t\t\t\t\t\t\t\t\t\t\t\t\t\t\t\t\t<tr>\n\t\t\t\t\t\t\t\t\t\t<td>\n\t\t\t\t\t\t\t\t\t\t\tLargeur:\n\t\t\t\t\t\t\t\t\t\t<\/td>\n\t\t\t\t\t\t\t\t\t\t<td>\n\t\t\t\t\t\t\t\t\t\t\t178 cm\n\t\t\t\t\t\t\t\t\t\t<\/td>\n\t\t\t\t\t\t\t\t\t<\/tr>\n\t\t\t\t\t\t\t\t\t\t\t\t\t\t\t\t\t\t\t\t\t\t\t\t\t<tr>\n\t\t\t\t\t\t\t\t\t\t<td>\n\t\t\t\t\t\t\t\t\t\t\tLongueur:\n\t\t\t\t\t\t\t\t\t\t<\/td>\n\t\t\t\t\t\t\t\t\t\t<td>\n\t\t\t\t\t\t\t\t\t\t\t456 cm\n\t\t\t\t\t\t\t\t\t\t<\/td>\n\t\t\t\t\t\t\t\t\t<\/tr>\n\t\t\t\t\t\t\t\t\t<tr>\n\t\t\t\t\t\t\t\t\t\t<td colspan=\"3\">\n\t\t\t\t\t\t\t\t\t\t\t<h5>Plus d\u2019infos<\/h5>\n\t\t\t\t\t\t\t\t\t\t<\/td>\n\t\t\t\t\t\t\t\t\t<\/tr>\n\t\t\t\t\t\t\t\t\t\t\t\t\t\t\t\t\t\t\t\t\t\t\t\t\t<tr>\n\t\t\t\t\t\t\t\t\t\t<td>\n\t\t\t\t\t\t\t\t\t\t\tCharge utile:\n\t\t\t\t\t\t\t\t\t\t<\/td>\n\t\t\t\t\t\t\t\t\t\t<td>\n\t\t\t\t\t\t\t\t\t\t\t246 kg\n\t\t\t\t\t\t\t\t\t\t<\/td>\n\t\t\t\t\t\t\t\t\t\t<td rowspan=\"4\">\n\t\t\t\t\t\t\t\t\t\t\t<img class=\"mt-1\" src=\"https:\/\/www.noleggiare.it\/wp-content\/themes\/noleggiare\/img\/van-altre-info.svg\" \/>\n\t\t\t\t\t\t\t\t\t\t<\/td>\n\t\t\t\t\t\t\t\t\t<\/tr>\n\t\t\t\t\t\t\t\t\t\t\t\t\t\t\t\t\t\t\t\t\t\t\t\t\t<tr>\n\t\t\t\t\t\t\t\t\t\t<td>\n\t\t\t\t\t\t\t\t\t\t\tEmpattement:\n\t\t\t\t\t\t\t\t\t\t<\/td>\n\t\t\t\t\t\t\t\t\t\t<td>\n\t\t\t\t\t\t\t\t\t\t\t291 cm\n\t\t\t\t\t\t\t\t\t\t<\/td>\n\t\t\t\t\t\t\t\t\t<\/tr>\n\t\t\t\t\t\t\t\t\t\t\t\t\t\t\t\t\t\t\t\t\t\t\t\t\t<tr>\n\t\t\t\t\t\t\t\t\t\t<td>\n\t\t\t\t\t\t\t\t\t\t\tDimension de chargement:\n\t\t\t\t\t\t\t\t\t\t<\/td>\n\t\t\t\t\t\t\t\t\t\t<td>\n\t\t\t\t\t\t\t\t\t\t\t4.8 m<sup>3<\/sup>\n\t\t\t\t\t\t\t\t\t\t<\/td>\n\t\t\t\t\t\t\t\t\t<\/tr>\n\t\t\t\t\t\t\t\t\t\t\t\t\t\t\t\t\t\t\t\t\t\t\t\t\t<tr>\n\t\t\t\t\t\t\t\t\t\t<td>\n\t\t\t\t\t\t\t\t\t\t\tCapacit\u00e9 du r\u00e9servoir:\n\t\t\t\t\t\t\t\t\t\t<\/td>\n\t\t\t\t\t\t\t\t\t\t<td>\n\t\t\t\t\t\t\t\t\t\t\t52 l\n\t\t\t\t\t\t\t\t\t\t<\/td>\n\t\t\t\t\t\t\t\t\t<\/tr>\n\t\t\t\t\t\t\t\t\t\t\t\t\t\t\t<\/table>\n\t\t\t\t\t\t\t<tr>\n\t\t\t\t\t\t\t\t<td colspan=\"3\">\n\t\t\t\t\t\t\t\t\t<small>\n\t\t\t\t\t\t\t\t\t\t<br>\n\t\t\t\t\t\t\t\t\t\tLes mesures sont fournies par le fabricant et repr\u00e9sentent des valeurs maximales. <\/br><\/br>Pour les dimensions exactes<\/br> et les mod\u00e8les disponibles,<\/br> veuillez nous contacter directement.\t\t\t\t\t\t\t\t\t<\/small>\n\t\t\t\t\t\t\t\t<\/td>\n\t\t\t\t\t\t\t<\/tr>\n\t\t\t\t\t\t<\/div>\n\t\t\t\t\t\t\n\t\t\t\t\t\t<!-- misure van (mobile) -->\n\t\t\t\t\t\t<div class=\"cnt-misure\">\n\t\t\t\t\t\t\t<table>\n\t\t\t\t\t\t\t\t<tr>\n\t\t\t\t\t\t\t\t\t<td colspan=\"3\">\n\t\t\t\t\t\t\t\t\t\t<h5>Dimensions int\u00e9rieures<\/h5>\n\t\t\t\t\t\t\t\t\t<\/td>\n\t\t\t\t\t\t\t\t<\/tr>\n\t\t\t\t\t\t\t\t\t\t\t\t\t\t\t\t<tr>\n\t\t\t\t\t\t\t\t\t<td>\n\t\t\t\t\t\t\t\t\t\tHauteur:\n\t\t\t\t\t\t\t\t\t<\/td>\n\t\t\t\t\t\t\t\t\t<td>\n\t\t\t\t\t\t\t\t\t\t133 cm\n\t\t\t\t\t\t\t\t\t<\/td>\n\t\t\t\t\t\t\t\t\t<td rowspan=\"4\">\n\t\t\t\t\t\t\t\t\t\t<img class=\"mt-1\" src=\"https:\/\/www.noleggiare.it\/wp-content\/themes\/noleggiare\/img\/van-dimensioni-interne.svg\" \/>\n\t\t\t\t\t\t\t\t\t<\/td>\n\t\t\t\t\t\t\t\t<\/tr>\n\t\t\t\t\t\t\t\t\t\t\t\t\t\t\t\t\t\t\t\t\t\t\t\t<tr>\n\t\t\t\t\t\t\t\t\t<td>\n\t\t\t\t\t\t\t\t\t\tLargeur:\n\t\t\t\t\t\t\t\t\t<\/td>\n\t\t\t\t\t\t\t\t\t<td>\n\t\t\t\t\t\t\t\t\t\t167 cm\n\t\t\t\t\t\t\t\t\t<\/td>\n\t\t\t\t\t\t\t\t<\/tr>\n\t\t\t\t\t\t\t\t\t\t\t\t\t\t\t\t\t\t\t\t\t\t\t\t<tr>\n\t\t\t\t\t\t\t\t\t<td>\n\t\t\t\t\t\t\t\t\t\tLongueur:\n\t\t\t\t\t\t\t\t\t<\/td>\n\t\t\t\t\t\t\t\t\t<td>\n\t\t\t\t\t\t\t\t\t\t218 cm\n\t\t\t\t\t\t\t\t\t<\/td>\n\t\t\t\t\t\t\t\t<\/tr>\n\t\t\t\t\t\t\t\t\t\t\t\t\t\t\t\t\t\t\t\t\t\t\t\t<tr>\n\t\t\t\t\t\t\t\t\t<td>\n\t\t\t\t\t\t\t\t\t\tLargeur passage de roues:\n\t\t\t\t\t\t\t\t\t<\/td>\n\t\t\t\t\t\t\t\t\t<td>\n\t\t\t\t\t\t\t\t\t\t122 cm\n\t\t\t\t\t\t\t\t\t<\/td>\n\t\t\t\t\t\t\t\t<\/tr>\n\t\t\t\t\t\t\t\t<tr>\n\t\t\t\t\t\t\t\t\t<td colspan=\"3\">\n\t\t\t\t\t\t\t\t\t\t<h5>Dimensions ext\u00e9rieures<\/h5>\n\t\t\t\t\t\t\t\t\t<\/td>\n\t\t\t\t\t\t\t\t<\/tr>\n\t\t\t\t\t\t\t\t\t\t\t\t\t\t\t\t\t\t\t\t\t\t\t\t<tr>\n\t\t\t\t\t\t\t\t\t<td>\n\t\t\t\t\t\t\t\t\t\tHauteur:\n\t\t\t\t\t\t\t\t\t<\/td>\n\t\t\t\t\t\t\t\t\t<td>\n\t\t\t\t\t\t\t\t\t\t189 cm\n\t\t\t\t\t\t\t\t\t<\/td>\n\t\t\t\t\t\t\t\t\t<td rowspan=\"3\">\n\t\t\t\t\t\t\t\t\t\t<img class=\"mt-1\" src=\"https:\/\/www.noleggiare.it\/wp-content\/themes\/noleggiare\/img\/van-dimensioni-esterne.svg\" \/>\n\t\t\t\t\t\t\t\t\t<\/td>\n\t\t\t\t\t\t\t\t<\/tr>\n\t\t\t\t\t\t\t\t\t\t\t\t\t\t\t\t\t\t\t\t\t\t\t\t<tr>\n\t\t\t\t\t\t\t\t\t<td>\n\t\t\t\t\t\t\t\t\t\tLargeur:\n\t\t\t\t\t\t\t\t\t<\/td>\n\t\t\t\t\t\t\t\t\t<td>\n\t\t\t\t\t\t\t\t\t\t178 cm\n\t\t\t\t\t\t\t\t\t<\/td>\n\t\t\t\t\t\t\t\t<\/tr>\n\t\t\t\t\t\t\t\t\t\t\t\t\t\t\t\t\t\t\t\t\t\t\t\t<tr>\n\t\t\t\t\t\t\t\t\t<td>\n\t\t\t\t\t\t\t\t\t\tLongueur:\n\t\t\t\t\t\t\t\t\t<\/td>\n\t\t\t\t\t\t\t\t\t<td>\n\t\t\t\t\t\t\t\t\t\t456 cm\n\t\t\t\t\t\t\t\t\t<\/td>\n\t\t\t\t\t\t\t\t<\/tr>\n\t\t\t\t\t\t\t\t<tr>\n\t\t\t\t\t\t\t\t\t<td colspan=\"3\">\n\t\t\t\t\t\t\t\t\t\t<h5>Plus d\u2019infos<\/h5>\n\t\t\t\t\t\t\t\t\t<\/td>\n\t\t\t\t\t\t\t\t<\/tr>\n\t\t\t\t\t\t\t\t\t\t\t\t\t\t\t\t\t\t\t\t\t\t\t\t<tr>\n\t\t\t\t\t\t\t\t\t<td>\n\t\t\t\t\t\t\t\t\t\tCharge utile:\n\t\t\t\t\t\t\t\t\t<\/td>\n\t\t\t\t\t\t\t\t\t<td>\n\t\t\t\t\t\t\t\t\t\t246 kg\n\t\t\t\t\t\t\t\t\t<\/td>\n\t\t\t\t\t\t\t\t\t<td rowspan=\"4\">\n\t\t\t\t\t\t\t\t\t\t<img class=\"mt-1\" src=\"https:\/\/www.noleggiare.it\/wp-content\/themes\/noleggiare\/img\/van-altre-info.svg\" \/>\n\t\t\t\t\t\t\t\t\t<\/td>\n\t\t\t\t\t\t\t\t<\/tr>\n\t\t\t\t\t\t\t\t\t\t\t\t\t\t\t\t\t\t\t\t\t\t\t\t<tr>\n\t\t\t\t\t\t\t\t\t<td>\n\t\t\t\t\t\t\t\t\t\tEmpattement:\n\t\t\t\t\t\t\t\t\t<\/td>\n\t\t\t\t\t\t\t\t\t<td>\n\t\t\t\t\t\t\t\t\t\t291 cm\n\t\t\t\t\t\t\t\t\t<\/td>\n\t\t\t\t\t\t\t\t<\/tr>\n\t\t\t\t\t\t\t\t\t\t\t\t\t\t\t\t\t\t\t\t\t\t\t\t<tr>\n\t\t\t\t\t\t\t\t\t<td>\n\t\t\t\t\t\t\t\t\t\tDimension de chargement:\n\t\t\t\t\t\t\t\t\t<\/td>\n\t\t\t\t\t\t\t\t\t<td>\n\t\t\t\t\t\t\t\t\t\t4.8 m<sup>3<\/sup>\n\t\t\t\t\t\t\t\t\t<\/td>\n\t\t\t\t\t\t\t\t<\/tr>\n\t\t\t\t\t\t\t\t\t\t\t\t\t\t\t\t\t\t\t\t\t\t\t\t<tr>\n\t\t\t\t\t\t\t\t\t<td>\n\t\t\t\t\t\t\t\t\t\tCapacit\u00e9 du r\u00e9servoir:\n\t\t\t\t\t\t\t\t\t<\/td>\n\t\t\t\t\t\t\t\t\t<td>\n\t\t\t\t\t\t\t\t\t\t52 l\n\t\t\t\t\t\t\t\t\t<\/td>\n\t\t\t\t\t\t\t\t<\/tr>\n\t\t\t\t\t\t\t\t\t\t\t\t\t\t\t\t<tr>\n\t\t\t\t\t\t\t\t\t<td colspan=\"3\">\n\t\t\t\t\t\t\t\t\t\t<small>\n\t\t\t\t\t\t\t\t\t\t\t<br>\n\t\t\t\t\t\t\t\t\t\t\tLes mesures sont fournies par le fabricant et repr\u00e9sentent des valeurs maximales. <\/br><\/br>Pour les dimensions exactes<\/br> et les mod\u00e8les disponibles,<\/br> veuillez nous contacter directement.\t\t\t\t\t\t\t\t\t\t<\/small>\n\t\t\t\t\t\t\t\t\t<\/td>\n\t\t\t\t\t\t\t\t<\/tr>\n\t\t\t\t\t\t\t<\/table>\n\t\t\t\t\t\t<\/div>\n\n\t\t\t\t\t\t<div class=\"prezzo text-center\">\n\t\t\t\t\t\t\t<a class=\"btn-espandi-promo btn btn-secondary mt-5\" href=\"#prenota\">\n\t\t\t\t\t\t\t\t<i aria-hidden=\"true\" class=\"fas fa-arrow-circle-up\"><\/i>\n\t\t\t\t\t\t\t\tGo to booking\t\t\t\t\t\t\t<\/a>\n\t\t\t\t\t\t<\/div>\n\n\t\t\t\t\t\t<!-- informazioni veicolo (auto e van) -->\n\t\t\t\t\t\t\t\t\t\t\t\t<div class=\"optional\">\n\t\t\t\t\t\t\t<ul>\n\t\t\t\t\t\t\t\t\t\t\t\t\t\t\t\t\t<li ng-class=\"veicolo.isElettrico('\u00c9lectrique') ? 'ico-alimentazione-e' : 'ico-alimentazione'\">\u00c9lectrique<\/li>\n\t\t\t\t\t\t\t\t\t\t\t\t\t\t\t\t\t\t\t\t\t\t\t\t\t<li class=\"ico-porte\">5<\/li>\n\t\t\t\t\t\t\t\t\t\t\t\t\t\t\t\t\t\t\t\t\t\t\t\t\t\t\t\t\t\t\t\t\t<li class=\"ico-trasmissione\">Bo\u00eete automatique<\/li>\n\t\t\t\t\t\t\t\t\t\t\t\t\t\t\t\t\t\t\t\t\t\t\t\t\t<li class=\"ico-posti\">2<\/li>\n\t\t\t\t\t\t\t\t\t\t\t\t\t\t\t<\/ul>\n\t\t\t\t\t\t<\/div>\n\t\t\t\t\t\t\n\t\t\t\t\t<\/div><!-- \/.veicolo -->\n\n\t\t\t\t<\/div>\n\n\t\t\t<\/div><!-- \/.lista-auto -->\n\n\t\t\n\t\t\t<!-- elenco auto -->\n\t\t\t<div class=\"col-12 mb-4 col-xl-6 col-xxl-4\">\n\t\t\t\t<div\n\t\t\t\t\tclass=\"veicolo van\"\n\t\t\t\t\tdata-ng-controller=\"VeicoloController as veicolo\"\n\t\t\t\t\tdata-ng-mouseenter=\"!veicolo.hasStato('scelta-listino') && veicolo.addStato('hover')\"\n\t\t\t\t\tdata-ng-class=\"[veicolo.getStato()]\"\n\t\t\t\t>\n\n\t\t\t\t\t<div class=\"h-100\">\n\n\t\t\t\t\t\t<!-- nome modello -->\n\t\t\t\t\t\t<div class=\"tipo\" style=\"line-height: 1\">\n\t\t\t\t\t\t\t<h5 class=\"font-weight-bold mb-0\">Fiat Ducato 35 2.2 Mjt 140CV PM <small>(Groupe <strong>Z3<\/strong>)<\/small><\/h5>\n\t\t\t\t\t\t\t<small>ou similaire*<\/small>\n\t\t\t\t\t\t<\/div>\n\n\t\t\t\t\t\t\t\t\t\t\t\t<div class=\"descrizione w-50\">\n\t\t\t\t\t\t\t<span class=\"text-secondary\">Furgone medio \/ Medium van<\/span>\n\t\t\t\t\t\t<\/div>\n\t\t\t\t\t\t\n\t\t\t\t\t\t<!-- immagine -->\n\t\t\t\t\t\t<img class=\"img\" src=\"https:\/\/bo.noleggiare.it\/immagini\/auto\/689c4cb495655_FURGONE (1).png\" \/>\n\n\t\t\t\t\t\t<!-- elettrico -->\n\t\t\t\t\t\t<img class=\"img-elettrico\" ng-if=\"veicolo.isElettrico('Diesel')\" ng-src=\"https:\/\/www.noleggiare.it\/wp-content\/themes\/noleggiare\/img\/ico-elettric.svg\" \/>\n\n\t\t\t\t\t\t<!-- pulsantiera -->\n\t\t\t\t\t\t<div class=\"pulsantiera\" data-ng-click=\"$event.stopPropagation()\">\n\t\t\t\t\t\t\t\t\t\t\t\t\t\t\t<div\n\t\t\t\t\t\t\t\t\tclass=\"misure pulsante d-block d-md-none\"\n\t\t\t\t\t\t\t\t\tdata-ng-show=\"!veicolo.hasStato('mostra-info-listino') && !veicolo.hasStato('mostra-info-misure')\"\n\t\t\t\t\t\t\t\t\tdata-ng-click=\"veicolo.addStato('mostra-info-misure', true)\"\n\t\t\t\t\t\t\t\t\ttabindex=\"0\"\n\t\t\t\t\t\t\t\t>\n\t\t\t\t\t\t\t\t\tmisure\t\t\t\t\t\t\t\t<\/div>\n\t\t\t\t\t\t\t\t\t\t\t\t\t\t<div\n\t\t\t\t\t\t\t\tclass=\"nascondi pulsante\"\n\t\t\t\t\t\t\t\tdata-ng-show=\"veicolo.hasStato('mostra-info-listino') || veicolo.hasStato('mostra-info-misure')\"\n\t\t\t\t\t\t\t\tdata-ng-click=\"veicolo.removeStato('mostra-info-listino'); veicolo.removeStato('mostra-info-misure');\"\n\t\t\t\t\t\t\t\ttabindex=\"0\"\n\t\t\t\t\t\t\t>\n\t\t\t\t\t\t\t\tClose\t\t\t\t\t\t\t<\/div>\n\t\t\t\t\t\t<\/div>\n\n\t\t\t\t\t\t<!-- misure van -->\n\t\t\t\t\t\t\t\t\t\t\t\t<div class=\"info-van d-none d-md-block\">\n\t\t\t\t\t\t\t<table>\n\t\t\t\t\t\t\t\t<tr>\n\t\t\t\t\t\t\t\t\t<td colspan=\"3\">\n\t\t\t\t\t\t\t\t\t\t<h5>Dimensions int\u00e9rieures<\/h5>\n\t\t\t\t\t\t\t\t\t<\/td>\n\t\t\t\t\t\t\t\t<\/tr>\n\t\t\t\t\t\t\t\t\t\t\t\t\t\t\t\t\t<tr>\n\t\t\t\t\t\t\t\t\t\t<td>\n\t\t\t\t\t\t\t\t\t\t\tHauteur:\n\t\t\t\t\t\t\t\t\t\t<\/td>\n\t\t\t\t\t\t\t\t\t\t<td>\n\t\t\t\t\t\t\t\t\t\t\t193 cm\n\t\t\t\t\t\t\t\t\t\t<\/td>\n\t\t\t\t\t\t\t\t\t\t<td rowspan=\"4\">\n\t\t\t\t\t\t\t\t\t\t\t<img class=\"mt-1\" src=\"https:\/\/www.noleggiare.it\/wp-content\/themes\/noleggiare\/img\/van-dimensioni-interne.svg\" \/>\n\t\t\t\t\t\t\t\t\t\t<\/td>\n\t\t\t\t\t\t\t\t\t<\/tr>\n\t\t\t\t\t\t\t\t\t\t\t\t\t\t\t\t\t\t\t\t\t\t\t\t\t<tr>\n\t\t\t\t\t\t\t\t\t\t<td>\n\t\t\t\t\t\t\t\t\t\t\tLargeur:\n\t\t\t\t\t\t\t\t\t\t<\/td>\n\t\t\t\t\t\t\t\t\t\t<td>\n\t\t\t\t\t\t\t\t\t\t\t187 cm\n\t\t\t\t\t\t\t\t\t\t<\/td>\n\t\t\t\t\t\t\t\t\t<\/tr>\n\t\t\t\t\t\t\t\t\t\t\t\t\t\t\t\t\t\t\t\t\t\t\t\t\t<tr>\n\t\t\t\t\t\t\t\t\t\t<td>\n\t\t\t\t\t\t\t\t\t\t\tLongueur:\n\t\t\t\t\t\t\t\t\t\t<\/td>\n\t\t\t\t\t\t\t\t\t\t<td>\n\t\t\t\t\t\t\t\t\t\t\t303 cm\n\t\t\t\t\t\t\t\t\t\t<\/td>\n\t\t\t\t\t\t\t\t\t<\/tr>\n\t\t\t\t\t\t\t\t\t\t\t\t\t\t\t\t\t\t\t\t\t\t\t\t\t<tr>\n\t\t\t\t\t\t\t\t\t\t<td>\n\t\t\t\t\t\t\t\t\t\t\tLargeur passage de roues:\n\t\t\t\t\t\t\t\t\t\t<\/td>\n\t\t\t\t\t\t\t\t\t\t<td>\n\t\t\t\t\t\t\t\t\t\t\t142 cm\n\t\t\t\t\t\t\t\t\t\t<\/td>\n\t\t\t\t\t\t\t\t\t<\/tr>\n\t\t\t\t\t\t\t\t\t\t\t\t\t\t\t\t<tr>\n\t\t\t\t\t\t\t\t\t<td colspan=\"3\">\n\t\t\t\t\t\t\t\t\t\t<h5>Dimensions ext\u00e9rieures<\/h5>\n\t\t\t\t\t\t\t\t\t<\/td>\n\t\t\t\t\t\t\t\t<\/tr>\n\t\t\t\t\t\t\t\t\t\t\t\t\t\t\t\t\t<tr>\n\t\t\t\t\t\t\t\t\t\t<td>\n\t\t\t\t\t\t\t\t\t\t\tHauteur:\n\t\t\t\t\t\t\t\t\t\t<\/td>\n\t\t\t\t\t\t\t\t\t\t<td>\n\t\t\t\t\t\t\t\t\t\t\t252 cm\n\t\t\t\t\t\t\t\t\t\t<\/td>\n\t\t\t\t\t\t\t\t\t\t<td rowspan=\"3\">\n\t\t\t\t\t\t\t\t\t\t\t<img class=\"mt-1\" src=\"https:\/\/www.noleggiare.it\/wp-content\/themes\/noleggiare\/img\/van-dimensioni-esterne.svg\" \/>\n\t\t\t\t\t\t\t\t\t\t<\/td>\n\t\t\t\t\t\t\t\t\t<\/tr>\n\t\t\t\t\t\t\t\t\t\t\t\t\t\t\t\t\t\t\t\t\t\t\t\t\t<tr>\n\t\t\t\t\t\t\t\t\t\t<td>\n\t\t\t\t\t\t\t\t\t\t\tLargeur:\n\t\t\t\t\t\t\t\t\t\t<\/td>\n\t\t\t\t\t\t\t\t\t\t<td>\n\t\t\t\t\t\t\t\t\t\t\t205 cm\n\t\t\t\t\t\t\t\t\t\t<\/td>\n\t\t\t\t\t\t\t\t\t<\/tr>\n\t\t\t\t\t\t\t\t\t\t\t\t\t\t\t\t\t\t\t\t\t\t\t\t\t<tr>\n\t\t\t\t\t\t\t\t\t\t<td>\n\t\t\t\t\t\t\t\t\t\t\tLongueur:\n\t\t\t\t\t\t\t\t\t\t<\/td>\n\t\t\t\t\t\t\t\t\t\t<td>\n\t\t\t\t\t\t\t\t\t\t\t541 cm\n\t\t\t\t\t\t\t\t\t\t<\/td>\n\t\t\t\t\t\t\t\t\t<\/tr>\n\t\t\t\t\t\t\t\t\t<tr>\n\t\t\t\t\t\t\t\t\t\t<td colspan=\"3\">\n\t\t\t\t\t\t\t\t\t\t\t<h5>Plus d\u2019infos<\/h5>\n\t\t\t\t\t\t\t\t\t\t<\/td>\n\t\t\t\t\t\t\t\t\t<\/tr>\n\t\t\t\t\t\t\t\t\t\t\t\t\t\t\t\t\t\t\t\t\t\t\t\t\t<tr>\n\t\t\t\t\t\t\t\t\t\t<td>\n\t\t\t\t\t\t\t\t\t\t\tCharge utile:\n\t\t\t\t\t\t\t\t\t\t<\/td>\n\t\t\t\t\t\t\t\t\t\t<td>\n\t\t\t\t\t\t\t\t\t\t\t1375 kg\n\t\t\t\t\t\t\t\t\t\t<\/td>\n\t\t\t\t\t\t\t\t\t\t<td rowspan=\"4\">\n\t\t\t\t\t\t\t\t\t\t\t<img class=\"mt-1\" src=\"https:\/\/www.noleggiare.it\/wp-content\/themes\/noleggiare\/img\/van-altre-info.svg\" \/>\n\t\t\t\t\t\t\t\t\t\t<\/td>\n\t\t\t\t\t\t\t\t\t<\/tr>\n\t\t\t\t\t\t\t\t\t\t\t\t\t\t\t\t\t\t\t\t\t\t\t\t\t<tr>\n\t\t\t\t\t\t\t\t\t\t<td>\n\t\t\t\t\t\t\t\t\t\t\tEmpattement:\n\t\t\t\t\t\t\t\t\t\t<\/td>\n\t\t\t\t\t\t\t\t\t\t<td>\n\t\t\t\t\t\t\t\t\t\t\t345 cm\n\t\t\t\t\t\t\t\t\t\t<\/td>\n\t\t\t\t\t\t\t\t\t<\/tr>\n\t\t\t\t\t\t\t\t\t\t\t\t\t\t\t\t\t\t\t\t\t\t\t\t\t<tr>\n\t\t\t\t\t\t\t\t\t\t<td>\n\t\t\t\t\t\t\t\t\t\t\tDimension de chargement:\n\t\t\t\t\t\t\t\t\t\t<\/td>\n\t\t\t\t\t\t\t\t\t\t<td>\n\t\t\t\t\t\t\t\t\t\t\t11.0 m<sup>3<\/sup>\n\t\t\t\t\t\t\t\t\t\t<\/td>\n\t\t\t\t\t\t\t\t\t<\/tr>\n\t\t\t\t\t\t\t\t\t\t\t\t\t\t\t\t\t\t\t\t\t\t\t\t\t<tr>\n\t\t\t\t\t\t\t\t\t\t<td>\n\t\t\t\t\t\t\t\t\t\t\tCapacit\u00e9 du r\u00e9servoir:\n\t\t\t\t\t\t\t\t\t\t<\/td>\n\t\t\t\t\t\t\t\t\t\t<td>\n\t\t\t\t\t\t\t\t\t\t\t90 l\n\t\t\t\t\t\t\t\t\t\t<\/td>\n\t\t\t\t\t\t\t\t\t<\/tr>\n\t\t\t\t\t\t\t\t\t\t\t\t\t\t\t<\/table>\n\t\t\t\t\t\t\t<tr>\n\t\t\t\t\t\t\t\t<td colspan=\"3\">\n\t\t\t\t\t\t\t\t\t<small>\n\t\t\t\t\t\t\t\t\t\t<br>\n\t\t\t\t\t\t\t\t\t\tLes mesures sont fournies par le fabricant et repr\u00e9sentent des valeurs maximales. <\/br><\/br>Pour les dimensions exactes<\/br> et les mod\u00e8les disponibles,<\/br> veuillez nous contacter directement.\t\t\t\t\t\t\t\t\t<\/small>\n\t\t\t\t\t\t\t\t<\/td>\n\t\t\t\t\t\t\t<\/tr>\n\t\t\t\t\t\t<\/div>\n\t\t\t\t\t\t\n\t\t\t\t\t\t<!-- misure van (mobile) -->\n\t\t\t\t\t\t<div class=\"cnt-misure\">\n\t\t\t\t\t\t\t<table>\n\t\t\t\t\t\t\t\t<tr>\n\t\t\t\t\t\t\t\t\t<td colspan=\"3\">\n\t\t\t\t\t\t\t\t\t\t<h5>Dimensions int\u00e9rieures<\/h5>\n\t\t\t\t\t\t\t\t\t<\/td>\n\t\t\t\t\t\t\t\t<\/tr>\n\t\t\t\t\t\t\t\t\t\t\t\t\t\t\t\t<tr>\n\t\t\t\t\t\t\t\t\t<td>\n\t\t\t\t\t\t\t\t\t\tHauteur:\n\t\t\t\t\t\t\t\t\t<\/td>\n\t\t\t\t\t\t\t\t\t<td>\n\t\t\t\t\t\t\t\t\t\t193 cm\n\t\t\t\t\t\t\t\t\t<\/td>\n\t\t\t\t\t\t\t\t\t<td rowspan=\"4\">\n\t\t\t\t\t\t\t\t\t\t<img class=\"mt-1\" src=\"https:\/\/www.noleggiare.it\/wp-content\/themes\/noleggiare\/img\/van-dimensioni-interne.svg\" \/>\n\t\t\t\t\t\t\t\t\t<\/td>\n\t\t\t\t\t\t\t\t<\/tr>\n\t\t\t\t\t\t\t\t\t\t\t\t\t\t\t\t\t\t\t\t\t\t\t\t<tr>\n\t\t\t\t\t\t\t\t\t<td>\n\t\t\t\t\t\t\t\t\t\tLargeur:\n\t\t\t\t\t\t\t\t\t<\/td>\n\t\t\t\t\t\t\t\t\t<td>\n\t\t\t\t\t\t\t\t\t\t187 cm\n\t\t\t\t\t\t\t\t\t<\/td>\n\t\t\t\t\t\t\t\t<\/tr>\n\t\t\t\t\t\t\t\t\t\t\t\t\t\t\t\t\t\t\t\t\t\t\t\t<tr>\n\t\t\t\t\t\t\t\t\t<td>\n\t\t\t\t\t\t\t\t\t\tLongueur:\n\t\t\t\t\t\t\t\t\t<\/td>\n\t\t\t\t\t\t\t\t\t<td>\n\t\t\t\t\t\t\t\t\t\t303 cm\n\t\t\t\t\t\t\t\t\t<\/td>\n\t\t\t\t\t\t\t\t<\/tr>\n\t\t\t\t\t\t\t\t\t\t\t\t\t\t\t\t\t\t\t\t\t\t\t\t<tr>\n\t\t\t\t\t\t\t\t\t<td>\n\t\t\t\t\t\t\t\t\t\tLargeur passage de roues:\n\t\t\t\t\t\t\t\t\t<\/td>\n\t\t\t\t\t\t\t\t\t<td>\n\t\t\t\t\t\t\t\t\t\t142 cm\n\t\t\t\t\t\t\t\t\t<\/td>\n\t\t\t\t\t\t\t\t<\/tr>\n\t\t\t\t\t\t\t\t<tr>\n\t\t\t\t\t\t\t\t\t<td colspan=\"3\">\n\t\t\t\t\t\t\t\t\t\t<h5>Dimensions ext\u00e9rieures<\/h5>\n\t\t\t\t\t\t\t\t\t<\/td>\n\t\t\t\t\t\t\t\t<\/tr>\n\t\t\t\t\t\t\t\t\t\t\t\t\t\t\t\t\t\t\t\t\t\t\t\t<tr>\n\t\t\t\t\t\t\t\t\t<td>\n\t\t\t\t\t\t\t\t\t\tHauteur:\n\t\t\t\t\t\t\t\t\t<\/td>\n\t\t\t\t\t\t\t\t\t<td>\n\t\t\t\t\t\t\t\t\t\t252 cm\n\t\t\t\t\t\t\t\t\t<\/td>\n\t\t\t\t\t\t\t\t\t<td rowspan=\"3\">\n\t\t\t\t\t\t\t\t\t\t<img class=\"mt-1\" src=\"https:\/\/www.noleggiare.it\/wp-content\/themes\/noleggiare\/img\/van-dimensioni-esterne.svg\" \/>\n\t\t\t\t\t\t\t\t\t<\/td>\n\t\t\t\t\t\t\t\t<\/tr>\n\t\t\t\t\t\t\t\t\t\t\t\t\t\t\t\t\t\t\t\t\t\t\t\t<tr>\n\t\t\t\t\t\t\t\t\t<td>\n\t\t\t\t\t\t\t\t\t\tLargeur:\n\t\t\t\t\t\t\t\t\t<\/td>\n\t\t\t\t\t\t\t\t\t<td>\n\t\t\t\t\t\t\t\t\t\t205 cm\n\t\t\t\t\t\t\t\t\t<\/td>\n\t\t\t\t\t\t\t\t<\/tr>\n\t\t\t\t\t\t\t\t\t\t\t\t\t\t\t\t\t\t\t\t\t\t\t\t<tr>\n\t\t\t\t\t\t\t\t\t<td>\n\t\t\t\t\t\t\t\t\t\tLongueur:\n\t\t\t\t\t\t\t\t\t<\/td>\n\t\t\t\t\t\t\t\t\t<td>\n\t\t\t\t\t\t\t\t\t\t541 cm\n\t\t\t\t\t\t\t\t\t<\/td>\n\t\t\t\t\t\t\t\t<\/tr>\n\t\t\t\t\t\t\t\t<tr>\n\t\t\t\t\t\t\t\t\t<td colspan=\"3\">\n\t\t\t\t\t\t\t\t\t\t<h5>Plus d\u2019infos<\/h5>\n\t\t\t\t\t\t\t\t\t<\/td>\n\t\t\t\t\t\t\t\t<\/tr>\n\t\t\t\t\t\t\t\t\t\t\t\t\t\t\t\t\t\t\t\t\t\t\t\t<tr>\n\t\t\t\t\t\t\t\t\t<td>\n\t\t\t\t\t\t\t\t\t\tCharge utile:\n\t\t\t\t\t\t\t\t\t<\/td>\n\t\t\t\t\t\t\t\t\t<td>\n\t\t\t\t\t\t\t\t\t\t1375 kg\n\t\t\t\t\t\t\t\t\t<\/td>\n\t\t\t\t\t\t\t\t\t<td rowspan=\"4\">\n\t\t\t\t\t\t\t\t\t\t<img class=\"mt-1\" src=\"https:\/\/www.noleggiare.it\/wp-content\/themes\/noleggiare\/img\/van-altre-info.svg\" \/>\n\t\t\t\t\t\t\t\t\t<\/td>\n\t\t\t\t\t\t\t\t<\/tr>\n\t\t\t\t\t\t\t\t\t\t\t\t\t\t\t\t\t\t\t\t\t\t\t\t<tr>\n\t\t\t\t\t\t\t\t\t<td>\n\t\t\t\t\t\t\t\t\t\tEmpattement:\n\t\t\t\t\t\t\t\t\t<\/td>\n\t\t\t\t\t\t\t\t\t<td>\n\t\t\t\t\t\t\t\t\t\t345 cm\n\t\t\t\t\t\t\t\t\t<\/td>\n\t\t\t\t\t\t\t\t<\/tr>\n\t\t\t\t\t\t\t\t\t\t\t\t\t\t\t\t\t\t\t\t\t\t\t\t<tr>\n\t\t\t\t\t\t\t\t\t<td>\n\t\t\t\t\t\t\t\t\t\tDimension de chargement:\n\t\t\t\t\t\t\t\t\t<\/td>\n\t\t\t\t\t\t\t\t\t<td>\n\t\t\t\t\t\t\t\t\t\t11.0 m<sup>3<\/sup>\n\t\t\t\t\t\t\t\t\t<\/td>\n\t\t\t\t\t\t\t\t<\/tr>\n\t\t\t\t\t\t\t\t\t\t\t\t\t\t\t\t\t\t\t\t\t\t\t\t<tr>\n\t\t\t\t\t\t\t\t\t<td>\n\t\t\t\t\t\t\t\t\t\tCapacit\u00e9 du r\u00e9servoir:\n\t\t\t\t\t\t\t\t\t<\/td>\n\t\t\t\t\t\t\t\t\t<td>\n\t\t\t\t\t\t\t\t\t\t90 l\n\t\t\t\t\t\t\t\t\t<\/td>\n\t\t\t\t\t\t\t\t<\/tr>\n\t\t\t\t\t\t\t\t\t\t\t\t\t\t\t\t<tr>\n\t\t\t\t\t\t\t\t\t<td colspan=\"3\">\n\t\t\t\t\t\t\t\t\t\t<small>\n\t\t\t\t\t\t\t\t\t\t\t<br>\n\t\t\t\t\t\t\t\t\t\t\tLes mesures sont fournies par le fabricant et repr\u00e9sentent des valeurs maximales. <\/br><\/br>Pour les dimensions exactes<\/br> et les mod\u00e8les disponibles,<\/br> veuillez nous contacter directement.\t\t\t\t\t\t\t\t\t\t<\/small>\n\t\t\t\t\t\t\t\t\t<\/td>\n\t\t\t\t\t\t\t\t<\/tr>\n\t\t\t\t\t\t\t<\/table>\n\t\t\t\t\t\t<\/div>\n\n\t\t\t\t\t\t<div class=\"prezzo text-center\">\n\t\t\t\t\t\t\t<a class=\"btn-espandi-promo btn btn-secondary mt-5\" href=\"#prenota\">\n\t\t\t\t\t\t\t\t<i aria-hidden=\"true\" class=\"fas fa-arrow-circle-up\"><\/i>\n\t\t\t\t\t\t\t\tGo to booking\t\t\t\t\t\t\t<\/a>\n\t\t\t\t\t\t<\/div>\n\n\t\t\t\t\t\t<!-- informazioni veicolo (auto e van) -->\n\t\t\t\t\t\t\t\t\t\t\t\t<div class=\"optional\">\n\t\t\t\t\t\t\t<ul>\n\t\t\t\t\t\t\t\t\t\t\t\t\t\t\t\t\t<li ng-class=\"veicolo.isElettrico('Diesel') ? 'ico-alimentazione-e' : 'ico-alimentazione'\">Diesel<\/li>\n\t\t\t\t\t\t\t\t\t\t\t\t\t\t\t\t\t\t\t\t\t\t\t\t\t<li class=\"ico-porte\">5<\/li>\n\t\t\t\t\t\t\t\t\t\t\t\t\t\t\t\t\t\t\t\t\t\t\t\t\t\t\t\t\t\t\t\t\t<li class=\"ico-trasmissione\">Bo\u00eete manuelle<\/li>\n\t\t\t\t\t\t\t\t\t\t\t\t\t\t\t\t\t\t\t\t\t\t\t\t\t<li class=\"ico-posti\">3<\/li>\n\t\t\t\t\t\t\t\t\t\t\t\t\t\t\t<\/ul>\n\t\t\t\t\t\t<\/div>\n\t\t\t\t\t\t\n\t\t\t\t\t<\/div><!-- \/.veicolo -->\n\n\t\t\t\t<\/div>\n\n\t\t\t<\/div><!-- \/.lista-auto -->\n\n\t\t\n\t\t\t<!-- elenco auto -->\n\t\t\t<div class=\"col-12 mb-4 col-xl-6 col-xxl-4\">\n\t\t\t\t<div\n\t\t\t\t\tclass=\"veicolo van\"\n\t\t\t\t\tdata-ng-controller=\"VeicoloController as veicolo\"\n\t\t\t\t\tdata-ng-mouseenter=\"!veicolo.hasStato('scelta-listino') && veicolo.addStato('hover')\"\n\t\t\t\t\tdata-ng-class=\"[veicolo.getStato()]\"\n\t\t\t\t>\n\n\t\t\t\t\t<div class=\"h-100\">\n\n\t\t\t\t\t\t<!-- nome modello -->\n\t\t\t\t\t\t<div class=\"tipo\" style=\"line-height: 1\">\n\t\t\t\t\t\t\t<h5 class=\"font-weight-bold mb-0\">Ford Transit L2H2 <small>(Groupe <strong>Z3<\/strong>)<\/small><\/h5>\n\t\t\t\t\t\t\t<small>ou similaire*<\/small>\n\t\t\t\t\t\t<\/div>\n\n\t\t\t\t\t\t\t\t\t\t\t\t<div class=\"descrizione w-50\">\n\t\t\t\t\t\t\t<span class=\"text-secondary\">Furgone medio \/ Medium van<\/span>\n\t\t\t\t\t\t<\/div>\n\t\t\t\t\t\t\n\t\t\t\t\t\t<!-- immagine -->\n\t\t\t\t\t\t<img class=\"img\" src=\"https:\/\/bo.noleggiare.it\/immagini\/auto\/6895d65c1a21a_FORD-TRANSIT-l2h2.png\" \/>\n\n\t\t\t\t\t\t<!-- elettrico -->\n\t\t\t\t\t\t<img class=\"img-elettrico\" ng-if=\"veicolo.isElettrico('Diesel')\" ng-src=\"https:\/\/www.noleggiare.it\/wp-content\/themes\/noleggiare\/img\/ico-elettric.svg\" \/>\n\n\t\t\t\t\t\t<!-- pulsantiera -->\n\t\t\t\t\t\t<div class=\"pulsantiera\" data-ng-click=\"$event.stopPropagation()\">\n\t\t\t\t\t\t\t\t\t\t\t\t\t\t\t<div\n\t\t\t\t\t\t\t\t\tclass=\"misure pulsante d-block d-md-none\"\n\t\t\t\t\t\t\t\t\tdata-ng-show=\"!veicolo.hasStato('mostra-info-listino') && !veicolo.hasStato('mostra-info-misure')\"\n\t\t\t\t\t\t\t\t\tdata-ng-click=\"veicolo.addStato('mostra-info-misure', true)\"\n\t\t\t\t\t\t\t\t\ttabindex=\"0\"\n\t\t\t\t\t\t\t\t>\n\t\t\t\t\t\t\t\t\tmisure\t\t\t\t\t\t\t\t<\/div>\n\t\t\t\t\t\t\t\t\t\t\t\t\t\t<div\n\t\t\t\t\t\t\t\tclass=\"nascondi pulsante\"\n\t\t\t\t\t\t\t\tdata-ng-show=\"veicolo.hasStato('mostra-info-listino') || veicolo.hasStato('mostra-info-misure')\"\n\t\t\t\t\t\t\t\tdata-ng-click=\"veicolo.removeStato('mostra-info-listino'); veicolo.removeStato('mostra-info-misure');\"\n\t\t\t\t\t\t\t\ttabindex=\"0\"\n\t\t\t\t\t\t\t>\n\t\t\t\t\t\t\t\tClose\t\t\t\t\t\t\t<\/div>\n\t\t\t\t\t\t<\/div>\n\n\t\t\t\t\t\t<!-- misure van -->\n\t\t\t\t\t\t\t\t\t\t\t\t<div class=\"info-van d-none d-md-block\">\n\t\t\t\t\t\t\t<table>\n\t\t\t\t\t\t\t\t<tr>\n\t\t\t\t\t\t\t\t\t<td colspan=\"3\">\n\t\t\t\t\t\t\t\t\t\t<h5>Dimensions int\u00e9rieures<\/h5>\n\t\t\t\t\t\t\t\t\t<\/td>\n\t\t\t\t\t\t\t\t<\/tr>\n\t\t\t\t\t\t\t\t\t\t\t\t\t\t\t\t\t<tr>\n\t\t\t\t\t\t\t\t\t\t<td>\n\t\t\t\t\t\t\t\t\t\t\tHauteur:\n\t\t\t\t\t\t\t\t\t\t<\/td>\n\t\t\t\t\t\t\t\t\t\t<td>\n\t\t\t\t\t\t\t\t\t\t\t188 cm\n\t\t\t\t\t\t\t\t\t\t<\/td>\n\t\t\t\t\t\t\t\t\t\t<td rowspan=\"4\">\n\t\t\t\t\t\t\t\t\t\t\t<img class=\"mt-1\" src=\"https:\/\/www.noleggiare.it\/wp-content\/themes\/noleggiare\/img\/van-dimensioni-interne.svg\" \/>\n\t\t\t\t\t\t\t\t\t\t<\/td>\n\t\t\t\t\t\t\t\t\t<\/tr>\n\t\t\t\t\t\t\t\t\t\t\t\t\t\t\t\t\t\t\t\t\t\t\t\t\t<tr>\n\t\t\t\t\t\t\t\t\t\t<td>\n\t\t\t\t\t\t\t\t\t\t\tLargeur:\n\t\t\t\t\t\t\t\t\t\t<\/td>\n\t\t\t\t\t\t\t\t\t\t<td>\n\t\t\t\t\t\t\t\t\t\t\t178 cm\n\t\t\t\t\t\t\t\t\t\t<\/td>\n\t\t\t\t\t\t\t\t\t<\/tr>\n\t\t\t\t\t\t\t\t\t\t\t\t\t\t\t\t\t\t\t\t\t\t\t\t\t<tr>\n\t\t\t\t\t\t\t\t\t\t<td>\n\t\t\t\t\t\t\t\t\t\t\tLongueur:\n\t\t\t\t\t\t\t\t\t\t<\/td>\n\t\t\t\t\t\t\t\t\t\t<td>\n\t\t\t\t\t\t\t\t\t\t\t304 cm\n\t\t\t\t\t\t\t\t\t\t<\/td>\n\t\t\t\t\t\t\t\t\t<\/tr>\n\t\t\t\t\t\t\t\t\t\t\t\t\t\t\t\t\t\t\t\t\t\t\t\t\t<tr>\n\t\t\t\t\t\t\t\t\t\t<td>\n\t\t\t\t\t\t\t\t\t\t\tLargeur passage de roues:\n\t\t\t\t\t\t\t\t\t\t<\/td>\n\t\t\t\t\t\t\t\t\t\t<td>\n\t\t\t\t\t\t\t\t\t\t\t139 cm\n\t\t\t\t\t\t\t\t\t\t<\/td>\n\t\t\t\t\t\t\t\t\t<\/tr>\n\t\t\t\t\t\t\t\t\t\t\t\t\t\t\t\t<tr>\n\t\t\t\t\t\t\t\t\t<td colspan=\"3\">\n\t\t\t\t\t\t\t\t\t\t<h5>Dimensions ext\u00e9rieures<\/h5>\n\t\t\t\t\t\t\t\t\t<\/td>\n\t\t\t\t\t\t\t\t<\/tr>\n\t\t\t\t\t\t\t\t\t\t\t\t\t\t\t\t\t<tr>\n\t\t\t\t\t\t\t\t\t\t<td>\n\t\t\t\t\t\t\t\t\t\t\tHauteur:\n\t\t\t\t\t\t\t\t\t\t<\/td>\n\t\t\t\t\t\t\t\t\t\t<td>\n\t\t\t\t\t\t\t\t\t\t\t253 cm\n\t\t\t\t\t\t\t\t\t\t<\/td>\n\t\t\t\t\t\t\t\t\t\t<td rowspan=\"3\">\n\t\t\t\t\t\t\t\t\t\t\t<img class=\"mt-1\" src=\"https:\/\/www.noleggiare.it\/wp-content\/themes\/noleggiare\/img\/van-dimensioni-esterne.svg\" \/>\n\t\t\t\t\t\t\t\t\t\t<\/td>\n\t\t\t\t\t\t\t\t\t<\/tr>\n\t\t\t\t\t\t\t\t\t\t\t\t\t\t\t\t\t\t\t\t\t\t\t\t\t<tr>\n\t\t\t\t\t\t\t\t\t\t<td>\n\t\t\t\t\t\t\t\t\t\t\tLargeur:\n\t\t\t\t\t\t\t\t\t\t<\/td>\n\t\t\t\t\t\t\t\t\t\t<td>\n\t\t\t\t\t\t\t\t\t\t\t217 cm\n\t\t\t\t\t\t\t\t\t\t<\/td>\n\t\t\t\t\t\t\t\t\t<\/tr>\n\t\t\t\t\t\t\t\t\t\t\t\t\t\t\t\t\t\t\t\t\t\t\t\t\t<tr>\n\t\t\t\t\t\t\t\t\t\t<td>\n\t\t\t\t\t\t\t\t\t\t\tLongueur:\n\t\t\t\t\t\t\t\t\t\t<\/td>\n\t\t\t\t\t\t\t\t\t\t<td>\n\t\t\t\t\t\t\t\t\t\t\t553 cm\n\t\t\t\t\t\t\t\t\t\t<\/td>\n\t\t\t\t\t\t\t\t\t<\/tr>\n\t\t\t\t\t\t\t\t\t<tr>\n\t\t\t\t\t\t\t\t\t\t<td colspan=\"3\">\n\t\t\t\t\t\t\t\t\t\t\t<h5>Plus d\u2019infos<\/h5>\n\t\t\t\t\t\t\t\t\t\t<\/td>\n\t\t\t\t\t\t\t\t\t<\/tr>\n\t\t\t\t\t\t\t\t\t\t\t\t\t\t\t\t\t\t\t\t\t\t\t\t\t<tr>\n\t\t\t\t\t\t\t\t\t\t<td>\n\t\t\t\t\t\t\t\t\t\t\tCharge utile:\n\t\t\t\t\t\t\t\t\t\t<\/td>\n\t\t\t\t\t\t\t\t\t\t<td>\n\t\t\t\t\t\t\t\t\t\t\t1390 kg\n\t\t\t\t\t\t\t\t\t\t<\/td>\n\t\t\t\t\t\t\t\t\t\t<td rowspan=\"4\">\n\t\t\t\t\t\t\t\t\t\t\t<img class=\"mt-1\" src=\"https:\/\/www.noleggiare.it\/wp-content\/themes\/noleggiare\/img\/van-altre-info.svg\" \/>\n\t\t\t\t\t\t\t\t\t\t<\/td>\n\t\t\t\t\t\t\t\t\t<\/tr>\n\t\t\t\t\t\t\t\t\t\t\t\t\t\t\t\t\t\t\t\t\t\t\t\t\t<tr>\n\t\t\t\t\t\t\t\t\t\t<td>\n\t\t\t\t\t\t\t\t\t\t\tEmpattement:\n\t\t\t\t\t\t\t\t\t\t<\/td>\n\t\t\t\t\t\t\t\t\t\t<td>\n\t\t\t\t\t\t\t\t\t\t\t330 cm\n\t\t\t\t\t\t\t\t\t\t<\/td>\n\t\t\t\t\t\t\t\t\t<\/tr>\n\t\t\t\t\t\t\t\t\t\t\t\t\t\t\t\t\t\t\t\t\t\t\t\t\t<tr>\n\t\t\t\t\t\t\t\t\t\t<td>\n\t\t\t\t\t\t\t\t\t\t\tDimension de chargement:\n\t\t\t\t\t\t\t\t\t\t<\/td>\n\t\t\t\t\t\t\t\t\t\t<td>\n\t\t\t\t\t\t\t\t\t\t\t10.0 m<sup>3<\/sup>\n\t\t\t\t\t\t\t\t\t\t<\/td>\n\t\t\t\t\t\t\t\t\t<\/tr>\n\t\t\t\t\t\t\t\t\t\t\t\t\t\t\t\t\t\t\t\t\t\t\t\t\t<tr>\n\t\t\t\t\t\t\t\t\t\t<td>\n\t\t\t\t\t\t\t\t\t\t\tCapacit\u00e9 du r\u00e9servoir:\n\t\t\t\t\t\t\t\t\t\t<\/td>\n\t\t\t\t\t\t\t\t\t\t<td>\n\t\t\t\t\t\t\t\t\t\t\t80 l\n\t\t\t\t\t\t\t\t\t\t<\/td>\n\t\t\t\t\t\t\t\t\t<\/tr>\n\t\t\t\t\t\t\t\t\t\t\t\t\t\t\t<\/table>\n\t\t\t\t\t\t\t<tr>\n\t\t\t\t\t\t\t\t<td colspan=\"3\">\n\t\t\t\t\t\t\t\t\t<small>\n\t\t\t\t\t\t\t\t\t\t<br>\n\t\t\t\t\t\t\t\t\t\tLes mesures sont fournies par le fabricant et repr\u00e9sentent des valeurs maximales. <\/br><\/br>Pour les dimensions exactes<\/br> et les mod\u00e8les disponibles,<\/br> veuillez nous contacter directement.\t\t\t\t\t\t\t\t\t<\/small>\n\t\t\t\t\t\t\t\t<\/td>\n\t\t\t\t\t\t\t<\/tr>\n\t\t\t\t\t\t<\/div>\n\t\t\t\t\t\t\n\t\t\t\t\t\t<!-- misure van (mobile) -->\n\t\t\t\t\t\t<div class=\"cnt-misure\">\n\t\t\t\t\t\t\t<table>\n\t\t\t\t\t\t\t\t<tr>\n\t\t\t\t\t\t\t\t\t<td colspan=\"3\">\n\t\t\t\t\t\t\t\t\t\t<h5>Dimensions int\u00e9rieures<\/h5>\n\t\t\t\t\t\t\t\t\t<\/td>\n\t\t\t\t\t\t\t\t<\/tr>\n\t\t\t\t\t\t\t\t\t\t\t\t\t\t\t\t<tr>\n\t\t\t\t\t\t\t\t\t<td>\n\t\t\t\t\t\t\t\t\t\tHauteur:\n\t\t\t\t\t\t\t\t\t<\/td>\n\t\t\t\t\t\t\t\t\t<td>\n\t\t\t\t\t\t\t\t\t\t188 cm\n\t\t\t\t\t\t\t\t\t<\/td>\n\t\t\t\t\t\t\t\t\t<td rowspan=\"4\">\n\t\t\t\t\t\t\t\t\t\t<img class=\"mt-1\" src=\"https:\/\/www.noleggiare.it\/wp-content\/themes\/noleggiare\/img\/van-dimensioni-interne.svg\" \/>\n\t\t\t\t\t\t\t\t\t<\/td>\n\t\t\t\t\t\t\t\t<\/tr>\n\t\t\t\t\t\t\t\t\t\t\t\t\t\t\t\t\t\t\t\t\t\t\t\t<tr>\n\t\t\t\t\t\t\t\t\t<td>\n\t\t\t\t\t\t\t\t\t\tLargeur:\n\t\t\t\t\t\t\t\t\t<\/td>\n\t\t\t\t\t\t\t\t\t<td>\n\t\t\t\t\t\t\t\t\t\t178 cm\n\t\t\t\t\t\t\t\t\t<\/td>\n\t\t\t\t\t\t\t\t<\/tr>\n\t\t\t\t\t\t\t\t\t\t\t\t\t\t\t\t\t\t\t\t\t\t\t\t<tr>\n\t\t\t\t\t\t\t\t\t<td>\n\t\t\t\t\t\t\t\t\t\tLongueur:\n\t\t\t\t\t\t\t\t\t<\/td>\n\t\t\t\t\t\t\t\t\t<td>\n\t\t\t\t\t\t\t\t\t\t304 cm\n\t\t\t\t\t\t\t\t\t<\/td>\n\t\t\t\t\t\t\t\t<\/tr>\n\t\t\t\t\t\t\t\t\t\t\t\t\t\t\t\t\t\t\t\t\t\t\t\t<tr>\n\t\t\t\t\t\t\t\t\t<td>\n\t\t\t\t\t\t\t\t\t\tLargeur passage de roues:\n\t\t\t\t\t\t\t\t\t<\/td>\n\t\t\t\t\t\t\t\t\t<td>\n\t\t\t\t\t\t\t\t\t\t139 cm\n\t\t\t\t\t\t\t\t\t<\/td>\n\t\t\t\t\t\t\t\t<\/tr>\n\t\t\t\t\t\t\t\t<tr>\n\t\t\t\t\t\t\t\t\t<td colspan=\"3\">\n\t\t\t\t\t\t\t\t\t\t<h5>Dimensions ext\u00e9rieures<\/h5>\n\t\t\t\t\t\t\t\t\t<\/td>\n\t\t\t\t\t\t\t\t<\/tr>\n\t\t\t\t\t\t\t\t\t\t\t\t\t\t\t\t\t\t\t\t\t\t\t\t<tr>\n\t\t\t\t\t\t\t\t\t<td>\n\t\t\t\t\t\t\t\t\t\tHauteur:\n\t\t\t\t\t\t\t\t\t<\/td>\n\t\t\t\t\t\t\t\t\t<td>\n\t\t\t\t\t\t\t\t\t\t253 cm\n\t\t\t\t\t\t\t\t\t<\/td>\n\t\t\t\t\t\t\t\t\t<td rowspan=\"3\">\n\t\t\t\t\t\t\t\t\t\t<img class=\"mt-1\" src=\"https:\/\/www.noleggiare.it\/wp-content\/themes\/noleggiare\/img\/van-dimensioni-esterne.svg\" \/>\n\t\t\t\t\t\t\t\t\t<\/td>\n\t\t\t\t\t\t\t\t<\/tr>\n\t\t\t\t\t\t\t\t\t\t\t\t\t\t\t\t\t\t\t\t\t\t\t\t<tr>\n\t\t\t\t\t\t\t\t\t<td>\n\t\t\t\t\t\t\t\t\t\tLargeur:\n\t\t\t\t\t\t\t\t\t<\/td>\n\t\t\t\t\t\t\t\t\t<td>\n\t\t\t\t\t\t\t\t\t\t217 cm\n\t\t\t\t\t\t\t\t\t<\/td>\n\t\t\t\t\t\t\t\t<\/tr>\n\t\t\t\t\t\t\t\t\t\t\t\t\t\t\t\t\t\t\t\t\t\t\t\t<tr>\n\t\t\t\t\t\t\t\t\t<td>\n\t\t\t\t\t\t\t\t\t\tLongueur:\n\t\t\t\t\t\t\t\t\t<\/td>\n\t\t\t\t\t\t\t\t\t<td>\n\t\t\t\t\t\t\t\t\t\t553 cm\n\t\t\t\t\t\t\t\t\t<\/td>\n\t\t\t\t\t\t\t\t<\/tr>\n\t\t\t\t\t\t\t\t<tr>\n\t\t\t\t\t\t\t\t\t<td colspan=\"3\">\n\t\t\t\t\t\t\t\t\t\t<h5>Plus d\u2019infos<\/h5>\n\t\t\t\t\t\t\t\t\t<\/td>\n\t\t\t\t\t\t\t\t<\/tr>\n\t\t\t\t\t\t\t\t\t\t\t\t\t\t\t\t\t\t\t\t\t\t\t\t<tr>\n\t\t\t\t\t\t\t\t\t<td>\n\t\t\t\t\t\t\t\t\t\tCharge utile:\n\t\t\t\t\t\t\t\t\t<\/td>\n\t\t\t\t\t\t\t\t\t<td>\n\t\t\t\t\t\t\t\t\t\t1390 kg\n\t\t\t\t\t\t\t\t\t<\/td>\n\t\t\t\t\t\t\t\t\t<td rowspan=\"4\">\n\t\t\t\t\t\t\t\t\t\t<img class=\"mt-1\" src=\"https:\/\/www.noleggiare.it\/wp-content\/themes\/noleggiare\/img\/van-altre-info.svg\" \/>\n\t\t\t\t\t\t\t\t\t<\/td>\n\t\t\t\t\t\t\t\t<\/tr>\n\t\t\t\t\t\t\t\t\t\t\t\t\t\t\t\t\t\t\t\t\t\t\t\t<tr>\n\t\t\t\t\t\t\t\t\t<td>\n\t\t\t\t\t\t\t\t\t\tEmpattement:\n\t\t\t\t\t\t\t\t\t<\/td>\n\t\t\t\t\t\t\t\t\t<td>\n\t\t\t\t\t\t\t\t\t\t330 cm\n\t\t\t\t\t\t\t\t\t<\/td>\n\t\t\t\t\t\t\t\t<\/tr>\n\t\t\t\t\t\t\t\t\t\t\t\t\t\t\t\t\t\t\t\t\t\t\t\t<tr>\n\t\t\t\t\t\t\t\t\t<td>\n\t\t\t\t\t\t\t\t\t\tDimension de chargement:\n\t\t\t\t\t\t\t\t\t<\/td>\n\t\t\t\t\t\t\t\t\t<td>\n\t\t\t\t\t\t\t\t\t\t10.0 m<sup>3<\/sup>\n\t\t\t\t\t\t\t\t\t<\/td>\n\t\t\t\t\t\t\t\t<\/tr>\n\t\t\t\t\t\t\t\t\t\t\t\t\t\t\t\t\t\t\t\t\t\t\t\t<tr>\n\t\t\t\t\t\t\t\t\t<td>\n\t\t\t\t\t\t\t\t\t\tCapacit\u00e9 du r\u00e9servoir:\n\t\t\t\t\t\t\t\t\t<\/td>\n\t\t\t\t\t\t\t\t\t<td>\n\t\t\t\t\t\t\t\t\t\t80 l\n\t\t\t\t\t\t\t\t\t<\/td>\n\t\t\t\t\t\t\t\t<\/tr>\n\t\t\t\t\t\t\t\t\t\t\t\t\t\t\t\t<tr>\n\t\t\t\t\t\t\t\t\t<td colspan=\"3\">\n\t\t\t\t\t\t\t\t\t\t<small>\n\t\t\t\t\t\t\t\t\t\t\t<br>\n\t\t\t\t\t\t\t\t\t\t\tLes mesures sont fournies par le fabricant et repr\u00e9sentent des valeurs maximales. <\/br><\/br>Pour les dimensions exactes<\/br> et les mod\u00e8les disponibles,<\/br> veuillez nous contacter directement.\t\t\t\t\t\t\t\t\t\t<\/small>\n\t\t\t\t\t\t\t\t\t<\/td>\n\t\t\t\t\t\t\t\t<\/tr>\n\t\t\t\t\t\t\t<\/table>\n\t\t\t\t\t\t<\/div>\n\n\t\t\t\t\t\t<div class=\"prezzo text-center\">\n\t\t\t\t\t\t\t<a class=\"btn-espandi-promo btn btn-secondary mt-5\" href=\"#prenota\">\n\t\t\t\t\t\t\t\t<i aria-hidden=\"true\" class=\"fas fa-arrow-circle-up\"><\/i>\n\t\t\t\t\t\t\t\tGo to booking\t\t\t\t\t\t\t<\/a>\n\t\t\t\t\t\t<\/div>\n\n\t\t\t\t\t\t<!-- informazioni veicolo (auto e van) -->\n\t\t\t\t\t\t\t\t\t\t\t\t<div class=\"optional\">\n\t\t\t\t\t\t\t<ul>\n\t\t\t\t\t\t\t\t\t\t\t\t\t\t\t\t\t<li ng-class=\"veicolo.isElettrico('Diesel') ? 'ico-alimentazione-e' : 'ico-alimentazione'\">Diesel<\/li>\n\t\t\t\t\t\t\t\t\t\t\t\t\t\t\t\t\t\t\t\t\t\t\t\t\t<li class=\"ico-porte\">5<\/li>\n\t\t\t\t\t\t\t\t\t\t\t\t\t\t\t\t\t\t\t\t\t\t\t\t\t\t\t\t\t\t\t\t\t<li class=\"ico-trasmissione\">Bo\u00eete manuelle<\/li>\n\t\t\t\t\t\t\t\t\t\t\t\t\t\t\t\t\t\t\t\t\t\t\t\t\t<li class=\"ico-posti\">3<\/li>\n\t\t\t\t\t\t\t\t\t\t\t\t\t\t\t<\/ul>\n\t\t\t\t\t\t<\/div>\n\t\t\t\t\t\t\n\t\t\t\t\t<\/div><!-- \/.veicolo -->\n\n\t\t\t\t<\/div>\n\n\t\t\t<\/div><!-- \/.lista-auto -->\n\n\t\t\n\t\t\t<!-- elenco auto -->\n\t\t\t<div class=\"col-12 mb-4 col-xl-6 col-xxl-4\">\n\t\t\t\t<div\n\t\t\t\t\tclass=\"veicolo van\"\n\t\t\t\t\tdata-ng-controller=\"VeicoloController as veicolo\"\n\t\t\t\t\tdata-ng-mouseenter=\"!veicolo.hasStato('scelta-listino') && veicolo.addStato('hover')\"\n\t\t\t\t\tdata-ng-class=\"[veicolo.getStato()]\"\n\t\t\t\t>\n\n\t\t\t\t\t<div class=\"h-100\">\n\n\t\t\t\t\t\t<!-- nome modello -->\n\t\t\t\t\t\t<div class=\"tipo\" style=\"line-height: 1\">\n\t\t\t\t\t\t\t<h5 class=\"font-weight-bold mb-0\">Renault Master L1H1 <small>(Groupe <strong>Z2A<\/strong>)<\/small><\/h5>\n\t\t\t\t\t\t\t<small>ou similaire*<\/small>\n\t\t\t\t\t\t<\/div>\n\n\t\t\t\t\t\t\t\t\t\t\t\t<div class=\"descrizione w-50\">\n\t\t\t\t\t\t\t<span class=\"text-secondary\">Passo corto - Tetto basso \/ Short wheelbase - Low roof<\/span>\n\t\t\t\t\t\t<\/div>\n\t\t\t\t\t\t\n\t\t\t\t\t\t<!-- immagine -->\n\t\t\t\t\t\t<img class=\"img\" src=\"https:\/\/bo.noleggiare.it\/immagini\/auto\/689deaec4394e_Z2A.png\" \/>\n\n\t\t\t\t\t\t<!-- elettrico -->\n\t\t\t\t\t\t<img class=\"img-elettrico\" ng-if=\"veicolo.isElettrico('Diesel')\" ng-src=\"https:\/\/www.noleggiare.it\/wp-content\/themes\/noleggiare\/img\/ico-elettric.svg\" \/>\n\n\t\t\t\t\t\t<!-- pulsantiera -->\n\t\t\t\t\t\t<div class=\"pulsantiera\" data-ng-click=\"$event.stopPropagation()\">\n\t\t\t\t\t\t\t\t\t\t\t\t\t\t\t<div\n\t\t\t\t\t\t\t\t\tclass=\"misure pulsante d-block d-md-none\"\n\t\t\t\t\t\t\t\t\tdata-ng-show=\"!veicolo.hasStato('mostra-info-listino') && !veicolo.hasStato('mostra-info-misure')\"\n\t\t\t\t\t\t\t\t\tdata-ng-click=\"veicolo.addStato('mostra-info-misure', true)\"\n\t\t\t\t\t\t\t\t\ttabindex=\"0\"\n\t\t\t\t\t\t\t\t>\n\t\t\t\t\t\t\t\t\tmisure\t\t\t\t\t\t\t\t<\/div>\n\t\t\t\t\t\t\t\t\t\t\t\t\t\t<div\n\t\t\t\t\t\t\t\tclass=\"nascondi pulsante\"\n\t\t\t\t\t\t\t\tdata-ng-show=\"veicolo.hasStato('mostra-info-listino') || veicolo.hasStato('mostra-info-misure')\"\n\t\t\t\t\t\t\t\tdata-ng-click=\"veicolo.removeStato('mostra-info-listino'); veicolo.removeStato('mostra-info-misure');\"\n\t\t\t\t\t\t\t\ttabindex=\"0\"\n\t\t\t\t\t\t\t>\n\t\t\t\t\t\t\t\tClose\t\t\t\t\t\t\t<\/div>\n\t\t\t\t\t\t<\/div>\n\n\t\t\t\t\t\t<!-- misure van -->\n\t\t\t\t\t\t\t\t\t\t\t\t<div class=\"info-van d-none d-md-block\">\n\t\t\t\t\t\t\t<table>\n\t\t\t\t\t\t\t\t<tr>\n\t\t\t\t\t\t\t\t\t<td colspan=\"3\">\n\t\t\t\t\t\t\t\t\t\t<h5>Dimensions int\u00e9rieures<\/h5>\n\t\t\t\t\t\t\t\t\t<\/td>\n\t\t\t\t\t\t\t\t<\/tr>\n\t\t\t\t\t\t\t\t\t\t\t\t\t\t\t\t\t<tr>\n\t\t\t\t\t\t\t\t\t\t<td>\n\t\t\t\t\t\t\t\t\t\t\tHauteur:\n\t\t\t\t\t\t\t\t\t\t<\/td>\n\t\t\t\t\t\t\t\t\t\t<td>\n\t\t\t\t\t\t\t\t\t\t\t156 cm\n\t\t\t\t\t\t\t\t\t\t<\/td>\n\t\t\t\t\t\t\t\t\t\t<td rowspan=\"4\">\n\t\t\t\t\t\t\t\t\t\t\t<img class=\"mt-1\" src=\"https:\/\/www.noleggiare.it\/wp-content\/themes\/noleggiare\/img\/van-dimensioni-interne.svg\" \/>\n\t\t\t\t\t\t\t\t\t\t<\/td>\n\t\t\t\t\t\t\t\t\t<\/tr>\n\t\t\t\t\t\t\t\t\t\t\t\t\t\t\t\t\t\t\t\t\t\t\t\t\t<tr>\n\t\t\t\t\t\t\t\t\t\t<td>\n\t\t\t\t\t\t\t\t\t\t\tLargeur:\n\t\t\t\t\t\t\t\t\t\t<\/td>\n\t\t\t\t\t\t\t\t\t\t<td>\n\t\t\t\t\t\t\t\t\t\t\t173 cm\n\t\t\t\t\t\t\t\t\t\t<\/td>\n\t\t\t\t\t\t\t\t\t<\/tr>\n\t\t\t\t\t\t\t\t\t\t\t\t\t\t\t\t\t\t\t\t\t\t\t\t\t<tr>\n\t\t\t\t\t\t\t\t\t\t<td>\n\t\t\t\t\t\t\t\t\t\t\tLongueur:\n\t\t\t\t\t\t\t\t\t\t<\/td>\n\t\t\t\t\t\t\t\t\t\t<td>\n\t\t\t\t\t\t\t\t\t\t\t255 cm\n\t\t\t\t\t\t\t\t\t\t<\/td>\n\t\t\t\t\t\t\t\t\t<\/tr>\n\t\t\t\t\t\t\t\t\t\t\t\t\t\t\t\t\t\t\t\t\t\t\t\t\t<tr>\n\t\t\t\t\t\t\t\t\t\t<td>\n\t\t\t\t\t\t\t\t\t\t\tLargeur passage de roues:\n\t\t\t\t\t\t\t\t\t\t<\/td>\n\t\t\t\t\t\t\t\t\t\t<td>\n\t\t\t\t\t\t\t\t\t\t\t138 cm\n\t\t\t\t\t\t\t\t\t\t<\/td>\n\t\t\t\t\t\t\t\t\t<\/tr>\n\t\t\t\t\t\t\t\t\t\t\t\t\t\t\t\t<tr>\n\t\t\t\t\t\t\t\t\t<td colspan=\"3\">\n\t\t\t\t\t\t\t\t\t\t<h5>Dimensions ext\u00e9rieures<\/h5>\n\t\t\t\t\t\t\t\t\t<\/td>\n\t\t\t\t\t\t\t\t<\/tr>\n\t\t\t\t\t\t\t\t\t\t\t\t\t\t\t\t\t<tr>\n\t\t\t\t\t\t\t\t\t\t<td>\n\t\t\t\t\t\t\t\t\t\t\tHauteur:\n\t\t\t\t\t\t\t\t\t\t<\/td>\n\t\t\t\t\t\t\t\t\t\t<td>\n\t\t\t\t\t\t\t\t\t\t\t223 cm\n\t\t\t\t\t\t\t\t\t\t<\/td>\n\t\t\t\t\t\t\t\t\t\t<td rowspan=\"3\">\n\t\t\t\t\t\t\t\t\t\t\t<img class=\"mt-1\" src=\"https:\/\/www.noleggiare.it\/wp-content\/themes\/noleggiare\/img\/van-dimensioni-esterne.svg\" \/>\n\t\t\t\t\t\t\t\t\t\t<\/td>\n\t\t\t\t\t\t\t\t\t<\/tr>\n\t\t\t\t\t\t\t\t\t\t\t\t\t\t\t\t\t\t\t\t\t\t\t\t\t<tr>\n\t\t\t\t\t\t\t\t\t\t<td>\n\t\t\t\t\t\t\t\t\t\t\tLargeur:\n\t\t\t\t\t\t\t\t\t\t<\/td>\n\t\t\t\t\t\t\t\t\t\t<td>\n\t\t\t\t\t\t\t\t\t\t\t175 cm\n\t\t\t\t\t\t\t\t\t\t<\/td>\n\t\t\t\t\t\t\t\t\t<\/tr>\n\t\t\t\t\t\t\t\t\t\t\t\t\t\t\t\t\t\t\t\t\t\t\t\t\t<tr>\n\t\t\t\t\t\t\t\t\t\t<td>\n\t\t\t\t\t\t\t\t\t\t\tLongueur:\n\t\t\t\t\t\t\t\t\t\t<\/td>\n\t\t\t\t\t\t\t\t\t\t<td>\n\t\t\t\t\t\t\t\t\t\t\t490 cm\n\t\t\t\t\t\t\t\t\t\t<\/td>\n\t\t\t\t\t\t\t\t\t<\/tr>\n\t\t\t\t\t\t\t\t\t<tr>\n\t\t\t\t\t\t\t\t\t\t<td colspan=\"3\">\n\t\t\t\t\t\t\t\t\t\t\t<h5>Plus d\u2019infos<\/h5>\n\t\t\t\t\t\t\t\t\t\t<\/td>\n\t\t\t\t\t\t\t\t\t<\/tr>\n\t\t\t\t\t\t\t\t\t\t\t\t\t\t\t\t\t\t\t\t\t\t\t\t\t<tr>\n\t\t\t\t\t\t\t\t\t\t<td>\n\t\t\t\t\t\t\t\t\t\t\tCharge utile:\n\t\t\t\t\t\t\t\t\t\t<\/td>\n\t\t\t\t\t\t\t\t\t\t<td>\n\t\t\t\t\t\t\t\t\t\t\t923 kg\n\t\t\t\t\t\t\t\t\t\t<\/td>\n\t\t\t\t\t\t\t\t\t\t<td rowspan=\"4\">\n\t\t\t\t\t\t\t\t\t\t\t<img class=\"mt-1\" src=\"https:\/\/www.noleggiare.it\/wp-content\/themes\/noleggiare\/img\/van-altre-info.svg\" \/>\n\t\t\t\t\t\t\t\t\t\t<\/td>\n\t\t\t\t\t\t\t\t\t<\/tr>\n\t\t\t\t\t\t\t\t\t\t\t\t\t\t\t\t\t\t\t\t\t\t\t\t\t<tr>\n\t\t\t\t\t\t\t\t\t\t<td>\n\t\t\t\t\t\t\t\t\t\t\tEmpattement:\n\t\t\t\t\t\t\t\t\t\t<\/td>\n\t\t\t\t\t\t\t\t\t\t<td>\n\t\t\t\t\t\t\t\t\t\t\t308 cm\n\t\t\t\t\t\t\t\t\t\t<\/td>\n\t\t\t\t\t\t\t\t\t<\/tr>\n\t\t\t\t\t\t\t\t\t\t\t\t\t\t\t\t\t\t\t\t\t\t\t\t\t<tr>\n\t\t\t\t\t\t\t\t\t\t<td>\n\t\t\t\t\t\t\t\t\t\t\tDimension de chargement:\n\t\t\t\t\t\t\t\t\t\t<\/td>\n\t\t\t\t\t\t\t\t\t\t<td>\n\t\t\t\t\t\t\t\t\t\t\t8.0 m<sup>3<\/sup>\n\t\t\t\t\t\t\t\t\t\t<\/td>\n\t\t\t\t\t\t\t\t\t<\/tr>\n\t\t\t\t\t\t\t\t\t\t\t\t\t\t\t\t\t\t\t\t\t\t\t\t\t<tr>\n\t\t\t\t\t\t\t\t\t\t<td>\n\t\t\t\t\t\t\t\t\t\t\tCapacit\u00e9 du r\u00e9servoir:\n\t\t\t\t\t\t\t\t\t\t<\/td>\n\t\t\t\t\t\t\t\t\t\t<td>\n\t\t\t\t\t\t\t\t\t\t\t80 l\n\t\t\t\t\t\t\t\t\t\t<\/td>\n\t\t\t\t\t\t\t\t\t<\/tr>\n\t\t\t\t\t\t\t\t\t\t\t\t\t\t\t<\/table>\n\t\t\t\t\t\t\t<tr>\n\t\t\t\t\t\t\t\t<td colspan=\"3\">\n\t\t\t\t\t\t\t\t\t<small>\n\t\t\t\t\t\t\t\t\t\t<br>\n\t\t\t\t\t\t\t\t\t\tLes mesures sont fournies par le fabricant et repr\u00e9sentent des valeurs maximales. <\/br><\/br>Pour les dimensions exactes<\/br> et les mod\u00e8les disponibles,<\/br> veuillez nous contacter directement.\t\t\t\t\t\t\t\t\t<\/small>\n\t\t\t\t\t\t\t\t<\/td>\n\t\t\t\t\t\t\t<\/tr>\n\t\t\t\t\t\t<\/div>\n\t\t\t\t\t\t\n\t\t\t\t\t\t<!-- misure van (mobile) -->\n\t\t\t\t\t\t<div class=\"cnt-misure\">\n\t\t\t\t\t\t\t<table>\n\t\t\t\t\t\t\t\t<tr>\n\t\t\t\t\t\t\t\t\t<td colspan=\"3\">\n\t\t\t\t\t\t\t\t\t\t<h5>Dimensions int\u00e9rieures<\/h5>\n\t\t\t\t\t\t\t\t\t<\/td>\n\t\t\t\t\t\t\t\t<\/tr>\n\t\t\t\t\t\t\t\t\t\t\t\t\t\t\t\t<tr>\n\t\t\t\t\t\t\t\t\t<td>\n\t\t\t\t\t\t\t\t\t\tHauteur:\n\t\t\t\t\t\t\t\t\t<\/td>\n\t\t\t\t\t\t\t\t\t<td>\n\t\t\t\t\t\t\t\t\t\t156 cm\n\t\t\t\t\t\t\t\t\t<\/td>\n\t\t\t\t\t\t\t\t\t<td rowspan=\"4\">\n\t\t\t\t\t\t\t\t\t\t<img class=\"mt-1\" src=\"https:\/\/www.noleggiare.it\/wp-content\/themes\/noleggiare\/img\/van-dimensioni-interne.svg\" \/>\n\t\t\t\t\t\t\t\t\t<\/td>\n\t\t\t\t\t\t\t\t<\/tr>\n\t\t\t\t\t\t\t\t\t\t\t\t\t\t\t\t\t\t\t\t\t\t\t\t<tr>\n\t\t\t\t\t\t\t\t\t<td>\n\t\t\t\t\t\t\t\t\t\tLargeur:\n\t\t\t\t\t\t\t\t\t<\/td>\n\t\t\t\t\t\t\t\t\t<td>\n\t\t\t\t\t\t\t\t\t\t173 cm\n\t\t\t\t\t\t\t\t\t<\/td>\n\t\t\t\t\t\t\t\t<\/tr>\n\t\t\t\t\t\t\t\t\t\t\t\t\t\t\t\t\t\t\t\t\t\t\t\t<tr>\n\t\t\t\t\t\t\t\t\t<td>\n\t\t\t\t\t\t\t\t\t\tLongueur:\n\t\t\t\t\t\t\t\t\t<\/td>\n\t\t\t\t\t\t\t\t\t<td>\n\t\t\t\t\t\t\t\t\t\t255 cm\n\t\t\t\t\t\t\t\t\t<\/td>\n\t\t\t\t\t\t\t\t<\/tr>\n\t\t\t\t\t\t\t\t\t\t\t\t\t\t\t\t\t\t\t\t\t\t\t\t<tr>\n\t\t\t\t\t\t\t\t\t<td>\n\t\t\t\t\t\t\t\t\t\tLargeur passage de roues:\n\t\t\t\t\t\t\t\t\t<\/td>\n\t\t\t\t\t\t\t\t\t<td>\n\t\t\t\t\t\t\t\t\t\t138 cm\n\t\t\t\t\t\t\t\t\t<\/td>\n\t\t\t\t\t\t\t\t<\/tr>\n\t\t\t\t\t\t\t\t<tr>\n\t\t\t\t\t\t\t\t\t<td colspan=\"3\">\n\t\t\t\t\t\t\t\t\t\t<h5>Dimensions ext\u00e9rieures<\/h5>\n\t\t\t\t\t\t\t\t\t<\/td>\n\t\t\t\t\t\t\t\t<\/tr>\n\t\t\t\t\t\t\t\t\t\t\t\t\t\t\t\t\t\t\t\t\t\t\t\t<tr>\n\t\t\t\t\t\t\t\t\t<td>\n\t\t\t\t\t\t\t\t\t\tHauteur:\n\t\t\t\t\t\t\t\t\t<\/td>\n\t\t\t\t\t\t\t\t\t<td>\n\t\t\t\t\t\t\t\t\t\t223 cm\n\t\t\t\t\t\t\t\t\t<\/td>\n\t\t\t\t\t\t\t\t\t<td rowspan=\"3\">\n\t\t\t\t\t\t\t\t\t\t<img class=\"mt-1\" src=\"https:\/\/www.noleggiare.it\/wp-content\/themes\/noleggiare\/img\/van-dimensioni-esterne.svg\" \/>\n\t\t\t\t\t\t\t\t\t<\/td>\n\t\t\t\t\t\t\t\t<\/tr>\n\t\t\t\t\t\t\t\t\t\t\t\t\t\t\t\t\t\t\t\t\t\t\t\t<tr>\n\t\t\t\t\t\t\t\t\t<td>\n\t\t\t\t\t\t\t\t\t\tLargeur:\n\t\t\t\t\t\t\t\t\t<\/td>\n\t\t\t\t\t\t\t\t\t<td>\n\t\t\t\t\t\t\t\t\t\t175 cm\n\t\t\t\t\t\t\t\t\t<\/td>\n\t\t\t\t\t\t\t\t<\/tr>\n\t\t\t\t\t\t\t\t\t\t\t\t\t\t\t\t\t\t\t\t\t\t\t\t<tr>\n\t\t\t\t\t\t\t\t\t<td>\n\t\t\t\t\t\t\t\t\t\tLongueur:\n\t\t\t\t\t\t\t\t\t<\/td>\n\t\t\t\t\t\t\t\t\t<td>\n\t\t\t\t\t\t\t\t\t\t490 cm\n\t\t\t\t\t\t\t\t\t<\/td>\n\t\t\t\t\t\t\t\t<\/tr>\n\t\t\t\t\t\t\t\t<tr>\n\t\t\t\t\t\t\t\t\t<td colspan=\"3\">\n\t\t\t\t\t\t\t\t\t\t<h5>Plus d\u2019infos<\/h5>\n\t\t\t\t\t\t\t\t\t<\/td>\n\t\t\t\t\t\t\t\t<\/tr>\n\t\t\t\t\t\t\t\t\t\t\t\t\t\t\t\t\t\t\t\t\t\t\t\t<tr>\n\t\t\t\t\t\t\t\t\t<td>\n\t\t\t\t\t\t\t\t\t\tCharge utile:\n\t\t\t\t\t\t\t\t\t<\/td>\n\t\t\t\t\t\t\t\t\t<td>\n\t\t\t\t\t\t\t\t\t\t923 kg\n\t\t\t\t\t\t\t\t\t<\/td>\n\t\t\t\t\t\t\t\t\t<td rowspan=\"4\">\n\t\t\t\t\t\t\t\t\t\t<img class=\"mt-1\" src=\"https:\/\/www.noleggiare.it\/wp-content\/themes\/noleggiare\/img\/van-altre-info.svg\" \/>\n\t\t\t\t\t\t\t\t\t<\/td>\n\t\t\t\t\t\t\t\t<\/tr>\n\t\t\t\t\t\t\t\t\t\t\t\t\t\t\t\t\t\t\t\t\t\t\t\t<tr>\n\t\t\t\t\t\t\t\t\t<td>\n\t\t\t\t\t\t\t\t\t\tEmpattement:\n\t\t\t\t\t\t\t\t\t<\/td>\n\t\t\t\t\t\t\t\t\t<td>\n\t\t\t\t\t\t\t\t\t\t308 cm\n\t\t\t\t\t\t\t\t\t<\/td>\n\t\t\t\t\t\t\t\t<\/tr>\n\t\t\t\t\t\t\t\t\t\t\t\t\t\t\t\t\t\t\t\t\t\t\t\t<tr>\n\t\t\t\t\t\t\t\t\t<td>\n\t\t\t\t\t\t\t\t\t\tDimension de chargement:\n\t\t\t\t\t\t\t\t\t<\/td>\n\t\t\t\t\t\t\t\t\t<td>\n\t\t\t\t\t\t\t\t\t\t8.0 m<sup>3<\/sup>\n\t\t\t\t\t\t\t\t\t<\/td>\n\t\t\t\t\t\t\t\t<\/tr>\n\t\t\t\t\t\t\t\t\t\t\t\t\t\t\t\t\t\t\t\t\t\t\t\t<tr>\n\t\t\t\t\t\t\t\t\t<td>\n\t\t\t\t\t\t\t\t\t\tCapacit\u00e9 du r\u00e9servoir:\n\t\t\t\t\t\t\t\t\t<\/td>\n\t\t\t\t\t\t\t\t\t<td>\n\t\t\t\t\t\t\t\t\t\t80 l\n\t\t\t\t\t\t\t\t\t<\/td>\n\t\t\t\t\t\t\t\t<\/tr>\n\t\t\t\t\t\t\t\t\t\t\t\t\t\t\t\t<tr>\n\t\t\t\t\t\t\t\t\t<td colspan=\"3\">\n\t\t\t\t\t\t\t\t\t\t<small>\n\t\t\t\t\t\t\t\t\t\t\t<br>\n\t\t\t\t\t\t\t\t\t\t\tLes mesures sont fournies par le fabricant et repr\u00e9sentent des valeurs maximales. <\/br><\/br>Pour les dimensions exactes<\/br> et les mod\u00e8les disponibles,<\/br> veuillez nous contacter directement.\t\t\t\t\t\t\t\t\t\t<\/small>\n\t\t\t\t\t\t\t\t\t<\/td>\n\t\t\t\t\t\t\t\t<\/tr>\n\t\t\t\t\t\t\t<\/table>\n\t\t\t\t\t\t<\/div>\n\n\t\t\t\t\t\t<div class=\"prezzo text-center\">\n\t\t\t\t\t\t\t<a class=\"btn-espandi-promo btn btn-secondary mt-5\" href=\"#prenota\">\n\t\t\t\t\t\t\t\t<i aria-hidden=\"true\" class=\"fas fa-arrow-circle-up\"><\/i>\n\t\t\t\t\t\t\t\tGo to booking\t\t\t\t\t\t\t<\/a>\n\t\t\t\t\t\t<\/div>\n\n\t\t\t\t\t\t<!-- informazioni veicolo (auto e van) -->\n\t\t\t\t\t\t\t\t\t\t\t\t<div class=\"optional\">\n\t\t\t\t\t\t\t<ul>\n\t\t\t\t\t\t\t\t\t\t\t\t\t\t\t\t\t<li ng-class=\"veicolo.isElettrico('Diesel') ? 'ico-alimentazione-e' : 'ico-alimentazione'\">Diesel<\/li>\n\t\t\t\t\t\t\t\t\t\t\t\t\t\t\t\t\t\t\t\t\t\t\t\t\t<li class=\"ico-porte\">4<\/li>\n\t\t\t\t\t\t\t\t\t\t\t\t\t\t\t\t\t\t\t\t\t\t\t\t\t\t\t\t\t\t\t\t\t<li class=\"ico-trasmissione\">Bo\u00eete manuelle<\/li>\n\t\t\t\t\t\t\t\t\t\t\t\t\t\t\t\t\t\t\t\t\t\t\t\t\t<li class=\"ico-posti\">3<\/li>\n\t\t\t\t\t\t\t\t\t\t\t\t\t\t\t<\/ul>\n\t\t\t\t\t\t<\/div>\n\t\t\t\t\t\t\n\t\t\t\t\t<\/div><!-- \/.veicolo -->\n\n\t\t\t\t<\/div>\n\n\t\t\t<\/div><!-- \/.lista-auto -->\n\n\t\t\n\t\t\t<!-- elenco auto -->\n\t\t\t<div class=\"col-12 mb-4 col-xl-6 col-xxl-4\">\n\t\t\t\t<div\n\t\t\t\t\tclass=\"veicolo van\"\n\t\t\t\t\tdata-ng-controller=\"VeicoloController as veicolo\"\n\t\t\t\t\tdata-ng-mouseenter=\"!veicolo.hasStato('scelta-listino') && veicolo.addStato('hover')\"\n\t\t\t\t\tdata-ng-class=\"[veicolo.getStato()]\"\n\t\t\t\t>\n\n\t\t\t\t\t<div class=\"h-100\">\n\n\t\t\t\t\t\t<!-- nome modello -->\n\t\t\t\t\t\t<div class=\"tipo\" style=\"line-height: 1\">\n\t\t\t\t\t\t\t<h5 class=\"font-weight-bold mb-0\">Ford Transit  L3H2 <small>(Groupe <strong>Z3A<\/strong>)<\/small><\/h5>\n\t\t\t\t\t\t\t<small>ou similaire*<\/small>\n\t\t\t\t\t\t<\/div>\n\n\t\t\t\t\t\t\t\t\t\t\t\t<div class=\"descrizione w-50\">\n\t\t\t\t\t\t\t<span class=\"text-secondary\">Passo lungo - Long wheelbase<\/span>\n\t\t\t\t\t\t<\/div>\n\t\t\t\t\t\t\n\t\t\t\t\t\t<!-- immagine -->\n\t\t\t\t\t\t<img class=\"img\" src=\"https:\/\/bo.noleggiare.it\/immagini\/auto\/689deb2e70446_Z3A.png\" \/>\n\n\t\t\t\t\t\t<!-- elettrico -->\n\t\t\t\t\t\t<img class=\"img-elettrico\" ng-if=\"veicolo.isElettrico('Diesel')\" ng-src=\"https:\/\/www.noleggiare.it\/wp-content\/themes\/noleggiare\/img\/ico-elettric.svg\" \/>\n\n\t\t\t\t\t\t<!-- pulsantiera -->\n\t\t\t\t\t\t<div class=\"pulsantiera\" data-ng-click=\"$event.stopPropagation()\">\n\t\t\t\t\t\t\t\t\t\t\t\t\t\t\t<div\n\t\t\t\t\t\t\t\t\tclass=\"misure pulsante d-block d-md-none\"\n\t\t\t\t\t\t\t\t\tdata-ng-show=\"!veicolo.hasStato('mostra-info-listino') && !veicolo.hasStato('mostra-info-misure')\"\n\t\t\t\t\t\t\t\t\tdata-ng-click=\"veicolo.addStato('mostra-info-misure', true)\"\n\t\t\t\t\t\t\t\t\ttabindex=\"0\"\n\t\t\t\t\t\t\t\t>\n\t\t\t\t\t\t\t\t\tmisure\t\t\t\t\t\t\t\t<\/div>\n\t\t\t\t\t\t\t\t\t\t\t\t\t\t<div\n\t\t\t\t\t\t\t\tclass=\"nascondi pulsante\"\n\t\t\t\t\t\t\t\tdata-ng-show=\"veicolo.hasStato('mostra-info-listino') || veicolo.hasStato('mostra-info-misure')\"\n\t\t\t\t\t\t\t\tdata-ng-click=\"veicolo.removeStato('mostra-info-listino'); veicolo.removeStato('mostra-info-misure');\"\n\t\t\t\t\t\t\t\ttabindex=\"0\"\n\t\t\t\t\t\t\t>\n\t\t\t\t\t\t\t\tClose\t\t\t\t\t\t\t<\/div>\n\t\t\t\t\t\t<\/div>\n\n\t\t\t\t\t\t<!-- misure van -->\n\t\t\t\t\t\t\t\t\t\t\t\t<div class=\"info-van d-none d-md-block\">\n\t\t\t\t\t\t\t<table>\n\t\t\t\t\t\t\t\t<tr>\n\t\t\t\t\t\t\t\t\t<td colspan=\"3\">\n\t\t\t\t\t\t\t\t\t\t<h5>Dimensions int\u00e9rieures<\/h5>\n\t\t\t\t\t\t\t\t\t<\/td>\n\t\t\t\t\t\t\t\t<\/tr>\n\t\t\t\t\t\t\t\t\t\t\t\t\t\t\t\t\t<tr>\n\t\t\t\t\t\t\t\t\t\t<td>\n\t\t\t\t\t\t\t\t\t\t\tHauteur:\n\t\t\t\t\t\t\t\t\t\t<\/td>\n\t\t\t\t\t\t\t\t\t\t<td>\n\t\t\t\t\t\t\t\t\t\t\t188 cm\n\t\t\t\t\t\t\t\t\t\t<\/td>\n\t\t\t\t\t\t\t\t\t\t<td rowspan=\"4\">\n\t\t\t\t\t\t\t\t\t\t\t<img class=\"mt-1\" src=\"https:\/\/www.noleggiare.it\/wp-content\/themes\/noleggiare\/img\/van-dimensioni-interne.svg\" \/>\n\t\t\t\t\t\t\t\t\t\t<\/td>\n\t\t\t\t\t\t\t\t\t<\/tr>\n\t\t\t\t\t\t\t\t\t\t\t\t\t\t\t\t\t\t\t\t\t\t\t\t\t<tr>\n\t\t\t\t\t\t\t\t\t\t<td>\n\t\t\t\t\t\t\t\t\t\t\tLargeur:\n\t\t\t\t\t\t\t\t\t\t<\/td>\n\t\t\t\t\t\t\t\t\t\t<td>\n\t\t\t\t\t\t\t\t\t\t\t178 cm\n\t\t\t\t\t\t\t\t\t\t<\/td>\n\t\t\t\t\t\t\t\t\t<\/tr>\n\t\t\t\t\t\t\t\t\t\t\t\t\t\t\t\t\t\t\t\t\t\t\t\t\t<tr>\n\t\t\t\t\t\t\t\t\t\t<td>\n\t\t\t\t\t\t\t\t\t\t\tLongueur:\n\t\t\t\t\t\t\t\t\t\t<\/td>\n\t\t\t\t\t\t\t\t\t\t<td>\n\t\t\t\t\t\t\t\t\t\t\t349 cm\n\t\t\t\t\t\t\t\t\t\t<\/td>\n\t\t\t\t\t\t\t\t\t<\/tr>\n\t\t\t\t\t\t\t\t\t\t\t\t\t\t\t\t\t\t\t\t\t\t\t\t\t<tr>\n\t\t\t\t\t\t\t\t\t\t<td>\n\t\t\t\t\t\t\t\t\t\t\tLargeur passage de roues:\n\t\t\t\t\t\t\t\t\t\t<\/td>\n\t\t\t\t\t\t\t\t\t\t<td>\n\t\t\t\t\t\t\t\t\t\t\t139 cm\n\t\t\t\t\t\t\t\t\t\t<\/td>\n\t\t\t\t\t\t\t\t\t<\/tr>\n\t\t\t\t\t\t\t\t\t\t\t\t\t\t\t\t<tr>\n\t\t\t\t\t\t\t\t\t<td colspan=\"3\">\n\t\t\t\t\t\t\t\t\t\t<h5>Dimensions ext\u00e9rieures<\/h5>\n\t\t\t\t\t\t\t\t\t<\/td>\n\t\t\t\t\t\t\t\t<\/tr>\n\t\t\t\t\t\t\t\t\t\t\t\t\t\t\t\t\t<tr>\n\t\t\t\t\t\t\t\t\t\t<td>\n\t\t\t\t\t\t\t\t\t\t\tHauteur:\n\t\t\t\t\t\t\t\t\t\t<\/td>\n\t\t\t\t\t\t\t\t\t\t<td>\n\t\t\t\t\t\t\t\t\t\t\t253 cm\n\t\t\t\t\t\t\t\t\t\t<\/td>\n\t\t\t\t\t\t\t\t\t\t<td rowspan=\"3\">\n\t\t\t\t\t\t\t\t\t\t\t<img class=\"mt-1\" src=\"https:\/\/www.noleggiare.it\/wp-content\/themes\/noleggiare\/img\/van-dimensioni-esterne.svg\" \/>\n\t\t\t\t\t\t\t\t\t\t<\/td>\n\t\t\t\t\t\t\t\t\t<\/tr>\n\t\t\t\t\t\t\t\t\t\t\t\t\t\t\t\t\t\t\t\t\t\t\t\t\t<tr>\n\t\t\t\t\t\t\t\t\t\t<td>\n\t\t\t\t\t\t\t\t\t\t\tLargeur:\n\t\t\t\t\t\t\t\t\t\t<\/td>\n\t\t\t\t\t\t\t\t\t\t<td>\n\t\t\t\t\t\t\t\t\t\t\t211 cm\n\t\t\t\t\t\t\t\t\t\t<\/td>\n\t\t\t\t\t\t\t\t\t<\/tr>\n\t\t\t\t\t\t\t\t\t\t\t\t\t\t\t\t\t\t\t\t\t\t\t\t\t<tr>\n\t\t\t\t\t\t\t\t\t\t<td>\n\t\t\t\t\t\t\t\t\t\t\tLongueur:\n\t\t\t\t\t\t\t\t\t\t<\/td>\n\t\t\t\t\t\t\t\t\t\t<td>\n\t\t\t\t\t\t\t\t\t\t\t598 cm\n\t\t\t\t\t\t\t\t\t\t<\/td>\n\t\t\t\t\t\t\t\t\t<\/tr>\n\t\t\t\t\t\t\t\t\t<tr>\n\t\t\t\t\t\t\t\t\t\t<td colspan=\"3\">\n\t\t\t\t\t\t\t\t\t\t\t<h5>Plus d\u2019infos<\/h5>\n\t\t\t\t\t\t\t\t\t\t<\/td>\n\t\t\t\t\t\t\t\t\t<\/tr>\n\t\t\t\t\t\t\t\t\t\t\t\t\t\t\t\t\t\t\t\t\t\t\t\t\t<tr>\n\t\t\t\t\t\t\t\t\t\t<td>\n\t\t\t\t\t\t\t\t\t\t\tCharge utile:\n\t\t\t\t\t\t\t\t\t\t<\/td>\n\t\t\t\t\t\t\t\t\t\t<td>\n\t\t\t\t\t\t\t\t\t\t\t1290 kg\n\t\t\t\t\t\t\t\t\t\t<\/td>\n\t\t\t\t\t\t\t\t\t\t<td rowspan=\"4\">\n\t\t\t\t\t\t\t\t\t\t\t<img class=\"mt-1\" src=\"https:\/\/www.noleggiare.it\/wp-content\/themes\/noleggiare\/img\/van-altre-info.svg\" \/>\n\t\t\t\t\t\t\t\t\t\t<\/td>\n\t\t\t\t\t\t\t\t\t<\/tr>\n\t\t\t\t\t\t\t\t\t\t\t\t\t\t\t\t\t\t\t\t\t\t\t\t\t<tr>\n\t\t\t\t\t\t\t\t\t\t<td>\n\t\t\t\t\t\t\t\t\t\t\tEmpattement:\n\t\t\t\t\t\t\t\t\t\t<\/td>\n\t\t\t\t\t\t\t\t\t\t<td>\n\t\t\t\t\t\t\t\t\t\t\t375 cm\n\t\t\t\t\t\t\t\t\t\t<\/td>\n\t\t\t\t\t\t\t\t\t<\/tr>\n\t\t\t\t\t\t\t\t\t\t\t\t\t\t\t\t\t\t\t\t\t\t\t\t\t<tr>\n\t\t\t\t\t\t\t\t\t\t<td>\n\t\t\t\t\t\t\t\t\t\t\tDimension de chargement:\n\t\t\t\t\t\t\t\t\t\t<\/td>\n\t\t\t\t\t\t\t\t\t\t<td>\n\t\t\t\t\t\t\t\t\t\t\t11.5 m<sup>3<\/sup>\n\t\t\t\t\t\t\t\t\t\t<\/td>\n\t\t\t\t\t\t\t\t\t<\/tr>\n\t\t\t\t\t\t\t\t\t\t\t\t\t\t\t\t\t\t\t\t\t\t\t\t\t<tr>\n\t\t\t\t\t\t\t\t\t\t<td>\n\t\t\t\t\t\t\t\t\t\t\tCapacit\u00e9 du r\u00e9servoir:\n\t\t\t\t\t\t\t\t\t\t<\/td>\n\t\t\t\t\t\t\t\t\t\t<td>\n\t\t\t\t\t\t\t\t\t\t\t80 l\n\t\t\t\t\t\t\t\t\t\t<\/td>\n\t\t\t\t\t\t\t\t\t<\/tr>\n\t\t\t\t\t\t\t\t\t\t\t\t\t\t\t<\/table>\n\t\t\t\t\t\t\t<tr>\n\t\t\t\t\t\t\t\t<td colspan=\"3\">\n\t\t\t\t\t\t\t\t\t<small>\n\t\t\t\t\t\t\t\t\t\t<br>\n\t\t\t\t\t\t\t\t\t\tLes mesures sont fournies par le fabricant et repr\u00e9sentent des valeurs maximales. <\/br><\/br>Pour les dimensions exactes<\/br> et les mod\u00e8les disponibles,<\/br> veuillez nous contacter directement.\t\t\t\t\t\t\t\t\t<\/small>\n\t\t\t\t\t\t\t\t<\/td>\n\t\t\t\t\t\t\t<\/tr>\n\t\t\t\t\t\t<\/div>\n\t\t\t\t\t\t\n\t\t\t\t\t\t<!-- misure van (mobile) -->\n\t\t\t\t\t\t<div class=\"cnt-misure\">\n\t\t\t\t\t\t\t<table>\n\t\t\t\t\t\t\t\t<tr>\n\t\t\t\t\t\t\t\t\t<td colspan=\"3\">\n\t\t\t\t\t\t\t\t\t\t<h5>Dimensions int\u00e9rieures<\/h5>\n\t\t\t\t\t\t\t\t\t<\/td>\n\t\t\t\t\t\t\t\t<\/tr>\n\t\t\t\t\t\t\t\t\t\t\t\t\t\t\t\t<tr>\n\t\t\t\t\t\t\t\t\t<td>\n\t\t\t\t\t\t\t\t\t\tHauteur:\n\t\t\t\t\t\t\t\t\t<\/td>\n\t\t\t\t\t\t\t\t\t<td>\n\t\t\t\t\t\t\t\t\t\t188 cm\n\t\t\t\t\t\t\t\t\t<\/td>\n\t\t\t\t\t\t\t\t\t<td rowspan=\"4\">\n\t\t\t\t\t\t\t\t\t\t<img class=\"mt-1\" src=\"https:\/\/www.noleggiare.it\/wp-content\/themes\/noleggiare\/img\/van-dimensioni-interne.svg\" \/>\n\t\t\t\t\t\t\t\t\t<\/td>\n\t\t\t\t\t\t\t\t<\/tr>\n\t\t\t\t\t\t\t\t\t\t\t\t\t\t\t\t\t\t\t\t\t\t\t\t<tr>\n\t\t\t\t\t\t\t\t\t<td>\n\t\t\t\t\t\t\t\t\t\tLargeur:\n\t\t\t\t\t\t\t\t\t<\/td>\n\t\t\t\t\t\t\t\t\t<td>\n\t\t\t\t\t\t\t\t\t\t178 cm\n\t\t\t\t\t\t\t\t\t<\/td>\n\t\t\t\t\t\t\t\t<\/tr>\n\t\t\t\t\t\t\t\t\t\t\t\t\t\t\t\t\t\t\t\t\t\t\t\t<tr>\n\t\t\t\t\t\t\t\t\t<td>\n\t\t\t\t\t\t\t\t\t\tLongueur:\n\t\t\t\t\t\t\t\t\t<\/td>\n\t\t\t\t\t\t\t\t\t<td>\n\t\t\t\t\t\t\t\t\t\t349 cm\n\t\t\t\t\t\t\t\t\t<\/td>\n\t\t\t\t\t\t\t\t<\/tr>\n\t\t\t\t\t\t\t\t\t\t\t\t\t\t\t\t\t\t\t\t\t\t\t\t<tr>\n\t\t\t\t\t\t\t\t\t<td>\n\t\t\t\t\t\t\t\t\t\tLargeur passage de roues:\n\t\t\t\t\t\t\t\t\t<\/td>\n\t\t\t\t\t\t\t\t\t<td>\n\t\t\t\t\t\t\t\t\t\t139 cm\n\t\t\t\t\t\t\t\t\t<\/td>\n\t\t\t\t\t\t\t\t<\/tr>\n\t\t\t\t\t\t\t\t<tr>\n\t\t\t\t\t\t\t\t\t<td colspan=\"3\">\n\t\t\t\t\t\t\t\t\t\t<h5>Dimensions ext\u00e9rieures<\/h5>\n\t\t\t\t\t\t\t\t\t<\/td>\n\t\t\t\t\t\t\t\t<\/tr>\n\t\t\t\t\t\t\t\t\t\t\t\t\t\t\t\t\t\t\t\t\t\t\t\t<tr>\n\t\t\t\t\t\t\t\t\t<td>\n\t\t\t\t\t\t\t\t\t\tHauteur:\n\t\t\t\t\t\t\t\t\t<\/td>\n\t\t\t\t\t\t\t\t\t<td>\n\t\t\t\t\t\t\t\t\t\t253 cm\n\t\t\t\t\t\t\t\t\t<\/td>\n\t\t\t\t\t\t\t\t\t<td rowspan=\"3\">\n\t\t\t\t\t\t\t\t\t\t<img class=\"mt-1\" src=\"https:\/\/www.noleggiare.it\/wp-content\/themes\/noleggiare\/img\/van-dimensioni-esterne.svg\" \/>\n\t\t\t\t\t\t\t\t\t<\/td>\n\t\t\t\t\t\t\t\t<\/tr>\n\t\t\t\t\t\t\t\t\t\t\t\t\t\t\t\t\t\t\t\t\t\t\t\t<tr>\n\t\t\t\t\t\t\t\t\t<td>\n\t\t\t\t\t\t\t\t\t\tLargeur:\n\t\t\t\t\t\t\t\t\t<\/td>\n\t\t\t\t\t\t\t\t\t<td>\n\t\t\t\t\t\t\t\t\t\t211 cm\n\t\t\t\t\t\t\t\t\t<\/td>\n\t\t\t\t\t\t\t\t<\/tr>\n\t\t\t\t\t\t\t\t\t\t\t\t\t\t\t\t\t\t\t\t\t\t\t\t<tr>\n\t\t\t\t\t\t\t\t\t<td>\n\t\t\t\t\t\t\t\t\t\tLongueur:\n\t\t\t\t\t\t\t\t\t<\/td>\n\t\t\t\t\t\t\t\t\t<td>\n\t\t\t\t\t\t\t\t\t\t598 cm\n\t\t\t\t\t\t\t\t\t<\/td>\n\t\t\t\t\t\t\t\t<\/tr>\n\t\t\t\t\t\t\t\t<tr>\n\t\t\t\t\t\t\t\t\t<td colspan=\"3\">\n\t\t\t\t\t\t\t\t\t\t<h5>Plus d\u2019infos<\/h5>\n\t\t\t\t\t\t\t\t\t<\/td>\n\t\t\t\t\t\t\t\t<\/tr>\n\t\t\t\t\t\t\t\t\t\t\t\t\t\t\t\t\t\t\t\t\t\t\t\t<tr>\n\t\t\t\t\t\t\t\t\t<td>\n\t\t\t\t\t\t\t\t\t\tCharge utile:\n\t\t\t\t\t\t\t\t\t<\/td>\n\t\t\t\t\t\t\t\t\t<td>\n\t\t\t\t\t\t\t\t\t\t1290 kg\n\t\t\t\t\t\t\t\t\t<\/td>\n\t\t\t\t\t\t\t\t\t<td rowspan=\"4\">\n\t\t\t\t\t\t\t\t\t\t<img class=\"mt-1\" src=\"https:\/\/www.noleggiare.it\/wp-content\/themes\/noleggiare\/img\/van-altre-info.svg\" \/>\n\t\t\t\t\t\t\t\t\t<\/td>\n\t\t\t\t\t\t\t\t<\/tr>\n\t\t\t\t\t\t\t\t\t\t\t\t\t\t\t\t\t\t\t\t\t\t\t\t<tr>\n\t\t\t\t\t\t\t\t\t<td>\n\t\t\t\t\t\t\t\t\t\tEmpattement:\n\t\t\t\t\t\t\t\t\t<\/td>\n\t\t\t\t\t\t\t\t\t<td>\n\t\t\t\t\t\t\t\t\t\t375 cm\n\t\t\t\t\t\t\t\t\t<\/td>\n\t\t\t\t\t\t\t\t<\/tr>\n\t\t\t\t\t\t\t\t\t\t\t\t\t\t\t\t\t\t\t\t\t\t\t\t<tr>\n\t\t\t\t\t\t\t\t\t<td>\n\t\t\t\t\t\t\t\t\t\tDimension de chargement:\n\t\t\t\t\t\t\t\t\t<\/td>\n\t\t\t\t\t\t\t\t\t<td>\n\t\t\t\t\t\t\t\t\t\t11.5 m<sup>3<\/sup>\n\t\t\t\t\t\t\t\t\t<\/td>\n\t\t\t\t\t\t\t\t<\/tr>\n\t\t\t\t\t\t\t\t\t\t\t\t\t\t\t\t\t\t\t\t\t\t\t\t<tr>\n\t\t\t\t\t\t\t\t\t<td>\n\t\t\t\t\t\t\t\t\t\tCapacit\u00e9 du r\u00e9servoir:\n\t\t\t\t\t\t\t\t\t<\/td>\n\t\t\t\t\t\t\t\t\t<td>\n\t\t\t\t\t\t\t\t\t\t80 l\n\t\t\t\t\t\t\t\t\t<\/td>\n\t\t\t\t\t\t\t\t<\/tr>\n\t\t\t\t\t\t\t\t\t\t\t\t\t\t\t\t<tr>\n\t\t\t\t\t\t\t\t\t<td colspan=\"3\">\n\t\t\t\t\t\t\t\t\t\t<small>\n\t\t\t\t\t\t\t\t\t\t\t<br>\n\t\t\t\t\t\t\t\t\t\t\tLes mesures sont fournies par le fabricant et repr\u00e9sentent des valeurs maximales. <\/br><\/br>Pour les dimensions exactes<\/br> et les mod\u00e8les disponibles,<\/br> veuillez nous contacter directement.\t\t\t\t\t\t\t\t\t\t<\/small>\n\t\t\t\t\t\t\t\t\t<\/td>\n\t\t\t\t\t\t\t\t<\/tr>\n\t\t\t\t\t\t\t<\/table>\n\t\t\t\t\t\t<\/div>\n\n\t\t\t\t\t\t<div class=\"prezzo text-center\">\n\t\t\t\t\t\t\t<a class=\"btn-espandi-promo btn btn-secondary mt-5\" href=\"#prenota\">\n\t\t\t\t\t\t\t\t<i aria-hidden=\"true\" class=\"fas fa-arrow-circle-up\"><\/i>\n\t\t\t\t\t\t\t\tGo to booking\t\t\t\t\t\t\t<\/a>\n\t\t\t\t\t\t<\/div>\n\n\t\t\t\t\t\t<!-- informazioni veicolo (auto e van) -->\n\t\t\t\t\t\t\t\t\t\t\t\t<div class=\"optional\">\n\t\t\t\t\t\t\t<ul>\n\t\t\t\t\t\t\t\t\t\t\t\t\t\t\t\t\t<li ng-class=\"veicolo.isElettrico('Diesel') ? 'ico-alimentazione-e' : 'ico-alimentazione'\">Diesel<\/li>\n\t\t\t\t\t\t\t\t\t\t\t\t\t\t\t\t\t\t\t\t\t\t\t\t\t<li class=\"ico-porte\">5<\/li>\n\t\t\t\t\t\t\t\t\t\t\t\t\t\t\t\t\t\t\t\t\t\t\t\t\t\t\t\t\t\t\t\t\t<li class=\"ico-trasmissione\">Bo\u00eete manuelle<\/li>\n\t\t\t\t\t\t\t\t\t\t\t\t\t\t\t\t\t\t\t\t\t\t\t\t\t<li class=\"ico-posti\">3<\/li>\n\t\t\t\t\t\t\t\t\t\t\t\t\t\t\t<\/ul>\n\t\t\t\t\t\t<\/div>\n\t\t\t\t\t\t\n\t\t\t\t\t<\/div><!-- \/.veicolo -->\n\n\t\t\t\t<\/div>\n\n\t\t\t<\/div><!-- \/.lista-auto -->\n\n\t\t\n\t\t\t<!-- elenco auto -->\n\t\t\t<div class=\"col-12 mb-4 col-xl-6 col-xxl-4\">\n\t\t\t\t<div\n\t\t\t\t\tclass=\"veicolo van\"\n\t\t\t\t\tdata-ng-controller=\"VeicoloController as veicolo\"\n\t\t\t\t\tdata-ng-mouseenter=\"!veicolo.hasStato('scelta-listino') && veicolo.addStato('hover')\"\n\t\t\t\t\tdata-ng-class=\"[veicolo.getStato()]\"\n\t\t\t\t>\n\n\t\t\t\t\t<div class=\"h-100\">\n\n\t\t\t\t\t\t<!-- nome modello -->\n\t\t\t\t\t\t<div class=\"tipo\" style=\"line-height: 1\">\n\t\t\t\t\t\t\t<h5 class=\"font-weight-bold mb-0\">Peugeot Boxer L3H2 <small>(Groupe <strong>Z3A<\/strong>)<\/small><\/h5>\n\t\t\t\t\t\t\t<small>ou similaire*<\/small>\n\t\t\t\t\t\t<\/div>\n\n\t\t\t\t\t\t\t\t\t\t\t\t<div class=\"descrizione w-50\">\n\t\t\t\t\t\t\t<span class=\"text-secondary\">Passo lungo - Long wheelbase<\/span>\n\t\t\t\t\t\t<\/div>\n\t\t\t\t\t\t\n\t\t\t\t\t\t<!-- immagine -->\n\t\t\t\t\t\t<img class=\"img\" src=\"https:\/\/bo.noleggiare.it\/immagini\/auto\/689610095ca35_Peugeot-Boxer-L3H2.png\" \/>\n\n\t\t\t\t\t\t<!-- elettrico -->\n\t\t\t\t\t\t<img class=\"img-elettrico\" ng-if=\"veicolo.isElettrico('Diesel')\" ng-src=\"https:\/\/www.noleggiare.it\/wp-content\/themes\/noleggiare\/img\/ico-elettric.svg\" \/>\n\n\t\t\t\t\t\t<!-- pulsantiera -->\n\t\t\t\t\t\t<div class=\"pulsantiera\" data-ng-click=\"$event.stopPropagation()\">\n\t\t\t\t\t\t\t\t\t\t\t\t\t\t\t<div\n\t\t\t\t\t\t\t\t\tclass=\"misure pulsante d-block d-md-none\"\n\t\t\t\t\t\t\t\t\tdata-ng-show=\"!veicolo.hasStato('mostra-info-listino') && !veicolo.hasStato('mostra-info-misure')\"\n\t\t\t\t\t\t\t\t\tdata-ng-click=\"veicolo.addStato('mostra-info-misure', true)\"\n\t\t\t\t\t\t\t\t\ttabindex=\"0\"\n\t\t\t\t\t\t\t\t>\n\t\t\t\t\t\t\t\t\tmisure\t\t\t\t\t\t\t\t<\/div>\n\t\t\t\t\t\t\t\t\t\t\t\t\t\t<div\n\t\t\t\t\t\t\t\tclass=\"nascondi pulsante\"\n\t\t\t\t\t\t\t\tdata-ng-show=\"veicolo.hasStato('mostra-info-listino') || veicolo.hasStato('mostra-info-misure')\"\n\t\t\t\t\t\t\t\tdata-ng-click=\"veicolo.removeStato('mostra-info-listino'); veicolo.removeStato('mostra-info-misure');\"\n\t\t\t\t\t\t\t\ttabindex=\"0\"\n\t\t\t\t\t\t\t>\n\t\t\t\t\t\t\t\tClose\t\t\t\t\t\t\t<\/div>\n\t\t\t\t\t\t<\/div>\n\n\t\t\t\t\t\t<!-- misure van -->\n\t\t\t\t\t\t\t\t\t\t\t\t<div class=\"info-van d-none d-md-block\">\n\t\t\t\t\t\t\t<table>\n\t\t\t\t\t\t\t\t<tr>\n\t\t\t\t\t\t\t\t\t<td colspan=\"3\">\n\t\t\t\t\t\t\t\t\t\t<h5>Dimensions int\u00e9rieures<\/h5>\n\t\t\t\t\t\t\t\t\t<\/td>\n\t\t\t\t\t\t\t\t<\/tr>\n\t\t\t\t\t\t\t\t\t\t\t\t\t\t\t\t\t<tr>\n\t\t\t\t\t\t\t\t\t\t<td>\n\t\t\t\t\t\t\t\t\t\t\tHauteur:\n\t\t\t\t\t\t\t\t\t\t<\/td>\n\t\t\t\t\t\t\t\t\t\t<td>\n\t\t\t\t\t\t\t\t\t\t\t193 cm\n\t\t\t\t\t\t\t\t\t\t<\/td>\n\t\t\t\t\t\t\t\t\t\t<td rowspan=\"4\">\n\t\t\t\t\t\t\t\t\t\t\t<img class=\"mt-1\" src=\"https:\/\/www.noleggiare.it\/wp-content\/themes\/noleggiare\/img\/van-dimensioni-interne.svg\" \/>\n\t\t\t\t\t\t\t\t\t\t<\/td>\n\t\t\t\t\t\t\t\t\t<\/tr>\n\t\t\t\t\t\t\t\t\t\t\t\t\t\t\t\t\t\t\t\t\t\t\t\t\t<tr>\n\t\t\t\t\t\t\t\t\t\t<td>\n\t\t\t\t\t\t\t\t\t\t\tLargeur:\n\t\t\t\t\t\t\t\t\t\t<\/td>\n\t\t\t\t\t\t\t\t\t\t<td>\n\t\t\t\t\t\t\t\t\t\t\t187 cm\n\t\t\t\t\t\t\t\t\t\t<\/td>\n\t\t\t\t\t\t\t\t\t<\/tr>\n\t\t\t\t\t\t\t\t\t\t\t\t\t\t\t\t\t\t\t\t\t\t\t\t\t<tr>\n\t\t\t\t\t\t\t\t\t\t<td>\n\t\t\t\t\t\t\t\t\t\t\tLongueur:\n\t\t\t\t\t\t\t\t\t\t<\/td>\n\t\t\t\t\t\t\t\t\t\t<td>\n\t\t\t\t\t\t\t\t\t\t\t370 cm\n\t\t\t\t\t\t\t\t\t\t<\/td>\n\t\t\t\t\t\t\t\t\t<\/tr>\n\t\t\t\t\t\t\t\t\t\t\t\t\t\t\t\t\t\t\t\t\t\t\t\t\t<tr>\n\t\t\t\t\t\t\t\t\t\t<td>\n\t\t\t\t\t\t\t\t\t\t\tLargeur passage de roues:\n\t\t\t\t\t\t\t\t\t\t<\/td>\n\t\t\t\t\t\t\t\t\t\t<td>\n\t\t\t\t\t\t\t\t\t\t\t142 cm\n\t\t\t\t\t\t\t\t\t\t<\/td>\n\t\t\t\t\t\t\t\t\t<\/tr>\n\t\t\t\t\t\t\t\t\t\t\t\t\t\t\t\t<tr>\n\t\t\t\t\t\t\t\t\t<td colspan=\"3\">\n\t\t\t\t\t\t\t\t\t\t<h5>Dimensions ext\u00e9rieures<\/h5>\n\t\t\t\t\t\t\t\t\t<\/td>\n\t\t\t\t\t\t\t\t<\/tr>\n\t\t\t\t\t\t\t\t\t\t\t\t\t\t\t\t\t<tr>\n\t\t\t\t\t\t\t\t\t\t<td>\n\t\t\t\t\t\t\t\t\t\t\tHauteur:\n\t\t\t\t\t\t\t\t\t\t<\/td>\n\t\t\t\t\t\t\t\t\t\t<td>\n\t\t\t\t\t\t\t\t\t\t\t252 cm\n\t\t\t\t\t\t\t\t\t\t<\/td>\n\t\t\t\t\t\t\t\t\t\t<td rowspan=\"3\">\n\t\t\t\t\t\t\t\t\t\t\t<img class=\"mt-1\" src=\"https:\/\/www.noleggiare.it\/wp-content\/themes\/noleggiare\/img\/van-dimensioni-esterne.svg\" \/>\n\t\t\t\t\t\t\t\t\t\t<\/td>\n\t\t\t\t\t\t\t\t\t<\/tr>\n\t\t\t\t\t\t\t\t\t\t\t\t\t\t\t\t\t\t\t\t\t\t\t\t\t<tr>\n\t\t\t\t\t\t\t\t\t\t<td>\n\t\t\t\t\t\t\t\t\t\t\tLargeur:\n\t\t\t\t\t\t\t\t\t\t<\/td>\n\t\t\t\t\t\t\t\t\t\t<td>\n\t\t\t\t\t\t\t\t\t\t\t205 cm\n\t\t\t\t\t\t\t\t\t\t<\/td>\n\t\t\t\t\t\t\t\t\t<\/tr>\n\t\t\t\t\t\t\t\t\t\t\t\t\t\t\t\t\t\t\t\t\t\t\t\t\t<tr>\n\t\t\t\t\t\t\t\t\t\t<td>\n\t\t\t\t\t\t\t\t\t\t\tLongueur:\n\t\t\t\t\t\t\t\t\t\t<\/td>\n\t\t\t\t\t\t\t\t\t\t<td>\n\t\t\t\t\t\t\t\t\t\t\t599 cm\n\t\t\t\t\t\t\t\t\t\t<\/td>\n\t\t\t\t\t\t\t\t\t<\/tr>\n\t\t\t\t\t\t\t\t\t<tr>\n\t\t\t\t\t\t\t\t\t\t<td colspan=\"3\">\n\t\t\t\t\t\t\t\t\t\t\t<h5>Plus d\u2019infos<\/h5>\n\t\t\t\t\t\t\t\t\t\t<\/td>\n\t\t\t\t\t\t\t\t\t<\/tr>\n\t\t\t\t\t\t\t\t\t\t\t\t\t\t\t\t\t\t\t\t\t\t\t\t\t<tr>\n\t\t\t\t\t\t\t\t\t\t<td>\n\t\t\t\t\t\t\t\t\t\t\tCharge utile:\n\t\t\t\t\t\t\t\t\t\t<\/td>\n\t\t\t\t\t\t\t\t\t\t<td>\n\t\t\t\t\t\t\t\t\t\t\t1365 kg\n\t\t\t\t\t\t\t\t\t\t<\/td>\n\t\t\t\t\t\t\t\t\t\t<td rowspan=\"4\">\n\t\t\t\t\t\t\t\t\t\t\t<img class=\"mt-1\" src=\"https:\/\/www.noleggiare.it\/wp-content\/themes\/noleggiare\/img\/van-altre-info.svg\" \/>\n\t\t\t\t\t\t\t\t\t\t<\/td>\n\t\t\t\t\t\t\t\t\t<\/tr>\n\t\t\t\t\t\t\t\t\t\t\t\t\t\t\t\t\t\t\t\t\t\t\t\t\t<tr>\n\t\t\t\t\t\t\t\t\t\t<td>\n\t\t\t\t\t\t\t\t\t\t\tEmpattement:\n\t\t\t\t\t\t\t\t\t\t<\/td>\n\t\t\t\t\t\t\t\t\t\t<td>\n\t\t\t\t\t\t\t\t\t\t\t403 cm\n\t\t\t\t\t\t\t\t\t\t<\/td>\n\t\t\t\t\t\t\t\t\t<\/tr>\n\t\t\t\t\t\t\t\t\t\t\t\t\t\t\t\t\t\t\t\t\t\t\t\t\t<tr>\n\t\t\t\t\t\t\t\t\t\t<td>\n\t\t\t\t\t\t\t\t\t\t\tDimension de chargement:\n\t\t\t\t\t\t\t\t\t\t<\/td>\n\t\t\t\t\t\t\t\t\t\t<td>\n\t\t\t\t\t\t\t\t\t\t\t13.0 m<sup>3<\/sup>\n\t\t\t\t\t\t\t\t\t\t<\/td>\n\t\t\t\t\t\t\t\t\t<\/tr>\n\t\t\t\t\t\t\t\t\t\t\t\t\t\t\t\t\t\t\t\t\t\t\t\t\t<tr>\n\t\t\t\t\t\t\t\t\t\t<td>\n\t\t\t\t\t\t\t\t\t\t\tCapacit\u00e9 du r\u00e9servoir:\n\t\t\t\t\t\t\t\t\t\t<\/td>\n\t\t\t\t\t\t\t\t\t\t<td>\n\t\t\t\t\t\t\t\t\t\t\t90 l\n\t\t\t\t\t\t\t\t\t\t<\/td>\n\t\t\t\t\t\t\t\t\t<\/tr>\n\t\t\t\t\t\t\t\t\t\t\t\t\t\t\t<\/table>\n\t\t\t\t\t\t\t<tr>\n\t\t\t\t\t\t\t\t<td colspan=\"3\">\n\t\t\t\t\t\t\t\t\t<small>\n\t\t\t\t\t\t\t\t\t\t<br>\n\t\t\t\t\t\t\t\t\t\tLes mesures sont fournies par le fabricant et repr\u00e9sentent des valeurs maximales. <\/br><\/br>Pour les dimensions exactes<\/br> et les mod\u00e8les disponibles,<\/br> veuillez nous contacter directement.\t\t\t\t\t\t\t\t\t<\/small>\n\t\t\t\t\t\t\t\t<\/td>\n\t\t\t\t\t\t\t<\/tr>\n\t\t\t\t\t\t<\/div>\n\t\t\t\t\t\t\n\t\t\t\t\t\t<!-- misure van (mobile) -->\n\t\t\t\t\t\t<div class=\"cnt-misure\">\n\t\t\t\t\t\t\t<table>\n\t\t\t\t\t\t\t\t<tr>\n\t\t\t\t\t\t\t\t\t<td colspan=\"3\">\n\t\t\t\t\t\t\t\t\t\t<h5>Dimensions int\u00e9rieures<\/h5>\n\t\t\t\t\t\t\t\t\t<\/td>\n\t\t\t\t\t\t\t\t<\/tr>\n\t\t\t\t\t\t\t\t\t\t\t\t\t\t\t\t<tr>\n\t\t\t\t\t\t\t\t\t<td>\n\t\t\t\t\t\t\t\t\t\tHauteur:\n\t\t\t\t\t\t\t\t\t<\/td>\n\t\t\t\t\t\t\t\t\t<td>\n\t\t\t\t\t\t\t\t\t\t193 cm\n\t\t\t\t\t\t\t\t\t<\/td>\n\t\t\t\t\t\t\t\t\t<td rowspan=\"4\">\n\t\t\t\t\t\t\t\t\t\t<img class=\"mt-1\" src=\"https:\/\/www.noleggiare.it\/wp-content\/themes\/noleggiare\/img\/van-dimensioni-interne.svg\" \/>\n\t\t\t\t\t\t\t\t\t<\/td>\n\t\t\t\t\t\t\t\t<\/tr>\n\t\t\t\t\t\t\t\t\t\t\t\t\t\t\t\t\t\t\t\t\t\t\t\t<tr>\n\t\t\t\t\t\t\t\t\t<td>\n\t\t\t\t\t\t\t\t\t\tLargeur:\n\t\t\t\t\t\t\t\t\t<\/td>\n\t\t\t\t\t\t\t\t\t<td>\n\t\t\t\t\t\t\t\t\t\t187 cm\n\t\t\t\t\t\t\t\t\t<\/td>\n\t\t\t\t\t\t\t\t<\/tr>\n\t\t\t\t\t\t\t\t\t\t\t\t\t\t\t\t\t\t\t\t\t\t\t\t<tr>\n\t\t\t\t\t\t\t\t\t<td>\n\t\t\t\t\t\t\t\t\t\tLongueur:\n\t\t\t\t\t\t\t\t\t<\/td>\n\t\t\t\t\t\t\t\t\t<td>\n\t\t\t\t\t\t\t\t\t\t370 cm\n\t\t\t\t\t\t\t\t\t<\/td>\n\t\t\t\t\t\t\t\t<\/tr>\n\t\t\t\t\t\t\t\t\t\t\t\t\t\t\t\t\t\t\t\t\t\t\t\t<tr>\n\t\t\t\t\t\t\t\t\t<td>\n\t\t\t\t\t\t\t\t\t\tLargeur passage de roues:\n\t\t\t\t\t\t\t\t\t<\/td>\n\t\t\t\t\t\t\t\t\t<td>\n\t\t\t\t\t\t\t\t\t\t142 cm\n\t\t\t\t\t\t\t\t\t<\/td>\n\t\t\t\t\t\t\t\t<\/tr>\n\t\t\t\t\t\t\t\t<tr>\n\t\t\t\t\t\t\t\t\t<td colspan=\"3\">\n\t\t\t\t\t\t\t\t\t\t<h5>Dimensions ext\u00e9rieures<\/h5>\n\t\t\t\t\t\t\t\t\t<\/td>\n\t\t\t\t\t\t\t\t<\/tr>\n\t\t\t\t\t\t\t\t\t\t\t\t\t\t\t\t\t\t\t\t\t\t\t\t<tr>\n\t\t\t\t\t\t\t\t\t<td>\n\t\t\t\t\t\t\t\t\t\tHauteur:\n\t\t\t\t\t\t\t\t\t<\/td>\n\t\t\t\t\t\t\t\t\t<td>\n\t\t\t\t\t\t\t\t\t\t252 cm\n\t\t\t\t\t\t\t\t\t<\/td>\n\t\t\t\t\t\t\t\t\t<td rowspan=\"3\">\n\t\t\t\t\t\t\t\t\t\t<img class=\"mt-1\" src=\"https:\/\/www.noleggiare.it\/wp-content\/themes\/noleggiare\/img\/van-dimensioni-esterne.svg\" \/>\n\t\t\t\t\t\t\t\t\t<\/td>\n\t\t\t\t\t\t\t\t<\/tr>\n\t\t\t\t\t\t\t\t\t\t\t\t\t\t\t\t\t\t\t\t\t\t\t\t<tr>\n\t\t\t\t\t\t\t\t\t<td>\n\t\t\t\t\t\t\t\t\t\tLargeur:\n\t\t\t\t\t\t\t\t\t<\/td>\n\t\t\t\t\t\t\t\t\t<td>\n\t\t\t\t\t\t\t\t\t\t205 cm\n\t\t\t\t\t\t\t\t\t<\/td>\n\t\t\t\t\t\t\t\t<\/tr>\n\t\t\t\t\t\t\t\t\t\t\t\t\t\t\t\t\t\t\t\t\t\t\t\t<tr>\n\t\t\t\t\t\t\t\t\t<td>\n\t\t\t\t\t\t\t\t\t\tLongueur:\n\t\t\t\t\t\t\t\t\t<\/td>\n\t\t\t\t\t\t\t\t\t<td>\n\t\t\t\t\t\t\t\t\t\t599 cm\n\t\t\t\t\t\t\t\t\t<\/td>\n\t\t\t\t\t\t\t\t<\/tr>\n\t\t\t\t\t\t\t\t<tr>\n\t\t\t\t\t\t\t\t\t<td colspan=\"3\">\n\t\t\t\t\t\t\t\t\t\t<h5>Plus d\u2019infos<\/h5>\n\t\t\t\t\t\t\t\t\t<\/td>\n\t\t\t\t\t\t\t\t<\/tr>\n\t\t\t\t\t\t\t\t\t\t\t\t\t\t\t\t\t\t\t\t\t\t\t\t<tr>\n\t\t\t\t\t\t\t\t\t<td>\n\t\t\t\t\t\t\t\t\t\tCharge utile:\n\t\t\t\t\t\t\t\t\t<\/td>\n\t\t\t\t\t\t\t\t\t<td>\n\t\t\t\t\t\t\t\t\t\t1365 kg\n\t\t\t\t\t\t\t\t\t<\/td>\n\t\t\t\t\t\t\t\t\t<td rowspan=\"4\">\n\t\t\t\t\t\t\t\t\t\t<img class=\"mt-1\" src=\"https:\/\/www.noleggiare.it\/wp-content\/themes\/noleggiare\/img\/van-altre-info.svg\" \/>\n\t\t\t\t\t\t\t\t\t<\/td>\n\t\t\t\t\t\t\t\t<\/tr>\n\t\t\t\t\t\t\t\t\t\t\t\t\t\t\t\t\t\t\t\t\t\t\t\t<tr>\n\t\t\t\t\t\t\t\t\t<td>\n\t\t\t\t\t\t\t\t\t\tEmpattement:\n\t\t\t\t\t\t\t\t\t<\/td>\n\t\t\t\t\t\t\t\t\t<td>\n\t\t\t\t\t\t\t\t\t\t403 cm\n\t\t\t\t\t\t\t\t\t<\/td>\n\t\t\t\t\t\t\t\t<\/tr>\n\t\t\t\t\t\t\t\t\t\t\t\t\t\t\t\t\t\t\t\t\t\t\t\t<tr>\n\t\t\t\t\t\t\t\t\t<td>\n\t\t\t\t\t\t\t\t\t\tDimension de chargement:\n\t\t\t\t\t\t\t\t\t<\/td>\n\t\t\t\t\t\t\t\t\t<td>\n\t\t\t\t\t\t\t\t\t\t13.0 m<sup>3<\/sup>\n\t\t\t\t\t\t\t\t\t<\/td>\n\t\t\t\t\t\t\t\t<\/tr>\n\t\t\t\t\t\t\t\t\t\t\t\t\t\t\t\t\t\t\t\t\t\t\t\t<tr>\n\t\t\t\t\t\t\t\t\t<td>\n\t\t\t\t\t\t\t\t\t\tCapacit\u00e9 du r\u00e9servoir:\n\t\t\t\t\t\t\t\t\t<\/td>\n\t\t\t\t\t\t\t\t\t<td>\n\t\t\t\t\t\t\t\t\t\t90 l\n\t\t\t\t\t\t\t\t\t<\/td>\n\t\t\t\t\t\t\t\t<\/tr>\n\t\t\t\t\t\t\t\t\t\t\t\t\t\t\t\t<tr>\n\t\t\t\t\t\t\t\t\t<td colspan=\"3\">\n\t\t\t\t\t\t\t\t\t\t<small>\n\t\t\t\t\t\t\t\t\t\t\t<br>\n\t\t\t\t\t\t\t\t\t\t\tLes mesures sont fournies par le fabricant et repr\u00e9sentent des valeurs maximales. <\/br><\/br>Pour les dimensions exactes<\/br> et les mod\u00e8les disponibles,<\/br> veuillez nous contacter directement.\t\t\t\t\t\t\t\t\t\t<\/small>\n\t\t\t\t\t\t\t\t\t<\/td>\n\t\t\t\t\t\t\t\t<\/tr>\n\t\t\t\t\t\t\t<\/table>\n\t\t\t\t\t\t<\/div>\n\n\t\t\t\t\t\t<div class=\"prezzo text-center\">\n\t\t\t\t\t\t\t<a class=\"btn-espandi-promo btn btn-secondary mt-5\" href=\"#prenota\">\n\t\t\t\t\t\t\t\t<i aria-hidden=\"true\" class=\"fas fa-arrow-circle-up\"><\/i>\n\t\t\t\t\t\t\t\tGo to booking\t\t\t\t\t\t\t<\/a>\n\t\t\t\t\t\t<\/div>\n\n\t\t\t\t\t\t<!-- informazioni veicolo (auto e van) -->\n\t\t\t\t\t\t\t\t\t\t\t\t<div class=\"optional\">\n\t\t\t\t\t\t\t<ul>\n\t\t\t\t\t\t\t\t\t\t\t\t\t\t\t\t\t<li ng-class=\"veicolo.isElettrico('Diesel') ? 'ico-alimentazione-e' : 'ico-alimentazione'\">Diesel<\/li>\n\t\t\t\t\t\t\t\t\t\t\t\t\t\t\t\t\t\t\t\t\t\t\t\t\t<li class=\"ico-porte\">5<\/li>\n\t\t\t\t\t\t\t\t\t\t\t\t\t\t\t\t\t\t\t\t\t\t\t\t\t\t\t\t\t\t\t\t\t<li class=\"ico-trasmissione\">Bo\u00eete manuelle<\/li>\n\t\t\t\t\t\t\t\t\t\t\t\t\t\t\t\t\t\t\t\t\t\t\t\t\t<li class=\"ico-posti\">3<\/li>\n\t\t\t\t\t\t\t\t\t\t\t\t\t\t\t<\/ul>\n\t\t\t\t\t\t<\/div>\n\t\t\t\t\t\t\n\t\t\t\t\t<\/div><!-- \/.veicolo -->\n\n\t\t\t\t<\/div>\n\n\t\t\t<\/div><!-- \/.lista-auto -->\n\n\t\t\n\t\t\t<!-- elenco auto -->\n\t\t\t<div class=\"col-12 mb-4 col-xl-6 col-xxl-4\">\n\t\t\t\t<div\n\t\t\t\t\tclass=\"veicolo van\"\n\t\t\t\t\tdata-ng-controller=\"VeicoloController as veicolo\"\n\t\t\t\t\tdata-ng-mouseenter=\"!veicolo.hasStato('scelta-listino') && veicolo.addStato('hover')\"\n\t\t\t\t\tdata-ng-class=\"[veicolo.getStato()]\"\n\t\t\t\t>\n\n\t\t\t\t\t<div class=\"h-100\">\n\n\t\t\t\t\t\t<!-- nome modello -->\n\t\t\t\t\t\t<div class=\"tipo\" style=\"line-height: 1\">\n\t\t\t\t\t\t\t<h5 class=\"font-weight-bold mb-0\">Opel Movano L2H2 frigo (-20\u00b0 + ATP) <small>(Groupe <strong>Z3TF<\/strong>)<\/small><\/h5>\n\t\t\t\t\t\t\t<small>ou similaire*<\/small>\n\t\t\t\t\t\t<\/div>\n\n\t\t\t\t\t\t\t\t\t\t\t\t<div class=\"descrizione w-50\">\n\t\t\t\t\t\t\t<span class=\"text-secondary\">Passo lungo frigo \/ Long wheelbase refrigerated<\/span>\n\t\t\t\t\t\t<\/div>\n\t\t\t\t\t\t\n\t\t\t\t\t\t<!-- immagine -->\n\t\t\t\t\t\t<img class=\"img\" src=\"https:\/\/bo.noleggiare.it\/immagini\/auto\/689deb45e223a_Z3TF.png\" \/>\n\n\t\t\t\t\t\t<!-- elettrico -->\n\t\t\t\t\t\t<img class=\"img-elettrico\" ng-if=\"veicolo.isElettrico('Diesel')\" ng-src=\"https:\/\/www.noleggiare.it\/wp-content\/themes\/noleggiare\/img\/ico-elettric.svg\" \/>\n\n\t\t\t\t\t\t<!-- pulsantiera -->\n\t\t\t\t\t\t<div class=\"pulsantiera\" data-ng-click=\"$event.stopPropagation()\">\n\t\t\t\t\t\t\t\t\t\t\t\t\t\t\t<div\n\t\t\t\t\t\t\t\t\tclass=\"misure pulsante d-block d-md-none\"\n\t\t\t\t\t\t\t\t\tdata-ng-show=\"!veicolo.hasStato('mostra-info-listino') && !veicolo.hasStato('mostra-info-misure')\"\n\t\t\t\t\t\t\t\t\tdata-ng-click=\"veicolo.addStato('mostra-info-misure', true)\"\n\t\t\t\t\t\t\t\t\ttabindex=\"0\"\n\t\t\t\t\t\t\t\t>\n\t\t\t\t\t\t\t\t\tmisure\t\t\t\t\t\t\t\t<\/div>\n\t\t\t\t\t\t\t\t\t\t\t\t\t\t<div\n\t\t\t\t\t\t\t\tclass=\"nascondi pulsante\"\n\t\t\t\t\t\t\t\tdata-ng-show=\"veicolo.hasStato('mostra-info-listino') || veicolo.hasStato('mostra-info-misure')\"\n\t\t\t\t\t\t\t\tdata-ng-click=\"veicolo.removeStato('mostra-info-listino'); veicolo.removeStato('mostra-info-misure');\"\n\t\t\t\t\t\t\t\ttabindex=\"0\"\n\t\t\t\t\t\t\t>\n\t\t\t\t\t\t\t\tClose\t\t\t\t\t\t\t<\/div>\n\t\t\t\t\t\t<\/div>\n\n\t\t\t\t\t\t<!-- misure van -->\n\t\t\t\t\t\t\t\t\t\t\t\t<div class=\"info-van d-none d-md-block\">\n\t\t\t\t\t\t\t<table>\n\t\t\t\t\t\t\t\t<tr>\n\t\t\t\t\t\t\t\t\t<td colspan=\"3\">\n\t\t\t\t\t\t\t\t\t\t<h5>Dimensions int\u00e9rieures<\/h5>\n\t\t\t\t\t\t\t\t\t<\/td>\n\t\t\t\t\t\t\t\t<\/tr>\n\t\t\t\t\t\t\t\t\t\t\t\t\t\t\t\t\t<tr>\n\t\t\t\t\t\t\t\t\t\t<td>\n\t\t\t\t\t\t\t\t\t\t\tHauteur:\n\t\t\t\t\t\t\t\t\t\t<\/td>\n\t\t\t\t\t\t\t\t\t\t<td>\n\t\t\t\t\t\t\t\t\t\t\t175 cm\n\t\t\t\t\t\t\t\t\t\t<\/td>\n\t\t\t\t\t\t\t\t\t\t<td rowspan=\"4\">\n\t\t\t\t\t\t\t\t\t\t\t<img class=\"mt-1\" src=\"https:\/\/www.noleggiare.it\/wp-content\/themes\/noleggiare\/img\/van-dimensioni-interne.svg\" \/>\n\t\t\t\t\t\t\t\t\t\t<\/td>\n\t\t\t\t\t\t\t\t\t<\/tr>\n\t\t\t\t\t\t\t\t\t\t\t\t\t\t\t\t\t\t\t\t\t\t\t\t\t<tr>\n\t\t\t\t\t\t\t\t\t\t<td>\n\t\t\t\t\t\t\t\t\t\t\tLargeur:\n\t\t\t\t\t\t\t\t\t\t<\/td>\n\t\t\t\t\t\t\t\t\t\t<td>\n\t\t\t\t\t\t\t\t\t\t\t165 cm\n\t\t\t\t\t\t\t\t\t\t<\/td>\n\t\t\t\t\t\t\t\t\t<\/tr>\n\t\t\t\t\t\t\t\t\t\t\t\t\t\t\t\t\t\t\t\t\t\t\t\t\t<tr>\n\t\t\t\t\t\t\t\t\t\t<td>\n\t\t\t\t\t\t\t\t\t\t\tLongueur:\n\t\t\t\t\t\t\t\t\t\t<\/td>\n\t\t\t\t\t\t\t\t\t\t<td>\n\t\t\t\t\t\t\t\t\t\t\t270 cm\n\t\t\t\t\t\t\t\t\t\t<\/td>\n\t\t\t\t\t\t\t\t\t<\/tr>\n\t\t\t\t\t\t\t\t\t\t\t\t\t\t\t\t\t\t\t\t\t\t\t\t\t<tr>\n\t\t\t\t\t\t\t\t\t\t<td>\n\t\t\t\t\t\t\t\t\t\t\tLargeur passage de roues:\n\t\t\t\t\t\t\t\t\t\t<\/td>\n\t\t\t\t\t\t\t\t\t\t<td>\n\t\t\t\t\t\t\t\t\t\t\t137 cm\n\t\t\t\t\t\t\t\t\t\t<\/td>\n\t\t\t\t\t\t\t\t\t<\/tr>\n\t\t\t\t\t\t\t\t\t\t\t\t\t\t\t\t<tr>\n\t\t\t\t\t\t\t\t\t<td colspan=\"3\">\n\t\t\t\t\t\t\t\t\t\t<h5>Dimensions ext\u00e9rieures<\/h5>\n\t\t\t\t\t\t\t\t\t<\/td>\n\t\t\t\t\t\t\t\t<\/tr>\n\t\t\t\t\t\t\t\t\t\t\t\t\t\t\t\t\t<tr>\n\t\t\t\t\t\t\t\t\t\t<td>\n\t\t\t\t\t\t\t\t\t\t\tHauteur:\n\t\t\t\t\t\t\t\t\t\t<\/td>\n\t\t\t\t\t\t\t\t\t\t<td>\n\t\t\t\t\t\t\t\t\t\t\t250 cm\n\t\t\t\t\t\t\t\t\t\t<\/td>\n\t\t\t\t\t\t\t\t\t\t<td rowspan=\"3\">\n\t\t\t\t\t\t\t\t\t\t\t<img class=\"mt-1\" src=\"https:\/\/www.noleggiare.it\/wp-content\/themes\/noleggiare\/img\/van-dimensioni-esterne.svg\" \/>\n\t\t\t\t\t\t\t\t\t\t<\/td>\n\t\t\t\t\t\t\t\t\t<\/tr>\n\t\t\t\t\t\t\t\t\t\t\t\t\t\t\t\t\t\t\t\t\t\t\t\t\t<tr>\n\t\t\t\t\t\t\t\t\t\t<td>\n\t\t\t\t\t\t\t\t\t\t\tLargeur:\n\t\t\t\t\t\t\t\t\t\t<\/td>\n\t\t\t\t\t\t\t\t\t\t<td>\n\t\t\t\t\t\t\t\t\t\t\t207 cm\n\t\t\t\t\t\t\t\t\t\t<\/td>\n\t\t\t\t\t\t\t\t\t<\/tr>\n\t\t\t\t\t\t\t\t\t\t\t\t\t\t\t\t\t\t\t\t\t\t\t\t\t<tr>\n\t\t\t\t\t\t\t\t\t\t<td>\n\t\t\t\t\t\t\t\t\t\t\tLongueur:\n\t\t\t\t\t\t\t\t\t\t<\/td>\n\t\t\t\t\t\t\t\t\t\t<td>\n\t\t\t\t\t\t\t\t\t\t\t555 cm\n\t\t\t\t\t\t\t\t\t\t<\/td>\n\t\t\t\t\t\t\t\t\t<\/tr>\n\t\t\t\t\t\t\t\t\t<tr>\n\t\t\t\t\t\t\t\t\t\t<td colspan=\"3\">\n\t\t\t\t\t\t\t\t\t\t\t<h5>Plus d\u2019infos<\/h5>\n\t\t\t\t\t\t\t\t\t\t<\/td>\n\t\t\t\t\t\t\t\t\t<\/tr>\n\t\t\t\t\t\t\t\t\t\t\t\t\t\t\t\t\t\t\t\t\t\t\t\t\t<tr>\n\t\t\t\t\t\t\t\t\t\t<td>\n\t\t\t\t\t\t\t\t\t\t\tCharge utile:\n\t\t\t\t\t\t\t\t\t\t<\/td>\n\t\t\t\t\t\t\t\t\t\t<td>\n\t\t\t\t\t\t\t\t\t\t\t900 kg\n\t\t\t\t\t\t\t\t\t\t<\/td>\n\t\t\t\t\t\t\t\t\t\t<td rowspan=\"4\">\n\t\t\t\t\t\t\t\t\t\t\t<img class=\"mt-1\" src=\"https:\/\/www.noleggiare.it\/wp-content\/themes\/noleggiare\/img\/van-altre-info.svg\" \/>\n\t\t\t\t\t\t\t\t\t\t<\/td>\n\t\t\t\t\t\t\t\t\t<\/tr>\n\t\t\t\t\t\t\t\t\t\t\t\t\t\t\t\t\t\t\t\t\t\t\t\t\t<tr>\n\t\t\t\t\t\t\t\t\t\t<td>\n\t\t\t\t\t\t\t\t\t\t\tEmpattement:\n\t\t\t\t\t\t\t\t\t\t<\/td>\n\t\t\t\t\t\t\t\t\t\t<td>\n\t\t\t\t\t\t\t\t\t\t\t368 cm\n\t\t\t\t\t\t\t\t\t\t<\/td>\n\t\t\t\t\t\t\t\t\t<\/tr>\n\t\t\t\t\t\t\t\t\t\t\t\t\t\t\t\t\t\t\t\t\t\t\t\t\t<tr>\n\t\t\t\t\t\t\t\t\t\t<td>\n\t\t\t\t\t\t\t\t\t\t\tDimension de chargement:\n\t\t\t\t\t\t\t\t\t\t<\/td>\n\t\t\t\t\t\t\t\t\t\t<td>\n\t\t\t\t\t\t\t\t\t\t\t7.2 m<sup>3<\/sup>\n\t\t\t\t\t\t\t\t\t\t<\/td>\n\t\t\t\t\t\t\t\t\t<\/tr>\n\t\t\t\t\t\t\t\t\t\t\t\t\t\t\t\t\t\t\t\t\t\t\t\t\t<tr>\n\t\t\t\t\t\t\t\t\t\t<td>\n\t\t\t\t\t\t\t\t\t\t\tCapacit\u00e9 du r\u00e9servoir:\n\t\t\t\t\t\t\t\t\t\t<\/td>\n\t\t\t\t\t\t\t\t\t\t<td>\n\t\t\t\t\t\t\t\t\t\t\t80 l\n\t\t\t\t\t\t\t\t\t\t<\/td>\n\t\t\t\t\t\t\t\t\t<\/tr>\n\t\t\t\t\t\t\t\t\t\t\t\t\t\t\t<\/table>\n\t\t\t\t\t\t\t<tr>\n\t\t\t\t\t\t\t\t<td colspan=\"3\">\n\t\t\t\t\t\t\t\t\t<small>\n\t\t\t\t\t\t\t\t\t\t<br>\n\t\t\t\t\t\t\t\t\t\tLes mesures sont fournies par le fabricant et repr\u00e9sentent des valeurs maximales. <\/br><\/br>Pour les dimensions exactes<\/br> et les mod\u00e8les disponibles,<\/br> veuillez nous contacter directement.\t\t\t\t\t\t\t\t\t<\/small>\n\t\t\t\t\t\t\t\t<\/td>\n\t\t\t\t\t\t\t<\/tr>\n\t\t\t\t\t\t<\/div>\n\t\t\t\t\t\t\n\t\t\t\t\t\t<!-- misure van (mobile) -->\n\t\t\t\t\t\t<div class=\"cnt-misure\">\n\t\t\t\t\t\t\t<table>\n\t\t\t\t\t\t\t\t<tr>\n\t\t\t\t\t\t\t\t\t<td colspan=\"3\">\n\t\t\t\t\t\t\t\t\t\t<h5>Dimensions int\u00e9rieures<\/h5>\n\t\t\t\t\t\t\t\t\t<\/td>\n\t\t\t\t\t\t\t\t<\/tr>\n\t\t\t\t\t\t\t\t\t\t\t\t\t\t\t\t<tr>\n\t\t\t\t\t\t\t\t\t<td>\n\t\t\t\t\t\t\t\t\t\tHauteur:\n\t\t\t\t\t\t\t\t\t<\/td>\n\t\t\t\t\t\t\t\t\t<td>\n\t\t\t\t\t\t\t\t\t\t175 cm\n\t\t\t\t\t\t\t\t\t<\/td>\n\t\t\t\t\t\t\t\t\t<td rowspan=\"4\">\n\t\t\t\t\t\t\t\t\t\t<img class=\"mt-1\" src=\"https:\/\/www.noleggiare.it\/wp-content\/themes\/noleggiare\/img\/van-dimensioni-interne.svg\" \/>\n\t\t\t\t\t\t\t\t\t<\/td>\n\t\t\t\t\t\t\t\t<\/tr>\n\t\t\t\t\t\t\t\t\t\t\t\t\t\t\t\t\t\t\t\t\t\t\t\t<tr>\n\t\t\t\t\t\t\t\t\t<td>\n\t\t\t\t\t\t\t\t\t\tLargeur:\n\t\t\t\t\t\t\t\t\t<\/td>\n\t\t\t\t\t\t\t\t\t<td>\n\t\t\t\t\t\t\t\t\t\t165 cm\n\t\t\t\t\t\t\t\t\t<\/td>\n\t\t\t\t\t\t\t\t<\/tr>\n\t\t\t\t\t\t\t\t\t\t\t\t\t\t\t\t\t\t\t\t\t\t\t\t<tr>\n\t\t\t\t\t\t\t\t\t<td>\n\t\t\t\t\t\t\t\t\t\tLongueur:\n\t\t\t\t\t\t\t\t\t<\/td>\n\t\t\t\t\t\t\t\t\t<td>\n\t\t\t\t\t\t\t\t\t\t270 cm\n\t\t\t\t\t\t\t\t\t<\/td>\n\t\t\t\t\t\t\t\t<\/tr>\n\t\t\t\t\t\t\t\t\t\t\t\t\t\t\t\t\t\t\t\t\t\t\t\t<tr>\n\t\t\t\t\t\t\t\t\t<td>\n\t\t\t\t\t\t\t\t\t\tLargeur passage de roues:\n\t\t\t\t\t\t\t\t\t<\/td>\n\t\t\t\t\t\t\t\t\t<td>\n\t\t\t\t\t\t\t\t\t\t137 cm\n\t\t\t\t\t\t\t\t\t<\/td>\n\t\t\t\t\t\t\t\t<\/tr>\n\t\t\t\t\t\t\t\t<tr>\n\t\t\t\t\t\t\t\t\t<td colspan=\"3\">\n\t\t\t\t\t\t\t\t\t\t<h5>Dimensions ext\u00e9rieures<\/h5>\n\t\t\t\t\t\t\t\t\t<\/td>\n\t\t\t\t\t\t\t\t<\/tr>\n\t\t\t\t\t\t\t\t\t\t\t\t\t\t\t\t\t\t\t\t\t\t\t\t<tr>\n\t\t\t\t\t\t\t\t\t<td>\n\t\t\t\t\t\t\t\t\t\tHauteur:\n\t\t\t\t\t\t\t\t\t<\/td>\n\t\t\t\t\t\t\t\t\t<td>\n\t\t\t\t\t\t\t\t\t\t250 cm\n\t\t\t\t\t\t\t\t\t<\/td>\n\t\t\t\t\t\t\t\t\t<td rowspan=\"3\">\n\t\t\t\t\t\t\t\t\t\t<img class=\"mt-1\" src=\"https:\/\/www.noleggiare.it\/wp-content\/themes\/noleggiare\/img\/van-dimensioni-esterne.svg\" \/>\n\t\t\t\t\t\t\t\t\t<\/td>\n\t\t\t\t\t\t\t\t<\/tr>\n\t\t\t\t\t\t\t\t\t\t\t\t\t\t\t\t\t\t\t\t\t\t\t\t<tr>\n\t\t\t\t\t\t\t\t\t<td>\n\t\t\t\t\t\t\t\t\t\tLargeur:\n\t\t\t\t\t\t\t\t\t<\/td>\n\t\t\t\t\t\t\t\t\t<td>\n\t\t\t\t\t\t\t\t\t\t207 cm\n\t\t\t\t\t\t\t\t\t<\/td>\n\t\t\t\t\t\t\t\t<\/tr>\n\t\t\t\t\t\t\t\t\t\t\t\t\t\t\t\t\t\t\t\t\t\t\t\t<tr>\n\t\t\t\t\t\t\t\t\t<td>\n\t\t\t\t\t\t\t\t\t\tLongueur:\n\t\t\t\t\t\t\t\t\t<\/td>\n\t\t\t\t\t\t\t\t\t<td>\n\t\t\t\t\t\t\t\t\t\t555 cm\n\t\t\t\t\t\t\t\t\t<\/td>\n\t\t\t\t\t\t\t\t<\/tr>\n\t\t\t\t\t\t\t\t<tr>\n\t\t\t\t\t\t\t\t\t<td colspan=\"3\">\n\t\t\t\t\t\t\t\t\t\t<h5>Plus d\u2019infos<\/h5>\n\t\t\t\t\t\t\t\t\t<\/td>\n\t\t\t\t\t\t\t\t<\/tr>\n\t\t\t\t\t\t\t\t\t\t\t\t\t\t\t\t\t\t\t\t\t\t\t\t<tr>\n\t\t\t\t\t\t\t\t\t<td>\n\t\t\t\t\t\t\t\t\t\tCharge utile:\n\t\t\t\t\t\t\t\t\t<\/td>\n\t\t\t\t\t\t\t\t\t<td>\n\t\t\t\t\t\t\t\t\t\t900 kg\n\t\t\t\t\t\t\t\t\t<\/td>\n\t\t\t\t\t\t\t\t\t<td rowspan=\"4\">\n\t\t\t\t\t\t\t\t\t\t<img class=\"mt-1\" src=\"https:\/\/www.noleggiare.it\/wp-content\/themes\/noleggiare\/img\/van-altre-info.svg\" \/>\n\t\t\t\t\t\t\t\t\t<\/td>\n\t\t\t\t\t\t\t\t<\/tr>\n\t\t\t\t\t\t\t\t\t\t\t\t\t\t\t\t\t\t\t\t\t\t\t\t<tr>\n\t\t\t\t\t\t\t\t\t<td>\n\t\t\t\t\t\t\t\t\t\tEmpattement:\n\t\t\t\t\t\t\t\t\t<\/td>\n\t\t\t\t\t\t\t\t\t<td>\n\t\t\t\t\t\t\t\t\t\t368 cm\n\t\t\t\t\t\t\t\t\t<\/td>\n\t\t\t\t\t\t\t\t<\/tr>\n\t\t\t\t\t\t\t\t\t\t\t\t\t\t\t\t\t\t\t\t\t\t\t\t<tr>\n\t\t\t\t\t\t\t\t\t<td>\n\t\t\t\t\t\t\t\t\t\tDimension de chargement:\n\t\t\t\t\t\t\t\t\t<\/td>\n\t\t\t\t\t\t\t\t\t<td>\n\t\t\t\t\t\t\t\t\t\t7.2 m<sup>3<\/sup>\n\t\t\t\t\t\t\t\t\t<\/td>\n\t\t\t\t\t\t\t\t<\/tr>\n\t\t\t\t\t\t\t\t\t\t\t\t\t\t\t\t\t\t\t\t\t\t\t\t<tr>\n\t\t\t\t\t\t\t\t\t<td>\n\t\t\t\t\t\t\t\t\t\tCapacit\u00e9 du r\u00e9servoir:\n\t\t\t\t\t\t\t\t\t<\/td>\n\t\t\t\t\t\t\t\t\t<td>\n\t\t\t\t\t\t\t\t\t\t80 l\n\t\t\t\t\t\t\t\t\t<\/td>\n\t\t\t\t\t\t\t\t<\/tr>\n\t\t\t\t\t\t\t\t\t\t\t\t\t\t\t\t<tr>\n\t\t\t\t\t\t\t\t\t<td colspan=\"3\">\n\t\t\t\t\t\t\t\t\t\t<small>\n\t\t\t\t\t\t\t\t\t\t\t<br>\n\t\t\t\t\t\t\t\t\t\t\tLes mesures sont fournies par le fabricant et repr\u00e9sentent des valeurs maximales. <\/br><\/br>Pour les dimensions exactes<\/br> et les mod\u00e8les disponibles,<\/br> veuillez nous contacter directement.\t\t\t\t\t\t\t\t\t\t<\/small>\n\t\t\t\t\t\t\t\t\t<\/td>\n\t\t\t\t\t\t\t\t<\/tr>\n\t\t\t\t\t\t\t<\/table>\n\t\t\t\t\t\t<\/div>\n\n\t\t\t\t\t\t<div class=\"prezzo text-center\">\n\t\t\t\t\t\t\t<a class=\"btn-espandi-promo btn btn-secondary mt-5\" href=\"#prenota\">\n\t\t\t\t\t\t\t\t<i aria-hidden=\"true\" class=\"fas fa-arrow-circle-up\"><\/i>\n\t\t\t\t\t\t\t\tGo to booking\t\t\t\t\t\t\t<\/a>\n\t\t\t\t\t\t<\/div>\n\n\t\t\t\t\t\t<!-- informazioni veicolo (auto e van) -->\n\t\t\t\t\t\t\t\t\t\t\t\t<div class=\"optional\">\n\t\t\t\t\t\t\t<ul>\n\t\t\t\t\t\t\t\t\t\t\t\t\t\t\t\t\t<li ng-class=\"veicolo.isElettrico('Diesel') ? 'ico-alimentazione-e' : 'ico-alimentazione'\">Diesel<\/li>\n\t\t\t\t\t\t\t\t\t\t\t\t\t\t\t\t\t\t\t\t\t\t\t\t\t<li class=\"ico-porte\">5<\/li>\n\t\t\t\t\t\t\t\t\t\t\t\t\t\t\t\t\t\t\t\t\t\t\t\t\t\t\t\t\t\t\t\t\t<li class=\"ico-trasmissione\">Bo\u00eete manuelle<\/li>\n\t\t\t\t\t\t\t\t\t\t\t\t\t\t\t\t\t\t\t\t\t\t\t\t\t<li class=\"ico-posti\">3<\/li>\n\t\t\t\t\t\t\t\t\t\t\t\t\t\t\t<\/ul>\n\t\t\t\t\t\t<\/div>\n\t\t\t\t\t\t\n\t\t\t\t\t<\/div><!-- \/.veicolo -->\n\n\t\t\t\t<\/div>\n\n\t\t\t<\/div><!-- \/.lista-auto -->\n\n\t\t\n\t\t\t<!-- elenco auto -->\n\t\t\t<div class=\"col-12 mb-4 col-xl-6 col-xxl-4\">\n\t\t\t\t<div\n\t\t\t\t\tclass=\"veicolo van\"\n\t\t\t\t\tdata-ng-controller=\"VeicoloController as veicolo\"\n\t\t\t\t\tdata-ng-mouseenter=\"!veicolo.hasStato('scelta-listino') && veicolo.addStato('hover')\"\n\t\t\t\t\tdata-ng-class=\"[veicolo.getStato()]\"\n\t\t\t\t>\n\n\t\t\t\t\t<div class=\"h-100\">\n\n\t\t\t\t\t\t<!-- nome modello -->\n\t\t\t\t\t\t<div class=\"tipo\" style=\"line-height: 1\">\n\t\t\t\t\t\t\t<h5 class=\"font-weight-bold mb-0\">Ford E-Transit L2H2 <small>(Groupe <strong>Z3+<\/strong>)<\/small><\/h5>\n\t\t\t\t\t\t\t<small>ou similaire*<\/small>\n\t\t\t\t\t\t<\/div>\n\n\t\t\t\t\t\t\t\t\t\t\t\t<div class=\"descrizione w-50\">\n\t\t\t\t\t\t\t<span class=\"text-secondary\">Furgone elettrico \/ Electric van<\/span>\n\t\t\t\t\t\t<\/div>\n\t\t\t\t\t\t\n\t\t\t\t\t\t<!-- immagine -->\n\t\t\t\t\t\t<img class=\"img\" src=\"https:\/\/bo.noleggiare.it\/immagini\/auto\/69cbced3d67ae_Z3+ elettrico Ford E-Transit L2H2 (1).png\" \/>\n\n\t\t\t\t\t\t<!-- elettrico -->\n\t\t\t\t\t\t<img class=\"img-elettrico\" ng-if=\"veicolo.isElettrico('\u00c9lectrique')\" ng-src=\"https:\/\/www.noleggiare.it\/wp-content\/themes\/noleggiare\/img\/ico-elettric.svg\" \/>\n\n\t\t\t\t\t\t<!-- pulsantiera -->\n\t\t\t\t\t\t<div class=\"pulsantiera\" data-ng-click=\"$event.stopPropagation()\">\n\t\t\t\t\t\t\t\t\t\t\t\t\t\t\t<div\n\t\t\t\t\t\t\t\t\tclass=\"misure pulsante d-block d-md-none\"\n\t\t\t\t\t\t\t\t\tdata-ng-show=\"!veicolo.hasStato('mostra-info-listino') && !veicolo.hasStato('mostra-info-misure')\"\n\t\t\t\t\t\t\t\t\tdata-ng-click=\"veicolo.addStato('mostra-info-misure', true)\"\n\t\t\t\t\t\t\t\t\ttabindex=\"0\"\n\t\t\t\t\t\t\t\t>\n\t\t\t\t\t\t\t\t\tmisure\t\t\t\t\t\t\t\t<\/div>\n\t\t\t\t\t\t\t\t\t\t\t\t\t\t<div\n\t\t\t\t\t\t\t\tclass=\"nascondi pulsante\"\n\t\t\t\t\t\t\t\tdata-ng-show=\"veicolo.hasStato('mostra-info-listino') || veicolo.hasStato('mostra-info-misure')\"\n\t\t\t\t\t\t\t\tdata-ng-click=\"veicolo.removeStato('mostra-info-listino'); veicolo.removeStato('mostra-info-misure');\"\n\t\t\t\t\t\t\t\ttabindex=\"0\"\n\t\t\t\t\t\t\t>\n\t\t\t\t\t\t\t\tClose\t\t\t\t\t\t\t<\/div>\n\t\t\t\t\t\t<\/div>\n\n\t\t\t\t\t\t<!-- misure van -->\n\t\t\t\t\t\t\t\t\t\t\t\t<div class=\"info-van d-none d-md-block\">\n\t\t\t\t\t\t\t<table>\n\t\t\t\t\t\t\t\t<tr>\n\t\t\t\t\t\t\t\t\t<td colspan=\"3\">\n\t\t\t\t\t\t\t\t\t\t<h5>Dimensions int\u00e9rieures<\/h5>\n\t\t\t\t\t\t\t\t\t<\/td>\n\t\t\t\t\t\t\t\t<\/tr>\n\t\t\t\t\t\t\t\t\t\t\t\t\t\t\t\t\t<tr>\n\t\t\t\t\t\t\t\t\t\t<td>\n\t\t\t\t\t\t\t\t\t\t\tHauteur:\n\t\t\t\t\t\t\t\t\t\t<\/td>\n\t\t\t\t\t\t\t\t\t\t<td>\n\t\t\t\t\t\t\t\t\t\t\t179 cm\n\t\t\t\t\t\t\t\t\t\t<\/td>\n\t\t\t\t\t\t\t\t\t\t<td rowspan=\"4\">\n\t\t\t\t\t\t\t\t\t\t\t<img class=\"mt-1\" src=\"https:\/\/www.noleggiare.it\/wp-content\/themes\/noleggiare\/img\/van-dimensioni-interne.svg\" \/>\n\t\t\t\t\t\t\t\t\t\t<\/td>\n\t\t\t\t\t\t\t\t\t<\/tr>\n\t\t\t\t\t\t\t\t\t\t\t\t\t\t\t\t\t\t\t\t\t\t\t\t\t<tr>\n\t\t\t\t\t\t\t\t\t\t<td>\n\t\t\t\t\t\t\t\t\t\t\tLargeur:\n\t\t\t\t\t\t\t\t\t\t<\/td>\n\t\t\t\t\t\t\t\t\t\t<td>\n\t\t\t\t\t\t\t\t\t\t\t178 cm\n\t\t\t\t\t\t\t\t\t\t<\/td>\n\t\t\t\t\t\t\t\t\t<\/tr>\n\t\t\t\t\t\t\t\t\t\t\t\t\t\t\t\t\t\t\t\t\t\t\t\t\t<tr>\n\t\t\t\t\t\t\t\t\t\t<td>\n\t\t\t\t\t\t\t\t\t\t\tLongueur:\n\t\t\t\t\t\t\t\t\t\t<\/td>\n\t\t\t\t\t\t\t\t\t\t<td>\n\t\t\t\t\t\t\t\t\t\t\t308 cm\n\t\t\t\t\t\t\t\t\t\t<\/td>\n\t\t\t\t\t\t\t\t\t<\/tr>\n\t\t\t\t\t\t\t\t\t\t\t\t\t\t\t\t\t\t\t\t\t\t\t\t\t<tr>\n\t\t\t\t\t\t\t\t\t\t<td>\n\t\t\t\t\t\t\t\t\t\t\tLargeur passage de roues:\n\t\t\t\t\t\t\t\t\t\t<\/td>\n\t\t\t\t\t\t\t\t\t\t<td>\n\t\t\t\t\t\t\t\t\t\t\t139 cm\n\t\t\t\t\t\t\t\t\t\t<\/td>\n\t\t\t\t\t\t\t\t\t<\/tr>\n\t\t\t\t\t\t\t\t\t\t\t\t\t\t\t\t<tr>\n\t\t\t\t\t\t\t\t\t<td colspan=\"3\">\n\t\t\t\t\t\t\t\t\t\t<h5>Dimensions ext\u00e9rieures<\/h5>\n\t\t\t\t\t\t\t\t\t<\/td>\n\t\t\t\t\t\t\t\t<\/tr>\n\t\t\t\t\t\t\t\t\t\t\t\t\t\t\t\t\t<tr>\n\t\t\t\t\t\t\t\t\t\t<td>\n\t\t\t\t\t\t\t\t\t\t\tHauteur:\n\t\t\t\t\t\t\t\t\t\t<\/td>\n\t\t\t\t\t\t\t\t\t\t<td>\n\t\t\t\t\t\t\t\t\t\t\t245 cm\n\t\t\t\t\t\t\t\t\t\t<\/td>\n\t\t\t\t\t\t\t\t\t\t<td rowspan=\"3\">\n\t\t\t\t\t\t\t\t\t\t\t<img class=\"mt-1\" src=\"https:\/\/www.noleggiare.it\/wp-content\/themes\/noleggiare\/img\/van-dimensioni-esterne.svg\" \/>\n\t\t\t\t\t\t\t\t\t\t<\/td>\n\t\t\t\t\t\t\t\t\t<\/tr>\n\t\t\t\t\t\t\t\t\t\t\t\t\t\t\t\t\t\t\t\t\t\t\t\t\t<tr>\n\t\t\t\t\t\t\t\t\t\t<td>\n\t\t\t\t\t\t\t\t\t\t\tLargeur:\n\t\t\t\t\t\t\t\t\t\t<\/td>\n\t\t\t\t\t\t\t\t\t\t<td>\n\t\t\t\t\t\t\t\t\t\t\t248 cm\n\t\t\t\t\t\t\t\t\t\t<\/td>\n\t\t\t\t\t\t\t\t\t<\/tr>\n\t\t\t\t\t\t\t\t\t\t\t\t\t\t\t\t\t\t\t\t\t\t\t\t\t<tr>\n\t\t\t\t\t\t\t\t\t\t<td>\n\t\t\t\t\t\t\t\t\t\t\tLongueur:\n\t\t\t\t\t\t\t\t\t\t<\/td>\n\t\t\t\t\t\t\t\t\t\t<td>\n\t\t\t\t\t\t\t\t\t\t\t553 cm\n\t\t\t\t\t\t\t\t\t\t<\/td>\n\t\t\t\t\t\t\t\t\t<\/tr>\n\t\t\t\t\t\t\t\t\t<tr>\n\t\t\t\t\t\t\t\t\t\t<td colspan=\"3\">\n\t\t\t\t\t\t\t\t\t\t\t<h5>Plus d\u2019infos<\/h5>\n\t\t\t\t\t\t\t\t\t\t<\/td>\n\t\t\t\t\t\t\t\t\t<\/tr>\n\t\t\t\t\t\t\t\t\t\t\t\t\t\t\t\t\t\t\t\t\t\t\t\t\t<tr>\n\t\t\t\t\t\t\t\t\t\t<td>\n\t\t\t\t\t\t\t\t\t\t\tCharge utile:\n\t\t\t\t\t\t\t\t\t\t<\/td>\n\t\t\t\t\t\t\t\t\t\t<td>\n\t\t\t\t\t\t\t\t\t\t\t1008 kg\n\t\t\t\t\t\t\t\t\t\t<\/td>\n\t\t\t\t\t\t\t\t\t\t<td rowspan=\"4\">\n\t\t\t\t\t\t\t\t\t\t\t<img class=\"mt-1\" src=\"https:\/\/www.noleggiare.it\/wp-content\/themes\/noleggiare\/img\/van-altre-info.svg\" \/>\n\t\t\t\t\t\t\t\t\t\t<\/td>\n\t\t\t\t\t\t\t\t\t<\/tr>\n\t\t\t\t\t\t\t\t\t\t\t\t\t\t\t\t\t\t\t\t\t\t\t\t\t<tr>\n\t\t\t\t\t\t\t\t\t\t<td>\n\t\t\t\t\t\t\t\t\t\t\tEmpattement:\n\t\t\t\t\t\t\t\t\t\t<\/td>\n\t\t\t\t\t\t\t\t\t\t<td>\n\t\t\t\t\t\t\t\t\t\t\t330 cm\n\t\t\t\t\t\t\t\t\t\t<\/td>\n\t\t\t\t\t\t\t\t\t<\/tr>\n\t\t\t\t\t\t\t\t\t\t\t\t\t\t\t\t\t\t\t\t\t\t\t\t\t<tr>\n\t\t\t\t\t\t\t\t\t\t<td>\n\t\t\t\t\t\t\t\t\t\t\tDimension de chargement:\n\t\t\t\t\t\t\t\t\t\t<\/td>\n\t\t\t\t\t\t\t\t\t\t<td>\n\t\t\t\t\t\t\t\t\t\t\t9.5 m<sup>3<\/sup>\n\t\t\t\t\t\t\t\t\t\t<\/td>\n\t\t\t\t\t\t\t\t\t<\/tr>\n\t\t\t\t\t\t\t\t\t\t\t\t\t\t\t\t\t\t\t\t\t\t\t\t\t<tr>\n\t\t\t\t\t\t\t\t\t\t<td>\n\t\t\t\t\t\t\t\t\t\t\tCapacit\u00e9 du r\u00e9servoir:\n\t\t\t\t\t\t\t\t\t\t<\/td>\n\t\t\t\t\t\t\t\t\t\t<td>\n\t\t\t\t\t\t\t\t\t\t\t68 l\n\t\t\t\t\t\t\t\t\t\t<\/td>\n\t\t\t\t\t\t\t\t\t<\/tr>\n\t\t\t\t\t\t\t\t\t\t\t\t\t\t\t<\/table>\n\t\t\t\t\t\t\t<tr>\n\t\t\t\t\t\t\t\t<td colspan=\"3\">\n\t\t\t\t\t\t\t\t\t<small>\n\t\t\t\t\t\t\t\t\t\t<br>\n\t\t\t\t\t\t\t\t\t\tLes mesures sont fournies par le fabricant et repr\u00e9sentent des valeurs maximales. <\/br><\/br>Pour les dimensions exactes<\/br> et les mod\u00e8les disponibles,<\/br> veuillez nous contacter directement.\t\t\t\t\t\t\t\t\t<\/small>\n\t\t\t\t\t\t\t\t<\/td>\n\t\t\t\t\t\t\t<\/tr>\n\t\t\t\t\t\t<\/div>\n\t\t\t\t\t\t\n\t\t\t\t\t\t<!-- misure van (mobile) -->\n\t\t\t\t\t\t<div class=\"cnt-misure\">\n\t\t\t\t\t\t\t<table>\n\t\t\t\t\t\t\t\t<tr>\n\t\t\t\t\t\t\t\t\t<td colspan=\"3\">\n\t\t\t\t\t\t\t\t\t\t<h5>Dimensions int\u00e9rieures<\/h5>\n\t\t\t\t\t\t\t\t\t<\/td>\n\t\t\t\t\t\t\t\t<\/tr>\n\t\t\t\t\t\t\t\t\t\t\t\t\t\t\t\t<tr>\n\t\t\t\t\t\t\t\t\t<td>\n\t\t\t\t\t\t\t\t\t\tHauteur:\n\t\t\t\t\t\t\t\t\t<\/td>\n\t\t\t\t\t\t\t\t\t<td>\n\t\t\t\t\t\t\t\t\t\t179 cm\n\t\t\t\t\t\t\t\t\t<\/td>\n\t\t\t\t\t\t\t\t\t<td rowspan=\"4\">\n\t\t\t\t\t\t\t\t\t\t<img class=\"mt-1\" src=\"https:\/\/www.noleggiare.it\/wp-content\/themes\/noleggiare\/img\/van-dimensioni-interne.svg\" \/>\n\t\t\t\t\t\t\t\t\t<\/td>\n\t\t\t\t\t\t\t\t<\/tr>\n\t\t\t\t\t\t\t\t\t\t\t\t\t\t\t\t\t\t\t\t\t\t\t\t<tr>\n\t\t\t\t\t\t\t\t\t<td>\n\t\t\t\t\t\t\t\t\t\tLargeur:\n\t\t\t\t\t\t\t\t\t<\/td>\n\t\t\t\t\t\t\t\t\t<td>\n\t\t\t\t\t\t\t\t\t\t178 cm\n\t\t\t\t\t\t\t\t\t<\/td>\n\t\t\t\t\t\t\t\t<\/tr>\n\t\t\t\t\t\t\t\t\t\t\t\t\t\t\t\t\t\t\t\t\t\t\t\t<tr>\n\t\t\t\t\t\t\t\t\t<td>\n\t\t\t\t\t\t\t\t\t\tLongueur:\n\t\t\t\t\t\t\t\t\t<\/td>\n\t\t\t\t\t\t\t\t\t<td>\n\t\t\t\t\t\t\t\t\t\t308 cm\n\t\t\t\t\t\t\t\t\t<\/td>\n\t\t\t\t\t\t\t\t<\/tr>\n\t\t\t\t\t\t\t\t\t\t\t\t\t\t\t\t\t\t\t\t\t\t\t\t<tr>\n\t\t\t\t\t\t\t\t\t<td>\n\t\t\t\t\t\t\t\t\t\tLargeur passage de roues:\n\t\t\t\t\t\t\t\t\t<\/td>\n\t\t\t\t\t\t\t\t\t<td>\n\t\t\t\t\t\t\t\t\t\t139 cm\n\t\t\t\t\t\t\t\t\t<\/td>\n\t\t\t\t\t\t\t\t<\/tr>\n\t\t\t\t\t\t\t\t<tr>\n\t\t\t\t\t\t\t\t\t<td colspan=\"3\">\n\t\t\t\t\t\t\t\t\t\t<h5>Dimensions ext\u00e9rieures<\/h5>\n\t\t\t\t\t\t\t\t\t<\/td>\n\t\t\t\t\t\t\t\t<\/tr>\n\t\t\t\t\t\t\t\t\t\t\t\t\t\t\t\t\t\t\t\t\t\t\t\t<tr>\n\t\t\t\t\t\t\t\t\t<td>\n\t\t\t\t\t\t\t\t\t\tHauteur:\n\t\t\t\t\t\t\t\t\t<\/td>\n\t\t\t\t\t\t\t\t\t<td>\n\t\t\t\t\t\t\t\t\t\t245 cm\n\t\t\t\t\t\t\t\t\t<\/td>\n\t\t\t\t\t\t\t\t\t<td rowspan=\"3\">\n\t\t\t\t\t\t\t\t\t\t<img class=\"mt-1\" src=\"https:\/\/www.noleggiare.it\/wp-content\/themes\/noleggiare\/img\/van-dimensioni-esterne.svg\" \/>\n\t\t\t\t\t\t\t\t\t<\/td>\n\t\t\t\t\t\t\t\t<\/tr>\n\t\t\t\t\t\t\t\t\t\t\t\t\t\t\t\t\t\t\t\t\t\t\t\t<tr>\n\t\t\t\t\t\t\t\t\t<td>\n\t\t\t\t\t\t\t\t\t\tLargeur:\n\t\t\t\t\t\t\t\t\t<\/td>\n\t\t\t\t\t\t\t\t\t<td>\n\t\t\t\t\t\t\t\t\t\t248 cm\n\t\t\t\t\t\t\t\t\t<\/td>\n\t\t\t\t\t\t\t\t<\/tr>\n\t\t\t\t\t\t\t\t\t\t\t\t\t\t\t\t\t\t\t\t\t\t\t\t<tr>\n\t\t\t\t\t\t\t\t\t<td>\n\t\t\t\t\t\t\t\t\t\tLongueur:\n\t\t\t\t\t\t\t\t\t<\/td>\n\t\t\t\t\t\t\t\t\t<td>\n\t\t\t\t\t\t\t\t\t\t553 cm\n\t\t\t\t\t\t\t\t\t<\/td>\n\t\t\t\t\t\t\t\t<\/tr>\n\t\t\t\t\t\t\t\t<tr>\n\t\t\t\t\t\t\t\t\t<td colspan=\"3\">\n\t\t\t\t\t\t\t\t\t\t<h5>Plus d\u2019infos<\/h5>\n\t\t\t\t\t\t\t\t\t<\/td>\n\t\t\t\t\t\t\t\t<\/tr>\n\t\t\t\t\t\t\t\t\t\t\t\t\t\t\t\t\t\t\t\t\t\t\t\t<tr>\n\t\t\t\t\t\t\t\t\t<td>\n\t\t\t\t\t\t\t\t\t\tCharge utile:\n\t\t\t\t\t\t\t\t\t<\/td>\n\t\t\t\t\t\t\t\t\t<td>\n\t\t\t\t\t\t\t\t\t\t1008 kg\n\t\t\t\t\t\t\t\t\t<\/td>\n\t\t\t\t\t\t\t\t\t<td rowspan=\"4\">\n\t\t\t\t\t\t\t\t\t\t<img class=\"mt-1\" src=\"https:\/\/www.noleggiare.it\/wp-content\/themes\/noleggiare\/img\/van-altre-info.svg\" \/>\n\t\t\t\t\t\t\t\t\t<\/td>\n\t\t\t\t\t\t\t\t<\/tr>\n\t\t\t\t\t\t\t\t\t\t\t\t\t\t\t\t\t\t\t\t\t\t\t\t<tr>\n\t\t\t\t\t\t\t\t\t<td>\n\t\t\t\t\t\t\t\t\t\tEmpattement:\n\t\t\t\t\t\t\t\t\t<\/td>\n\t\t\t\t\t\t\t\t\t<td>\n\t\t\t\t\t\t\t\t\t\t330 cm\n\t\t\t\t\t\t\t\t\t<\/td>\n\t\t\t\t\t\t\t\t<\/tr>\n\t\t\t\t\t\t\t\t\t\t\t\t\t\t\t\t\t\t\t\t\t\t\t\t<tr>\n\t\t\t\t\t\t\t\t\t<td>\n\t\t\t\t\t\t\t\t\t\tDimension de chargement:\n\t\t\t\t\t\t\t\t\t<\/td>\n\t\t\t\t\t\t\t\t\t<td>\n\t\t\t\t\t\t\t\t\t\t9.5 m<sup>3<\/sup>\n\t\t\t\t\t\t\t\t\t<\/td>\n\t\t\t\t\t\t\t\t<\/tr>\n\t\t\t\t\t\t\t\t\t\t\t\t\t\t\t\t\t\t\t\t\t\t\t\t<tr>\n\t\t\t\t\t\t\t\t\t<td>\n\t\t\t\t\t\t\t\t\t\tCapacit\u00e9 du r\u00e9servoir:\n\t\t\t\t\t\t\t\t\t<\/td>\n\t\t\t\t\t\t\t\t\t<td>\n\t\t\t\t\t\t\t\t\t\t68 l\n\t\t\t\t\t\t\t\t\t<\/td>\n\t\t\t\t\t\t\t\t<\/tr>\n\t\t\t\t\t\t\t\t\t\t\t\t\t\t\t\t<tr>\n\t\t\t\t\t\t\t\t\t<td colspan=\"3\">\n\t\t\t\t\t\t\t\t\t\t<small>\n\t\t\t\t\t\t\t\t\t\t\t<br>\n\t\t\t\t\t\t\t\t\t\t\tLes mesures sont fournies par le fabricant et repr\u00e9sentent des valeurs maximales. <\/br><\/br>Pour les dimensions exactes<\/br> et les mod\u00e8les disponibles,<\/br> veuillez nous contacter directement.\t\t\t\t\t\t\t\t\t\t<\/small>\n\t\t\t\t\t\t\t\t\t<\/td>\n\t\t\t\t\t\t\t\t<\/tr>\n\t\t\t\t\t\t\t<\/table>\n\t\t\t\t\t\t<\/div>\n\n\t\t\t\t\t\t<div class=\"prezzo text-center\">\n\t\t\t\t\t\t\t<a class=\"btn-espandi-promo btn btn-secondary mt-5\" href=\"#prenota\">\n\t\t\t\t\t\t\t\t<i aria-hidden=\"true\" class=\"fas fa-arrow-circle-up\"><\/i>\n\t\t\t\t\t\t\t\tGo to booking\t\t\t\t\t\t\t<\/a>\n\t\t\t\t\t\t<\/div>\n\n\t\t\t\t\t\t<!-- informazioni veicolo (auto e van) -->\n\t\t\t\t\t\t\t\t\t\t\t\t<div class=\"optional\">\n\t\t\t\t\t\t\t<ul>\n\t\t\t\t\t\t\t\t\t\t\t\t\t\t\t\t\t<li ng-class=\"veicolo.isElettrico('\u00c9lectrique') ? 'ico-alimentazione-e' : 'ico-alimentazione'\">\u00c9lectrique<\/li>\n\t\t\t\t\t\t\t\t\t\t\t\t\t\t\t\t\t\t\t\t\t\t\t\t\t<li class=\"ico-porte\">4<\/li>\n\t\t\t\t\t\t\t\t\t\t\t\t\t\t\t\t\t\t\t\t\t\t\t\t\t\t\t\t\t\t\t\t\t<li class=\"ico-trasmissione\">Bo\u00eete automatique<\/li>\n\t\t\t\t\t\t\t\t\t\t\t\t\t\t\t\t\t\t\t\t\t\t\t\t\t<li class=\"ico-posti\">3<\/li>\n\t\t\t\t\t\t\t\t\t\t\t\t\t\t\t<\/ul>\n\t\t\t\t\t\t<\/div>\n\t\t\t\t\t\t\n\t\t\t\t\t<\/div><!-- \/.veicolo -->\n\n\t\t\t\t<\/div>\n\n\t\t\t<\/div><!-- \/.lista-auto -->\n\n\t\t\n\t\t\t<!-- elenco auto -->\n\t\t\t<div class=\"col-12 mb-4 col-xl-6 col-xxl-4\">\n\t\t\t\t<div\n\t\t\t\t\tclass=\"veicolo van\"\n\t\t\t\t\tdata-ng-controller=\"VeicoloController as veicolo\"\n\t\t\t\t\tdata-ng-mouseenter=\"!veicolo.hasStato('scelta-listino') && veicolo.addStato('hover')\"\n\t\t\t\t\tdata-ng-class=\"[veicolo.getStato()]\"\n\t\t\t\t>\n\n\t\t\t\t\t<div class=\"h-100\">\n\n\t\t\t\t\t\t<!-- nome modello -->\n\t\t\t\t\t\t<div class=\"tipo\" style=\"line-height: 1\">\n\t\t\t\t\t\t\t<h5 class=\"font-weight-bold mb-0\">Maxus eDELIVER9\u00a0L2H2 <small>(Groupe <strong>Z3+<\/strong>)<\/small><\/h5>\n\t\t\t\t\t\t\t<small>ou similaire*<\/small>\n\t\t\t\t\t\t<\/div>\n\n\t\t\t\t\t\t\t\t\t\t\t\t<div class=\"descrizione w-50\">\n\t\t\t\t\t\t\t<span class=\"text-secondary\">Furgone grande \/ Big van<\/span>\n\t\t\t\t\t\t<\/div>\n\t\t\t\t\t\t\n\t\t\t\t\t\t<!-- immagine -->\n\t\t\t\t\t\t<img class=\"img\" src=\"https:\/\/bo.noleggiare.it\/immagini\/auto\/69cbcee2d3210_Z3+ elettrico Maxus eDELIVER9\u00a0L2H2 (1).png\" \/>\n\n\t\t\t\t\t\t<!-- elettrico -->\n\t\t\t\t\t\t<img class=\"img-elettrico\" ng-if=\"veicolo.isElettrico('\u00c9lectrique')\" ng-src=\"https:\/\/www.noleggiare.it\/wp-content\/themes\/noleggiare\/img\/ico-elettric.svg\" \/>\n\n\t\t\t\t\t\t<!-- pulsantiera -->\n\t\t\t\t\t\t<div class=\"pulsantiera\" data-ng-click=\"$event.stopPropagation()\">\n\t\t\t\t\t\t\t\t\t\t\t\t\t\t\t<div\n\t\t\t\t\t\t\t\t\tclass=\"misure pulsante d-block d-md-none\"\n\t\t\t\t\t\t\t\t\tdata-ng-show=\"!veicolo.hasStato('mostra-info-listino') && !veicolo.hasStato('mostra-info-misure')\"\n\t\t\t\t\t\t\t\t\tdata-ng-click=\"veicolo.addStato('mostra-info-misure', true)\"\n\t\t\t\t\t\t\t\t\ttabindex=\"0\"\n\t\t\t\t\t\t\t\t>\n\t\t\t\t\t\t\t\t\tmisure\t\t\t\t\t\t\t\t<\/div>\n\t\t\t\t\t\t\t\t\t\t\t\t\t\t<div\n\t\t\t\t\t\t\t\tclass=\"nascondi pulsante\"\n\t\t\t\t\t\t\t\tdata-ng-show=\"veicolo.hasStato('mostra-info-listino') || veicolo.hasStato('mostra-info-misure')\"\n\t\t\t\t\t\t\t\tdata-ng-click=\"veicolo.removeStato('mostra-info-listino'); veicolo.removeStato('mostra-info-misure');\"\n\t\t\t\t\t\t\t\ttabindex=\"0\"\n\t\t\t\t\t\t\t>\n\t\t\t\t\t\t\t\tClose\t\t\t\t\t\t\t<\/div>\n\t\t\t\t\t\t<\/div>\n\n\t\t\t\t\t\t<!-- misure van -->\n\t\t\t\t\t\t\t\t\t\t\t\t<div class=\"info-van d-none d-md-block\">\n\t\t\t\t\t\t\t<table>\n\t\t\t\t\t\t\t\t<tr>\n\t\t\t\t\t\t\t\t\t<td colspan=\"3\">\n\t\t\t\t\t\t\t\t\t\t<h5>Dimensions int\u00e9rieures<\/h5>\n\t\t\t\t\t\t\t\t\t<\/td>\n\t\t\t\t\t\t\t\t<\/tr>\n\t\t\t\t\t\t\t\t\t\t\t\t\t\t\t\t\t<tr>\n\t\t\t\t\t\t\t\t\t\t<td>\n\t\t\t\t\t\t\t\t\t\t\tHauteur:\n\t\t\t\t\t\t\t\t\t\t<\/td>\n\t\t\t\t\t\t\t\t\t\t<td>\n\t\t\t\t\t\t\t\t\t\t\t180 cm\n\t\t\t\t\t\t\t\t\t\t<\/td>\n\t\t\t\t\t\t\t\t\t\t<td rowspan=\"4\">\n\t\t\t\t\t\t\t\t\t\t\t<img class=\"mt-1\" src=\"https:\/\/www.noleggiare.it\/wp-content\/themes\/noleggiare\/img\/van-dimensioni-interne.svg\" \/>\n\t\t\t\t\t\t\t\t\t\t<\/td>\n\t\t\t\t\t\t\t\t\t<\/tr>\n\t\t\t\t\t\t\t\t\t\t\t\t\t\t\t\t\t\t\t\t\t\t\t\t\t<tr>\n\t\t\t\t\t\t\t\t\t\t<td>\n\t\t\t\t\t\t\t\t\t\t\tLargeur:\n\t\t\t\t\t\t\t\t\t\t<\/td>\n\t\t\t\t\t\t\t\t\t\t<td>\n\t\t\t\t\t\t\t\t\t\t\t180 cm\n\t\t\t\t\t\t\t\t\t\t<\/td>\n\t\t\t\t\t\t\t\t\t<\/tr>\n\t\t\t\t\t\t\t\t\t\t\t\t\t\t\t\t\t\t\t\t\t\t\t\t\t<tr>\n\t\t\t\t\t\t\t\t\t\t<td>\n\t\t\t\t\t\t\t\t\t\t\tLongueur:\n\t\t\t\t\t\t\t\t\t\t<\/td>\n\t\t\t\t\t\t\t\t\t\t<td>\n\t\t\t\t\t\t\t\t\t\t\t302 cm\n\t\t\t\t\t\t\t\t\t\t<\/td>\n\t\t\t\t\t\t\t\t\t<\/tr>\n\t\t\t\t\t\t\t\t\t\t\t\t\t\t\t\t\t\t\t\t\t\t\t\t\t<tr>\n\t\t\t\t\t\t\t\t\t\t<td>\n\t\t\t\t\t\t\t\t\t\t\tLargeur passage de roues:\n\t\t\t\t\t\t\t\t\t\t<\/td>\n\t\t\t\t\t\t\t\t\t\t<td>\n\t\t\t\t\t\t\t\t\t\t\t137 cm\n\t\t\t\t\t\t\t\t\t\t<\/td>\n\t\t\t\t\t\t\t\t\t<\/tr>\n\t\t\t\t\t\t\t\t\t\t\t\t\t\t\t\t<tr>\n\t\t\t\t\t\t\t\t\t<td colspan=\"3\">\n\t\t\t\t\t\t\t\t\t\t<h5>Dimensions ext\u00e9rieures<\/h5>\n\t\t\t\t\t\t\t\t\t<\/td>\n\t\t\t\t\t\t\t\t<\/tr>\n\t\t\t\t\t\t\t\t\t\t\t\t\t\t\t\t\t<tr>\n\t\t\t\t\t\t\t\t\t\t<td>\n\t\t\t\t\t\t\t\t\t\t\tHauteur:\n\t\t\t\t\t\t\t\t\t\t<\/td>\n\t\t\t\t\t\t\t\t\t\t<td>\n\t\t\t\t\t\t\t\t\t\t\t253 cm\n\t\t\t\t\t\t\t\t\t\t<\/td>\n\t\t\t\t\t\t\t\t\t\t<td rowspan=\"3\">\n\t\t\t\t\t\t\t\t\t\t\t<img class=\"mt-1\" src=\"https:\/\/www.noleggiare.it\/wp-content\/themes\/noleggiare\/img\/van-dimensioni-esterne.svg\" \/>\n\t\t\t\t\t\t\t\t\t\t<\/td>\n\t\t\t\t\t\t\t\t\t<\/tr>\n\t\t\t\t\t\t\t\t\t\t\t\t\t\t\t\t\t\t\t\t\t\t\t\t\t<tr>\n\t\t\t\t\t\t\t\t\t\t<td>\n\t\t\t\t\t\t\t\t\t\t\tLargeur:\n\t\t\t\t\t\t\t\t\t\t<\/td>\n\t\t\t\t\t\t\t\t\t\t<td>\n\t\t\t\t\t\t\t\t\t\t\t206 cm\n\t\t\t\t\t\t\t\t\t\t<\/td>\n\t\t\t\t\t\t\t\t\t<\/tr>\n\t\t\t\t\t\t\t\t\t\t\t\t\t\t\t\t\t\t\t\t\t\t\t\t\t<tr>\n\t\t\t\t\t\t\t\t\t\t<td>\n\t\t\t\t\t\t\t\t\t\t\tLongueur:\n\t\t\t\t\t\t\t\t\t\t<\/td>\n\t\t\t\t\t\t\t\t\t\t<td>\n\t\t\t\t\t\t\t\t\t\t\t555 cm\n\t\t\t\t\t\t\t\t\t\t<\/td>\n\t\t\t\t\t\t\t\t\t<\/tr>\n\t\t\t\t\t\t\t\t\t<tr>\n\t\t\t\t\t\t\t\t\t\t<td colspan=\"3\">\n\t\t\t\t\t\t\t\t\t\t\t<h5>Plus d\u2019infos<\/h5>\n\t\t\t\t\t\t\t\t\t\t<\/td>\n\t\t\t\t\t\t\t\t\t<\/tr>\n\t\t\t\t\t\t\t\t\t\t\t\t\t\t\t\t\t\t\t\t\t\t\t\t\t<tr>\n\t\t\t\t\t\t\t\t\t\t<td>\n\t\t\t\t\t\t\t\t\t\t\tCharge utile:\n\t\t\t\t\t\t\t\t\t\t<\/td>\n\t\t\t\t\t\t\t\t\t\t<td>\n\t\t\t\t\t\t\t\t\t\t\t1040 kg\n\t\t\t\t\t\t\t\t\t\t<\/td>\n\t\t\t\t\t\t\t\t\t\t<td rowspan=\"4\">\n\t\t\t\t\t\t\t\t\t\t\t<img class=\"mt-1\" src=\"https:\/\/www.noleggiare.it\/wp-content\/themes\/noleggiare\/img\/van-altre-info.svg\" \/>\n\t\t\t\t\t\t\t\t\t\t<\/td>\n\t\t\t\t\t\t\t\t\t<\/tr>\n\t\t\t\t\t\t\t\t\t\t\t\t\t\t\t\t\t\t\t\t\t\t\t\t\t<tr>\n\t\t\t\t\t\t\t\t\t\t<td>\n\t\t\t\t\t\t\t\t\t\t\tEmpattement:\n\t\t\t\t\t\t\t\t\t\t<\/td>\n\t\t\t\t\t\t\t\t\t\t<td>\n\t\t\t\t\t\t\t\t\t\t\t337 cm\n\t\t\t\t\t\t\t\t\t\t<\/td>\n\t\t\t\t\t\t\t\t\t<\/tr>\n\t\t\t\t\t\t\t\t\t\t\t\t\t\t\t\t\t\t\t\t\t\t\t\t\t<tr>\n\t\t\t\t\t\t\t\t\t\t<td>\n\t\t\t\t\t\t\t\t\t\t\tDimension de chargement:\n\t\t\t\t\t\t\t\t\t\t<\/td>\n\t\t\t\t\t\t\t\t\t\t<td>\n\t\t\t\t\t\t\t\t\t\t\t12.0 m<sup>3<\/sup>\n\t\t\t\t\t\t\t\t\t\t<\/td>\n\t\t\t\t\t\t\t\t\t<\/tr>\n\t\t\t\t\t\t\t\t\t\t\t\t\t\t\t\t\t\t\t\t\t\t\t\t\t<tr>\n\t\t\t\t\t\t\t\t\t\t<td>\n\t\t\t\t\t\t\t\t\t\t\tCapacit\u00e9 du r\u00e9servoir:\n\t\t\t\t\t\t\t\t\t\t<\/td>\n\t\t\t\t\t\t\t\t\t\t<td>\n\t\t\t\t\t\t\t\t\t\t\t72 l\n\t\t\t\t\t\t\t\t\t\t<\/td>\n\t\t\t\t\t\t\t\t\t<\/tr>\n\t\t\t\t\t\t\t\t\t\t\t\t\t\t\t<\/table>\n\t\t\t\t\t\t\t<tr>\n\t\t\t\t\t\t\t\t<td colspan=\"3\">\n\t\t\t\t\t\t\t\t\t<small>\n\t\t\t\t\t\t\t\t\t\t<br>\n\t\t\t\t\t\t\t\t\t\tLes mesures sont fournies par le fabricant et repr\u00e9sentent des valeurs maximales. <\/br><\/br>Pour les dimensions exactes<\/br> et les mod\u00e8les disponibles,<\/br> veuillez nous contacter directement.\t\t\t\t\t\t\t\t\t<\/small>\n\t\t\t\t\t\t\t\t<\/td>\n\t\t\t\t\t\t\t<\/tr>\n\t\t\t\t\t\t<\/div>\n\t\t\t\t\t\t\n\t\t\t\t\t\t<!-- misure van (mobile) -->\n\t\t\t\t\t\t<div class=\"cnt-misure\">\n\t\t\t\t\t\t\t<table>\n\t\t\t\t\t\t\t\t<tr>\n\t\t\t\t\t\t\t\t\t<td colspan=\"3\">\n\t\t\t\t\t\t\t\t\t\t<h5>Dimensions int\u00e9rieures<\/h5>\n\t\t\t\t\t\t\t\t\t<\/td>\n\t\t\t\t\t\t\t\t<\/tr>\n\t\t\t\t\t\t\t\t\t\t\t\t\t\t\t\t<tr>\n\t\t\t\t\t\t\t\t\t<td>\n\t\t\t\t\t\t\t\t\t\tHauteur:\n\t\t\t\t\t\t\t\t\t<\/td>\n\t\t\t\t\t\t\t\t\t<td>\n\t\t\t\t\t\t\t\t\t\t180 cm\n\t\t\t\t\t\t\t\t\t<\/td>\n\t\t\t\t\t\t\t\t\t<td rowspan=\"4\">\n\t\t\t\t\t\t\t\t\t\t<img class=\"mt-1\" src=\"https:\/\/www.noleggiare.it\/wp-content\/themes\/noleggiare\/img\/van-dimensioni-interne.svg\" \/>\n\t\t\t\t\t\t\t\t\t<\/td>\n\t\t\t\t\t\t\t\t<\/tr>\n\t\t\t\t\t\t\t\t\t\t\t\t\t\t\t\t\t\t\t\t\t\t\t\t<tr>\n\t\t\t\t\t\t\t\t\t<td>\n\t\t\t\t\t\t\t\t\t\tLargeur:\n\t\t\t\t\t\t\t\t\t<\/td>\n\t\t\t\t\t\t\t\t\t<td>\n\t\t\t\t\t\t\t\t\t\t180 cm\n\t\t\t\t\t\t\t\t\t<\/td>\n\t\t\t\t\t\t\t\t<\/tr>\n\t\t\t\t\t\t\t\t\t\t\t\t\t\t\t\t\t\t\t\t\t\t\t\t<tr>\n\t\t\t\t\t\t\t\t\t<td>\n\t\t\t\t\t\t\t\t\t\tLongueur:\n\t\t\t\t\t\t\t\t\t<\/td>\n\t\t\t\t\t\t\t\t\t<td>\n\t\t\t\t\t\t\t\t\t\t302 cm\n\t\t\t\t\t\t\t\t\t<\/td>\n\t\t\t\t\t\t\t\t<\/tr>\n\t\t\t\t\t\t\t\t\t\t\t\t\t\t\t\t\t\t\t\t\t\t\t\t<tr>\n\t\t\t\t\t\t\t\t\t<td>\n\t\t\t\t\t\t\t\t\t\tLargeur passage de roues:\n\t\t\t\t\t\t\t\t\t<\/td>\n\t\t\t\t\t\t\t\t\t<td>\n\t\t\t\t\t\t\t\t\t\t137 cm\n\t\t\t\t\t\t\t\t\t<\/td>\n\t\t\t\t\t\t\t\t<\/tr>\n\t\t\t\t\t\t\t\t<tr>\n\t\t\t\t\t\t\t\t\t<td colspan=\"3\">\n\t\t\t\t\t\t\t\t\t\t<h5>Dimensions ext\u00e9rieures<\/h5>\n\t\t\t\t\t\t\t\t\t<\/td>\n\t\t\t\t\t\t\t\t<\/tr>\n\t\t\t\t\t\t\t\t\t\t\t\t\t\t\t\t\t\t\t\t\t\t\t\t<tr>\n\t\t\t\t\t\t\t\t\t<td>\n\t\t\t\t\t\t\t\t\t\tHauteur:\n\t\t\t\t\t\t\t\t\t<\/td>\n\t\t\t\t\t\t\t\t\t<td>\n\t\t\t\t\t\t\t\t\t\t253 cm\n\t\t\t\t\t\t\t\t\t<\/td>\n\t\t\t\t\t\t\t\t\t<td rowspan=\"3\">\n\t\t\t\t\t\t\t\t\t\t<img class=\"mt-1\" src=\"https:\/\/www.noleggiare.it\/wp-content\/themes\/noleggiare\/img\/van-dimensioni-esterne.svg\" \/>\n\t\t\t\t\t\t\t\t\t<\/td>\n\t\t\t\t\t\t\t\t<\/tr>\n\t\t\t\t\t\t\t\t\t\t\t\t\t\t\t\t\t\t\t\t\t\t\t\t<tr>\n\t\t\t\t\t\t\t\t\t<td>\n\t\t\t\t\t\t\t\t\t\tLargeur:\n\t\t\t\t\t\t\t\t\t<\/td>\n\t\t\t\t\t\t\t\t\t<td>\n\t\t\t\t\t\t\t\t\t\t206 cm\n\t\t\t\t\t\t\t\t\t<\/td>\n\t\t\t\t\t\t\t\t<\/tr>\n\t\t\t\t\t\t\t\t\t\t\t\t\t\t\t\t\t\t\t\t\t\t\t\t<tr>\n\t\t\t\t\t\t\t\t\t<td>\n\t\t\t\t\t\t\t\t\t\tLongueur:\n\t\t\t\t\t\t\t\t\t<\/td>\n\t\t\t\t\t\t\t\t\t<td>\n\t\t\t\t\t\t\t\t\t\t555 cm\n\t\t\t\t\t\t\t\t\t<\/td>\n\t\t\t\t\t\t\t\t<\/tr>\n\t\t\t\t\t\t\t\t<tr>\n\t\t\t\t\t\t\t\t\t<td colspan=\"3\">\n\t\t\t\t\t\t\t\t\t\t<h5>Plus d\u2019infos<\/h5>\n\t\t\t\t\t\t\t\t\t<\/td>\n\t\t\t\t\t\t\t\t<\/tr>\n\t\t\t\t\t\t\t\t\t\t\t\t\t\t\t\t\t\t\t\t\t\t\t\t<tr>\n\t\t\t\t\t\t\t\t\t<td>\n\t\t\t\t\t\t\t\t\t\tCharge utile:\n\t\t\t\t\t\t\t\t\t<\/td>\n\t\t\t\t\t\t\t\t\t<td>\n\t\t\t\t\t\t\t\t\t\t1040 kg\n\t\t\t\t\t\t\t\t\t<\/td>\n\t\t\t\t\t\t\t\t\t<td rowspan=\"4\">\n\t\t\t\t\t\t\t\t\t\t<img class=\"mt-1\" src=\"https:\/\/www.noleggiare.it\/wp-content\/themes\/noleggiare\/img\/van-altre-info.svg\" \/>\n\t\t\t\t\t\t\t\t\t<\/td>\n\t\t\t\t\t\t\t\t<\/tr>\n\t\t\t\t\t\t\t\t\t\t\t\t\t\t\t\t\t\t\t\t\t\t\t\t<tr>\n\t\t\t\t\t\t\t\t\t<td>\n\t\t\t\t\t\t\t\t\t\tEmpattement:\n\t\t\t\t\t\t\t\t\t<\/td>\n\t\t\t\t\t\t\t\t\t<td>\n\t\t\t\t\t\t\t\t\t\t337 cm\n\t\t\t\t\t\t\t\t\t<\/td>\n\t\t\t\t\t\t\t\t<\/tr>\n\t\t\t\t\t\t\t\t\t\t\t\t\t\t\t\t\t\t\t\t\t\t\t\t<tr>\n\t\t\t\t\t\t\t\t\t<td>\n\t\t\t\t\t\t\t\t\t\tDimension de chargement:\n\t\t\t\t\t\t\t\t\t<\/td>\n\t\t\t\t\t\t\t\t\t<td>\n\t\t\t\t\t\t\t\t\t\t12.0 m<sup>3<\/sup>\n\t\t\t\t\t\t\t\t\t<\/td>\n\t\t\t\t\t\t\t\t<\/tr>\n\t\t\t\t\t\t\t\t\t\t\t\t\t\t\t\t\t\t\t\t\t\t\t\t<tr>\n\t\t\t\t\t\t\t\t\t<td>\n\t\t\t\t\t\t\t\t\t\tCapacit\u00e9 du r\u00e9servoir:\n\t\t\t\t\t\t\t\t\t<\/td>\n\t\t\t\t\t\t\t\t\t<td>\n\t\t\t\t\t\t\t\t\t\t72 l\n\t\t\t\t\t\t\t\t\t<\/td>\n\t\t\t\t\t\t\t\t<\/tr>\n\t\t\t\t\t\t\t\t\t\t\t\t\t\t\t\t<tr>\n\t\t\t\t\t\t\t\t\t<td colspan=\"3\">\n\t\t\t\t\t\t\t\t\t\t<small>\n\t\t\t\t\t\t\t\t\t\t\t<br>\n\t\t\t\t\t\t\t\t\t\t\tLes mesures sont fournies par le fabricant et repr\u00e9sentent des valeurs maximales. <\/br><\/br>Pour les dimensions exactes<\/br> et les mod\u00e8les disponibles,<\/br> veuillez nous contacter directement.\t\t\t\t\t\t\t\t\t\t<\/small>\n\t\t\t\t\t\t\t\t\t<\/td>\n\t\t\t\t\t\t\t\t<\/tr>\n\t\t\t\t\t\t\t<\/table>\n\t\t\t\t\t\t<\/div>\n\n\t\t\t\t\t\t<div class=\"prezzo text-center\">\n\t\t\t\t\t\t\t<a class=\"btn-espandi-promo btn btn-secondary mt-5\" href=\"#prenota\">\n\t\t\t\t\t\t\t\t<i aria-hidden=\"true\" class=\"fas fa-arrow-circle-up\"><\/i>\n\t\t\t\t\t\t\t\tGo to booking\t\t\t\t\t\t\t<\/a>\n\t\t\t\t\t\t<\/div>\n\n\t\t\t\t\t\t<!-- informazioni veicolo (auto e van) -->\n\t\t\t\t\t\t\t\t\t\t\t\t<div class=\"optional\">\n\t\t\t\t\t\t\t<ul>\n\t\t\t\t\t\t\t\t\t\t\t\t\t\t\t\t\t<li ng-class=\"veicolo.isElettrico('\u00c9lectrique') ? 'ico-alimentazione-e' : 'ico-alimentazione'\">\u00c9lectrique<\/li>\n\t\t\t\t\t\t\t\t\t\t\t\t\t\t\t\t\t\t\t\t\t\t\t\t\t<li class=\"ico-porte\">5<\/li>\n\t\t\t\t\t\t\t\t\t\t\t\t\t\t\t\t\t\t\t\t\t\t\t\t\t\t\t\t\t\t\t\t\t<li class=\"ico-trasmissione\">Bo\u00eete automatique<\/li>\n\t\t\t\t\t\t\t\t\t\t\t\t\t\t\t\t\t\t\t\t\t\t\t\t\t<li class=\"ico-posti\">3<\/li>\n\t\t\t\t\t\t\t\t\t\t\t\t\t\t\t<\/ul>\n\t\t\t\t\t\t<\/div>\n\t\t\t\t\t\t\n\t\t\t\t\t<\/div><!-- \/.veicolo -->\n\n\t\t\t\t<\/div>\n\n\t\t\t<\/div><!-- \/.lista-auto -->\n\n\t\t\n\t\t\t<!-- elenco auto -->\n\t\t\t<div class=\"col-12 mb-4 col-xl-6 col-xxl-4\">\n\t\t\t\t<div\n\t\t\t\t\tclass=\"veicolo van\"\n\t\t\t\t\tdata-ng-controller=\"VeicoloController as veicolo\"\n\t\t\t\t\tdata-ng-mouseenter=\"!veicolo.hasStato('scelta-listino') && veicolo.addStato('hover')\"\n\t\t\t\t\tdata-ng-class=\"[veicolo.getStato()]\"\n\t\t\t\t>\n\n\t\t\t\t\t<div class=\"h-100\">\n\n\t\t\t\t\t\t<!-- nome modello -->\n\t\t\t\t\t\t<div class=\"tipo\" style=\"line-height: 1\">\n\t\t\t\t\t\t\t<h5 class=\"font-weight-bold mb-0\">Fiat Ducato 35 2.2 Mjt 140CV PLM-DC <small>(Groupe <strong>Z4C7<\/strong>)<\/small><\/h5>\n\t\t\t\t\t\t\t<small>ou similaire*<\/small>\n\t\t\t\t\t\t<\/div>\n\n\t\t\t\t\t\t\t\t\t\t\t\t<div class=\"descrizione w-50\">\n\t\t\t\t\t\t\t<span class=\"text-secondary\">Furgone grande \/ Big van<\/span>\n\t\t\t\t\t\t<\/div>\n\t\t\t\t\t\t\n\t\t\t\t\t\t<!-- immagine -->\n\t\t\t\t\t\t<img class=\"img\" src=\"https:\/\/bo.noleggiare.it\/immagini\/auto\/689dea4376b5e_Z4C7.png\" \/>\n\n\t\t\t\t\t\t<!-- elettrico -->\n\t\t\t\t\t\t<img class=\"img-elettrico\" ng-if=\"veicolo.isElettrico('Diesel')\" ng-src=\"https:\/\/www.noleggiare.it\/wp-content\/themes\/noleggiare\/img\/ico-elettric.svg\" \/>\n\n\t\t\t\t\t\t<!-- pulsantiera -->\n\t\t\t\t\t\t<div class=\"pulsantiera\" data-ng-click=\"$event.stopPropagation()\">\n\t\t\t\t\t\t\t\t\t\t\t\t\t\t\t<div\n\t\t\t\t\t\t\t\t\tclass=\"misure pulsante d-block d-md-none\"\n\t\t\t\t\t\t\t\t\tdata-ng-show=\"!veicolo.hasStato('mostra-info-listino') && !veicolo.hasStato('mostra-info-misure')\"\n\t\t\t\t\t\t\t\t\tdata-ng-click=\"veicolo.addStato('mostra-info-misure', true)\"\n\t\t\t\t\t\t\t\t\ttabindex=\"0\"\n\t\t\t\t\t\t\t\t>\n\t\t\t\t\t\t\t\t\tmisure\t\t\t\t\t\t\t\t<\/div>\n\t\t\t\t\t\t\t\t\t\t\t\t\t\t<div\n\t\t\t\t\t\t\t\tclass=\"nascondi pulsante\"\n\t\t\t\t\t\t\t\tdata-ng-show=\"veicolo.hasStato('mostra-info-listino') || veicolo.hasStato('mostra-info-misure')\"\n\t\t\t\t\t\t\t\tdata-ng-click=\"veicolo.removeStato('mostra-info-listino'); veicolo.removeStato('mostra-info-misure');\"\n\t\t\t\t\t\t\t\ttabindex=\"0\"\n\t\t\t\t\t\t\t>\n\t\t\t\t\t\t\t\tClose\t\t\t\t\t\t\t<\/div>\n\t\t\t\t\t\t<\/div>\n\n\t\t\t\t\t\t<!-- misure van -->\n\t\t\t\t\t\t\t\t\t\t\t\t<div class=\"info-van d-none d-md-block\">\n\t\t\t\t\t\t\t<table>\n\t\t\t\t\t\t\t\t<tr>\n\t\t\t\t\t\t\t\t\t<td colspan=\"3\">\n\t\t\t\t\t\t\t\t\t\t<h5>Dimensions int\u00e9rieures<\/h5>\n\t\t\t\t\t\t\t\t\t<\/td>\n\t\t\t\t\t\t\t\t<\/tr>\n\t\t\t\t\t\t\t\t\t\t\t\t\t\t\t\t\t<tr>\n\t\t\t\t\t\t\t\t\t\t<td>\n\t\t\t\t\t\t\t\t\t\t\tHauteur:\n\t\t\t\t\t\t\t\t\t\t<\/td>\n\t\t\t\t\t\t\t\t\t\t<td>\n\t\t\t\t\t\t\t\t\t\t\t161 cm\n\t\t\t\t\t\t\t\t\t\t<\/td>\n\t\t\t\t\t\t\t\t\t\t<td rowspan=\"4\">\n\t\t\t\t\t\t\t\t\t\t\t<img class=\"mt-1\" src=\"https:\/\/www.noleggiare.it\/wp-content\/themes\/noleggiare\/img\/van-dimensioni-interne.svg\" \/>\n\t\t\t\t\t\t\t\t\t\t<\/td>\n\t\t\t\t\t\t\t\t\t<\/tr>\n\t\t\t\t\t\t\t\t\t\t\t\t\t\t\t\t\t\t\t\t\t\t\t\t\t<tr>\n\t\t\t\t\t\t\t\t\t\t<td>\n\t\t\t\t\t\t\t\t\t\t\tLargeur:\n\t\t\t\t\t\t\t\t\t\t<\/td>\n\t\t\t\t\t\t\t\t\t\t<td>\n\t\t\t\t\t\t\t\t\t\t\t179 cm\n\t\t\t\t\t\t\t\t\t\t<\/td>\n\t\t\t\t\t\t\t\t\t<\/tr>\n\t\t\t\t\t\t\t\t\t\t\t\t\t\t\t\t\t\t\t\t\t\t\t\t\t<tr>\n\t\t\t\t\t\t\t\t\t\t<td>\n\t\t\t\t\t\t\t\t\t\t\tLongueur:\n\t\t\t\t\t\t\t\t\t\t<\/td>\n\t\t\t\t\t\t\t\t\t\t<td>\n\t\t\t\t\t\t\t\t\t\t\t304 cm\n\t\t\t\t\t\t\t\t\t\t<\/td>\n\t\t\t\t\t\t\t\t\t<\/tr>\n\t\t\t\t\t\t\t\t\t\t\t\t\t\t\t\t\t\t\t\t\t\t\t\t\t<tr>\n\t\t\t\t\t\t\t\t\t\t<td>\n\t\t\t\t\t\t\t\t\t\t\tLargeur passage de roues:\n\t\t\t\t\t\t\t\t\t\t<\/td>\n\t\t\t\t\t\t\t\t\t\t<td>\n\t\t\t\t\t\t\t\t\t\t\t94 cm\n\t\t\t\t\t\t\t\t\t\t<\/td>\n\t\t\t\t\t\t\t\t\t<\/tr>\n\t\t\t\t\t\t\t\t\t\t\t\t\t\t\t\t<tr>\n\t\t\t\t\t\t\t\t\t<td colspan=\"3\">\n\t\t\t\t\t\t\t\t\t\t<h5>Dimensions ext\u00e9rieures<\/h5>\n\t\t\t\t\t\t\t\t\t<\/td>\n\t\t\t\t\t\t\t\t<\/tr>\n\t\t\t\t\t\t\t\t\t\t\t\t\t\t\t\t\t<tr>\n\t\t\t\t\t\t\t\t\t\t<td>\n\t\t\t\t\t\t\t\t\t\t\tHauteur:\n\t\t\t\t\t\t\t\t\t\t<\/td>\n\t\t\t\t\t\t\t\t\t\t<td>\n\t\t\t\t\t\t\t\t\t\t\t215 cm\n\t\t\t\t\t\t\t\t\t\t<\/td>\n\t\t\t\t\t\t\t\t\t\t<td rowspan=\"3\">\n\t\t\t\t\t\t\t\t\t\t\t<img class=\"mt-1\" src=\"https:\/\/www.noleggiare.it\/wp-content\/themes\/noleggiare\/img\/van-dimensioni-esterne.svg\" \/>\n\t\t\t\t\t\t\t\t\t\t<\/td>\n\t\t\t\t\t\t\t\t\t<\/tr>\n\t\t\t\t\t\t\t\t\t\t\t\t\t\t\t\t\t\t\t\t\t\t\t\t\t<tr>\n\t\t\t\t\t\t\t\t\t\t<td>\n\t\t\t\t\t\t\t\t\t\t\tLargeur:\n\t\t\t\t\t\t\t\t\t\t<\/td>\n\t\t\t\t\t\t\t\t\t\t<td>\n\t\t\t\t\t\t\t\t\t\t\t205 cm\n\t\t\t\t\t\t\t\t\t\t<\/td>\n\t\t\t\t\t\t\t\t\t<\/tr>\n\t\t\t\t\t\t\t\t\t\t\t\t\t\t\t\t\t\t\t\t\t\t\t\t\t<tr>\n\t\t\t\t\t\t\t\t\t\t<td>\n\t\t\t\t\t\t\t\t\t\t\tLongueur:\n\t\t\t\t\t\t\t\t\t\t<\/td>\n\t\t\t\t\t\t\t\t\t\t<td>\n\t\t\t\t\t\t\t\t\t\t\t668 cm\n\t\t\t\t\t\t\t\t\t\t<\/td>\n\t\t\t\t\t\t\t\t\t<\/tr>\n\t\t\t\t\t\t\t\t\t<tr>\n\t\t\t\t\t\t\t\t\t\t<td colspan=\"3\">\n\t\t\t\t\t\t\t\t\t\t\t<h5>Plus d\u2019infos<\/h5>\n\t\t\t\t\t\t\t\t\t\t<\/td>\n\t\t\t\t\t\t\t\t\t<\/tr>\n\t\t\t\t\t\t\t\t\t\t\t\t\t\t\t\t\t\t\t\t\t\t\t\t\t<tr>\n\t\t\t\t\t\t\t\t\t\t<td>\n\t\t\t\t\t\t\t\t\t\t\tCharge utile:\n\t\t\t\t\t\t\t\t\t\t<\/td>\n\t\t\t\t\t\t\t\t\t\t<td>\n\t\t\t\t\t\t\t\t\t\t\t1505 kg\n\t\t\t\t\t\t\t\t\t\t<\/td>\n\t\t\t\t\t\t\t\t\t\t<td rowspan=\"4\">\n\t\t\t\t\t\t\t\t\t\t\t<img class=\"mt-1\" src=\"https:\/\/www.noleggiare.it\/wp-content\/themes\/noleggiare\/img\/van-altre-info.svg\" \/>\n\t\t\t\t\t\t\t\t\t\t<\/td>\n\t\t\t\t\t\t\t\t\t<\/tr>\n\t\t\t\t\t\t\t\t\t\t\t\t\t\t\t\t\t\t\t\t\t\t\t\t\t<tr>\n\t\t\t\t\t\t\t\t\t\t<td>\n\t\t\t\t\t\t\t\t\t\t\tEmpattement:\n\t\t\t\t\t\t\t\t\t\t<\/td>\n\t\t\t\t\t\t\t\t\t\t<td>\n\t\t\t\t\t\t\t\t\t\t\t404 cm\n\t\t\t\t\t\t\t\t\t\t<\/td>\n\t\t\t\t\t\t\t\t\t<\/tr>\n\t\t\t\t\t\t\t\t\t\t\t\t\t\t\t\t\t\t\t\t\t\t\t\t\t<tr>\n\t\t\t\t\t\t\t\t\t\t<td>\n\t\t\t\t\t\t\t\t\t\t\tDimension de chargement:\n\t\t\t\t\t\t\t\t\t\t<\/td>\n\t\t\t\t\t\t\t\t\t\t<td>\n\t\t\t\t\t\t\t\t\t\t\t10.3 m<sup>3<\/sup>\n\t\t\t\t\t\t\t\t\t\t<\/td>\n\t\t\t\t\t\t\t\t\t<\/tr>\n\t\t\t\t\t\t\t\t\t\t\t\t\t\t\t\t\t\t\t\t\t\t\t\t\t<tr>\n\t\t\t\t\t\t\t\t\t\t<td>\n\t\t\t\t\t\t\t\t\t\t\tCapacit\u00e9 du r\u00e9servoir:\n\t\t\t\t\t\t\t\t\t\t<\/td>\n\t\t\t\t\t\t\t\t\t\t<td>\n\t\t\t\t\t\t\t\t\t\t\t90 l\n\t\t\t\t\t\t\t\t\t\t<\/td>\n\t\t\t\t\t\t\t\t\t<\/tr>\n\t\t\t\t\t\t\t\t\t\t\t\t\t\t\t<\/table>\n\t\t\t\t\t\t\t<tr>\n\t\t\t\t\t\t\t\t<td colspan=\"3\">\n\t\t\t\t\t\t\t\t\t<small>\n\t\t\t\t\t\t\t\t\t\t<br>\n\t\t\t\t\t\t\t\t\t\tLes mesures sont fournies par le fabricant et repr\u00e9sentent des valeurs maximales. <\/br><\/br>Pour les dimensions exactes<\/br> et les mod\u00e8les disponibles,<\/br> veuillez nous contacter directement.\t\t\t\t\t\t\t\t\t<\/small>\n\t\t\t\t\t\t\t\t<\/td>\n\t\t\t\t\t\t\t<\/tr>\n\t\t\t\t\t\t<\/div>\n\t\t\t\t\t\t\n\t\t\t\t\t\t<!-- misure van (mobile) -->\n\t\t\t\t\t\t<div class=\"cnt-misure\">\n\t\t\t\t\t\t\t<table>\n\t\t\t\t\t\t\t\t<tr>\n\t\t\t\t\t\t\t\t\t<td colspan=\"3\">\n\t\t\t\t\t\t\t\t\t\t<h5>Dimensions int\u00e9rieures<\/h5>\n\t\t\t\t\t\t\t\t\t<\/td>\n\t\t\t\t\t\t\t\t<\/tr>\n\t\t\t\t\t\t\t\t\t\t\t\t\t\t\t\t<tr>\n\t\t\t\t\t\t\t\t\t<td>\n\t\t\t\t\t\t\t\t\t\tHauteur:\n\t\t\t\t\t\t\t\t\t<\/td>\n\t\t\t\t\t\t\t\t\t<td>\n\t\t\t\t\t\t\t\t\t\t161 cm\n\t\t\t\t\t\t\t\t\t<\/td>\n\t\t\t\t\t\t\t\t\t<td rowspan=\"4\">\n\t\t\t\t\t\t\t\t\t\t<img class=\"mt-1\" src=\"https:\/\/www.noleggiare.it\/wp-content\/themes\/noleggiare\/img\/van-dimensioni-interne.svg\" \/>\n\t\t\t\t\t\t\t\t\t<\/td>\n\t\t\t\t\t\t\t\t<\/tr>\n\t\t\t\t\t\t\t\t\t\t\t\t\t\t\t\t\t\t\t\t\t\t\t\t<tr>\n\t\t\t\t\t\t\t\t\t<td>\n\t\t\t\t\t\t\t\t\t\tLargeur:\n\t\t\t\t\t\t\t\t\t<\/td>\n\t\t\t\t\t\t\t\t\t<td>\n\t\t\t\t\t\t\t\t\t\t179 cm\n\t\t\t\t\t\t\t\t\t<\/td>\n\t\t\t\t\t\t\t\t<\/tr>\n\t\t\t\t\t\t\t\t\t\t\t\t\t\t\t\t\t\t\t\t\t\t\t\t<tr>\n\t\t\t\t\t\t\t\t\t<td>\n\t\t\t\t\t\t\t\t\t\tLongueur:\n\t\t\t\t\t\t\t\t\t<\/td>\n\t\t\t\t\t\t\t\t\t<td>\n\t\t\t\t\t\t\t\t\t\t304 cm\n\t\t\t\t\t\t\t\t\t<\/td>\n\t\t\t\t\t\t\t\t<\/tr>\n\t\t\t\t\t\t\t\t\t\t\t\t\t\t\t\t\t\t\t\t\t\t\t\t<tr>\n\t\t\t\t\t\t\t\t\t<td>\n\t\t\t\t\t\t\t\t\t\tLargeur passage de roues:\n\t\t\t\t\t\t\t\t\t<\/td>\n\t\t\t\t\t\t\t\t\t<td>\n\t\t\t\t\t\t\t\t\t\t94 cm\n\t\t\t\t\t\t\t\t\t<\/td>\n\t\t\t\t\t\t\t\t<\/tr>\n\t\t\t\t\t\t\t\t<tr>\n\t\t\t\t\t\t\t\t\t<td colspan=\"3\">\n\t\t\t\t\t\t\t\t\t\t<h5>Dimensions ext\u00e9rieures<\/h5>\n\t\t\t\t\t\t\t\t\t<\/td>\n\t\t\t\t\t\t\t\t<\/tr>\n\t\t\t\t\t\t\t\t\t\t\t\t\t\t\t\t\t\t\t\t\t\t\t\t<tr>\n\t\t\t\t\t\t\t\t\t<td>\n\t\t\t\t\t\t\t\t\t\tHauteur:\n\t\t\t\t\t\t\t\t\t<\/td>\n\t\t\t\t\t\t\t\t\t<td>\n\t\t\t\t\t\t\t\t\t\t215 cm\n\t\t\t\t\t\t\t\t\t<\/td>\n\t\t\t\t\t\t\t\t\t<td rowspan=\"3\">\n\t\t\t\t\t\t\t\t\t\t<img class=\"mt-1\" src=\"https:\/\/www.noleggiare.it\/wp-content\/themes\/noleggiare\/img\/van-dimensioni-esterne.svg\" \/>\n\t\t\t\t\t\t\t\t\t<\/td>\n\t\t\t\t\t\t\t\t<\/tr>\n\t\t\t\t\t\t\t\t\t\t\t\t\t\t\t\t\t\t\t\t\t\t\t\t<tr>\n\t\t\t\t\t\t\t\t\t<td>\n\t\t\t\t\t\t\t\t\t\tLargeur:\n\t\t\t\t\t\t\t\t\t<\/td>\n\t\t\t\t\t\t\t\t\t<td>\n\t\t\t\t\t\t\t\t\t\t205 cm\n\t\t\t\t\t\t\t\t\t<\/td>\n\t\t\t\t\t\t\t\t<\/tr>\n\t\t\t\t\t\t\t\t\t\t\t\t\t\t\t\t\t\t\t\t\t\t\t\t<tr>\n\t\t\t\t\t\t\t\t\t<td>\n\t\t\t\t\t\t\t\t\t\tLongueur:\n\t\t\t\t\t\t\t\t\t<\/td>\n\t\t\t\t\t\t\t\t\t<td>\n\t\t\t\t\t\t\t\t\t\t668 cm\n\t\t\t\t\t\t\t\t\t<\/td>\n\t\t\t\t\t\t\t\t<\/tr>\n\t\t\t\t\t\t\t\t<tr>\n\t\t\t\t\t\t\t\t\t<td colspan=\"3\">\n\t\t\t\t\t\t\t\t\t\t<h5>Plus d\u2019infos<\/h5>\n\t\t\t\t\t\t\t\t\t<\/td>\n\t\t\t\t\t\t\t\t<\/tr>\n\t\t\t\t\t\t\t\t\t\t\t\t\t\t\t\t\t\t\t\t\t\t\t\t<tr>\n\t\t\t\t\t\t\t\t\t<td>\n\t\t\t\t\t\t\t\t\t\tCharge utile:\n\t\t\t\t\t\t\t\t\t<\/td>\n\t\t\t\t\t\t\t\t\t<td>\n\t\t\t\t\t\t\t\t\t\t1505 kg\n\t\t\t\t\t\t\t\t\t<\/td>\n\t\t\t\t\t\t\t\t\t<td rowspan=\"4\">\n\t\t\t\t\t\t\t\t\t\t<img class=\"mt-1\" src=\"https:\/\/www.noleggiare.it\/wp-content\/themes\/noleggiare\/img\/van-altre-info.svg\" \/>\n\t\t\t\t\t\t\t\t\t<\/td>\n\t\t\t\t\t\t\t\t<\/tr>\n\t\t\t\t\t\t\t\t\t\t\t\t\t\t\t\t\t\t\t\t\t\t\t\t<tr>\n\t\t\t\t\t\t\t\t\t<td>\n\t\t\t\t\t\t\t\t\t\tEmpattement:\n\t\t\t\t\t\t\t\t\t<\/td>\n\t\t\t\t\t\t\t\t\t<td>\n\t\t\t\t\t\t\t\t\t\t404 cm\n\t\t\t\t\t\t\t\t\t<\/td>\n\t\t\t\t\t\t\t\t<\/tr>\n\t\t\t\t\t\t\t\t\t\t\t\t\t\t\t\t\t\t\t\t\t\t\t\t<tr>\n\t\t\t\t\t\t\t\t\t<td>\n\t\t\t\t\t\t\t\t\t\tDimension de chargement:\n\t\t\t\t\t\t\t\t\t<\/td>\n\t\t\t\t\t\t\t\t\t<td>\n\t\t\t\t\t\t\t\t\t\t10.3 m<sup>3<\/sup>\n\t\t\t\t\t\t\t\t\t<\/td>\n\t\t\t\t\t\t\t\t<\/tr>\n\t\t\t\t\t\t\t\t\t\t\t\t\t\t\t\t\t\t\t\t\t\t\t\t<tr>\n\t\t\t\t\t\t\t\t\t<td>\n\t\t\t\t\t\t\t\t\t\tCapacit\u00e9 du r\u00e9servoir:\n\t\t\t\t\t\t\t\t\t<\/td>\n\t\t\t\t\t\t\t\t\t<td>\n\t\t\t\t\t\t\t\t\t\t90 l\n\t\t\t\t\t\t\t\t\t<\/td>\n\t\t\t\t\t\t\t\t<\/tr>\n\t\t\t\t\t\t\t\t\t\t\t\t\t\t\t\t<tr>\n\t\t\t\t\t\t\t\t\t<td colspan=\"3\">\n\t\t\t\t\t\t\t\t\t\t<small>\n\t\t\t\t\t\t\t\t\t\t\t<br>\n\t\t\t\t\t\t\t\t\t\t\tLes mesures sont fournies par le fabricant et repr\u00e9sentent des valeurs maximales. <\/br><\/br>Pour les dimensions exactes<\/br> et les mod\u00e8les disponibles,<\/br> veuillez nous contacter directement.\t\t\t\t\t\t\t\t\t\t<\/small>\n\t\t\t\t\t\t\t\t\t<\/td>\n\t\t\t\t\t\t\t\t<\/tr>\n\t\t\t\t\t\t\t<\/table>\n\t\t\t\t\t\t<\/div>\n\n\t\t\t\t\t\t<div class=\"prezzo text-center\">\n\t\t\t\t\t\t\t<a class=\"btn-espandi-promo btn btn-secondary mt-5\" href=\"#prenota\">\n\t\t\t\t\t\t\t\t<i aria-hidden=\"true\" class=\"fas fa-arrow-circle-up\"><\/i>\n\t\t\t\t\t\t\t\tGo to booking\t\t\t\t\t\t\t<\/a>\n\t\t\t\t\t\t<\/div>\n\n\t\t\t\t\t\t<!-- informazioni veicolo (auto e van) -->\n\t\t\t\t\t\t\t\t\t\t\t\t<div class=\"optional\">\n\t\t\t\t\t\t\t<ul>\n\t\t\t\t\t\t\t\t\t\t\t\t\t\t\t\t\t<li ng-class=\"veicolo.isElettrico('Diesel') ? 'ico-alimentazione-e' : 'ico-alimentazione'\">Diesel<\/li>\n\t\t\t\t\t\t\t\t\t\t\t\t\t\t\t\t\t\t\t\t\t\t\t\t\t<li class=\"ico-porte\">4<\/li>\n\t\t\t\t\t\t\t\t\t\t\t\t\t\t\t\t\t\t\t\t\t\t\t\t\t\t\t\t\t\t\t\t\t<li class=\"ico-trasmissione\">Bo\u00eete manuelle<\/li>\n\t\t\t\t\t\t\t\t\t\t\t\t\t\t\t\t\t\t\t\t\t\t\t\t\t<li class=\"ico-posti\">7<\/li>\n\t\t\t\t\t\t\t\t\t\t\t\t\t\t\t<\/ul>\n\t\t\t\t\t\t<\/div>\n\t\t\t\t\t\t\n\t\t\t\t\t<\/div><!-- \/.veicolo -->\n\n\t\t\t\t<\/div>\n\n\t\t\t<\/div><!-- \/.lista-auto -->\n\n\t\t\n\t\t\t<!-- elenco auto -->\n\t\t\t<div class=\"col-12 mb-4 col-xl-6 col-xxl-4\">\n\t\t\t\t<div\n\t\t\t\t\tclass=\"veicolo van\"\n\t\t\t\t\tdata-ng-controller=\"VeicoloController as veicolo\"\n\t\t\t\t\tdata-ng-mouseenter=\"!veicolo.hasStato('scelta-listino') && veicolo.addStato('hover')\"\n\t\t\t\t\tdata-ng-class=\"[veicolo.getStato()]\"\n\t\t\t\t>\n\n\t\t\t\t\t<div class=\"h-100\">\n\n\t\t\t\t\t\t<!-- nome modello -->\n\t\t\t\t\t\t<div class=\"tipo\" style=\"line-height: 1\">\n\t\t\t\t\t\t\t<h5 class=\"font-weight-bold mb-0\">Opel Movano Cassone Ribaltabile Trilaterale 130CV <small>(Groupe <strong>Z4CR<\/strong>)<\/small><\/h5>\n\t\t\t\t\t\t\t<small>ou similaire*<\/small>\n\t\t\t\t\t\t<\/div>\n\n\t\t\t\t\t\t\t\t\t\t\t\t<div class=\"descrizione w-50\">\n\t\t\t\t\t\t\t<span class=\"text-secondary\">Autocarro cassone ribaltabile \/ Tipper Truck<\/span>\n\t\t\t\t\t\t<\/div>\n\t\t\t\t\t\t\n\t\t\t\t\t\t<!-- immagine -->\n\t\t\t\t\t\t<img class=\"img\" src=\"https:\/\/bo.noleggiare.it\/immagini\/auto\/689deb87d30c0_Z4CR.png\" \/>\n\n\t\t\t\t\t\t<!-- elettrico -->\n\t\t\t\t\t\t<img class=\"img-elettrico\" ng-if=\"veicolo.isElettrico('Diesel')\" ng-src=\"https:\/\/www.noleggiare.it\/wp-content\/themes\/noleggiare\/img\/ico-elettric.svg\" \/>\n\n\t\t\t\t\t\t<!-- pulsantiera -->\n\t\t\t\t\t\t<div class=\"pulsantiera\" data-ng-click=\"$event.stopPropagation()\">\n\t\t\t\t\t\t\t\t\t\t\t\t\t\t\t<div\n\t\t\t\t\t\t\t\t\tclass=\"misure pulsante d-block d-md-none\"\n\t\t\t\t\t\t\t\t\tdata-ng-show=\"!veicolo.hasStato('mostra-info-listino') && !veicolo.hasStato('mostra-info-misure')\"\n\t\t\t\t\t\t\t\t\tdata-ng-click=\"veicolo.addStato('mostra-info-misure', true)\"\n\t\t\t\t\t\t\t\t\ttabindex=\"0\"\n\t\t\t\t\t\t\t\t>\n\t\t\t\t\t\t\t\t\tmisure\t\t\t\t\t\t\t\t<\/div>\n\t\t\t\t\t\t\t\t\t\t\t\t\t\t<div\n\t\t\t\t\t\t\t\tclass=\"nascondi pulsante\"\n\t\t\t\t\t\t\t\tdata-ng-show=\"veicolo.hasStato('mostra-info-listino') || veicolo.hasStato('mostra-info-misure')\"\n\t\t\t\t\t\t\t\tdata-ng-click=\"veicolo.removeStato('mostra-info-listino'); veicolo.removeStato('mostra-info-misure');\"\n\t\t\t\t\t\t\t\ttabindex=\"0\"\n\t\t\t\t\t\t\t>\n\t\t\t\t\t\t\t\tClose\t\t\t\t\t\t\t<\/div>\n\t\t\t\t\t\t<\/div>\n\n\t\t\t\t\t\t<!-- misure van -->\n\t\t\t\t\t\t\t\t\t\t\t\t<div class=\"info-van d-none d-md-block\">\n\t\t\t\t\t\t\t<table>\n\t\t\t\t\t\t\t\t<tr>\n\t\t\t\t\t\t\t\t\t<td colspan=\"3\">\n\t\t\t\t\t\t\t\t\t\t<h5>Dimensions int\u00e9rieures<\/h5>\n\t\t\t\t\t\t\t\t\t<\/td>\n\t\t\t\t\t\t\t\t<\/tr>\n\t\t\t\t\t\t\t\t\t\t\t\t\t\t\t\t\t\t\t\t\t\t\t\t\t<tr>\n\t\t\t\t\t\t\t\t\t\t<td>\n\t\t\t\t\t\t\t\t\t\t\tLargeur:\n\t\t\t\t\t\t\t\t\t\t<\/td>\n\t\t\t\t\t\t\t\t\t\t<td>\n\t\t\t\t\t\t\t\t\t\t\t204 cm\n\t\t\t\t\t\t\t\t\t\t<\/td>\n\t\t\t\t\t\t\t\t\t<\/tr>\n\t\t\t\t\t\t\t\t\t\t\t\t\t\t\t\t\t\t\t\t\t\t\t\t\t<tr>\n\t\t\t\t\t\t\t\t\t\t<td>\n\t\t\t\t\t\t\t\t\t\t\tLongueur:\n\t\t\t\t\t\t\t\t\t\t<\/td>\n\t\t\t\t\t\t\t\t\t\t<td>\n\t\t\t\t\t\t\t\t\t\t\t320 cm\n\t\t\t\t\t\t\t\t\t\t<\/td>\n\t\t\t\t\t\t\t\t\t<\/tr>\n\t\t\t\t\t\t\t\t\t\t\t\t\t\t\t\t\t\t\t\t\t\t\t\t<tr>\n\t\t\t\t\t\t\t\t\t<td colspan=\"3\">\n\t\t\t\t\t\t\t\t\t\t<h5>Dimensions ext\u00e9rieures<\/h5>\n\t\t\t\t\t\t\t\t\t<\/td>\n\t\t\t\t\t\t\t\t<\/tr>\n\t\t\t\t\t\t\t\t\t\t\t\t\t\t\t\t\t<tr>\n\t\t\t\t\t\t\t\t\t\t<td>\n\t\t\t\t\t\t\t\t\t\t\tHauteur:\n\t\t\t\t\t\t\t\t\t\t<\/td>\n\t\t\t\t\t\t\t\t\t\t<td>\n\t\t\t\t\t\t\t\t\t\t\t240 cm\n\t\t\t\t\t\t\t\t\t\t<\/td>\n\t\t\t\t\t\t\t\t\t\t<td rowspan=\"3\">\n\t\t\t\t\t\t\t\t\t\t\t<img class=\"mt-1\" src=\"https:\/\/www.noleggiare.it\/wp-content\/themes\/noleggiare\/img\/van-dimensioni-esterne.svg\" \/>\n\t\t\t\t\t\t\t\t\t\t<\/td>\n\t\t\t\t\t\t\t\t\t<\/tr>\n\t\t\t\t\t\t\t\t\t\t\t\t\t\t\t\t\t\t\t\t\t\t\t\t\t<tr>\n\t\t\t\t\t\t\t\t\t\t<td>\n\t\t\t\t\t\t\t\t\t\t\tLargeur:\n\t\t\t\t\t\t\t\t\t\t<\/td>\n\t\t\t\t\t\t\t\t\t\t<td>\n\t\t\t\t\t\t\t\t\t\t\t210 cm\n\t\t\t\t\t\t\t\t\t\t<\/td>\n\t\t\t\t\t\t\t\t\t<\/tr>\n\t\t\t\t\t\t\t\t\t\t\t\t\t\t\t\t\t\t\t\t\t\t\t\t\t<tr>\n\t\t\t\t\t\t\t\t\t\t<td>\n\t\t\t\t\t\t\t\t\t\t\tLongueur:\n\t\t\t\t\t\t\t\t\t\t<\/td>\n\t\t\t\t\t\t\t\t\t\t<td>\n\t\t\t\t\t\t\t\t\t\t\t582 cm\n\t\t\t\t\t\t\t\t\t\t<\/td>\n\t\t\t\t\t\t\t\t\t<\/tr>\n\t\t\t\t\t\t\t\t\t<tr>\n\t\t\t\t\t\t\t\t\t\t<td colspan=\"3\">\n\t\t\t\t\t\t\t\t\t\t\t<h5>Plus d\u2019infos<\/h5>\n\t\t\t\t\t\t\t\t\t\t<\/td>\n\t\t\t\t\t\t\t\t\t<\/tr>\n\t\t\t\t\t\t\t\t\t\t\t\t\t\t\t\t\t\t\t\t\t\t\t\t\t<tr>\n\t\t\t\t\t\t\t\t\t\t<td>\n\t\t\t\t\t\t\t\t\t\t\tCharge utile:\n\t\t\t\t\t\t\t\t\t\t<\/td>\n\t\t\t\t\t\t\t\t\t\t<td>\n\t\t\t\t\t\t\t\t\t\t\t839 kg\n\t\t\t\t\t\t\t\t\t\t<\/td>\n\t\t\t\t\t\t\t\t\t\t<td rowspan=\"4\">\n\t\t\t\t\t\t\t\t\t\t\t<img class=\"mt-1\" src=\"https:\/\/www.noleggiare.it\/wp-content\/themes\/noleggiare\/img\/van-altre-info.svg\" \/>\n\t\t\t\t\t\t\t\t\t\t<\/td>\n\t\t\t\t\t\t\t\t\t<\/tr>\n\t\t\t\t\t\t\t\t\t\t\t\t\t\t\t\t\t\t\t\t\t\t\t\t\t<tr>\n\t\t\t\t\t\t\t\t\t\t<td>\n\t\t\t\t\t\t\t\t\t\t\tEmpattement:\n\t\t\t\t\t\t\t\t\t\t<\/td>\n\t\t\t\t\t\t\t\t\t\t<td>\n\t\t\t\t\t\t\t\t\t\t\t368 cm\n\t\t\t\t\t\t\t\t\t\t<\/td>\n\t\t\t\t\t\t\t\t\t<\/tr>\n\t\t\t\t\t\t\t\t\t\t\t\t\t\t\t\t\t\t\t\t\t\t\t\t\t\t\t\t\t\t\t\t\t<tr>\n\t\t\t\t\t\t\t\t\t\t<td>\n\t\t\t\t\t\t\t\t\t\t\tCapacit\u00e9 du r\u00e9servoir:\n\t\t\t\t\t\t\t\t\t\t<\/td>\n\t\t\t\t\t\t\t\t\t\t<td>\n\t\t\t\t\t\t\t\t\t\t\t80 l\n\t\t\t\t\t\t\t\t\t\t<\/td>\n\t\t\t\t\t\t\t\t\t<\/tr>\n\t\t\t\t\t\t\t\t\t\t\t\t\t\t\t<\/table>\n\t\t\t\t\t\t\t<tr>\n\t\t\t\t\t\t\t\t<td colspan=\"3\">\n\t\t\t\t\t\t\t\t\t<small>\n\t\t\t\t\t\t\t\t\t\t<br>\n\t\t\t\t\t\t\t\t\t\tLes mesures sont fournies par le fabricant et repr\u00e9sentent des valeurs maximales. <\/br><\/br>Pour les dimensions exactes<\/br> et les mod\u00e8les disponibles,<\/br> veuillez nous contacter directement.\t\t\t\t\t\t\t\t\t<\/small>\n\t\t\t\t\t\t\t\t<\/td>\n\t\t\t\t\t\t\t<\/tr>\n\t\t\t\t\t\t<\/div>\n\t\t\t\t\t\t\n\t\t\t\t\t\t<!-- misure van (mobile) -->\n\t\t\t\t\t\t<div class=\"cnt-misure\">\n\t\t\t\t\t\t\t<table>\n\t\t\t\t\t\t\t\t<tr>\n\t\t\t\t\t\t\t\t\t<td colspan=\"3\">\n\t\t\t\t\t\t\t\t\t\t<h5>Dimensions int\u00e9rieures<\/h5>\n\t\t\t\t\t\t\t\t\t<\/td>\n\t\t\t\t\t\t\t\t<\/tr>\n\t\t\t\t\t\t\t\t\t\t\t\t\t\t\t\t\t\t\t\t\t\t\t\t<tr>\n\t\t\t\t\t\t\t\t\t<td>\n\t\t\t\t\t\t\t\t\t\tLargeur:\n\t\t\t\t\t\t\t\t\t<\/td>\n\t\t\t\t\t\t\t\t\t<td>\n\t\t\t\t\t\t\t\t\t\t204 cm\n\t\t\t\t\t\t\t\t\t<\/td>\n\t\t\t\t\t\t\t\t<\/tr>\n\t\t\t\t\t\t\t\t\t\t\t\t\t\t\t\t\t\t\t\t\t\t\t\t<tr>\n\t\t\t\t\t\t\t\t\t<td>\n\t\t\t\t\t\t\t\t\t\tLongueur:\n\t\t\t\t\t\t\t\t\t<\/td>\n\t\t\t\t\t\t\t\t\t<td>\n\t\t\t\t\t\t\t\t\t\t320 cm\n\t\t\t\t\t\t\t\t\t<\/td>\n\t\t\t\t\t\t\t\t<\/tr>\n\t\t\t\t\t\t\t\t\t\t\t\t\t\t\t\t\t\t\t\t\t\t\t\t\t\t\t\t\t\t\t\t<tr>\n\t\t\t\t\t\t\t\t\t<td>\n\t\t\t\t\t\t\t\t\t\tHauteur:\n\t\t\t\t\t\t\t\t\t<\/td>\n\t\t\t\t\t\t\t\t\t<td>\n\t\t\t\t\t\t\t\t\t\t240 cm\n\t\t\t\t\t\t\t\t\t<\/td>\n\t\t\t\t\t\t\t\t\t<td rowspan=\"3\">\n\t\t\t\t\t\t\t\t\t\t<img class=\"mt-1\" src=\"https:\/\/www.noleggiare.it\/wp-content\/themes\/noleggiare\/img\/van-dimensioni-esterne.svg\" \/>\n\t\t\t\t\t\t\t\t\t<\/td>\n\t\t\t\t\t\t\t\t<\/tr>\n\t\t\t\t\t\t\t\t\t\t\t\t\t\t\t\t\t\t\t\t\t\t\t\t<tr>\n\t\t\t\t\t\t\t\t\t<td>\n\t\t\t\t\t\t\t\t\t\tLargeur:\n\t\t\t\t\t\t\t\t\t<\/td>\n\t\t\t\t\t\t\t\t\t<td>\n\t\t\t\t\t\t\t\t\t\t210 cm\n\t\t\t\t\t\t\t\t\t<\/td>\n\t\t\t\t\t\t\t\t<\/tr>\n\t\t\t\t\t\t\t\t\t\t\t\t\t\t\t\t\t\t\t\t\t\t\t\t<tr>\n\t\t\t\t\t\t\t\t\t<td>\n\t\t\t\t\t\t\t\t\t\tLongueur:\n\t\t\t\t\t\t\t\t\t<\/td>\n\t\t\t\t\t\t\t\t\t<td>\n\t\t\t\t\t\t\t\t\t\t582 cm\n\t\t\t\t\t\t\t\t\t<\/td>\n\t\t\t\t\t\t\t\t<\/tr>\n\t\t\t\t\t\t\t\t<tr>\n\t\t\t\t\t\t\t\t\t<td colspan=\"3\">\n\t\t\t\t\t\t\t\t\t\t<h5>Plus d\u2019infos<\/h5>\n\t\t\t\t\t\t\t\t\t<\/td>\n\t\t\t\t\t\t\t\t<\/tr>\n\t\t\t\t\t\t\t\t\t\t\t\t\t\t\t\t\t\t\t\t\t\t\t\t<tr>\n\t\t\t\t\t\t\t\t\t<td>\n\t\t\t\t\t\t\t\t\t\tCharge utile:\n\t\t\t\t\t\t\t\t\t<\/td>\n\t\t\t\t\t\t\t\t\t<td>\n\t\t\t\t\t\t\t\t\t\t839 kg\n\t\t\t\t\t\t\t\t\t<\/td>\n\t\t\t\t\t\t\t\t\t<td rowspan=\"4\">\n\t\t\t\t\t\t\t\t\t\t<img class=\"mt-1\" src=\"https:\/\/www.noleggiare.it\/wp-content\/themes\/noleggiare\/img\/van-altre-info.svg\" \/>\n\t\t\t\t\t\t\t\t\t<\/td>\n\t\t\t\t\t\t\t\t<\/tr>\n\t\t\t\t\t\t\t\t\t\t\t\t\t\t\t\t\t\t\t\t\t\t\t\t<tr>\n\t\t\t\t\t\t\t\t\t<td>\n\t\t\t\t\t\t\t\t\t\tEmpattement:\n\t\t\t\t\t\t\t\t\t<\/td>\n\t\t\t\t\t\t\t\t\t<td>\n\t\t\t\t\t\t\t\t\t\t368 cm\n\t\t\t\t\t\t\t\t\t<\/td>\n\t\t\t\t\t\t\t\t<\/tr>\n\t\t\t\t\t\t\t\t\t\t\t\t\t\t\t\t\t\t\t\t\t\t\t\t\t\t\t\t\t\t\t\t<tr>\n\t\t\t\t\t\t\t\t\t<td>\n\t\t\t\t\t\t\t\t\t\tCapacit\u00e9 du r\u00e9servoir:\n\t\t\t\t\t\t\t\t\t<\/td>\n\t\t\t\t\t\t\t\t\t<td>\n\t\t\t\t\t\t\t\t\t\t80 l\n\t\t\t\t\t\t\t\t\t<\/td>\n\t\t\t\t\t\t\t\t<\/tr>\n\t\t\t\t\t\t\t\t\t\t\t\t\t\t\t\t<tr>\n\t\t\t\t\t\t\t\t\t<td colspan=\"3\">\n\t\t\t\t\t\t\t\t\t\t<small>\n\t\t\t\t\t\t\t\t\t\t\t<br>\n\t\t\t\t\t\t\t\t\t\t\tLes mesures sont fournies par le fabricant et repr\u00e9sentent des valeurs maximales. <\/br><\/br>Pour les dimensions exactes<\/br> et les mod\u00e8les disponibles,<\/br> veuillez nous contacter directement.\t\t\t\t\t\t\t\t\t\t<\/small>\n\t\t\t\t\t\t\t\t\t<\/td>\n\t\t\t\t\t\t\t\t<\/tr>\n\t\t\t\t\t\t\t<\/table>\n\t\t\t\t\t\t<\/div>\n\n\t\t\t\t\t\t<div class=\"prezzo text-center\">\n\t\t\t\t\t\t\t<a class=\"btn-espandi-promo btn btn-secondary mt-5\" href=\"#prenota\">\n\t\t\t\t\t\t\t\t<i aria-hidden=\"true\" class=\"fas fa-arrow-circle-up\"><\/i>\n\t\t\t\t\t\t\t\tGo to booking\t\t\t\t\t\t\t<\/a>\n\t\t\t\t\t\t<\/div>\n\n\t\t\t\t\t\t<!-- informazioni veicolo (auto e van) -->\n\t\t\t\t\t\t\t\t\t\t\t\t<div class=\"optional\">\n\t\t\t\t\t\t\t<ul>\n\t\t\t\t\t\t\t\t\t\t\t\t\t\t\t\t\t<li ng-class=\"veicolo.isElettrico('Diesel') ? 'ico-alimentazione-e' : 'ico-alimentazione'\">Diesel<\/li>\n\t\t\t\t\t\t\t\t\t\t\t\t\t\t\t\t\t\t\t\t\t\t\t\t\t<li class=\"ico-porte\">2<\/li>\n\t\t\t\t\t\t\t\t\t\t\t\t\t\t\t\t\t\t\t\t\t\t\t\t\t\t\t\t\t\t\t\t\t<li class=\"ico-trasmissione\">Bo\u00eete manuelle<\/li>\n\t\t\t\t\t\t\t\t\t\t\t\t\t\t\t\t\t\t\t\t\t\t\t\t\t<li class=\"ico-posti\">3<\/li>\n\t\t\t\t\t\t\t\t\t\t\t\t\t\t\t<\/ul>\n\t\t\t\t\t\t<\/div>\n\t\t\t\t\t\t\n\t\t\t\t\t<\/div><!-- \/.veicolo -->\n\n\t\t\t\t<\/div>\n\n\t\t\t<\/div><!-- \/.lista-auto -->\n\n\t\t\n\t\t\t<!-- elenco auto -->\n\t\t\t<div class=\"col-12 mb-4 col-xl-6 col-xxl-4\">\n\t\t\t\t<div\n\t\t\t\t\tclass=\"veicolo van\"\n\t\t\t\t\tdata-ng-controller=\"VeicoloController as veicolo\"\n\t\t\t\t\tdata-ng-mouseenter=\"!veicolo.hasStato('scelta-listino') && veicolo.addStato('hover')\"\n\t\t\t\t\tdata-ng-class=\"[veicolo.getStato()]\"\n\t\t\t\t>\n\n\t\t\t\t\t<div class=\"h-100\">\n\n\t\t\t\t\t\t<!-- nome modello -->\n\t\t\t\t\t\t<div class=\"tipo\" style=\"line-height: 1\">\n\t\t\t\t\t\t\t<h5 class=\"font-weight-bold mb-0\">Maxus Deliver 9 Cassone fisso <small>(Groupe <strong>Z4CF<\/strong>)<\/small><\/h5>\n\t\t\t\t\t\t\t<small>ou similaire*<\/small>\n\t\t\t\t\t\t<\/div>\n\n\t\t\t\t\t\t\t\t\t\t\t\t<div class=\"descrizione w-50\">\n\t\t\t\t\t\t\t<span class=\"text-secondary\">Furgone grande speciale \/ Special big van<\/span>\n\t\t\t\t\t\t<\/div>\n\t\t\t\t\t\t\n\t\t\t\t\t\t<!-- immagine -->\n\t\t\t\t\t\t<img class=\"img\" src=\"https:\/\/bo.noleggiare.it\/immagini\/auto\/689debb3e979a_Z4CF.png\" \/>\n\n\t\t\t\t\t\t<!-- elettrico -->\n\t\t\t\t\t\t<img class=\"img-elettrico\" ng-if=\"veicolo.isElettrico('Diesel')\" ng-src=\"https:\/\/www.noleggiare.it\/wp-content\/themes\/noleggiare\/img\/ico-elettric.svg\" \/>\n\n\t\t\t\t\t\t<!-- pulsantiera -->\n\t\t\t\t\t\t<div class=\"pulsantiera\" data-ng-click=\"$event.stopPropagation()\">\n\t\t\t\t\t\t\t\t\t\t\t\t\t\t\t<div\n\t\t\t\t\t\t\t\t\tclass=\"misure pulsante d-block d-md-none\"\n\t\t\t\t\t\t\t\t\tdata-ng-show=\"!veicolo.hasStato('mostra-info-listino') && !veicolo.hasStato('mostra-info-misure')\"\n\t\t\t\t\t\t\t\t\tdata-ng-click=\"veicolo.addStato('mostra-info-misure', true)\"\n\t\t\t\t\t\t\t\t\ttabindex=\"0\"\n\t\t\t\t\t\t\t\t>\n\t\t\t\t\t\t\t\t\tmisure\t\t\t\t\t\t\t\t<\/div>\n\t\t\t\t\t\t\t\t\t\t\t\t\t\t<div\n\t\t\t\t\t\t\t\tclass=\"nascondi pulsante\"\n\t\t\t\t\t\t\t\tdata-ng-show=\"veicolo.hasStato('mostra-info-listino') || veicolo.hasStato('mostra-info-misure')\"\n\t\t\t\t\t\t\t\tdata-ng-click=\"veicolo.removeStato('mostra-info-listino'); veicolo.removeStato('mostra-info-misure');\"\n\t\t\t\t\t\t\t\ttabindex=\"0\"\n\t\t\t\t\t\t\t>\n\t\t\t\t\t\t\t\tClose\t\t\t\t\t\t\t<\/div>\n\t\t\t\t\t\t<\/div>\n\n\t\t\t\t\t\t<!-- misure van -->\n\t\t\t\t\t\t\t\t\t\t\t\t<div class=\"info-van d-none d-md-block\">\n\t\t\t\t\t\t\t<table>\n\t\t\t\t\t\t\t\t<tr>\n\t\t\t\t\t\t\t\t\t<td colspan=\"3\">\n\t\t\t\t\t\t\t\t\t\t<h5>Dimensions int\u00e9rieures<\/h5>\n\t\t\t\t\t\t\t\t\t<\/td>\n\t\t\t\t\t\t\t\t<\/tr>\n\t\t\t\t\t\t\t\t\t\t\t\t\t\t\t\t\t<tr>\n\t\t\t\t\t\t\t\t\t\t<td>\n\t\t\t\t\t\t\t\t\t\t\tHauteur:\n\t\t\t\t\t\t\t\t\t\t<\/td>\n\t\t\t\t\t\t\t\t\t\t<td>\n\t\t\t\t\t\t\t\t\t\t\t40 cm\n\t\t\t\t\t\t\t\t\t\t<\/td>\n\t\t\t\t\t\t\t\t\t\t<td rowspan=\"4\">\n\t\t\t\t\t\t\t\t\t\t\t<img class=\"mt-1\" src=\"https:\/\/www.noleggiare.it\/wp-content\/themes\/noleggiare\/img\/van-dimensioni-interne.svg\" \/>\n\t\t\t\t\t\t\t\t\t\t<\/td>\n\t\t\t\t\t\t\t\t\t<\/tr>\n\t\t\t\t\t\t\t\t\t\t\t\t\t\t\t\t\t\t\t\t\t\t\t\t\t<tr>\n\t\t\t\t\t\t\t\t\t\t<td>\n\t\t\t\t\t\t\t\t\t\t\tLargeur:\n\t\t\t\t\t\t\t\t\t\t<\/td>\n\t\t\t\t\t\t\t\t\t\t<td>\n\t\t\t\t\t\t\t\t\t\t\t205 cm\n\t\t\t\t\t\t\t\t\t\t<\/td>\n\t\t\t\t\t\t\t\t\t<\/tr>\n\t\t\t\t\t\t\t\t\t\t\t\t\t\t\t\t\t\t\t\t\t\t\t\t\t<tr>\n\t\t\t\t\t\t\t\t\t\t<td>\n\t\t\t\t\t\t\t\t\t\t\tLongueur:\n\t\t\t\t\t\t\t\t\t\t<\/td>\n\t\t\t\t\t\t\t\t\t\t<td>\n\t\t\t\t\t\t\t\t\t\t\t380 cm\n\t\t\t\t\t\t\t\t\t\t<\/td>\n\t\t\t\t\t\t\t\t\t<\/tr>\n\t\t\t\t\t\t\t\t\t\t\t\t\t\t\t\t\t\t\t\t\t\t\t\t<tr>\n\t\t\t\t\t\t\t\t\t<td colspan=\"3\">\n\t\t\t\t\t\t\t\t\t\t<h5>Dimensions ext\u00e9rieures<\/h5>\n\t\t\t\t\t\t\t\t\t<\/td>\n\t\t\t\t\t\t\t\t<\/tr>\n\t\t\t\t\t\t\t\t\t\t\t\t\t\t\t\t\t<tr>\n\t\t\t\t\t\t\t\t\t\t<td>\n\t\t\t\t\t\t\t\t\t\t\tHauteur:\n\t\t\t\t\t\t\t\t\t\t<\/td>\n\t\t\t\t\t\t\t\t\t\t<td>\n\t\t\t\t\t\t\t\t\t\t\t240 cm\n\t\t\t\t\t\t\t\t\t\t<\/td>\n\t\t\t\t\t\t\t\t\t\t<td rowspan=\"3\">\n\t\t\t\t\t\t\t\t\t\t\t<img class=\"mt-1\" src=\"https:\/\/www.noleggiare.it\/wp-content\/themes\/noleggiare\/img\/van-dimensioni-esterne.svg\" \/>\n\t\t\t\t\t\t\t\t\t\t<\/td>\n\t\t\t\t\t\t\t\t\t<\/tr>\n\t\t\t\t\t\t\t\t\t\t\t\t\t\t\t\t\t\t\t\t\t\t\t\t\t<tr>\n\t\t\t\t\t\t\t\t\t\t<td>\n\t\t\t\t\t\t\t\t\t\t\tLargeur:\n\t\t\t\t\t\t\t\t\t\t<\/td>\n\t\t\t\t\t\t\t\t\t\t<td>\n\t\t\t\t\t\t\t\t\t\t\t220 cm\n\t\t\t\t\t\t\t\t\t\t<\/td>\n\t\t\t\t\t\t\t\t\t<\/tr>\n\t\t\t\t\t\t\t\t\t\t\t\t\t\t\t\t\t\t\t\t\t\t\t\t\t<tr>\n\t\t\t\t\t\t\t\t\t\t<td>\n\t\t\t\t\t\t\t\t\t\t\tLongueur:\n\t\t\t\t\t\t\t\t\t\t<\/td>\n\t\t\t\t\t\t\t\t\t\t<td>\n\t\t\t\t\t\t\t\t\t\t\t627 cm\n\t\t\t\t\t\t\t\t\t\t<\/td>\n\t\t\t\t\t\t\t\t\t<\/tr>\n\t\t\t\t\t\t\t\t\t<tr>\n\t\t\t\t\t\t\t\t\t\t<td colspan=\"3\">\n\t\t\t\t\t\t\t\t\t\t\t<h5>Plus d\u2019infos<\/h5>\n\t\t\t\t\t\t\t\t\t\t<\/td>\n\t\t\t\t\t\t\t\t\t<\/tr>\n\t\t\t\t\t\t\t\t\t\t\t\t\t\t\t\t\t\t\t\t\t\t\t\t\t<tr>\n\t\t\t\t\t\t\t\t\t\t<td>\n\t\t\t\t\t\t\t\t\t\t\tCharge utile:\n\t\t\t\t\t\t\t\t\t\t<\/td>\n\t\t\t\t\t\t\t\t\t\t<td>\n\t\t\t\t\t\t\t\t\t\t\t1050 kg\n\t\t\t\t\t\t\t\t\t\t<\/td>\n\t\t\t\t\t\t\t\t\t\t<td rowspan=\"4\">\n\t\t\t\t\t\t\t\t\t\t\t<img class=\"mt-1\" src=\"https:\/\/www.noleggiare.it\/wp-content\/themes\/noleggiare\/img\/van-altre-info.svg\" \/>\n\t\t\t\t\t\t\t\t\t\t<\/td>\n\t\t\t\t\t\t\t\t\t<\/tr>\n\t\t\t\t\t\t\t\t\t\t\t\t\t\t\t\t\t\t\t\t\t\t\t\t\t<tr>\n\t\t\t\t\t\t\t\t\t\t<td>\n\t\t\t\t\t\t\t\t\t\t\tEmpattement:\n\t\t\t\t\t\t\t\t\t\t<\/td>\n\t\t\t\t\t\t\t\t\t\t<td>\n\t\t\t\t\t\t\t\t\t\t\t376 cm\n\t\t\t\t\t\t\t\t\t\t<\/td>\n\t\t\t\t\t\t\t\t\t<\/tr>\n\t\t\t\t\t\t\t\t\t\t\t\t\t\t\t\t\t\t\t\t\t\t\t\t\t\t\t\t\t\t\t\t\t<tr>\n\t\t\t\t\t\t\t\t\t\t<td>\n\t\t\t\t\t\t\t\t\t\t\tCapacit\u00e9 du r\u00e9servoir:\n\t\t\t\t\t\t\t\t\t\t<\/td>\n\t\t\t\t\t\t\t\t\t\t<td>\n\t\t\t\t\t\t\t\t\t\t\t80 l\n\t\t\t\t\t\t\t\t\t\t<\/td>\n\t\t\t\t\t\t\t\t\t<\/tr>\n\t\t\t\t\t\t\t\t\t\t\t\t\t\t\t<\/table>\n\t\t\t\t\t\t\t<tr>\n\t\t\t\t\t\t\t\t<td colspan=\"3\">\n\t\t\t\t\t\t\t\t\t<small>\n\t\t\t\t\t\t\t\t\t\t<br>\n\t\t\t\t\t\t\t\t\t\tLes mesures sont fournies par le fabricant et repr\u00e9sentent des valeurs maximales. <\/br><\/br>Pour les dimensions exactes<\/br> et les mod\u00e8les disponibles,<\/br> veuillez nous contacter directement.\t\t\t\t\t\t\t\t\t<\/small>\n\t\t\t\t\t\t\t\t<\/td>\n\t\t\t\t\t\t\t<\/tr>\n\t\t\t\t\t\t<\/div>\n\t\t\t\t\t\t\n\t\t\t\t\t\t<!-- misure van (mobile) -->\n\t\t\t\t\t\t<div class=\"cnt-misure\">\n\t\t\t\t\t\t\t<table>\n\t\t\t\t\t\t\t\t<tr>\n\t\t\t\t\t\t\t\t\t<td colspan=\"3\">\n\t\t\t\t\t\t\t\t\t\t<h5>Dimensions int\u00e9rieures<\/h5>\n\t\t\t\t\t\t\t\t\t<\/td>\n\t\t\t\t\t\t\t\t<\/tr>\n\t\t\t\t\t\t\t\t\t\t\t\t\t\t\t\t<tr>\n\t\t\t\t\t\t\t\t\t<td>\n\t\t\t\t\t\t\t\t\t\tHauteur:\n\t\t\t\t\t\t\t\t\t<\/td>\n\t\t\t\t\t\t\t\t\t<td>\n\t\t\t\t\t\t\t\t\t\t40 cm\n\t\t\t\t\t\t\t\t\t<\/td>\n\t\t\t\t\t\t\t\t\t<td rowspan=\"4\">\n\t\t\t\t\t\t\t\t\t\t<img class=\"mt-1\" src=\"https:\/\/www.noleggiare.it\/wp-content\/themes\/noleggiare\/img\/van-dimensioni-interne.svg\" \/>\n\t\t\t\t\t\t\t\t\t<\/td>\n\t\t\t\t\t\t\t\t<\/tr>\n\t\t\t\t\t\t\t\t\t\t\t\t\t\t\t\t\t\t\t\t\t\t\t\t<tr>\n\t\t\t\t\t\t\t\t\t<td>\n\t\t\t\t\t\t\t\t\t\tLargeur:\n\t\t\t\t\t\t\t\t\t<\/td>\n\t\t\t\t\t\t\t\t\t<td>\n\t\t\t\t\t\t\t\t\t\t205 cm\n\t\t\t\t\t\t\t\t\t<\/td>\n\t\t\t\t\t\t\t\t<\/tr>\n\t\t\t\t\t\t\t\t\t\t\t\t\t\t\t\t\t\t\t\t\t\t\t\t<tr>\n\t\t\t\t\t\t\t\t\t<td>\n\t\t\t\t\t\t\t\t\t\tLongueur:\n\t\t\t\t\t\t\t\t\t<\/td>\n\t\t\t\t\t\t\t\t\t<td>\n\t\t\t\t\t\t\t\t\t\t380 cm\n\t\t\t\t\t\t\t\t\t<\/td>\n\t\t\t\t\t\t\t\t<\/tr>\n\t\t\t\t\t\t\t\t\t\t\t\t\t\t\t\t\t\t\t\t\t\t\t\t\t\t\t\t\t\t\t\t<tr>\n\t\t\t\t\t\t\t\t\t<td>\n\t\t\t\t\t\t\t\t\t\tHauteur:\n\t\t\t\t\t\t\t\t\t<\/td>\n\t\t\t\t\t\t\t\t\t<td>\n\t\t\t\t\t\t\t\t\t\t240 cm\n\t\t\t\t\t\t\t\t\t<\/td>\n\t\t\t\t\t\t\t\t\t<td rowspan=\"3\">\n\t\t\t\t\t\t\t\t\t\t<img class=\"mt-1\" src=\"https:\/\/www.noleggiare.it\/wp-content\/themes\/noleggiare\/img\/van-dimensioni-esterne.svg\" \/>\n\t\t\t\t\t\t\t\t\t<\/td>\n\t\t\t\t\t\t\t\t<\/tr>\n\t\t\t\t\t\t\t\t\t\t\t\t\t\t\t\t\t\t\t\t\t\t\t\t<tr>\n\t\t\t\t\t\t\t\t\t<td>\n\t\t\t\t\t\t\t\t\t\tLargeur:\n\t\t\t\t\t\t\t\t\t<\/td>\n\t\t\t\t\t\t\t\t\t<td>\n\t\t\t\t\t\t\t\t\t\t220 cm\n\t\t\t\t\t\t\t\t\t<\/td>\n\t\t\t\t\t\t\t\t<\/tr>\n\t\t\t\t\t\t\t\t\t\t\t\t\t\t\t\t\t\t\t\t\t\t\t\t<tr>\n\t\t\t\t\t\t\t\t\t<td>\n\t\t\t\t\t\t\t\t\t\tLongueur:\n\t\t\t\t\t\t\t\t\t<\/td>\n\t\t\t\t\t\t\t\t\t<td>\n\t\t\t\t\t\t\t\t\t\t627 cm\n\t\t\t\t\t\t\t\t\t<\/td>\n\t\t\t\t\t\t\t\t<\/tr>\n\t\t\t\t\t\t\t\t<tr>\n\t\t\t\t\t\t\t\t\t<td colspan=\"3\">\n\t\t\t\t\t\t\t\t\t\t<h5>Plus d\u2019infos<\/h5>\n\t\t\t\t\t\t\t\t\t<\/td>\n\t\t\t\t\t\t\t\t<\/tr>\n\t\t\t\t\t\t\t\t\t\t\t\t\t\t\t\t\t\t\t\t\t\t\t\t<tr>\n\t\t\t\t\t\t\t\t\t<td>\n\t\t\t\t\t\t\t\t\t\tCharge utile:\n\t\t\t\t\t\t\t\t\t<\/td>\n\t\t\t\t\t\t\t\t\t<td>\n\t\t\t\t\t\t\t\t\t\t1050 kg\n\t\t\t\t\t\t\t\t\t<\/td>\n\t\t\t\t\t\t\t\t\t<td rowspan=\"4\">\n\t\t\t\t\t\t\t\t\t\t<img class=\"mt-1\" src=\"https:\/\/www.noleggiare.it\/wp-content\/themes\/noleggiare\/img\/van-altre-info.svg\" \/>\n\t\t\t\t\t\t\t\t\t<\/td>\n\t\t\t\t\t\t\t\t<\/tr>\n\t\t\t\t\t\t\t\t\t\t\t\t\t\t\t\t\t\t\t\t\t\t\t\t<tr>\n\t\t\t\t\t\t\t\t\t<td>\n\t\t\t\t\t\t\t\t\t\tEmpattement:\n\t\t\t\t\t\t\t\t\t<\/td>\n\t\t\t\t\t\t\t\t\t<td>\n\t\t\t\t\t\t\t\t\t\t376 cm\n\t\t\t\t\t\t\t\t\t<\/td>\n\t\t\t\t\t\t\t\t<\/tr>\n\t\t\t\t\t\t\t\t\t\t\t\t\t\t\t\t\t\t\t\t\t\t\t\t\t\t\t\t\t\t\t\t<tr>\n\t\t\t\t\t\t\t\t\t<td>\n\t\t\t\t\t\t\t\t\t\tCapacit\u00e9 du r\u00e9servoir:\n\t\t\t\t\t\t\t\t\t<\/td>\n\t\t\t\t\t\t\t\t\t<td>\n\t\t\t\t\t\t\t\t\t\t80 l\n\t\t\t\t\t\t\t\t\t<\/td>\n\t\t\t\t\t\t\t\t<\/tr>\n\t\t\t\t\t\t\t\t\t\t\t\t\t\t\t\t<tr>\n\t\t\t\t\t\t\t\t\t<td colspan=\"3\">\n\t\t\t\t\t\t\t\t\t\t<small>\n\t\t\t\t\t\t\t\t\t\t\t<br>\n\t\t\t\t\t\t\t\t\t\t\tLes mesures sont fournies par le fabricant et repr\u00e9sentent des valeurs maximales. <\/br><\/br>Pour les dimensions exactes<\/br> et les mod\u00e8les disponibles,<\/br> veuillez nous contacter directement.\t\t\t\t\t\t\t\t\t\t<\/small>\n\t\t\t\t\t\t\t\t\t<\/td>\n\t\t\t\t\t\t\t\t<\/tr>\n\t\t\t\t\t\t\t<\/table>\n\t\t\t\t\t\t<\/div>\n\n\t\t\t\t\t\t<div class=\"prezzo text-center\">\n\t\t\t\t\t\t\t<a class=\"btn-espandi-promo btn btn-secondary mt-5\" href=\"#prenota\">\n\t\t\t\t\t\t\t\t<i aria-hidden=\"true\" class=\"fas fa-arrow-circle-up\"><\/i>\n\t\t\t\t\t\t\t\tGo to booking\t\t\t\t\t\t\t<\/a>\n\t\t\t\t\t\t<\/div>\n\n\t\t\t\t\t\t<!-- informazioni veicolo (auto e van) -->\n\t\t\t\t\t\t\t\t\t\t\t\t<div class=\"optional\">\n\t\t\t\t\t\t\t<ul>\n\t\t\t\t\t\t\t\t\t\t\t\t\t\t\t\t\t<li ng-class=\"veicolo.isElettrico('Diesel') ? 'ico-alimentazione-e' : 'ico-alimentazione'\">Diesel<\/li>\n\t\t\t\t\t\t\t\t\t\t\t\t\t\t\t\t\t\t\t\t\t\t\t\t\t<li class=\"ico-porte\">2<\/li>\n\t\t\t\t\t\t\t\t\t\t\t\t\t\t\t\t\t\t\t\t\t\t\t\t\t\t\t\t\t\t\t\t\t<li class=\"ico-trasmissione\">Bo\u00eete manuelle<\/li>\n\t\t\t\t\t\t\t\t\t\t\t\t\t\t\t\t\t\t\t\t\t\t\t\t\t<li class=\"ico-posti\">3<\/li>\n\t\t\t\t\t\t\t\t\t\t\t\t\t\t\t<\/ul>\n\t\t\t\t\t\t<\/div>\n\t\t\t\t\t\t\n\t\t\t\t\t<\/div><!-- \/.veicolo -->\n\n\t\t\t\t<\/div>\n\n\t\t\t<\/div><!-- \/.lista-auto -->\n\n\t\t\n\t\t\t<!-- elenco auto -->\n\t\t\t<div class=\"col-12 mb-4 col-xl-6 col-xxl-4\">\n\t\t\t\t<div\n\t\t\t\t\tclass=\"veicolo van\"\n\t\t\t\t\tdata-ng-controller=\"VeicoloController as veicolo\"\n\t\t\t\t\tdata-ng-mouseenter=\"!veicolo.hasStato('scelta-listino') && veicolo.addStato('hover')\"\n\t\t\t\t\tdata-ng-class=\"[veicolo.getStato()]\"\n\t\t\t\t>\n\n\t\t\t\t\t<div class=\"h-100\">\n\n\t\t\t\t\t\t<!-- nome modello -->\n\t\t\t\t\t\t<div class=\"tipo\" style=\"line-height: 1\">\n\t\t\t\t\t\t\t<h5 class=\"font-weight-bold mb-0\">Opel Movano Box Gran Volume (20 metri cubi) <small>(Groupe <strong>Z4GV<\/strong>)<\/small><\/h5>\n\t\t\t\t\t\t\t<small>ou similaire*<\/small>\n\t\t\t\t\t\t<\/div>\n\n\t\t\t\t\t\t\t\t\t\t\t\t<div class=\"descrizione w-50\">\n\t\t\t\t\t\t\t<span class=\"text-secondary\">Furgone grande speciale \/ Special big van<\/span>\n\t\t\t\t\t\t<\/div>\n\t\t\t\t\t\t\n\t\t\t\t\t\t<!-- immagine -->\n\t\t\t\t\t\t<img class=\"img\" src=\"https:\/\/bo.noleggiare.it\/immagini\/auto\/689deb71792c3_Z4GV.png\" \/>\n\n\t\t\t\t\t\t<!-- elettrico -->\n\t\t\t\t\t\t<img class=\"img-elettrico\" ng-if=\"veicolo.isElettrico('Diesel')\" ng-src=\"https:\/\/www.noleggiare.it\/wp-content\/themes\/noleggiare\/img\/ico-elettric.svg\" \/>\n\n\t\t\t\t\t\t<!-- pulsantiera -->\n\t\t\t\t\t\t<div class=\"pulsantiera\" data-ng-click=\"$event.stopPropagation()\">\n\t\t\t\t\t\t\t\t\t\t\t\t\t\t\t<div\n\t\t\t\t\t\t\t\t\tclass=\"misure pulsante d-block d-md-none\"\n\t\t\t\t\t\t\t\t\tdata-ng-show=\"!veicolo.hasStato('mostra-info-listino') && !veicolo.hasStato('mostra-info-misure')\"\n\t\t\t\t\t\t\t\t\tdata-ng-click=\"veicolo.addStato('mostra-info-misure', true)\"\n\t\t\t\t\t\t\t\t\ttabindex=\"0\"\n\t\t\t\t\t\t\t\t>\n\t\t\t\t\t\t\t\t\tmisure\t\t\t\t\t\t\t\t<\/div>\n\t\t\t\t\t\t\t\t\t\t\t\t\t\t<div\n\t\t\t\t\t\t\t\tclass=\"nascondi pulsante\"\n\t\t\t\t\t\t\t\tdata-ng-show=\"veicolo.hasStato('mostra-info-listino') || veicolo.hasStato('mostra-info-misure')\"\n\t\t\t\t\t\t\t\tdata-ng-click=\"veicolo.removeStato('mostra-info-listino'); veicolo.removeStato('mostra-info-misure');\"\n\t\t\t\t\t\t\t\ttabindex=\"0\"\n\t\t\t\t\t\t\t>\n\t\t\t\t\t\t\t\tClose\t\t\t\t\t\t\t<\/div>\n\t\t\t\t\t\t<\/div>\n\n\t\t\t\t\t\t<!-- misure van -->\n\t\t\t\t\t\t\t\t\t\t\t\t<div class=\"info-van d-none d-md-block\">\n\t\t\t\t\t\t\t<table>\n\t\t\t\t\t\t\t\t<tr>\n\t\t\t\t\t\t\t\t\t<td colspan=\"3\">\n\t\t\t\t\t\t\t\t\t\t<h5>Dimensions int\u00e9rieures<\/h5>\n\t\t\t\t\t\t\t\t\t<\/td>\n\t\t\t\t\t\t\t\t<\/tr>\n\t\t\t\t\t\t\t\t\t\t\t\t\t\t\t\t\t<tr>\n\t\t\t\t\t\t\t\t\t\t<td>\n\t\t\t\t\t\t\t\t\t\t\tHauteur:\n\t\t\t\t\t\t\t\t\t\t<\/td>\n\t\t\t\t\t\t\t\t\t\t<td>\n\t\t\t\t\t\t\t\t\t\t\t220 cm\n\t\t\t\t\t\t\t\t\t\t<\/td>\n\t\t\t\t\t\t\t\t\t\t<td rowspan=\"4\">\n\t\t\t\t\t\t\t\t\t\t\t<img class=\"mt-1\" src=\"https:\/\/www.noleggiare.it\/wp-content\/themes\/noleggiare\/img\/van-dimensioni-interne.svg\" \/>\n\t\t\t\t\t\t\t\t\t\t<\/td>\n\t\t\t\t\t\t\t\t\t<\/tr>\n\t\t\t\t\t\t\t\t\t\t\t\t\t\t\t\t\t\t\t\t\t\t\t\t\t<tr>\n\t\t\t\t\t\t\t\t\t\t<td>\n\t\t\t\t\t\t\t\t\t\t\tLargeur:\n\t\t\t\t\t\t\t\t\t\t<\/td>\n\t\t\t\t\t\t\t\t\t\t<td>\n\t\t\t\t\t\t\t\t\t\t\t215 cm\n\t\t\t\t\t\t\t\t\t\t<\/td>\n\t\t\t\t\t\t\t\t\t<\/tr>\n\t\t\t\t\t\t\t\t\t\t\t\t\t\t\t\t\t\t\t\t\t\t\t\t\t<tr>\n\t\t\t\t\t\t\t\t\t\t<td>\n\t\t\t\t\t\t\t\t\t\t\tLongueur:\n\t\t\t\t\t\t\t\t\t\t<\/td>\n\t\t\t\t\t\t\t\t\t\t<td>\n\t\t\t\t\t\t\t\t\t\t\t410 cm\n\t\t\t\t\t\t\t\t\t\t<\/td>\n\t\t\t\t\t\t\t\t\t<\/tr>\n\t\t\t\t\t\t\t\t\t\t\t\t\t\t\t\t\t\t\t\t\t\t\t\t<tr>\n\t\t\t\t\t\t\t\t\t<td colspan=\"3\">\n\t\t\t\t\t\t\t\t\t\t<h5>Dimensions ext\u00e9rieures<\/h5>\n\t\t\t\t\t\t\t\t\t<\/td>\n\t\t\t\t\t\t\t\t<\/tr>\n\t\t\t\t\t\t\t\t\t\t\t\t\t\t\t\t\t<tr>\n\t\t\t\t\t\t\t\t\t\t<td>\n\t\t\t\t\t\t\t\t\t\t\tHauteur:\n\t\t\t\t\t\t\t\t\t\t<\/td>\n\t\t\t\t\t\t\t\t\t\t<td>\n\t\t\t\t\t\t\t\t\t\t\t325 cm\n\t\t\t\t\t\t\t\t\t\t<\/td>\n\t\t\t\t\t\t\t\t\t\t<td rowspan=\"3\">\n\t\t\t\t\t\t\t\t\t\t\t<img class=\"mt-1\" src=\"https:\/\/www.noleggiare.it\/wp-content\/themes\/noleggiare\/img\/van-dimensioni-esterne.svg\" \/>\n\t\t\t\t\t\t\t\t\t\t<\/td>\n\t\t\t\t\t\t\t\t\t<\/tr>\n\t\t\t\t\t\t\t\t\t\t\t\t\t\t\t\t\t\t\t\t\t\t\t\t\t<tr>\n\t\t\t\t\t\t\t\t\t\t<td>\n\t\t\t\t\t\t\t\t\t\t\tLargeur:\n\t\t\t\t\t\t\t\t\t\t<\/td>\n\t\t\t\t\t\t\t\t\t\t<td>\n\t\t\t\t\t\t\t\t\t\t\t221 cm\n\t\t\t\t\t\t\t\t\t\t<\/td>\n\t\t\t\t\t\t\t\t\t<\/tr>\n\t\t\t\t\t\t\t\t\t\t\t\t\t\t\t\t\t\t\t\t\t\t\t\t\t<tr>\n\t\t\t\t\t\t\t\t\t\t<td>\n\t\t\t\t\t\t\t\t\t\t\tLongueur:\n\t\t\t\t\t\t\t\t\t\t<\/td>\n\t\t\t\t\t\t\t\t\t\t<td>\n\t\t\t\t\t\t\t\t\t\t\t666 cm\n\t\t\t\t\t\t\t\t\t\t<\/td>\n\t\t\t\t\t\t\t\t\t<\/tr>\n\t\t\t\t\t\t\t\t\t<tr>\n\t\t\t\t\t\t\t\t\t\t<td colspan=\"3\">\n\t\t\t\t\t\t\t\t\t\t\t<h5>Plus d\u2019infos<\/h5>\n\t\t\t\t\t\t\t\t\t\t<\/td>\n\t\t\t\t\t\t\t\t\t<\/tr>\n\t\t\t\t\t\t\t\t\t\t\t\t\t\t\t\t\t\t\t\t\t\t\t\t\t<tr>\n\t\t\t\t\t\t\t\t\t\t<td>\n\t\t\t\t\t\t\t\t\t\t\tCharge utile:\n\t\t\t\t\t\t\t\t\t\t<\/td>\n\t\t\t\t\t\t\t\t\t\t<td>\n\t\t\t\t\t\t\t\t\t\t\t1059 kg\n\t\t\t\t\t\t\t\t\t\t<\/td>\n\t\t\t\t\t\t\t\t\t\t<td rowspan=\"4\">\n\t\t\t\t\t\t\t\t\t\t\t<img class=\"mt-1\" src=\"https:\/\/www.noleggiare.it\/wp-content\/themes\/noleggiare\/img\/van-altre-info.svg\" \/>\n\t\t\t\t\t\t\t\t\t\t<\/td>\n\t\t\t\t\t\t\t\t\t<\/tr>\n\t\t\t\t\t\t\t\t\t\t\t\t\t\t\t\t\t\t\t\t\t\t\t\t\t<tr>\n\t\t\t\t\t\t\t\t\t\t<td>\n\t\t\t\t\t\t\t\t\t\t\tEmpattement:\n\t\t\t\t\t\t\t\t\t\t<\/td>\n\t\t\t\t\t\t\t\t\t\t<td>\n\t\t\t\t\t\t\t\t\t\t\t433 cm\n\t\t\t\t\t\t\t\t\t\t<\/td>\n\t\t\t\t\t\t\t\t\t<\/tr>\n\t\t\t\t\t\t\t\t\t\t\t\t\t\t\t\t\t\t\t\t\t\t\t\t\t<tr>\n\t\t\t\t\t\t\t\t\t\t<td>\n\t\t\t\t\t\t\t\t\t\t\tDimension de chargement:\n\t\t\t\t\t\t\t\t\t\t<\/td>\n\t\t\t\t\t\t\t\t\t\t<td>\n\t\t\t\t\t\t\t\t\t\t\t20.0 m<sup>3<\/sup>\n\t\t\t\t\t\t\t\t\t\t<\/td>\n\t\t\t\t\t\t\t\t\t<\/tr>\n\t\t\t\t\t\t\t\t\t\t\t\t\t\t\t\t\t\t\t\t\t\t\t\t\t<tr>\n\t\t\t\t\t\t\t\t\t\t<td>\n\t\t\t\t\t\t\t\t\t\t\tCapacit\u00e9 du r\u00e9servoir:\n\t\t\t\t\t\t\t\t\t\t<\/td>\n\t\t\t\t\t\t\t\t\t\t<td>\n\t\t\t\t\t\t\t\t\t\t\t80 l\n\t\t\t\t\t\t\t\t\t\t<\/td>\n\t\t\t\t\t\t\t\t\t<\/tr>\n\t\t\t\t\t\t\t\t\t\t\t\t\t\t\t<\/table>\n\t\t\t\t\t\t\t<tr>\n\t\t\t\t\t\t\t\t<td colspan=\"3\">\n\t\t\t\t\t\t\t\t\t<small>\n\t\t\t\t\t\t\t\t\t\t<br>\n\t\t\t\t\t\t\t\t\t\tLes mesures sont fournies par le fabricant et repr\u00e9sentent des valeurs maximales. <\/br><\/br>Pour les dimensions exactes<\/br> et les mod\u00e8les disponibles,<\/br> veuillez nous contacter directement.\t\t\t\t\t\t\t\t\t<\/small>\n\t\t\t\t\t\t\t\t<\/td>\n\t\t\t\t\t\t\t<\/tr>\n\t\t\t\t\t\t<\/div>\n\t\t\t\t\t\t\n\t\t\t\t\t\t<!-- misure van (mobile) -->\n\t\t\t\t\t\t<div class=\"cnt-misure\">\n\t\t\t\t\t\t\t<table>\n\t\t\t\t\t\t\t\t<tr>\n\t\t\t\t\t\t\t\t\t<td colspan=\"3\">\n\t\t\t\t\t\t\t\t\t\t<h5>Dimensions int\u00e9rieures<\/h5>\n\t\t\t\t\t\t\t\t\t<\/td>\n\t\t\t\t\t\t\t\t<\/tr>\n\t\t\t\t\t\t\t\t\t\t\t\t\t\t\t\t<tr>\n\t\t\t\t\t\t\t\t\t<td>\n\t\t\t\t\t\t\t\t\t\tHauteur:\n\t\t\t\t\t\t\t\t\t<\/td>\n\t\t\t\t\t\t\t\t\t<td>\n\t\t\t\t\t\t\t\t\t\t220 cm\n\t\t\t\t\t\t\t\t\t<\/td>\n\t\t\t\t\t\t\t\t\t<td rowspan=\"4\">\n\t\t\t\t\t\t\t\t\t\t<img class=\"mt-1\" src=\"https:\/\/www.noleggiare.it\/wp-content\/themes\/noleggiare\/img\/van-dimensioni-interne.svg\" \/>\n\t\t\t\t\t\t\t\t\t<\/td>\n\t\t\t\t\t\t\t\t<\/tr>\n\t\t\t\t\t\t\t\t\t\t\t\t\t\t\t\t\t\t\t\t\t\t\t\t<tr>\n\t\t\t\t\t\t\t\t\t<td>\n\t\t\t\t\t\t\t\t\t\tLargeur:\n\t\t\t\t\t\t\t\t\t<\/td>\n\t\t\t\t\t\t\t\t\t<td>\n\t\t\t\t\t\t\t\t\t\t215 cm\n\t\t\t\t\t\t\t\t\t<\/td>\n\t\t\t\t\t\t\t\t<\/tr>\n\t\t\t\t\t\t\t\t\t\t\t\t\t\t\t\t\t\t\t\t\t\t\t\t<tr>\n\t\t\t\t\t\t\t\t\t<td>\n\t\t\t\t\t\t\t\t\t\tLongueur:\n\t\t\t\t\t\t\t\t\t<\/td>\n\t\t\t\t\t\t\t\t\t<td>\n\t\t\t\t\t\t\t\t\t\t410 cm\n\t\t\t\t\t\t\t\t\t<\/td>\n\t\t\t\t\t\t\t\t<\/tr>\n\t\t\t\t\t\t\t\t\t\t\t\t\t\t\t\t\t\t\t\t\t\t\t\t\t\t\t\t\t\t\t\t<tr>\n\t\t\t\t\t\t\t\t\t<td>\n\t\t\t\t\t\t\t\t\t\tHauteur:\n\t\t\t\t\t\t\t\t\t<\/td>\n\t\t\t\t\t\t\t\t\t<td>\n\t\t\t\t\t\t\t\t\t\t325 cm\n\t\t\t\t\t\t\t\t\t<\/td>\n\t\t\t\t\t\t\t\t\t<td rowspan=\"3\">\n\t\t\t\t\t\t\t\t\t\t<img class=\"mt-1\" src=\"https:\/\/www.noleggiare.it\/wp-content\/themes\/noleggiare\/img\/van-dimensioni-esterne.svg\" \/>\n\t\t\t\t\t\t\t\t\t<\/td>\n\t\t\t\t\t\t\t\t<\/tr>\n\t\t\t\t\t\t\t\t\t\t\t\t\t\t\t\t\t\t\t\t\t\t\t\t<tr>\n\t\t\t\t\t\t\t\t\t<td>\n\t\t\t\t\t\t\t\t\t\tLargeur:\n\t\t\t\t\t\t\t\t\t<\/td>\n\t\t\t\t\t\t\t\t\t<td>\n\t\t\t\t\t\t\t\t\t\t221 cm\n\t\t\t\t\t\t\t\t\t<\/td>\n\t\t\t\t\t\t\t\t<\/tr>\n\t\t\t\t\t\t\t\t\t\t\t\t\t\t\t\t\t\t\t\t\t\t\t\t<tr>\n\t\t\t\t\t\t\t\t\t<td>\n\t\t\t\t\t\t\t\t\t\tLongueur:\n\t\t\t\t\t\t\t\t\t<\/td>\n\t\t\t\t\t\t\t\t\t<td>\n\t\t\t\t\t\t\t\t\t\t666 cm\n\t\t\t\t\t\t\t\t\t<\/td>\n\t\t\t\t\t\t\t\t<\/tr>\n\t\t\t\t\t\t\t\t<tr>\n\t\t\t\t\t\t\t\t\t<td colspan=\"3\">\n\t\t\t\t\t\t\t\t\t\t<h5>Plus d\u2019infos<\/h5>\n\t\t\t\t\t\t\t\t\t<\/td>\n\t\t\t\t\t\t\t\t<\/tr>\n\t\t\t\t\t\t\t\t\t\t\t\t\t\t\t\t\t\t\t\t\t\t\t\t<tr>\n\t\t\t\t\t\t\t\t\t<td>\n\t\t\t\t\t\t\t\t\t\tCharge utile:\n\t\t\t\t\t\t\t\t\t<\/td>\n\t\t\t\t\t\t\t\t\t<td>\n\t\t\t\t\t\t\t\t\t\t1059 kg\n\t\t\t\t\t\t\t\t\t<\/td>\n\t\t\t\t\t\t\t\t\t<td rowspan=\"4\">\n\t\t\t\t\t\t\t\t\t\t<img class=\"mt-1\" src=\"https:\/\/www.noleggiare.it\/wp-content\/themes\/noleggiare\/img\/van-altre-info.svg\" \/>\n\t\t\t\t\t\t\t\t\t<\/td>\n\t\t\t\t\t\t\t\t<\/tr>\n\t\t\t\t\t\t\t\t\t\t\t\t\t\t\t\t\t\t\t\t\t\t\t\t<tr>\n\t\t\t\t\t\t\t\t\t<td>\n\t\t\t\t\t\t\t\t\t\tEmpattement:\n\t\t\t\t\t\t\t\t\t<\/td>\n\t\t\t\t\t\t\t\t\t<td>\n\t\t\t\t\t\t\t\t\t\t433 cm\n\t\t\t\t\t\t\t\t\t<\/td>\n\t\t\t\t\t\t\t\t<\/tr>\n\t\t\t\t\t\t\t\t\t\t\t\t\t\t\t\t\t\t\t\t\t\t\t\t<tr>\n\t\t\t\t\t\t\t\t\t<td>\n\t\t\t\t\t\t\t\t\t\tDimension de chargement:\n\t\t\t\t\t\t\t\t\t<\/td>\n\t\t\t\t\t\t\t\t\t<td>\n\t\t\t\t\t\t\t\t\t\t20.0 m<sup>3<\/sup>\n\t\t\t\t\t\t\t\t\t<\/td>\n\t\t\t\t\t\t\t\t<\/tr>\n\t\t\t\t\t\t\t\t\t\t\t\t\t\t\t\t\t\t\t\t\t\t\t\t<tr>\n\t\t\t\t\t\t\t\t\t<td>\n\t\t\t\t\t\t\t\t\t\tCapacit\u00e9 du r\u00e9servoir:\n\t\t\t\t\t\t\t\t\t<\/td>\n\t\t\t\t\t\t\t\t\t<td>\n\t\t\t\t\t\t\t\t\t\t80 l\n\t\t\t\t\t\t\t\t\t<\/td>\n\t\t\t\t\t\t\t\t<\/tr>\n\t\t\t\t\t\t\t\t\t\t\t\t\t\t\t\t<tr>\n\t\t\t\t\t\t\t\t\t<td colspan=\"3\">\n\t\t\t\t\t\t\t\t\t\t<small>\n\t\t\t\t\t\t\t\t\t\t\t<br>\n\t\t\t\t\t\t\t\t\t\t\tLes mesures sont fournies par le fabricant et repr\u00e9sentent des valeurs maximales. <\/br><\/br>Pour les dimensions exactes<\/br> et les mod\u00e8les disponibles,<\/br> veuillez nous contacter directement.\t\t\t\t\t\t\t\t\t\t<\/small>\n\t\t\t\t\t\t\t\t\t<\/td>\n\t\t\t\t\t\t\t\t<\/tr>\n\t\t\t\t\t\t\t<\/table>\n\t\t\t\t\t\t<\/div>\n\n\t\t\t\t\t\t<div class=\"prezzo text-center\">\n\t\t\t\t\t\t\t<a class=\"btn-espandi-promo btn btn-secondary mt-5\" href=\"#prenota\">\n\t\t\t\t\t\t\t\t<i aria-hidden=\"true\" class=\"fas fa-arrow-circle-up\"><\/i>\n\t\t\t\t\t\t\t\tGo to booking\t\t\t\t\t\t\t<\/a>\n\t\t\t\t\t\t<\/div>\n\n\t\t\t\t\t\t<!-- informazioni veicolo (auto e van) -->\n\t\t\t\t\t\t\t\t\t\t\t\t<div class=\"optional\">\n\t\t\t\t\t\t\t<ul>\n\t\t\t\t\t\t\t\t\t\t\t\t\t\t\t\t\t<li ng-class=\"veicolo.isElettrico('Diesel') ? 'ico-alimentazione-e' : 'ico-alimentazione'\">Diesel<\/li>\n\t\t\t\t\t\t\t\t\t\t\t\t\t\t\t\t\t\t\t\t\t\t\t\t\t<li class=\"ico-porte\">4<\/li>\n\t\t\t\t\t\t\t\t\t\t\t\t\t\t\t\t\t\t\t\t\t\t\t\t\t\t\t\t\t\t\t\t\t<li class=\"ico-trasmissione\">Bo\u00eete manuelle<\/li>\n\t\t\t\t\t\t\t\t\t\t\t\t\t\t\t\t\t\t\t\t\t\t\t\t\t<li class=\"ico-posti\">3<\/li>\n\t\t\t\t\t\t\t\t\t\t\t\t\t\t\t<\/ul>\n\t\t\t\t\t\t<\/div>\n\t\t\t\t\t\t\n\t\t\t\t\t<\/div><!-- \/.veicolo -->\n\n\t\t\t\t<\/div>\n\n\t\t\t<\/div><!-- \/.lista-auto -->\n\n\t\t\n\t\t\t<!-- elenco auto -->\n\t\t\t<div class=\"col-12 mb-4 col-xl-6 col-xxl-4\">\n\t\t\t\t<div\n\t\t\t\t\tclass=\"veicolo van\"\n\t\t\t\t\tdata-ng-controller=\"VeicoloController as veicolo\"\n\t\t\t\t\tdata-ng-mouseenter=\"!veicolo.hasStato('scelta-listino') && veicolo.addStato('hover')\"\n\t\t\t\t\tdata-ng-class=\"[veicolo.getStato()]\"\n\t\t\t\t>\n\n\t\t\t\t\t<div class=\"h-100\">\n\n\t\t\t\t\t\t<!-- nome modello -->\n\t\t\t\t\t\t<div class=\"tipo\" style=\"line-height: 1\">\n\t\t\t\t\t\t\t<h5 class=\"font-weight-bold mb-0\">Fiat Ducato <small>(Groupe <strong>Z4PS<\/strong>)<\/small><\/h5>\n\t\t\t\t\t\t\t<small>ou similaire*<\/small>\n\t\t\t\t\t\t<\/div>\n\n\t\t\t\t\t\t\t\t\t\t\t\t<div class=\"descrizione w-50\">\n\t\t\t\t\t\t\t<span class=\"text-secondary\">Furgone con sponda idraulica \/ Cargo Van Liftgates\/ Box 20 m3<\/span>\n\t\t\t\t\t\t<\/div>\n\t\t\t\t\t\t\n\t\t\t\t\t\t<!-- immagine -->\n\t\t\t\t\t\t<img class=\"img\" src=\"https:\/\/bo.noleggiare.it\/immagini\/auto\/689c4c784f628_SPONDA-IDRAULICA.png\" \/>\n\n\t\t\t\t\t\t<!-- elettrico -->\n\t\t\t\t\t\t<img class=\"img-elettrico\" ng-if=\"veicolo.isElettrico('Diesel')\" ng-src=\"https:\/\/www.noleggiare.it\/wp-content\/themes\/noleggiare\/img\/ico-elettric.svg\" \/>\n\n\t\t\t\t\t\t<!-- pulsantiera -->\n\t\t\t\t\t\t<div class=\"pulsantiera\" data-ng-click=\"$event.stopPropagation()\">\n\t\t\t\t\t\t\t\t\t\t\t\t\t\t\t<div\n\t\t\t\t\t\t\t\t\tclass=\"misure pulsante d-block d-md-none\"\n\t\t\t\t\t\t\t\t\tdata-ng-show=\"!veicolo.hasStato('mostra-info-listino') && !veicolo.hasStato('mostra-info-misure')\"\n\t\t\t\t\t\t\t\t\tdata-ng-click=\"veicolo.addStato('mostra-info-misure', true)\"\n\t\t\t\t\t\t\t\t\ttabindex=\"0\"\n\t\t\t\t\t\t\t\t>\n\t\t\t\t\t\t\t\t\tmisure\t\t\t\t\t\t\t\t<\/div>\n\t\t\t\t\t\t\t\t\t\t\t\t\t\t<div\n\t\t\t\t\t\t\t\tclass=\"nascondi pulsante\"\n\t\t\t\t\t\t\t\tdata-ng-show=\"veicolo.hasStato('mostra-info-listino') || veicolo.hasStato('mostra-info-misure')\"\n\t\t\t\t\t\t\t\tdata-ng-click=\"veicolo.removeStato('mostra-info-listino'); veicolo.removeStato('mostra-info-misure');\"\n\t\t\t\t\t\t\t\ttabindex=\"0\"\n\t\t\t\t\t\t\t>\n\t\t\t\t\t\t\t\tClose\t\t\t\t\t\t\t<\/div>\n\t\t\t\t\t\t<\/div>\n\n\t\t\t\t\t\t<!-- misure van -->\n\t\t\t\t\t\t\t\t\t\t\t\t<div class=\"info-van d-none d-md-block\">\n\t\t\t\t\t\t\t<table>\n\t\t\t\t\t\t\t\t<tr>\n\t\t\t\t\t\t\t\t\t<td colspan=\"3\">\n\t\t\t\t\t\t\t\t\t\t<h5>Dimensions int\u00e9rieures<\/h5>\n\t\t\t\t\t\t\t\t\t<\/td>\n\t\t\t\t\t\t\t\t<\/tr>\n\t\t\t\t\t\t\t\t\t\t\t\t\t\t\t\t\t<tr>\n\t\t\t\t\t\t\t\t\t\t<td>\n\t\t\t\t\t\t\t\t\t\t\tHauteur:\n\t\t\t\t\t\t\t\t\t\t<\/td>\n\t\t\t\t\t\t\t\t\t\t<td>\n\t\t\t\t\t\t\t\t\t\t\t210 cm\n\t\t\t\t\t\t\t\t\t\t<\/td>\n\t\t\t\t\t\t\t\t\t\t<td rowspan=\"4\">\n\t\t\t\t\t\t\t\t\t\t\t<img class=\"mt-1\" src=\"https:\/\/www.noleggiare.it\/wp-content\/themes\/noleggiare\/img\/van-dimensioni-interne.svg\" \/>\n\t\t\t\t\t\t\t\t\t\t<\/td>\n\t\t\t\t\t\t\t\t\t<\/tr>\n\t\t\t\t\t\t\t\t\t\t\t\t\t\t\t\t\t\t\t\t\t\t\t\t\t<tr>\n\t\t\t\t\t\t\t\t\t\t<td>\n\t\t\t\t\t\t\t\t\t\t\tLargeur:\n\t\t\t\t\t\t\t\t\t\t<\/td>\n\t\t\t\t\t\t\t\t\t\t<td>\n\t\t\t\t\t\t\t\t\t\t\t210 cm\n\t\t\t\t\t\t\t\t\t\t<\/td>\n\t\t\t\t\t\t\t\t\t<\/tr>\n\t\t\t\t\t\t\t\t\t\t\t\t\t\t\t\t\t\t\t\t\t\t\t\t\t<tr>\n\t\t\t\t\t\t\t\t\t\t<td>\n\t\t\t\t\t\t\t\t\t\t\tLongueur:\n\t\t\t\t\t\t\t\t\t\t<\/td>\n\t\t\t\t\t\t\t\t\t\t<td>\n\t\t\t\t\t\t\t\t\t\t\t418 cm\n\t\t\t\t\t\t\t\t\t\t<\/td>\n\t\t\t\t\t\t\t\t\t<\/tr>\n\t\t\t\t\t\t\t\t\t\t\t\t\t\t\t\t\t\t\t\t\t\t\t\t\t<tr>\n\t\t\t\t\t\t\t\t\t\t<td>\n\t\t\t\t\t\t\t\t\t\t\tLargeur passage de roues:\n\t\t\t\t\t\t\t\t\t\t<\/td>\n\t\t\t\t\t\t\t\t\t\t<td>\n\t\t\t\t\t\t\t\t\t\t\t142 cm\n\t\t\t\t\t\t\t\t\t\t<\/td>\n\t\t\t\t\t\t\t\t\t<\/tr>\n\t\t\t\t\t\t\t\t\t\t\t\t\t\t\t\t<tr>\n\t\t\t\t\t\t\t\t\t<td colspan=\"3\">\n\t\t\t\t\t\t\t\t\t\t<h5>Dimensions ext\u00e9rieures<\/h5>\n\t\t\t\t\t\t\t\t\t<\/td>\n\t\t\t\t\t\t\t\t<\/tr>\n\t\t\t\t\t\t\t\t\t\t\t\t\t\t\t\t\t<tr>\n\t\t\t\t\t\t\t\t\t\t<td>\n\t\t\t\t\t\t\t\t\t\t\tHauteur:\n\t\t\t\t\t\t\t\t\t\t<\/td>\n\t\t\t\t\t\t\t\t\t\t<td>\n\t\t\t\t\t\t\t\t\t\t\t321 cm\n\t\t\t\t\t\t\t\t\t\t<\/td>\n\t\t\t\t\t\t\t\t\t\t<td rowspan=\"3\">\n\t\t\t\t\t\t\t\t\t\t\t<img class=\"mt-1\" src=\"https:\/\/www.noleggiare.it\/wp-content\/themes\/noleggiare\/img\/van-dimensioni-esterne.svg\" \/>\n\t\t\t\t\t\t\t\t\t\t<\/td>\n\t\t\t\t\t\t\t\t\t<\/tr>\n\t\t\t\t\t\t\t\t\t\t\t\t\t\t\t\t\t\t\t\t\t\t\t\t\t<tr>\n\t\t\t\t\t\t\t\t\t\t<td>\n\t\t\t\t\t\t\t\t\t\t\tLargeur:\n\t\t\t\t\t\t\t\t\t\t<\/td>\n\t\t\t\t\t\t\t\t\t\t<td>\n\t\t\t\t\t\t\t\t\t\t\t220 cm\n\t\t\t\t\t\t\t\t\t\t<\/td>\n\t\t\t\t\t\t\t\t\t<\/tr>\n\t\t\t\t\t\t\t\t\t\t\t\t\t\t\t\t\t\t\t\t\t\t\t\t\t<tr>\n\t\t\t\t\t\t\t\t\t\t<td>\n\t\t\t\t\t\t\t\t\t\t\tLongueur:\n\t\t\t\t\t\t\t\t\t\t<\/td>\n\t\t\t\t\t\t\t\t\t\t<td>\n\t\t\t\t\t\t\t\t\t\t\t430 cm\n\t\t\t\t\t\t\t\t\t\t<\/td>\n\t\t\t\t\t\t\t\t\t<\/tr>\n\t\t\t\t\t\t\t\t\t<tr>\n\t\t\t\t\t\t\t\t\t\t<td colspan=\"3\">\n\t\t\t\t\t\t\t\t\t\t\t<h5>Plus d\u2019infos<\/h5>\n\t\t\t\t\t\t\t\t\t\t<\/td>\n\t\t\t\t\t\t\t\t\t<\/tr>\n\t\t\t\t\t\t\t\t\t\t\t\t\t\t\t\t\t\t\t\t\t\t\t\t\t<tr>\n\t\t\t\t\t\t\t\t\t\t<td>\n\t\t\t\t\t\t\t\t\t\t\tCharge utile:\n\t\t\t\t\t\t\t\t\t\t<\/td>\n\t\t\t\t\t\t\t\t\t\t<td>\n\t\t\t\t\t\t\t\t\t\t\t700 kg\n\t\t\t\t\t\t\t\t\t\t<\/td>\n\t\t\t\t\t\t\t\t\t\t<td rowspan=\"4\">\n\t\t\t\t\t\t\t\t\t\t\t<img class=\"mt-1\" src=\"https:\/\/www.noleggiare.it\/wp-content\/themes\/noleggiare\/img\/van-altre-info.svg\" \/>\n\t\t\t\t\t\t\t\t\t\t<\/td>\n\t\t\t\t\t\t\t\t\t<\/tr>\n\t\t\t\t\t\t\t\t\t\t\t\t\t\t\t\t\t\t\t\t\t\t\t\t\t<tr>\n\t\t\t\t\t\t\t\t\t\t<td>\n\t\t\t\t\t\t\t\t\t\t\tEmpattement:\n\t\t\t\t\t\t\t\t\t\t<\/td>\n\t\t\t\t\t\t\t\t\t\t<td>\n\t\t\t\t\t\t\t\t\t\t\t403 cm\n\t\t\t\t\t\t\t\t\t\t<\/td>\n\t\t\t\t\t\t\t\t\t<\/tr>\n\t\t\t\t\t\t\t\t\t\t\t\t\t\t\t\t\t\t\t\t\t\t\t\t\t<tr>\n\t\t\t\t\t\t\t\t\t\t<td>\n\t\t\t\t\t\t\t\t\t\t\tDimension de chargement:\n\t\t\t\t\t\t\t\t\t\t<\/td>\n\t\t\t\t\t\t\t\t\t\t<td>\n\t\t\t\t\t\t\t\t\t\t\t20.0 m<sup>3<\/sup>\n\t\t\t\t\t\t\t\t\t\t<\/td>\n\t\t\t\t\t\t\t\t\t<\/tr>\n\t\t\t\t\t\t\t\t\t\t\t\t\t\t\t\t\t\t\t\t\t\t\t\t\t<tr>\n\t\t\t\t\t\t\t\t\t\t<td>\n\t\t\t\t\t\t\t\t\t\t\tCapacit\u00e9 du r\u00e9servoir:\n\t\t\t\t\t\t\t\t\t\t<\/td>\n\t\t\t\t\t\t\t\t\t\t<td>\n\t\t\t\t\t\t\t\t\t\t\t90 l\n\t\t\t\t\t\t\t\t\t\t<\/td>\n\t\t\t\t\t\t\t\t\t<\/tr>\n\t\t\t\t\t\t\t\t\t\t\t\t\t\t\t<\/table>\n\t\t\t\t\t\t\t<tr>\n\t\t\t\t\t\t\t\t<td colspan=\"3\">\n\t\t\t\t\t\t\t\t\t<small>\n\t\t\t\t\t\t\t\t\t\t<br>\n\t\t\t\t\t\t\t\t\t\tLes mesures sont fournies par le fabricant et repr\u00e9sentent des valeurs maximales. <\/br><\/br>Pour les dimensions exactes<\/br> et les mod\u00e8les disponibles,<\/br> veuillez nous contacter directement.\t\t\t\t\t\t\t\t\t<\/small>\n\t\t\t\t\t\t\t\t<\/td>\n\t\t\t\t\t\t\t<\/tr>\n\t\t\t\t\t\t<\/div>\n\t\t\t\t\t\t\n\t\t\t\t\t\t<!-- misure van (mobile) -->\n\t\t\t\t\t\t<div class=\"cnt-misure\">\n\t\t\t\t\t\t\t<table>\n\t\t\t\t\t\t\t\t<tr>\n\t\t\t\t\t\t\t\t\t<td colspan=\"3\">\n\t\t\t\t\t\t\t\t\t\t<h5>Dimensions int\u00e9rieures<\/h5>\n\t\t\t\t\t\t\t\t\t<\/td>\n\t\t\t\t\t\t\t\t<\/tr>\n\t\t\t\t\t\t\t\t\t\t\t\t\t\t\t\t<tr>\n\t\t\t\t\t\t\t\t\t<td>\n\t\t\t\t\t\t\t\t\t\tHauteur:\n\t\t\t\t\t\t\t\t\t<\/td>\n\t\t\t\t\t\t\t\t\t<td>\n\t\t\t\t\t\t\t\t\t\t210 cm\n\t\t\t\t\t\t\t\t\t<\/td>\n\t\t\t\t\t\t\t\t\t<td rowspan=\"4\">\n\t\t\t\t\t\t\t\t\t\t<img class=\"mt-1\" src=\"https:\/\/www.noleggiare.it\/wp-content\/themes\/noleggiare\/img\/van-dimensioni-interne.svg\" \/>\n\t\t\t\t\t\t\t\t\t<\/td>\n\t\t\t\t\t\t\t\t<\/tr>\n\t\t\t\t\t\t\t\t\t\t\t\t\t\t\t\t\t\t\t\t\t\t\t\t<tr>\n\t\t\t\t\t\t\t\t\t<td>\n\t\t\t\t\t\t\t\t\t\tLargeur:\n\t\t\t\t\t\t\t\t\t<\/td>\n\t\t\t\t\t\t\t\t\t<td>\n\t\t\t\t\t\t\t\t\t\t210 cm\n\t\t\t\t\t\t\t\t\t<\/td>\n\t\t\t\t\t\t\t\t<\/tr>\n\t\t\t\t\t\t\t\t\t\t\t\t\t\t\t\t\t\t\t\t\t\t\t\t<tr>\n\t\t\t\t\t\t\t\t\t<td>\n\t\t\t\t\t\t\t\t\t\tLongueur:\n\t\t\t\t\t\t\t\t\t<\/td>\n\t\t\t\t\t\t\t\t\t<td>\n\t\t\t\t\t\t\t\t\t\t418 cm\n\t\t\t\t\t\t\t\t\t<\/td>\n\t\t\t\t\t\t\t\t<\/tr>\n\t\t\t\t\t\t\t\t\t\t\t\t\t\t\t\t\t\t\t\t\t\t\t\t<tr>\n\t\t\t\t\t\t\t\t\t<td>\n\t\t\t\t\t\t\t\t\t\tLargeur passage de roues:\n\t\t\t\t\t\t\t\t\t<\/td>\n\t\t\t\t\t\t\t\t\t<td>\n\t\t\t\t\t\t\t\t\t\t142 cm\n\t\t\t\t\t\t\t\t\t<\/td>\n\t\t\t\t\t\t\t\t<\/tr>\n\t\t\t\t\t\t\t\t<tr>\n\t\t\t\t\t\t\t\t\t<td colspan=\"3\">\n\t\t\t\t\t\t\t\t\t\t<h5>Dimensions ext\u00e9rieures<\/h5>\n\t\t\t\t\t\t\t\t\t<\/td>\n\t\t\t\t\t\t\t\t<\/tr>\n\t\t\t\t\t\t\t\t\t\t\t\t\t\t\t\t\t\t\t\t\t\t\t\t<tr>\n\t\t\t\t\t\t\t\t\t<td>\n\t\t\t\t\t\t\t\t\t\tHauteur:\n\t\t\t\t\t\t\t\t\t<\/td>\n\t\t\t\t\t\t\t\t\t<td>\n\t\t\t\t\t\t\t\t\t\t321 cm\n\t\t\t\t\t\t\t\t\t<\/td>\n\t\t\t\t\t\t\t\t\t<td rowspan=\"3\">\n\t\t\t\t\t\t\t\t\t\t<img class=\"mt-1\" src=\"https:\/\/www.noleggiare.it\/wp-content\/themes\/noleggiare\/img\/van-dimensioni-esterne.svg\" \/>\n\t\t\t\t\t\t\t\t\t<\/td>\n\t\t\t\t\t\t\t\t<\/tr>\n\t\t\t\t\t\t\t\t\t\t\t\t\t\t\t\t\t\t\t\t\t\t\t\t<tr>\n\t\t\t\t\t\t\t\t\t<td>\n\t\t\t\t\t\t\t\t\t\tLargeur:\n\t\t\t\t\t\t\t\t\t<\/td>\n\t\t\t\t\t\t\t\t\t<td>\n\t\t\t\t\t\t\t\t\t\t220 cm\n\t\t\t\t\t\t\t\t\t<\/td>\n\t\t\t\t\t\t\t\t<\/tr>\n\t\t\t\t\t\t\t\t\t\t\t\t\t\t\t\t\t\t\t\t\t\t\t\t<tr>\n\t\t\t\t\t\t\t\t\t<td>\n\t\t\t\t\t\t\t\t\t\tLongueur:\n\t\t\t\t\t\t\t\t\t<\/td>\n\t\t\t\t\t\t\t\t\t<td>\n\t\t\t\t\t\t\t\t\t\t430 cm\n\t\t\t\t\t\t\t\t\t<\/td>\n\t\t\t\t\t\t\t\t<\/tr>\n\t\t\t\t\t\t\t\t<tr>\n\t\t\t\t\t\t\t\t\t<td colspan=\"3\">\n\t\t\t\t\t\t\t\t\t\t<h5>Plus d\u2019infos<\/h5>\n\t\t\t\t\t\t\t\t\t<\/td>\n\t\t\t\t\t\t\t\t<\/tr>\n\t\t\t\t\t\t\t\t\t\t\t\t\t\t\t\t\t\t\t\t\t\t\t\t<tr>\n\t\t\t\t\t\t\t\t\t<td>\n\t\t\t\t\t\t\t\t\t\tCharge utile:\n\t\t\t\t\t\t\t\t\t<\/td>\n\t\t\t\t\t\t\t\t\t<td>\n\t\t\t\t\t\t\t\t\t\t700 kg\n\t\t\t\t\t\t\t\t\t<\/td>\n\t\t\t\t\t\t\t\t\t<td rowspan=\"4\">\n\t\t\t\t\t\t\t\t\t\t<img class=\"mt-1\" src=\"https:\/\/www.noleggiare.it\/wp-content\/themes\/noleggiare\/img\/van-altre-info.svg\" \/>\n\t\t\t\t\t\t\t\t\t<\/td>\n\t\t\t\t\t\t\t\t<\/tr>\n\t\t\t\t\t\t\t\t\t\t\t\t\t\t\t\t\t\t\t\t\t\t\t\t<tr>\n\t\t\t\t\t\t\t\t\t<td>\n\t\t\t\t\t\t\t\t\t\tEmpattement:\n\t\t\t\t\t\t\t\t\t<\/td>\n\t\t\t\t\t\t\t\t\t<td>\n\t\t\t\t\t\t\t\t\t\t403 cm\n\t\t\t\t\t\t\t\t\t<\/td>\n\t\t\t\t\t\t\t\t<\/tr>\n\t\t\t\t\t\t\t\t\t\t\t\t\t\t\t\t\t\t\t\t\t\t\t\t<tr>\n\t\t\t\t\t\t\t\t\t<td>\n\t\t\t\t\t\t\t\t\t\tDimension de chargement:\n\t\t\t\t\t\t\t\t\t<\/td>\n\t\t\t\t\t\t\t\t\t<td>\n\t\t\t\t\t\t\t\t\t\t20.0 m<sup>3<\/sup>\n\t\t\t\t\t\t\t\t\t<\/td>\n\t\t\t\t\t\t\t\t<\/tr>\n\t\t\t\t\t\t\t\t\t\t\t\t\t\t\t\t\t\t\t\t\t\t\t\t<tr>\n\t\t\t\t\t\t\t\t\t<td>\n\t\t\t\t\t\t\t\t\t\tCapacit\u00e9 du r\u00e9servoir:\n\t\t\t\t\t\t\t\t\t<\/td>\n\t\t\t\t\t\t\t\t\t<td>\n\t\t\t\t\t\t\t\t\t\t90 l\n\t\t\t\t\t\t\t\t\t<\/td>\n\t\t\t\t\t\t\t\t<\/tr>\n\t\t\t\t\t\t\t\t\t\t\t\t\t\t\t\t<tr>\n\t\t\t\t\t\t\t\t\t<td colspan=\"3\">\n\t\t\t\t\t\t\t\t\t\t<small>\n\t\t\t\t\t\t\t\t\t\t\t<br>\n\t\t\t\t\t\t\t\t\t\t\tLes mesures sont fournies par le fabricant et repr\u00e9sentent des valeurs maximales. <\/br><\/br>Pour les dimensions exactes<\/br> et les mod\u00e8les disponibles,<\/br> veuillez nous contacter directement.\t\t\t\t\t\t\t\t\t\t<\/small>\n\t\t\t\t\t\t\t\t\t<\/td>\n\t\t\t\t\t\t\t\t<\/tr>\n\t\t\t\t\t\t\t<\/table>\n\t\t\t\t\t\t<\/div>\n\n\t\t\t\t\t\t<div class=\"prezzo text-center\">\n\t\t\t\t\t\t\t<a class=\"btn-espandi-promo btn btn-secondary mt-5\" href=\"#prenota\">\n\t\t\t\t\t\t\t\t<i aria-hidden=\"true\" class=\"fas fa-arrow-circle-up\"><\/i>\n\t\t\t\t\t\t\t\tGo to booking\t\t\t\t\t\t\t<\/a>\n\t\t\t\t\t\t<\/div>\n\n\t\t\t\t\t\t<!-- informazioni veicolo (auto e van) -->\n\t\t\t\t\t\t\t\t\t\t\t\t<div class=\"optional\">\n\t\t\t\t\t\t\t<ul>\n\t\t\t\t\t\t\t\t\t\t\t\t\t\t\t\t\t<li ng-class=\"veicolo.isElettrico('Diesel') ? 'ico-alimentazione-e' : 'ico-alimentazione'\">Diesel<\/li>\n\t\t\t\t\t\t\t\t\t\t\t\t\t\t\t\t\t\t\t\t\t\t\t\t\t<li class=\"ico-porte\">4<\/li>\n\t\t\t\t\t\t\t\t\t\t\t\t\t\t\t\t\t\t\t\t\t\t\t\t\t\t\t\t\t\t\t\t\t<li class=\"ico-trasmissione\">Bo\u00eete manuelle<\/li>\n\t\t\t\t\t\t\t\t\t\t\t\t\t\t\t\t\t\t\t\t\t\t\t\t\t<li class=\"ico-posti\">3<\/li>\n\t\t\t\t\t\t\t\t\t\t\t\t\t\t\t<\/ul>\n\t\t\t\t\t\t<\/div>\n\t\t\t\t\t\t\n\t\t\t\t\t<\/div><!-- \/.veicolo -->\n\n\t\t\t\t<\/div>\n\n\t\t\t<\/div><!-- \/.lista-auto -->\n\n\t\t\n    <\/div>\n<\/div>\n<\/div>\n\t\t\t\t<\/div>\n\t\t\t\t<\/div>\n\t\t\t\t\t\t<\/div>\n\t\t\t\t\t<\/div>\n\t\t<\/div>\n\t\t\t\t\t\t\t\t<\/div>\n\t\t\t\t\t<\/div>\n\t\t<\/section>\n\t\t\t\t\t\t<\/div>\n\t\t\t\t\t\t<\/div>\n\t\t\t\t\t<\/div>\n\t\t","protected":false},"excerpt":{"rendered":"<p>Vous recherchez un van&nbsp;? Choisissez la formule de location. Pour les particuliers et les entreprises, la location d\u2019un van est id\u00e9ale pour les d\u00e9m\u00e9nagements ou le transport de marchandises. Notre flotte offre des vans de diff\u00e9rentes tailles pour r\u00e9pondre aux besoins les plus divers. Notre vaste gamme, de plus de 1&nbsp;000 vans, est disponible dans [&#8230;]<\/p>\n<p><a class=\"btn btn-secondary understrap-read-more-link\" href=\"https:\/\/www.noleggiare.it\/fr\/flotte-vans\/\">Lire la suite\u2026<\/a><\/p>\n","protected":false},"author":32,"featured_media":291024,"parent":0,"menu_order":0,"comment_status":"closed","ping_status":"closed","template":"","meta":[],"acf":[],"yoast_head":"<!-- This site is optimized with the Yoast SEO plugin v17.1 - https:\/\/yoast.com\/wordpress\/plugins\/seo\/ -->\n<title>Flotte vans - Noleggiare.it<\/title>\n<meta name=\"description\" content=\"Louez votre van avec Noleggiare\u00a0! Vaste gamme et disponibilit\u00e9 dans toute l\u2019Italie. Choisissez le van qui vous convient. D\u00e9couvrez les prix d\u00e8s maintenant\u00a0!\" \/>\n<meta name=\"robots\" content=\"index, follow, max-snippet:-1, max-image-preview:large, max-video-preview:-1\" \/>\n<link rel=\"canonical\" href=\"https:\/\/www.noleggiare.it\/fr\/flotte-vans\/\" \/>\n<meta property=\"og:locale\" content=\"fr_FR\" \/>\n<meta property=\"og:type\" content=\"article\" \/>\n<meta property=\"og:title\" content=\"Flotte vans - Noleggiare.it\" \/>\n<meta property=\"og:description\" content=\"Louez votre van avec Noleggiare\u00a0! Vaste gamme et disponibilit\u00e9 dans toute l\u2019Italie. Choisissez le van qui vous convient. D\u00e9couvrez les prix d\u00e8s maintenant\u00a0!\" \/>\n<meta property=\"og:url\" content=\"https:\/\/www.noleggiare.it\/fr\/flotte-vans\/\" \/>\n<meta property=\"og:site_name\" content=\"Noleggiare.it\" \/>\n<meta property=\"article:modified_time\" content=\"2025-02-07T13:32:05+00:00\" \/>\n<meta property=\"og:image\" content=\"https:\/\/www.noleggiare.it\/wp-content\/uploads\/2025\/02\/van-desktop-fr.jpg\" \/>\n\t<meta property=\"og:image:width\" content=\"1166\" \/>\n\t<meta property=\"og:image:height\" content=\"843\" \/>\n<meta name=\"twitter:card\" content=\"summary_large_image\" \/>\n<meta name=\"twitter:label1\" content=\"Dur\u00e9e de lecture est.\" \/>\n\t<meta name=\"twitter:data1\" content=\"1 minute\" \/>\n<script type=\"application\/ld+json\" class=\"yoast-schema-graph\">{\"@context\":\"https:\/\/schema.org\",\"@graph\":[{\"@type\":\"WebSite\",\"@id\":\"https:\/\/www.noleggiare.it\/it\/#website\",\"url\":\"https:\/\/www.noleggiare.it\/it\/\",\"name\":\"Noleggiare.it\",\"description\":\"Happy rent!\",\"potentialAction\":[{\"@type\":\"SearchAction\",\"target\":{\"@type\":\"EntryPoint\",\"urlTemplate\":\"https:\/\/www.noleggiare.it\/it\/?s={search_term_string}\"},\"query-input\":\"required name=search_term_string\"}],\"inLanguage\":\"fr-FR\"},{\"@type\":\"ImageObject\",\"@id\":\"https:\/\/www.noleggiare.it\/fr\/flotte-vans\/#primaryimage\",\"inLanguage\":\"fr-FR\",\"url\":\"https:\/\/www.noleggiare.it\/wp-content\/uploads\/2025\/02\/van-desktop-fr.jpg\",\"contentUrl\":\"https:\/\/www.noleggiare.it\/wp-content\/uploads\/2025\/02\/van-desktop-fr.jpg\",\"width\":1166,\"height\":843},{\"@type\":\"WebPage\",\"@id\":\"https:\/\/www.noleggiare.it\/fr\/flotte-vans\/#webpage\",\"url\":\"https:\/\/www.noleggiare.it\/fr\/flotte-vans\/\",\"name\":\"Flotte vans - Noleggiare.it\",\"isPartOf\":{\"@id\":\"https:\/\/www.noleggiare.it\/it\/#website\"},\"primaryImageOfPage\":{\"@id\":\"https:\/\/www.noleggiare.it\/fr\/flotte-vans\/#primaryimage\"},\"datePublished\":\"2025-02-01T13:04:24+00:00\",\"dateModified\":\"2025-02-07T13:32:05+00:00\",\"description\":\"Louez votre van avec Noleggiare\\u00a0! Vaste gamme et disponibilit\\u00e9 dans toute l\\u2019Italie. Choisissez le van qui vous convient. D\\u00e9couvrez les prix d\\u00e8s maintenant\\u00a0!\",\"breadcrumb\":{\"@id\":\"https:\/\/www.noleggiare.it\/fr\/flotte-vans\/#breadcrumb\"},\"inLanguage\":\"fr-FR\",\"potentialAction\":[{\"@type\":\"ReadAction\",\"target\":[\"https:\/\/www.noleggiare.it\/fr\/flotte-vans\/\"]}]},{\"@type\":\"BreadcrumbList\",\"@id\":\"https:\/\/www.noleggiare.it\/fr\/flotte-vans\/#breadcrumb\",\"itemListElement\":[{\"@type\":\"ListItem\",\"position\":1,\"name\":\"Flotte vans\"}]}]}<\/script>\n<!-- \/ Yoast SEO plugin. -->","yoast_head_json":{"title":"Flotte vans - Noleggiare.it","description":"Louez votre van avec Noleggiare\u00a0! Vaste gamme et disponibilit\u00e9 dans toute l\u2019Italie. Choisissez le van qui vous convient. D\u00e9couvrez les prix d\u00e8s maintenant\u00a0!","robots":{"index":"index","follow":"follow","max-snippet":"max-snippet:-1","max-image-preview":"max-image-preview:large","max-video-preview":"max-video-preview:-1"},"canonical":"https:\/\/www.noleggiare.it\/fr\/flotte-vans\/","og_locale":"fr_FR","og_type":"article","og_title":"Flotte vans - Noleggiare.it","og_description":"Louez votre van avec Noleggiare\u00a0! Vaste gamme et disponibilit\u00e9 dans toute l\u2019Italie. Choisissez le van qui vous convient. D\u00e9couvrez les prix d\u00e8s maintenant\u00a0!","og_url":"https:\/\/www.noleggiare.it\/fr\/flotte-vans\/","og_site_name":"Noleggiare.it","article_modified_time":"2025-02-07T13:32:05+00:00","og_image":[{"width":1166,"height":843,"url":"https:\/\/www.noleggiare.it\/wp-content\/uploads\/2025\/02\/van-desktop-fr.jpg","path":"\/var\/www\/noleggiare.it\/wp-content\/uploads\/2025\/02\/van-desktop-fr.jpg","size":"full","id":291024,"alt":"","pixels":982938,"type":"image\/jpeg"}],"twitter_card":"summary_large_image","twitter_misc":{"Dur\u00e9e de lecture est.":"1 minute"},"schema":{"@context":"https:\/\/schema.org","@graph":[{"@type":"WebSite","@id":"https:\/\/www.noleggiare.it\/it\/#website","url":"https:\/\/www.noleggiare.it\/it\/","name":"Noleggiare.it","description":"Happy rent!","potentialAction":[{"@type":"SearchAction","target":{"@type":"EntryPoint","urlTemplate":"https:\/\/www.noleggiare.it\/it\/?s={search_term_string}"},"query-input":"required name=search_term_string"}],"inLanguage":"fr-FR"},{"@type":"ImageObject","@id":"https:\/\/www.noleggiare.it\/fr\/flotte-vans\/#primaryimage","inLanguage":"fr-FR","url":"https:\/\/www.noleggiare.it\/wp-content\/uploads\/2025\/02\/van-desktop-fr.jpg","contentUrl":"https:\/\/www.noleggiare.it\/wp-content\/uploads\/2025\/02\/van-desktop-fr.jpg","width":1166,"height":843},{"@type":"WebPage","@id":"https:\/\/www.noleggiare.it\/fr\/flotte-vans\/#webpage","url":"https:\/\/www.noleggiare.it\/fr\/flotte-vans\/","name":"Flotte vans - Noleggiare.it","isPartOf":{"@id":"https:\/\/www.noleggiare.it\/it\/#website"},"primaryImageOfPage":{"@id":"https:\/\/www.noleggiare.it\/fr\/flotte-vans\/#primaryimage"},"datePublished":"2025-02-01T13:04:24+00:00","dateModified":"2025-02-07T13:32:05+00:00","description":"Louez votre van avec Noleggiare\u00a0! Vaste gamme et disponibilit\u00e9 dans toute l\u2019Italie. Choisissez le van qui vous convient. D\u00e9couvrez les prix d\u00e8s maintenant\u00a0!","breadcrumb":{"@id":"https:\/\/www.noleggiare.it\/fr\/flotte-vans\/#breadcrumb"},"inLanguage":"fr-FR","potentialAction":[{"@type":"ReadAction","target":["https:\/\/www.noleggiare.it\/fr\/flotte-vans\/"]}]},{"@type":"BreadcrumbList","@id":"https:\/\/www.noleggiare.it\/fr\/flotte-vans\/#breadcrumb","itemListElement":[{"@type":"ListItem","position":1,"name":"Flotte vans"}]}]}},"wps_subtitle":"","_links":{"self":[{"href":"https:\/\/www.noleggiare.it\/fr\/wp-json\/wp\/v2\/pages\/289809"}],"collection":[{"href":"https:\/\/www.noleggiare.it\/fr\/wp-json\/wp\/v2\/pages"}],"about":[{"href":"https:\/\/www.noleggiare.it\/fr\/wp-json\/wp\/v2\/types\/page"}],"author":[{"embeddable":true,"href":"https:\/\/www.noleggiare.it\/fr\/wp-json\/wp\/v2\/users\/32"}],"replies":[{"embeddable":true,"href":"https:\/\/www.noleggiare.it\/fr\/wp-json\/wp\/v2\/comments?post=289809"}],"version-history":[{"count":2,"href":"https:\/\/www.noleggiare.it\/fr\/wp-json\/wp\/v2\/pages\/289809\/revisions"}],"predecessor-version":[{"id":289865,"href":"https:\/\/www.noleggiare.it\/fr\/wp-json\/wp\/v2\/pages\/289809\/revisions\/289865"}],"wp:featuredmedia":[{"embeddable":true,"href":"https:\/\/www.noleggiare.it\/fr\/wp-json\/wp\/v2\/media\/291024"}],"wp:attachment":[{"href":"https:\/\/www.noleggiare.it\/fr\/wp-json\/wp\/v2\/media?parent=289809"}],"curies":[{"name":"wp","href":"https:\/\/api.w.org\/{rel}","templated":true}]}}