{"id":115574,"date":"2022-05-27T10:14:39","date_gmt":"2022-05-27T08:14:39","guid":{"rendered":"https:\/\/www.noleggiare.it\/?page_id=115574"},"modified":"2026-01-13T12:12:09","modified_gmt":"2026-01-13T11:12:09","slug":"noleggio-auto-a-cuneo","status":"publish","type":"page","link":"https:\/\/www.noleggiare.it\/it\/noleggio-auto\/sedi\/noleggio-auto-a-cuneo\/","title":{"rendered":"Noleggio auto a Cuneo"},"content":{"rendered":"\t\t<div data-elementor-type=\"wp-post\" data-elementor-id=\"115574\" data-post-id=\"115574\" data-obj-id=\"115574\" class=\"elementor elementor-115574 dce-elementor-post-115574\" data-elementor-settings=\"[]\">\n\t\t\t\t\t\t<div class=\"elementor-inner\">\n\t\t\t\t\t\t\t<div class=\"elementor-section-wrap\">\n\t\t\t\t\t\t\t<section class=\"elementor-section elementor-top-section elementor-element elementor-element-8b06840 elementor-section-boxed elementor-section-height-default elementor-section-height-default\" data-id=\"8b06840\" data-element_type=\"section\">\n\t\t\t\t\t\t<div class=\"elementor-container elementor-column-gap-default\">\n\t\t\t\t\t\t\t<div class=\"elementor-row\">\n\t\t\t\t\t<div class=\"elementor-column elementor-col-25 elementor-top-column elementor-element elementor-element-5c390f7\" data-id=\"5c390f7\" data-element_type=\"column\">\n\t\t\t<div class=\"elementor-column-wrap elementor-element-populated\">\n\t\t\t\t\t\t\t<div class=\"elementor-widget-wrap\">\n\t\t\t\t\t\t<div class=\"elementor-element elementor-element-d553000 elementor-view-default elementor-position-top elementor-vertical-align-top elementor-widget elementor-widget-icon-box\" data-id=\"d553000\" data-element_type=\"widget\" data-widget_type=\"icon-box.default\">\n\t\t\t\t<div class=\"elementor-widget-container\">\n\t\t\t\t\t<div class=\"elementor-icon-box-wrapper\">\n\t\t\t\t\t\t<div class=\"elementor-icon-box-icon\">\n\t\t\t\t<a class=\"elementor-icon elementor-animation-\" href=\"tel:00390171493486\">\n\t\t\t\t<i aria-hidden=\"true\" class=\"fas fa-phone\"><\/i>\t\t\t\t<\/a>\n\t\t\t<\/div>\n\t\t\t\t\t\t<div class=\"elementor-icon-box-content\">\n\t\t\t\t<h3 class=\"elementor-icon-box-title\">\n\t\t\t\t\t<a href=\"tel:00390171493486\">telefono<\/a>\n\t\t\t\t<\/h3>\n\t\t\t\t\t\t\t<\/div>\n\t\t<\/div>\n\t\t\t\t<\/div>\n\t\t\t\t<\/div>\n\t\t\t\t<div class=\"elementor-element elementor-element-179c0f3 elementor-widget elementor-widget-text-editor\" data-id=\"179c0f3\" data-element_type=\"widget\" data-widget_type=\"text-editor.default\">\n\t\t\t\t<div class=\"elementor-widget-container\">\n\t\t\t\t\t\t\t\t<div class=\"elementor-text-editor elementor-clearfix\">\n\t\t\t\t\t<p><a href=\"tel:tel:00390171687075\">+39 0171687075<\/a><\/p>\t\t\t\t\t<\/div>\n\t\t\t\t\t\t<\/div>\n\t\t\t\t<\/div>\n\t\t\t\t\t\t<\/div>\n\t\t\t\t\t<\/div>\n\t\t<\/div>\n\t\t\t\t<div class=\"elementor-column elementor-col-25 elementor-top-column elementor-element elementor-element-6e381d5\" data-id=\"6e381d5\" data-element_type=\"column\">\n\t\t\t<div class=\"elementor-column-wrap elementor-element-populated\">\n\t\t\t\t\t\t\t<div class=\"elementor-widget-wrap\">\n\t\t\t\t\t\t<div class=\"elementor-element elementor-element-ad6c71a elementor-view-default elementor-position-top elementor-vertical-align-top elementor-widget elementor-widget-icon-box\" data-id=\"ad6c71a\" data-element_type=\"widget\" data-widget_type=\"icon-box.default\">\n\t\t\t\t<div class=\"elementor-widget-container\">\n\t\t\t\t\t<div class=\"elementor-icon-box-wrapper\">\n\t\t\t\t\t\t<div class=\"elementor-icon-box-icon\">\n\t\t\t\t<a class=\"elementor-icon elementor-animation-\" href=\"mailto:cuneo@noleggiare.it\">\n\t\t\t\t<i aria-hidden=\"true\" class=\"fas fa-envelope\"><\/i>\t\t\t\t<\/a>\n\t\t\t<\/div>\n\t\t\t\t\t\t<div class=\"elementor-icon-box-content\">\n\t\t\t\t<h3 class=\"elementor-icon-box-title\">\n\t\t\t\t\t<a href=\"mailto:cuneo@noleggiare.it\">email<\/a>\n\t\t\t\t<\/h3>\n\t\t\t\t\t\t\t<\/div>\n\t\t<\/div>\n\t\t\t\t<\/div>\n\t\t\t\t<\/div>\n\t\t\t\t<div class=\"elementor-element elementor-element-4663730 elementor-widget elementor-widget-text-editor\" data-id=\"4663730\" data-element_type=\"widget\" data-widget_type=\"text-editor.default\">\n\t\t\t\t<div class=\"elementor-widget-container\">\n\t\t\t\t\t\t\t\t<div class=\"elementor-text-editor elementor-clearfix\">\n\t\t\t\t\t<a href=\"mailto:cuneo@noleggiare.it\">cuneo@noleggiare.it<\/a>\t\t\t\t\t<\/div>\n\t\t\t\t\t\t<\/div>\n\t\t\t\t<\/div>\n\t\t\t\t\t\t<\/div>\n\t\t\t\t\t<\/div>\n\t\t<\/div>\n\t\t\t\t<div class=\"elementor-column elementor-col-25 elementor-top-column elementor-element elementor-element-4544f55\" data-id=\"4544f55\" data-element_type=\"column\">\n\t\t\t<div class=\"elementor-column-wrap elementor-element-populated\">\n\t\t\t\t\t\t\t<div class=\"elementor-widget-wrap\">\n\t\t\t\t\t\t<div class=\"elementor-element elementor-element-38bd107 elementor-view-default elementor-position-top elementor-vertical-align-top elementor-widget elementor-widget-icon-box\" data-id=\"38bd107\" data-element_type=\"widget\" data-widget_type=\"icon-box.default\">\n\t\t\t\t<div class=\"elementor-widget-container\">\n\t\t\t\t\t<div class=\"elementor-icon-box-wrapper\">\n\t\t\t\t\t\t<div class=\"elementor-icon-box-icon\">\n\t\t\t\t<a class=\"elementor-icon elementor-animation-\" href=\"https:\/\/maps.app.goo.gl\/yHqP9b5oyxuwyVK4A\" target=\"_blank\">\n\t\t\t\t<i aria-hidden=\"true\" class=\"fas fa-globe\"><\/i>\t\t\t\t<\/a>\n\t\t\t<\/div>\n\t\t\t\t\t\t<div class=\"elementor-icon-box-content\">\n\t\t\t\t<h3 class=\"elementor-icon-box-title\">\n\t\t\t\t\t<a href=\"https:\/\/maps.app.goo.gl\/yHqP9b5oyxuwyVK4A\" target=\"_blank\">indirizzo<\/a>\n\t\t\t\t<\/h3>\n\t\t\t\t\t\t\t<\/div>\n\t\t<\/div>\n\t\t\t\t<\/div>\n\t\t\t\t<\/div>\n\t\t\t\t<div class=\"elementor-element elementor-element-5f209a4 elementor-widget elementor-widget-text-editor\" data-id=\"5f209a4\" data-element_type=\"widget\" data-widget_type=\"text-editor.default\">\n\t\t\t\t<div class=\"elementor-widget-container\">\n\t\t\t\t\t\t\t\t<div class=\"elementor-text-editor elementor-clearfix\">\n\t\t\t\t\t<p>Via Valle Grana, 106 &#8211; 12010 Bernezzo (CN)<\/p>\t\t\t\t\t<\/div>\n\t\t\t\t\t\t<\/div>\n\t\t\t\t<\/div>\n\t\t\t\t\t\t<\/div>\n\t\t\t\t\t<\/div>\n\t\t<\/div>\n\t\t\t\t<div class=\"elementor-column elementor-col-25 elementor-top-column elementor-element elementor-element-5ba6c67\" data-id=\"5ba6c67\" data-element_type=\"column\">\n\t\t\t<div class=\"elementor-column-wrap elementor-element-populated\">\n\t\t\t\t\t\t\t<div class=\"elementor-widget-wrap\">\n\t\t\t\t\t\t<div class=\"elementor-element elementor-element-50c4a2a elementor-view-default elementor-position-top elementor-vertical-align-top elementor-widget elementor-widget-icon-box\" data-id=\"50c4a2a\" data-element_type=\"widget\" data-widget_type=\"icon-box.default\">\n\t\t\t\t<div class=\"elementor-widget-container\">\n\t\t\t\t\t<div class=\"elementor-icon-box-wrapper\">\n\t\t\t\t\t\t<div class=\"elementor-icon-box-icon\">\n\t\t\t\t<span class=\"elementor-icon elementor-animation-\" >\n\t\t\t\t<i aria-hidden=\"true\" class=\"far fa-clock\"><\/i>\t\t\t\t<\/span>\n\t\t\t<\/div>\n\t\t\t\t\t\t<div class=\"elementor-icon-box-content\">\n\t\t\t\t<h3 class=\"elementor-icon-box-title\">\n\t\t\t\t\t<span >orari<\/span>\n\t\t\t\t<\/h3>\n\t\t\t\t\t\t\t<\/div>\n\t\t<\/div>\n\t\t\t\t<\/div>\n\t\t\t\t<\/div>\n\t\t\t\t<div class=\"elementor-element elementor-element-8cf0ab0 elementor-widget elementor-widget-text-editor\" data-id=\"8cf0ab0\" data-element_type=\"widget\" data-widget_type=\"text-editor.default\">\n\t\t\t\t<div class=\"elementor-widget-container\">\n\t\t\t\t\t\t\t\t<div class=\"elementor-text-editor elementor-clearfix\">\n\t\t\t\t\t<p>Luned\u00ec &#8211; Venerd\u00ec<\/p><p>8:00 &#8211; 12:00 \/ 14:00 &#8211; 18:00<\/p><p>Sabato e Domenica chiuso<\/p><p>Dal 11 al 22 agosto chiuso<\/p>\t\t\t\t\t<\/div>\n\t\t\t\t\t\t<\/div>\n\t\t\t\t<\/div>\n\t\t\t\t\t\t<\/div>\n\t\t\t\t\t<\/div>\n\t\t<\/div>\n\t\t\t\t\t\t\t\t<\/div>\n\t\t\t\t\t<\/div>\n\t\t<\/section>\n\t\t\t\t<section class=\"elementor-section elementor-top-section elementor-element elementor-element-824a654 elementor-section-boxed elementor-section-height-default elementor-section-height-default\" data-id=\"824a654\" data-element_type=\"section\">\n\t\t\t\t\t\t<div class=\"elementor-container elementor-column-gap-no\">\n\t\t\t\t\t\t\t<div class=\"elementor-row\">\n\t\t\t\t\t<div class=\"elementor-column elementor-col-100 elementor-top-column elementor-element elementor-element-fb5f8bf\" data-id=\"fb5f8bf\" data-element_type=\"column\">\n\t\t\t<div class=\"elementor-column-wrap elementor-element-populated\">\n\t\t\t\t\t\t\t<div class=\"elementor-widget-wrap\">\n\t\t\t\t\t\t<div class=\"elementor-element elementor-element-284a14a elementor-widget elementor-widget-text-editor\" data-id=\"284a14a\" data-element_type=\"widget\" data-widget_type=\"text-editor.default\">\n\t\t\t\t<div class=\"elementor-widget-container\">\n\t\t\t\t\t\t\t\t<div class=\"elementor-text-editor elementor-clearfix\">\n\t\t\t\t\t<h1>Noleggio auto a Cuneo<\/h1>\t\t\t\t\t<\/div>\n\t\t\t\t\t\t<\/div>\n\t\t\t\t<\/div>\n\t\t\t\t\t\t<\/div>\n\t\t\t\t\t<\/div>\n\t\t<\/div>\n\t\t\t\t\t\t\t\t<\/div>\n\t\t\t\t\t<\/div>\n\t\t<\/section>\n\t\t\t\t<section class=\"elementor-section elementor-top-section elementor-element elementor-element-b315422 elementor-section-boxed elementor-section-height-default elementor-section-height-default\" data-id=\"b315422\" data-element_type=\"section\">\n\t\t\t\t\t\t<div class=\"elementor-container elementor-column-gap-no\">\n\t\t\t\t\t\t\t<div class=\"elementor-row\">\n\t\t\t\t\t<div class=\"elementor-column elementor-col-100 elementor-top-column elementor-element elementor-element-bec8ad0\" data-id=\"bec8ad0\" data-element_type=\"column\">\n\t\t\t<div class=\"elementor-column-wrap elementor-element-populated\">\n\t\t\t\t\t\t\t<div class=\"elementor-widget-wrap\">\n\t\t\t\t\t\t<div class=\"elementor-element elementor-element-4e413ad elementor-widget elementor-widget-text-editor\" data-id=\"4e413ad\" data-element_type=\"widget\" data-widget_type=\"text-editor.default\">\n\t\t\t\t<div class=\"elementor-widget-container\">\n\t\t\t\t\t\t\t\t<div class=\"elementor-text-editor elementor-clearfix\">\n\t\t\t\t\t<h2>Scopri il Piemonte e vivi la tua vacanza in auto con noi!<\/h2>\t\t\t\t\t<\/div>\n\t\t\t\t\t\t<\/div>\n\t\t\t\t<\/div>\n\t\t\t\t<div class=\"elementor-element elementor-element-e1a407f elementor-widget elementor-widget-text-editor\" data-id=\"e1a407f\" data-element_type=\"widget\" data-widget_type=\"text-editor.default\">\n\t\t\t\t<div class=\"elementor-widget-container\">\n\t\t\t\t\t\t\t\t<div class=\"elementor-text-editor elementor-clearfix\">\n\t\t\t\t\tNoleggiare \u00e8 la scelta migliore per il noleggio auto a Cuneo.\u00a0Puoi ritirare la tua auto a noleggio a 15 minuti di auto dal centro storico. Auto nuove perfette per le vacanze o per il lavoro con tariffe convenienti e un\u2019ampia gamma di veicoli tra cui scegliere, anche ibridi. Contratti chiari, soluzioni e servizi flessibili, assistenza clienti 7 giorni su 7: il noleggio a breve termine su misura ti attende nelle nostre sedi, presenti in aeroporti e citt\u00e0 di tutta Italia, isole comprese.\t\t\t\t\t<\/div>\n\t\t\t\t\t\t<\/div>\n\t\t\t\t<\/div>\n\t\t\t\t\t\t<\/div>\n\t\t\t\t\t<\/div>\n\t\t<\/div>\n\t\t\t\t\t\t\t\t<\/div>\n\t\t\t\t\t<\/div>\n\t\t<\/section>\n\t\t\t\t<section class=\"elementor-section elementor-top-section elementor-element elementor-element-75be71e elementor-section-boxed elementor-section-height-default elementor-section-height-default\" data-id=\"75be71e\" data-element_type=\"section\">\n\t\t\t\t\t\t<div class=\"elementor-container elementor-column-gap-default\">\n\t\t\t\t\t\t\t<div class=\"elementor-row\">\n\t\t\t\t\t<div class=\"elementor-column elementor-col-33 elementor-top-column elementor-element elementor-element-ab7de7c\" data-id=\"ab7de7c\" data-element_type=\"column\">\n\t\t\t<div class=\"elementor-column-wrap elementor-element-populated\">\n\t\t\t\t\t\t\t<div class=\"elementor-widget-wrap\">\n\t\t\t\t\t\t<div class=\"elementor-element elementor-element-fab9e44 elementor-view-default elementor-position-top elementor-vertical-align-top elementor-widget elementor-widget-icon-box\" data-id=\"fab9e44\" data-element_type=\"widget\" data-widget_type=\"icon-box.default\">\n\t\t\t\t<div class=\"elementor-widget-container\">\n\t\t\t\t\t<div class=\"elementor-icon-box-wrapper\">\n\t\t\t\t\t\t<div class=\"elementor-icon-box-icon\">\n\t\t\t\t<span class=\"elementor-icon elementor-animation-\" >\n\t\t\t\t<i aria-hidden=\"true\" class=\"fas fa-city\"><\/i>\t\t\t\t<\/span>\n\t\t\t<\/div>\n\t\t\t\t\t\t<div class=\"elementor-icon-box-content\">\n\t\t\t\t<h3 class=\"elementor-icon-box-title\">\n\t\t\t\t\t<span >Centralit\u00e0 Sede<\/span>\n\t\t\t\t<\/h3>\n\t\t\t\t\t\t\t\t<p class=\"elementor-icon-box-description\">La nostra sede \u00e8 situata in una zona strategica, a 15 minuti di auto dal centro storico.<\/p>\n\t\t\t\t\t\t\t<\/div>\n\t\t<\/div>\n\t\t\t\t<\/div>\n\t\t\t\t<\/div>\n\t\t\t\t\t\t<\/div>\n\t\t\t\t\t<\/div>\n\t\t<\/div>\n\t\t\t\t<div class=\"elementor-column elementor-col-33 elementor-top-column elementor-element elementor-element-3bd912d\" data-id=\"3bd912d\" data-element_type=\"column\">\n\t\t\t<div class=\"elementor-column-wrap elementor-element-populated\">\n\t\t\t\t\t\t\t<div class=\"elementor-widget-wrap\">\n\t\t\t\t\t\t<div class=\"elementor-element elementor-element-e50c184 elementor-view-default elementor-position-top elementor-vertical-align-top elementor-widget elementor-widget-icon-box\" data-id=\"e50c184\" data-element_type=\"widget\" data-widget_type=\"icon-box.default\">\n\t\t\t\t<div class=\"elementor-widget-container\">\n\t\t\t\t\t<div class=\"elementor-icon-box-wrapper\">\n\t\t\t\t\t\t<div class=\"elementor-icon-box-icon\">\n\t\t\t\t<span class=\"elementor-icon elementor-animation-\" >\n\t\t\t\t<i aria-hidden=\"true\" class=\"fas fa-headphones-alt\"><\/i>\t\t\t\t<\/span>\n\t\t\t<\/div>\n\t\t\t\t\t\t<div class=\"elementor-icon-box-content\">\n\t\t\t\t<h3 class=\"elementor-icon-box-title\">\n\t\t\t\t\t<span >Assistenza<\/span>\n\t\t\t\t<\/h3>\n\t\t\t\t\t\t\t\t<p class=\"elementor-icon-box-description\">Hai bisogno di assistenza prima, dopo o durante il noleggio della tua auto? Non ti preoccupare, siamo a tua disposizione!<\/p>\n\t\t\t\t\t\t\t<\/div>\n\t\t<\/div>\n\t\t\t\t<\/div>\n\t\t\t\t<\/div>\n\t\t\t\t\t\t<\/div>\n\t\t\t\t\t<\/div>\n\t\t<\/div>\n\t\t\t\t<div class=\"elementor-column elementor-col-33 elementor-top-column elementor-element elementor-element-aa96e2e\" data-id=\"aa96e2e\" data-element_type=\"column\">\n\t\t\t<div class=\"elementor-column-wrap elementor-element-populated\">\n\t\t\t\t\t\t\t<div class=\"elementor-widget-wrap\">\n\t\t\t\t\t\t<div class=\"elementor-element elementor-element-96e6d9b elementor-view-default elementor-position-top elementor-vertical-align-top elementor-widget elementor-widget-icon-box\" data-id=\"96e6d9b\" data-element_type=\"widget\" data-widget_type=\"icon-box.default\">\n\t\t\t\t<div class=\"elementor-widget-container\">\n\t\t\t\t\t<div class=\"elementor-icon-box-wrapper\">\n\t\t\t\t\t\t<div class=\"elementor-icon-box-icon\">\n\t\t\t\t<span class=\"elementor-icon elementor-animation-\" >\n\t\t\t\t<i aria-hidden=\"true\" class=\"fas fa-key\"><\/i>\t\t\t\t<\/span>\n\t\t\t<\/div>\n\t\t\t\t\t\t<div class=\"elementor-icon-box-content\">\n\t\t\t\t<h3 class=\"elementor-icon-box-title\">\n\t\t\t\t\t<span >Key-box<\/span>\n\t\t\t\t<\/h3>\n\t\t\t\t\t\t\t\t<p class=\"elementor-icon-box-description\">Hai bisogno di riconsegnare l'auto fuori orario? Nessun problema, \ngrazie al nostro servizio key box potrai lasciare le chiavi in un'apposita cassetta e a tutto il resto penseranno i nostri operatori.<\/p>\n\t\t\t\t\t\t\t<\/div>\n\t\t<\/div>\n\t\t\t\t<\/div>\n\t\t\t\t<\/div>\n\t\t\t\t\t\t<\/div>\n\t\t\t\t\t<\/div>\n\t\t<\/div>\n\t\t\t\t\t\t\t\t<\/div>\n\t\t\t\t\t<\/div>\n\t\t<\/section>\n\t\t\t\t<section class=\"elementor-section elementor-top-section elementor-element elementor-element-84126c6 elementor-section-boxed elementor-section-height-default elementor-section-height-default\" data-id=\"84126c6\" data-element_type=\"section\">\n\t\t\t\t\t\t<div class=\"elementor-container elementor-column-gap-default\">\n\t\t\t\t\t\t\t<div class=\"elementor-row\">\n\t\t\t\t\t<div class=\"elementor-column elementor-col-100 elementor-top-column elementor-element elementor-element-eb0775b\" data-id=\"eb0775b\" data-element_type=\"column\">\n\t\t\t<div class=\"elementor-column-wrap elementor-element-populated\">\n\t\t\t\t\t\t\t<div class=\"elementor-widget-wrap\">\n\t\t\t\t\t\t<div class=\"elementor-element elementor-element-8537e1d elementor-widget elementor-widget-text-editor\" data-id=\"8537e1d\" data-element_type=\"widget\" data-widget_type=\"text-editor.default\">\n\t\t\t\t<div class=\"elementor-widget-container\">\n\t\t\t\t\t\t\t\t<div class=\"elementor-text-editor elementor-clearfix\">\n\t\t\t\t\t<h3>Convenienza utilizzo <strong>Auto<\/strong><\/h3>\t\t\t\t\t<\/div>\n\t\t\t\t\t\t<\/div>\n\t\t\t\t<\/div>\n\t\t\t\t<div class=\"elementor-element elementor-element-883ca3c elementor-widget elementor-widget-text-editor\" data-id=\"883ca3c\" data-element_type=\"widget\" data-widget_type=\"text-editor.default\">\n\t\t\t\t<div class=\"elementor-widget-container\">\n\t\t\t\t\t\t\t\t<div class=\"elementor-text-editor elementor-clearfix\">\n\t\t\t\t\tGuidare la tua auto a Cuneo \u00e8 la scelta migliore se hai bisogno di visitare la citt\u00e0 in totale autonomia e comodit\u00e0. Il centro storico \u00e8 ricco di parcheggi, sia gratuiti sia a pagamento, e potrai poi camminare per le vie pi\u00f9 famose della citt\u00e0 senza pensieri.\t\t\t\t\t<\/div>\n\t\t\t\t\t\t<\/div>\n\t\t\t\t<\/div>\n\t\t\t\t\t\t<\/div>\n\t\t\t\t\t<\/div>\n\t\t<\/div>\n\t\t\t\t\t\t\t\t<\/div>\n\t\t\t\t\t<\/div>\n\t\t<\/section>\n\t\t\t\t<section class=\"elementor-section elementor-top-section elementor-element elementor-element-ff050ee elementor-section-boxed elementor-section-height-default elementor-section-height-default\" data-id=\"ff050ee\" data-element_type=\"section\">\n\t\t\t\t\t\t<div class=\"elementor-container elementor-column-gap-default\">\n\t\t\t\t\t\t\t<div class=\"elementor-row\">\n\t\t\t\t\t<div class=\"elementor-column elementor-col-50 elementor-top-column elementor-element elementor-element-c817fe6\" data-id=\"c817fe6\" data-element_type=\"column\">\n\t\t\t<div class=\"elementor-column-wrap elementor-element-populated\">\n\t\t\t\t\t\t\t<div class=\"elementor-widget-wrap\">\n\t\t\t\t\t\t<div class=\"elementor-element elementor-element-2b247c3 elementor-widget elementor-widget-text-editor\" data-id=\"2b247c3\" data-element_type=\"widget\" data-widget_type=\"text-editor.default\">\n\t\t\t\t<div class=\"elementor-widget-container\">\n\t\t\t\t\t\t\t\t<div class=\"elementor-text-editor elementor-clearfix\">\n\t\t\t\t\t<h3>Cosa visitare a <strong>Cuneo<\/strong><\/h3>\t\t\t\t\t<\/div>\n\t\t\t\t\t\t<\/div>\n\t\t\t\t<\/div>\n\t\t\t\t<div class=\"elementor-element elementor-element-2e3e6ab elementor-hidden-desktop dce_masking-none elementor-widget elementor-widget-image\" data-id=\"2e3e6ab\" data-element_type=\"widget\" data-widget_type=\"image.default\">\n\t\t\t\t<div class=\"elementor-widget-container\">\n\t\t\t\t\t\t\t\t<div class=\"elementor-image\">\n\t\t\t\t\t\t\t\t\t\t\t\t<img src=\"https:\/\/www.noleggiare.it\/wp-content\/uploads\/elementor\/thumbs\/cuneo-torre-civica-ppfcwv0h7vfuqcsmeynhhk71vjdowtbbdip8pv2qow.jpg\" title=\"cuneo torre civica\" alt=\"cuneo torre civica\" \/>\t\t\t\t\t\t\t\t\t\t\t\t\t\t<\/div>\n\t\t\t\t\t\t<\/div>\n\t\t\t\t<\/div>\n\t\t\t\t<div class=\"elementor-element elementor-element-7f29a53 elementor-widget elementor-widget-text-editor\" data-id=\"7f29a53\" data-element_type=\"widget\" data-widget_type=\"text-editor.default\">\n\t\t\t\t<div class=\"elementor-widget-container\">\n\t\t\t\t\t\t\t\t<div class=\"elementor-text-editor elementor-clearfix\">\n\t\t\t\t\t<p>La forma a cuneo del territorio ha dato il nome alla citt\u00e0 piemontese. Grazie alla sua posizione geografica e alle aree verdeggianti che contornano la citt\u00e0 \u00e8 definita la capitale verde della regione. <br><p>\n\nPuoi facilmente visitarla in un giorno solo, senza perderti le migliori attrazioni come: <br>\n1) <strong>Piazza Galimberti<\/strong>, cuore della citt\u00e0 e intitolata all&#8217;eroe alla Resistenza Duccio Galimberti. <br>\n2) Il <strong>Palazzo della Torre<\/strong>, da cui svetta la Torre Civica, che con i suoi 52m di altezza rappresenta il punto pi\u00f9 alto dove osservare la citt\u00e0. <br>\t\t\t\t\t<\/div>\n\t\t\t\t\t\t<\/div>\n\t\t\t\t<\/div>\n\t\t\t\t<div class=\"elementor-element elementor-element-5a7d401 elementor-widget elementor-widget-text-editor\" data-id=\"5a7d401\" data-element_type=\"widget\" data-widget_type=\"text-editor.default\">\n\t\t\t\t<div class=\"elementor-widget-container\">\n\t\t\t\t\t\t\t\t<div class=\"elementor-text-editor elementor-clearfix\">\n\t\t\t\t\t\t\t\t\t\t<\/div>\n\t\t\t\t\t\t<\/div>\n\t\t\t\t<\/div>\n\t\t\t\t<div class=\"elementor-element elementor-element-11c2dc6 dce_masking-none elementor-widget elementor-widget-image\" data-id=\"11c2dc6\" data-element_type=\"widget\" data-widget_type=\"image.default\">\n\t\t\t\t<div class=\"elementor-widget-container\">\n\t\t\t\t\t\t\t\t<div class=\"elementor-image\">\n\t\t\t\t\t\t\t\t\t\t\t\t<img src=\"https:\/\/www.noleggiare.it\/wp-content\/uploads\/elementor\/thumbs\/langhe-ppfe0bam2jg415hl1ikrn3sjgqxazgxqgsfwuykvj4.jpg\" title=\"langhe\" alt=\"langhe\" \/>\t\t\t\t\t\t\t\t\t\t\t\t\t\t<\/div>\n\t\t\t\t\t\t<\/div>\n\t\t\t\t<\/div>\n\t\t\t\t\t\t<\/div>\n\t\t\t\t\t<\/div>\n\t\t<\/div>\n\t\t\t\t<div class=\"elementor-column elementor-col-50 elementor-top-column elementor-element elementor-element-ec7cd14\" data-id=\"ec7cd14\" data-element_type=\"column\">\n\t\t\t<div class=\"elementor-column-wrap elementor-element-populated\">\n\t\t\t\t\t\t\t<div class=\"elementor-widget-wrap\">\n\t\t\t\t\t\t<div class=\"elementor-element elementor-element-d1f71a5 elementor-widget elementor-widget-text-editor\" data-id=\"d1f71a5\" data-element_type=\"widget\" data-widget_type=\"text-editor.default\">\n\t\t\t\t<div class=\"elementor-widget-container\">\n\t\t\t\t\t\t\t\t<div class=\"elementor-text-editor elementor-clearfix\">\n\t\t\t\t\t\t\t\t\t\t<\/div>\n\t\t\t\t\t\t<\/div>\n\t\t\t\t<\/div>\n\t\t\t\t<div class=\"elementor-element elementor-element-06d90e7 elementor-hidden-tablet elementor-hidden-phone dce_masking-none elementor-widget elementor-widget-image\" data-id=\"06d90e7\" data-element_type=\"widget\" data-widget_type=\"image.default\">\n\t\t\t\t<div class=\"elementor-widget-container\">\n\t\t\t\t\t\t\t\t<div class=\"elementor-image\">\n\t\t\t\t\t\t\t\t\t\t\t\t<img src=\"https:\/\/www.noleggiare.it\/wp-content\/uploads\/elementor\/thumbs\/cuneo-torre-civica-ppfcwv0h7vfuqcsmeynhhk71vjdowtbbdip8pv2qow.jpg\" title=\"cuneo torre civica\" alt=\"cuneo torre civica\" \/>\t\t\t\t\t\t\t\t\t\t\t\t\t\t<\/div>\n\t\t\t\t\t\t<\/div>\n\t\t\t\t<\/div>\n\t\t\t\t<div class=\"elementor-element elementor-element-fed8025 elementor-widget elementor-widget-text-editor\" data-id=\"fed8025\" data-element_type=\"widget\" data-widget_type=\"text-editor.default\">\n\t\t\t\t<div class=\"elementor-widget-container\">\n\t\t\t\t\t\t\t\t<div class=\"elementor-text-editor elementor-clearfix\">\n\t\t\t\t\t<h3>Destinazioni consigliate<\/h3>\t\t\t\t\t<\/div>\n\t\t\t\t\t\t<\/div>\n\t\t\t\t<\/div>\n\t\t\t\t<div class=\"elementor-element elementor-element-a54e50b elementor-widget elementor-widget-text-editor\" data-id=\"a54e50b\" data-element_type=\"widget\" data-widget_type=\"text-editor.default\">\n\t\t\t\t<div class=\"elementor-widget-container\">\n\t\t\t\t\t\t\t\t<div class=\"elementor-text-editor elementor-clearfix\">\n\t\t\t\t\tDa Cuneo puoi partire con la tua auto a noleggio e raggiungere altre mete da visitare almeno una volta:\n<ul>\n \t<li><strong>Castello Reale di Racconigi<\/strong>: situato a met\u00e0 strada tra Cuneo e Torino, \u00e8 una delle pi\u00f9 belle residenze sabaude del territorio.<\/li>\n<\/ul>\n\n<ul>\n \t<li><strong>Mondov\u00ec<\/strong>: la citt\u00e0 del tempo, chiamata cos\u00ec per la quantit\u00e0 di meridiane che ci sono nel centro storico. Da qui puoi prendere la funicolare e raggiungere la parte alta della citt\u00e0, in particolare il rione Piazza.<\/li>\n<\/ul>\n\n<ul>\n \t<li><strong>Langhe<\/strong>: meta ideale, insieme al Roero e al Monferrato, per godersi una vacanza all&#8217;insegna del relax e per fare i migliori tour enogastronimici in mezzo alla natura.<\/li>\n<\/ul>\t\t\t\t\t<\/div>\n\t\t\t\t\t\t<\/div>\n\t\t\t\t<\/div>\n\t\t\t\t<div class=\"elementor-element elementor-element-13a02a9 elementor-widget elementor-widget-text-editor\" data-id=\"13a02a9\" data-element_type=\"widget\" data-widget_type=\"text-editor.default\">\n\t\t\t\t<div class=\"elementor-widget-container\">\n\t\t\t\t\t\t\t\t<div class=\"elementor-text-editor elementor-clearfix\">\n\t\t\t\t\t\t\t\t\t\t<\/div>\n\t\t\t\t\t\t<\/div>\n\t\t\t\t<\/div>\n\t\t\t\t\t\t<\/div>\n\t\t\t\t\t<\/div>\n\t\t<\/div>\n\t\t\t\t\t\t\t\t<\/div>\n\t\t\t\t\t<\/div>\n\t\t<\/section>\n\t\t\t\t<section class=\"elementor-section elementor-top-section elementor-element elementor-element-7c20dac elementor-section-boxed elementor-section-height-default elementor-section-height-default\" data-id=\"7c20dac\" data-element_type=\"section\">\n\t\t\t\t\t\t<div class=\"elementor-container elementor-column-gap-default\">\n\t\t\t\t\t\t\t<div class=\"elementor-row\">\n\t\t\t\t\t<div class=\"elementor-column elementor-col-100 elementor-top-column elementor-element elementor-element-c4cd316\" data-id=\"c4cd316\" data-element_type=\"column\">\n\t\t\t<div class=\"elementor-column-wrap elementor-element-populated\">\n\t\t\t\t\t\t\t<div class=\"elementor-widget-wrap\">\n\t\t\t\t\t\t<div class=\"elementor-element elementor-element-6daac7a elementor-widget elementor-widget-text-editor\" data-id=\"6daac7a\" data-element_type=\"widget\" data-widget_type=\"text-editor.default\">\n\t\t\t\t<div class=\"elementor-widget-container\">\n\t\t\t\t\t\t\t\t<div class=\"elementor-text-editor elementor-clearfix\">\n\t\t\t\t\tPrepara la valigia e prenota l\u2019auto a noleggio: Cuneo e il Piemonte ti aspettano con Noleggiare!\t\t\t\t\t<\/div>\n\t\t\t\t\t\t<\/div>\n\t\t\t\t<\/div>\n\t\t\t\t\t\t<\/div>\n\t\t\t\t\t<\/div>\n\t\t<\/div>\n\t\t\t\t\t\t\t\t<\/div>\n\t\t\t\t\t<\/div>\n\t\t<\/section>\n\t\t\t\t<section class=\"elementor-section elementor-top-section elementor-element elementor-element-795d558 elementor-section-full_width elementor-section-height-default elementor-section-height-default\" data-id=\"795d558\" data-element_type=\"section\">\n\t\t\t\t\t\t<div class=\"elementor-container elementor-column-gap-no\">\n\t\t\t\t\t\t\t<div class=\"elementor-row\">\n\t\t\t\t\t<div class=\"elementor-column elementor-col-100 elementor-top-column elementor-element elementor-element-2585b31\" data-id=\"2585b31\" data-element_type=\"column\">\n\t\t\t<div class=\"elementor-column-wrap\">\n\t\t\t\t\t\t\t<div class=\"elementor-widget-wrap\">\n\t\t\t\t\t\t\t\t<\/div>\n\t\t\t\t\t<\/div>\n\t\t<\/div>\n\t\t\t\t\t\t\t\t<\/div>\n\t\t\t\t\t<\/div>\n\t\t<\/section>\n\t\t\t\t<section class=\"elementor-section elementor-top-section elementor-element elementor-element-e440241 elementor-section-boxed elementor-section-height-default elementor-section-height-default\" data-id=\"e440241\" data-element_type=\"section\">\n\t\t\t\t\t\t<div class=\"elementor-container elementor-column-gap-default\">\n\t\t\t\t\t\t\t<div class=\"elementor-row\">\n\t\t\t\t\t<div class=\"elementor-column elementor-col-100 elementor-top-column elementor-element elementor-element-16b6927\" data-id=\"16b6927\" data-element_type=\"column\">\n\t\t\t<div class=\"elementor-column-wrap elementor-element-populated\">\n\t\t\t\t\t\t\t<div class=\"elementor-widget-wrap\">\n\t\t\t\t\t\t<div class=\"elementor-element elementor-element-8b71daf btn-espandi-promo elementor-align-center animated-fast elementor-invisible elementor-widget elementor-widget-button\" data-id=\"8b71daf\" data-element_type=\"widget\" data-settings=\"{&quot;_animation&quot;:&quot;slideInRight&quot;}\" data-widget_type=\"button.default\">\n\t\t\t\t<div class=\"elementor-widget-container\">\n\t\t\t\t\t<div class=\"elementor-button-wrapper\">\n\t\t\t<a href=\"#\" class=\"elementor-button-link elementor-button elementor-size-md\" role=\"button\">\n\t\t\t\t\t\t<span class=\"elementor-button-content-wrapper\">\n\t\t\t\t\t\t<span class=\"elementor-button-icon elementor-align-icon-left\">\n\t\t\t\t<i aria-hidden=\"true\" class=\"fas fa-arrow-circle-up\"><\/i>\t\t\t<\/span>\n\t\t\t\t\t\t<span class=\"elementor-button-text\">Prenota subito!<\/span>\n\t\t<\/span>\n\t\t\t\t\t<\/a>\n\t\t<\/div>\n\t\t\t\t<\/div>\n\t\t\t\t<\/div>\n\t\t\t\t\t\t<\/div>\n\t\t\t\t\t<\/div>\n\t\t<\/div>\n\t\t\t\t\t\t\t\t<\/div>\n\t\t\t\t\t<\/div>\n\t\t<\/section>\n\t\t\t\t\t\t<\/div>\n\t\t\t\t\t\t<\/div>\n\t\t\t\t\t<\/div>\n\t\t","protected":false},"excerpt":{"rendered":"<p>telefono +39 0171687075 email cuneo@noleggiare.it indirizzo Via Valle Grana, 106 &#8211; 12010 Bernezzo (CN) orari Luned\u00ec &#8211; Venerd\u00ec 8:00 &#8211; 12:00 \/ 14:00 &#8211; 18:00 Sabato e Domenica chiuso Dal 11 al 22 agosto chiuso Noleggio auto a Cuneo Scopri il Piemonte e vivi la tua vacanza in auto con noi! Noleggiare \u00e8 la scelta [&#8230;]<\/p>\n<p><a class=\"btn btn-secondary understrap-read-more-link\" href=\"https:\/\/www.noleggiare.it\/it\/noleggio-auto\/sedi\/noleggio-auto-a-cuneo\/\">Leggi di pi\u00f9&#8230;<\/a><\/p>\n","protected":false},"author":2511,"featured_media":155437,"parent":35,"menu_order":0,"comment_status":"closed","ping_status":"closed","template":"","meta":[],"acf":[],"yoast_head":"<!-- This site is optimized with the Yoast SEO plugin v17.1 - https:\/\/yoast.com\/wordpress\/plugins\/seo\/ -->\n<title>Noleggio auto a Cuneo - Noleggiare.it<\/title>\n<meta name=\"description\" content=\"Noleggio auto a Cuneo. Scopri tutti i vantaggi di Noleggiare e tutte le offerte per te dedicate alle auto a noleggio.\" \/>\n<meta name=\"robots\" content=\"index, follow, max-snippet:-1, max-image-preview:large, max-video-preview:-1\" \/>\n<link rel=\"canonical\" href=\"https:\/\/www.noleggiare.it\/it\/noleggio-auto\/sedi\/noleggio-auto-a-cuneo\/\" \/>\n<meta property=\"og:locale\" content=\"it_IT\" \/>\n<meta property=\"og:type\" content=\"article\" \/>\n<meta property=\"og:title\" content=\"Noleggio auto a Cuneo - Noleggiare.it\" \/>\n<meta property=\"og:description\" content=\"Noleggio auto a Cuneo. Scopri tutti i vantaggi di Noleggiare e tutte le offerte per te dedicate alle auto a noleggio.\" \/>\n<meta property=\"og:url\" content=\"https:\/\/www.noleggiare.it\/it\/noleggio-auto\/sedi\/noleggio-auto-a-cuneo\/\" \/>\n<meta property=\"og:site_name\" content=\"Noleggiare.it\" \/>\n<meta property=\"article:modified_time\" content=\"2026-01-13T11:12:09+00:00\" \/>\n<meta property=\"og:image\" content=\"https:\/\/www.noleggiare.it\/wp-content\/uploads\/2023\/03\/Cuneo-1.jpg\" \/>\n\t<meta property=\"og:image:width\" content=\"1280\" \/>\n\t<meta property=\"og:image:height\" content=\"820\" \/>\n<meta name=\"twitter:card\" content=\"summary_large_image\" \/>\n<meta name=\"twitter:label1\" content=\"Tempo di lettura stimato\" \/>\n\t<meta name=\"twitter:data1\" content=\"3 minuti\" \/>\n<script type=\"application\/ld+json\" class=\"yoast-schema-graph\">{\"@context\":\"https:\/\/schema.org\",\"@graph\":[{\"@type\":\"WebSite\",\"@id\":\"https:\/\/www.noleggiare.it\/it\/#website\",\"url\":\"https:\/\/www.noleggiare.it\/it\/\",\"name\":\"Noleggiare.it\",\"description\":\"Happy rent!\",\"potentialAction\":[{\"@type\":\"SearchAction\",\"target\":{\"@type\":\"EntryPoint\",\"urlTemplate\":\"https:\/\/www.noleggiare.it\/it\/?s={search_term_string}\"},\"query-input\":\"required name=search_term_string\"}],\"inLanguage\":\"it-IT\"},{\"@type\":\"ImageObject\",\"@id\":\"https:\/\/www.noleggiare.it\/it\/noleggio-auto\/sedi\/noleggio-auto-a-cuneo\/#primaryimage\",\"inLanguage\":\"it-IT\",\"url\":\"https:\/\/www.noleggiare.it\/wp-content\/uploads\/2023\/03\/Cuneo-1.jpg\",\"contentUrl\":\"https:\/\/www.noleggiare.it\/wp-content\/uploads\/2023\/03\/Cuneo-1.jpg\",\"width\":1280,\"height\":820,\"caption\":\"Noleggio auto e furgoni Cuneo\"},{\"@type\":\"WebPage\",\"@id\":\"https:\/\/www.noleggiare.it\/it\/noleggio-auto\/sedi\/noleggio-auto-a-cuneo\/#webpage\",\"url\":\"https:\/\/www.noleggiare.it\/it\/noleggio-auto\/sedi\/noleggio-auto-a-cuneo\/\",\"name\":\"Noleggio auto a Cuneo - Noleggiare.it\",\"isPartOf\":{\"@id\":\"https:\/\/www.noleggiare.it\/it\/#website\"},\"primaryImageOfPage\":{\"@id\":\"https:\/\/www.noleggiare.it\/it\/noleggio-auto\/sedi\/noleggio-auto-a-cuneo\/#primaryimage\"},\"datePublished\":\"2022-05-27T08:14:39+00:00\",\"dateModified\":\"2026-01-13T11:12:09+00:00\",\"description\":\"Noleggio auto a Cuneo. Scopri tutti i vantaggi di Noleggiare e tutte le offerte per te dedicate alle auto a noleggio.\",\"breadcrumb\":{\"@id\":\"https:\/\/www.noleggiare.it\/it\/noleggio-auto\/sedi\/noleggio-auto-a-cuneo\/#breadcrumb\"},\"inLanguage\":\"it-IT\",\"potentialAction\":[{\"@type\":\"ReadAction\",\"target\":[\"https:\/\/www.noleggiare.it\/it\/noleggio-auto\/sedi\/noleggio-auto-a-cuneo\/\"]}]},{\"@type\":\"BreadcrumbList\",\"@id\":\"https:\/\/www.noleggiare.it\/it\/noleggio-auto\/sedi\/noleggio-auto-a-cuneo\/#breadcrumb\",\"itemListElement\":[{\"@type\":\"ListItem\",\"position\":1,\"name\":\"Noleggio auto\",\"item\":\"https:\/\/www.noleggiare.it\/it\/noleggio-auto\/\"},{\"@type\":\"ListItem\",\"position\":2,\"name\":\"Sedi\",\"item\":\"https:\/\/www.noleggiare.it\/it\/noleggio-auto\/sedi\/\"},{\"@type\":\"ListItem\",\"position\":3,\"name\":\"Noleggio auto a Cuneo\"}]}]}<\/script>\n<!-- \/ Yoast SEO plugin. -->","yoast_head_json":{"title":"Noleggio auto a Cuneo - Noleggiare.it","description":"Noleggio auto a Cuneo. Scopri tutti i vantaggi di Noleggiare e tutte le offerte per te dedicate alle auto a noleggio.","robots":{"index":"index","follow":"follow","max-snippet":"max-snippet:-1","max-image-preview":"max-image-preview:large","max-video-preview":"max-video-preview:-1"},"canonical":"https:\/\/www.noleggiare.it\/it\/noleggio-auto\/sedi\/noleggio-auto-a-cuneo\/","og_locale":"it_IT","og_type":"article","og_title":"Noleggio auto a Cuneo - Noleggiare.it","og_description":"Noleggio auto a Cuneo. Scopri tutti i vantaggi di Noleggiare e tutte le offerte per te dedicate alle auto a noleggio.","og_url":"https:\/\/www.noleggiare.it\/it\/noleggio-auto\/sedi\/noleggio-auto-a-cuneo\/","og_site_name":"Noleggiare.it","article_modified_time":"2026-01-13T11:12:09+00:00","og_image":[{"width":1280,"height":820,"url":"https:\/\/www.noleggiare.it\/wp-content\/uploads\/2023\/03\/Cuneo-1.jpg","path":"\/var\/www\/noleggiare.it\/wp-content\/uploads\/2023\/03\/Cuneo-1.jpg","size":"full","id":155437,"alt":"Noleggio auto e furgoni Cuneo","pixels":1049600,"type":"image\/jpeg"}],"twitter_card":"summary_large_image","twitter_misc":{"Tempo di lettura stimato":"3 minuti"},"schema":{"@context":"https:\/\/schema.org","@graph":[{"@type":"WebSite","@id":"https:\/\/www.noleggiare.it\/it\/#website","url":"https:\/\/www.noleggiare.it\/it\/","name":"Noleggiare.it","description":"Happy rent!","potentialAction":[{"@type":"SearchAction","target":{"@type":"EntryPoint","urlTemplate":"https:\/\/www.noleggiare.it\/it\/?s={search_term_string}"},"query-input":"required name=search_term_string"}],"inLanguage":"it-IT"},{"@type":"ImageObject","@id":"https:\/\/www.noleggiare.it\/it\/noleggio-auto\/sedi\/noleggio-auto-a-cuneo\/#primaryimage","inLanguage":"it-IT","url":"https:\/\/www.noleggiare.it\/wp-content\/uploads\/2023\/03\/Cuneo-1.jpg","contentUrl":"https:\/\/www.noleggiare.it\/wp-content\/uploads\/2023\/03\/Cuneo-1.jpg","width":1280,"height":820,"caption":"Noleggio auto e furgoni Cuneo"},{"@type":"WebPage","@id":"https:\/\/www.noleggiare.it\/it\/noleggio-auto\/sedi\/noleggio-auto-a-cuneo\/#webpage","url":"https:\/\/www.noleggiare.it\/it\/noleggio-auto\/sedi\/noleggio-auto-a-cuneo\/","name":"Noleggio auto a Cuneo - Noleggiare.it","isPartOf":{"@id":"https:\/\/www.noleggiare.it\/it\/#website"},"primaryImageOfPage":{"@id":"https:\/\/www.noleggiare.it\/it\/noleggio-auto\/sedi\/noleggio-auto-a-cuneo\/#primaryimage"},"datePublished":"2022-05-27T08:14:39+00:00","dateModified":"2026-01-13T11:12:09+00:00","description":"Noleggio auto a Cuneo. Scopri tutti i vantaggi di Noleggiare e tutte le offerte per te dedicate alle auto a noleggio.","breadcrumb":{"@id":"https:\/\/www.noleggiare.it\/it\/noleggio-auto\/sedi\/noleggio-auto-a-cuneo\/#breadcrumb"},"inLanguage":"it-IT","potentialAction":[{"@type":"ReadAction","target":["https:\/\/www.noleggiare.it\/it\/noleggio-auto\/sedi\/noleggio-auto-a-cuneo\/"]}]},{"@type":"BreadcrumbList","@id":"https:\/\/www.noleggiare.it\/it\/noleggio-auto\/sedi\/noleggio-auto-a-cuneo\/#breadcrumb","itemListElement":[{"@type":"ListItem","position":1,"name":"Noleggio auto","item":"https:\/\/www.noleggiare.it\/it\/noleggio-auto\/"},{"@type":"ListItem","position":2,"name":"Sedi","item":"https:\/\/www.noleggiare.it\/it\/noleggio-auto\/sedi\/"},{"@type":"ListItem","position":3,"name":"Noleggio auto a Cuneo"}]}]}},"wps_subtitle":"","_links":{"self":[{"href":"https:\/\/www.noleggiare.it\/it\/wp-json\/wp\/v2\/pages\/115574"}],"collection":[{"href":"https:\/\/www.noleggiare.it\/it\/wp-json\/wp\/v2\/pages"}],"about":[{"href":"https:\/\/www.noleggiare.it\/it\/wp-json\/wp\/v2\/types\/page"}],"author":[{"embeddable":true,"href":"https:\/\/www.noleggiare.it\/it\/wp-json\/wp\/v2\/users\/2511"}],"replies":[{"embeddable":true,"href":"https:\/\/www.noleggiare.it\/it\/wp-json\/wp\/v2\/comments?post=115574"}],"version-history":[{"count":102,"href":"https:\/\/www.noleggiare.it\/it\/wp-json\/wp\/v2\/pages\/115574\/revisions"}],"predecessor-version":[{"id":355088,"href":"https:\/\/www.noleggiare.it\/it\/wp-json\/wp\/v2\/pages\/115574\/revisions\/355088"}],"up":[{"embeddable":true,"href":"https:\/\/www.noleggiare.it\/it\/wp-json\/wp\/v2\/pages\/35"}],"wp:featuredmedia":[{"embeddable":true,"href":"https:\/\/www.noleggiare.it\/it\/wp-json\/wp\/v2\/media\/155437"}],"wp:attachment":[{"href":"https:\/\/www.noleggiare.it\/it\/wp-json\/wp\/v2\/media?parent=115574"}],"curies":[{"name":"wp","href":"https:\/\/api.w.org\/{rel}","templated":true}]}}