{"id":215464,"date":"2024-01-04T09:43:40","date_gmt":"2024-01-04T08:43:40","guid":{"rendered":"https:\/\/www.noleggiare.it\/?page_id=215464"},"modified":"2025-08-19T16:52:38","modified_gmt":"2025-08-19T14:52:38","slug":"noleggio-auto-a-verona-stazione","status":"publish","type":"page","link":"https:\/\/www.noleggiare.it\/it\/noleggio-auto\/sedi\/noleggio-auto-a-verona-stazione\/","title":{"rendered":"Noleggio auto a Verona Porta Nuova stazione"},"content":{"rendered":"\t\t<div data-elementor-type=\"wp-post\" data-elementor-id=\"215464\" data-post-id=\"215464\" data-obj-id=\"215464\" class=\"elementor elementor-215464 dce-elementor-post-215464\" data-elementor-settings=\"[]\">\n\t\t\t\t\t\t<div class=\"elementor-inner\">\n\t\t\t\t\t\t\t<div class=\"elementor-section-wrap\">\n\t\t\t\t\t\t\t<section class=\"elementor-section elementor-top-section elementor-element elementor-element-2eed4fe elementor-section-boxed elementor-section-height-default elementor-section-height-default\" data-id=\"2eed4fe\" data-element_type=\"section\">\n\t\t\t\t\t\t<div class=\"elementor-container elementor-column-gap-default\">\n\t\t\t\t\t\t\t<div class=\"elementor-row\">\n\t\t\t\t\t<div class=\"elementor-column elementor-col-25 elementor-top-column elementor-element elementor-element-449e979\" data-id=\"449e979\" data-element_type=\"column\">\n\t\t\t<div class=\"elementor-column-wrap elementor-element-populated\">\n\t\t\t\t\t\t\t<div class=\"elementor-widget-wrap\">\n\t\t\t\t\t\t<div class=\"elementor-element elementor-element-fcfbacd elementor-view-default elementor-position-top elementor-vertical-align-top elementor-widget elementor-widget-icon-box\" data-id=\"fcfbacd\" data-element_type=\"widget\" data-widget_type=\"icon-box.default\">\n\t\t\t\t<div class=\"elementor-widget-container\">\n\t\t\t\t\t<div class=\"elementor-icon-box-wrapper\">\n\t\t\t\t\t\t<div class=\"elementor-icon-box-icon\">\n\t\t\t\t<a class=\"elementor-icon elementor-animation-\" href=\"tel:00393491274065\">\n\t\t\t\t<i aria-hidden=\"true\" class=\"fas fa-phone\"><\/i>\t\t\t\t<\/a>\n\t\t\t<\/div>\n\t\t\t\t\t\t<div class=\"elementor-icon-box-content\">\n\t\t\t\t<h3 class=\"elementor-icon-box-title\">\n\t\t\t\t\t<a href=\"tel:00393491274065\">telefono<\/a>\n\t\t\t\t<\/h3>\n\t\t\t\t\t\t\t<\/div>\n\t\t<\/div>\n\t\t\t\t<\/div>\n\t\t\t\t<\/div>\n\t\t\t\t<div class=\"elementor-element elementor-element-dfce883 elementor-widget elementor-widget-text-editor\" data-id=\"dfce883\" data-element_type=\"widget\" data-widget_type=\"text-editor.default\">\n\t\t\t\t<div class=\"elementor-widget-container\">\n\t\t\t\t\t\t\t\t<div class=\"elementor-text-editor elementor-clearfix\">\n\t\t\t\t\t<p><a href=\"tel:00393491274065\">+39 0452373064<\/a><\/p>\t\t\t\t\t<\/div>\n\t\t\t\t\t\t<\/div>\n\t\t\t\t<\/div>\n\t\t\t\t\t\t<\/div>\n\t\t\t\t\t<\/div>\n\t\t<\/div>\n\t\t\t\t<div class=\"elementor-column elementor-col-25 elementor-top-column elementor-element elementor-element-8048574\" data-id=\"8048574\" data-element_type=\"column\">\n\t\t\t<div class=\"elementor-column-wrap elementor-element-populated\">\n\t\t\t\t\t\t\t<div class=\"elementor-widget-wrap\">\n\t\t\t\t\t\t<div class=\"elementor-element elementor-element-0bbc90e elementor-view-default elementor-position-top elementor-vertical-align-top elementor-widget elementor-widget-icon-box\" data-id=\"0bbc90e\" data-element_type=\"widget\" data-widget_type=\"icon-box.default\">\n\t\t\t\t<div class=\"elementor-widget-container\">\n\t\t\t\t\t<div class=\"elementor-icon-box-wrapper\">\n\t\t\t\t\t\t<div class=\"elementor-icon-box-icon\">\n\t\t\t\t<a class=\"elementor-icon elementor-animation-\" href=\"mailto:veronaportanuova@noleggiare.it\">\n\t\t\t\t<i aria-hidden=\"true\" class=\"fas fa-envelope\"><\/i>\t\t\t\t<\/a>\n\t\t\t<\/div>\n\t\t\t\t\t\t<div class=\"elementor-icon-box-content\">\n\t\t\t\t<h3 class=\"elementor-icon-box-title\">\n\t\t\t\t\t<a href=\"mailto:veronaportanuova@noleggiare.it\">email<\/a>\n\t\t\t\t<\/h3>\n\t\t\t\t\t\t\t<\/div>\n\t\t<\/div>\n\t\t\t\t<\/div>\n\t\t\t\t<\/div>\n\t\t\t\t<div class=\"elementor-element elementor-element-f7432af elementor-widget elementor-widget-text-editor\" data-id=\"f7432af\" data-element_type=\"widget\" data-widget_type=\"text-editor.default\">\n\t\t\t\t<div class=\"elementor-widget-container\">\n\t\t\t\t\t\t\t\t<div class=\"elementor-text-editor elementor-clearfix\">\n\t\t\t\t\t<a href=\"mailto:veronaportanuova@noleggiare.it\">veronaportanuova@noleggiare.it<\/a>\t\t\t\t\t<\/div>\n\t\t\t\t\t\t<\/div>\n\t\t\t\t<\/div>\n\t\t\t\t\t\t<\/div>\n\t\t\t\t\t<\/div>\n\t\t<\/div>\n\t\t\t\t<div class=\"elementor-column elementor-col-25 elementor-top-column elementor-element elementor-element-976a867\" data-id=\"976a867\" data-element_type=\"column\">\n\t\t\t<div class=\"elementor-column-wrap elementor-element-populated\">\n\t\t\t\t\t\t\t<div class=\"elementor-widget-wrap\">\n\t\t\t\t\t\t<div class=\"elementor-element elementor-element-260d094 elementor-view-default elementor-position-top elementor-vertical-align-top elementor-widget elementor-widget-icon-box\" data-id=\"260d094\" data-element_type=\"widget\" data-widget_type=\"icon-box.default\">\n\t\t\t\t<div class=\"elementor-widget-container\">\n\t\t\t\t\t<div class=\"elementor-icon-box-wrapper\">\n\t\t\t\t\t\t<div class=\"elementor-icon-box-icon\">\n\t\t\t\t<a class=\"elementor-icon elementor-animation-\" href=\"https:\/\/maps.app.goo.gl\/sZuFKrhDWXJ8rXT16\" target=\"_blank\">\n\t\t\t\t<i aria-hidden=\"true\" class=\"fas fa-globe\"><\/i>\t\t\t\t<\/a>\n\t\t\t<\/div>\n\t\t\t\t\t\t<div class=\"elementor-icon-box-content\">\n\t\t\t\t<h3 class=\"elementor-icon-box-title\">\n\t\t\t\t\t<a href=\"https:\/\/maps.app.goo.gl\/sZuFKrhDWXJ8rXT16\" target=\"_blank\">indirizzo<\/a>\n\t\t\t\t<\/h3>\n\t\t\t\t\t\t\t<\/div>\n\t\t<\/div>\n\t\t\t\t<\/div>\n\t\t\t\t<\/div>\n\t\t\t\t<div class=\"elementor-element elementor-element-21d9e48 elementor-widget elementor-widget-text-editor\" data-id=\"21d9e48\" data-element_type=\"widget\" data-widget_type=\"text-editor.default\">\n\t\t\t\t<div class=\"elementor-widget-container\">\n\t\t\t\t\t\t\t\t<div class=\"elementor-text-editor elementor-clearfix\">\n\t\t\t\t\t<p><a target=\"_blank\" href=\"https:\/\/maps.app.goo.gl\/sZuFKrhDWXJ8rXT16\" rel=\"noopener\">Piazzale XXV Aprile &#8211; 6, 37138 Verona (VR)\u200b<\/a><\/p>\t\t\t\t\t<\/div>\n\t\t\t\t\t\t<\/div>\n\t\t\t\t<\/div>\n\t\t\t\t\t\t<\/div>\n\t\t\t\t\t<\/div>\n\t\t<\/div>\n\t\t\t\t<div class=\"elementor-column elementor-col-25 elementor-top-column elementor-element elementor-element-e87f97e\" data-id=\"e87f97e\" data-element_type=\"column\">\n\t\t\t<div class=\"elementor-column-wrap elementor-element-populated\">\n\t\t\t\t\t\t\t<div class=\"elementor-widget-wrap\">\n\t\t\t\t\t\t<div class=\"elementor-element elementor-element-b4ea94e elementor-view-default elementor-position-top elementor-vertical-align-top elementor-widget elementor-widget-icon-box\" data-id=\"b4ea94e\" data-element_type=\"widget\" data-widget_type=\"icon-box.default\">\n\t\t\t\t<div class=\"elementor-widget-container\">\n\t\t\t\t\t<div class=\"elementor-icon-box-wrapper\">\n\t\t\t\t\t\t<div class=\"elementor-icon-box-icon\">\n\t\t\t\t<span class=\"elementor-icon elementor-animation-\" >\n\t\t\t\t<i aria-hidden=\"true\" class=\"far fa-clock\"><\/i>\t\t\t\t<\/span>\n\t\t\t<\/div>\n\t\t\t\t\t\t<div class=\"elementor-icon-box-content\">\n\t\t\t\t<h3 class=\"elementor-icon-box-title\">\n\t\t\t\t\t<span >orari<\/span>\n\t\t\t\t<\/h3>\n\t\t\t\t\t\t\t<\/div>\n\t\t<\/div>\n\t\t\t\t<\/div>\n\t\t\t\t<\/div>\n\t\t\t\t<div class=\"elementor-element elementor-element-e7aee12 elementor-widget elementor-widget-text-editor\" data-id=\"e7aee12\" data-element_type=\"widget\" data-widget_type=\"text-editor.default\">\n\t\t\t\t<div class=\"elementor-widget-container\">\n\t\t\t\t\t\t\t\t<div class=\"elementor-text-editor elementor-clearfix\">\n\t\t\t\t\t<p>Luned\u00ec &#8211; Domenica<br \/>8:00 &#8211; 20:00<\/p>\t\t\t\t\t<\/div>\n\t\t\t\t\t\t<\/div>\n\t\t\t\t<\/div>\n\t\t\t\t\t\t<\/div>\n\t\t\t\t\t<\/div>\n\t\t<\/div>\n\t\t\t\t\t\t\t\t<\/div>\n\t\t\t\t\t<\/div>\n\t\t<\/section>\n\t\t\t\t<section class=\"elementor-section elementor-top-section elementor-element elementor-element-01a244c elementor-section-boxed elementor-section-height-default elementor-section-height-default\" data-id=\"01a244c\" data-element_type=\"section\">\n\t\t\t\t\t\t<div class=\"elementor-container elementor-column-gap-no\">\n\t\t\t\t\t\t\t<div class=\"elementor-row\">\n\t\t\t\t\t<div class=\"elementor-column elementor-col-100 elementor-top-column elementor-element elementor-element-fd90976\" data-id=\"fd90976\" data-element_type=\"column\">\n\t\t\t<div class=\"elementor-column-wrap elementor-element-populated\">\n\t\t\t\t\t\t\t<div class=\"elementor-widget-wrap\">\n\t\t\t\t\t\t<div class=\"elementor-element elementor-element-15ab7f9 elementor-widget elementor-widget-text-editor\" data-id=\"15ab7f9\" data-element_type=\"widget\" data-widget_type=\"text-editor.default\">\n\t\t\t\t<div class=\"elementor-widget-container\">\n\t\t\t\t\t\t\t\t<div class=\"elementor-text-editor elementor-clearfix\">\n\t\t\t\t\t<h1>Noleggio auto a Verona Porta Nuova<\/h1>\t\t\t\t\t<\/div>\n\t\t\t\t\t\t<\/div>\n\t\t\t\t<\/div>\n\t\t\t\t\t\t<\/div>\n\t\t\t\t\t<\/div>\n\t\t<\/div>\n\t\t\t\t\t\t\t\t<\/div>\n\t\t\t\t\t<\/div>\n\t\t<\/section>\n\t\t\t\t<section class=\"elementor-section elementor-top-section elementor-element elementor-element-8ed2bae elementor-section-boxed elementor-section-height-default elementor-section-height-default\" data-id=\"8ed2bae\" data-element_type=\"section\">\n\t\t\t\t\t\t<div class=\"elementor-container elementor-column-gap-no\">\n\t\t\t\t\t\t\t<div class=\"elementor-row\">\n\t\t\t\t\t<div class=\"elementor-column elementor-col-100 elementor-top-column elementor-element elementor-element-889842a\" data-id=\"889842a\" data-element_type=\"column\">\n\t\t\t<div class=\"elementor-column-wrap elementor-element-populated\">\n\t\t\t\t\t\t\t<div class=\"elementor-widget-wrap\">\n\t\t\t\t\t\t<div class=\"elementor-element elementor-element-218e624 elementor-widget elementor-widget-text-editor\" data-id=\"218e624\" data-element_type=\"widget\" data-widget_type=\"text-editor.default\">\n\t\t\t\t<div class=\"elementor-widget-container\">\n\t\t\t\t\t\t\t\t<div class=\"elementor-text-editor elementor-clearfix\">\n\t\t\t\t\t<h2>Scopri il Veneto e vivi la tua vacanza in auto con noi!<\/h2>\t\t\t\t\t<\/div>\n\t\t\t\t\t\t<\/div>\n\t\t\t\t<\/div>\n\t\t\t\t<div class=\"elementor-element elementor-element-1e4e52a elementor-widget elementor-widget-text-editor\" data-id=\"1e4e52a\" data-element_type=\"widget\" data-widget_type=\"text-editor.default\">\n\t\t\t\t<div class=\"elementor-widget-container\">\n\t\t\t\t\t\t\t\t<div class=\"elementor-text-editor elementor-clearfix\">\n\t\t\t\t\t<p>Noleggiare \u00e8 la scelta migliore per il noleggio auto a Verona Porta Nuova. Puoi ritirare la tua auto vicino alla stazione di Verona. Auto nuove perfette per le vacanze o per il lavoro con tariffe convenienti e un\u2019ampia gamma di veicoli tra cui scegliere. Contratti chiari, soluzioni e servizi flessibili, assistenza clienti 7 giorni su 7: il noleggio a breve termine su misura ti attende nelle nostre sedi, presenti in aeroporti e citt\u00e0 di tutta Italia, isole comprese.<\/p>\t\t\t\t\t<\/div>\n\t\t\t\t\t\t<\/div>\n\t\t\t\t<\/div>\n\t\t\t\t\t\t<\/div>\n\t\t\t\t\t<\/div>\n\t\t<\/div>\n\t\t\t\t\t\t\t\t<\/div>\n\t\t\t\t\t<\/div>\n\t\t<\/section>\n\t\t\t\t<section class=\"elementor-section elementor-top-section elementor-element elementor-element-e480513 elementor-section-boxed elementor-section-height-default elementor-section-height-default\" data-id=\"e480513\" data-element_type=\"section\">\n\t\t\t\t\t\t<div class=\"elementor-container elementor-column-gap-default\">\n\t\t\t\t\t\t\t<div class=\"elementor-row\">\n\t\t\t\t\t<div class=\"elementor-column elementor-col-33 elementor-top-column elementor-element elementor-element-8446510\" data-id=\"8446510\" data-element_type=\"column\">\n\t\t\t<div class=\"elementor-column-wrap elementor-element-populated\">\n\t\t\t\t\t\t\t<div class=\"elementor-widget-wrap\">\n\t\t\t\t\t\t<div class=\"elementor-element elementor-element-87510bc elementor-view-default elementor-position-top elementor-vertical-align-top elementor-widget elementor-widget-icon-box\" data-id=\"87510bc\" data-element_type=\"widget\" data-widget_type=\"icon-box.default\">\n\t\t\t\t<div class=\"elementor-widget-container\">\n\t\t\t\t\t<div class=\"elementor-icon-box-wrapper\">\n\t\t\t\t\t\t<div class=\"elementor-icon-box-icon\">\n\t\t\t\t<span class=\"elementor-icon elementor-animation-\" >\n\t\t\t\t<i aria-hidden=\"true\" class=\"fas fa-city\"><\/i>\t\t\t\t<\/span>\n\t\t\t<\/div>\n\t\t\t\t\t\t<div class=\"elementor-icon-box-content\">\n\t\t\t\t<h3 class=\"elementor-icon-box-title\">\n\t\t\t\t\t<span >Centralit\u00e0 Sede<\/span>\n\t\t\t\t<\/h3>\n\t\t\t\t\t\t\t\t<p class=\"elementor-icon-box-description\">La nostra sede \u00e8 situata vicino a Verona Porta Nuova. Per raggiungerla bisogna uscire dalla stazione, mantenere la destra e costeggiare l'edificio per 200 metri, lungo Piazzale XXV Aprile .<\/p>\n\t\t\t\t\t\t\t<\/div>\n\t\t<\/div>\n\t\t\t\t<\/div>\n\t\t\t\t<\/div>\n\t\t\t\t\t\t<\/div>\n\t\t\t\t\t<\/div>\n\t\t<\/div>\n\t\t\t\t<div class=\"elementor-column elementor-col-33 elementor-top-column elementor-element elementor-element-17624e2\" data-id=\"17624e2\" data-element_type=\"column\">\n\t\t\t<div class=\"elementor-column-wrap elementor-element-populated\">\n\t\t\t\t\t\t\t<div class=\"elementor-widget-wrap\">\n\t\t\t\t\t\t<div class=\"elementor-element elementor-element-852fd42 elementor-view-default elementor-position-top elementor-vertical-align-top elementor-widget elementor-widget-icon-box\" data-id=\"852fd42\" data-element_type=\"widget\" data-widget_type=\"icon-box.default\">\n\t\t\t\t<div class=\"elementor-widget-container\">\n\t\t\t\t\t<div class=\"elementor-icon-box-wrapper\">\n\t\t\t\t\t\t<div class=\"elementor-icon-box-icon\">\n\t\t\t\t<span class=\"elementor-icon elementor-animation-\" >\n\t\t\t\t<i aria-hidden=\"true\" class=\"fas fa-headphones-alt\"><\/i>\t\t\t\t<\/span>\n\t\t\t<\/div>\n\t\t\t\t\t\t<div class=\"elementor-icon-box-content\">\n\t\t\t\t<h3 class=\"elementor-icon-box-title\">\n\t\t\t\t\t<span >Assistenza<\/span>\n\t\t\t\t<\/h3>\n\t\t\t\t\t\t\t\t<p class=\"elementor-icon-box-description\">Hai bisogno di assistenza prima, dopo o durante il noleggio della tua auto? Non ti preoccupare, siamo a tua disposizione!<\/p>\n\t\t\t\t\t\t\t<\/div>\n\t\t<\/div>\n\t\t\t\t<\/div>\n\t\t\t\t<\/div>\n\t\t\t\t\t\t<\/div>\n\t\t\t\t\t<\/div>\n\t\t<\/div>\n\t\t\t\t<div class=\"elementor-column elementor-col-33 elementor-top-column elementor-element elementor-element-873eece\" data-id=\"873eece\" data-element_type=\"column\">\n\t\t\t<div class=\"elementor-column-wrap elementor-element-populated\">\n\t\t\t\t\t\t\t<div class=\"elementor-widget-wrap\">\n\t\t\t\t\t\t<div class=\"elementor-element elementor-element-abb625d elementor-view-default elementor-position-top elementor-vertical-align-top elementor-widget elementor-widget-icon-box\" data-id=\"abb625d\" data-element_type=\"widget\" data-widget_type=\"icon-box.default\">\n\t\t\t\t<div class=\"elementor-widget-container\">\n\t\t\t\t\t<div class=\"elementor-icon-box-wrapper\">\n\t\t\t\t\t\t<div class=\"elementor-icon-box-icon\">\n\t\t\t\t<span class=\"elementor-icon elementor-animation-\" >\n\t\t\t\t<i aria-hidden=\"true\" class=\"fas fa-key\"><\/i>\t\t\t\t<\/span>\n\t\t\t<\/div>\n\t\t\t\t\t\t<div class=\"elementor-icon-box-content\">\n\t\t\t\t<h3 class=\"elementor-icon-box-title\">\n\t\t\t\t\t<span >Key-box<\/span>\n\t\t\t\t<\/h3>\n\t\t\t\t\t\t\t\t<p class=\"elementor-icon-box-description\">Hai bisogno di riconsegnare l'auto fuori orario? Grazie al nostro servizio key box potrai lasciare le chiavi in una delle nostre cassette; una \u00e8 situata all'ingresso del desk autonoleggio e l'altra presso il parcheggio. Il parcheggio rimane per\u00f2 chiuso dalle 24:00 alle 05:00.<\/p>\n\t\t\t\t\t\t\t<\/div>\n\t\t<\/div>\n\t\t\t\t<\/div>\n\t\t\t\t<\/div>\n\t\t\t\t\t\t<\/div>\n\t\t\t\t\t<\/div>\n\t\t<\/div>\n\t\t\t\t\t\t\t\t<\/div>\n\t\t\t\t\t<\/div>\n\t\t<\/section>\n\t\t\t\t<section class=\"elementor-section elementor-top-section elementor-element elementor-element-f93b903 elementor-section-boxed elementor-section-height-default elementor-section-height-default\" data-id=\"f93b903\" data-element_type=\"section\">\n\t\t\t\t\t\t<div class=\"elementor-container elementor-column-gap-default\">\n\t\t\t\t\t\t\t<div class=\"elementor-row\">\n\t\t\t\t\t<div class=\"elementor-column elementor-col-100 elementor-top-column elementor-element elementor-element-87b8f00\" data-id=\"87b8f00\" data-element_type=\"column\">\n\t\t\t<div class=\"elementor-column-wrap elementor-element-populated\">\n\t\t\t\t\t\t\t<div class=\"elementor-widget-wrap\">\n\t\t\t\t\t\t<div class=\"elementor-element elementor-element-2131e8b elementor-widget elementor-widget-text-editor\" data-id=\"2131e8b\" data-element_type=\"widget\" data-widget_type=\"text-editor.default\">\n\t\t\t\t<div class=\"elementor-widget-container\">\n\t\t\t\t\t\t\t\t<div class=\"elementor-text-editor elementor-clearfix\">\n\t\t\t\t\t<h2><strong>Ritiro e consegna del veicolo<\/strong><\/h2>\t\t\t\t\t<\/div>\n\t\t\t\t\t\t<\/div>\n\t\t\t\t<\/div>\n\t\t\t\t<div class=\"elementor-element elementor-element-e732468 elementor-widget elementor-widget-text-editor\" data-id=\"e732468\" data-element_type=\"widget\" data-widget_type=\"text-editor.default\">\n\t\t\t\t<div class=\"elementor-widget-container\">\n\t\t\t\t\t\t\t\t<div class=\"elementor-text-editor elementor-clearfix\">\n\t\t\t\t\t<p><span style=\"color: #e10079;\"><strong>RITIRO<\/strong><\/span>: per raggiungere la nostra sede bisogna uscire dalla stazione di Verona Porta Nuova, mantenere la destra e costeggiare l&#8217;edificio per 200 metri, lungo Piazzale XXV Aprile.\u00a0<\/p>\t\t\t\t\t<\/div>\n\t\t\t\t\t\t<\/div>\n\t\t\t\t<\/div>\n\t\t\t\t<div class=\"elementor-element elementor-element-e58a3e4 elementor-widget elementor-widget-text-editor\" data-id=\"e58a3e4\" data-element_type=\"widget\" data-widget_type=\"text-editor.default\">\n\t\t\t\t<div class=\"elementor-widget-container\">\n\t\t\t\t\t\t\t\t<div class=\"elementor-text-editor elementor-clearfix\">\n\t\t\t\t\t<p><span style=\"color: #e10079;\"><strong>CONSEGNA<\/strong><\/span>: puoi riconsegnare l&#8217;auto presso il <span style=\"font-family: arial, sans-serif;\">&#8220;<\/span>Parcheggio Verona Porta Nuova &#8211; Parkinstation&#8221;, che si trova sul piazzale della stazione e a 150 metri dall&#8217;ufficio di noleggio (clicca <a href=\"https:\/\/maps.app.goo.gl\/jMpmekQASqJJcDSN8\">qui<\/a> per seguire le indicazioni).<\/p><div class=\"elementor-element elementor-element-95e4468 elementor-widget elementor-widget-text-editor\" data-id=\"95e4468\" data-element_type=\"widget\" data-widget_type=\"text-editor.default\"><div class=\"elementor-widget-container\"><div class=\"elementor-text-editor elementor-clearfix\"><p>La consegna pu\u00f2 essere effettuata anche fuori l\u2019orario di apertura, ma\u00a0<strong>non dalle 24:00 alle 05:00 in quanto il parcheggio rimane chiuso<\/strong>.\u00a0<\/p><\/div><\/div><\/div><div class=\"elementor-element elementor-element-f6dcc73 dce_masking-none elementor-widget elementor-widget-image\" data-id=\"f6dcc73\" data-element_type=\"widget\" data-widget_type=\"image.default\"><div class=\"elementor-widget-container\">\u00a0<\/div><\/div>\t\t\t\t\t<\/div>\n\t\t\t\t\t\t<\/div>\n\t\t\t\t<\/div>\n\t\t\t\t\t\t<\/div>\n\t\t\t\t\t<\/div>\n\t\t<\/div>\n\t\t\t\t\t\t\t\t<\/div>\n\t\t\t\t\t<\/div>\n\t\t<\/section>\n\t\t\t\t<section class=\"elementor-section elementor-top-section elementor-element elementor-element-b86b63f elementor-section-boxed elementor-section-height-default elementor-section-height-default\" data-id=\"b86b63f\" data-element_type=\"section\">\n\t\t\t\t\t\t<div class=\"elementor-container elementor-column-gap-default\">\n\t\t\t\t\t\t\t<div class=\"elementor-row\">\n\t\t\t\t\t<div class=\"elementor-column elementor-col-100 elementor-top-column elementor-element elementor-element-acf89cb\" data-id=\"acf89cb\" data-element_type=\"column\">\n\t\t\t<div class=\"elementor-column-wrap elementor-element-populated\">\n\t\t\t\t\t\t\t<div class=\"elementor-widget-wrap\">\n\t\t\t\t\t\t<div class=\"elementor-element elementor-element-cc4aa7d elementor-widget elementor-widget-text-editor\" data-id=\"cc4aa7d\" data-element_type=\"widget\" data-widget_type=\"text-editor.default\">\n\t\t\t\t<div class=\"elementor-widget-container\">\n\t\t\t\t\t\t\t\t<div class=\"elementor-text-editor elementor-clearfix\">\n\t\t\t\t\t<h3>Convenienza utilizzo <strong>Auto<\/strong><\/h3>\t\t\t\t\t<\/div>\n\t\t\t\t\t\t<\/div>\n\t\t\t\t<\/div>\n\t\t\t\t<div class=\"elementor-element elementor-element-6312ff6 elementor-widget elementor-widget-text-editor\" data-id=\"6312ff6\" data-element_type=\"widget\" data-widget_type=\"text-editor.default\">\n\t\t\t\t<div class=\"elementor-widget-container\">\n\t\t\t\t\t\t\t\t<div class=\"elementor-text-editor elementor-clearfix\">\n\t\t\t\t\t<p>Guidare la tua auto a Verona \u00e8 la scelta migliore se hai bisogno di visitare la citt\u00e0 in totale autonomia e comodit\u00e0. Il centro storico \u00e8 ricco di parcheggi, sia gratuiti sia a pagamento, e potrai poi camminare per le vie pi\u00f9 famose della citt\u00e0 senza pensieri.<\/p>\t\t\t\t\t<\/div>\n\t\t\t\t\t\t<\/div>\n\t\t\t\t<\/div>\n\t\t\t\t\t\t<\/div>\n\t\t\t\t\t<\/div>\n\t\t<\/div>\n\t\t\t\t\t\t\t\t<\/div>\n\t\t\t\t\t<\/div>\n\t\t<\/section>\n\t\t\t\t<section class=\"elementor-section elementor-top-section elementor-element elementor-element-bebd450 elementor-section-boxed elementor-section-height-default elementor-section-height-default\" data-id=\"bebd450\" data-element_type=\"section\">\n\t\t\t\t\t\t<div class=\"elementor-container elementor-column-gap-default\">\n\t\t\t\t\t\t\t<div class=\"elementor-row\">\n\t\t\t\t\t<div class=\"elementor-column elementor-col-50 elementor-top-column elementor-element elementor-element-d188169\" data-id=\"d188169\" data-element_type=\"column\">\n\t\t\t<div class=\"elementor-column-wrap elementor-element-populated\">\n\t\t\t\t\t\t\t<div class=\"elementor-widget-wrap\">\n\t\t\t\t\t\t<div class=\"elementor-element elementor-element-6785608 elementor-widget elementor-widget-text-editor\" data-id=\"6785608\" data-element_type=\"widget\" data-widget_type=\"text-editor.default\">\n\t\t\t\t<div class=\"elementor-widget-container\">\n\t\t\t\t\t\t\t\t<div class=\"elementor-text-editor elementor-clearfix\">\n\t\t\t\t\t<h3><strong>Cosa visitare a Verona<\/strong><\/h3>\t\t\t\t\t<\/div>\n\t\t\t\t\t\t<\/div>\n\t\t\t\t<\/div>\n\t\t\t\t<div class=\"elementor-element elementor-element-908d026 elementor-hidden-desktop dce_masking-none elementor-widget elementor-widget-image\" data-id=\"908d026\" data-element_type=\"widget\" data-widget_type=\"image.default\">\n\t\t\t\t<div class=\"elementor-widget-container\">\n\t\t\t\t\t\t\t\t<div class=\"elementor-image\">\n\t\t\t\t\t\t\t\t\t\t\t\t<img width=\"640\" height=\"438\" src=\"https:\/\/www.noleggiare.it\/wp-content\/uploads\/2024\/01\/Verona-city.jpg\" class=\"attachment-large size-large\" alt=\"\" loading=\"lazy\" srcset=\"https:\/\/www.noleggiare.it\/wp-content\/uploads\/2024\/01\/Verona-city.jpg 1024w, https:\/\/www.noleggiare.it\/wp-content\/uploads\/2024\/01\/Verona-city-300x205.jpg 300w, https:\/\/www.noleggiare.it\/wp-content\/uploads\/2024\/01\/Verona-city-768x525.jpg 768w\" sizes=\"(max-width: 640px) 100vw, 640px\" \/>\t\t\t\t\t\t\t\t\t\t\t\t\t\t<\/div>\n\t\t\t\t\t\t<\/div>\n\t\t\t\t<\/div>\n\t\t\t\t<div class=\"elementor-element elementor-element-f87ad34 elementor-widget elementor-widget-text-editor\" data-id=\"f87ad34\" data-element_type=\"widget\" data-widget_type=\"text-editor.default\">\n\t\t\t\t<div class=\"elementor-widget-container\">\n\t\t\t\t\t\t\t\t<div class=\"elementor-text-editor elementor-clearfix\">\n\t\t\t\t\t<p>Una volta arrivati a Verona, la citt\u00e0 che ha ispirato Shakespeare, lasciate l&#8217;auto e dirigetevi verso la prima tappa imperdibile: <strong>l\u2019Arena<\/strong>. Questo anfiteatro romano, pi\u00f9 piccolo ma meglio conservato del Colosseo di Roma, ha mantenuto il suo ruolo di centro culturale per secoli.<\/p><p>Ogni anno, ospita una miriade di eventi: concerti di musica pop e classica, spettacoli teatrali, e manifestazioni culturali. \u00c8 particolarmente celebre per la stagione lirica estiva, che attira visitatori da tutto il mondo.<\/p><p>Le bellissime piazze, le vie, i palazzi del centro storico di Verona meritano una visita senza fretta.<\/p>\t\t\t\t\t<\/div>\n\t\t\t\t\t\t<\/div>\n\t\t\t\t<\/div>\n\t\t\t\t\t\t<\/div>\n\t\t\t\t\t<\/div>\n\t\t<\/div>\n\t\t\t\t<div class=\"elementor-column elementor-col-50 elementor-top-column elementor-element elementor-element-ed17d1d\" data-id=\"ed17d1d\" data-element_type=\"column\">\n\t\t\t<div class=\"elementor-column-wrap elementor-element-populated\">\n\t\t\t\t\t\t\t<div class=\"elementor-widget-wrap\">\n\t\t\t\t\t\t<div class=\"elementor-element elementor-element-1b84e53 elementor-hidden-tablet elementor-hidden-phone dce_masking-none elementor-widget elementor-widget-image\" data-id=\"1b84e53\" data-element_type=\"widget\" data-widget_type=\"image.default\">\n\t\t\t\t<div class=\"elementor-widget-container\">\n\t\t\t\t\t\t\t\t<div class=\"elementor-image\">\n\t\t\t\t\t\t\t\t\t\t\t\t<img width=\"640\" height=\"438\" src=\"https:\/\/www.noleggiare.it\/wp-content\/uploads\/2024\/01\/Verona-city.jpg\" class=\"attachment-large size-large\" alt=\"\" loading=\"lazy\" srcset=\"https:\/\/www.noleggiare.it\/wp-content\/uploads\/2024\/01\/Verona-city.jpg 1024w, https:\/\/www.noleggiare.it\/wp-content\/uploads\/2024\/01\/Verona-city-300x205.jpg 300w, https:\/\/www.noleggiare.it\/wp-content\/uploads\/2024\/01\/Verona-city-768x525.jpg 768w\" sizes=\"(max-width: 640px) 100vw, 640px\" \/>\t\t\t\t\t\t\t\t\t\t\t\t\t\t<\/div>\n\t\t\t\t\t\t<\/div>\n\t\t\t\t<\/div>\n\t\t\t\t\t\t<\/div>\n\t\t\t\t\t<\/div>\n\t\t<\/div>\n\t\t\t\t\t\t\t\t<\/div>\n\t\t\t\t\t<\/div>\n\t\t<\/section>\n\t\t\t\t<section class=\"elementor-section elementor-top-section elementor-element elementor-element-81aa895 elementor-section-boxed elementor-section-height-default elementor-section-height-default\" data-id=\"81aa895\" data-element_type=\"section\">\n\t\t\t\t\t\t<div class=\"elementor-container elementor-column-gap-default\">\n\t\t\t\t\t\t\t<div class=\"elementor-row\">\n\t\t\t\t\t<div class=\"elementor-column elementor-col-50 elementor-top-column elementor-element elementor-element-036f1cc\" data-id=\"036f1cc\" data-element_type=\"column\">\n\t\t\t<div class=\"elementor-column-wrap elementor-element-populated\">\n\t\t\t\t\t\t\t<div class=\"elementor-widget-wrap\">\n\t\t\t\t\t\t<div class=\"elementor-element elementor-element-504c19b elementor-hidden-tablet elementor-hidden-phone dce_masking-none elementor-widget elementor-widget-image\" data-id=\"504c19b\" data-element_type=\"widget\" data-widget_type=\"image.default\">\n\t\t\t\t<div class=\"elementor-widget-container\">\n\t\t\t\t\t\t\t\t<div class=\"elementor-image\">\n\t\t\t\t\t\t\t\t\t\t\t\t<img width=\"640\" height=\"438\" src=\"https:\/\/www.noleggiare.it\/wp-content\/uploads\/2024\/01\/Garda-Lake.jpg\" class=\"attachment-large size-large\" alt=\"\" loading=\"lazy\" srcset=\"https:\/\/www.noleggiare.it\/wp-content\/uploads\/2024\/01\/Garda-Lake.jpg 1024w, https:\/\/www.noleggiare.it\/wp-content\/uploads\/2024\/01\/Garda-Lake-300x205.jpg 300w, https:\/\/www.noleggiare.it\/wp-content\/uploads\/2024\/01\/Garda-Lake-768x525.jpg 768w\" sizes=\"(max-width: 640px) 100vw, 640px\" \/>\t\t\t\t\t\t\t\t\t\t\t\t\t\t<\/div>\n\t\t\t\t\t\t<\/div>\n\t\t\t\t<\/div>\n\t\t\t\t\t\t<\/div>\n\t\t\t\t\t<\/div>\n\t\t<\/div>\n\t\t\t\t<div class=\"elementor-column elementor-col-50 elementor-top-column elementor-element elementor-element-138dbe1\" data-id=\"138dbe1\" data-element_type=\"column\">\n\t\t\t<div class=\"elementor-column-wrap elementor-element-populated\">\n\t\t\t\t\t\t\t<div class=\"elementor-widget-wrap\">\n\t\t\t\t\t\t<div class=\"elementor-element elementor-element-a473e47 elementor-widget elementor-widget-text-editor\" data-id=\"a473e47\" data-element_type=\"widget\" data-widget_type=\"text-editor.default\">\n\t\t\t\t<div class=\"elementor-widget-container\">\n\t\t\t\t\t\t\t\t<div class=\"elementor-text-editor elementor-clearfix\">\n\t\t\t\t\t<h3><strong>Destinazioni consigliate<\/strong><\/h3>\t\t\t\t\t<\/div>\n\t\t\t\t\t\t<\/div>\n\t\t\t\t<\/div>\n\t\t\t\t<div class=\"elementor-element elementor-element-638efb9 elementor-hidden-desktop dce_masking-none elementor-widget elementor-widget-image\" data-id=\"638efb9\" data-element_type=\"widget\" data-widget_type=\"image.default\">\n\t\t\t\t<div class=\"elementor-widget-container\">\n\t\t\t\t\t\t\t\t<div class=\"elementor-image\">\n\t\t\t\t\t\t\t\t\t\t\t\t<img width=\"640\" height=\"438\" src=\"https:\/\/www.noleggiare.it\/wp-content\/uploads\/2024\/01\/Garda-Lake.jpg\" class=\"attachment-large size-large\" alt=\"\" loading=\"lazy\" srcset=\"https:\/\/www.noleggiare.it\/wp-content\/uploads\/2024\/01\/Garda-Lake.jpg 1024w, https:\/\/www.noleggiare.it\/wp-content\/uploads\/2024\/01\/Garda-Lake-300x205.jpg 300w, https:\/\/www.noleggiare.it\/wp-content\/uploads\/2024\/01\/Garda-Lake-768x525.jpg 768w\" sizes=\"(max-width: 640px) 100vw, 640px\" \/>\t\t\t\t\t\t\t\t\t\t\t\t\t\t<\/div>\n\t\t\t\t\t\t<\/div>\n\t\t\t\t<\/div>\n\t\t\t\t<div class=\"elementor-element elementor-element-b122b65 elementor-widget elementor-widget-text-editor\" data-id=\"b122b65\" data-element_type=\"widget\" data-widget_type=\"text-editor.default\">\n\t\t\t\t<div class=\"elementor-widget-container\">\n\t\t\t\t\t\t\t\t<div class=\"elementor-text-editor elementor-clearfix\">\n\t\t\t\t\t<p>A pochi chilometri e pochi minuti di automobile, ti attendono tante altre meraviglie:<\/p><ul><li><p>il lago di Garda, tra borghi incantevoli, terme, vini e sapori;\u00a0<\/p><\/li><li><p>i monti Lessini tra boschi e malghe;\u00a0<\/p><\/li><li><p>altre splendide citt\u00e0 d\u2019arte come le vicine\u00a0<span style=\"font-size: 1rem;\">Vicenza, Mantova e Brescia;<\/span><\/p><\/li><li><p><span style=\"font-size: 1rem;\">Venezia, unica al mondo, \u00e8 a meno di un\u2019ora di\u00a0<\/span><span style=\"font-size: 1rem;\">strada.<\/span><\/p><\/li><\/ul>\t\t\t\t\t<\/div>\n\t\t\t\t\t\t<\/div>\n\t\t\t\t<\/div>\n\t\t\t\t<div class=\"elementor-element elementor-element-dda3a19 elementor-widget elementor-widget-text-editor\" data-id=\"dda3a19\" data-element_type=\"widget\" data-widget_type=\"text-editor.default\">\n\t\t\t\t<div class=\"elementor-widget-container\">\n\t\t\t\t\t\t\t\t<div class=\"elementor-text-editor elementor-clearfix\">\n\t\t\t\t\t\t\t\t\t\t<\/div>\n\t\t\t\t\t\t<\/div>\n\t\t\t\t<\/div>\n\t\t\t\t\t\t<\/div>\n\t\t\t\t\t<\/div>\n\t\t<\/div>\n\t\t\t\t\t\t\t\t<\/div>\n\t\t\t\t\t<\/div>\n\t\t<\/section>\n\t\t\t\t<section class=\"elementor-section elementor-top-section elementor-element elementor-element-75d1c19 elementor-section-boxed elementor-section-height-default elementor-section-height-default\" data-id=\"75d1c19\" data-element_type=\"section\">\n\t\t\t\t\t\t<div class=\"elementor-container elementor-column-gap-default\">\n\t\t\t\t\t\t\t<div class=\"elementor-row\">\n\t\t\t\t\t<div class=\"elementor-column elementor-col-100 elementor-top-column elementor-element elementor-element-dea56a1\" data-id=\"dea56a1\" data-element_type=\"column\">\n\t\t\t<div class=\"elementor-column-wrap elementor-element-populated\">\n\t\t\t\t\t\t\t<div class=\"elementor-widget-wrap\">\n\t\t\t\t\t\t<div class=\"elementor-element elementor-element-49f8989 elementor-widget elementor-widget-text-editor\" data-id=\"49f8989\" data-element_type=\"widget\" data-widget_type=\"text-editor.default\">\n\t\t\t\t<div class=\"elementor-widget-container\">\n\t\t\t\t\t\t\t\t<div class=\"elementor-text-editor elementor-clearfix\">\n\t\t\t\t\t<p><strong>Prepara la valigia e prenota l\u2019auto a noleggio: Verona e il Veneto ti aspettano con Noleggiare!<\/strong><\/p>\t\t\t\t\t<\/div>\n\t\t\t\t\t\t<\/div>\n\t\t\t\t<\/div>\n\t\t\t\t\t\t<\/div>\n\t\t\t\t\t<\/div>\n\t\t<\/div>\n\t\t\t\t\t\t\t\t<\/div>\n\t\t\t\t\t<\/div>\n\t\t<\/section>\n\t\t\t\t<section class=\"elementor-section elementor-top-section elementor-element elementor-element-f430652 elementor-section-boxed elementor-section-height-default elementor-section-height-default\" data-id=\"f430652\" data-element_type=\"section\">\n\t\t\t\t\t\t<div class=\"elementor-container elementor-column-gap-default\">\n\t\t\t\t\t\t\t<div class=\"elementor-row\">\n\t\t\t\t\t<div class=\"elementor-column elementor-col-100 elementor-top-column elementor-element elementor-element-ca94f79\" data-id=\"ca94f79\" data-element_type=\"column\">\n\t\t\t<div class=\"elementor-column-wrap\">\n\t\t\t\t\t\t\t<div class=\"elementor-widget-wrap\">\n\t\t\t\t\t\t\t\t<\/div>\n\t\t\t\t\t<\/div>\n\t\t<\/div>\n\t\t\t\t\t\t\t\t<\/div>\n\t\t\t\t\t<\/div>\n\t\t<\/section>\n\t\t\t\t<section class=\"elementor-section elementor-top-section elementor-element elementor-element-aa53bef elementor-section-boxed elementor-section-height-default elementor-section-height-default\" data-id=\"aa53bef\" data-element_type=\"section\">\n\t\t\t\t\t\t<div class=\"elementor-container elementor-column-gap-default\">\n\t\t\t\t\t\t\t<div class=\"elementor-row\">\n\t\t\t\t\t<div class=\"elementor-column elementor-col-100 elementor-top-column elementor-element elementor-element-5fde01d\" data-id=\"5fde01d\" data-element_type=\"column\">\n\t\t\t<div class=\"elementor-column-wrap elementor-element-populated\">\n\t\t\t\t\t\t\t<div class=\"elementor-widget-wrap\">\n\t\t\t\t\t\t<div class=\"elementor-element elementor-element-a743b2b btn-espandi-promo elementor-align-center animated-fast elementor-invisible elementor-widget elementor-widget-button\" data-id=\"a743b2b\" data-element_type=\"widget\" data-settings=\"{&quot;_animation&quot;:&quot;slideInRight&quot;}\" data-widget_type=\"button.default\">\n\t\t\t\t<div class=\"elementor-widget-container\">\n\t\t\t\t\t<div class=\"elementor-button-wrapper\">\n\t\t\t<a href=\"#\" class=\"elementor-button-link elementor-button elementor-size-md\" role=\"button\">\n\t\t\t\t\t\t<span class=\"elementor-button-content-wrapper\">\n\t\t\t\t\t\t<span class=\"elementor-button-icon elementor-align-icon-left\">\n\t\t\t\t<i aria-hidden=\"true\" class=\"fas fa-arrow-circle-up\"><\/i>\t\t\t<\/span>\n\t\t\t\t\t\t<span class=\"elementor-button-text\">Prenota la tua auto<\/span>\n\t\t<\/span>\n\t\t\t\t\t<\/a>\n\t\t<\/div>\n\t\t\t\t<\/div>\n\t\t\t\t<\/div>\n\t\t\t\t\t\t<\/div>\n\t\t\t\t\t<\/div>\n\t\t<\/div>\n\t\t\t\t\t\t\t\t<\/div>\n\t\t\t\t\t<\/div>\n\t\t<\/section>\n\t\t\t\t\t\t<\/div>\n\t\t\t\t\t\t<\/div>\n\t\t\t\t\t<\/div>\n\t\t","protected":false},"excerpt":{"rendered":"<p>telefono +39 0452373064 email veronaportanuova@noleggiare.it indirizzo Piazzale XXV Aprile &#8211; 6, 37138 Verona (VR)\u200b orari Luned\u00ec &#8211; Domenica8:00 &#8211; 20:00 Noleggio auto a Verona Porta Nuova Scopri il Veneto e vivi la tua vacanza in auto con noi! Noleggiare \u00e8 la scelta migliore per il noleggio auto a Verona Porta Nuova. Puoi ritirare la tua [&#8230;]<\/p>\n<p><a class=\"btn btn-secondary understrap-read-more-link\" href=\"https:\/\/www.noleggiare.it\/it\/noleggio-auto\/sedi\/noleggio-auto-a-verona-stazione\/\">Leggi di pi\u00f9&#8230;<\/a><\/p>\n","protected":false},"author":2511,"featured_media":215473,"parent":35,"menu_order":0,"comment_status":"closed","ping_status":"closed","template":"","meta":[],"acf":[],"yoast_head":"<!-- This site is optimized with the Yoast SEO plugin v17.1 - https:\/\/yoast.com\/wordpress\/plugins\/seo\/ -->\n<title>Noleggio auto a Verona Porta Nuova stazione - Noleggiare.it<\/title>\n<meta name=\"description\" content=\"Noleggio auto a Verona Porta Nuova. Scopri tutti i vantaggi di Noleggiare e tutte le offerte per te dedicate alle auto a noleggio.\" \/>\n<meta name=\"robots\" content=\"index, follow, max-snippet:-1, max-image-preview:large, max-video-preview:-1\" \/>\n<link rel=\"canonical\" href=\"https:\/\/www.noleggiare.it\/it\/noleggio-auto\/sedi\/noleggio-auto-a-verona-stazione\/\" \/>\n<meta property=\"og:locale\" content=\"it_IT\" \/>\n<meta property=\"og:type\" content=\"article\" \/>\n<meta property=\"og:title\" content=\"Noleggio auto a Verona Porta Nuova stazione - Noleggiare.it\" \/>\n<meta property=\"og:description\" content=\"Noleggio auto a Verona Porta Nuova. Scopri tutti i vantaggi di Noleggiare e tutte le offerte per te dedicate alle auto a noleggio.\" \/>\n<meta property=\"og:url\" content=\"https:\/\/www.noleggiare.it\/it\/noleggio-auto\/sedi\/noleggio-auto-a-verona-stazione\/\" \/>\n<meta property=\"og:site_name\" content=\"Noleggiare.it\" \/>\n<meta property=\"article:modified_time\" content=\"2025-08-19T14:52:38+00:00\" \/>\n<meta property=\"og:image\" content=\"https:\/\/www.noleggiare.it\/wp-content\/uploads\/2024\/01\/Verona-stazione.jpg\" \/>\n\t<meta property=\"og:image:width\" content=\"1280\" \/>\n\t<meta property=\"og:image:height\" content=\"820\" \/>\n<meta name=\"twitter:card\" content=\"summary_large_image\" \/>\n<meta name=\"twitter:label1\" content=\"Tempo di lettura stimato\" \/>\n\t<meta name=\"twitter:data1\" content=\"4 minuti\" \/>\n<script type=\"application\/ld+json\" class=\"yoast-schema-graph\">{\"@context\":\"https:\/\/schema.org\",\"@graph\":[{\"@type\":\"WebSite\",\"@id\":\"https:\/\/www.noleggiare.it\/it\/#website\",\"url\":\"https:\/\/www.noleggiare.it\/it\/\",\"name\":\"Noleggiare.it\",\"description\":\"Happy rent!\",\"potentialAction\":[{\"@type\":\"SearchAction\",\"target\":{\"@type\":\"EntryPoint\",\"urlTemplate\":\"https:\/\/www.noleggiare.it\/it\/?s={search_term_string}\"},\"query-input\":\"required name=search_term_string\"}],\"inLanguage\":\"it-IT\"},{\"@type\":\"ImageObject\",\"@id\":\"https:\/\/www.noleggiare.it\/it\/noleggio-auto\/sedi\/noleggio-auto-a-verona-stazione\/#primaryimage\",\"inLanguage\":\"it-IT\",\"url\":\"https:\/\/www.noleggiare.it\/wp-content\/uploads\/2024\/01\/Verona-stazione.jpg\",\"contentUrl\":\"https:\/\/www.noleggiare.it\/wp-content\/uploads\/2024\/01\/Verona-stazione.jpg\",\"width\":1280,\"height\":820},{\"@type\":\"WebPage\",\"@id\":\"https:\/\/www.noleggiare.it\/it\/noleggio-auto\/sedi\/noleggio-auto-a-verona-stazione\/#webpage\",\"url\":\"https:\/\/www.noleggiare.it\/it\/noleggio-auto\/sedi\/noleggio-auto-a-verona-stazione\/\",\"name\":\"Noleggio auto a Verona Porta Nuova stazione - Noleggiare.it\",\"isPartOf\":{\"@id\":\"https:\/\/www.noleggiare.it\/it\/#website\"},\"primaryImageOfPage\":{\"@id\":\"https:\/\/www.noleggiare.it\/it\/noleggio-auto\/sedi\/noleggio-auto-a-verona-stazione\/#primaryimage\"},\"datePublished\":\"2024-01-04T08:43:40+00:00\",\"dateModified\":\"2025-08-19T14:52:38+00:00\",\"description\":\"Noleggio auto a Verona Porta Nuova. Scopri tutti i vantaggi di Noleggiare e tutte le offerte per te dedicate alle auto a noleggio.\",\"breadcrumb\":{\"@id\":\"https:\/\/www.noleggiare.it\/it\/noleggio-auto\/sedi\/noleggio-auto-a-verona-stazione\/#breadcrumb\"},\"inLanguage\":\"it-IT\",\"potentialAction\":[{\"@type\":\"ReadAction\",\"target\":[\"https:\/\/www.noleggiare.it\/it\/noleggio-auto\/sedi\/noleggio-auto-a-verona-stazione\/\"]}]},{\"@type\":\"BreadcrumbList\",\"@id\":\"https:\/\/www.noleggiare.it\/it\/noleggio-auto\/sedi\/noleggio-auto-a-verona-stazione\/#breadcrumb\",\"itemListElement\":[{\"@type\":\"ListItem\",\"position\":1,\"name\":\"Noleggio auto\",\"item\":\"https:\/\/www.noleggiare.it\/it\/noleggio-auto\/\"},{\"@type\":\"ListItem\",\"position\":2,\"name\":\"Sedi\",\"item\":\"https:\/\/www.noleggiare.it\/it\/noleggio-auto\/sedi\/\"},{\"@type\":\"ListItem\",\"position\":3,\"name\":\"Noleggio auto a Verona Porta Nuova stazione\"}]}]}<\/script>\n<!-- \/ Yoast SEO plugin. -->","yoast_head_json":{"title":"Noleggio auto a Verona Porta Nuova stazione - Noleggiare.it","description":"Noleggio auto a Verona Porta Nuova. Scopri tutti i vantaggi di Noleggiare e tutte le offerte per te dedicate alle auto a noleggio.","robots":{"index":"index","follow":"follow","max-snippet":"max-snippet:-1","max-image-preview":"max-image-preview:large","max-video-preview":"max-video-preview:-1"},"canonical":"https:\/\/www.noleggiare.it\/it\/noleggio-auto\/sedi\/noleggio-auto-a-verona-stazione\/","og_locale":"it_IT","og_type":"article","og_title":"Noleggio auto a Verona Porta Nuova stazione - Noleggiare.it","og_description":"Noleggio auto a Verona Porta Nuova. Scopri tutti i vantaggi di Noleggiare e tutte le offerte per te dedicate alle auto a noleggio.","og_url":"https:\/\/www.noleggiare.it\/it\/noleggio-auto\/sedi\/noleggio-auto-a-verona-stazione\/","og_site_name":"Noleggiare.it","article_modified_time":"2025-08-19T14:52:38+00:00","og_image":[{"width":1280,"height":820,"url":"https:\/\/www.noleggiare.it\/wp-content\/uploads\/2024\/01\/Verona-stazione.jpg","path":"\/var\/www\/noleggiare.it\/wp-content\/uploads\/2024\/01\/Verona-stazione.jpg","size":"full","id":215473,"alt":"","pixels":1049600,"type":"image\/jpeg"}],"twitter_card":"summary_large_image","twitter_misc":{"Tempo di lettura stimato":"4 minuti"},"schema":{"@context":"https:\/\/schema.org","@graph":[{"@type":"WebSite","@id":"https:\/\/www.noleggiare.it\/it\/#website","url":"https:\/\/www.noleggiare.it\/it\/","name":"Noleggiare.it","description":"Happy rent!","potentialAction":[{"@type":"SearchAction","target":{"@type":"EntryPoint","urlTemplate":"https:\/\/www.noleggiare.it\/it\/?s={search_term_string}"},"query-input":"required name=search_term_string"}],"inLanguage":"it-IT"},{"@type":"ImageObject","@id":"https:\/\/www.noleggiare.it\/it\/noleggio-auto\/sedi\/noleggio-auto-a-verona-stazione\/#primaryimage","inLanguage":"it-IT","url":"https:\/\/www.noleggiare.it\/wp-content\/uploads\/2024\/01\/Verona-stazione.jpg","contentUrl":"https:\/\/www.noleggiare.it\/wp-content\/uploads\/2024\/01\/Verona-stazione.jpg","width":1280,"height":820},{"@type":"WebPage","@id":"https:\/\/www.noleggiare.it\/it\/noleggio-auto\/sedi\/noleggio-auto-a-verona-stazione\/#webpage","url":"https:\/\/www.noleggiare.it\/it\/noleggio-auto\/sedi\/noleggio-auto-a-verona-stazione\/","name":"Noleggio auto a Verona Porta Nuova stazione - Noleggiare.it","isPartOf":{"@id":"https:\/\/www.noleggiare.it\/it\/#website"},"primaryImageOfPage":{"@id":"https:\/\/www.noleggiare.it\/it\/noleggio-auto\/sedi\/noleggio-auto-a-verona-stazione\/#primaryimage"},"datePublished":"2024-01-04T08:43:40+00:00","dateModified":"2025-08-19T14:52:38+00:00","description":"Noleggio auto a Verona Porta Nuova. Scopri tutti i vantaggi di Noleggiare e tutte le offerte per te dedicate alle auto a noleggio.","breadcrumb":{"@id":"https:\/\/www.noleggiare.it\/it\/noleggio-auto\/sedi\/noleggio-auto-a-verona-stazione\/#breadcrumb"},"inLanguage":"it-IT","potentialAction":[{"@type":"ReadAction","target":["https:\/\/www.noleggiare.it\/it\/noleggio-auto\/sedi\/noleggio-auto-a-verona-stazione\/"]}]},{"@type":"BreadcrumbList","@id":"https:\/\/www.noleggiare.it\/it\/noleggio-auto\/sedi\/noleggio-auto-a-verona-stazione\/#breadcrumb","itemListElement":[{"@type":"ListItem","position":1,"name":"Noleggio auto","item":"https:\/\/www.noleggiare.it\/it\/noleggio-auto\/"},{"@type":"ListItem","position":2,"name":"Sedi","item":"https:\/\/www.noleggiare.it\/it\/noleggio-auto\/sedi\/"},{"@type":"ListItem","position":3,"name":"Noleggio auto a Verona Porta Nuova stazione"}]}]}},"wps_subtitle":"","_links":{"self":[{"href":"https:\/\/www.noleggiare.it\/it\/wp-json\/wp\/v2\/pages\/215464"}],"collection":[{"href":"https:\/\/www.noleggiare.it\/it\/wp-json\/wp\/v2\/pages"}],"about":[{"href":"https:\/\/www.noleggiare.it\/it\/wp-json\/wp\/v2\/types\/page"}],"author":[{"embeddable":true,"href":"https:\/\/www.noleggiare.it\/it\/wp-json\/wp\/v2\/users\/2511"}],"replies":[{"embeddable":true,"href":"https:\/\/www.noleggiare.it\/it\/wp-json\/wp\/v2\/comments?post=215464"}],"version-history":[{"count":35,"href":"https:\/\/www.noleggiare.it\/it\/wp-json\/wp\/v2\/pages\/215464\/revisions"}],"predecessor-version":[{"id":330118,"href":"https:\/\/www.noleggiare.it\/it\/wp-json\/wp\/v2\/pages\/215464\/revisions\/330118"}],"up":[{"embeddable":true,"href":"https:\/\/www.noleggiare.it\/it\/wp-json\/wp\/v2\/pages\/35"}],"wp:featuredmedia":[{"embeddable":true,"href":"https:\/\/www.noleggiare.it\/it\/wp-json\/wp\/v2\/media\/215473"}],"wp:attachment":[{"href":"https:\/\/www.noleggiare.it\/it\/wp-json\/wp\/v2\/media?parent=215464"}],"curies":[{"name":"wp","href":"https:\/\/api.w.org\/{rel}","templated":true}]}}