{"id":35572,"date":"2023-05-23T10:25:13","date_gmt":"2023-05-23T08:25:13","guid":{"rendered":"https:\/\/www.noleggiare.it\/?page_id=35572"},"modified":"2023-05-23T10:27:47","modified_gmt":"2023-05-23T08:27:47","slug":"privacy-e-sicurezza-2","status":"publish","type":"page","link":"https:\/\/www.noleggiare.it\/it\/privacy-e-sicurezza-2\/","title":{"rendered":"Privacy e Sicurezza"},"content":{"rendered":"\t\t<div data-elementor-type=\"wp-post\" data-elementor-id=\"35572\" data-post-id=\"35572\" data-obj-id=\"35572\" class=\"elementor elementor-35572 dce-elementor-post-35572\" data-elementor-settings=\"[]\">\n\t\t\t\t\t\t<div class=\"elementor-inner\">\n\t\t\t\t\t\t\t<div class=\"elementor-section-wrap\">\n\t\t\t\t\t\t\t<section class=\"elementor-section elementor-top-section elementor-element elementor-element-7d172f7 elementor-section-boxed elementor-section-height-default elementor-section-height-default\" data-id=\"7d172f7\" data-element_type=\"section\">\n\t\t\t\t\t\t<div class=\"elementor-container elementor-column-gap-no\">\n\t\t\t\t\t\t\t<div class=\"elementor-row\">\n\t\t\t\t\t<div class=\"elementor-column elementor-col-100 elementor-top-column elementor-element elementor-element-7370386\" data-id=\"7370386\" data-element_type=\"column\">\n\t\t\t<div class=\"elementor-column-wrap elementor-element-populated\">\n\t\t\t\t\t\t\t<div class=\"elementor-widget-wrap\">\n\t\t\t\t\t\t<div class=\"elementor-element elementor-element-6fdde0b elementor-widget elementor-widget-spacer\" data-id=\"6fdde0b\" data-element_type=\"widget\" data-widget_type=\"spacer.default\">\n\t\t\t\t<div class=\"elementor-widget-container\">\n\t\t\t\t\t<div class=\"elementor-spacer\">\n\t\t\t<div class=\"elementor-spacer-inner\"><\/div>\n\t\t<\/div>\n\t\t\t\t<\/div>\n\t\t\t\t<\/div>\n\t\t\t\t<div class=\"elementor-element elementor-element-d68fa48 elementor-widget elementor-widget-heading\" data-id=\"d68fa48\" data-element_type=\"widget\" data-widget_type=\"heading.default\">\n\t\t\t\t<div class=\"elementor-widget-container\">\n\t\t\t<h1 class=\"elementor-heading-title elementor-size-medium\">INFORMATIVA SULLA PRIVACY<br>\n<span style=\"font-size:36px;\">ai sensi dell\u2019art. 13 del Regolamento UE 2016\/679 del Parlamento Europeo e del Consiglio del 27 aprile 2016<\/span><\/h1>\t\t<\/div>\n\t\t\t\t<\/div>\n\t\t\t\t<div class=\"elementor-element elementor-element-e815f94 elementor-hidden-phone elementor-widget elementor-widget-spacer\" data-id=\"e815f94\" data-element_type=\"widget\" data-widget_type=\"spacer.default\">\n\t\t\t\t<div class=\"elementor-widget-container\">\n\t\t\t\t\t<div class=\"elementor-spacer\">\n\t\t\t<div class=\"elementor-spacer-inner\"><\/div>\n\t\t<\/div>\n\t\t\t\t<\/div>\n\t\t\t\t<\/div>\n\t\t\t\t\t\t<\/div>\n\t\t\t\t\t<\/div>\n\t\t<\/div>\n\t\t\t\t\t\t\t\t<\/div>\n\t\t\t\t\t<\/div>\n\t\t<\/section>\n\t\t\t\t<section class=\"elementor-section elementor-top-section elementor-element elementor-element-e8ce99d elementor-section-boxed elementor-section-height-default elementor-section-height-default\" data-id=\"e8ce99d\" data-element_type=\"section\">\n\t\t\t\t\t\t<div class=\"elementor-container elementor-column-gap-default\">\n\t\t\t\t\t\t\t<div class=\"elementor-row\">\n\t\t\t\t\t<div class=\"elementor-column elementor-col-100 elementor-top-column elementor-element elementor-element-560adc5\" data-id=\"560adc5\" data-element_type=\"column\">\n\t\t\t<div class=\"elementor-column-wrap elementor-element-populated\">\n\t\t\t\t\t\t\t<div class=\"elementor-widget-wrap\">\n\t\t\t\t\t\t<div class=\"elementor-element elementor-element-ca0f42e elementor-widget elementor-widget-text-editor\" data-id=\"ca0f42e\" data-element_type=\"widget\" data-widget_type=\"text-editor.default\">\n\t\t\t\t<div class=\"elementor-widget-container\">\n\t\t\t\t\t\t\t\t<div class=\"elementor-text-editor elementor-clearfix\">\n\t\t\t\t\tIl locatore informa che, in occasione della sottoscrizione dei servizi, i dati personali conferiti saranno trattati nel pieno rispetto della normativa sulla privacy (Regolamento UE 2016\/679 del Parlamento Europeo e del Consiglio del 27 aprile 2016, di seguito GDPR 679\/2016) relativamente alla protezione delle persone fisiche. Le forniamo pertanto le dovute informazioni in ordine alle modalit\u00e0 di trattamento dei dati forniti.\t\t\t\t\t<\/div>\n\t\t\t\t\t\t<\/div>\n\t\t\t\t<\/div>\n\t\t\t\t<div class=\"elementor-element elementor-element-033daed elementor-widget elementor-widget-text-editor\" data-id=\"033daed\" data-element_type=\"widget\" data-widget_type=\"text-editor.default\">\n\t\t\t\t<div class=\"elementor-widget-container\">\n\t\t\t\t\t\t\t\t<div class=\"elementor-text-editor elementor-clearfix\">\n\t\t\t\t\t<p>IL TITOLARE DEL TRATTAMENTO<\/p>\t\t\t\t\t<\/div>\n\t\t\t\t\t\t<\/div>\n\t\t\t\t<\/div>\n\t\t\t\t<div class=\"elementor-element elementor-element-ac688be elementor-widget elementor-widget-text-editor\" data-id=\"ac688be\" data-element_type=\"widget\" data-widget_type=\"text-editor.default\">\n\t\t\t\t<div class=\"elementor-widget-container\">\n\t\t\t\t\t\t\t\t<div class=\"elementor-text-editor elementor-clearfix\">\n\t\t\t\t\t<p>Ai sensi dell\u2019art. 4 e 24 del GDPR 679\/2016 il Titolare del Trattamento dati \u00e8:<br \/><strong>NOLEGGIARE S.R.L.<\/strong><br \/><em>Sede Legale:<br \/><\/em>Via Del Brennero, 62 &#8211; 38122 Trento (TN)<br \/><em>Sede Amministrativa ed operativa:<br \/><\/em>Via Evangelista Torricelli, 6 &#8211; 37135 Verona<\/p>\t\t\t\t\t<\/div>\n\t\t\t\t\t\t<\/div>\n\t\t\t\t<\/div>\n\t\t\t\t<div class=\"elementor-element elementor-element-1f4d547 elementor-widget elementor-widget-text-editor\" data-id=\"1f4d547\" data-element_type=\"widget\" data-widget_type=\"text-editor.default\">\n\t\t\t\t<div class=\"elementor-widget-container\">\n\t\t\t\t\t\t\t\t<div class=\"elementor-text-editor elementor-clearfix\">\n\t\t\t\t\tTIPOLOGIA DI DATI TRATTATI\t\t\t\t\t<\/div>\n\t\t\t\t\t\t<\/div>\n\t\t\t\t<\/div>\n\t\t\t\t<div class=\"elementor-element elementor-element-d307e56 elementor-widget elementor-widget-text-editor\" data-id=\"d307e56\" data-element_type=\"widget\" data-widget_type=\"text-editor.default\">\n\t\t\t\t<div class=\"elementor-widget-container\">\n\t\t\t\t\t\t\t\t<div class=\"elementor-text-editor elementor-clearfix\">\n\t\t\t\t\t<p>Nell\u2019ambito dei servizi sottoscritti saranno trattati:<\/p><ul><li>Dati di natura personale, ovvero (ai sensi dell\u2019art.4) qualsiasi informazione riguardante una persona fisica identificata o identificabile (a titolo esemplificativo e non esaustivo dati anagrafici relativi all\u2019intestatario e al noleggiatore dei veicolo, C.F., dati relativi a residenza, domicilio, estremi della patente in possesso, indirizzo mail, etc.);<\/li><li>Categorie particolari di dati, ovvero (ai sensi degli artt. 9 e 10) dati o informazioni che potrebbero rivelare l\u2019origine razziale o etnica, dati relativi alla cittadinanza, dati relativi alla salute per la gestione di eventuali sinistri, nonch\u00e9 dati di natura giudiziaria, relativa a infrazioni stradali, multe, etc.).<\/li><\/ul>\t\t\t\t\t<\/div>\n\t\t\t\t\t\t<\/div>\n\t\t\t\t<\/div>\n\t\t\t\t<div class=\"elementor-element elementor-element-cb347e2 elementor-widget elementor-widget-text-editor\" data-id=\"cb347e2\" data-element_type=\"widget\" data-widget_type=\"text-editor.default\">\n\t\t\t\t<div class=\"elementor-widget-container\">\n\t\t\t\t\t\t\t\t<div class=\"elementor-text-editor elementor-clearfix\">\n\t\t\t\t\tFINALIT\u00c0 DEL TRATTAMENTO\t\t\t\t\t<\/div>\n\t\t\t\t\t\t<\/div>\n\t\t\t\t<\/div>\n\t\t\t\t<div class=\"elementor-element elementor-element-8b07a4b elementor-widget elementor-widget-text-editor\" data-id=\"8b07a4b\" data-element_type=\"widget\" data-widget_type=\"text-editor.default\">\n\t\t\t\t<div class=\"elementor-widget-container\">\n\t\t\t\t\t\t\t\t<div class=\"elementor-text-editor elementor-clearfix\">\n\t\t\t\t\t<p>I dati da lei forniti, in occasione di richiesta di contatto, preventivo e\/o (eventuale) successivo contratto saranno oggetto di trattamento per le seguenti finalit\u00e0:<\/p><ol type=\"a\"><li>Richieste di contatti, informazioni, preventivi, contratti, attivit\u00e0 amministrativo-contabili correlate e conseguenti alla gestione della gamma dei servizi offerti dal Titolare del trattamento;<\/li><li>In caso di noleggio del veicolo, monitoraggio a distanza dello stesso al fine di provvedere all\u2019identificazione e recupero dell&#8217;autovettura in caso di furto o altro fatto illecito;<\/li><li>Invio di comunicazioni di carattere commerciale e pubblicitario su prodotti, servizi ed altre attivit\u00e0 svolte dal Titolare (finalit\u00e0 di <strong>MARKETING<\/strong>);<\/li><li>Invio di comunicazioni di carattere commerciale in linea con le scelte di consumo, abitudini, preferenze (finalit\u00e0 di <strong>PROFILAZIONE<\/strong>):<\/li><li>Comunicazione dei dati a societ\u00e0 terze, contrattualmente correlate o controllate dal Titolare (Tomasi Auto S.r.l.), anche per finalit\u00e0 statistiche e\/o promozionali.<\/li><\/ol>\t\t\t\t\t<\/div>\n\t\t\t\t\t\t<\/div>\n\t\t\t\t<\/div>\n\t\t\t\t<div class=\"elementor-element elementor-element-47ff453 elementor-widget elementor-widget-text-editor\" data-id=\"47ff453\" data-element_type=\"widget\" data-widget_type=\"text-editor.default\">\n\t\t\t\t<div class=\"elementor-widget-container\">\n\t\t\t\t\t\t\t\t<div class=\"elementor-text-editor elementor-clearfix\">\n\t\t\t\t\tCONFERIMENTO DI DATI\t\t\t\t\t<\/div>\n\t\t\t\t\t\t<\/div>\n\t\t\t\t<\/div>\n\t\t\t\t<div class=\"elementor-element elementor-element-0e1c7da elementor-widget elementor-widget-text-editor\" data-id=\"0e1c7da\" data-element_type=\"widget\" data-widget_type=\"text-editor.default\">\n\t\t\t\t<div class=\"elementor-widget-container\">\n\t\t\t\t\t\t\t\t<div class=\"elementor-text-editor elementor-clearfix\">\n\t\t\t\t\tAi sensi dell\u2019art. 6 del GDPR 679\/2016 il trattamento per le finalit\u00e0 di cui ai punti A e B \u00e8 effettuato dal Titolare nell\u2019ambito delle sue legittime attivit\u00e0 ed in adempimento agli obblighi previsti da leggi, regolamenti e dalla normativa comunitaria, ovvero da disposizioni impartite da Autorit\u00e0 legittimate dalla legge e da organi di vigilanza e controllo. Il conferimento dei dati pertanto \u00e8 obbligatorio. L\u2019eventuale rifiuto a conferire i dati o parte di essi avr\u00e0 come conseguenza l\u2019impossibilit\u00e0 di instaurare o dare attuazione agli obblighi contrattuali, nei limiti in cui tali dati sono necessari all\u2019esecuzione dello stesso.\nIl conferimento dei dati, previo suo consenso esplicito, fino a opposizione \u00e8 FACOLTATIVO per le finalit\u00e0 di cui al punto C (MARKETING), D (PROFILAZIONE) ed E (COMUNICAZIONE DATI A SOCIET&Agrave; TERZE). In caso di diniego non ci saranno conseguenze di alcun tipo; in loro assenza non sar\u00e0 possibile ricevere le nostre informazioni sulle nostre offerte, promozioni, scontistiche, etc.\t\t\t\t\t<\/div>\n\t\t\t\t\t\t<\/div>\n\t\t\t\t<\/div>\n\t\t\t\t<div class=\"elementor-element elementor-element-ce3e0bd elementor-widget elementor-widget-text-editor\" data-id=\"ce3e0bd\" data-element_type=\"widget\" data-widget_type=\"text-editor.default\">\n\t\t\t\t<div class=\"elementor-widget-container\">\n\t\t\t\t\t\t\t\t<div class=\"elementor-text-editor elementor-clearfix\">\n\t\t\t\t\tMODALIT\u00c0 DEL TRATTAMENTO \u2013 CONSERVAZIONE\t\t\t\t\t<\/div>\n\t\t\t\t\t\t<\/div>\n\t\t\t\t<\/div>\n\t\t\t\t<div class=\"elementor-element elementor-element-df051ce elementor-widget elementor-widget-text-editor\" data-id=\"df051ce\" data-element_type=\"widget\" data-widget_type=\"text-editor.default\">\n\t\t\t\t<div class=\"elementor-widget-container\">\n\t\t\t\t\t\t\t\t<div class=\"elementor-text-editor elementor-clearfix\">\n\t\t\t\t\t<p>Il trattamento sar\u00e0 svolto in forma automatizzata e manuale, con modalit\u00e0 e strumenti volti a garantire la massima sicurezza e riservatezza, ad opera di soggetti di ci\u00f2 appositamente incaricati in ottemperanza a quanto previsto dall\u2019art. 32 del GDPR 679\/2016. I dati saranno conservati in data base sui server del Titolare in territorio italiano secondo periodicit\u00e0 necessarie al raggiungimento delle finalit\u00e0 sopraindicate ed all\u2019espletamento degli obblighi contrattuali, non superiori agli scopi per i quali i dati sono stati raccolti e successivamente trattati o con un\u2019eventuale ulteriore durata richiesta dagli applicabili obblighi di conservazione.<\/p><p>Per le finalit\u00e0 di cui al punto c) e d) i suoi dati personali saranno trattati per il periodo di tempo consentito dalla legge e dalle prescrizioni del Garante per la Protezione dei Dati Personali (Autorit\u00e0 di Controllo) e, rispettivamente, per un periodo di <strong>24 mesi dalla relativa registrazione (per la finalit\u00e0 di MARKETING) e di 12 mesi (per la finalit\u00e0 di PROFILAZIONE)<\/strong>, in occasione della prestazione originaria del consenso e\/o dal relativo rinnovo.<\/p>\t\t\t\t\t<\/div>\n\t\t\t\t\t\t<\/div>\n\t\t\t\t<\/div>\n\t\t\t\t<div class=\"elementor-element elementor-element-1d97735 elementor-widget elementor-widget-text-editor\" data-id=\"1d97735\" data-element_type=\"widget\" data-widget_type=\"text-editor.default\">\n\t\t\t\t<div class=\"elementor-widget-container\">\n\t\t\t\t\t\t\t\t<div class=\"elementor-text-editor elementor-clearfix\">\n\t\t\t\t\tAMBITO DI COMUNICAZIONE E DIFFUSIONE\t\t\t\t\t<\/div>\n\t\t\t\t\t\t<\/div>\n\t\t\t\t<\/div>\n\t\t\t\t<div class=\"elementor-element elementor-element-0ee5b61 elementor-widget elementor-widget-text-editor\" data-id=\"0ee5b61\" data-element_type=\"widget\" data-widget_type=\"text-editor.default\">\n\t\t\t\t<div class=\"elementor-widget-container\">\n\t\t\t\t\t\t\t\t<div class=\"elementor-text-editor elementor-clearfix\">\n\t\t\t\t\tI Suoi dati, oggetto del trattamento, non saranno diffusi (comunicati a soggetti indeterminati) e potranno essere comunicati a societ\u00e0 terze, contrattualmente correlate o controllate dal Titolare per le finalit\u00e0 connesse. I dati potranno essere comunicati a:\n<ul>\n<li>Societ\u00e0 gestori dei servizi effettuati tramite carta di credito;<\/li>\n<li>Tomasi Auto S.r.l., societ\u00e0 controllata dal Titolare, anche per finalit\u00e0 statistiche e commerciali;<\/li>\n<li>consulenti esterni per tenuta contabilit\u00e0 ed adempimenti contabili e fiscali;<\/li>\n<li>Compagnie assicurative, societ\u00e0 di assicurazioni, broker, periti o altri soggetti appositamente designati per la gestione dei sinistri;<\/li>\n<li>Esercenti la professione di avvocato o societ\u00e0 di recupero crediti per assistenza legale in ambito contrattuale e gestione del contenzioso;<\/li>\n<li>Istituti di credito;<\/li>\n<li>Soggetti che forniscono servizi per la gestione del sistema informativo usato e delle reti di telecomunicazioni, societ\u00e0 incaricate della gestione dei servizi di geolocalizzazione dei veicoli;<\/li>\n<li>Enti\/societ\u00e0\/liberi professionisti e collaboratori che partecipano allo svolgimento dell\u2019attivit\u00e0 del Titolare nei vari settori, per esigenze strettamente connesse alle finalit\u00e0 sopraindicate;<\/li>\n<li>Autorit\u00e0 competenti per adempimenti o accertamenti di obblighi di leggi e\/o di disposizioni di organi pubblici.<\/li>\n<\/ul>\nTali soggetti svolgono la funzione in qualit\u00e0 di Titolari Autonomi o Responsabili Esterni al trattamento dati. L\u2019elenco completo dei soggetti designati per il trattamento dei dati personali, nominati dal Titolare del trattamento \u00e8 reperibile presso la sede del Titolare e potr\u00e0 essere inviato alla clientela dietro specifica richiesta.\t\t\t\t\t<\/div>\n\t\t\t\t\t\t<\/div>\n\t\t\t\t<\/div>\n\t\t\t\t<div class=\"elementor-element elementor-element-842e777 elementor-widget elementor-widget-text-editor\" data-id=\"842e777\" data-element_type=\"widget\" data-widget_type=\"text-editor.default\">\n\t\t\t\t<div class=\"elementor-widget-container\">\n\t\t\t\t\t\t\t\t<div class=\"elementor-text-editor elementor-clearfix\">\n\t\t\t\t\tESERCIZIO DEI DIRITTI\t\t\t\t\t<\/div>\n\t\t\t\t\t\t<\/div>\n\t\t\t\t<\/div>\n\t\t\t\t<div class=\"elementor-element elementor-element-c034138 elementor-widget elementor-widget-text-editor\" data-id=\"c034138\" data-element_type=\"widget\" data-widget_type=\"text-editor.default\">\n\t\t\t\t<div class=\"elementor-widget-container\">\n\t\t\t\t\t\t\t\t<div class=\"elementor-text-editor elementor-clearfix\">\n\t\t\t\t\t<p>La normativa vigente (art. 15-16-17-18-19-20-21 del Regolamento UE 2016\/679) conferisce agli interessati l\u2019esercizio di specifici diritti. In particolar modo, in qualunque momento l\u2019utente ha diritto a richiedere: la conferma dell\u2019esistenza o meno dei dati personali, conoscere il contenuto e l\u2019origine, le finalit\u00e0 e le modalit\u00e0 di trattamento degli stessi, la logica applicata in caso di trattamento effettuato con l\u2019ausilio di strumenti elettronici, gli estremi identificativi del titolare, dei responsabili e dei soggetti o delle categorie di soggetti ai quali i vostri dati personali possono essere comunicati.<br>\nInoltre, \u00e8 nel diritto dell\u2019interessato ottenere: l\u2019accesso, la copia, la rettificazione, l\u2019integrazione, la portabilit\u00e0 dei dati, la cancellazione (diritto all\u2019oblio), la trasformazione in forma anonima o il blocco dei vostri dati trattati in violazione di legge, l\u2019opposizione in ogni caso, per motivi legittimi. L\u2019interessato pu\u00f2 proporre reclamo al Garante qualora ritenga che il trattamento dei propri dati avvenga contro le disposizioni vigenti in materia. Altres\u00ec, il diritto ai sensi dell\u2019art. 34 del Regolamento UE 2016\/679 garantisce che all\u2019utente venga comunicata la violazione dei dati, allorch\u00e9 sia grave per i propri diritti e libert\u00e0.<br>\nPer l\u2019esercizio di tali diritti potete rivolgerVi al Titolare del trattamento dati:&nbsp;<\/p>\n<p><strong>NOLEGGIARE S.R.L.<\/strong><br>\n<em>Sede Legale:<\/em><br>\nVia Del Brennero, 62 &#8211; 38122 Trento (TN)<br>\n<em>Sede Amministrativa ed operativa:<\/em><br>\nVia Evangelista Torricelli, 6 &#8211; 37135 Verona<br>\nTel. +39&nbsp;045 20 59 301<br>\nmail: privacy@noleggiare.it<\/p>\t\t\t\t\t<\/div>\n\t\t\t\t\t\t<\/div>\n\t\t\t\t<\/div>\n\t\t\t\t<div class=\"elementor-element elementor-element-619279b elementor-widget elementor-widget-spacer\" data-id=\"619279b\" data-element_type=\"widget\" data-widget_type=\"spacer.default\">\n\t\t\t\t<div class=\"elementor-widget-container\">\n\t\t\t\t\t<div class=\"elementor-spacer\">\n\t\t\t<div class=\"elementor-spacer-inner\"><\/div>\n\t\t<\/div>\n\t\t\t\t<\/div>\n\t\t\t\t<\/div>\n\t\t\t\t\t\t<\/div>\n\t\t\t\t\t<\/div>\n\t\t<\/div>\n\t\t\t\t\t\t\t\t<\/div>\n\t\t\t\t\t<\/div>\n\t\t<\/section>\n\t\t\t\t\t\t<\/div>\n\t\t\t\t\t\t<\/div>\n\t\t\t\t\t<\/div>\n\t\t","protected":false},"excerpt":{"rendered":"<p>INFORMATIVA SULLA PRIVACY ai sensi dell\u2019art. 13 del Regolamento UE 2016\/679 del Parlamento Europeo e del Consiglio del 27 aprile 2016 Il locatore informa che, in occasione della sottoscrizione dei servizi, i dati personali conferiti saranno trattati nel pieno rispetto della normativa sulla privacy (Regolamento UE 2016\/679 del Parlamento Europeo e del Consiglio del 27 [&#8230;]<\/p>\n<p><a class=\"btn btn-secondary understrap-read-more-link\" href=\"https:\/\/www.noleggiare.it\/it\/privacy-e-sicurezza-2\/\">Leggi di pi\u00f9&#8230;<\/a><\/p>\n","protected":false},"author":2511,"featured_media":0,"parent":0,"menu_order":0,"comment_status":"closed","ping_status":"closed","template":"elementor_header_footer","meta":[],"acf":[],"yoast_head":"<!-- This site is optimized with the Yoast SEO plugin v17.1 - https:\/\/yoast.com\/wordpress\/plugins\/seo\/ -->\n<title>Privacy e Sicurezza - Noleggiare.it<\/title>\n<meta name=\"robots\" content=\"index, follow, max-snippet:-1, max-image-preview:large, max-video-preview:-1\" \/>\n<link rel=\"canonical\" href=\"https:\/\/www.noleggiare.it\/it\/privacy-e-sicurezza-2\/\" \/>\n<meta property=\"og:locale\" content=\"it_IT\" \/>\n<meta property=\"og:type\" content=\"article\" \/>\n<meta property=\"og:title\" content=\"Privacy e Sicurezza - Noleggiare.it\" \/>\n<meta property=\"og:description\" content=\"INFORMATIVA SULLA PRIVACY ai sensi dell\u2019art. 13 del Regolamento UE 2016\/679 del Parlamento Europeo e del Consiglio del 27 aprile 2016 Il locatore informa che, in occasione della sottoscrizione dei servizi, i dati personali conferiti saranno trattati nel pieno rispetto della normativa sulla privacy (Regolamento UE 2016\/679 del Parlamento Europeo e del Consiglio del 27 [...]Leggi di pi\u00f9...\" \/>\n<meta property=\"og:url\" content=\"https:\/\/www.noleggiare.it\/it\/privacy-e-sicurezza-2\/\" \/>\n<meta property=\"og:site_name\" content=\"Noleggiare.it\" \/>\n<meta property=\"article:modified_time\" content=\"2023-05-23T08:27:47+00:00\" \/>\n<meta name=\"twitter:card\" content=\"summary_large_image\" \/>\n<meta name=\"twitter:label1\" content=\"Tempo di lettura stimato\" \/>\n\t<meta name=\"twitter:data1\" content=\"5 minuti\" \/>\n<script type=\"application\/ld+json\" class=\"yoast-schema-graph\">{\"@context\":\"https:\/\/schema.org\",\"@graph\":[{\"@type\":\"WebSite\",\"@id\":\"https:\/\/www.noleggiare.it\/it\/#website\",\"url\":\"https:\/\/www.noleggiare.it\/it\/\",\"name\":\"Noleggiare.it\",\"description\":\"Happy rent!\",\"potentialAction\":[{\"@type\":\"SearchAction\",\"target\":{\"@type\":\"EntryPoint\",\"urlTemplate\":\"https:\/\/www.noleggiare.it\/it\/?s={search_term_string}\"},\"query-input\":\"required name=search_term_string\"}],\"inLanguage\":\"it-IT\"},{\"@type\":\"WebPage\",\"@id\":\"https:\/\/www.noleggiare.it\/it\/privacy-e-sicurezza-2\/#webpage\",\"url\":\"https:\/\/www.noleggiare.it\/it\/privacy-e-sicurezza-2\/\",\"name\":\"Privacy e Sicurezza - Noleggiare.it\",\"isPartOf\":{\"@id\":\"https:\/\/www.noleggiare.it\/it\/#website\"},\"datePublished\":\"2023-05-23T08:25:13+00:00\",\"dateModified\":\"2023-05-23T08:27:47+00:00\",\"breadcrumb\":{\"@id\":\"https:\/\/www.noleggiare.it\/it\/privacy-e-sicurezza-2\/#breadcrumb\"},\"inLanguage\":\"it-IT\",\"potentialAction\":[{\"@type\":\"ReadAction\",\"target\":[\"https:\/\/www.noleggiare.it\/it\/privacy-e-sicurezza-2\/\"]}]},{\"@type\":\"BreadcrumbList\",\"@id\":\"https:\/\/www.noleggiare.it\/it\/privacy-e-sicurezza-2\/#breadcrumb\",\"itemListElement\":[{\"@type\":\"ListItem\",\"position\":1,\"name\":\"Privacy e Sicurezza\"}]}]}<\/script>\n<!-- \/ Yoast SEO plugin. -->","yoast_head_json":{"title":"Privacy e Sicurezza - Noleggiare.it","robots":{"index":"index","follow":"follow","max-snippet":"max-snippet:-1","max-image-preview":"max-image-preview:large","max-video-preview":"max-video-preview:-1"},"canonical":"https:\/\/www.noleggiare.it\/it\/privacy-e-sicurezza-2\/","og_locale":"it_IT","og_type":"article","og_title":"Privacy e Sicurezza - Noleggiare.it","og_description":"INFORMATIVA SULLA PRIVACY ai sensi dell\u2019art. 13 del Regolamento UE 2016\/679 del Parlamento Europeo e del Consiglio del 27 aprile 2016 Il locatore informa che, in occasione della sottoscrizione dei servizi, i dati personali conferiti saranno trattati nel pieno rispetto della normativa sulla privacy (Regolamento UE 2016\/679 del Parlamento Europeo e del Consiglio del 27 [...]Leggi di pi\u00f9...","og_url":"https:\/\/www.noleggiare.it\/it\/privacy-e-sicurezza-2\/","og_site_name":"Noleggiare.it","article_modified_time":"2023-05-23T08:27:47+00:00","twitter_card":"summary_large_image","twitter_misc":{"Tempo di lettura stimato":"5 minuti"},"schema":{"@context":"https:\/\/schema.org","@graph":[{"@type":"WebSite","@id":"https:\/\/www.noleggiare.it\/it\/#website","url":"https:\/\/www.noleggiare.it\/it\/","name":"Noleggiare.it","description":"Happy rent!","potentialAction":[{"@type":"SearchAction","target":{"@type":"EntryPoint","urlTemplate":"https:\/\/www.noleggiare.it\/it\/?s={search_term_string}"},"query-input":"required name=search_term_string"}],"inLanguage":"it-IT"},{"@type":"WebPage","@id":"https:\/\/www.noleggiare.it\/it\/privacy-e-sicurezza-2\/#webpage","url":"https:\/\/www.noleggiare.it\/it\/privacy-e-sicurezza-2\/","name":"Privacy e Sicurezza - Noleggiare.it","isPartOf":{"@id":"https:\/\/www.noleggiare.it\/it\/#website"},"datePublished":"2023-05-23T08:25:13+00:00","dateModified":"2023-05-23T08:27:47+00:00","breadcrumb":{"@id":"https:\/\/www.noleggiare.it\/it\/privacy-e-sicurezza-2\/#breadcrumb"},"inLanguage":"it-IT","potentialAction":[{"@type":"ReadAction","target":["https:\/\/www.noleggiare.it\/it\/privacy-e-sicurezza-2\/"]}]},{"@type":"BreadcrumbList","@id":"https:\/\/www.noleggiare.it\/it\/privacy-e-sicurezza-2\/#breadcrumb","itemListElement":[{"@type":"ListItem","position":1,"name":"Privacy e Sicurezza"}]}]}},"wps_subtitle":"","_links":{"self":[{"href":"https:\/\/www.noleggiare.it\/it\/wp-json\/wp\/v2\/pages\/35572"}],"collection":[{"href":"https:\/\/www.noleggiare.it\/it\/wp-json\/wp\/v2\/pages"}],"about":[{"href":"https:\/\/www.noleggiare.it\/it\/wp-json\/wp\/v2\/types\/page"}],"author":[{"embeddable":true,"href":"https:\/\/www.noleggiare.it\/it\/wp-json\/wp\/v2\/users\/2511"}],"replies":[{"embeddable":true,"href":"https:\/\/www.noleggiare.it\/it\/wp-json\/wp\/v2\/comments?post=35572"}],"version-history":[{"count":1,"href":"https:\/\/www.noleggiare.it\/it\/wp-json\/wp\/v2\/pages\/35572\/revisions"}],"predecessor-version":[{"id":168444,"href":"https:\/\/www.noleggiare.it\/it\/wp-json\/wp\/v2\/pages\/35572\/revisions\/168444"}],"wp:attachment":[{"href":"https:\/\/www.noleggiare.it\/it\/wp-json\/wp\/v2\/media?parent=35572"}],"curies":[{"name":"wp","href":"https:\/\/api.w.org\/{rel}","templated":true}]}}